{"id":80018,"date":"2026-09-05T17:06:03","date_gmt":"2026-09-05T15:06:03","guid":{"rendered":"https:\/\/www.sejourprive.com\/?post_type=product&#038;p=80018"},"modified":"2026-09-05T17:06:03","modified_gmt":"2026-09-05T15:06:03","slug":"appartement-ursa-102-meribel-alpes-francaises-france","status":"publish","type":"product","link":"https:\/\/www.sejourprive.com\/en\/biens\/appartement-ursa-102-meribel-alpes-francaises-france\/","title":{"rendered":"Ursa 102 Apartment, M\u00e9ribel, French Alps, France"},"content":{"rendered":"<p>Situ\u00e9 \u00e0 M\u00e9ribel, l\u2019Appartement Ursa 102 accueille jusqu\u2019\u00e0 10 voyageurs dans 3 chambres et 3 salles de bains, r\u00e9parties sur 150 m\u00b2. Install\u00e9 dans un environnement paisible avec vue sur les montagnes, cet appartement spacieux dispose d\u2019un s\u00e9jour convivial avec terrasse, d\u2019une cuisine ouverte et de plusieurs chambres avec acc\u00e8s aux espaces ext\u00e9rieurs. \u00c0 seulement une minute \u00e0 pied des pistes, les voyageurs profitent \u00e9galement du spa de la r\u00e9sidence avec piscine int\u00e9rieure chauff\u00e9e de 25 m\u00e8tres, sauna et hammam, ainsi que d\u2019une salle de sport et d\u2019un local \u00e0 skis. Un service de navette dans la station et une conciergerie d\u00e9di\u00e9e compl\u00e8tent cette adresse confortable, parfaitement adapt\u00e9e aux s\u00e9jours en famille ou entre amis.<\/p>","protected":false},"excerpt":{"rendered":"<p>Situ\u00e9 \u00e0 M\u00e9ribel, l\u2019Appartement Ursa 102 accueille jusqu\u2019\u00e0 10 voyageurs dans 3 chambres et 3 salles de bains, r\u00e9parties sur&#8230;<\/p>","protected":false},"featured_media":80020,"comment_status":"open","ping_status":"closed","template":"","meta":{"_acf_changed":false},"product_brand":[],"product_cat":[95,172],"product_tag":[],"class_list":["post-80018","product","type-product","status-publish","has-post-thumbnail","product_cat-appartement","product_cat-montagne","property_location-alpes-francaises","property_location-france","property_location-meribel","first","instock","sold-individually","shipping-taxable","purchasable","product-type-simple"],"acf":[],"yoast_head":"<!-- This site is optimized with the Yoast SEO plugin v26.6 - https:\/\/yoast.com\/wordpress\/plugins\/seo\/ -->\n<title>Appartement Ursa 102, M\u00e9ribel, Alpes Fran\u00e7aises, France - S\u00e9jour Priv\u00e9<\/title>\n<meta name=\"description\" content=\"Situ\u00e9 \u00e0 M\u00e9ribel, l\u2019Appartement Ursa 102 accueille jusqu\u2019\u00e0 10 voyageurs dans 3 chambres et 3 salles de bains, r\u00e9parties sur 150 m\u00b2. Install\u00e9 dans un\" \/>\n<meta name=\"robots\" content=\"index, follow, max-snippet:-1, max-image-preview:large, max-video-preview:-1\" \/>\n<link rel=\"canonical\" href=\"https:\/\/www.sejourprive.com\/en\/biens\/appartement-ursa-102-meribel-alpes-francaises-france\/\" \/>\n<meta property=\"og:locale\" content=\"en_GB\" \/>\n<meta property=\"og:type\" content=\"article\" \/>\n<meta property=\"og:title\" content=\"Appartement Ursa 102, M\u00e9ribel, Alpes Fran\u00e7aises, France - S\u00e9jour Priv\u00e9\" \/>\n<meta property=\"og:description\" content=\"Situ\u00e9 \u00e0 M\u00e9ribel, l\u2019Appartement Ursa 102 accueille jusqu\u2019\u00e0 10 voyageurs dans 3 chambres et 3 salles de bains, r\u00e9parties sur 150 m\u00b2. Install\u00e9 dans un\" \/>\n<meta property=\"og:url\" content=\"https:\/\/www.sejourprive.com\/en\/biens\/appartement-ursa-102-meribel-alpes-francaises-france\/\" \/>\n<meta property=\"og:site_name\" content=\"S\u00e9jour Priv\u00e9\" \/>\n<meta property=\"og:image\" content=\"https:\/\/www.sejourprive.com\/wp-content\/uploads\/2026\/09\/0-18.jpg\" \/>\n\t<meta property=\"og:image:width\" content=\"1200\" \/>\n\t<meta property=\"og:image:height\" content=\"800\" \/>\n\t<meta property=\"og:image:type\" content=\"image\/jpeg\" \/>\n<meta name=\"twitter:card\" content=\"summary_large_image\" \/>\n<meta name=\"twitter:label1\" content=\"Estimated reading time\" \/>\n\t<meta name=\"twitter:data1\" content=\"1 minute\" \/>\n<script type=\"application\/ld+json\" class=\"yoast-schema-graph\">{\"@context\":\"https:\/\/schema.org\",\"@graph\":[{\"@type\":\"WebPage\",\"@id\":\"https:\/\/www.sejourprive.com\/biens\/appartement-ursa-102-meribel-alpes-francaises-france\/\",\"url\":\"https:\/\/www.sejourprive.com\/biens\/appartement-ursa-102-meribel-alpes-francaises-france\/\",\"name\":\"Appartement Ursa 102, M\u00e9ribel, Alpes Fran\u00e7aises, France - S\u00e9jour Priv\u00e9\",\"isPartOf\":{\"@id\":\"https:\/\/www.sejourprive.com\/#website\"},\"primaryImageOfPage\":{\"@id\":\"https:\/\/www.sejourprive.com\/biens\/appartement-ursa-102-meribel-alpes-francaises-france\/#primaryimage\"},\"image\":{\"@id\":\"https:\/\/www.sejourprive.com\/biens\/appartement-ursa-102-meribel-alpes-francaises-france\/#primaryimage\"},\"thumbnailUrl\":\"https:\/\/www.sejourprive.com\/wp-content\/uploads\/2026\/09\/0-18.jpg\",\"datePublished\":\"2026-09-05T15:06:03+00:00\",\"description\":\"Situ\u00e9 \u00e0 M\u00e9ribel, l\u2019Appartement Ursa 102 accueille jusqu\u2019\u00e0 10 voyageurs dans 3 chambres et 3 salles de bains, r\u00e9parties sur 150 m\u00b2. Install\u00e9 dans un\",\"breadcrumb\":{\"@id\":\"https:\/\/www.sejourprive.com\/biens\/appartement-ursa-102-meribel-alpes-francaises-france\/#breadcrumb\"},\"inLanguage\":\"en-GB\",\"potentialAction\":[{\"@type\":\"ReadAction\",\"target\":[\"https:\/\/www.sejourprive.com\/biens\/appartement-ursa-102-meribel-alpes-francaises-france\/\"]}]},{\"@type\":\"ImageObject\",\"inLanguage\":\"en-GB\",\"@id\":\"https:\/\/www.sejourprive.com\/biens\/appartement-ursa-102-meribel-alpes-francaises-france\/#primaryimage\",\"url\":\"https:\/\/www.sejourprive.com\/wp-content\/uploads\/2026\/09\/0-18.jpg\",\"contentUrl\":\"https:\/\/www.sejourprive.com\/wp-content\/uploads\/2026\/09\/0-18.jpg\",\"width\":1200,\"height\":800},{\"@type\":\"BreadcrumbList\",\"@id\":\"https:\/\/www.sejourprive.com\/biens\/appartement-ursa-102-meribel-alpes-francaises-france\/#breadcrumb\",\"itemListElement\":[{\"@type\":\"ListItem\",\"position\":1,\"name\":\"Accueil\",\"item\":\"https:\/\/www.sejourprive.com\/\"},{\"@type\":\"ListItem\",\"position\":2,\"name\":\"Shop\",\"item\":\"https:\/\/www.sejourprive.com\/shop\/\"},{\"@type\":\"ListItem\",\"position\":3,\"name\":\"Appartement Ursa 102, M\u00e9ribel, Alpes Fran\u00e7aises, France\"}]},{\"@type\":\"WebSite\",\"@id\":\"https:\/\/www.sejourprive.com\/#website\",\"url\":\"https:\/\/www.sejourprive.com\/\",\"name\":\"S\u00e9jour Priv\u00e9\",\"description\":\"Nous imaginons pour vous des s\u00e9jours d\u2019exception.\",\"publisher\":{\"@id\":\"https:\/\/www.sejourprive.com\/#organization\"},\"potentialAction\":[{\"@type\":\"SearchAction\",\"target\":{\"@type\":\"EntryPoint\",\"urlTemplate\":\"https:\/\/www.sejourprive.com\/?s={search_term_string}\"},\"query-input\":{\"@type\":\"PropertyValueSpecification\",\"valueRequired\":true,\"valueName\":\"search_term_string\"}}],\"inLanguage\":\"en-GB\"},{\"@type\":\"Organization\",\"@id\":\"https:\/\/www.sejourprive.com\/#organization\",\"name\":\"S\u00e9jour Priv\u00e9\",\"url\":\"https:\/\/www.sejourprive.com\/\",\"logo\":{\"@type\":\"ImageObject\",\"inLanguage\":\"en-GB\",\"@id\":\"https:\/\/www.sejourprive.com\/#\/schema\/logo\/image\/\",\"url\":\"https:\/\/www.sejourprive.com\/wp-content\/uploads\/2026\/02\/SP-Apple-touch-144-couleur-1-2.png\",\"contentUrl\":\"https:\/\/www.sejourprive.com\/wp-content\/uploads\/2026\/02\/SP-Apple-touch-144-couleur-1-2.png\",\"width\":145,\"height\":145,\"caption\":\"S\u00e9jour Priv\u00e9\"},\"image\":{\"@id\":\"https:\/\/www.sejourprive.com\/#\/schema\/logo\/image\/\"}}]}<\/script>\n<!-- \/ Yoast SEO plugin. -->","yoast_head_json":{"title":"Appartement Ursa 102, M\u00e9ribel, Alpes Fran\u00e7aises, France - S\u00e9jour Priv\u00e9","description":"Situ\u00e9 \u00e0 M\u00e9ribel, l\u2019Appartement Ursa 102 accueille jusqu\u2019\u00e0 10 voyageurs dans 3 chambres et 3 salles de bains, r\u00e9parties sur 150 m\u00b2. Install\u00e9 dans un","robots":{"index":"index","follow":"follow","max-snippet":"max-snippet:-1","max-image-preview":"max-image-preview:large","max-video-preview":"max-video-preview:-1"},"canonical":"https:\/\/www.sejourprive.com\/en\/biens\/appartement-ursa-102-meribel-alpes-francaises-france\/","og_locale":"en_GB","og_type":"article","og_title":"Appartement Ursa 102, M\u00e9ribel, Alpes Fran\u00e7aises, France - S\u00e9jour Priv\u00e9","og_description":"Situ\u00e9 \u00e0 M\u00e9ribel, l\u2019Appartement Ursa 102 accueille jusqu\u2019\u00e0 10 voyageurs dans 3 chambres et 3 salles de bains, r\u00e9parties sur 150 m\u00b2. Install\u00e9 dans un","og_url":"https:\/\/www.sejourprive.com\/en\/biens\/appartement-ursa-102-meribel-alpes-francaises-france\/","og_site_name":"S\u00e9jour Priv\u00e9","og_image":[{"width":1200,"height":800,"url":"https:\/\/www.sejourprive.com\/wp-content\/uploads\/2026\/09\/0-18.jpg","type":"image\/jpeg"}],"twitter_card":"summary_large_image","twitter_misc":{"Estimated reading time":"1 minute"},"schema":{"@context":"https:\/\/schema.org","@graph":[{"@type":"WebPage","@id":"https:\/\/www.sejourprive.com\/biens\/appartement-ursa-102-meribel-alpes-francaises-france\/","url":"https:\/\/www.sejourprive.com\/biens\/appartement-ursa-102-meribel-alpes-francaises-france\/","name":"Appartement Ursa 102, M\u00e9ribel, Alpes Fran\u00e7aises, France - S\u00e9jour Priv\u00e9","isPartOf":{"@id":"https:\/\/www.sejourprive.com\/#website"},"primaryImageOfPage":{"@id":"https:\/\/www.sejourprive.com\/biens\/appartement-ursa-102-meribel-alpes-francaises-france\/#primaryimage"},"image":{"@id":"https:\/\/www.sejourprive.com\/biens\/appartement-ursa-102-meribel-alpes-francaises-france\/#primaryimage"},"thumbnailUrl":"https:\/\/www.sejourprive.com\/wp-content\/uploads\/2026\/09\/0-18.jpg","datePublished":"2026-09-05T15:06:03+00:00","description":"Situ\u00e9 \u00e0 M\u00e9ribel, l\u2019Appartement Ursa 102 accueille jusqu\u2019\u00e0 10 voyageurs dans 3 chambres et 3 salles de bains, r\u00e9parties sur 150 m\u00b2. Install\u00e9 dans un","breadcrumb":{"@id":"https:\/\/www.sejourprive.com\/biens\/appartement-ursa-102-meribel-alpes-francaises-france\/#breadcrumb"},"inLanguage":"en-GB","potentialAction":[{"@type":"ReadAction","target":["https:\/\/www.sejourprive.com\/biens\/appartement-ursa-102-meribel-alpes-francaises-france\/"]}]},{"@type":"ImageObject","inLanguage":"en-GB","@id":"https:\/\/www.sejourprive.com\/biens\/appartement-ursa-102-meribel-alpes-francaises-france\/#primaryimage","url":"https:\/\/www.sejourprive.com\/wp-content\/uploads\/2026\/09\/0-18.jpg","contentUrl":"https:\/\/www.sejourprive.com\/wp-content\/uploads\/2026\/09\/0-18.jpg","width":1200,"height":800},{"@type":"BreadcrumbList","@id":"https:\/\/www.sejourprive.com\/biens\/appartement-ursa-102-meribel-alpes-francaises-france\/#breadcrumb","itemListElement":[{"@type":"ListItem","position":1,"name":"Accueil","item":"https:\/\/www.sejourprive.com\/"},{"@type":"ListItem","position":2,"name":"Shop","item":"https:\/\/www.sejourprive.com\/shop\/"},{"@type":"ListItem","position":3,"name":"Appartement Ursa 102, M\u00e9ribel, Alpes Fran\u00e7aises, France"}]},{"@type":"WebSite","@id":"https:\/\/www.sejourprive.com\/#website","url":"https:\/\/www.sejourprive.com\/","name":"Private Stay","description":"We design exceptional holidays for you.","publisher":{"@id":"https:\/\/www.sejourprive.com\/#organization"},"potentialAction":[{"@type":"SearchAction","target":{"@type":"EntryPoint","urlTemplate":"https:\/\/www.sejourprive.com\/?s={search_term_string}"},"query-input":{"@type":"PropertyValueSpecification","valueRequired":true,"valueName":"search_term_string"}}],"inLanguage":"en-GB"},{"@type":"Organization","@id":"https:\/\/www.sejourprive.com\/#organization","name":"Private Stay","url":"https:\/\/www.sejourprive.com\/","logo":{"@type":"ImageObject","inLanguage":"en-GB","@id":"https:\/\/www.sejourprive.com\/#\/schema\/logo\/image\/","url":"https:\/\/www.sejourprive.com\/wp-content\/uploads\/2026\/02\/SP-Apple-touch-144-couleur-1-2.png","contentUrl":"https:\/\/www.sejourprive.com\/wp-content\/uploads\/2026\/02\/SP-Apple-touch-144-couleur-1-2.png","width":145,"height":145,"caption":"S\u00e9jour Priv\u00e9"},"image":{"@id":"https:\/\/www.sejourprive.com\/#\/schema\/logo\/image\/"}}]}},"_links":{"self":[{"href":"https:\/\/www.sejourprive.com\/en\/wp-json\/wp\/v2\/product\/80018","targetHints":{"allow":["GET"]}}],"collection":[{"href":"https:\/\/www.sejourprive.com\/en\/wp-json\/wp\/v2\/product"}],"about":[{"href":"https:\/\/www.sejourprive.com\/en\/wp-json\/wp\/v2\/types\/product"}],"replies":[{"embeddable":true,"href":"https:\/\/www.sejourprive.com\/en\/wp-json\/wp\/v2\/comments?post=80018"}],"version-history":[{"count":1,"href":"https:\/\/www.sejourprive.com\/en\/wp-json\/wp\/v2\/product\/80018\/revisions"}],"predecessor-version":[{"id":80019,"href":"https:\/\/www.sejourprive.com\/en\/wp-json\/wp\/v2\/product\/80018\/revisions\/80019"}],"wp:featuredmedia":[{"embeddable":true,"href":"https:\/\/www.sejourprive.com\/en\/wp-json\/wp\/v2\/media\/80020"}],"wp:attachment":[{"href":"https:\/\/www.sejourprive.com\/en\/wp-json\/wp\/v2\/media?parent=80018"}],"wp:term":[{"taxonomy":"product_brand","embeddable":true,"href":"https:\/\/www.sejourprive.com\/en\/wp-json\/wp\/v2\/product_brand?post=80018"},{"taxonomy":"product_cat","embeddable":true,"href":"https:\/\/www.sejourprive.com\/en\/wp-json\/wp\/v2\/product_cat?post=80018"},{"taxonomy":"product_tag","embeddable":true,"href":"https:\/\/www.sejourprive.com\/en\/wp-json\/wp\/v2\/product_tag?post=80018"}],"curies":[{"name":"wp","href":"https:\/\/api.w.org\/{rel}","templated":true}]}}