{"id":79271,"date":"2026-09-01T14:01:59","date_gmt":"2026-09-01T12:01:59","guid":{"rendered":"https:\/\/www.sejourprive.com\/?post_type=product&#038;p=79271"},"modified":"2026-09-01T14:01:59","modified_gmt":"2026-09-01T12:01:59","slug":"chalet-verdet-megeve-alpes-francaises-france","status":"publish","type":"product","link":"https:\/\/www.sejourprive.com\/en\/biens\/chalet-verdet-megeve-alpes-francaises-france\/","title":{"rendered":"Chalet Verdet, Meg\u00e8ve, French Alps, France"},"content":{"rendered":"<p>Situ\u00e9 au c\u0153ur de Meg\u00e8ve, le Chalet Verdet accueille jusqu\u2019\u00e0 8 voyageurs dans 4 chambres avec salles de bain privatives, r\u00e9parties sur 225 m\u00b2. Avec ses vues sur les montagnes et le village, ce chalet \u00e9l\u00e9gant offre une atmosph\u00e8re chaleureuse autour d\u2019une chemin\u00e9e, ainsi que des espaces de vie lumineux et confortables. Les voyageurs profitent \u00e9galement d\u2019un espace bien-\u00eatre avec piscine int\u00e9rieure chauff\u00e9e, hammam et sauna, pour se d\u00e9tendre apr\u00e8s une journ\u00e9e en montagne. \u00c0 seulement une minute \u00e0 pied du centre de Meg\u00e8ve, il constitue une adresse id\u00e9ale pour profiter \u00e0 la fois de l\u2019animation du village et du calme d\u2019un chalet raffin\u00e9.<\/p>","protected":false},"excerpt":{"rendered":"<p>Situ\u00e9 au c\u0153ur de Meg\u00e8ve, le Chalet Verdet accueille jusqu\u2019\u00e0 8 voyageurs dans 4 chambres avec salles de bain privatives,&#8230;<\/p>","protected":false},"featured_media":79291,"comment_status":"open","ping_status":"closed","template":"","meta":{"_acf_changed":false},"product_brand":[],"product_cat":[96,172],"product_tag":[],"class_list":["post-79271","product","type-product","status-publish","has-post-thumbnail","product_cat-chalet","product_cat-montagne","property_location-alpes-francaises","property_location-france","property_location-megeve","first","instock","sold-individually","shipping-taxable","purchasable","product-type-simple"],"acf":[],"yoast_head":"<!-- This site is optimized with the Yoast SEO plugin v26.6 - https:\/\/yoast.com\/wordpress\/plugins\/seo\/ -->\n<title>Chalet Verdet, Meg\u00e8ve, Alpes Fran\u00e7aises, France - S\u00e9jour Priv\u00e9<\/title>\n<meta name=\"description\" content=\"Situ\u00e9 au c\u0153ur de Meg\u00e8ve, le Chalet Verdet accueille jusqu\u2019\u00e0 8 voyageurs dans 4 chambres avec salles de bain privatives, r\u00e9parties sur 225 m\u00b2. Avec ses\" \/>\n<meta name=\"robots\" content=\"index, follow, max-snippet:-1, max-image-preview:large, max-video-preview:-1\" \/>\n<link rel=\"canonical\" href=\"https:\/\/www.sejourprive.com\/en\/biens\/chalet-verdet-megeve-alpes-francaises-france\/\" \/>\n<meta property=\"og:locale\" content=\"en_GB\" \/>\n<meta property=\"og:type\" content=\"article\" \/>\n<meta property=\"og:title\" content=\"Chalet Verdet, Meg\u00e8ve, Alpes Fran\u00e7aises, France - S\u00e9jour Priv\u00e9\" \/>\n<meta property=\"og:description\" content=\"Situ\u00e9 au c\u0153ur de Meg\u00e8ve, le Chalet Verdet accueille jusqu\u2019\u00e0 8 voyageurs dans 4 chambres avec salles de bain privatives, r\u00e9parties sur 225 m\u00b2. Avec ses\" \/>\n<meta property=\"og:url\" content=\"https:\/\/www.sejourprive.com\/en\/biens\/chalet-verdet-megeve-alpes-francaises-france\/\" \/>\n<meta property=\"og:site_name\" content=\"S\u00e9jour Priv\u00e9\" \/>\n<meta property=\"og:image\" content=\"https:\/\/www.sejourprive.com\/wp-content\/uploads\/2026\/08\/18-89.jpg\" \/>\n\t<meta property=\"og:image:width\" content=\"1200\" \/>\n\t<meta property=\"og:image:height\" content=\"800\" \/>\n\t<meta property=\"og:image:type\" content=\"image\/jpeg\" \/>\n<meta name=\"twitter:card\" content=\"summary_large_image\" \/>\n<meta name=\"twitter:label1\" content=\"Estimated reading time\" \/>\n\t<meta name=\"twitter:data1\" content=\"1 minute\" \/>\n<script type=\"application\/ld+json\" class=\"yoast-schema-graph\">{\"@context\":\"https:\/\/schema.org\",\"@graph\":[{\"@type\":\"WebPage\",\"@id\":\"https:\/\/www.sejourprive.com\/biens\/chalet-verdet-megeve-alpes-francaises-france\/\",\"url\":\"https:\/\/www.sejourprive.com\/biens\/chalet-verdet-megeve-alpes-francaises-france\/\",\"name\":\"Chalet Verdet, Meg\u00e8ve, Alpes Fran\u00e7aises, France - S\u00e9jour Priv\u00e9\",\"isPartOf\":{\"@id\":\"https:\/\/www.sejourprive.com\/#website\"},\"primaryImageOfPage\":{\"@id\":\"https:\/\/www.sejourprive.com\/biens\/chalet-verdet-megeve-alpes-francaises-france\/#primaryimage\"},\"image\":{\"@id\":\"https:\/\/www.sejourprive.com\/biens\/chalet-verdet-megeve-alpes-francaises-france\/#primaryimage\"},\"thumbnailUrl\":\"https:\/\/www.sejourprive.com\/wp-content\/uploads\/2026\/08\/18-89.jpg\",\"datePublished\":\"2026-09-01T12:01:59+00:00\",\"description\":\"Situ\u00e9 au c\u0153ur de Meg\u00e8ve, le Chalet Verdet accueille jusqu\u2019\u00e0 8 voyageurs dans 4 chambres avec salles de bain privatives, r\u00e9parties sur 225 m\u00b2. Avec ses\",\"breadcrumb\":{\"@id\":\"https:\/\/www.sejourprive.com\/biens\/chalet-verdet-megeve-alpes-francaises-france\/#breadcrumb\"},\"inLanguage\":\"en-GB\",\"potentialAction\":[{\"@type\":\"ReadAction\",\"target\":[\"https:\/\/www.sejourprive.com\/biens\/chalet-verdet-megeve-alpes-francaises-france\/\"]}]},{\"@type\":\"ImageObject\",\"inLanguage\":\"en-GB\",\"@id\":\"https:\/\/www.sejourprive.com\/biens\/chalet-verdet-megeve-alpes-francaises-france\/#primaryimage\",\"url\":\"https:\/\/www.sejourprive.com\/wp-content\/uploads\/2026\/08\/18-89.jpg\",\"contentUrl\":\"https:\/\/www.sejourprive.com\/wp-content\/uploads\/2026\/08\/18-89.jpg\",\"width\":1200,\"height\":800},{\"@type\":\"BreadcrumbList\",\"@id\":\"https:\/\/www.sejourprive.com\/biens\/chalet-verdet-megeve-alpes-francaises-france\/#breadcrumb\",\"itemListElement\":[{\"@type\":\"ListItem\",\"position\":1,\"name\":\"Accueil\",\"item\":\"https:\/\/www.sejourprive.com\/\"},{\"@type\":\"ListItem\",\"position\":2,\"name\":\"Shop\",\"item\":\"https:\/\/www.sejourprive.com\/shop\/\"},{\"@type\":\"ListItem\",\"position\":3,\"name\":\"Chalet Verdet, Meg\u00e8ve, Alpes Fran\u00e7aises, France\"}]},{\"@type\":\"WebSite\",\"@id\":\"https:\/\/www.sejourprive.com\/#website\",\"url\":\"https:\/\/www.sejourprive.com\/\",\"name\":\"S\u00e9jour Priv\u00e9\",\"description\":\"Nous imaginons pour vous des s\u00e9jours d\u2019exception.\",\"publisher\":{\"@id\":\"https:\/\/www.sejourprive.com\/#organization\"},\"potentialAction\":[{\"@type\":\"SearchAction\",\"target\":{\"@type\":\"EntryPoint\",\"urlTemplate\":\"https:\/\/www.sejourprive.com\/?s={search_term_string}\"},\"query-input\":{\"@type\":\"PropertyValueSpecification\",\"valueRequired\":true,\"valueName\":\"search_term_string\"}}],\"inLanguage\":\"en-GB\"},{\"@type\":\"Organization\",\"@id\":\"https:\/\/www.sejourprive.com\/#organization\",\"name\":\"S\u00e9jour Priv\u00e9\",\"url\":\"https:\/\/www.sejourprive.com\/\",\"logo\":{\"@type\":\"ImageObject\",\"inLanguage\":\"en-GB\",\"@id\":\"https:\/\/www.sejourprive.com\/#\/schema\/logo\/image\/\",\"url\":\"https:\/\/www.sejourprive.com\/wp-content\/uploads\/2026\/02\/SP-Apple-touch-144-couleur-1-2.png\",\"contentUrl\":\"https:\/\/www.sejourprive.com\/wp-content\/uploads\/2026\/02\/SP-Apple-touch-144-couleur-1-2.png\",\"width\":145,\"height\":145,\"caption\":\"S\u00e9jour Priv\u00e9\"},\"image\":{\"@id\":\"https:\/\/www.sejourprive.com\/#\/schema\/logo\/image\/\"}}]}<\/script>\n<!-- \/ Yoast SEO plugin. -->","yoast_head_json":{"title":"Chalet Verdet, Meg\u00e8ve, Alpes Fran\u00e7aises, France - S\u00e9jour Priv\u00e9","description":"Situ\u00e9 au c\u0153ur de Meg\u00e8ve, le Chalet Verdet accueille jusqu\u2019\u00e0 8 voyageurs dans 4 chambres avec salles de bain privatives, r\u00e9parties sur 225 m\u00b2. Avec ses","robots":{"index":"index","follow":"follow","max-snippet":"max-snippet:-1","max-image-preview":"max-image-preview:large","max-video-preview":"max-video-preview:-1"},"canonical":"https:\/\/www.sejourprive.com\/en\/biens\/chalet-verdet-megeve-alpes-francaises-france\/","og_locale":"en_GB","og_type":"article","og_title":"Chalet Verdet, Meg\u00e8ve, Alpes Fran\u00e7aises, France - S\u00e9jour Priv\u00e9","og_description":"Situ\u00e9 au c\u0153ur de Meg\u00e8ve, le Chalet Verdet accueille jusqu\u2019\u00e0 8 voyageurs dans 4 chambres avec salles de bain privatives, r\u00e9parties sur 225 m\u00b2. Avec ses","og_url":"https:\/\/www.sejourprive.com\/en\/biens\/chalet-verdet-megeve-alpes-francaises-france\/","og_site_name":"S\u00e9jour Priv\u00e9","og_image":[{"width":1200,"height":800,"url":"https:\/\/www.sejourprive.com\/wp-content\/uploads\/2026\/08\/18-89.jpg","type":"image\/jpeg"}],"twitter_card":"summary_large_image","twitter_misc":{"Estimated reading time":"1 minute"},"schema":{"@context":"https:\/\/schema.org","@graph":[{"@type":"WebPage","@id":"https:\/\/www.sejourprive.com\/biens\/chalet-verdet-megeve-alpes-francaises-france\/","url":"https:\/\/www.sejourprive.com\/biens\/chalet-verdet-megeve-alpes-francaises-france\/","name":"Chalet Verdet, Meg\u00e8ve, Alpes Fran\u00e7aises, France - S\u00e9jour Priv\u00e9","isPartOf":{"@id":"https:\/\/www.sejourprive.com\/#website"},"primaryImageOfPage":{"@id":"https:\/\/www.sejourprive.com\/biens\/chalet-verdet-megeve-alpes-francaises-france\/#primaryimage"},"image":{"@id":"https:\/\/www.sejourprive.com\/biens\/chalet-verdet-megeve-alpes-francaises-france\/#primaryimage"},"thumbnailUrl":"https:\/\/www.sejourprive.com\/wp-content\/uploads\/2026\/08\/18-89.jpg","datePublished":"2026-09-01T12:01:59+00:00","description":"Situ\u00e9 au c\u0153ur de Meg\u00e8ve, le Chalet Verdet accueille jusqu\u2019\u00e0 8 voyageurs dans 4 chambres avec salles de bain privatives, r\u00e9parties sur 225 m\u00b2. Avec ses","breadcrumb":{"@id":"https:\/\/www.sejourprive.com\/biens\/chalet-verdet-megeve-alpes-francaises-france\/#breadcrumb"},"inLanguage":"en-GB","potentialAction":[{"@type":"ReadAction","target":["https:\/\/www.sejourprive.com\/biens\/chalet-verdet-megeve-alpes-francaises-france\/"]}]},{"@type":"ImageObject","inLanguage":"en-GB","@id":"https:\/\/www.sejourprive.com\/biens\/chalet-verdet-megeve-alpes-francaises-france\/#primaryimage","url":"https:\/\/www.sejourprive.com\/wp-content\/uploads\/2026\/08\/18-89.jpg","contentUrl":"https:\/\/www.sejourprive.com\/wp-content\/uploads\/2026\/08\/18-89.jpg","width":1200,"height":800},{"@type":"BreadcrumbList","@id":"https:\/\/www.sejourprive.com\/biens\/chalet-verdet-megeve-alpes-francaises-france\/#breadcrumb","itemListElement":[{"@type":"ListItem","position":1,"name":"Accueil","item":"https:\/\/www.sejourprive.com\/"},{"@type":"ListItem","position":2,"name":"Shop","item":"https:\/\/www.sejourprive.com\/shop\/"},{"@type":"ListItem","position":3,"name":"Chalet Verdet, Meg\u00e8ve, Alpes Fran\u00e7aises, France"}]},{"@type":"WebSite","@id":"https:\/\/www.sejourprive.com\/#website","url":"https:\/\/www.sejourprive.com\/","name":"Private Stay","description":"We design exceptional holidays for you.","publisher":{"@id":"https:\/\/www.sejourprive.com\/#organization"},"potentialAction":[{"@type":"SearchAction","target":{"@type":"EntryPoint","urlTemplate":"https:\/\/www.sejourprive.com\/?s={search_term_string}"},"query-input":{"@type":"PropertyValueSpecification","valueRequired":true,"valueName":"search_term_string"}}],"inLanguage":"en-GB"},{"@type":"Organization","@id":"https:\/\/www.sejourprive.com\/#organization","name":"Private Stay","url":"https:\/\/www.sejourprive.com\/","logo":{"@type":"ImageObject","inLanguage":"en-GB","@id":"https:\/\/www.sejourprive.com\/#\/schema\/logo\/image\/","url":"https:\/\/www.sejourprive.com\/wp-content\/uploads\/2026\/02\/SP-Apple-touch-144-couleur-1-2.png","contentUrl":"https:\/\/www.sejourprive.com\/wp-content\/uploads\/2026\/02\/SP-Apple-touch-144-couleur-1-2.png","width":145,"height":145,"caption":"S\u00e9jour Priv\u00e9"},"image":{"@id":"https:\/\/www.sejourprive.com\/#\/schema\/logo\/image\/"}}]}},"_links":{"self":[{"href":"https:\/\/www.sejourprive.com\/en\/wp-json\/wp\/v2\/product\/79271","targetHints":{"allow":["GET"]}}],"collection":[{"href":"https:\/\/www.sejourprive.com\/en\/wp-json\/wp\/v2\/product"}],"about":[{"href":"https:\/\/www.sejourprive.com\/en\/wp-json\/wp\/v2\/types\/product"}],"replies":[{"embeddable":true,"href":"https:\/\/www.sejourprive.com\/en\/wp-json\/wp\/v2\/comments?post=79271"}],"version-history":[{"count":1,"href":"https:\/\/www.sejourprive.com\/en\/wp-json\/wp\/v2\/product\/79271\/revisions"}],"predecessor-version":[{"id":79272,"href":"https:\/\/www.sejourprive.com\/en\/wp-json\/wp\/v2\/product\/79271\/revisions\/79272"}],"wp:featuredmedia":[{"embeddable":true,"href":"https:\/\/www.sejourprive.com\/en\/wp-json\/wp\/v2\/media\/79291"}],"wp:attachment":[{"href":"https:\/\/www.sejourprive.com\/en\/wp-json\/wp\/v2\/media?parent=79271"}],"wp:term":[{"taxonomy":"product_brand","embeddable":true,"href":"https:\/\/www.sejourprive.com\/en\/wp-json\/wp\/v2\/product_brand?post=79271"},{"taxonomy":"product_cat","embeddable":true,"href":"https:\/\/www.sejourprive.com\/en\/wp-json\/wp\/v2\/product_cat?post=79271"},{"taxonomy":"product_tag","embeddable":true,"href":"https:\/\/www.sejourprive.com\/en\/wp-json\/wp\/v2\/product_tag?post=79271"}],"curies":[{"name":"wp","href":"https:\/\/api.w.org\/{rel}","templated":true}]}}