{"id":79160,"date":"2026-08-30T13:07:29","date_gmt":"2026-08-30T11:07:29","guid":{"rendered":"https:\/\/www.sejourprive.com\/?post_type=product&#038;p=79160"},"modified":"2026-08-30T13:09:39","modified_gmt":"2026-08-30T11:09:39","slug":"chalet-selene-courchevel-le-praz-alpes-francaises-france","status":"publish","type":"product","link":"https:\/\/www.sejourprive.com\/en\/biens\/chalet-selene-courchevel-le-praz-alpes-francaises-france\/","title":{"rendered":"Chalet S\u00e9l\u00e9n\u00e9, Courchevel Le Praz, Alpes Fran\u00e7aises, France"},"content":{"rendered":"<p>Situ\u00e9 dans le charmant village de montagne de Courchevel Le Praz, le Chalet S\u00e9l\u00e9n\u00e9 se pr\u00e9sente comme un havre alpin \u00e9l\u00e9gant et contemporain. Ses lignes modernes, ses murs en b\u00e9ton et ses touches chaleureuses de bois cr\u00e9ent le cadre id\u00e9al pour un s\u00e9jour unique et paisible \u00e0 la montagne.<span><div class=\"read-more-wrapper\"><a class=\"read-more-button\" data-target=\"read-more-6a991763d92fd\" data-more-text=\"Read more\" data-less-text=\"Read less\"><span class=\"read-more-text\">Read more<\/span><\/a><div id=\"read-more-6a991763d92fd\" class=\"read-more-content\"> <\/span><\/p>\n<p>D&#8217;une superficie de 276 m\u00b2, ce spacieux refuge peut accueillir jusqu&#8217;\u00e0 6 personnes dans 3 grandes chambres et 3 salles de bains. Con\u00e7u pour favoriser les moments de partage et l&#8217;intimit\u00e9, son agencement g\u00e9n\u00e9reux alterne entre des espaces de vie ouverts et des coins intimes propices \u00e0 la tranquillit\u00e9.<\/p>\n<p>Why we love it:<\/p>\n<p>\u2022 Un vaste espace de 276 m\u00b2 : suffisamment de place pour se retrouver tout en pr\u00e9servant l\u2019intimit\u00e9<br \/>\n\u2022 Une situation centrale : \u00e0 quelques pas des commerces, des restaurants et de l\u2019animation du village du Praz<br \/>\n\u2022 Un design alpin contemporain : une interpr\u00e9tation moderne et raffin\u00e9e de la chaleur traditionnelle des chalets<br \/>\n\u2022 \u00c0 proximit\u00e9 de la t\u00e9l\u00e9cabine de l\u2019Alpinium : \u00e0 8 minutes \u00e0 pied, avec possibilit\u00e9 de retour par les pistes, suivi d\u2019une marche de 2 minutes<\/div><\/div><\/p>","protected":false},"excerpt":{"rendered":"<p>Situ\u00e9 dans le charmant village de montagne de Courchevel Le Praz, le Chalet S\u00e9l\u00e9n\u00e9 se pr\u00e9sente comme un havre alpin&#8230;<\/p>","protected":false},"featured_media":79172,"comment_status":"open","ping_status":"closed","template":"","meta":{"_acf_changed":false},"product_brand":[],"product_cat":[96,172],"product_tag":[],"class_list":["post-79160","product","type-product","status-publish","has-post-thumbnail","product_cat-chalet","product_cat-montagne","property_location-alpes-francaises","property_location-courchevel","property_location-france","first","instock","sold-individually","shipping-taxable","purchasable","product-type-simple"],"acf":[],"yoast_head":"<!-- This site is optimized with the Yoast SEO plugin v26.6 - https:\/\/yoast.com\/wordpress\/plugins\/seo\/ -->\n<title>Chalet S\u00e9l\u00e9n\u00e9, Courchevel Le Praz, Alpes Fran\u00e7aises, France - S\u00e9jour Priv\u00e9<\/title>\n<meta name=\"description\" content=\"Situ\u00e9 dans le charmant village de montagne de Courchevel Le Praz, le Chalet S\u00e9l\u00e9n\u00e9 se pr\u00e9sente comme un havre alpin \u00e9l\u00e9gant et contemporain. Ses lignes\" \/>\n<meta name=\"robots\" content=\"index, follow, max-snippet:-1, max-image-preview:large, max-video-preview:-1\" \/>\n<link rel=\"canonical\" href=\"https:\/\/www.sejourprive.com\/en\/biens\/chalet-selene-courchevel-le-praz-alpes-francaises-france\/\" \/>\n<meta property=\"og:locale\" content=\"en_GB\" \/>\n<meta property=\"og:type\" content=\"article\" \/>\n<meta property=\"og:title\" content=\"Chalet S\u00e9l\u00e9n\u00e9, Courchevel Le Praz, Alpes Fran\u00e7aises, France - S\u00e9jour Priv\u00e9\" \/>\n<meta property=\"og:description\" content=\"Situ\u00e9 dans le charmant village de montagne de Courchevel Le Praz, le Chalet S\u00e9l\u00e9n\u00e9 se pr\u00e9sente comme un havre alpin \u00e9l\u00e9gant et contemporain. Ses lignes\" \/>\n<meta property=\"og:url\" content=\"https:\/\/www.sejourprive.com\/en\/biens\/chalet-selene-courchevel-le-praz-alpes-francaises-france\/\" \/>\n<meta property=\"og:site_name\" content=\"S\u00e9jour Priv\u00e9\" \/>\n<meta property=\"article:modified_time\" content=\"2026-08-30T11:09:39+00:00\" \/>\n<meta property=\"og:image\" content=\"https:\/\/www.sejourprive.com\/wp-content\/uploads\/2026\/08\/0-129.jpg\" \/>\n\t<meta property=\"og:image:width\" content=\"1200\" \/>\n\t<meta property=\"og:image:height\" content=\"800\" \/>\n\t<meta property=\"og:image:type\" content=\"image\/jpeg\" \/>\n<meta name=\"twitter:card\" content=\"summary_large_image\" \/>\n<meta name=\"twitter:label1\" content=\"Estimated reading time\" \/>\n\t<meta name=\"twitter:data1\" content=\"2 minutes\" \/>\n<script type=\"application\/ld+json\" class=\"yoast-schema-graph\">{\"@context\":\"https:\/\/schema.org\",\"@graph\":[{\"@type\":\"WebPage\",\"@id\":\"https:\/\/www.sejourprive.com\/biens\/chalet-selene-courchevel-le-praz-alpes-francaises-france\/\",\"url\":\"https:\/\/www.sejourprive.com\/biens\/chalet-selene-courchevel-le-praz-alpes-francaises-france\/\",\"name\":\"Chalet S\u00e9l\u00e9n\u00e9, Courchevel Le Praz, Alpes Fran\u00e7aises, France - S\u00e9jour Priv\u00e9\",\"isPartOf\":{\"@id\":\"https:\/\/www.sejourprive.com\/#website\"},\"primaryImageOfPage\":{\"@id\":\"https:\/\/www.sejourprive.com\/biens\/chalet-selene-courchevel-le-praz-alpes-francaises-france\/#primaryimage\"},\"image\":{\"@id\":\"https:\/\/www.sejourprive.com\/biens\/chalet-selene-courchevel-le-praz-alpes-francaises-france\/#primaryimage\"},\"thumbnailUrl\":\"https:\/\/www.sejourprive.com\/wp-content\/uploads\/2026\/08\/0-129.jpg\",\"datePublished\":\"2026-08-30T11:07:29+00:00\",\"dateModified\":\"2026-08-30T11:09:39+00:00\",\"description\":\"Situ\u00e9 dans le charmant village de montagne de Courchevel Le Praz, le Chalet S\u00e9l\u00e9n\u00e9 se pr\u00e9sente comme un havre alpin \u00e9l\u00e9gant et contemporain. Ses lignes\",\"breadcrumb\":{\"@id\":\"https:\/\/www.sejourprive.com\/biens\/chalet-selene-courchevel-le-praz-alpes-francaises-france\/#breadcrumb\"},\"inLanguage\":\"en-GB\",\"potentialAction\":[{\"@type\":\"ReadAction\",\"target\":[\"https:\/\/www.sejourprive.com\/biens\/chalet-selene-courchevel-le-praz-alpes-francaises-france\/\"]}]},{\"@type\":\"ImageObject\",\"inLanguage\":\"en-GB\",\"@id\":\"https:\/\/www.sejourprive.com\/biens\/chalet-selene-courchevel-le-praz-alpes-francaises-france\/#primaryimage\",\"url\":\"https:\/\/www.sejourprive.com\/wp-content\/uploads\/2026\/08\/0-129.jpg\",\"contentUrl\":\"https:\/\/www.sejourprive.com\/wp-content\/uploads\/2026\/08\/0-129.jpg\",\"width\":1200,\"height\":800},{\"@type\":\"BreadcrumbList\",\"@id\":\"https:\/\/www.sejourprive.com\/biens\/chalet-selene-courchevel-le-praz-alpes-francaises-france\/#breadcrumb\",\"itemListElement\":[{\"@type\":\"ListItem\",\"position\":1,\"name\":\"Accueil\",\"item\":\"https:\/\/www.sejourprive.com\/\"},{\"@type\":\"ListItem\",\"position\":2,\"name\":\"Shop\",\"item\":\"https:\/\/www.sejourprive.com\/shop\/\"},{\"@type\":\"ListItem\",\"position\":3,\"name\":\"Chalet S\u00e9l\u00e9n\u00e9, Courchevel Le Praz, Alpes Fran\u00e7aises, France\"}]},{\"@type\":\"WebSite\",\"@id\":\"https:\/\/www.sejourprive.com\/#website\",\"url\":\"https:\/\/www.sejourprive.com\/\",\"name\":\"S\u00e9jour Priv\u00e9\",\"description\":\"Nous imaginons pour vous des s\u00e9jours d\u2019exception.\",\"publisher\":{\"@id\":\"https:\/\/www.sejourprive.com\/#organization\"},\"potentialAction\":[{\"@type\":\"SearchAction\",\"target\":{\"@type\":\"EntryPoint\",\"urlTemplate\":\"https:\/\/www.sejourprive.com\/?s={search_term_string}\"},\"query-input\":{\"@type\":\"PropertyValueSpecification\",\"valueRequired\":true,\"valueName\":\"search_term_string\"}}],\"inLanguage\":\"en-GB\"},{\"@type\":\"Organization\",\"@id\":\"https:\/\/www.sejourprive.com\/#organization\",\"name\":\"S\u00e9jour Priv\u00e9\",\"url\":\"https:\/\/www.sejourprive.com\/\",\"logo\":{\"@type\":\"ImageObject\",\"inLanguage\":\"en-GB\",\"@id\":\"https:\/\/www.sejourprive.com\/#\/schema\/logo\/image\/\",\"url\":\"https:\/\/www.sejourprive.com\/wp-content\/uploads\/2026\/02\/SP-Apple-touch-144-couleur-1-2.png\",\"contentUrl\":\"https:\/\/www.sejourprive.com\/wp-content\/uploads\/2026\/02\/SP-Apple-touch-144-couleur-1-2.png\",\"width\":145,\"height\":145,\"caption\":\"S\u00e9jour Priv\u00e9\"},\"image\":{\"@id\":\"https:\/\/www.sejourprive.com\/#\/schema\/logo\/image\/\"}}]}<\/script>\n<!-- \/ Yoast SEO plugin. -->","yoast_head_json":{"title":"Chalet S\u00e9l\u00e9n\u00e9, Courchevel Le Praz, Alpes Fran\u00e7aises, France - S\u00e9jour Priv\u00e9","description":"Situ\u00e9 dans le charmant village de montagne de Courchevel Le Praz, le Chalet S\u00e9l\u00e9n\u00e9 se pr\u00e9sente comme un havre alpin \u00e9l\u00e9gant et contemporain. Ses lignes","robots":{"index":"index","follow":"follow","max-snippet":"max-snippet:-1","max-image-preview":"max-image-preview:large","max-video-preview":"max-video-preview:-1"},"canonical":"https:\/\/www.sejourprive.com\/en\/biens\/chalet-selene-courchevel-le-praz-alpes-francaises-france\/","og_locale":"en_GB","og_type":"article","og_title":"Chalet S\u00e9l\u00e9n\u00e9, Courchevel Le Praz, Alpes Fran\u00e7aises, France - S\u00e9jour Priv\u00e9","og_description":"Situ\u00e9 dans le charmant village de montagne de Courchevel Le Praz, le Chalet S\u00e9l\u00e9n\u00e9 se pr\u00e9sente comme un havre alpin \u00e9l\u00e9gant et contemporain. Ses lignes","og_url":"https:\/\/www.sejourprive.com\/en\/biens\/chalet-selene-courchevel-le-praz-alpes-francaises-france\/","og_site_name":"S\u00e9jour Priv\u00e9","article_modified_time":"2026-08-30T11:09:39+00:00","og_image":[{"width":1200,"height":800,"url":"https:\/\/www.sejourprive.com\/wp-content\/uploads\/2026\/08\/0-129.jpg","type":"image\/jpeg"}],"twitter_card":"summary_large_image","twitter_misc":{"Estimated reading time":"2 minutes"},"schema":{"@context":"https:\/\/schema.org","@graph":[{"@type":"WebPage","@id":"https:\/\/www.sejourprive.com\/biens\/chalet-selene-courchevel-le-praz-alpes-francaises-france\/","url":"https:\/\/www.sejourprive.com\/biens\/chalet-selene-courchevel-le-praz-alpes-francaises-france\/","name":"Chalet S\u00e9l\u00e9n\u00e9, Courchevel Le Praz, Alpes Fran\u00e7aises, France - S\u00e9jour Priv\u00e9","isPartOf":{"@id":"https:\/\/www.sejourprive.com\/#website"},"primaryImageOfPage":{"@id":"https:\/\/www.sejourprive.com\/biens\/chalet-selene-courchevel-le-praz-alpes-francaises-france\/#primaryimage"},"image":{"@id":"https:\/\/www.sejourprive.com\/biens\/chalet-selene-courchevel-le-praz-alpes-francaises-france\/#primaryimage"},"thumbnailUrl":"https:\/\/www.sejourprive.com\/wp-content\/uploads\/2026\/08\/0-129.jpg","datePublished":"2026-08-30T11:07:29+00:00","dateModified":"2026-08-30T11:09:39+00:00","description":"Situ\u00e9 dans le charmant village de montagne de Courchevel Le Praz, le Chalet S\u00e9l\u00e9n\u00e9 se pr\u00e9sente comme un havre alpin \u00e9l\u00e9gant et contemporain. Ses lignes","breadcrumb":{"@id":"https:\/\/www.sejourprive.com\/biens\/chalet-selene-courchevel-le-praz-alpes-francaises-france\/#breadcrumb"},"inLanguage":"en-GB","potentialAction":[{"@type":"ReadAction","target":["https:\/\/www.sejourprive.com\/biens\/chalet-selene-courchevel-le-praz-alpes-francaises-france\/"]}]},{"@type":"ImageObject","inLanguage":"en-GB","@id":"https:\/\/www.sejourprive.com\/biens\/chalet-selene-courchevel-le-praz-alpes-francaises-france\/#primaryimage","url":"https:\/\/www.sejourprive.com\/wp-content\/uploads\/2026\/08\/0-129.jpg","contentUrl":"https:\/\/www.sejourprive.com\/wp-content\/uploads\/2026\/08\/0-129.jpg","width":1200,"height":800},{"@type":"BreadcrumbList","@id":"https:\/\/www.sejourprive.com\/biens\/chalet-selene-courchevel-le-praz-alpes-francaises-france\/#breadcrumb","itemListElement":[{"@type":"ListItem","position":1,"name":"Accueil","item":"https:\/\/www.sejourprive.com\/"},{"@type":"ListItem","position":2,"name":"Shop","item":"https:\/\/www.sejourprive.com\/shop\/"},{"@type":"ListItem","position":3,"name":"Chalet S\u00e9l\u00e9n\u00e9, Courchevel Le Praz, Alpes Fran\u00e7aises, France"}]},{"@type":"WebSite","@id":"https:\/\/www.sejourprive.com\/#website","url":"https:\/\/www.sejourprive.com\/","name":"Private Stay","description":"We design exceptional holidays for you.","publisher":{"@id":"https:\/\/www.sejourprive.com\/#organization"},"potentialAction":[{"@type":"SearchAction","target":{"@type":"EntryPoint","urlTemplate":"https:\/\/www.sejourprive.com\/?s={search_term_string}"},"query-input":{"@type":"PropertyValueSpecification","valueRequired":true,"valueName":"search_term_string"}}],"inLanguage":"en-GB"},{"@type":"Organization","@id":"https:\/\/www.sejourprive.com\/#organization","name":"Private Stay","url":"https:\/\/www.sejourprive.com\/","logo":{"@type":"ImageObject","inLanguage":"en-GB","@id":"https:\/\/www.sejourprive.com\/#\/schema\/logo\/image\/","url":"https:\/\/www.sejourprive.com\/wp-content\/uploads\/2026\/02\/SP-Apple-touch-144-couleur-1-2.png","contentUrl":"https:\/\/www.sejourprive.com\/wp-content\/uploads\/2026\/02\/SP-Apple-touch-144-couleur-1-2.png","width":145,"height":145,"caption":"S\u00e9jour Priv\u00e9"},"image":{"@id":"https:\/\/www.sejourprive.com\/#\/schema\/logo\/image\/"}}]}},"_links":{"self":[{"href":"https:\/\/www.sejourprive.com\/en\/wp-json\/wp\/v2\/product\/79160","targetHints":{"allow":["GET"]}}],"collection":[{"href":"https:\/\/www.sejourprive.com\/en\/wp-json\/wp\/v2\/product"}],"about":[{"href":"https:\/\/www.sejourprive.com\/en\/wp-json\/wp\/v2\/types\/product"}],"replies":[{"embeddable":true,"href":"https:\/\/www.sejourprive.com\/en\/wp-json\/wp\/v2\/comments?post=79160"}],"version-history":[{"count":1,"href":"https:\/\/www.sejourprive.com\/en\/wp-json\/wp\/v2\/product\/79160\/revisions"}],"predecessor-version":[{"id":79161,"href":"https:\/\/www.sejourprive.com\/en\/wp-json\/wp\/v2\/product\/79160\/revisions\/79161"}],"wp:featuredmedia":[{"embeddable":true,"href":"https:\/\/www.sejourprive.com\/en\/wp-json\/wp\/v2\/media\/79172"}],"wp:attachment":[{"href":"https:\/\/www.sejourprive.com\/en\/wp-json\/wp\/v2\/media?parent=79160"}],"wp:term":[{"taxonomy":"product_brand","embeddable":true,"href":"https:\/\/www.sejourprive.com\/en\/wp-json\/wp\/v2\/product_brand?post=79160"},{"taxonomy":"product_cat","embeddable":true,"href":"https:\/\/www.sejourprive.com\/en\/wp-json\/wp\/v2\/product_cat?post=79160"},{"taxonomy":"product_tag","embeddable":true,"href":"https:\/\/www.sejourprive.com\/en\/wp-json\/wp\/v2\/product_tag?post=79160"}],"curies":[{"name":"wp","href":"https:\/\/api.w.org\/{rel}","templated":true}]}}