{"id":78315,"date":"2026-08-28T12:07:32","date_gmt":"2026-08-28T10:07:32","guid":{"rendered":"https:\/\/www.sejourprive.com\/?post_type=product&#038;p=78315"},"modified":"2026-08-28T12:07:33","modified_gmt":"2026-08-28T10:07:33","slug":"appartement-naos-303-meribel-alpes-francaises-france","status":"publish","type":"product","link":"https:\/\/www.sejourprive.com\/en\/biens\/appartement-naos-303-meribel-alpes-francaises-france\/","title":{"rendered":"Appartement Naos 303, M\u00e9ribel, Alpes Fran\u00e7aises, France"},"content":{"rendered":"<p>Cet hiver, rendez-vous &agrave; M&eacute;ribel pour passer des vacances de luxe, entre journ&eacute;es enneig&eacute;es et nuits douillettes, dans le confort de l&rsquo;Appartement Naos 303. Ce charmant logement dispose de tout ce dont vous avez besoin pour vivre un s&eacute;jour inoubliable dans les Alpes fran&ccedil;aises. Son magnifique int&eacute;rieur aux tons de bois et de cuivre vous accueillera d&egrave;s votre arriv&eacute;e et jusqu&rsquo;&agrave; ce que la porte se referme derri&egrave;re vous.&lt;span&gt;<div class=\"read-more-wrapper\"><a class=\"read-more-button\" data-target=\"read-more-6a98a3bb0fbbe\" data-more-text=\"Read more\" data-less-text=\"Read less\"><span class=\"read-more-text\">Read more<\/span><\/a><div id=\"read-more-6a98a3bb0fbbe\" class=\"read-more-content\"> &lt;\/span&gt;<\/p>\n<p>Commencez la journ\u00e9e par quelques longueurs dans la piscine int\u00e9rieure commune pour vous r\u00e9veiller et \u00e9chauffer vos muscles avant une journ\u00e9e sur les pistes. Si le ski n\u2019est pas votre tasse de th\u00e9, pourquoi ne pas essayer l\u2019une des nombreuses activit\u00e9s propos\u00e9es, telles que la randonn\u00e9e en raquettes, la motoneige ou le yoga au bord de la rivi\u00e8re gel\u00e9e ? Quel que soit votre choix, l\u2019Appartement Naos 303 est au c\u0153ur de tout cela. Une fois rentr\u00e9 apr\u00e8s une journ\u00e9e passionnante pass\u00e9e \u00e0 explorer toutes les aventures de montagne \u00e0 port\u00e9e de main, mettez votre disque pr\u00e9f\u00e9r\u00e9 et pr\u00e9parez un d\u00e9licieux repas dans la cuisine chic, \u00e9quip\u00e9e de tout ce dont vous avez besoin pour passer un bon moment en famille autour d\u2019un grand d\u00eener. Apr\u00e8s le repas, sortez sur la terrasse spacieuse et savourez un digestif tout en admirant le coucher de soleil sur la magnifique vall\u00e9e en contrebas.<\/div><\/div><\/p>","protected":false},"excerpt":{"rendered":"<p>Cet hiver, rendez-vous \u00e0 M\u00e9ribel pour passer des vacances de luxe, entre journ\u00e9es enneig\u00e9es et nuits douillettes, dans le confort&#8230;<\/p>","protected":false},"featured_media":78317,"comment_status":"open","ping_status":"closed","template":"","meta":{"_acf_changed":false},"product_brand":[],"product_cat":[95,172],"product_tag":[],"class_list":["post-78315","product","type-product","status-publish","has-post-thumbnail","product_cat-appartement","product_cat-montagne","property_location-alpes-francaises","property_location-france","property_location-meribel","first","instock","sold-individually","shipping-taxable","purchasable","product-type-simple"],"acf":[],"yoast_head":"<!-- This site is optimized with the Yoast SEO plugin v26.6 - https:\/\/yoast.com\/wordpress\/plugins\/seo\/ -->\n<title>Appartement Naos 303, M\u00e9ribel, Alpes Fran\u00e7aises, France - S\u00e9jour Priv\u00e9<\/title>\n<meta name=\"description\" content=\"Cet hiver, rendez-vous \u00e0 M\u00e9ribel pour passer des vacances de luxe, entre journ\u00e9es enneig\u00e9es et nuits douillettes, dans le confort de l\u2019Appartement Naos\" \/>\n<meta name=\"robots\" content=\"index, follow, max-snippet:-1, max-image-preview:large, max-video-preview:-1\" \/>\n<link rel=\"canonical\" href=\"https:\/\/www.sejourprive.com\/en\/biens\/appartement-naos-303-meribel-alpes-francaises-france\/\" \/>\n<meta property=\"og:locale\" content=\"en_GB\" \/>\n<meta property=\"og:type\" content=\"article\" \/>\n<meta property=\"og:title\" content=\"Appartement Naos 303, M\u00e9ribel, Alpes Fran\u00e7aises, France - S\u00e9jour Priv\u00e9\" \/>\n<meta property=\"og:description\" content=\"Cet hiver, rendez-vous \u00e0 M\u00e9ribel pour passer des vacances de luxe, entre journ\u00e9es enneig\u00e9es et nuits douillettes, dans le confort de l\u2019Appartement Naos\" \/>\n<meta property=\"og:url\" content=\"https:\/\/www.sejourprive.com\/en\/biens\/appartement-naos-303-meribel-alpes-francaises-france\/\" \/>\n<meta property=\"og:site_name\" content=\"S\u00e9jour Priv\u00e9\" \/>\n<meta property=\"article:modified_time\" content=\"2026-08-28T10:07:33+00:00\" \/>\n<meta property=\"og:image\" content=\"https:\/\/www.sejourprive.com\/wp-content\/uploads\/2026\/08\/0-101.jpg\" \/>\n\t<meta property=\"og:image:width\" content=\"1200\" \/>\n\t<meta property=\"og:image:height\" content=\"800\" \/>\n\t<meta property=\"og:image:type\" content=\"image\/jpeg\" \/>\n<meta name=\"twitter:card\" content=\"summary_large_image\" \/>\n<meta name=\"twitter:label1\" content=\"Estimated reading time\" \/>\n\t<meta name=\"twitter:data1\" content=\"2 minutes\" \/>\n<script type=\"application\/ld+json\" class=\"yoast-schema-graph\">{\"@context\":\"https:\/\/schema.org\",\"@graph\":[{\"@type\":\"WebPage\",\"@id\":\"https:\/\/www.sejourprive.com\/biens\/appartement-naos-303-meribel-alpes-francaises-france\/\",\"url\":\"https:\/\/www.sejourprive.com\/biens\/appartement-naos-303-meribel-alpes-francaises-france\/\",\"name\":\"Appartement Naos 303, M\u00e9ribel, Alpes Fran\u00e7aises, France - S\u00e9jour Priv\u00e9\",\"isPartOf\":{\"@id\":\"https:\/\/www.sejourprive.com\/#website\"},\"primaryImageOfPage\":{\"@id\":\"https:\/\/www.sejourprive.com\/biens\/appartement-naos-303-meribel-alpes-francaises-france\/#primaryimage\"},\"image\":{\"@id\":\"https:\/\/www.sejourprive.com\/biens\/appartement-naos-303-meribel-alpes-francaises-france\/#primaryimage\"},\"thumbnailUrl\":\"https:\/\/www.sejourprive.com\/wp-content\/uploads\/2026\/08\/0-101.jpg\",\"datePublished\":\"2026-08-28T10:07:32+00:00\",\"dateModified\":\"2026-08-28T10:07:33+00:00\",\"description\":\"Cet hiver, rendez-vous \u00e0 M\u00e9ribel pour passer des vacances de luxe, entre journ\u00e9es enneig\u00e9es et nuits douillettes, dans le confort de l\u2019Appartement Naos\",\"breadcrumb\":{\"@id\":\"https:\/\/www.sejourprive.com\/biens\/appartement-naos-303-meribel-alpes-francaises-france\/#breadcrumb\"},\"inLanguage\":\"en-GB\",\"potentialAction\":[{\"@type\":\"ReadAction\",\"target\":[\"https:\/\/www.sejourprive.com\/biens\/appartement-naos-303-meribel-alpes-francaises-france\/\"]}]},{\"@type\":\"ImageObject\",\"inLanguage\":\"en-GB\",\"@id\":\"https:\/\/www.sejourprive.com\/biens\/appartement-naos-303-meribel-alpes-francaises-france\/#primaryimage\",\"url\":\"https:\/\/www.sejourprive.com\/wp-content\/uploads\/2026\/08\/0-101.jpg\",\"contentUrl\":\"https:\/\/www.sejourprive.com\/wp-content\/uploads\/2026\/08\/0-101.jpg\",\"width\":1200,\"height\":800},{\"@type\":\"BreadcrumbList\",\"@id\":\"https:\/\/www.sejourprive.com\/biens\/appartement-naos-303-meribel-alpes-francaises-france\/#breadcrumb\",\"itemListElement\":[{\"@type\":\"ListItem\",\"position\":1,\"name\":\"Accueil\",\"item\":\"https:\/\/www.sejourprive.com\/\"},{\"@type\":\"ListItem\",\"position\":2,\"name\":\"Shop\",\"item\":\"https:\/\/www.sejourprive.com\/shop\/\"},{\"@type\":\"ListItem\",\"position\":3,\"name\":\"Appartement Naos 303, M\u00e9ribel, Alpes Fran\u00e7aises, France\"}]},{\"@type\":\"WebSite\",\"@id\":\"https:\/\/www.sejourprive.com\/#website\",\"url\":\"https:\/\/www.sejourprive.com\/\",\"name\":\"S\u00e9jour Priv\u00e9\",\"description\":\"Nous imaginons pour vous des s\u00e9jours d\u2019exception.\",\"publisher\":{\"@id\":\"https:\/\/www.sejourprive.com\/#organization\"},\"potentialAction\":[{\"@type\":\"SearchAction\",\"target\":{\"@type\":\"EntryPoint\",\"urlTemplate\":\"https:\/\/www.sejourprive.com\/?s={search_term_string}\"},\"query-input\":{\"@type\":\"PropertyValueSpecification\",\"valueRequired\":true,\"valueName\":\"search_term_string\"}}],\"inLanguage\":\"en-GB\"},{\"@type\":\"Organization\",\"@id\":\"https:\/\/www.sejourprive.com\/#organization\",\"name\":\"S\u00e9jour Priv\u00e9\",\"url\":\"https:\/\/www.sejourprive.com\/\",\"logo\":{\"@type\":\"ImageObject\",\"inLanguage\":\"en-GB\",\"@id\":\"https:\/\/www.sejourprive.com\/#\/schema\/logo\/image\/\",\"url\":\"https:\/\/www.sejourprive.com\/wp-content\/uploads\/2026\/02\/SP-Apple-touch-144-couleur-1-2.png\",\"contentUrl\":\"https:\/\/www.sejourprive.com\/wp-content\/uploads\/2026\/02\/SP-Apple-touch-144-couleur-1-2.png\",\"width\":145,\"height\":145,\"caption\":\"S\u00e9jour Priv\u00e9\"},\"image\":{\"@id\":\"https:\/\/www.sejourprive.com\/#\/schema\/logo\/image\/\"}}]}<\/script>\n<!-- \/ Yoast SEO plugin. -->","yoast_head_json":{"title":"Appartement Naos 303, M\u00e9ribel, Alpes Fran\u00e7aises, France - S\u00e9jour Priv\u00e9","description":"Cet hiver, rendez-vous \u00e0 M\u00e9ribel pour passer des vacances de luxe, entre journ\u00e9es enneig\u00e9es et nuits douillettes, dans le confort de l\u2019Appartement Naos","robots":{"index":"index","follow":"follow","max-snippet":"max-snippet:-1","max-image-preview":"max-image-preview:large","max-video-preview":"max-video-preview:-1"},"canonical":"https:\/\/www.sejourprive.com\/en\/biens\/appartement-naos-303-meribel-alpes-francaises-france\/","og_locale":"en_GB","og_type":"article","og_title":"Appartement Naos 303, M\u00e9ribel, Alpes Fran\u00e7aises, France - S\u00e9jour Priv\u00e9","og_description":"Cet hiver, rendez-vous \u00e0 M\u00e9ribel pour passer des vacances de luxe, entre journ\u00e9es enneig\u00e9es et nuits douillettes, dans le confort de l\u2019Appartement Naos","og_url":"https:\/\/www.sejourprive.com\/en\/biens\/appartement-naos-303-meribel-alpes-francaises-france\/","og_site_name":"S\u00e9jour Priv\u00e9","article_modified_time":"2026-08-28T10:07:33+00:00","og_image":[{"width":1200,"height":800,"url":"https:\/\/www.sejourprive.com\/wp-content\/uploads\/2026\/08\/0-101.jpg","type":"image\/jpeg"}],"twitter_card":"summary_large_image","twitter_misc":{"Estimated reading time":"2 minutes"},"schema":{"@context":"https:\/\/schema.org","@graph":[{"@type":"WebPage","@id":"https:\/\/www.sejourprive.com\/biens\/appartement-naos-303-meribel-alpes-francaises-france\/","url":"https:\/\/www.sejourprive.com\/biens\/appartement-naos-303-meribel-alpes-francaises-france\/","name":"Appartement Naos 303, M\u00e9ribel, Alpes Fran\u00e7aises, France - S\u00e9jour Priv\u00e9","isPartOf":{"@id":"https:\/\/www.sejourprive.com\/#website"},"primaryImageOfPage":{"@id":"https:\/\/www.sejourprive.com\/biens\/appartement-naos-303-meribel-alpes-francaises-france\/#primaryimage"},"image":{"@id":"https:\/\/www.sejourprive.com\/biens\/appartement-naos-303-meribel-alpes-francaises-france\/#primaryimage"},"thumbnailUrl":"https:\/\/www.sejourprive.com\/wp-content\/uploads\/2026\/08\/0-101.jpg","datePublished":"2026-08-28T10:07:32+00:00","dateModified":"2026-08-28T10:07:33+00:00","description":"Cet hiver, rendez-vous \u00e0 M\u00e9ribel pour passer des vacances de luxe, entre journ\u00e9es enneig\u00e9es et nuits douillettes, dans le confort de l\u2019Appartement Naos","breadcrumb":{"@id":"https:\/\/www.sejourprive.com\/biens\/appartement-naos-303-meribel-alpes-francaises-france\/#breadcrumb"},"inLanguage":"en-GB","potentialAction":[{"@type":"ReadAction","target":["https:\/\/www.sejourprive.com\/biens\/appartement-naos-303-meribel-alpes-francaises-france\/"]}]},{"@type":"ImageObject","inLanguage":"en-GB","@id":"https:\/\/www.sejourprive.com\/biens\/appartement-naos-303-meribel-alpes-francaises-france\/#primaryimage","url":"https:\/\/www.sejourprive.com\/wp-content\/uploads\/2026\/08\/0-101.jpg","contentUrl":"https:\/\/www.sejourprive.com\/wp-content\/uploads\/2026\/08\/0-101.jpg","width":1200,"height":800},{"@type":"BreadcrumbList","@id":"https:\/\/www.sejourprive.com\/biens\/appartement-naos-303-meribel-alpes-francaises-france\/#breadcrumb","itemListElement":[{"@type":"ListItem","position":1,"name":"Accueil","item":"https:\/\/www.sejourprive.com\/"},{"@type":"ListItem","position":2,"name":"Shop","item":"https:\/\/www.sejourprive.com\/shop\/"},{"@type":"ListItem","position":3,"name":"Appartement Naos 303, M\u00e9ribel, Alpes Fran\u00e7aises, France"}]},{"@type":"WebSite","@id":"https:\/\/www.sejourprive.com\/#website","url":"https:\/\/www.sejourprive.com\/","name":"Private Stay","description":"We design exceptional holidays for you.","publisher":{"@id":"https:\/\/www.sejourprive.com\/#organization"},"potentialAction":[{"@type":"SearchAction","target":{"@type":"EntryPoint","urlTemplate":"https:\/\/www.sejourprive.com\/?s={search_term_string}"},"query-input":{"@type":"PropertyValueSpecification","valueRequired":true,"valueName":"search_term_string"}}],"inLanguage":"en-GB"},{"@type":"Organization","@id":"https:\/\/www.sejourprive.com\/#organization","name":"Private Stay","url":"https:\/\/www.sejourprive.com\/","logo":{"@type":"ImageObject","inLanguage":"en-GB","@id":"https:\/\/www.sejourprive.com\/#\/schema\/logo\/image\/","url":"https:\/\/www.sejourprive.com\/wp-content\/uploads\/2026\/02\/SP-Apple-touch-144-couleur-1-2.png","contentUrl":"https:\/\/www.sejourprive.com\/wp-content\/uploads\/2026\/02\/SP-Apple-touch-144-couleur-1-2.png","width":145,"height":145,"caption":"S\u00e9jour Priv\u00e9"},"image":{"@id":"https:\/\/www.sejourprive.com\/#\/schema\/logo\/image\/"}}]}},"_links":{"self":[{"href":"https:\/\/www.sejourprive.com\/en\/wp-json\/wp\/v2\/product\/78315","targetHints":{"allow":["GET"]}}],"collection":[{"href":"https:\/\/www.sejourprive.com\/en\/wp-json\/wp\/v2\/product"}],"about":[{"href":"https:\/\/www.sejourprive.com\/en\/wp-json\/wp\/v2\/types\/product"}],"replies":[{"embeddable":true,"href":"https:\/\/www.sejourprive.com\/en\/wp-json\/wp\/v2\/comments?post=78315"}],"version-history":[{"count":2,"href":"https:\/\/www.sejourprive.com\/en\/wp-json\/wp\/v2\/product\/78315\/revisions"}],"predecessor-version":[{"id":79087,"href":"https:\/\/www.sejourprive.com\/en\/wp-json\/wp\/v2\/product\/78315\/revisions\/79087"}],"wp:featuredmedia":[{"embeddable":true,"href":"https:\/\/www.sejourprive.com\/en\/wp-json\/wp\/v2\/media\/78317"}],"wp:attachment":[{"href":"https:\/\/www.sejourprive.com\/en\/wp-json\/wp\/v2\/media?parent=78315"}],"wp:term":[{"taxonomy":"product_brand","embeddable":true,"href":"https:\/\/www.sejourprive.com\/en\/wp-json\/wp\/v2\/product_brand?post=78315"},{"taxonomy":"product_cat","embeddable":true,"href":"https:\/\/www.sejourprive.com\/en\/wp-json\/wp\/v2\/product_cat?post=78315"},{"taxonomy":"product_tag","embeddable":true,"href":"https:\/\/www.sejourprive.com\/en\/wp-json\/wp\/v2\/product_tag?post=78315"}],"curies":[{"name":"wp","href":"https:\/\/api.w.org\/{rel}","templated":true}]}}