{"id":78093,"date":"2026-08-24T16:02:45","date_gmt":"2026-08-24T14:02:45","guid":{"rendered":"https:\/\/www.sejourprive.com\/?post_type=product&#038;p=78093"},"modified":"2026-08-26T14:52:34","modified_gmt":"2026-08-26T12:52:34","slug":"chalet-ours-blanc-courchevel-1850-alpes-francaises-france","status":"publish","type":"product","link":"https:\/\/www.sejourprive.com\/en\/biens\/chalet-ours-blanc-courchevel-1850-alpes-francaises-france\/","title":{"rendered":"Chalet Ours Blanc, Courchevel 1850, French Alps, France"},"content":{"rendered":"<p>Au c\u0153ur du hameau de La Voli\u00e8re, dans le village de Courchevel, au quartier des Chenus, se dresse le chalet Nanuq. Son nom est tir\u00e9 d\u2019un conte norv\u00e9gien du XIXe si\u00e8cle, \u00ab Le Roi-ours Valemon \u00bb, dans lequel un jeune prince est transform\u00e9 en ours polaire \u00e0 la suite d\u2019une mal\u00e9diction. Intime et calme, \u00e0 l\u2019or\u00e9e d\u2019une for\u00eat, ce chalet offre un acc\u00e8s direct et privil\u00e9gi\u00e9 au plus grand domaine skiable du monde.<span><div class=\"read-more-wrapper\"><a class=\"read-more-button\" data-target=\"read-more-6a951d6d7de82\" data-more-text=\"Read more\" data-less-text=\"Read less\"><span class=\"read-more-text\">Read more<\/span><\/a><div id=\"read-more-6a951d6d7de82\" class=\"read-more-content\"> <\/span><\/p>\n<p>L\u2019ext\u00e9rieur de la demeure pr\u00e9sente une architecture authentique et traditionnelle, enti\u00e8rement construite en bois et en pierres locales. Surplombant la vall\u00e9e, il dispose de balcons \u00e0 chaque \u00e9tage qui offrent une vue imprenable sur les vastes \u00e9tendues de for\u00eats de sapins et sur les sommets enneig\u00e9s.<\/p>\n<p>Incroyablement spacieux, le chalet compte cinq \u00e9tages et s\u2019\u00e9tend sur 518 m\u00b2. L\u2019atmosph\u00e8re y est paisible et enchanteresse, en harmonie avec un mobilier \u00e0 la fois rustique et raffin\u00e9, comme ce lustre fabriqu\u00e9 \u00e0 partir de bois de cerf ou ces lampes couleur am\u00e9thyste. \u00c0 l\u2019\u00e9tage, les enfants peuvent jouer sur la mezzanine tandis que les invit\u00e9s, berc\u00e9s par la chaleur agr\u00e9able qui se d\u00e9gage de la chemin\u00e9e, d\u00e9gustent un verre de vin provenant directement de la cave \u00e0 vin.<\/p>\n<p>Ils pourraient le faire confortablement install\u00e9s dans les canap\u00e9s douillets et moelleux du salon. D\u2019autres pourraient pr\u00e9parer le d\u00eener dans la cuisine parfaitement \u00e9quip\u00e9e avant de prendre place autour de la table dans la vaste salle \u00e0 manger. En fin de journ\u00e9e, chacun pourrait se d\u00e9tendre et choisir entre le home cin\u00e9ma et l\u2019espace bien-\u00eatre digne d\u2019un paradis : sauna, hammam, piscine int\u00e9rieure, salle de sport, salle de massage\u2026 Un ascenseur permet d\u2019acc\u00e9der facilement \u00e0 tous ces diff\u00e9rents \u00e9tages.<\/p>\n<p>La chambre parentale se trouve au premier \u00e9tage, les quatre autres chambres doubles sont \u00e0 l\u2019\u00e9tage sup\u00e9rieur. Chaque chambre dispose d\u2019une salle de bains design et est d\u00e9cor\u00e9e de tableaux d\u2019art moderne. Elles respirent le calme et le confort et invitent chacun \u00e0 profiter d\u2019un moment de d\u00e9tente apr\u00e8s une journ\u00e9e pass\u00e9e \u00e0 faire du slalom sur les pistes de Courchevel.<\/div><\/div><\/p>","protected":false},"excerpt":{"rendered":"<p>Au c\u0153ur du hameau de La Voli\u00e8re, dans le village de Courchevel, au quartier des Chenus, se dresse le chalet&#8230;<\/p>","protected":false},"featured_media":78123,"comment_status":"open","ping_status":"closed","template":"","meta":{"_acf_changed":false},"product_brand":[],"product_cat":[96,172],"product_tag":[],"class_list":["post-78093","product","type-product","status-publish","has-post-thumbnail","product_cat-chalet","product_cat-montagne","property_location-alpes-francaises","property_location-courchevel","property_location-france","first","instock","sold-individually","shipping-taxable","purchasable","product-type-simple"],"acf":[],"yoast_head":"<!-- This site is optimized with the Yoast SEO plugin v26.6 - https:\/\/yoast.com\/wordpress\/plugins\/seo\/ -->\n<title>Chalet Ours Blanc, Courchevel 1850, Alpes Fran\u00e7aises, France - S\u00e9jour Priv\u00e9<\/title>\n<meta name=\"description\" content=\"Au c\u0153ur du hameau de La Voli\u00e8re, dans le village de Courchevel, au quartier des Chenus, se dresse le chalet Nanuq. Son nom est tir\u00e9 d\u2019un conte norv\u00e9gien\" \/>\n<meta name=\"robots\" content=\"index, follow, max-snippet:-1, max-image-preview:large, max-video-preview:-1\" \/>\n<link rel=\"canonical\" href=\"https:\/\/www.sejourprive.com\/en\/biens\/chalet-ours-blanc-courchevel-1850-alpes-francaises-france\/\" \/>\n<meta property=\"og:locale\" content=\"en_GB\" \/>\n<meta property=\"og:type\" content=\"article\" \/>\n<meta property=\"og:title\" content=\"Chalet Ours Blanc, Courchevel 1850, Alpes Fran\u00e7aises, France - S\u00e9jour Priv\u00e9\" \/>\n<meta property=\"og:description\" content=\"Au c\u0153ur du hameau de La Voli\u00e8re, dans le village de Courchevel, au quartier des Chenus, se dresse le chalet Nanuq. Son nom est tir\u00e9 d\u2019un conte norv\u00e9gien\" \/>\n<meta property=\"og:url\" content=\"https:\/\/www.sejourprive.com\/en\/biens\/chalet-ours-blanc-courchevel-1850-alpes-francaises-france\/\" \/>\n<meta property=\"og:site_name\" content=\"S\u00e9jour Priv\u00e9\" \/>\n<meta property=\"article:modified_time\" content=\"2026-08-26T12:52:34+00:00\" \/>\n<meta property=\"og:image\" content=\"https:\/\/www.sejourprive.com\/wp-content\/uploads\/2026\/08\/0-96.jpg\" \/>\n\t<meta property=\"og:image:width\" content=\"1200\" \/>\n\t<meta property=\"og:image:height\" content=\"798\" \/>\n\t<meta property=\"og:image:type\" content=\"image\/jpeg\" \/>\n<meta name=\"twitter:card\" content=\"summary_large_image\" \/>\n<meta name=\"twitter:label1\" content=\"Estimated reading time\" \/>\n\t<meta name=\"twitter:data1\" content=\"2 minutes\" \/>\n<script type=\"application\/ld+json\" class=\"yoast-schema-graph\">{\"@context\":\"https:\/\/schema.org\",\"@graph\":[{\"@type\":\"WebPage\",\"@id\":\"https:\/\/www.sejourprive.com\/biens\/chalet-ours-blanc-courchevel-1850-alpes-francaises-france\/\",\"url\":\"https:\/\/www.sejourprive.com\/biens\/chalet-ours-blanc-courchevel-1850-alpes-francaises-france\/\",\"name\":\"Chalet Ours Blanc, Courchevel 1850, Alpes Fran\u00e7aises, France - S\u00e9jour Priv\u00e9\",\"isPartOf\":{\"@id\":\"https:\/\/www.sejourprive.com\/#website\"},\"primaryImageOfPage\":{\"@id\":\"https:\/\/www.sejourprive.com\/biens\/chalet-ours-blanc-courchevel-1850-alpes-francaises-france\/#primaryimage\"},\"image\":{\"@id\":\"https:\/\/www.sejourprive.com\/biens\/chalet-ours-blanc-courchevel-1850-alpes-francaises-france\/#primaryimage\"},\"thumbnailUrl\":\"https:\/\/www.sejourprive.com\/wp-content\/uploads\/2026\/08\/0-96.jpg\",\"datePublished\":\"2026-08-24T14:02:45+00:00\",\"dateModified\":\"2026-08-26T12:52:34+00:00\",\"description\":\"Au c\u0153ur du hameau de La Voli\u00e8re, dans le village de Courchevel, au quartier des Chenus, se dresse le chalet Nanuq. Son nom est tir\u00e9 d\u2019un conte norv\u00e9gien\",\"breadcrumb\":{\"@id\":\"https:\/\/www.sejourprive.com\/biens\/chalet-ours-blanc-courchevel-1850-alpes-francaises-france\/#breadcrumb\"},\"inLanguage\":\"en-GB\",\"potentialAction\":[{\"@type\":\"ReadAction\",\"target\":[\"https:\/\/www.sejourprive.com\/biens\/chalet-ours-blanc-courchevel-1850-alpes-francaises-france\/\"]}]},{\"@type\":\"ImageObject\",\"inLanguage\":\"en-GB\",\"@id\":\"https:\/\/www.sejourprive.com\/biens\/chalet-ours-blanc-courchevel-1850-alpes-francaises-france\/#primaryimage\",\"url\":\"https:\/\/www.sejourprive.com\/wp-content\/uploads\/2026\/08\/0-96.jpg\",\"contentUrl\":\"https:\/\/www.sejourprive.com\/wp-content\/uploads\/2026\/08\/0-96.jpg\",\"width\":1200,\"height\":798},{\"@type\":\"BreadcrumbList\",\"@id\":\"https:\/\/www.sejourprive.com\/biens\/chalet-ours-blanc-courchevel-1850-alpes-francaises-france\/#breadcrumb\",\"itemListElement\":[{\"@type\":\"ListItem\",\"position\":1,\"name\":\"Accueil\",\"item\":\"https:\/\/www.sejourprive.com\/\"},{\"@type\":\"ListItem\",\"position\":2,\"name\":\"Shop\",\"item\":\"https:\/\/www.sejourprive.com\/shop\/\"},{\"@type\":\"ListItem\",\"position\":3,\"name\":\"Chalet Ours Blanc, Courchevel 1850, Alpes Fran\u00e7aises, France\"}]},{\"@type\":\"WebSite\",\"@id\":\"https:\/\/www.sejourprive.com\/#website\",\"url\":\"https:\/\/www.sejourprive.com\/\",\"name\":\"S\u00e9jour Priv\u00e9\",\"description\":\"Nous imaginons pour vous des s\u00e9jours d\u2019exception.\",\"publisher\":{\"@id\":\"https:\/\/www.sejourprive.com\/#organization\"},\"potentialAction\":[{\"@type\":\"SearchAction\",\"target\":{\"@type\":\"EntryPoint\",\"urlTemplate\":\"https:\/\/www.sejourprive.com\/?s={search_term_string}\"},\"query-input\":{\"@type\":\"PropertyValueSpecification\",\"valueRequired\":true,\"valueName\":\"search_term_string\"}}],\"inLanguage\":\"en-GB\"},{\"@type\":\"Organization\",\"@id\":\"https:\/\/www.sejourprive.com\/#organization\",\"name\":\"S\u00e9jour Priv\u00e9\",\"url\":\"https:\/\/www.sejourprive.com\/\",\"logo\":{\"@type\":\"ImageObject\",\"inLanguage\":\"en-GB\",\"@id\":\"https:\/\/www.sejourprive.com\/#\/schema\/logo\/image\/\",\"url\":\"https:\/\/www.sejourprive.com\/wp-content\/uploads\/2026\/02\/SP-Apple-touch-144-couleur-1-2.png\",\"contentUrl\":\"https:\/\/www.sejourprive.com\/wp-content\/uploads\/2026\/02\/SP-Apple-touch-144-couleur-1-2.png\",\"width\":145,\"height\":145,\"caption\":\"S\u00e9jour Priv\u00e9\"},\"image\":{\"@id\":\"https:\/\/www.sejourprive.com\/#\/schema\/logo\/image\/\"}}]}<\/script>\n<!-- \/ Yoast SEO plugin. -->","yoast_head_json":{"title":"Chalet Ours Blanc, Courchevel 1850, Alpes Fran\u00e7aises, France - S\u00e9jour Priv\u00e9","description":"Au c\u0153ur du hameau de La Voli\u00e8re, dans le village de Courchevel, au quartier des Chenus, se dresse le chalet Nanuq. Son nom est tir\u00e9 d\u2019un conte norv\u00e9gien","robots":{"index":"index","follow":"follow","max-snippet":"max-snippet:-1","max-image-preview":"max-image-preview:large","max-video-preview":"max-video-preview:-1"},"canonical":"https:\/\/www.sejourprive.com\/en\/biens\/chalet-ours-blanc-courchevel-1850-alpes-francaises-france\/","og_locale":"en_GB","og_type":"article","og_title":"Chalet Ours Blanc, Courchevel 1850, Alpes Fran\u00e7aises, France - S\u00e9jour Priv\u00e9","og_description":"Au c\u0153ur du hameau de La Voli\u00e8re, dans le village de Courchevel, au quartier des Chenus, se dresse le chalet Nanuq. Son nom est tir\u00e9 d\u2019un conte norv\u00e9gien","og_url":"https:\/\/www.sejourprive.com\/en\/biens\/chalet-ours-blanc-courchevel-1850-alpes-francaises-france\/","og_site_name":"S\u00e9jour Priv\u00e9","article_modified_time":"2026-08-26T12:52:34+00:00","og_image":[{"width":1200,"height":798,"url":"https:\/\/www.sejourprive.com\/wp-content\/uploads\/2026\/08\/0-96.jpg","type":"image\/jpeg"}],"twitter_card":"summary_large_image","twitter_misc":{"Estimated reading time":"2 minutes"},"schema":{"@context":"https:\/\/schema.org","@graph":[{"@type":"WebPage","@id":"https:\/\/www.sejourprive.com\/biens\/chalet-ours-blanc-courchevel-1850-alpes-francaises-france\/","url":"https:\/\/www.sejourprive.com\/biens\/chalet-ours-blanc-courchevel-1850-alpes-francaises-france\/","name":"Chalet Ours Blanc, Courchevel 1850, Alpes Fran\u00e7aises, France - S\u00e9jour Priv\u00e9","isPartOf":{"@id":"https:\/\/www.sejourprive.com\/#website"},"primaryImageOfPage":{"@id":"https:\/\/www.sejourprive.com\/biens\/chalet-ours-blanc-courchevel-1850-alpes-francaises-france\/#primaryimage"},"image":{"@id":"https:\/\/www.sejourprive.com\/biens\/chalet-ours-blanc-courchevel-1850-alpes-francaises-france\/#primaryimage"},"thumbnailUrl":"https:\/\/www.sejourprive.com\/wp-content\/uploads\/2026\/08\/0-96.jpg","datePublished":"2026-08-24T14:02:45+00:00","dateModified":"2026-08-26T12:52:34+00:00","description":"Au c\u0153ur du hameau de La Voli\u00e8re, dans le village de Courchevel, au quartier des Chenus, se dresse le chalet Nanuq. Son nom est tir\u00e9 d\u2019un conte norv\u00e9gien","breadcrumb":{"@id":"https:\/\/www.sejourprive.com\/biens\/chalet-ours-blanc-courchevel-1850-alpes-francaises-france\/#breadcrumb"},"inLanguage":"en-GB","potentialAction":[{"@type":"ReadAction","target":["https:\/\/www.sejourprive.com\/biens\/chalet-ours-blanc-courchevel-1850-alpes-francaises-france\/"]}]},{"@type":"ImageObject","inLanguage":"en-GB","@id":"https:\/\/www.sejourprive.com\/biens\/chalet-ours-blanc-courchevel-1850-alpes-francaises-france\/#primaryimage","url":"https:\/\/www.sejourprive.com\/wp-content\/uploads\/2026\/08\/0-96.jpg","contentUrl":"https:\/\/www.sejourprive.com\/wp-content\/uploads\/2026\/08\/0-96.jpg","width":1200,"height":798},{"@type":"BreadcrumbList","@id":"https:\/\/www.sejourprive.com\/biens\/chalet-ours-blanc-courchevel-1850-alpes-francaises-france\/#breadcrumb","itemListElement":[{"@type":"ListItem","position":1,"name":"Accueil","item":"https:\/\/www.sejourprive.com\/"},{"@type":"ListItem","position":2,"name":"Shop","item":"https:\/\/www.sejourprive.com\/shop\/"},{"@type":"ListItem","position":3,"name":"Chalet Ours Blanc, Courchevel 1850, Alpes Fran\u00e7aises, France"}]},{"@type":"WebSite","@id":"https:\/\/www.sejourprive.com\/#website","url":"https:\/\/www.sejourprive.com\/","name":"Private Stay","description":"We design exceptional holidays for you.","publisher":{"@id":"https:\/\/www.sejourprive.com\/#organization"},"potentialAction":[{"@type":"SearchAction","target":{"@type":"EntryPoint","urlTemplate":"https:\/\/www.sejourprive.com\/?s={search_term_string}"},"query-input":{"@type":"PropertyValueSpecification","valueRequired":true,"valueName":"search_term_string"}}],"inLanguage":"en-GB"},{"@type":"Organization","@id":"https:\/\/www.sejourprive.com\/#organization","name":"Private Stay","url":"https:\/\/www.sejourprive.com\/","logo":{"@type":"ImageObject","inLanguage":"en-GB","@id":"https:\/\/www.sejourprive.com\/#\/schema\/logo\/image\/","url":"https:\/\/www.sejourprive.com\/wp-content\/uploads\/2026\/02\/SP-Apple-touch-144-couleur-1-2.png","contentUrl":"https:\/\/www.sejourprive.com\/wp-content\/uploads\/2026\/02\/SP-Apple-touch-144-couleur-1-2.png","width":145,"height":145,"caption":"S\u00e9jour Priv\u00e9"},"image":{"@id":"https:\/\/www.sejourprive.com\/#\/schema\/logo\/image\/"}}]}},"_links":{"self":[{"href":"https:\/\/www.sejourprive.com\/en\/wp-json\/wp\/v2\/product\/78093","targetHints":{"allow":["GET"]}}],"collection":[{"href":"https:\/\/www.sejourprive.com\/en\/wp-json\/wp\/v2\/product"}],"about":[{"href":"https:\/\/www.sejourprive.com\/en\/wp-json\/wp\/v2\/types\/product"}],"replies":[{"embeddable":true,"href":"https:\/\/www.sejourprive.com\/en\/wp-json\/wp\/v2\/comments?post=78093"}],"version-history":[{"count":2,"href":"https:\/\/www.sejourprive.com\/en\/wp-json\/wp\/v2\/product\/78093\/revisions"}],"predecessor-version":[{"id":78281,"href":"https:\/\/www.sejourprive.com\/en\/wp-json\/wp\/v2\/product\/78093\/revisions\/78281"}],"wp:featuredmedia":[{"embeddable":true,"href":"https:\/\/www.sejourprive.com\/en\/wp-json\/wp\/v2\/media\/78123"}],"wp:attachment":[{"href":"https:\/\/www.sejourprive.com\/en\/wp-json\/wp\/v2\/media?parent=78093"}],"wp:term":[{"taxonomy":"product_brand","embeddable":true,"href":"https:\/\/www.sejourprive.com\/en\/wp-json\/wp\/v2\/product_brand?post=78093"},{"taxonomy":"product_cat","embeddable":true,"href":"https:\/\/www.sejourprive.com\/en\/wp-json\/wp\/v2\/product_cat?post=78093"},{"taxonomy":"product_tag","embeddable":true,"href":"https:\/\/www.sejourprive.com\/en\/wp-json\/wp\/v2\/product_tag?post=78093"}],"curies":[{"name":"wp","href":"https:\/\/api.w.org\/{rel}","templated":true}]}}