{"id":77361,"date":"2026-08-23T19:16:38","date_gmt":"2026-08-23T17:16:38","guid":{"rendered":"https:\/\/www.sejourprive.com\/?post_type=product&#038;p=77361"},"modified":"2026-08-26T14:58:29","modified_gmt":"2026-08-26T12:58:29","slug":"penthouse-savoie-val-disere-alpes-francaises-france","status":"publish","type":"product","link":"https:\/\/www.sejourprive.com\/en\/biens\/penthouse-savoie-val-disere-alpes-francaises-france\/","title":{"rendered":"Penthouse Savoie, Val d\u2019Is\u00e8re, French Alps, France"},"content":{"rendered":"<p>Id\u00e9alement situ\u00e9 au c\u0153ur du village glamour de Val d\u2019Is\u00e8re, ce superbe appartement-terrasse de 170 m\u00b2 est la cerise sur le g\u00e2teau d\u2019une r\u00e9sidence exclusive. Au-del\u00e0 de cet atout, le Penthouse Savoie est un logement v\u00e9ritablement exceptionnel qui allie avec \u00e9l\u00e9gance design moderne et traditionnel, et s\u00e9duit par son souci du d\u00e9tail, avec un mobilier sur mesure et des poutres en bois patin\u00e9es pr\u00e9sentes dans toutes les pi\u00e8ces.<span><div class=\"read-more-wrapper\"><a class=\"read-more-button\" data-target=\"read-more-6a97c8be0b6cf\" data-more-text=\"Read more\" data-less-text=\"Read less\"><span class=\"read-more-text\">Read more<\/span><\/a><div id=\"read-more-6a97c8be0b6cf\" class=\"read-more-content\"> <\/span><\/p>\n<p>Le magnifique salon s\u00e9duit les invit\u00e9s avec ses canap\u00e9s et fauteuils confortables dispos\u00e9s autour de la chemin\u00e9e traditionnelle. La lumi\u00e8re du jour inonde cette pi\u00e8ce \u00e0 travers les baies vitr\u00e9es \u00e0 double hauteur, offrant une vue exceptionnelle sur les montagnes. Sortez sur le spacieux balcon pour profiter de moments privil\u00e9gi\u00e9s entre amis ou en famille, en respirant l\u2019air frais des Alpes tout en admirant la neige scintiller sur la c\u00e9l\u00e8bre piste olympique. \u00c0 la tomb\u00e9e de la nuit, savourez une coupe de champagne et admirez la vue spectaculaire sur la Face de Bellevarde \u00e9tincelante.<\/div><\/div><\/p>","protected":false},"excerpt":{"rendered":"<p>Id\u00e9alement situ\u00e9 au c\u0153ur du village glamour de Val d\u2019Is\u00e8re, ce superbe appartement-terrasse de 170 m\u00b2 est la cerise sur&#8230;<\/p>","protected":false},"featured_media":77393,"comment_status":"open","ping_status":"closed","template":"","meta":{"_acf_changed":false},"product_brand":[],"product_cat":[95,172],"product_tag":[],"class_list":["post-77361","product","type-product","status-publish","has-post-thumbnail","product_cat-appartement","product_cat-montagne","property_location-alpes-francaises","property_location-france","property_location-val-disere","first","instock","sold-individually","shipping-taxable","purchasable","product-type-simple"],"acf":[],"yoast_head":"<!-- This site is optimized with the Yoast SEO plugin v26.6 - https:\/\/yoast.com\/wordpress\/plugins\/seo\/ -->\n<title>Penthouse Savoie, Val D&#039;Is\u00e8re, Alpes Fran\u00e7aises, France - S\u00e9jour Priv\u00e9<\/title>\n<meta name=\"description\" content=\"Id\u00e9alement situ\u00e9 au c\u0153ur du village glamour de Val d\u2019Is\u00e8re, ce superbe appartement-terrasse de 170 m\u00b2 est la cerise sur le g\u00e2teau d\u2019une r\u00e9sidence\" \/>\n<meta name=\"robots\" content=\"index, follow, max-snippet:-1, max-image-preview:large, max-video-preview:-1\" \/>\n<link rel=\"canonical\" href=\"https:\/\/www.sejourprive.com\/en\/biens\/penthouse-savoie-val-disere-alpes-francaises-france\/\" \/>\n<meta property=\"og:locale\" content=\"en_GB\" \/>\n<meta property=\"og:type\" content=\"article\" \/>\n<meta property=\"og:title\" content=\"Penthouse Savoie, Val D&#039;Is\u00e8re, Alpes Fran\u00e7aises, France - S\u00e9jour Priv\u00e9\" \/>\n<meta property=\"og:description\" content=\"Id\u00e9alement situ\u00e9 au c\u0153ur du village glamour de Val d\u2019Is\u00e8re, ce superbe appartement-terrasse de 170 m\u00b2 est la cerise sur le g\u00e2teau d\u2019une r\u00e9sidence\" \/>\n<meta property=\"og:url\" content=\"https:\/\/www.sejourprive.com\/en\/biens\/penthouse-savoie-val-disere-alpes-francaises-france\/\" \/>\n<meta property=\"og:site_name\" content=\"S\u00e9jour Priv\u00e9\" \/>\n<meta property=\"article:modified_time\" content=\"2026-08-26T12:58:29+00:00\" \/>\n<meta property=\"og:image\" content=\"https:\/\/www.sejourprive.com\/wp-content\/uploads\/2026\/08\/0-78.jpg\" \/>\n\t<meta property=\"og:image:width\" content=\"1200\" \/>\n\t<meta property=\"og:image:height\" content=\"799\" \/>\n\t<meta property=\"og:image:type\" content=\"image\/jpeg\" \/>\n<meta name=\"twitter:card\" content=\"summary_large_image\" \/>\n<meta name=\"twitter:label1\" content=\"Estimated reading time\" \/>\n\t<meta name=\"twitter:data1\" content=\"2 minutes\" \/>\n<script type=\"application\/ld+json\" class=\"yoast-schema-graph\">{\"@context\":\"https:\/\/schema.org\",\"@graph\":[{\"@type\":\"WebPage\",\"@id\":\"https:\/\/www.sejourprive.com\/biens\/penthouse-savoie-val-disere-alpes-francaises-france\/\",\"url\":\"https:\/\/www.sejourprive.com\/biens\/penthouse-savoie-val-disere-alpes-francaises-france\/\",\"name\":\"Penthouse Savoie, Val D'Is\u00e8re, Alpes Fran\u00e7aises, France - S\u00e9jour Priv\u00e9\",\"isPartOf\":{\"@id\":\"https:\/\/www.sejourprive.com\/#website\"},\"primaryImageOfPage\":{\"@id\":\"https:\/\/www.sejourprive.com\/biens\/penthouse-savoie-val-disere-alpes-francaises-france\/#primaryimage\"},\"image\":{\"@id\":\"https:\/\/www.sejourprive.com\/biens\/penthouse-savoie-val-disere-alpes-francaises-france\/#primaryimage\"},\"thumbnailUrl\":\"https:\/\/www.sejourprive.com\/wp-content\/uploads\/2026\/08\/0-78.jpg\",\"datePublished\":\"2026-08-23T17:16:38+00:00\",\"dateModified\":\"2026-08-26T12:58:29+00:00\",\"description\":\"Id\u00e9alement situ\u00e9 au c\u0153ur du village glamour de Val d\u2019Is\u00e8re, ce superbe appartement-terrasse de 170 m\u00b2 est la cerise sur le g\u00e2teau d\u2019une r\u00e9sidence\",\"breadcrumb\":{\"@id\":\"https:\/\/www.sejourprive.com\/biens\/penthouse-savoie-val-disere-alpes-francaises-france\/#breadcrumb\"},\"inLanguage\":\"en-GB\",\"potentialAction\":[{\"@type\":\"ReadAction\",\"target\":[\"https:\/\/www.sejourprive.com\/biens\/penthouse-savoie-val-disere-alpes-francaises-france\/\"]}]},{\"@type\":\"ImageObject\",\"inLanguage\":\"en-GB\",\"@id\":\"https:\/\/www.sejourprive.com\/biens\/penthouse-savoie-val-disere-alpes-francaises-france\/#primaryimage\",\"url\":\"https:\/\/www.sejourprive.com\/wp-content\/uploads\/2026\/08\/0-78.jpg\",\"contentUrl\":\"https:\/\/www.sejourprive.com\/wp-content\/uploads\/2026\/08\/0-78.jpg\",\"width\":1200,\"height\":799},{\"@type\":\"BreadcrumbList\",\"@id\":\"https:\/\/www.sejourprive.com\/biens\/penthouse-savoie-val-disere-alpes-francaises-france\/#breadcrumb\",\"itemListElement\":[{\"@type\":\"ListItem\",\"position\":1,\"name\":\"Accueil\",\"item\":\"https:\/\/www.sejourprive.com\/\"},{\"@type\":\"ListItem\",\"position\":2,\"name\":\"Shop\",\"item\":\"https:\/\/www.sejourprive.com\/shop\/\"},{\"@type\":\"ListItem\",\"position\":3,\"name\":\"Penthouse Savoie, Val D&#8217;Is\u00e8re, Alpes Fran\u00e7aises, France\"}]},{\"@type\":\"WebSite\",\"@id\":\"https:\/\/www.sejourprive.com\/#website\",\"url\":\"https:\/\/www.sejourprive.com\/\",\"name\":\"S\u00e9jour Priv\u00e9\",\"description\":\"Nous imaginons pour vous des s\u00e9jours d\u2019exception.\",\"publisher\":{\"@id\":\"https:\/\/www.sejourprive.com\/#organization\"},\"potentialAction\":[{\"@type\":\"SearchAction\",\"target\":{\"@type\":\"EntryPoint\",\"urlTemplate\":\"https:\/\/www.sejourprive.com\/?s={search_term_string}\"},\"query-input\":{\"@type\":\"PropertyValueSpecification\",\"valueRequired\":true,\"valueName\":\"search_term_string\"}}],\"inLanguage\":\"en-GB\"},{\"@type\":\"Organization\",\"@id\":\"https:\/\/www.sejourprive.com\/#organization\",\"name\":\"S\u00e9jour Priv\u00e9\",\"url\":\"https:\/\/www.sejourprive.com\/\",\"logo\":{\"@type\":\"ImageObject\",\"inLanguage\":\"en-GB\",\"@id\":\"https:\/\/www.sejourprive.com\/#\/schema\/logo\/image\/\",\"url\":\"https:\/\/www.sejourprive.com\/wp-content\/uploads\/2026\/02\/SP-Apple-touch-144-couleur-1-2.png\",\"contentUrl\":\"https:\/\/www.sejourprive.com\/wp-content\/uploads\/2026\/02\/SP-Apple-touch-144-couleur-1-2.png\",\"width\":145,\"height\":145,\"caption\":\"S\u00e9jour Priv\u00e9\"},\"image\":{\"@id\":\"https:\/\/www.sejourprive.com\/#\/schema\/logo\/image\/\"}}]}<\/script>\n<!-- \/ Yoast SEO plugin. -->","yoast_head_json":{"title":"Penthouse Savoie, Val D'Is\u00e8re, Alpes Fran\u00e7aises, France - S\u00e9jour Priv\u00e9","description":"Id\u00e9alement situ\u00e9 au c\u0153ur du village glamour de Val d\u2019Is\u00e8re, ce superbe appartement-terrasse de 170 m\u00b2 est la cerise sur le g\u00e2teau d\u2019une r\u00e9sidence","robots":{"index":"index","follow":"follow","max-snippet":"max-snippet:-1","max-image-preview":"max-image-preview:large","max-video-preview":"max-video-preview:-1"},"canonical":"https:\/\/www.sejourprive.com\/en\/biens\/penthouse-savoie-val-disere-alpes-francaises-france\/","og_locale":"en_GB","og_type":"article","og_title":"Penthouse Savoie, Val D'Is\u00e8re, Alpes Fran\u00e7aises, France - S\u00e9jour Priv\u00e9","og_description":"Id\u00e9alement situ\u00e9 au c\u0153ur du village glamour de Val d\u2019Is\u00e8re, ce superbe appartement-terrasse de 170 m\u00b2 est la cerise sur le g\u00e2teau d\u2019une r\u00e9sidence","og_url":"https:\/\/www.sejourprive.com\/en\/biens\/penthouse-savoie-val-disere-alpes-francaises-france\/","og_site_name":"S\u00e9jour Priv\u00e9","article_modified_time":"2026-08-26T12:58:29+00:00","og_image":[{"width":1200,"height":799,"url":"https:\/\/www.sejourprive.com\/wp-content\/uploads\/2026\/08\/0-78.jpg","type":"image\/jpeg"}],"twitter_card":"summary_large_image","twitter_misc":{"Estimated reading time":"2 minutes"},"schema":{"@context":"https:\/\/schema.org","@graph":[{"@type":"WebPage","@id":"https:\/\/www.sejourprive.com\/biens\/penthouse-savoie-val-disere-alpes-francaises-france\/","url":"https:\/\/www.sejourprive.com\/biens\/penthouse-savoie-val-disere-alpes-francaises-france\/","name":"Penthouse Savoie, Val D'Is\u00e8re, Alpes Fran\u00e7aises, France - S\u00e9jour Priv\u00e9","isPartOf":{"@id":"https:\/\/www.sejourprive.com\/#website"},"primaryImageOfPage":{"@id":"https:\/\/www.sejourprive.com\/biens\/penthouse-savoie-val-disere-alpes-francaises-france\/#primaryimage"},"image":{"@id":"https:\/\/www.sejourprive.com\/biens\/penthouse-savoie-val-disere-alpes-francaises-france\/#primaryimage"},"thumbnailUrl":"https:\/\/www.sejourprive.com\/wp-content\/uploads\/2026\/08\/0-78.jpg","datePublished":"2026-08-23T17:16:38+00:00","dateModified":"2026-08-26T12:58:29+00:00","description":"Id\u00e9alement situ\u00e9 au c\u0153ur du village glamour de Val d\u2019Is\u00e8re, ce superbe appartement-terrasse de 170 m\u00b2 est la cerise sur le g\u00e2teau d\u2019une r\u00e9sidence","breadcrumb":{"@id":"https:\/\/www.sejourprive.com\/biens\/penthouse-savoie-val-disere-alpes-francaises-france\/#breadcrumb"},"inLanguage":"en-GB","potentialAction":[{"@type":"ReadAction","target":["https:\/\/www.sejourprive.com\/biens\/penthouse-savoie-val-disere-alpes-francaises-france\/"]}]},{"@type":"ImageObject","inLanguage":"en-GB","@id":"https:\/\/www.sejourprive.com\/biens\/penthouse-savoie-val-disere-alpes-francaises-france\/#primaryimage","url":"https:\/\/www.sejourprive.com\/wp-content\/uploads\/2026\/08\/0-78.jpg","contentUrl":"https:\/\/www.sejourprive.com\/wp-content\/uploads\/2026\/08\/0-78.jpg","width":1200,"height":799},{"@type":"BreadcrumbList","@id":"https:\/\/www.sejourprive.com\/biens\/penthouse-savoie-val-disere-alpes-francaises-france\/#breadcrumb","itemListElement":[{"@type":"ListItem","position":1,"name":"Accueil","item":"https:\/\/www.sejourprive.com\/"},{"@type":"ListItem","position":2,"name":"Shop","item":"https:\/\/www.sejourprive.com\/shop\/"},{"@type":"ListItem","position":3,"name":"Penthouse Savoie, Val D&#8217;Is\u00e8re, Alpes Fran\u00e7aises, France"}]},{"@type":"WebSite","@id":"https:\/\/www.sejourprive.com\/#website","url":"https:\/\/www.sejourprive.com\/","name":"Private Stay","description":"We design exceptional holidays for you.","publisher":{"@id":"https:\/\/www.sejourprive.com\/#organization"},"potentialAction":[{"@type":"SearchAction","target":{"@type":"EntryPoint","urlTemplate":"https:\/\/www.sejourprive.com\/?s={search_term_string}"},"query-input":{"@type":"PropertyValueSpecification","valueRequired":true,"valueName":"search_term_string"}}],"inLanguage":"en-GB"},{"@type":"Organization","@id":"https:\/\/www.sejourprive.com\/#organization","name":"Private Stay","url":"https:\/\/www.sejourprive.com\/","logo":{"@type":"ImageObject","inLanguage":"en-GB","@id":"https:\/\/www.sejourprive.com\/#\/schema\/logo\/image\/","url":"https:\/\/www.sejourprive.com\/wp-content\/uploads\/2026\/02\/SP-Apple-touch-144-couleur-1-2.png","contentUrl":"https:\/\/www.sejourprive.com\/wp-content\/uploads\/2026\/02\/SP-Apple-touch-144-couleur-1-2.png","width":145,"height":145,"caption":"S\u00e9jour Priv\u00e9"},"image":{"@id":"https:\/\/www.sejourprive.com\/#\/schema\/logo\/image\/"}}]}},"_links":{"self":[{"href":"https:\/\/www.sejourprive.com\/en\/wp-json\/wp\/v2\/product\/77361","targetHints":{"allow":["GET"]}}],"collection":[{"href":"https:\/\/www.sejourprive.com\/en\/wp-json\/wp\/v2\/product"}],"about":[{"href":"https:\/\/www.sejourprive.com\/en\/wp-json\/wp\/v2\/types\/product"}],"replies":[{"embeddable":true,"href":"https:\/\/www.sejourprive.com\/en\/wp-json\/wp\/v2\/comments?post=77361"}],"version-history":[{"count":1,"href":"https:\/\/www.sejourprive.com\/en\/wp-json\/wp\/v2\/product\/77361\/revisions"}],"predecessor-version":[{"id":77362,"href":"https:\/\/www.sejourprive.com\/en\/wp-json\/wp\/v2\/product\/77361\/revisions\/77362"}],"wp:featuredmedia":[{"embeddable":true,"href":"https:\/\/www.sejourprive.com\/en\/wp-json\/wp\/v2\/media\/77393"}],"wp:attachment":[{"href":"https:\/\/www.sejourprive.com\/en\/wp-json\/wp\/v2\/media?parent=77361"}],"wp:term":[{"taxonomy":"product_brand","embeddable":true,"href":"https:\/\/www.sejourprive.com\/en\/wp-json\/wp\/v2\/product_brand?post=77361"},{"taxonomy":"product_cat","embeddable":true,"href":"https:\/\/www.sejourprive.com\/en\/wp-json\/wp\/v2\/product_cat?post=77361"},{"taxonomy":"product_tag","embeddable":true,"href":"https:\/\/www.sejourprive.com\/en\/wp-json\/wp\/v2\/product_tag?post=77361"}],"curies":[{"name":"wp","href":"https:\/\/api.w.org\/{rel}","templated":true}]}}