{"id":77204,"date":"2026-08-20T13:53:49","date_gmt":"2026-08-20T11:53:49","guid":{"rendered":"https:\/\/www.sejourprive.com\/?post_type=product&#038;p=77204"},"modified":"2026-08-26T14:58:29","modified_gmt":"2026-08-26T12:58:29","slug":"chalet-molya-val-disere-alpes-francaises","status":"publish","type":"product","link":"https:\/\/www.sejourprive.com\/en\/biens\/chalet-molya-val-disere-alpes-francaises\/","title":{"rendered":"Chalet Molya, Val d\u2019Is\u00e8re, French Alps"},"content":{"rendered":"<p>Au c\u0153ur du village de Val d\u2019Is\u00e8re, \u00e0 quelques pas d\u2019innombrables boutiques chics et de restaurants glamour, le Chalet Molya est une propri\u00e9t\u00e9 au pied des pistes vraiment exceptionnelle. Son mobilier somptueux, sa d\u00e9coration raffin\u00e9e et ses boiseries apparentes cr\u00e9ent une ambiance chaleureuse, id\u00e9ale pour vos vacances d\u2019hiver.<span><div class=\"read-more-wrapper\"><a class=\"read-more-button\" data-target=\"read-more-6a966f413077c\" data-more-text=\"Read more\" data-less-text=\"Read less\"><span class=\"read-more-text\">Read more<\/span><\/a><div id=\"read-more-6a966f413077c\" class=\"read-more-content\"> <\/span><\/p>\n<p>Apr\u00e8s un r\u00e9veil baign\u00e9 par les rayons dor\u00e9s du soleil qui inondent les fen\u00eatres, sortez sur le balcon pour d\u00e9guster un caf\u00e9 fumant et admirer une vue spectaculaire sur les Alpes. Rendez-vous dans votre local \u00e0 skis pour vous \u00e9quiper, puis partez \u00e0 l\u2019assaut des pistes, situ\u00e9es \u00e0 deux pas de votre chalet. Apr\u00e8s une journ\u00e9e pass\u00e9e en montagne, offrez-vous un moment de d\u00e9tente dans la piscine int\u00e9rieure et contemplez, \u00e0 travers la grande baie vitr\u00e9e, la neige scintillante qui se pose sous vos yeux. Puis, savourez un d\u00eener pr\u00e9par\u00e9 \u00e0 partir de produits locaux par votre chef priv\u00e9 et partagez les anecdotes de la journ\u00e9e avec vos proches. Terminez la soir\u00e9e au coin du feu, l\u2019endroit id\u00e9al pour d\u00e9guster une derni\u00e8re coupe de champagne ou vous plonger dans un livre.<\/div><\/div><\/p>","protected":false},"excerpt":{"rendered":"<p>Au c\u0153ur du village de Val d\u2019Is\u00e8re, \u00e0 quelques pas d\u2019innombrables boutiques chics et de restaurants glamour, le Chalet Molya&#8230;<\/p>","protected":false},"featured_media":77225,"comment_status":"open","ping_status":"closed","template":"","meta":{"_acf_changed":false},"product_brand":[],"product_cat":[96,172],"product_tag":[],"class_list":["post-77204","product","type-product","status-publish","has-post-thumbnail","product_cat-chalet","product_cat-montagne","property_location-alpes-francaises","property_location-france","property_location-val-disere","first","instock","sold-individually","shipping-taxable","purchasable","product-type-simple"],"acf":[],"yoast_head":"<!-- This site is optimized with the Yoast SEO plugin v26.6 - https:\/\/yoast.com\/wordpress\/plugins\/seo\/ -->\n<title>Chalet Molya, Val D&#039;Is\u00e8re, Alpes Fran\u00e7aises - S\u00e9jour Priv\u00e9<\/title>\n<meta name=\"description\" content=\"Au c\u0153ur du village de Val d\u2019Is\u00e8re, \u00e0 quelques pas d\u2019innombrables boutiques chics et de restaurants glamour, le Chalet Molya est une propri\u00e9t\u00e9 au pied des\" \/>\n<meta name=\"robots\" content=\"index, follow, max-snippet:-1, max-image-preview:large, max-video-preview:-1\" \/>\n<link rel=\"canonical\" href=\"https:\/\/www.sejourprive.com\/en\/biens\/chalet-molya-val-disere-alpes-francaises\/\" \/>\n<meta property=\"og:locale\" content=\"en_GB\" \/>\n<meta property=\"og:type\" content=\"article\" \/>\n<meta property=\"og:title\" content=\"Chalet Molya, Val D&#039;Is\u00e8re, Alpes Fran\u00e7aises - S\u00e9jour Priv\u00e9\" \/>\n<meta property=\"og:description\" content=\"Au c\u0153ur du village de Val d\u2019Is\u00e8re, \u00e0 quelques pas d\u2019innombrables boutiques chics et de restaurants glamour, le Chalet Molya est une propri\u00e9t\u00e9 au pied des\" \/>\n<meta property=\"og:url\" content=\"https:\/\/www.sejourprive.com\/en\/biens\/chalet-molya-val-disere-alpes-francaises\/\" \/>\n<meta property=\"og:site_name\" content=\"S\u00e9jour Priv\u00e9\" \/>\n<meta property=\"article:modified_time\" content=\"2026-08-26T12:58:29+00:00\" \/>\n<meta property=\"og:image\" content=\"https:\/\/www.sejourprive.com\/wp-content\/uploads\/2026\/08\/28-27.jpg\" \/>\n\t<meta property=\"og:image:width\" content=\"1200\" \/>\n\t<meta property=\"og:image:height\" content=\"887\" \/>\n\t<meta property=\"og:image:type\" content=\"image\/jpeg\" \/>\n<meta name=\"twitter:card\" content=\"summary_large_image\" \/>\n<meta name=\"twitter:label1\" content=\"Estimated reading time\" \/>\n\t<meta name=\"twitter:data1\" content=\"2 minutes\" \/>\n<script type=\"application\/ld+json\" class=\"yoast-schema-graph\">{\"@context\":\"https:\/\/schema.org\",\"@graph\":[{\"@type\":\"WebPage\",\"@id\":\"https:\/\/www.sejourprive.com\/biens\/chalet-molya-val-disere-alpes-francaises\/\",\"url\":\"https:\/\/www.sejourprive.com\/biens\/chalet-molya-val-disere-alpes-francaises\/\",\"name\":\"Chalet Molya, Val D'Is\u00e8re, Alpes Fran\u00e7aises - S\u00e9jour Priv\u00e9\",\"isPartOf\":{\"@id\":\"https:\/\/www.sejourprive.com\/#website\"},\"primaryImageOfPage\":{\"@id\":\"https:\/\/www.sejourprive.com\/biens\/chalet-molya-val-disere-alpes-francaises\/#primaryimage\"},\"image\":{\"@id\":\"https:\/\/www.sejourprive.com\/biens\/chalet-molya-val-disere-alpes-francaises\/#primaryimage\"},\"thumbnailUrl\":\"https:\/\/www.sejourprive.com\/wp-content\/uploads\/2026\/08\/28-27.jpg\",\"datePublished\":\"2026-08-20T11:53:49+00:00\",\"dateModified\":\"2026-08-26T12:58:29+00:00\",\"description\":\"Au c\u0153ur du village de Val d\u2019Is\u00e8re, \u00e0 quelques pas d\u2019innombrables boutiques chics et de restaurants glamour, le Chalet Molya est une propri\u00e9t\u00e9 au pied des\",\"breadcrumb\":{\"@id\":\"https:\/\/www.sejourprive.com\/biens\/chalet-molya-val-disere-alpes-francaises\/#breadcrumb\"},\"inLanguage\":\"en-GB\",\"potentialAction\":[{\"@type\":\"ReadAction\",\"target\":[\"https:\/\/www.sejourprive.com\/biens\/chalet-molya-val-disere-alpes-francaises\/\"]}]},{\"@type\":\"ImageObject\",\"inLanguage\":\"en-GB\",\"@id\":\"https:\/\/www.sejourprive.com\/biens\/chalet-molya-val-disere-alpes-francaises\/#primaryimage\",\"url\":\"https:\/\/www.sejourprive.com\/wp-content\/uploads\/2026\/08\/28-27.jpg\",\"contentUrl\":\"https:\/\/www.sejourprive.com\/wp-content\/uploads\/2026\/08\/28-27.jpg\",\"width\":1200,\"height\":887},{\"@type\":\"BreadcrumbList\",\"@id\":\"https:\/\/www.sejourprive.com\/biens\/chalet-molya-val-disere-alpes-francaises\/#breadcrumb\",\"itemListElement\":[{\"@type\":\"ListItem\",\"position\":1,\"name\":\"Accueil\",\"item\":\"https:\/\/www.sejourprive.com\/\"},{\"@type\":\"ListItem\",\"position\":2,\"name\":\"Shop\",\"item\":\"https:\/\/www.sejourprive.com\/shop\/\"},{\"@type\":\"ListItem\",\"position\":3,\"name\":\"Chalet Molya, Val D&#8217;Is\u00e8re, Alpes Fran\u00e7aises\"}]},{\"@type\":\"WebSite\",\"@id\":\"https:\/\/www.sejourprive.com\/#website\",\"url\":\"https:\/\/www.sejourprive.com\/\",\"name\":\"S\u00e9jour Priv\u00e9\",\"description\":\"Nous imaginons pour vous des s\u00e9jours d\u2019exception.\",\"publisher\":{\"@id\":\"https:\/\/www.sejourprive.com\/#organization\"},\"potentialAction\":[{\"@type\":\"SearchAction\",\"target\":{\"@type\":\"EntryPoint\",\"urlTemplate\":\"https:\/\/www.sejourprive.com\/?s={search_term_string}\"},\"query-input\":{\"@type\":\"PropertyValueSpecification\",\"valueRequired\":true,\"valueName\":\"search_term_string\"}}],\"inLanguage\":\"en-GB\"},{\"@type\":\"Organization\",\"@id\":\"https:\/\/www.sejourprive.com\/#organization\",\"name\":\"S\u00e9jour Priv\u00e9\",\"url\":\"https:\/\/www.sejourprive.com\/\",\"logo\":{\"@type\":\"ImageObject\",\"inLanguage\":\"en-GB\",\"@id\":\"https:\/\/www.sejourprive.com\/#\/schema\/logo\/image\/\",\"url\":\"https:\/\/www.sejourprive.com\/wp-content\/uploads\/2026\/02\/SP-Apple-touch-144-couleur-1-2.png\",\"contentUrl\":\"https:\/\/www.sejourprive.com\/wp-content\/uploads\/2026\/02\/SP-Apple-touch-144-couleur-1-2.png\",\"width\":145,\"height\":145,\"caption\":\"S\u00e9jour Priv\u00e9\"},\"image\":{\"@id\":\"https:\/\/www.sejourprive.com\/#\/schema\/logo\/image\/\"}}]}<\/script>\n<!-- \/ Yoast SEO plugin. -->","yoast_head_json":{"title":"Chalet Molya, Val D'Is\u00e8re, Alpes Fran\u00e7aises - S\u00e9jour Priv\u00e9","description":"Au c\u0153ur du village de Val d\u2019Is\u00e8re, \u00e0 quelques pas d\u2019innombrables boutiques chics et de restaurants glamour, le Chalet Molya est une propri\u00e9t\u00e9 au pied des","robots":{"index":"index","follow":"follow","max-snippet":"max-snippet:-1","max-image-preview":"max-image-preview:large","max-video-preview":"max-video-preview:-1"},"canonical":"https:\/\/www.sejourprive.com\/en\/biens\/chalet-molya-val-disere-alpes-francaises\/","og_locale":"en_GB","og_type":"article","og_title":"Chalet Molya, Val D'Is\u00e8re, Alpes Fran\u00e7aises - S\u00e9jour Priv\u00e9","og_description":"Au c\u0153ur du village de Val d\u2019Is\u00e8re, \u00e0 quelques pas d\u2019innombrables boutiques chics et de restaurants glamour, le Chalet Molya est une propri\u00e9t\u00e9 au pied des","og_url":"https:\/\/www.sejourprive.com\/en\/biens\/chalet-molya-val-disere-alpes-francaises\/","og_site_name":"S\u00e9jour Priv\u00e9","article_modified_time":"2026-08-26T12:58:29+00:00","og_image":[{"width":1200,"height":887,"url":"https:\/\/www.sejourprive.com\/wp-content\/uploads\/2026\/08\/28-27.jpg","type":"image\/jpeg"}],"twitter_card":"summary_large_image","twitter_misc":{"Estimated reading time":"2 minutes"},"schema":{"@context":"https:\/\/schema.org","@graph":[{"@type":"WebPage","@id":"https:\/\/www.sejourprive.com\/biens\/chalet-molya-val-disere-alpes-francaises\/","url":"https:\/\/www.sejourprive.com\/biens\/chalet-molya-val-disere-alpes-francaises\/","name":"Chalet Molya, Val D'Is\u00e8re, Alpes Fran\u00e7aises - S\u00e9jour Priv\u00e9","isPartOf":{"@id":"https:\/\/www.sejourprive.com\/#website"},"primaryImageOfPage":{"@id":"https:\/\/www.sejourprive.com\/biens\/chalet-molya-val-disere-alpes-francaises\/#primaryimage"},"image":{"@id":"https:\/\/www.sejourprive.com\/biens\/chalet-molya-val-disere-alpes-francaises\/#primaryimage"},"thumbnailUrl":"https:\/\/www.sejourprive.com\/wp-content\/uploads\/2026\/08\/28-27.jpg","datePublished":"2026-08-20T11:53:49+00:00","dateModified":"2026-08-26T12:58:29+00:00","description":"Au c\u0153ur du village de Val d\u2019Is\u00e8re, \u00e0 quelques pas d\u2019innombrables boutiques chics et de restaurants glamour, le Chalet Molya est une propri\u00e9t\u00e9 au pied des","breadcrumb":{"@id":"https:\/\/www.sejourprive.com\/biens\/chalet-molya-val-disere-alpes-francaises\/#breadcrumb"},"inLanguage":"en-GB","potentialAction":[{"@type":"ReadAction","target":["https:\/\/www.sejourprive.com\/biens\/chalet-molya-val-disere-alpes-francaises\/"]}]},{"@type":"ImageObject","inLanguage":"en-GB","@id":"https:\/\/www.sejourprive.com\/biens\/chalet-molya-val-disere-alpes-francaises\/#primaryimage","url":"https:\/\/www.sejourprive.com\/wp-content\/uploads\/2026\/08\/28-27.jpg","contentUrl":"https:\/\/www.sejourprive.com\/wp-content\/uploads\/2026\/08\/28-27.jpg","width":1200,"height":887},{"@type":"BreadcrumbList","@id":"https:\/\/www.sejourprive.com\/biens\/chalet-molya-val-disere-alpes-francaises\/#breadcrumb","itemListElement":[{"@type":"ListItem","position":1,"name":"Accueil","item":"https:\/\/www.sejourprive.com\/"},{"@type":"ListItem","position":2,"name":"Shop","item":"https:\/\/www.sejourprive.com\/shop\/"},{"@type":"ListItem","position":3,"name":"Chalet Molya, Val D&#8217;Is\u00e8re, Alpes Fran\u00e7aises"}]},{"@type":"WebSite","@id":"https:\/\/www.sejourprive.com\/#website","url":"https:\/\/www.sejourprive.com\/","name":"Private Stay","description":"We design exceptional holidays for you.","publisher":{"@id":"https:\/\/www.sejourprive.com\/#organization"},"potentialAction":[{"@type":"SearchAction","target":{"@type":"EntryPoint","urlTemplate":"https:\/\/www.sejourprive.com\/?s={search_term_string}"},"query-input":{"@type":"PropertyValueSpecification","valueRequired":true,"valueName":"search_term_string"}}],"inLanguage":"en-GB"},{"@type":"Organization","@id":"https:\/\/www.sejourprive.com\/#organization","name":"Private Stay","url":"https:\/\/www.sejourprive.com\/","logo":{"@type":"ImageObject","inLanguage":"en-GB","@id":"https:\/\/www.sejourprive.com\/#\/schema\/logo\/image\/","url":"https:\/\/www.sejourprive.com\/wp-content\/uploads\/2026\/02\/SP-Apple-touch-144-couleur-1-2.png","contentUrl":"https:\/\/www.sejourprive.com\/wp-content\/uploads\/2026\/02\/SP-Apple-touch-144-couleur-1-2.png","width":145,"height":145,"caption":"S\u00e9jour Priv\u00e9"},"image":{"@id":"https:\/\/www.sejourprive.com\/#\/schema\/logo\/image\/"}}]}},"_links":{"self":[{"href":"https:\/\/www.sejourprive.com\/en\/wp-json\/wp\/v2\/product\/77204","targetHints":{"allow":["GET"]}}],"collection":[{"href":"https:\/\/www.sejourprive.com\/en\/wp-json\/wp\/v2\/product"}],"about":[{"href":"https:\/\/www.sejourprive.com\/en\/wp-json\/wp\/v2\/types\/product"}],"replies":[{"embeddable":true,"href":"https:\/\/www.sejourprive.com\/en\/wp-json\/wp\/v2\/comments?post=77204"}],"version-history":[{"count":1,"href":"https:\/\/www.sejourprive.com\/en\/wp-json\/wp\/v2\/product\/77204\/revisions"}],"predecessor-version":[{"id":77205,"href":"https:\/\/www.sejourprive.com\/en\/wp-json\/wp\/v2\/product\/77204\/revisions\/77205"}],"wp:featuredmedia":[{"embeddable":true,"href":"https:\/\/www.sejourprive.com\/en\/wp-json\/wp\/v2\/media\/77225"}],"wp:attachment":[{"href":"https:\/\/www.sejourprive.com\/en\/wp-json\/wp\/v2\/media?parent=77204"}],"wp:term":[{"taxonomy":"product_brand","embeddable":true,"href":"https:\/\/www.sejourprive.com\/en\/wp-json\/wp\/v2\/product_brand?post=77204"},{"taxonomy":"product_cat","embeddable":true,"href":"https:\/\/www.sejourprive.com\/en\/wp-json\/wp\/v2\/product_cat?post=77204"},{"taxonomy":"product_tag","embeddable":true,"href":"https:\/\/www.sejourprive.com\/en\/wp-json\/wp\/v2\/product_tag?post=77204"}],"curies":[{"name":"wp","href":"https:\/\/api.w.org\/{rel}","templated":true}]}}