{"id":75724,"date":"2026-08-10T11:37:25","date_gmt":"2026-08-10T09:37:25","guid":{"rendered":"https:\/\/www.sejourprive.com\/?post_type=product&#038;p=75724"},"modified":"2026-08-26T14:58:30","modified_gmt":"2026-08-26T12:58:30","slug":"chalet-cervinia-val-disere-alpes-francaises-france","status":"publish","type":"product","link":"https:\/\/www.sejourprive.com\/en\/biens\/chalet-cervinia-val-disere-alpes-francaises-france\/","title":{"rendered":"Cervinia Chalet, Val d\u2019Is\u00e8re, French Alps, France"},"content":{"rendered":"<p>Tucked away in one of Val d\u2019Is\u00e8re\u2019s most sought-after spots, Chalet Cervinia combines Alpine tradition with contemporary sophistication. Situated just a stone\u2019s throw from the Joseray slope and the ski lifts, it offers the perfect balance between mountain adventures and a haven of peace.<span><div class=\"read-more-wrapper\"><a class=\"read-more-button\" data-target=\"read-more-6a951d763e04d\" data-more-text=\"Read more\" data-less-text=\"Read less\"><span class=\"read-more-text\">Read more<\/span><\/a><div id=\"read-more-6a951d763e04d\" class=\"read-more-content\"> <\/span><\/p>\n<p>R\u00e9parti sur 3 niveaux, cet \u00e9l\u00e9gant chalet s\u2019\u00e9tend sur 388 m\u00b2 et dispose de 6 chambres avec salle de bains privative, pouvant accueillir jusqu\u2019\u00e0 10 adultes et 3 enfants. Les matin\u00e9es commencent par le ski, suivies d\u2019apr\u00e8s-midis de d\u00e9tente dans l\u2019espace bien-\u00eatre. Les soir\u00e9es se d\u00e9roulent autour de la chemin\u00e9e, en admirant la vue sur les montagnes et les lumi\u00e8res de Val d\u2019Is\u00e8re.<\/p>\n<p>Why we love it:<\/p>\n<p>\u2022 Acc\u00e8s direct aux pistes : acc\u00e9dez directement aux pistes chaque matin, \u00e0 seulement 3 minutes \u00e0 pied<br \/>\n\u2022 Grand salon : profitez de la chemin\u00e9e et de la terrasse, id\u00e9ales pour les moments d\u2019apr\u00e8s-ski<br \/>\n\u2022 Espace bien-\u00eatre complet : piscine int\u00e9rieure, sauna, jacuzzi et salle de massage pour une d\u00e9tente totale<\/div><\/div><\/p>","protected":false},"excerpt":{"rendered":"<p>Nich\u00e9 dans l\u2019un des coins les plus pris\u00e9s de Val d\u2019Is\u00e8re, le Chalet Cervinia allie tradition alpine et raffinement contemporain&#8230;.<\/p>","protected":false},"featured_media":75758,"comment_status":"open","ping_status":"closed","template":"","meta":{"_acf_changed":false},"product_brand":[],"product_cat":[96,172],"product_tag":[],"class_list":["post-75724","product","type-product","status-publish","has-post-thumbnail","product_cat-chalet","product_cat-montagne","property_location-alpes-francaises","property_location-france","property_location-val-disere","first","instock","sold-individually","shipping-taxable","purchasable","product-type-simple"],"acf":[],"yoast_head":"<!-- This site is optimized with the Yoast SEO plugin v26.6 - https:\/\/yoast.com\/wordpress\/plugins\/seo\/ -->\n<title>Chalet Cervinia, Val D&#039;Is\u00e8re, Alpes Fran\u00e7aises, France - S\u00e9jour Priv\u00e9<\/title>\n<meta name=\"description\" content=\"Nich\u00e9 dans l\u2019un des coins les plus pris\u00e9s de Val d\u2019Is\u00e8re, le Chalet Cervinia allie tradition alpine et raffinement contemporain. Situ\u00e9 \u00e0 quelques pas de\" \/>\n<meta name=\"robots\" content=\"index, follow, max-snippet:-1, max-image-preview:large, max-video-preview:-1\" \/>\n<link rel=\"canonical\" href=\"https:\/\/www.sejourprive.com\/en\/biens\/chalet-cervinia-val-disere-alpes-francaises-france\/\" \/>\n<meta property=\"og:locale\" content=\"en_GB\" \/>\n<meta property=\"og:type\" content=\"article\" \/>\n<meta property=\"og:title\" content=\"Chalet Cervinia, Val D&#039;Is\u00e8re, Alpes Fran\u00e7aises, France - S\u00e9jour Priv\u00e9\" \/>\n<meta property=\"og:description\" content=\"Nich\u00e9 dans l\u2019un des coins les plus pris\u00e9s de Val d\u2019Is\u00e8re, le Chalet Cervinia allie tradition alpine et raffinement contemporain. Situ\u00e9 \u00e0 quelques pas de\" \/>\n<meta property=\"og:url\" content=\"https:\/\/www.sejourprive.com\/en\/biens\/chalet-cervinia-val-disere-alpes-francaises-france\/\" \/>\n<meta property=\"og:site_name\" content=\"S\u00e9jour Priv\u00e9\" \/>\n<meta property=\"article:modified_time\" content=\"2026-08-26T12:58:30+00:00\" \/>\n<meta property=\"og:image\" content=\"https:\/\/www.sejourprive.com\/wp-content\/uploads\/2026\/08\/0-19.jpg\" \/>\n\t<meta property=\"og:image:width\" content=\"1200\" \/>\n\t<meta property=\"og:image:height\" content=\"801\" \/>\n\t<meta property=\"og:image:type\" content=\"image\/jpeg\" \/>\n<meta name=\"twitter:card\" content=\"summary_large_image\" \/>\n<meta name=\"twitter:label1\" content=\"Estimated reading time\" \/>\n\t<meta name=\"twitter:data1\" content=\"2 minutes\" \/>\n<script type=\"application\/ld+json\" class=\"yoast-schema-graph\">{\"@context\":\"https:\/\/schema.org\",\"@graph\":[{\"@type\":\"WebPage\",\"@id\":\"https:\/\/www.sejourprive.com\/biens\/chalet-cervinia-val-disere-alpes-francaises-france\/\",\"url\":\"https:\/\/www.sejourprive.com\/biens\/chalet-cervinia-val-disere-alpes-francaises-france\/\",\"name\":\"Chalet Cervinia, Val D'Is\u00e8re, Alpes Fran\u00e7aises, France - S\u00e9jour Priv\u00e9\",\"isPartOf\":{\"@id\":\"https:\/\/www.sejourprive.com\/#website\"},\"primaryImageOfPage\":{\"@id\":\"https:\/\/www.sejourprive.com\/biens\/chalet-cervinia-val-disere-alpes-francaises-france\/#primaryimage\"},\"image\":{\"@id\":\"https:\/\/www.sejourprive.com\/biens\/chalet-cervinia-val-disere-alpes-francaises-france\/#primaryimage\"},\"thumbnailUrl\":\"https:\/\/www.sejourprive.com\/wp-content\/uploads\/2026\/08\/0-19.jpg\",\"datePublished\":\"2026-08-10T09:37:25+00:00\",\"dateModified\":\"2026-08-26T12:58:30+00:00\",\"description\":\"Nich\u00e9 dans l\u2019un des coins les plus pris\u00e9s de Val d\u2019Is\u00e8re, le Chalet Cervinia allie tradition alpine et raffinement contemporain. Situ\u00e9 \u00e0 quelques pas de\",\"breadcrumb\":{\"@id\":\"https:\/\/www.sejourprive.com\/biens\/chalet-cervinia-val-disere-alpes-francaises-france\/#breadcrumb\"},\"inLanguage\":\"en-GB\",\"potentialAction\":[{\"@type\":\"ReadAction\",\"target\":[\"https:\/\/www.sejourprive.com\/biens\/chalet-cervinia-val-disere-alpes-francaises-france\/\"]}]},{\"@type\":\"ImageObject\",\"inLanguage\":\"en-GB\",\"@id\":\"https:\/\/www.sejourprive.com\/biens\/chalet-cervinia-val-disere-alpes-francaises-france\/#primaryimage\",\"url\":\"https:\/\/www.sejourprive.com\/wp-content\/uploads\/2026\/08\/0-19.jpg\",\"contentUrl\":\"https:\/\/www.sejourprive.com\/wp-content\/uploads\/2026\/08\/0-19.jpg\",\"width\":1200,\"height\":801},{\"@type\":\"BreadcrumbList\",\"@id\":\"https:\/\/www.sejourprive.com\/biens\/chalet-cervinia-val-disere-alpes-francaises-france\/#breadcrumb\",\"itemListElement\":[{\"@type\":\"ListItem\",\"position\":1,\"name\":\"Accueil\",\"item\":\"https:\/\/www.sejourprive.com\/\"},{\"@type\":\"ListItem\",\"position\":2,\"name\":\"Shop\",\"item\":\"https:\/\/www.sejourprive.com\/shop\/\"},{\"@type\":\"ListItem\",\"position\":3,\"name\":\"Chalet Cervinia, Val D&#8217;Is\u00e8re, Alpes Fran\u00e7aises, France\"}]},{\"@type\":\"WebSite\",\"@id\":\"https:\/\/www.sejourprive.com\/#website\",\"url\":\"https:\/\/www.sejourprive.com\/\",\"name\":\"S\u00e9jour Priv\u00e9\",\"description\":\"Nous imaginons pour vous des s\u00e9jours d\u2019exception.\",\"publisher\":{\"@id\":\"https:\/\/www.sejourprive.com\/#organization\"},\"potentialAction\":[{\"@type\":\"SearchAction\",\"target\":{\"@type\":\"EntryPoint\",\"urlTemplate\":\"https:\/\/www.sejourprive.com\/?s={search_term_string}\"},\"query-input\":{\"@type\":\"PropertyValueSpecification\",\"valueRequired\":true,\"valueName\":\"search_term_string\"}}],\"inLanguage\":\"en-GB\"},{\"@type\":\"Organization\",\"@id\":\"https:\/\/www.sejourprive.com\/#organization\",\"name\":\"S\u00e9jour Priv\u00e9\",\"url\":\"https:\/\/www.sejourprive.com\/\",\"logo\":{\"@type\":\"ImageObject\",\"inLanguage\":\"en-GB\",\"@id\":\"https:\/\/www.sejourprive.com\/#\/schema\/logo\/image\/\",\"url\":\"https:\/\/www.sejourprive.com\/wp-content\/uploads\/2026\/02\/SP-Apple-touch-144-couleur-1-2.png\",\"contentUrl\":\"https:\/\/www.sejourprive.com\/wp-content\/uploads\/2026\/02\/SP-Apple-touch-144-couleur-1-2.png\",\"width\":145,\"height\":145,\"caption\":\"S\u00e9jour Priv\u00e9\"},\"image\":{\"@id\":\"https:\/\/www.sejourprive.com\/#\/schema\/logo\/image\/\"}}]}<\/script>\n<!-- \/ Yoast SEO plugin. -->","yoast_head_json":{"title":"Chalet Cervinia, Val D'Is\u00e8re, Alpes Fran\u00e7aises, France - S\u00e9jour Priv\u00e9","description":"Nich\u00e9 dans l\u2019un des coins les plus pris\u00e9s de Val d\u2019Is\u00e8re, le Chalet Cervinia allie tradition alpine et raffinement contemporain. Situ\u00e9 \u00e0 quelques pas de","robots":{"index":"index","follow":"follow","max-snippet":"max-snippet:-1","max-image-preview":"max-image-preview:large","max-video-preview":"max-video-preview:-1"},"canonical":"https:\/\/www.sejourprive.com\/en\/biens\/chalet-cervinia-val-disere-alpes-francaises-france\/","og_locale":"en_GB","og_type":"article","og_title":"Chalet Cervinia, Val D'Is\u00e8re, Alpes Fran\u00e7aises, France - S\u00e9jour Priv\u00e9","og_description":"Nich\u00e9 dans l\u2019un des coins les plus pris\u00e9s de Val d\u2019Is\u00e8re, le Chalet Cervinia allie tradition alpine et raffinement contemporain. Situ\u00e9 \u00e0 quelques pas de","og_url":"https:\/\/www.sejourprive.com\/en\/biens\/chalet-cervinia-val-disere-alpes-francaises-france\/","og_site_name":"S\u00e9jour Priv\u00e9","article_modified_time":"2026-08-26T12:58:30+00:00","og_image":[{"width":1200,"height":801,"url":"https:\/\/www.sejourprive.com\/wp-content\/uploads\/2026\/08\/0-19.jpg","type":"image\/jpeg"}],"twitter_card":"summary_large_image","twitter_misc":{"Estimated reading time":"2 minutes"},"schema":{"@context":"https:\/\/schema.org","@graph":[{"@type":"WebPage","@id":"https:\/\/www.sejourprive.com\/biens\/chalet-cervinia-val-disere-alpes-francaises-france\/","url":"https:\/\/www.sejourprive.com\/biens\/chalet-cervinia-val-disere-alpes-francaises-france\/","name":"Chalet Cervinia, Val D'Is\u00e8re, Alpes Fran\u00e7aises, France - S\u00e9jour Priv\u00e9","isPartOf":{"@id":"https:\/\/www.sejourprive.com\/#website"},"primaryImageOfPage":{"@id":"https:\/\/www.sejourprive.com\/biens\/chalet-cervinia-val-disere-alpes-francaises-france\/#primaryimage"},"image":{"@id":"https:\/\/www.sejourprive.com\/biens\/chalet-cervinia-val-disere-alpes-francaises-france\/#primaryimage"},"thumbnailUrl":"https:\/\/www.sejourprive.com\/wp-content\/uploads\/2026\/08\/0-19.jpg","datePublished":"2026-08-10T09:37:25+00:00","dateModified":"2026-08-26T12:58:30+00:00","description":"Nich\u00e9 dans l\u2019un des coins les plus pris\u00e9s de Val d\u2019Is\u00e8re, le Chalet Cervinia allie tradition alpine et raffinement contemporain. Situ\u00e9 \u00e0 quelques pas de","breadcrumb":{"@id":"https:\/\/www.sejourprive.com\/biens\/chalet-cervinia-val-disere-alpes-francaises-france\/#breadcrumb"},"inLanguage":"en-GB","potentialAction":[{"@type":"ReadAction","target":["https:\/\/www.sejourprive.com\/biens\/chalet-cervinia-val-disere-alpes-francaises-france\/"]}]},{"@type":"ImageObject","inLanguage":"en-GB","@id":"https:\/\/www.sejourprive.com\/biens\/chalet-cervinia-val-disere-alpes-francaises-france\/#primaryimage","url":"https:\/\/www.sejourprive.com\/wp-content\/uploads\/2026\/08\/0-19.jpg","contentUrl":"https:\/\/www.sejourprive.com\/wp-content\/uploads\/2026\/08\/0-19.jpg","width":1200,"height":801},{"@type":"BreadcrumbList","@id":"https:\/\/www.sejourprive.com\/biens\/chalet-cervinia-val-disere-alpes-francaises-france\/#breadcrumb","itemListElement":[{"@type":"ListItem","position":1,"name":"Accueil","item":"https:\/\/www.sejourprive.com\/"},{"@type":"ListItem","position":2,"name":"Shop","item":"https:\/\/www.sejourprive.com\/shop\/"},{"@type":"ListItem","position":3,"name":"Chalet Cervinia, Val D&#8217;Is\u00e8re, Alpes Fran\u00e7aises, France"}]},{"@type":"WebSite","@id":"https:\/\/www.sejourprive.com\/#website","url":"https:\/\/www.sejourprive.com\/","name":"Private Stay","description":"We design exceptional holidays for you.","publisher":{"@id":"https:\/\/www.sejourprive.com\/#organization"},"potentialAction":[{"@type":"SearchAction","target":{"@type":"EntryPoint","urlTemplate":"https:\/\/www.sejourprive.com\/?s={search_term_string}"},"query-input":{"@type":"PropertyValueSpecification","valueRequired":true,"valueName":"search_term_string"}}],"inLanguage":"en-GB"},{"@type":"Organization","@id":"https:\/\/www.sejourprive.com\/#organization","name":"Private Stay","url":"https:\/\/www.sejourprive.com\/","logo":{"@type":"ImageObject","inLanguage":"en-GB","@id":"https:\/\/www.sejourprive.com\/#\/schema\/logo\/image\/","url":"https:\/\/www.sejourprive.com\/wp-content\/uploads\/2026\/02\/SP-Apple-touch-144-couleur-1-2.png","contentUrl":"https:\/\/www.sejourprive.com\/wp-content\/uploads\/2026\/02\/SP-Apple-touch-144-couleur-1-2.png","width":145,"height":145,"caption":"S\u00e9jour Priv\u00e9"},"image":{"@id":"https:\/\/www.sejourprive.com\/#\/schema\/logo\/image\/"}}]}},"_links":{"self":[{"href":"https:\/\/www.sejourprive.com\/en\/wp-json\/wp\/v2\/product\/75724","targetHints":{"allow":["GET"]}}],"collection":[{"href":"https:\/\/www.sejourprive.com\/en\/wp-json\/wp\/v2\/product"}],"about":[{"href":"https:\/\/www.sejourprive.com\/en\/wp-json\/wp\/v2\/types\/product"}],"replies":[{"embeddable":true,"href":"https:\/\/www.sejourprive.com\/en\/wp-json\/wp\/v2\/comments?post=75724"}],"version-history":[{"count":2,"href":"https:\/\/www.sejourprive.com\/en\/wp-json\/wp\/v2\/product\/75724\/revisions"}],"predecessor-version":[{"id":76147,"href":"https:\/\/www.sejourprive.com\/en\/wp-json\/wp\/v2\/product\/75724\/revisions\/76147"}],"wp:featuredmedia":[{"embeddable":true,"href":"https:\/\/www.sejourprive.com\/en\/wp-json\/wp\/v2\/media\/75758"}],"wp:attachment":[{"href":"https:\/\/www.sejourprive.com\/en\/wp-json\/wp\/v2\/media?parent=75724"}],"wp:term":[{"taxonomy":"product_brand","embeddable":true,"href":"https:\/\/www.sejourprive.com\/en\/wp-json\/wp\/v2\/product_brand?post=75724"},{"taxonomy":"product_cat","embeddable":true,"href":"https:\/\/www.sejourprive.com\/en\/wp-json\/wp\/v2\/product_cat?post=75724"},{"taxonomy":"product_tag","embeddable":true,"href":"https:\/\/www.sejourprive.com\/en\/wp-json\/wp\/v2\/product_tag?post=75724"}],"curies":[{"name":"wp","href":"https:\/\/api.w.org\/{rel}","templated":true}]}}