{"id":72406,"date":"2026-07-15T15:27:45","date_gmt":"2026-07-15T13:27:45","guid":{"rendered":"https:\/\/www.sejourprive.com\/?post_type=product&#038;p=72406"},"modified":"2026-08-26T14:56:17","modified_gmt":"2026-08-26T12:56:17","slug":"chalet-le-bon-air-megeve-alpes-francaises-france","status":"publish","type":"product","link":"https:\/\/www.sejourprive.com\/en\/biens\/chalet-le-bon-air-megeve-alpes-francaises-france\/","title":{"rendered":"Chalet Le Bon Air, Meg\u00e8ve, French Alps, France"},"content":{"rendered":"<p>Situ\u00e9 sur le tr\u00e8s c\u00e9l\u00e8bre plateau du Mont d&#8217;Arbois \u00e0 Meg\u00e8ve, le Chalet Bon Air vous accueille \u00e0 Meg\u00e8ve, au c\u0153ur des Alpes fran\u00e7aises. Cette demeure alpine est un v\u00e9ritable mod\u00e8le de charme moderne, avec une d\u00e9coration soign\u00e9e qui fait \u00e9cho aux \u0153uvres d&#8217;art ornant ses murs lambriss\u00e9s.<span><div class=\"read-more-wrapper\"><a class=\"read-more-button\" data-target=\"read-more-6a9d8bbc51d68\" data-more-text=\"Read more\" data-less-text=\"Read less\"><span class=\"read-more-text\">Read more<\/span><\/a><div id=\"read-more-6a9d8bbc51d68\" class=\"read-more-content\"> <\/span><\/p>\n<p>Commencez votre matin\u00e9e au Chalet Bon Air par une baignade rafra\u00eechissante dans la piscine chauff\u00e9e, tout en profitant de la vue apaisante sur les montagnes environnantes. Au fil de la journ\u00e9e, partez \u00e0 l&#8217;aventure sur les pistes depuis votre chalet \u00abski-in\/ski-out\u00bb ou explorez les sentiers de randonn\u00e9e situ\u00e9s juste \u00e0 c\u00f4t\u00e9 de votre porte. Revenez ensuite vous ressourcer au hammam, o\u00f9 les ar\u00f4mes des huiles essentielles embaument l&#8217;air.<\/div><\/div><\/p>","protected":false},"excerpt":{"rendered":"<p>Situ\u00e9 sur le tr\u00e8s c\u00e9l\u00e8bre plateau du Mont d&#8217;Arbois \u00e0 Meg\u00e8ve, le Chalet Bon Air vous accueille \u00e0 Meg\u00e8ve, au&#8230;<\/p>","protected":false},"featured_media":72409,"comment_status":"open","ping_status":"closed","template":"","meta":{"_acf_changed":false},"product_brand":[],"product_cat":[96,172],"product_tag":[],"class_list":["post-72406","product","type-product","status-publish","has-post-thumbnail","product_cat-chalet","product_cat-montagne","property_location-alpes-francaises","property_location-france","property_location-megeve","first","instock","sold-individually","shipping-taxable","purchasable","product-type-simple"],"acf":[],"yoast_head":"<!-- This site is optimized with the Yoast SEO plugin v26.6 - https:\/\/yoast.com\/wordpress\/plugins\/seo\/ -->\n<title>Chalet Le Bon Air, Meg\u00e8ve, Alpes Fran\u00e7aises, France - S\u00e9jour Priv\u00e9<\/title>\n<meta name=\"description\" content=\"Situ\u00e9 sur le tr\u00e8s c\u00e9l\u00e8bre plateau du Mont d&#039;Arbois \u00e0 Meg\u00e8ve, le Chalet Bon Air vous accueille \u00e0 Meg\u00e8ve, au c\u0153ur des Alpes fran\u00e7aises. Cette demeure alpine\" \/>\n<meta name=\"robots\" content=\"index, follow, max-snippet:-1, max-image-preview:large, max-video-preview:-1\" \/>\n<link rel=\"canonical\" href=\"https:\/\/www.sejourprive.com\/en\/biens\/chalet-le-bon-air-megeve-alpes-francaises-france\/\" \/>\n<meta property=\"og:locale\" content=\"en_GB\" \/>\n<meta property=\"og:type\" content=\"article\" \/>\n<meta property=\"og:title\" content=\"Chalet Le Bon Air, Meg\u00e8ve, Alpes Fran\u00e7aises, France - S\u00e9jour Priv\u00e9\" \/>\n<meta property=\"og:description\" content=\"Situ\u00e9 sur le tr\u00e8s c\u00e9l\u00e8bre plateau du Mont d&#039;Arbois \u00e0 Meg\u00e8ve, le Chalet Bon Air vous accueille \u00e0 Meg\u00e8ve, au c\u0153ur des Alpes fran\u00e7aises. Cette demeure alpine\" \/>\n<meta property=\"og:url\" content=\"https:\/\/www.sejourprive.com\/en\/biens\/chalet-le-bon-air-megeve-alpes-francaises-france\/\" \/>\n<meta property=\"og:site_name\" content=\"S\u00e9jour Priv\u00e9\" \/>\n<meta property=\"article:modified_time\" content=\"2026-08-26T12:56:17+00:00\" \/>\n<meta property=\"og:image\" content=\"https:\/\/www.sejourprive.com\/wp-content\/uploads\/2026\/07\/1-70.jpg\" \/>\n\t<meta property=\"og:image:width\" content=\"1200\" \/>\n\t<meta property=\"og:image:height\" content=\"800\" \/>\n\t<meta property=\"og:image:type\" content=\"image\/jpeg\" \/>\n<meta name=\"twitter:card\" content=\"summary_large_image\" \/>\n<meta name=\"twitter:label1\" content=\"Estimated reading time\" \/>\n\t<meta name=\"twitter:data1\" content=\"1 minute\" \/>\n<script type=\"application\/ld+json\" class=\"yoast-schema-graph\">{\"@context\":\"https:\/\/schema.org\",\"@graph\":[{\"@type\":\"WebPage\",\"@id\":\"https:\/\/www.sejourprive.com\/biens\/chalet-le-bon-air-megeve-alpes-francaises-france\/\",\"url\":\"https:\/\/www.sejourprive.com\/biens\/chalet-le-bon-air-megeve-alpes-francaises-france\/\",\"name\":\"Chalet Le Bon Air, Meg\u00e8ve, Alpes Fran\u00e7aises, France - S\u00e9jour Priv\u00e9\",\"isPartOf\":{\"@id\":\"https:\/\/www.sejourprive.com\/#website\"},\"primaryImageOfPage\":{\"@id\":\"https:\/\/www.sejourprive.com\/biens\/chalet-le-bon-air-megeve-alpes-francaises-france\/#primaryimage\"},\"image\":{\"@id\":\"https:\/\/www.sejourprive.com\/biens\/chalet-le-bon-air-megeve-alpes-francaises-france\/#primaryimage\"},\"thumbnailUrl\":\"https:\/\/www.sejourprive.com\/wp-content\/uploads\/2026\/07\/1-70.jpg\",\"datePublished\":\"2026-07-15T13:27:45+00:00\",\"dateModified\":\"2026-08-26T12:56:17+00:00\",\"description\":\"Situ\u00e9 sur le tr\u00e8s c\u00e9l\u00e8bre plateau du Mont d'Arbois \u00e0 Meg\u00e8ve, le Chalet Bon Air vous accueille \u00e0 Meg\u00e8ve, au c\u0153ur des Alpes fran\u00e7aises. Cette demeure alpine\",\"breadcrumb\":{\"@id\":\"https:\/\/www.sejourprive.com\/biens\/chalet-le-bon-air-megeve-alpes-francaises-france\/#breadcrumb\"},\"inLanguage\":\"en-GB\",\"potentialAction\":[{\"@type\":\"ReadAction\",\"target\":[\"https:\/\/www.sejourprive.com\/biens\/chalet-le-bon-air-megeve-alpes-francaises-france\/\"]}]},{\"@type\":\"ImageObject\",\"inLanguage\":\"en-GB\",\"@id\":\"https:\/\/www.sejourprive.com\/biens\/chalet-le-bon-air-megeve-alpes-francaises-france\/#primaryimage\",\"url\":\"https:\/\/www.sejourprive.com\/wp-content\/uploads\/2026\/07\/1-70.jpg\",\"contentUrl\":\"https:\/\/www.sejourprive.com\/wp-content\/uploads\/2026\/07\/1-70.jpg\",\"width\":1200,\"height\":800},{\"@type\":\"BreadcrumbList\",\"@id\":\"https:\/\/www.sejourprive.com\/biens\/chalet-le-bon-air-megeve-alpes-francaises-france\/#breadcrumb\",\"itemListElement\":[{\"@type\":\"ListItem\",\"position\":1,\"name\":\"Accueil\",\"item\":\"https:\/\/www.sejourprive.com\/\"},{\"@type\":\"ListItem\",\"position\":2,\"name\":\"Shop\",\"item\":\"https:\/\/www.sejourprive.com\/shop\/\"},{\"@type\":\"ListItem\",\"position\":3,\"name\":\"Chalet Le Bon Air, Meg\u00e8ve, Alpes Fran\u00e7aises, France\"}]},{\"@type\":\"WebSite\",\"@id\":\"https:\/\/www.sejourprive.com\/#website\",\"url\":\"https:\/\/www.sejourprive.com\/\",\"name\":\"S\u00e9jour Priv\u00e9\",\"description\":\"Nous imaginons pour vous des s\u00e9jours d\u2019exception.\",\"publisher\":{\"@id\":\"https:\/\/www.sejourprive.com\/#organization\"},\"potentialAction\":[{\"@type\":\"SearchAction\",\"target\":{\"@type\":\"EntryPoint\",\"urlTemplate\":\"https:\/\/www.sejourprive.com\/?s={search_term_string}\"},\"query-input\":{\"@type\":\"PropertyValueSpecification\",\"valueRequired\":true,\"valueName\":\"search_term_string\"}}],\"inLanguage\":\"en-GB\"},{\"@type\":\"Organization\",\"@id\":\"https:\/\/www.sejourprive.com\/#organization\",\"name\":\"S\u00e9jour Priv\u00e9\",\"url\":\"https:\/\/www.sejourprive.com\/\",\"logo\":{\"@type\":\"ImageObject\",\"inLanguage\":\"en-GB\",\"@id\":\"https:\/\/www.sejourprive.com\/#\/schema\/logo\/image\/\",\"url\":\"https:\/\/www.sejourprive.com\/wp-content\/uploads\/2026\/02\/SP-Apple-touch-144-couleur-1-2.png\",\"contentUrl\":\"https:\/\/www.sejourprive.com\/wp-content\/uploads\/2026\/02\/SP-Apple-touch-144-couleur-1-2.png\",\"width\":145,\"height\":145,\"caption\":\"S\u00e9jour Priv\u00e9\"},\"image\":{\"@id\":\"https:\/\/www.sejourprive.com\/#\/schema\/logo\/image\/\"}}]}<\/script>\n<!-- \/ Yoast SEO plugin. -->","yoast_head_json":{"title":"Chalet Le Bon Air, Meg\u00e8ve, Alpes Fran\u00e7aises, France - S\u00e9jour Priv\u00e9","description":"Situ\u00e9 sur le tr\u00e8s c\u00e9l\u00e8bre plateau du Mont d'Arbois \u00e0 Meg\u00e8ve, le Chalet Bon Air vous accueille \u00e0 Meg\u00e8ve, au c\u0153ur des Alpes fran\u00e7aises. Cette demeure alpine","robots":{"index":"index","follow":"follow","max-snippet":"max-snippet:-1","max-image-preview":"max-image-preview:large","max-video-preview":"max-video-preview:-1"},"canonical":"https:\/\/www.sejourprive.com\/en\/biens\/chalet-le-bon-air-megeve-alpes-francaises-france\/","og_locale":"en_GB","og_type":"article","og_title":"Chalet Le Bon Air, Meg\u00e8ve, Alpes Fran\u00e7aises, France - S\u00e9jour Priv\u00e9","og_description":"Situ\u00e9 sur le tr\u00e8s c\u00e9l\u00e8bre plateau du Mont d'Arbois \u00e0 Meg\u00e8ve, le Chalet Bon Air vous accueille \u00e0 Meg\u00e8ve, au c\u0153ur des Alpes fran\u00e7aises. Cette demeure alpine","og_url":"https:\/\/www.sejourprive.com\/en\/biens\/chalet-le-bon-air-megeve-alpes-francaises-france\/","og_site_name":"S\u00e9jour Priv\u00e9","article_modified_time":"2026-08-26T12:56:17+00:00","og_image":[{"width":1200,"height":800,"url":"https:\/\/www.sejourprive.com\/wp-content\/uploads\/2026\/07\/1-70.jpg","type":"image\/jpeg"}],"twitter_card":"summary_large_image","twitter_misc":{"Estimated reading time":"1 minute"},"schema":{"@context":"https:\/\/schema.org","@graph":[{"@type":"WebPage","@id":"https:\/\/www.sejourprive.com\/biens\/chalet-le-bon-air-megeve-alpes-francaises-france\/","url":"https:\/\/www.sejourprive.com\/biens\/chalet-le-bon-air-megeve-alpes-francaises-france\/","name":"Chalet Le Bon Air, Meg\u00e8ve, Alpes Fran\u00e7aises, France - S\u00e9jour Priv\u00e9","isPartOf":{"@id":"https:\/\/www.sejourprive.com\/#website"},"primaryImageOfPage":{"@id":"https:\/\/www.sejourprive.com\/biens\/chalet-le-bon-air-megeve-alpes-francaises-france\/#primaryimage"},"image":{"@id":"https:\/\/www.sejourprive.com\/biens\/chalet-le-bon-air-megeve-alpes-francaises-france\/#primaryimage"},"thumbnailUrl":"https:\/\/www.sejourprive.com\/wp-content\/uploads\/2026\/07\/1-70.jpg","datePublished":"2026-07-15T13:27:45+00:00","dateModified":"2026-08-26T12:56:17+00:00","description":"Situ\u00e9 sur le tr\u00e8s c\u00e9l\u00e8bre plateau du Mont d'Arbois \u00e0 Meg\u00e8ve, le Chalet Bon Air vous accueille \u00e0 Meg\u00e8ve, au c\u0153ur des Alpes fran\u00e7aises. Cette demeure alpine","breadcrumb":{"@id":"https:\/\/www.sejourprive.com\/biens\/chalet-le-bon-air-megeve-alpes-francaises-france\/#breadcrumb"},"inLanguage":"en-GB","potentialAction":[{"@type":"ReadAction","target":["https:\/\/www.sejourprive.com\/biens\/chalet-le-bon-air-megeve-alpes-francaises-france\/"]}]},{"@type":"ImageObject","inLanguage":"en-GB","@id":"https:\/\/www.sejourprive.com\/biens\/chalet-le-bon-air-megeve-alpes-francaises-france\/#primaryimage","url":"https:\/\/www.sejourprive.com\/wp-content\/uploads\/2026\/07\/1-70.jpg","contentUrl":"https:\/\/www.sejourprive.com\/wp-content\/uploads\/2026\/07\/1-70.jpg","width":1200,"height":800},{"@type":"BreadcrumbList","@id":"https:\/\/www.sejourprive.com\/biens\/chalet-le-bon-air-megeve-alpes-francaises-france\/#breadcrumb","itemListElement":[{"@type":"ListItem","position":1,"name":"Accueil","item":"https:\/\/www.sejourprive.com\/"},{"@type":"ListItem","position":2,"name":"Shop","item":"https:\/\/www.sejourprive.com\/shop\/"},{"@type":"ListItem","position":3,"name":"Chalet Le Bon Air, Meg\u00e8ve, Alpes Fran\u00e7aises, France"}]},{"@type":"WebSite","@id":"https:\/\/www.sejourprive.com\/#website","url":"https:\/\/www.sejourprive.com\/","name":"Private Stay","description":"We design exceptional holidays for you.","publisher":{"@id":"https:\/\/www.sejourprive.com\/#organization"},"potentialAction":[{"@type":"SearchAction","target":{"@type":"EntryPoint","urlTemplate":"https:\/\/www.sejourprive.com\/?s={search_term_string}"},"query-input":{"@type":"PropertyValueSpecification","valueRequired":true,"valueName":"search_term_string"}}],"inLanguage":"en-GB"},{"@type":"Organization","@id":"https:\/\/www.sejourprive.com\/#organization","name":"Private Stay","url":"https:\/\/www.sejourprive.com\/","logo":{"@type":"ImageObject","inLanguage":"en-GB","@id":"https:\/\/www.sejourprive.com\/#\/schema\/logo\/image\/","url":"https:\/\/www.sejourprive.com\/wp-content\/uploads\/2026\/02\/SP-Apple-touch-144-couleur-1-2.png","contentUrl":"https:\/\/www.sejourprive.com\/wp-content\/uploads\/2026\/02\/SP-Apple-touch-144-couleur-1-2.png","width":145,"height":145,"caption":"S\u00e9jour Priv\u00e9"},"image":{"@id":"https:\/\/www.sejourprive.com\/#\/schema\/logo\/image\/"}}]}},"_links":{"self":[{"href":"https:\/\/www.sejourprive.com\/en\/wp-json\/wp\/v2\/product\/72406","targetHints":{"allow":["GET"]}}],"collection":[{"href":"https:\/\/www.sejourprive.com\/en\/wp-json\/wp\/v2\/product"}],"about":[{"href":"https:\/\/www.sejourprive.com\/en\/wp-json\/wp\/v2\/types\/product"}],"replies":[{"embeddable":true,"href":"https:\/\/www.sejourprive.com\/en\/wp-json\/wp\/v2\/comments?post=72406"}],"version-history":[{"count":1,"href":"https:\/\/www.sejourprive.com\/en\/wp-json\/wp\/v2\/product\/72406\/revisions"}],"predecessor-version":[{"id":77979,"href":"https:\/\/www.sejourprive.com\/en\/wp-json\/wp\/v2\/product\/72406\/revisions\/77979"}],"wp:featuredmedia":[{"embeddable":true,"href":"https:\/\/www.sejourprive.com\/en\/wp-json\/wp\/v2\/media\/72409"}],"wp:attachment":[{"href":"https:\/\/www.sejourprive.com\/en\/wp-json\/wp\/v2\/media?parent=72406"}],"wp:term":[{"taxonomy":"product_brand","embeddable":true,"href":"https:\/\/www.sejourprive.com\/en\/wp-json\/wp\/v2\/product_brand?post=72406"},{"taxonomy":"product_cat","embeddable":true,"href":"https:\/\/www.sejourprive.com\/en\/wp-json\/wp\/v2\/product_cat?post=72406"},{"taxonomy":"product_tag","embeddable":true,"href":"https:\/\/www.sejourprive.com\/en\/wp-json\/wp\/v2\/product_tag?post=72406"}],"curies":[{"name":"wp","href":"https:\/\/api.w.org\/{rel}","templated":true}]}}