{"id":62448,"date":"2026-04-23T18:20:36","date_gmt":"2026-04-23T16:20:36","guid":{"rendered":"https:\/\/www.sejourprive.com\/?post_type=product&#038;p=62448"},"modified":"2026-04-23T18:20:36","modified_gmt":"2026-04-23T16:20:36","slug":"villa-selca-selca-brac-croatie","status":"publish","type":"product","link":"https:\/\/www.sejourprive.com\/en\/biens\/villa-selca-selca-brac-croatie\/","title":{"rendered":"Villa Selca, Selca, Brac, Croatia"},"content":{"rendered":"<p>Sur la magnifique \u00eele de Brac, en Croatie, la Villa Selca vous invite \u00e0 contempler les eaux turquoise qui s&#8217;\u00e9tendent \u00e0 quelques pas seulement. Avec son d\u00e9cor aux tons pierre, ses touches de turquoise dans le mobilier et ses grandes baies vitr\u00e9es, la villa met en valeur ce magnifique d\u00e9cor naturel.<span><div class=\"read-more-wrapper\"><a class=\"read-more-button\" data-target=\"read-more-69f72293a9005\" data-more-text=\"Read more\" data-less-text=\"Read less\"><span class=\"read-more-text\">Read more<\/span><\/a><div id=\"read-more-69f72293a9005\" class=\"read-more-content\"> <\/span><\/p>\n<p>Imaginez commencer la journ\u00e9e en profitant de votre acc\u00e8s direct \u00e0 la mer, tandis que le soleil se l\u00e8ve sur le paysage croate. Vous pourriez passer l&#8217;apr\u00e8s-midi \u00e0 vous pr\u00e9lasser au bord de la piscine, \u00e0 vous impr\u00e9gner de la vue sereine sur la mer et les montagnes, ou peut-\u00eatre \u00e0 explorer la charmante ville de Selca. \u00c0 la tomb\u00e9e de la nuit, r\u00e9unissez vos proches dans la cuisine d&#8217;\u00e9t\u00e9 et allumez le four \u00e0 pizza ou le barbecue pour montrer vos talents culinaires. Pour terminer la journ\u00e9e en beaut\u00e9, retirez-vous dans le sauna pour vous d\u00e9tendre apr\u00e8s une journ\u00e9e d&#8217;aventures.<\/div><\/div><\/p>","protected":false},"excerpt":{"rendered":"<p>Sur la magnifique \u00eele de Brac, en Croatie, la Villa Selca vous invite \u00e0 contempler les eaux turquoise qui s&#8217;\u00e9tendent&#8230;<\/p>","protected":false},"featured_media":62450,"comment_status":"open","ping_status":"closed","template":"","meta":{"_acf_changed":false},"product_brand":[],"product_cat":[15],"product_tag":[],"class_list":{"0":"post-62448","1":"product","2":"type-product","3":"status-publish","4":"has-post-thumbnail","6":"product_cat-villa","7":"property_location-croatie","9":"first","10":"instock","11":"sold-individually","12":"shipping-taxable","13":"purchasable","14":"product-type-simple"},"acf":[],"yoast_head":"<!-- This site is optimized with the Yoast SEO plugin v26.6 - https:\/\/yoast.com\/wordpress\/plugins\/seo\/ -->\n<title>Villa Selca, Selca, Brac, Croatie - S\u00e9jour Priv\u00e9<\/title>\n<meta name=\"description\" content=\"Sur la magnifique \u00eele de Brac, en Croatie, la Villa Selca vous invite \u00e0 contempler les eaux turquoise qui s&#039;\u00e9tendent \u00e0 quelques pas seulement. Avec son\" \/>\n<meta name=\"robots\" content=\"index, follow, max-snippet:-1, max-image-preview:large, max-video-preview:-1\" \/>\n<link rel=\"canonical\" href=\"https:\/\/www.sejourprive.com\/en\/biens\/villa-selca-selca-brac-croatie\/\" \/>\n<meta property=\"og:locale\" content=\"en_GB\" \/>\n<meta property=\"og:type\" content=\"article\" \/>\n<meta property=\"og:title\" content=\"Villa Selca, Selca, Brac, Croatie - S\u00e9jour Priv\u00e9\" \/>\n<meta property=\"og:description\" content=\"Sur la magnifique \u00eele de Brac, en Croatie, la Villa Selca vous invite \u00e0 contempler les eaux turquoise qui s&#039;\u00e9tendent \u00e0 quelques pas seulement. Avec son\" \/>\n<meta property=\"og:url\" content=\"https:\/\/www.sejourprive.com\/en\/biens\/villa-selca-selca-brac-croatie\/\" \/>\n<meta property=\"og:site_name\" content=\"S\u00e9jour Priv\u00e9\" \/>\n<meta property=\"og:image\" content=\"https:\/\/www.sejourprive.com\/wp-content\/uploads\/2026\/04\/1-139.jpg\" \/>\n\t<meta property=\"og:image:width\" content=\"1200\" \/>\n\t<meta property=\"og:image:height\" content=\"800\" \/>\n\t<meta property=\"og:image:type\" content=\"image\/jpeg\" \/>\n<meta name=\"twitter:card\" content=\"summary_large_image\" \/>\n<meta name=\"twitter:label1\" content=\"Estimated reading time\" \/>\n\t<meta name=\"twitter:data1\" content=\"1 minute\" \/>\n<script type=\"application\/ld+json\" class=\"yoast-schema-graph\">{\"@context\":\"https:\/\/schema.org\",\"@graph\":[{\"@type\":\"WebPage\",\"@id\":\"https:\/\/www.sejourprive.com\/biens\/villa-selca-selca-brac-croatie\/\",\"url\":\"https:\/\/www.sejourprive.com\/biens\/villa-selca-selca-brac-croatie\/\",\"name\":\"Villa Selca, Selca, Brac, Croatie - S\u00e9jour Priv\u00e9\",\"isPartOf\":{\"@id\":\"https:\/\/www.sejourprive.com\/#website\"},\"primaryImageOfPage\":{\"@id\":\"https:\/\/www.sejourprive.com\/biens\/villa-selca-selca-brac-croatie\/#primaryimage\"},\"image\":{\"@id\":\"https:\/\/www.sejourprive.com\/biens\/villa-selca-selca-brac-croatie\/#primaryimage\"},\"thumbnailUrl\":\"https:\/\/www.sejourprive.com\/wp-content\/uploads\/2026\/04\/1-139.jpg\",\"datePublished\":\"2026-04-23T16:20:36+00:00\",\"description\":\"Sur la magnifique \u00eele de Brac, en Croatie, la Villa Selca vous invite \u00e0 contempler les eaux turquoise qui s'\u00e9tendent \u00e0 quelques pas seulement. Avec son\",\"breadcrumb\":{\"@id\":\"https:\/\/www.sejourprive.com\/biens\/villa-selca-selca-brac-croatie\/#breadcrumb\"},\"inLanguage\":\"en-GB\",\"potentialAction\":[{\"@type\":\"ReadAction\",\"target\":[\"https:\/\/www.sejourprive.com\/biens\/villa-selca-selca-brac-croatie\/\"]}]},{\"@type\":\"ImageObject\",\"inLanguage\":\"en-GB\",\"@id\":\"https:\/\/www.sejourprive.com\/biens\/villa-selca-selca-brac-croatie\/#primaryimage\",\"url\":\"https:\/\/www.sejourprive.com\/wp-content\/uploads\/2026\/04\/1-139.jpg\",\"contentUrl\":\"https:\/\/www.sejourprive.com\/wp-content\/uploads\/2026\/04\/1-139.jpg\",\"width\":1200,\"height\":800},{\"@type\":\"BreadcrumbList\",\"@id\":\"https:\/\/www.sejourprive.com\/biens\/villa-selca-selca-brac-croatie\/#breadcrumb\",\"itemListElement\":[{\"@type\":\"ListItem\",\"position\":1,\"name\":\"Accueil\",\"item\":\"https:\/\/www.sejourprive.com\/\"},{\"@type\":\"ListItem\",\"position\":2,\"name\":\"Shop\",\"item\":\"https:\/\/www.sejourprive.com\/shop\/\"},{\"@type\":\"ListItem\",\"position\":3,\"name\":\"Villa Selca, Selca, Brac, Croatie\"}]},{\"@type\":\"WebSite\",\"@id\":\"https:\/\/www.sejourprive.com\/#website\",\"url\":\"https:\/\/www.sejourprive.com\/\",\"name\":\"S\u00e9jour Priv\u00e9\",\"description\":\"Nous imaginons pour vous des s\u00e9jours d\u2019exception.\",\"publisher\":{\"@id\":\"https:\/\/www.sejourprive.com\/#organization\"},\"potentialAction\":[{\"@type\":\"SearchAction\",\"target\":{\"@type\":\"EntryPoint\",\"urlTemplate\":\"https:\/\/www.sejourprive.com\/?s={search_term_string}\"},\"query-input\":{\"@type\":\"PropertyValueSpecification\",\"valueRequired\":true,\"valueName\":\"search_term_string\"}}],\"inLanguage\":\"en-GB\"},{\"@type\":\"Organization\",\"@id\":\"https:\/\/www.sejourprive.com\/#organization\",\"name\":\"S\u00e9jour Priv\u00e9\",\"url\":\"https:\/\/www.sejourprive.com\/\",\"logo\":{\"@type\":\"ImageObject\",\"inLanguage\":\"en-GB\",\"@id\":\"https:\/\/www.sejourprive.com\/#\/schema\/logo\/image\/\",\"url\":\"https:\/\/www.sejourprive.com\/wp-content\/uploads\/2026\/02\/SP-Apple-touch-144-couleur-1-2.png\",\"contentUrl\":\"https:\/\/www.sejourprive.com\/wp-content\/uploads\/2026\/02\/SP-Apple-touch-144-couleur-1-2.png\",\"width\":145,\"height\":145,\"caption\":\"S\u00e9jour Priv\u00e9\"},\"image\":{\"@id\":\"https:\/\/www.sejourprive.com\/#\/schema\/logo\/image\/\"}}]}<\/script>\n<!-- \/ Yoast SEO plugin. -->","yoast_head_json":{"title":"Villa Selca, Selca, Brac, Croatie - S\u00e9jour Priv\u00e9","description":"Sur la magnifique \u00eele de Brac, en Croatie, la Villa Selca vous invite \u00e0 contempler les eaux turquoise qui s'\u00e9tendent \u00e0 quelques pas seulement. Avec son","robots":{"index":"index","follow":"follow","max-snippet":"max-snippet:-1","max-image-preview":"max-image-preview:large","max-video-preview":"max-video-preview:-1"},"canonical":"https:\/\/www.sejourprive.com\/en\/biens\/villa-selca-selca-brac-croatie\/","og_locale":"en_GB","og_type":"article","og_title":"Villa Selca, Selca, Brac, Croatie - S\u00e9jour Priv\u00e9","og_description":"Sur la magnifique \u00eele de Brac, en Croatie, la Villa Selca vous invite \u00e0 contempler les eaux turquoise qui s'\u00e9tendent \u00e0 quelques pas seulement. Avec son","og_url":"https:\/\/www.sejourprive.com\/en\/biens\/villa-selca-selca-brac-croatie\/","og_site_name":"S\u00e9jour Priv\u00e9","og_image":[{"width":1200,"height":800,"url":"https:\/\/www.sejourprive.com\/wp-content\/uploads\/2026\/04\/1-139.jpg","type":"image\/jpeg"}],"twitter_card":"summary_large_image","twitter_misc":{"Estimated reading time":"1 minute"},"schema":{"@context":"https:\/\/schema.org","@graph":[{"@type":"WebPage","@id":"https:\/\/www.sejourprive.com\/biens\/villa-selca-selca-brac-croatie\/","url":"https:\/\/www.sejourprive.com\/biens\/villa-selca-selca-brac-croatie\/","name":"Villa Selca, Selca, Brac, Croatie - S\u00e9jour Priv\u00e9","isPartOf":{"@id":"https:\/\/www.sejourprive.com\/#website"},"primaryImageOfPage":{"@id":"https:\/\/www.sejourprive.com\/biens\/villa-selca-selca-brac-croatie\/#primaryimage"},"image":{"@id":"https:\/\/www.sejourprive.com\/biens\/villa-selca-selca-brac-croatie\/#primaryimage"},"thumbnailUrl":"https:\/\/www.sejourprive.com\/wp-content\/uploads\/2026\/04\/1-139.jpg","datePublished":"2026-04-23T16:20:36+00:00","description":"Sur la magnifique \u00eele de Brac, en Croatie, la Villa Selca vous invite \u00e0 contempler les eaux turquoise qui s'\u00e9tendent \u00e0 quelques pas seulement. Avec son","breadcrumb":{"@id":"https:\/\/www.sejourprive.com\/biens\/villa-selca-selca-brac-croatie\/#breadcrumb"},"inLanguage":"en-GB","potentialAction":[{"@type":"ReadAction","target":["https:\/\/www.sejourprive.com\/biens\/villa-selca-selca-brac-croatie\/"]}]},{"@type":"ImageObject","inLanguage":"en-GB","@id":"https:\/\/www.sejourprive.com\/biens\/villa-selca-selca-brac-croatie\/#primaryimage","url":"https:\/\/www.sejourprive.com\/wp-content\/uploads\/2026\/04\/1-139.jpg","contentUrl":"https:\/\/www.sejourprive.com\/wp-content\/uploads\/2026\/04\/1-139.jpg","width":1200,"height":800},{"@type":"BreadcrumbList","@id":"https:\/\/www.sejourprive.com\/biens\/villa-selca-selca-brac-croatie\/#breadcrumb","itemListElement":[{"@type":"ListItem","position":1,"name":"Accueil","item":"https:\/\/www.sejourprive.com\/"},{"@type":"ListItem","position":2,"name":"Shop","item":"https:\/\/www.sejourprive.com\/shop\/"},{"@type":"ListItem","position":3,"name":"Villa Selca, Selca, Brac, Croatie"}]},{"@type":"WebSite","@id":"https:\/\/www.sejourprive.com\/#website","url":"https:\/\/www.sejourprive.com\/","name":"Private Stay","description":"We design exceptional holidays for you.","publisher":{"@id":"https:\/\/www.sejourprive.com\/#organization"},"potentialAction":[{"@type":"SearchAction","target":{"@type":"EntryPoint","urlTemplate":"https:\/\/www.sejourprive.com\/?s={search_term_string}"},"query-input":{"@type":"PropertyValueSpecification","valueRequired":true,"valueName":"search_term_string"}}],"inLanguage":"en-GB"},{"@type":"Organization","@id":"https:\/\/www.sejourprive.com\/#organization","name":"Private Stay","url":"https:\/\/www.sejourprive.com\/","logo":{"@type":"ImageObject","inLanguage":"en-GB","@id":"https:\/\/www.sejourprive.com\/#\/schema\/logo\/image\/","url":"https:\/\/www.sejourprive.com\/wp-content\/uploads\/2026\/02\/SP-Apple-touch-144-couleur-1-2.png","contentUrl":"https:\/\/www.sejourprive.com\/wp-content\/uploads\/2026\/02\/SP-Apple-touch-144-couleur-1-2.png","width":145,"height":145,"caption":"S\u00e9jour Priv\u00e9"},"image":{"@id":"https:\/\/www.sejourprive.com\/#\/schema\/logo\/image\/"}}]}},"_links":{"self":[{"href":"https:\/\/www.sejourprive.com\/en\/wp-json\/wp\/v2\/product\/62448","targetHints":{"allow":["GET"]}}],"collection":[{"href":"https:\/\/www.sejourprive.com\/en\/wp-json\/wp\/v2\/product"}],"about":[{"href":"https:\/\/www.sejourprive.com\/en\/wp-json\/wp\/v2\/types\/product"}],"replies":[{"embeddable":true,"href":"https:\/\/www.sejourprive.com\/en\/wp-json\/wp\/v2\/comments?post=62448"}],"version-history":[{"count":1,"href":"https:\/\/www.sejourprive.com\/en\/wp-json\/wp\/v2\/product\/62448\/revisions"}],"predecessor-version":[{"id":62487,"href":"https:\/\/www.sejourprive.com\/en\/wp-json\/wp\/v2\/product\/62448\/revisions\/62487"}],"wp:featuredmedia":[{"embeddable":true,"href":"https:\/\/www.sejourprive.com\/en\/wp-json\/wp\/v2\/media\/62450"}],"wp:attachment":[{"href":"https:\/\/www.sejourprive.com\/en\/wp-json\/wp\/v2\/media?parent=62448"}],"wp:term":[{"taxonomy":"product_brand","embeddable":true,"href":"https:\/\/www.sejourprive.com\/en\/wp-json\/wp\/v2\/product_brand?post=62448"},{"taxonomy":"product_cat","embeddable":true,"href":"https:\/\/www.sejourprive.com\/en\/wp-json\/wp\/v2\/product_cat?post=62448"},{"taxonomy":"product_tag","embeddable":true,"href":"https:\/\/www.sejourprive.com\/en\/wp-json\/wp\/v2\/product_tag?post=62448"}],"curies":[{"name":"wp","href":"https:\/\/api.w.org\/{rel}","templated":true}]}}