{"id":60948,"date":"2026-04-21T12:01:23","date_gmt":"2026-04-21T10:01:23","guid":{"rendered":"https:\/\/www.sejourprive.com\/?post_type=product&#038;p=60948"},"modified":"2026-04-21T12:01:23","modified_gmt":"2026-04-21T10:01:23","slug":"villa-aroeira-carvalhal-comporta-melides-portugal","status":"publish","type":"product","link":"https:\/\/www.sejourprive.com\/en\/biens\/villa-aroeira-carvalhal-comporta-melides-portugal\/","title":{"rendered":"Villa Aroeira, Carvalhal, Comporta &amp; Melides, Portugal"},"content":{"rendered":"<p>Nich\u00e9e au c\u0153ur de la campagne pr\u00e9serv\u00e9e de Comporta, la Villa Aroeira incarne l&#8217;\u00e9l\u00e9gance naturelle et le charme discret de la r\u00e9gion. Son architecture \u00e9pur\u00e9e et contemporaine s&#8217;int\u00e8gre parfaitement \u00e0 son environnement, tandis que les mat\u00e9riaux bruts et les couleurs douces cr\u00e9ent une atmosph\u00e8re apaisante, en parfaite harmonie avec la nature environnante.<span><div class=\"read-more-wrapper\"><a class=\"read-more-button\" data-target=\"read-more-69f721082a5ae\" data-more-text=\"Read more\" data-less-text=\"Read less\"><span class=\"read-more-text\">Read more<\/span><\/a><div id=\"read-more-69f721082a5ae\" class=\"read-more-content\"> <\/span><\/p>\n<p>Commencez la journ\u00e9e par un moment de tranquillit\u00e9 sur la terrasse en bois, berc\u00e9 par le murmure des pins. Apr\u00e8s un plongeon rafra\u00eechissant dans la piscine, partez \u00e0 la d\u00e9couverte des plages sauvages voisines ou d\u00e9tendez-vous \u00e0 l&#8217;ombre du patio. Le soir venu, savourez un d\u00eener convivial dans les spacieux espaces de vie ouverts, avant de vous laisser envahir par la s\u00e9r\u00e9nit\u00e9 de ce havre de paix exclusif.<\/div><\/div><\/p>","protected":false},"excerpt":{"rendered":"<p>Nich\u00e9e au c\u0153ur de la campagne pr\u00e9serv\u00e9e de Comporta, la Villa Aroeira incarne l&#8217;\u00e9l\u00e9gance naturelle et le charme discret de&#8230;<\/p>","protected":false},"featured_media":60950,"comment_status":"open","ping_status":"closed","template":"","meta":{"_acf_changed":false},"product_brand":[],"product_cat":[15],"product_tag":[],"class_list":{"0":"post-60948","1":"product","2":"type-product","3":"status-publish","4":"has-post-thumbnail","6":"product_cat-villa","7":"property_location-comporta-melides","8":"property_location-portugal","10":"first","11":"instock","12":"sold-individually","13":"shipping-taxable","14":"purchasable","15":"product-type-simple"},"acf":[],"yoast_head":"<!-- This site is optimized with the Yoast SEO plugin v26.6 - https:\/\/yoast.com\/wordpress\/plugins\/seo\/ -->\n<title>Villa Aroeira, Carvalhal, Comporta &amp; Melides, Portugal - S\u00e9jour Priv\u00e9<\/title>\n<meta name=\"description\" content=\"Nich\u00e9e au c\u0153ur de la campagne pr\u00e9serv\u00e9e de Comporta, la Villa Aroeira incarne l&#039;\u00e9l\u00e9gance naturelle et le charme discret de la r\u00e9gion. Son architecture\" \/>\n<meta name=\"robots\" content=\"index, follow, max-snippet:-1, max-image-preview:large, max-video-preview:-1\" \/>\n<link rel=\"canonical\" href=\"https:\/\/www.sejourprive.com\/en\/biens\/villa-aroeira-carvalhal-comporta-melides-portugal\/\" \/>\n<meta property=\"og:locale\" content=\"en_GB\" \/>\n<meta property=\"og:type\" content=\"article\" \/>\n<meta property=\"og:title\" content=\"Villa Aroeira, Carvalhal, Comporta &amp; Melides, Portugal - S\u00e9jour Priv\u00e9\" \/>\n<meta property=\"og:description\" content=\"Nich\u00e9e au c\u0153ur de la campagne pr\u00e9serv\u00e9e de Comporta, la Villa Aroeira incarne l&#039;\u00e9l\u00e9gance naturelle et le charme discret de la r\u00e9gion. Son architecture\" \/>\n<meta property=\"og:url\" content=\"https:\/\/www.sejourprive.com\/en\/biens\/villa-aroeira-carvalhal-comporta-melides-portugal\/\" \/>\n<meta property=\"og:site_name\" content=\"S\u00e9jour Priv\u00e9\" \/>\n<meta property=\"og:image\" content=\"https:\/\/www.sejourprive.com\/wp-content\/uploads\/2026\/04\/0-100.jpg\" \/>\n\t<meta property=\"og:image:width\" content=\"1200\" \/>\n\t<meta property=\"og:image:height\" content=\"800\" \/>\n\t<meta property=\"og:image:type\" content=\"image\/jpeg\" \/>\n<meta name=\"twitter:card\" content=\"summary_large_image\" \/>\n<meta name=\"twitter:label1\" content=\"Estimated reading time\" \/>\n\t<meta name=\"twitter:data1\" content=\"1 minute\" \/>\n<script type=\"application\/ld+json\" class=\"yoast-schema-graph\">{\"@context\":\"https:\/\/schema.org\",\"@graph\":[{\"@type\":\"WebPage\",\"@id\":\"https:\/\/www.sejourprive.com\/biens\/villa-aroeira-carvalhal-comporta-melides-portugal\/\",\"url\":\"https:\/\/www.sejourprive.com\/biens\/villa-aroeira-carvalhal-comporta-melides-portugal\/\",\"name\":\"Villa Aroeira, Carvalhal, Comporta & Melides, Portugal - S\u00e9jour Priv\u00e9\",\"isPartOf\":{\"@id\":\"https:\/\/www.sejourprive.com\/#website\"},\"primaryImageOfPage\":{\"@id\":\"https:\/\/www.sejourprive.com\/biens\/villa-aroeira-carvalhal-comporta-melides-portugal\/#primaryimage\"},\"image\":{\"@id\":\"https:\/\/www.sejourprive.com\/biens\/villa-aroeira-carvalhal-comporta-melides-portugal\/#primaryimage\"},\"thumbnailUrl\":\"https:\/\/www.sejourprive.com\/wp-content\/uploads\/2026\/04\/0-100.jpg\",\"datePublished\":\"2026-04-21T10:01:23+00:00\",\"description\":\"Nich\u00e9e au c\u0153ur de la campagne pr\u00e9serv\u00e9e de Comporta, la Villa Aroeira incarne l'\u00e9l\u00e9gance naturelle et le charme discret de la r\u00e9gion. Son architecture\",\"breadcrumb\":{\"@id\":\"https:\/\/www.sejourprive.com\/biens\/villa-aroeira-carvalhal-comporta-melides-portugal\/#breadcrumb\"},\"inLanguage\":\"en-GB\",\"potentialAction\":[{\"@type\":\"ReadAction\",\"target\":[\"https:\/\/www.sejourprive.com\/biens\/villa-aroeira-carvalhal-comporta-melides-portugal\/\"]}]},{\"@type\":\"ImageObject\",\"inLanguage\":\"en-GB\",\"@id\":\"https:\/\/www.sejourprive.com\/biens\/villa-aroeira-carvalhal-comporta-melides-portugal\/#primaryimage\",\"url\":\"https:\/\/www.sejourprive.com\/wp-content\/uploads\/2026\/04\/0-100.jpg\",\"contentUrl\":\"https:\/\/www.sejourprive.com\/wp-content\/uploads\/2026\/04\/0-100.jpg\",\"width\":1200,\"height\":800},{\"@type\":\"BreadcrumbList\",\"@id\":\"https:\/\/www.sejourprive.com\/biens\/villa-aroeira-carvalhal-comporta-melides-portugal\/#breadcrumb\",\"itemListElement\":[{\"@type\":\"ListItem\",\"position\":1,\"name\":\"Accueil\",\"item\":\"https:\/\/www.sejourprive.com\/\"},{\"@type\":\"ListItem\",\"position\":2,\"name\":\"Shop\",\"item\":\"https:\/\/www.sejourprive.com\/shop\/\"},{\"@type\":\"ListItem\",\"position\":3,\"name\":\"Villa Aroeira, Carvalhal, Comporta &#038; Melides, Portugal\"}]},{\"@type\":\"WebSite\",\"@id\":\"https:\/\/www.sejourprive.com\/#website\",\"url\":\"https:\/\/www.sejourprive.com\/\",\"name\":\"S\u00e9jour Priv\u00e9\",\"description\":\"Nous imaginons pour vous des s\u00e9jours d\u2019exception.\",\"publisher\":{\"@id\":\"https:\/\/www.sejourprive.com\/#organization\"},\"potentialAction\":[{\"@type\":\"SearchAction\",\"target\":{\"@type\":\"EntryPoint\",\"urlTemplate\":\"https:\/\/www.sejourprive.com\/?s={search_term_string}\"},\"query-input\":{\"@type\":\"PropertyValueSpecification\",\"valueRequired\":true,\"valueName\":\"search_term_string\"}}],\"inLanguage\":\"en-GB\"},{\"@type\":\"Organization\",\"@id\":\"https:\/\/www.sejourprive.com\/#organization\",\"name\":\"S\u00e9jour Priv\u00e9\",\"url\":\"https:\/\/www.sejourprive.com\/\",\"logo\":{\"@type\":\"ImageObject\",\"inLanguage\":\"en-GB\",\"@id\":\"https:\/\/www.sejourprive.com\/#\/schema\/logo\/image\/\",\"url\":\"https:\/\/www.sejourprive.com\/wp-content\/uploads\/2026\/02\/SP-Apple-touch-144-couleur-1-2.png\",\"contentUrl\":\"https:\/\/www.sejourprive.com\/wp-content\/uploads\/2026\/02\/SP-Apple-touch-144-couleur-1-2.png\",\"width\":145,\"height\":145,\"caption\":\"S\u00e9jour Priv\u00e9\"},\"image\":{\"@id\":\"https:\/\/www.sejourprive.com\/#\/schema\/logo\/image\/\"}}]}<\/script>\n<!-- \/ Yoast SEO plugin. -->","yoast_head_json":{"title":"Villa Aroeira, Carvalhal, Comporta & Melides, Portugal - S\u00e9jour Priv\u00e9","description":"Nich\u00e9e au c\u0153ur de la campagne pr\u00e9serv\u00e9e de Comporta, la Villa Aroeira incarne l'\u00e9l\u00e9gance naturelle et le charme discret de la r\u00e9gion. Son architecture","robots":{"index":"index","follow":"follow","max-snippet":"max-snippet:-1","max-image-preview":"max-image-preview:large","max-video-preview":"max-video-preview:-1"},"canonical":"https:\/\/www.sejourprive.com\/en\/biens\/villa-aroeira-carvalhal-comporta-melides-portugal\/","og_locale":"en_GB","og_type":"article","og_title":"Villa Aroeira, Carvalhal, Comporta & Melides, Portugal - S\u00e9jour Priv\u00e9","og_description":"Nich\u00e9e au c\u0153ur de la campagne pr\u00e9serv\u00e9e de Comporta, la Villa Aroeira incarne l'\u00e9l\u00e9gance naturelle et le charme discret de la r\u00e9gion. Son architecture","og_url":"https:\/\/www.sejourprive.com\/en\/biens\/villa-aroeira-carvalhal-comporta-melides-portugal\/","og_site_name":"S\u00e9jour Priv\u00e9","og_image":[{"width":1200,"height":800,"url":"https:\/\/www.sejourprive.com\/wp-content\/uploads\/2026\/04\/0-100.jpg","type":"image\/jpeg"}],"twitter_card":"summary_large_image","twitter_misc":{"Estimated reading time":"1 minute"},"schema":{"@context":"https:\/\/schema.org","@graph":[{"@type":"WebPage","@id":"https:\/\/www.sejourprive.com\/biens\/villa-aroeira-carvalhal-comporta-melides-portugal\/","url":"https:\/\/www.sejourprive.com\/biens\/villa-aroeira-carvalhal-comporta-melides-portugal\/","name":"Villa Aroeira, Carvalhal, Comporta & Melides, Portugal - S\u00e9jour Priv\u00e9","isPartOf":{"@id":"https:\/\/www.sejourprive.com\/#website"},"primaryImageOfPage":{"@id":"https:\/\/www.sejourprive.com\/biens\/villa-aroeira-carvalhal-comporta-melides-portugal\/#primaryimage"},"image":{"@id":"https:\/\/www.sejourprive.com\/biens\/villa-aroeira-carvalhal-comporta-melides-portugal\/#primaryimage"},"thumbnailUrl":"https:\/\/www.sejourprive.com\/wp-content\/uploads\/2026\/04\/0-100.jpg","datePublished":"2026-04-21T10:01:23+00:00","description":"Nich\u00e9e au c\u0153ur de la campagne pr\u00e9serv\u00e9e de Comporta, la Villa Aroeira incarne l'\u00e9l\u00e9gance naturelle et le charme discret de la r\u00e9gion. Son architecture","breadcrumb":{"@id":"https:\/\/www.sejourprive.com\/biens\/villa-aroeira-carvalhal-comporta-melides-portugal\/#breadcrumb"},"inLanguage":"en-GB","potentialAction":[{"@type":"ReadAction","target":["https:\/\/www.sejourprive.com\/biens\/villa-aroeira-carvalhal-comporta-melides-portugal\/"]}]},{"@type":"ImageObject","inLanguage":"en-GB","@id":"https:\/\/www.sejourprive.com\/biens\/villa-aroeira-carvalhal-comporta-melides-portugal\/#primaryimage","url":"https:\/\/www.sejourprive.com\/wp-content\/uploads\/2026\/04\/0-100.jpg","contentUrl":"https:\/\/www.sejourprive.com\/wp-content\/uploads\/2026\/04\/0-100.jpg","width":1200,"height":800},{"@type":"BreadcrumbList","@id":"https:\/\/www.sejourprive.com\/biens\/villa-aroeira-carvalhal-comporta-melides-portugal\/#breadcrumb","itemListElement":[{"@type":"ListItem","position":1,"name":"Accueil","item":"https:\/\/www.sejourprive.com\/"},{"@type":"ListItem","position":2,"name":"Shop","item":"https:\/\/www.sejourprive.com\/shop\/"},{"@type":"ListItem","position":3,"name":"Villa Aroeira, Carvalhal, Comporta &#038; Melides, Portugal"}]},{"@type":"WebSite","@id":"https:\/\/www.sejourprive.com\/#website","url":"https:\/\/www.sejourprive.com\/","name":"Private Stay","description":"We design exceptional holidays for you.","publisher":{"@id":"https:\/\/www.sejourprive.com\/#organization"},"potentialAction":[{"@type":"SearchAction","target":{"@type":"EntryPoint","urlTemplate":"https:\/\/www.sejourprive.com\/?s={search_term_string}"},"query-input":{"@type":"PropertyValueSpecification","valueRequired":true,"valueName":"search_term_string"}}],"inLanguage":"en-GB"},{"@type":"Organization","@id":"https:\/\/www.sejourprive.com\/#organization","name":"Private Stay","url":"https:\/\/www.sejourprive.com\/","logo":{"@type":"ImageObject","inLanguage":"en-GB","@id":"https:\/\/www.sejourprive.com\/#\/schema\/logo\/image\/","url":"https:\/\/www.sejourprive.com\/wp-content\/uploads\/2026\/02\/SP-Apple-touch-144-couleur-1-2.png","contentUrl":"https:\/\/www.sejourprive.com\/wp-content\/uploads\/2026\/02\/SP-Apple-touch-144-couleur-1-2.png","width":145,"height":145,"caption":"S\u00e9jour Priv\u00e9"},"image":{"@id":"https:\/\/www.sejourprive.com\/#\/schema\/logo\/image\/"}}]}},"_links":{"self":[{"href":"https:\/\/www.sejourprive.com\/en\/wp-json\/wp\/v2\/product\/60948","targetHints":{"allow":["GET"]}}],"collection":[{"href":"https:\/\/www.sejourprive.com\/en\/wp-json\/wp\/v2\/product"}],"about":[{"href":"https:\/\/www.sejourprive.com\/en\/wp-json\/wp\/v2\/types\/product"}],"replies":[{"embeddable":true,"href":"https:\/\/www.sejourprive.com\/en\/wp-json\/wp\/v2\/comments?post=60948"}],"version-history":[{"count":2,"href":"https:\/\/www.sejourprive.com\/en\/wp-json\/wp\/v2\/product\/60948\/revisions"}],"predecessor-version":[{"id":61468,"href":"https:\/\/www.sejourprive.com\/en\/wp-json\/wp\/v2\/product\/60948\/revisions\/61468"}],"wp:featuredmedia":[{"embeddable":true,"href":"https:\/\/www.sejourprive.com\/en\/wp-json\/wp\/v2\/media\/60950"}],"wp:attachment":[{"href":"https:\/\/www.sejourprive.com\/en\/wp-json\/wp\/v2\/media?parent=60948"}],"wp:term":[{"taxonomy":"product_brand","embeddable":true,"href":"https:\/\/www.sejourprive.com\/en\/wp-json\/wp\/v2\/product_brand?post=60948"},{"taxonomy":"product_cat","embeddable":true,"href":"https:\/\/www.sejourprive.com\/en\/wp-json\/wp\/v2\/product_cat?post=60948"},{"taxonomy":"product_tag","embeddable":true,"href":"https:\/\/www.sejourprive.com\/en\/wp-json\/wp\/v2\/product_tag?post=60948"}],"curies":[{"name":"wp","href":"https:\/\/api.w.org\/{rel}","templated":true}]}}