{"id":60241,"date":"2026-04-19T12:24:10","date_gmt":"2026-04-19T10:24:10","guid":{"rendered":"https:\/\/www.sejourprive.com\/?post_type=product&#038;p=60241"},"modified":"2026-04-19T12:24:10","modified_gmt":"2026-04-19T10:24:10","slug":"villa-pepita-carvalhal-comporta-melides-portugal","status":"publish","type":"product","link":"https:\/\/www.sejourprive.com\/en\/biens\/villa-pepita-carvalhal-comporta-melides-portugal\/","title":{"rendered":"Villa Pepita, Carvalhal, Comporta &amp; Melides, Portugal"},"content":{"rendered":"<p>Avec son toit de chaume, ses rayures blanches et ses pergolas en bois, la Villa Pepita \u00e9voque une cabane de p\u00eacheur chaleureuse. \u00c0 l&#8217;int\u00e9rieur, les touches arty bleu paon apportent de la chaleur aux murs immacul\u00e9s et au b\u00e9ton cir\u00e9 gris perle. Les luminaires artisanaux, le mobilier en osier et les tapis tiss\u00e9s conf\u00e8rent au d\u00e9cor une touche boh\u00e8me.<span><div class=\"read-more-wrapper\"><a class=\"read-more-button\" data-target=\"read-more-69f72eca37c38\" data-more-text=\"Read more\" data-less-text=\"Read less\"><span class=\"read-more-text\">Read more<\/span><\/a><div id=\"read-more-69f72eca37c38\" class=\"read-more-content\"> <\/span><\/p>\n<p>Des chaises scandinaves d\u00e9pareill\u00e9es, dispos\u00e9es autour de la grande table en bois de r\u00e9cup\u00e9ration, ajoutent une touche de modernit\u00e9. Sur les \u00e9tag\u00e8res de la grande biblioth\u00e8que, les livres et les vases en verre c\u00f4toient les bibelots chin\u00e9s au march\u00e9 aux puces. Dans les chambres, le mobilier de bord de mer et l\u2019art contemporain se m\u00ealent \u00e0 des objets d\u2019inspiration africaine, des photos de la savane et des gravures color\u00e9es. <\/p>\n<p>Prenez votre petit-d\u00e9jeuner sous la pergola couverte tout en admirant la vue sur le jardin m\u00e9diterran\u00e9en peupl\u00e9 de l\u00e9zards et d\u2019oiseaux migrateurs. La nature sauvage semble s\u2019\u00e9tendre \u00e0 perte de vue. Traversez les champs et les rizi\u00e8res pour rejoindre la plage de Praia Do Pego. Sur la terrasse sur pilotis du restaurant Sal, d\u00e9gustez une assiette de palourdes arros\u00e9es de jus de citron tout en \u00e9coutant les vagues se briser sur la plage.  De retour \u00e0 la villa, faites quelques longueurs dans la piscine pour vous rafra\u00eechir ou sirotez un mojito les pieds enfonc\u00e9s dans le sable.<\/div><\/div><\/p>","protected":false},"excerpt":{"rendered":"<p>Avec son toit de chaume, ses rayures blanches et ses pergolas en bois, la Villa Pepita \u00e9voque une cabane de&#8230;<\/p>","protected":false},"featured_media":60243,"comment_status":"open","ping_status":"closed","template":"","meta":{"_acf_changed":false},"product_brand":[],"product_cat":[15],"product_tag":[],"class_list":{"0":"post-60241","1":"product","2":"type-product","3":"status-publish","4":"has-post-thumbnail","6":"product_cat-villa","7":"property_location-comporta-melides","8":"property_location-portugal","10":"first","11":"instock","12":"sold-individually","13":"shipping-taxable","14":"purchasable","15":"product-type-simple"},"acf":[],"yoast_head":"<!-- This site is optimized with the Yoast SEO plugin v26.6 - https:\/\/yoast.com\/wordpress\/plugins\/seo\/ -->\n<title>Villa Pepita, Carvalhal, Comporta &amp; Melides, Portugal - S\u00e9jour Priv\u00e9<\/title>\n<meta name=\"description\" content=\"Avec son toit de chaume, ses rayures blanches et ses pergolas en bois, la Villa Pepita \u00e9voque une cabane de p\u00eacheur chaleureuse. \u00c0 l&#039;int\u00e9rieur, les\" \/>\n<meta name=\"robots\" content=\"index, follow, max-snippet:-1, max-image-preview:large, max-video-preview:-1\" \/>\n<link rel=\"canonical\" href=\"https:\/\/www.sejourprive.com\/en\/biens\/villa-pepita-carvalhal-comporta-melides-portugal\/\" \/>\n<meta property=\"og:locale\" content=\"en_GB\" \/>\n<meta property=\"og:type\" content=\"article\" \/>\n<meta property=\"og:title\" content=\"Villa Pepita, Carvalhal, Comporta &amp; Melides, Portugal - S\u00e9jour Priv\u00e9\" \/>\n<meta property=\"og:description\" content=\"Avec son toit de chaume, ses rayures blanches et ses pergolas en bois, la Villa Pepita \u00e9voque une cabane de p\u00eacheur chaleureuse. \u00c0 l&#039;int\u00e9rieur, les\" \/>\n<meta property=\"og:url\" content=\"https:\/\/www.sejourprive.com\/en\/biens\/villa-pepita-carvalhal-comporta-melides-portugal\/\" \/>\n<meta property=\"og:site_name\" content=\"S\u00e9jour Priv\u00e9\" \/>\n<meta property=\"og:image\" content=\"https:\/\/www.sejourprive.com\/wp-content\/uploads\/2026\/04\/0-91.jpg\" \/>\n\t<meta property=\"og:image:width\" content=\"1200\" \/>\n\t<meta property=\"og:image:height\" content=\"800\" \/>\n\t<meta property=\"og:image:type\" content=\"image\/jpeg\" \/>\n<meta name=\"twitter:card\" content=\"summary_large_image\" \/>\n<meta name=\"twitter:label1\" content=\"Estimated reading time\" \/>\n\t<meta name=\"twitter:data1\" content=\"2 minutes\" \/>\n<script type=\"application\/ld+json\" class=\"yoast-schema-graph\">{\"@context\":\"https:\/\/schema.org\",\"@graph\":[{\"@type\":\"WebPage\",\"@id\":\"https:\/\/www.sejourprive.com\/biens\/villa-pepita-carvalhal-comporta-melides-portugal\/\",\"url\":\"https:\/\/www.sejourprive.com\/biens\/villa-pepita-carvalhal-comporta-melides-portugal\/\",\"name\":\"Villa Pepita, Carvalhal, Comporta & Melides, Portugal - S\u00e9jour Priv\u00e9\",\"isPartOf\":{\"@id\":\"https:\/\/www.sejourprive.com\/#website\"},\"primaryImageOfPage\":{\"@id\":\"https:\/\/www.sejourprive.com\/biens\/villa-pepita-carvalhal-comporta-melides-portugal\/#primaryimage\"},\"image\":{\"@id\":\"https:\/\/www.sejourprive.com\/biens\/villa-pepita-carvalhal-comporta-melides-portugal\/#primaryimage\"},\"thumbnailUrl\":\"https:\/\/www.sejourprive.com\/wp-content\/uploads\/2026\/04\/0-91.jpg\",\"datePublished\":\"2026-04-19T10:24:10+00:00\",\"description\":\"Avec son toit de chaume, ses rayures blanches et ses pergolas en bois, la Villa Pepita \u00e9voque une cabane de p\u00eacheur chaleureuse. \u00c0 l'int\u00e9rieur, les\",\"breadcrumb\":{\"@id\":\"https:\/\/www.sejourprive.com\/biens\/villa-pepita-carvalhal-comporta-melides-portugal\/#breadcrumb\"},\"inLanguage\":\"en-GB\",\"potentialAction\":[{\"@type\":\"ReadAction\",\"target\":[\"https:\/\/www.sejourprive.com\/biens\/villa-pepita-carvalhal-comporta-melides-portugal\/\"]}]},{\"@type\":\"ImageObject\",\"inLanguage\":\"en-GB\",\"@id\":\"https:\/\/www.sejourprive.com\/biens\/villa-pepita-carvalhal-comporta-melides-portugal\/#primaryimage\",\"url\":\"https:\/\/www.sejourprive.com\/wp-content\/uploads\/2026\/04\/0-91.jpg\",\"contentUrl\":\"https:\/\/www.sejourprive.com\/wp-content\/uploads\/2026\/04\/0-91.jpg\",\"width\":1200,\"height\":800},{\"@type\":\"BreadcrumbList\",\"@id\":\"https:\/\/www.sejourprive.com\/biens\/villa-pepita-carvalhal-comporta-melides-portugal\/#breadcrumb\",\"itemListElement\":[{\"@type\":\"ListItem\",\"position\":1,\"name\":\"Accueil\",\"item\":\"https:\/\/www.sejourprive.com\/\"},{\"@type\":\"ListItem\",\"position\":2,\"name\":\"Shop\",\"item\":\"https:\/\/www.sejourprive.com\/shop\/\"},{\"@type\":\"ListItem\",\"position\":3,\"name\":\"Villa Pepita, Carvalhal, Comporta &#038; Melides, Portugal\"}]},{\"@type\":\"WebSite\",\"@id\":\"https:\/\/www.sejourprive.com\/#website\",\"url\":\"https:\/\/www.sejourprive.com\/\",\"name\":\"S\u00e9jour Priv\u00e9\",\"description\":\"Nous imaginons pour vous des s\u00e9jours d\u2019exception.\",\"publisher\":{\"@id\":\"https:\/\/www.sejourprive.com\/#organization\"},\"potentialAction\":[{\"@type\":\"SearchAction\",\"target\":{\"@type\":\"EntryPoint\",\"urlTemplate\":\"https:\/\/www.sejourprive.com\/?s={search_term_string}\"},\"query-input\":{\"@type\":\"PropertyValueSpecification\",\"valueRequired\":true,\"valueName\":\"search_term_string\"}}],\"inLanguage\":\"en-GB\"},{\"@type\":\"Organization\",\"@id\":\"https:\/\/www.sejourprive.com\/#organization\",\"name\":\"S\u00e9jour Priv\u00e9\",\"url\":\"https:\/\/www.sejourprive.com\/\",\"logo\":{\"@type\":\"ImageObject\",\"inLanguage\":\"en-GB\",\"@id\":\"https:\/\/www.sejourprive.com\/#\/schema\/logo\/image\/\",\"url\":\"https:\/\/www.sejourprive.com\/wp-content\/uploads\/2026\/02\/SP-Apple-touch-144-couleur-1-2.png\",\"contentUrl\":\"https:\/\/www.sejourprive.com\/wp-content\/uploads\/2026\/02\/SP-Apple-touch-144-couleur-1-2.png\",\"width\":145,\"height\":145,\"caption\":\"S\u00e9jour Priv\u00e9\"},\"image\":{\"@id\":\"https:\/\/www.sejourprive.com\/#\/schema\/logo\/image\/\"}}]}<\/script>\n<!-- \/ Yoast SEO plugin. -->","yoast_head_json":{"title":"Villa Pepita, Carvalhal, Comporta & Melides, Portugal - S\u00e9jour Priv\u00e9","description":"Avec son toit de chaume, ses rayures blanches et ses pergolas en bois, la Villa Pepita \u00e9voque une cabane de p\u00eacheur chaleureuse. \u00c0 l'int\u00e9rieur, les","robots":{"index":"index","follow":"follow","max-snippet":"max-snippet:-1","max-image-preview":"max-image-preview:large","max-video-preview":"max-video-preview:-1"},"canonical":"https:\/\/www.sejourprive.com\/en\/biens\/villa-pepita-carvalhal-comporta-melides-portugal\/","og_locale":"en_GB","og_type":"article","og_title":"Villa Pepita, Carvalhal, Comporta & Melides, Portugal - S\u00e9jour Priv\u00e9","og_description":"Avec son toit de chaume, ses rayures blanches et ses pergolas en bois, la Villa Pepita \u00e9voque une cabane de p\u00eacheur chaleureuse. \u00c0 l'int\u00e9rieur, les","og_url":"https:\/\/www.sejourprive.com\/en\/biens\/villa-pepita-carvalhal-comporta-melides-portugal\/","og_site_name":"S\u00e9jour Priv\u00e9","og_image":[{"width":1200,"height":800,"url":"https:\/\/www.sejourprive.com\/wp-content\/uploads\/2026\/04\/0-91.jpg","type":"image\/jpeg"}],"twitter_card":"summary_large_image","twitter_misc":{"Estimated reading time":"2 minutes"},"schema":{"@context":"https:\/\/schema.org","@graph":[{"@type":"WebPage","@id":"https:\/\/www.sejourprive.com\/biens\/villa-pepita-carvalhal-comporta-melides-portugal\/","url":"https:\/\/www.sejourprive.com\/biens\/villa-pepita-carvalhal-comporta-melides-portugal\/","name":"Villa Pepita, Carvalhal, Comporta & Melides, Portugal - S\u00e9jour Priv\u00e9","isPartOf":{"@id":"https:\/\/www.sejourprive.com\/#website"},"primaryImageOfPage":{"@id":"https:\/\/www.sejourprive.com\/biens\/villa-pepita-carvalhal-comporta-melides-portugal\/#primaryimage"},"image":{"@id":"https:\/\/www.sejourprive.com\/biens\/villa-pepita-carvalhal-comporta-melides-portugal\/#primaryimage"},"thumbnailUrl":"https:\/\/www.sejourprive.com\/wp-content\/uploads\/2026\/04\/0-91.jpg","datePublished":"2026-04-19T10:24:10+00:00","description":"Avec son toit de chaume, ses rayures blanches et ses pergolas en bois, la Villa Pepita \u00e9voque une cabane de p\u00eacheur chaleureuse. \u00c0 l'int\u00e9rieur, les","breadcrumb":{"@id":"https:\/\/www.sejourprive.com\/biens\/villa-pepita-carvalhal-comporta-melides-portugal\/#breadcrumb"},"inLanguage":"en-GB","potentialAction":[{"@type":"ReadAction","target":["https:\/\/www.sejourprive.com\/biens\/villa-pepita-carvalhal-comporta-melides-portugal\/"]}]},{"@type":"ImageObject","inLanguage":"en-GB","@id":"https:\/\/www.sejourprive.com\/biens\/villa-pepita-carvalhal-comporta-melides-portugal\/#primaryimage","url":"https:\/\/www.sejourprive.com\/wp-content\/uploads\/2026\/04\/0-91.jpg","contentUrl":"https:\/\/www.sejourprive.com\/wp-content\/uploads\/2026\/04\/0-91.jpg","width":1200,"height":800},{"@type":"BreadcrumbList","@id":"https:\/\/www.sejourprive.com\/biens\/villa-pepita-carvalhal-comporta-melides-portugal\/#breadcrumb","itemListElement":[{"@type":"ListItem","position":1,"name":"Accueil","item":"https:\/\/www.sejourprive.com\/"},{"@type":"ListItem","position":2,"name":"Shop","item":"https:\/\/www.sejourprive.com\/shop\/"},{"@type":"ListItem","position":3,"name":"Villa Pepita, Carvalhal, Comporta &#038; Melides, Portugal"}]},{"@type":"WebSite","@id":"https:\/\/www.sejourprive.com\/#website","url":"https:\/\/www.sejourprive.com\/","name":"Private Stay","description":"We design exceptional holidays for you.","publisher":{"@id":"https:\/\/www.sejourprive.com\/#organization"},"potentialAction":[{"@type":"SearchAction","target":{"@type":"EntryPoint","urlTemplate":"https:\/\/www.sejourprive.com\/?s={search_term_string}"},"query-input":{"@type":"PropertyValueSpecification","valueRequired":true,"valueName":"search_term_string"}}],"inLanguage":"en-GB"},{"@type":"Organization","@id":"https:\/\/www.sejourprive.com\/#organization","name":"Private Stay","url":"https:\/\/www.sejourprive.com\/","logo":{"@type":"ImageObject","inLanguage":"en-GB","@id":"https:\/\/www.sejourprive.com\/#\/schema\/logo\/image\/","url":"https:\/\/www.sejourprive.com\/wp-content\/uploads\/2026\/02\/SP-Apple-touch-144-couleur-1-2.png","contentUrl":"https:\/\/www.sejourprive.com\/wp-content\/uploads\/2026\/02\/SP-Apple-touch-144-couleur-1-2.png","width":145,"height":145,"caption":"S\u00e9jour Priv\u00e9"},"image":{"@id":"https:\/\/www.sejourprive.com\/#\/schema\/logo\/image\/"}}]}},"_links":{"self":[{"href":"https:\/\/www.sejourprive.com\/en\/wp-json\/wp\/v2\/product\/60241","targetHints":{"allow":["GET"]}}],"collection":[{"href":"https:\/\/www.sejourprive.com\/en\/wp-json\/wp\/v2\/product"}],"about":[{"href":"https:\/\/www.sejourprive.com\/en\/wp-json\/wp\/v2\/types\/product"}],"replies":[{"embeddable":true,"href":"https:\/\/www.sejourprive.com\/en\/wp-json\/wp\/v2\/comments?post=60241"}],"version-history":[{"count":1,"href":"https:\/\/www.sejourprive.com\/en\/wp-json\/wp\/v2\/product\/60241\/revisions"}],"predecessor-version":[{"id":60242,"href":"https:\/\/www.sejourprive.com\/en\/wp-json\/wp\/v2\/product\/60241\/revisions\/60242"}],"wp:featuredmedia":[{"embeddable":true,"href":"https:\/\/www.sejourprive.com\/en\/wp-json\/wp\/v2\/media\/60243"}],"wp:attachment":[{"href":"https:\/\/www.sejourprive.com\/en\/wp-json\/wp\/v2\/media?parent=60241"}],"wp:term":[{"taxonomy":"product_brand","embeddable":true,"href":"https:\/\/www.sejourprive.com\/en\/wp-json\/wp\/v2\/product_brand?post=60241"},{"taxonomy":"product_cat","embeddable":true,"href":"https:\/\/www.sejourprive.com\/en\/wp-json\/wp\/v2\/product_cat?post=60241"},{"taxonomy":"product_tag","embeddable":true,"href":"https:\/\/www.sejourprive.com\/en\/wp-json\/wp\/v2\/product_tag?post=60241"}],"curies":[{"name":"wp","href":"https:\/\/api.w.org\/{rel}","templated":true}]}}