{"id":60198,"date":"2026-04-19T12:22:48","date_gmt":"2026-04-19T10:22:48","guid":{"rendered":"https:\/\/www.sejourprive.com\/?post_type=product&#038;p=60198"},"modified":"2026-04-19T12:22:48","modified_gmt":"2026-04-19T10:22:48","slug":"villa-lagoa-comporta-portugal","status":"publish","type":"product","link":"https:\/\/www.sejourprive.com\/en\/biens\/villa-lagoa-comporta-portugal\/","title":{"rendered":"Villa Lagoa, Comporta, Portugal"},"content":{"rendered":"<p>Nich\u00e9e au c\u0153ur du paysage naturel \u00e9poustouflant de Comporta, la Villa Lagoa est un havre de tranquillit\u00e9 et de luxe simple. Son design contemporain, lumineux et spacieux, invite le regard \u00e0 se poser sur le paysage aux couleurs chatoyantes qui s&#8217;\u00e9tend \u00e0 l&#8217;ext\u00e9rieur, \u00e0 travers les grandes baies vitr\u00e9es.<span><div class=\"read-more-wrapper\"><a class=\"read-more-button\" data-target=\"read-more-69f440d36e025\" data-more-text=\"Read more\" data-less-text=\"Read less\"><span class=\"read-more-text\">Read more<\/span><\/a><div id=\"read-more-69f440d36e025\" class=\"read-more-content\"> <\/span><\/p>\n<p>Votre journ\u00e9e \u00e0 la Villa Lagoa pourrait commencer par une s\u00e9ance de yoga paisible sur la vaste terrasse en bois, en respirant l&#8217;air frais de la mer. Ensuite, vous pourrez choisir de piquer une t\u00eate rafra\u00eechissante dans la piscine ext\u00e9rieure chauff\u00e9e, ou simplement vous pr\u00e9lasser sur la terrasse ensoleill\u00e9e, en profitant du soleil portugais. Vous pourrez passer votre apr\u00e8s-midi sur les plages de Pego ou de Carvalhal, toutes deux situ\u00e9es \u00e0 seulement 15 minutes \u00e0 pied, ou perfectionner votre swing sur le parcours de golf voisin jusqu\u2019\u00e0 ce que le coucher de soleil commence \u00e0 plonger le paysage dans sa lueur dor\u00e9e.<\/div><\/div><\/p>","protected":false},"excerpt":{"rendered":"<p>Nich\u00e9e au c\u0153ur du paysage naturel \u00e9poustouflant de Comporta, la Villa Lagoa est un havre de tranquillit\u00e9 et de luxe&#8230;<\/p>","protected":false},"featured_media":60200,"comment_status":"open","ping_status":"closed","template":"","meta":{"_acf_changed":false},"product_brand":[],"product_cat":[15],"product_tag":[],"class_list":{"0":"post-60198","1":"product","2":"type-product","3":"status-publish","4":"has-post-thumbnail","6":"product_cat-villa","7":"property_location-comporta-melides","8":"property_location-portugal","10":"first","11":"instock","12":"sold-individually","13":"shipping-taxable","14":"purchasable","15":"product-type-simple"},"acf":[],"yoast_head":"<!-- This site is optimized with the Yoast SEO plugin v26.6 - https:\/\/yoast.com\/wordpress\/plugins\/seo\/ -->\n<title>Villa Lagoa, Comporta, Portugal - S\u00e9jour Priv\u00e9<\/title>\n<meta name=\"description\" content=\"Nich\u00e9e au c\u0153ur du paysage naturel \u00e9poustouflant de Comporta, la Villa Lagoa est un havre de tranquillit\u00e9 et de luxe simple. Son design contemporain,\" \/>\n<meta name=\"robots\" content=\"index, follow, max-snippet:-1, max-image-preview:large, max-video-preview:-1\" \/>\n<link rel=\"canonical\" href=\"https:\/\/www.sejourprive.com\/en\/biens\/villa-lagoa-comporta-portugal\/\" \/>\n<meta property=\"og:locale\" content=\"en_GB\" \/>\n<meta property=\"og:type\" content=\"article\" \/>\n<meta property=\"og:title\" content=\"Villa Lagoa, Comporta, Portugal - S\u00e9jour Priv\u00e9\" \/>\n<meta property=\"og:description\" content=\"Nich\u00e9e au c\u0153ur du paysage naturel \u00e9poustouflant de Comporta, la Villa Lagoa est un havre de tranquillit\u00e9 et de luxe simple. Son design contemporain,\" \/>\n<meta property=\"og:url\" content=\"https:\/\/www.sejourprive.com\/en\/biens\/villa-lagoa-comporta-portugal\/\" \/>\n<meta property=\"og:site_name\" content=\"S\u00e9jour Priv\u00e9\" \/>\n<meta property=\"og:image\" content=\"https:\/\/www.sejourprive.com\/wp-content\/uploads\/2026\/04\/0-90.jpg\" \/>\n\t<meta property=\"og:image:width\" content=\"1200\" \/>\n\t<meta property=\"og:image:height\" content=\"801\" \/>\n\t<meta property=\"og:image:type\" content=\"image\/jpeg\" \/>\n<meta name=\"twitter:card\" content=\"summary_large_image\" \/>\n<meta name=\"twitter:label1\" content=\"Estimated reading time\" \/>\n\t<meta name=\"twitter:data1\" content=\"1 minute\" \/>\n<script type=\"application\/ld+json\" class=\"yoast-schema-graph\">{\"@context\":\"https:\/\/schema.org\",\"@graph\":[{\"@type\":\"WebPage\",\"@id\":\"https:\/\/www.sejourprive.com\/biens\/villa-lagoa-comporta-portugal\/\",\"url\":\"https:\/\/www.sejourprive.com\/biens\/villa-lagoa-comporta-portugal\/\",\"name\":\"Villa Lagoa, Comporta, Portugal - S\u00e9jour Priv\u00e9\",\"isPartOf\":{\"@id\":\"https:\/\/www.sejourprive.com\/#website\"},\"primaryImageOfPage\":{\"@id\":\"https:\/\/www.sejourprive.com\/biens\/villa-lagoa-comporta-portugal\/#primaryimage\"},\"image\":{\"@id\":\"https:\/\/www.sejourprive.com\/biens\/villa-lagoa-comporta-portugal\/#primaryimage\"},\"thumbnailUrl\":\"https:\/\/www.sejourprive.com\/wp-content\/uploads\/2026\/04\/0-90.jpg\",\"datePublished\":\"2026-04-19T10:22:48+00:00\",\"description\":\"Nich\u00e9e au c\u0153ur du paysage naturel \u00e9poustouflant de Comporta, la Villa Lagoa est un havre de tranquillit\u00e9 et de luxe simple. Son design contemporain,\",\"breadcrumb\":{\"@id\":\"https:\/\/www.sejourprive.com\/biens\/villa-lagoa-comporta-portugal\/#breadcrumb\"},\"inLanguage\":\"en-GB\",\"potentialAction\":[{\"@type\":\"ReadAction\",\"target\":[\"https:\/\/www.sejourprive.com\/biens\/villa-lagoa-comporta-portugal\/\"]}]},{\"@type\":\"ImageObject\",\"inLanguage\":\"en-GB\",\"@id\":\"https:\/\/www.sejourprive.com\/biens\/villa-lagoa-comporta-portugal\/#primaryimage\",\"url\":\"https:\/\/www.sejourprive.com\/wp-content\/uploads\/2026\/04\/0-90.jpg\",\"contentUrl\":\"https:\/\/www.sejourprive.com\/wp-content\/uploads\/2026\/04\/0-90.jpg\",\"width\":1200,\"height\":801},{\"@type\":\"BreadcrumbList\",\"@id\":\"https:\/\/www.sejourprive.com\/biens\/villa-lagoa-comporta-portugal\/#breadcrumb\",\"itemListElement\":[{\"@type\":\"ListItem\",\"position\":1,\"name\":\"Accueil\",\"item\":\"https:\/\/www.sejourprive.com\/\"},{\"@type\":\"ListItem\",\"position\":2,\"name\":\"Shop\",\"item\":\"https:\/\/www.sejourprive.com\/shop\/\"},{\"@type\":\"ListItem\",\"position\":3,\"name\":\"Villa Lagoa, Comporta, Portugal\"}]},{\"@type\":\"WebSite\",\"@id\":\"https:\/\/www.sejourprive.com\/#website\",\"url\":\"https:\/\/www.sejourprive.com\/\",\"name\":\"S\u00e9jour Priv\u00e9\",\"description\":\"Nous imaginons pour vous des s\u00e9jours d\u2019exception.\",\"publisher\":{\"@id\":\"https:\/\/www.sejourprive.com\/#organization\"},\"potentialAction\":[{\"@type\":\"SearchAction\",\"target\":{\"@type\":\"EntryPoint\",\"urlTemplate\":\"https:\/\/www.sejourprive.com\/?s={search_term_string}\"},\"query-input\":{\"@type\":\"PropertyValueSpecification\",\"valueRequired\":true,\"valueName\":\"search_term_string\"}}],\"inLanguage\":\"en-GB\"},{\"@type\":\"Organization\",\"@id\":\"https:\/\/www.sejourprive.com\/#organization\",\"name\":\"S\u00e9jour Priv\u00e9\",\"url\":\"https:\/\/www.sejourprive.com\/\",\"logo\":{\"@type\":\"ImageObject\",\"inLanguage\":\"en-GB\",\"@id\":\"https:\/\/www.sejourprive.com\/#\/schema\/logo\/image\/\",\"url\":\"https:\/\/www.sejourprive.com\/wp-content\/uploads\/2026\/02\/SP-Apple-touch-144-couleur-1-2.png\",\"contentUrl\":\"https:\/\/www.sejourprive.com\/wp-content\/uploads\/2026\/02\/SP-Apple-touch-144-couleur-1-2.png\",\"width\":145,\"height\":145,\"caption\":\"S\u00e9jour Priv\u00e9\"},\"image\":{\"@id\":\"https:\/\/www.sejourprive.com\/#\/schema\/logo\/image\/\"}}]}<\/script>\n<!-- \/ Yoast SEO plugin. -->","yoast_head_json":{"title":"Villa Lagoa, Comporta, Portugal - S\u00e9jour Priv\u00e9","description":"Nich\u00e9e au c\u0153ur du paysage naturel \u00e9poustouflant de Comporta, la Villa Lagoa est un havre de tranquillit\u00e9 et de luxe simple. Son design contemporain,","robots":{"index":"index","follow":"follow","max-snippet":"max-snippet:-1","max-image-preview":"max-image-preview:large","max-video-preview":"max-video-preview:-1"},"canonical":"https:\/\/www.sejourprive.com\/en\/biens\/villa-lagoa-comporta-portugal\/","og_locale":"en_GB","og_type":"article","og_title":"Villa Lagoa, Comporta, Portugal - S\u00e9jour Priv\u00e9","og_description":"Nich\u00e9e au c\u0153ur du paysage naturel \u00e9poustouflant de Comporta, la Villa Lagoa est un havre de tranquillit\u00e9 et de luxe simple. Son design contemporain,","og_url":"https:\/\/www.sejourprive.com\/en\/biens\/villa-lagoa-comporta-portugal\/","og_site_name":"S\u00e9jour Priv\u00e9","og_image":[{"width":1200,"height":801,"url":"https:\/\/www.sejourprive.com\/wp-content\/uploads\/2026\/04\/0-90.jpg","type":"image\/jpeg"}],"twitter_card":"summary_large_image","twitter_misc":{"Estimated reading time":"1 minute"},"schema":{"@context":"https:\/\/schema.org","@graph":[{"@type":"WebPage","@id":"https:\/\/www.sejourprive.com\/biens\/villa-lagoa-comporta-portugal\/","url":"https:\/\/www.sejourprive.com\/biens\/villa-lagoa-comporta-portugal\/","name":"Villa Lagoa, Comporta, Portugal - S\u00e9jour Priv\u00e9","isPartOf":{"@id":"https:\/\/www.sejourprive.com\/#website"},"primaryImageOfPage":{"@id":"https:\/\/www.sejourprive.com\/biens\/villa-lagoa-comporta-portugal\/#primaryimage"},"image":{"@id":"https:\/\/www.sejourprive.com\/biens\/villa-lagoa-comporta-portugal\/#primaryimage"},"thumbnailUrl":"https:\/\/www.sejourprive.com\/wp-content\/uploads\/2026\/04\/0-90.jpg","datePublished":"2026-04-19T10:22:48+00:00","description":"Nich\u00e9e au c\u0153ur du paysage naturel \u00e9poustouflant de Comporta, la Villa Lagoa est un havre de tranquillit\u00e9 et de luxe simple. Son design contemporain,","breadcrumb":{"@id":"https:\/\/www.sejourprive.com\/biens\/villa-lagoa-comporta-portugal\/#breadcrumb"},"inLanguage":"en-GB","potentialAction":[{"@type":"ReadAction","target":["https:\/\/www.sejourprive.com\/biens\/villa-lagoa-comporta-portugal\/"]}]},{"@type":"ImageObject","inLanguage":"en-GB","@id":"https:\/\/www.sejourprive.com\/biens\/villa-lagoa-comporta-portugal\/#primaryimage","url":"https:\/\/www.sejourprive.com\/wp-content\/uploads\/2026\/04\/0-90.jpg","contentUrl":"https:\/\/www.sejourprive.com\/wp-content\/uploads\/2026\/04\/0-90.jpg","width":1200,"height":801},{"@type":"BreadcrumbList","@id":"https:\/\/www.sejourprive.com\/biens\/villa-lagoa-comporta-portugal\/#breadcrumb","itemListElement":[{"@type":"ListItem","position":1,"name":"Accueil","item":"https:\/\/www.sejourprive.com\/"},{"@type":"ListItem","position":2,"name":"Shop","item":"https:\/\/www.sejourprive.com\/shop\/"},{"@type":"ListItem","position":3,"name":"Villa Lagoa, Comporta, Portugal"}]},{"@type":"WebSite","@id":"https:\/\/www.sejourprive.com\/#website","url":"https:\/\/www.sejourprive.com\/","name":"Private Stay","description":"We design exceptional holidays for you.","publisher":{"@id":"https:\/\/www.sejourprive.com\/#organization"},"potentialAction":[{"@type":"SearchAction","target":{"@type":"EntryPoint","urlTemplate":"https:\/\/www.sejourprive.com\/?s={search_term_string}"},"query-input":{"@type":"PropertyValueSpecification","valueRequired":true,"valueName":"search_term_string"}}],"inLanguage":"en-GB"},{"@type":"Organization","@id":"https:\/\/www.sejourprive.com\/#organization","name":"Private Stay","url":"https:\/\/www.sejourprive.com\/","logo":{"@type":"ImageObject","inLanguage":"en-GB","@id":"https:\/\/www.sejourprive.com\/#\/schema\/logo\/image\/","url":"https:\/\/www.sejourprive.com\/wp-content\/uploads\/2026\/02\/SP-Apple-touch-144-couleur-1-2.png","contentUrl":"https:\/\/www.sejourprive.com\/wp-content\/uploads\/2026\/02\/SP-Apple-touch-144-couleur-1-2.png","width":145,"height":145,"caption":"S\u00e9jour Priv\u00e9"},"image":{"@id":"https:\/\/www.sejourprive.com\/#\/schema\/logo\/image\/"}}]}},"_links":{"self":[{"href":"https:\/\/www.sejourprive.com\/en\/wp-json\/wp\/v2\/product\/60198","targetHints":{"allow":["GET"]}}],"collection":[{"href":"https:\/\/www.sejourprive.com\/en\/wp-json\/wp\/v2\/product"}],"about":[{"href":"https:\/\/www.sejourprive.com\/en\/wp-json\/wp\/v2\/types\/product"}],"replies":[{"embeddable":true,"href":"https:\/\/www.sejourprive.com\/en\/wp-json\/wp\/v2\/comments?post=60198"}],"version-history":[{"count":2,"href":"https:\/\/www.sejourprive.com\/en\/wp-json\/wp\/v2\/product\/60198\/revisions"}],"predecessor-version":[{"id":60240,"href":"https:\/\/www.sejourprive.com\/en\/wp-json\/wp\/v2\/product\/60198\/revisions\/60240"}],"wp:featuredmedia":[{"embeddable":true,"href":"https:\/\/www.sejourprive.com\/en\/wp-json\/wp\/v2\/media\/60200"}],"wp:attachment":[{"href":"https:\/\/www.sejourprive.com\/en\/wp-json\/wp\/v2\/media?parent=60198"}],"wp:term":[{"taxonomy":"product_brand","embeddable":true,"href":"https:\/\/www.sejourprive.com\/en\/wp-json\/wp\/v2\/product_brand?post=60198"},{"taxonomy":"product_cat","embeddable":true,"href":"https:\/\/www.sejourprive.com\/en\/wp-json\/wp\/v2\/product_cat?post=60198"},{"taxonomy":"product_tag","embeddable":true,"href":"https:\/\/www.sejourprive.com\/en\/wp-json\/wp\/v2\/product_tag?post=60198"}],"curies":[{"name":"wp","href":"https:\/\/api.w.org\/{rel}","templated":true}]}}