{"id":59777,"date":"2026-04-19T11:56:10","date_gmt":"2026-04-19T09:56:10","guid":{"rendered":"https:\/\/www.sejourprive.com\/?post_type=product&#038;p=59777"},"modified":"2026-04-19T11:56:10","modified_gmt":"2026-04-19T09:56:10","slug":"villa-harmonia-da-comporta-brejos-comporta-melides-portugal","status":"publish","type":"product","link":"https:\/\/www.sejourprive.com\/en\/biens\/villa-harmonia-da-comporta-brejos-comporta-melides-portugal\/","title":{"rendered":"Villa Harmonia da Comporta, Brejos, Comporta &amp; Melides, Portugal"},"content":{"rendered":"<p>Dans la r\u00e9gion sauvage et pr\u00e9serv\u00e9e de Comporta, la Villa Harmonia da Comporta se dresse telle une luxueuse maison de plage sur le sable dor\u00e9, sans aucun voisin aux alentours. Avec ses toits de chaume et ses lattes de bois, l&#8217;ext\u00e9rieur incarne une ambiance baln\u00e9aire d\u00e9contract\u00e9e et ultra-intime, tandis que l&#8217;int\u00e9rieur allie mat\u00e9riaux naturels et touches modernes au sein de murs blancs, cr\u00e9ant une atmosph\u00e8re a\u00e9r\u00e9e et lumineuse, id\u00e9ale pour vos vacances en famille \u00e0 la plage.<span><div class=\"read-more-wrapper\"><a class=\"read-more-button\" data-target=\"read-more-69f72ec3db85c\" data-more-text=\"Read more\" data-less-text=\"Read less\"><span class=\"read-more-text\">Read more<\/span><\/a><div id=\"read-more-69f72ec3db85c\" class=\"read-more-content\"> <\/span><\/p>\n<p>Au milieu de la v\u00e9g\u00e9tation sauvage, sur le sable chaud de Comporta, vous pouvez laisser vos vacances se d\u00e9rouler librement. Que ce soit en vous baignant dans la piscine chauff\u00e9e, en sirotant un verre au bar ext\u00e9rieur, en vous pr\u00e9lassant au soleil sur la terrasse ou en vous d\u00e9pensant dans la salle de sport de la maison, laissez la brise portugaise vous porter d&#8217;une activit\u00e9 \u00e0 l&#8217;autre dans cette villa de luxe confortable.<\/div><\/div><\/p>","protected":false},"excerpt":{"rendered":"<p>Dans la r\u00e9gion sauvage et pr\u00e9serv\u00e9e de Comporta, la Villa Harmonia da Comporta se dresse telle une luxueuse maison de&#8230;<\/p>","protected":false},"featured_media":59837,"comment_status":"open","ping_status":"closed","template":"","meta":{"_acf_changed":false},"product_brand":[],"product_cat":[15],"product_tag":[],"class_list":{"0":"post-59777","1":"product","2":"type-product","3":"status-publish","4":"has-post-thumbnail","6":"product_cat-villa","7":"property_location-comporta-melides","8":"property_location-portugal","10":"first","11":"instock","12":"sold-individually","13":"shipping-taxable","14":"purchasable","15":"product-type-simple"},"acf":[],"yoast_head":"<!-- This site is optimized with the Yoast SEO plugin v26.6 - https:\/\/yoast.com\/wordpress\/plugins\/seo\/ -->\n<title>Villa Harmonia da Comporta, Brejos, Comporta &amp; Melides, Portugal - S\u00e9jour Priv\u00e9<\/title>\n<meta name=\"description\" content=\"Dans la r\u00e9gion sauvage et pr\u00e9serv\u00e9e de Comporta, la Villa Harmonia da Comporta se dresse telle une luxueuse maison de plage sur le sable dor\u00e9, sans aucun\" \/>\n<meta name=\"robots\" content=\"index, follow, max-snippet:-1, max-image-preview:large, max-video-preview:-1\" \/>\n<link rel=\"canonical\" href=\"https:\/\/www.sejourprive.com\/en\/biens\/villa-harmonia-da-comporta-brejos-comporta-melides-portugal\/\" \/>\n<meta property=\"og:locale\" content=\"en_GB\" \/>\n<meta property=\"og:type\" content=\"article\" \/>\n<meta property=\"og:title\" content=\"Villa Harmonia da Comporta, Brejos, Comporta &amp; Melides, Portugal - S\u00e9jour Priv\u00e9\" \/>\n<meta property=\"og:description\" content=\"Dans la r\u00e9gion sauvage et pr\u00e9serv\u00e9e de Comporta, la Villa Harmonia da Comporta se dresse telle une luxueuse maison de plage sur le sable dor\u00e9, sans aucun\" \/>\n<meta property=\"og:url\" content=\"https:\/\/www.sejourprive.com\/en\/biens\/villa-harmonia-da-comporta-brejos-comporta-melides-portugal\/\" \/>\n<meta property=\"og:site_name\" content=\"S\u00e9jour Priv\u00e9\" \/>\n<meta property=\"og:image\" content=\"https:\/\/www.sejourprive.com\/wp-content\/uploads\/2026\/04\/3-85.jpg\" \/>\n\t<meta property=\"og:image:width\" content=\"1200\" \/>\n\t<meta property=\"og:image:height\" content=\"800\" \/>\n\t<meta property=\"og:image:type\" content=\"image\/jpeg\" \/>\n<meta name=\"twitter:card\" content=\"summary_large_image\" \/>\n<meta name=\"twitter:label1\" content=\"Estimated reading time\" \/>\n\t<meta name=\"twitter:data1\" content=\"1 minute\" \/>\n<script type=\"application\/ld+json\" class=\"yoast-schema-graph\">{\"@context\":\"https:\/\/schema.org\",\"@graph\":[{\"@type\":\"WebPage\",\"@id\":\"https:\/\/www.sejourprive.com\/biens\/villa-harmonia-da-comporta-brejos-comporta-melides-portugal\/\",\"url\":\"https:\/\/www.sejourprive.com\/biens\/villa-harmonia-da-comporta-brejos-comporta-melides-portugal\/\",\"name\":\"Villa Harmonia da Comporta, Brejos, Comporta & Melides, Portugal - S\u00e9jour Priv\u00e9\",\"isPartOf\":{\"@id\":\"https:\/\/www.sejourprive.com\/#website\"},\"primaryImageOfPage\":{\"@id\":\"https:\/\/www.sejourprive.com\/biens\/villa-harmonia-da-comporta-brejos-comporta-melides-portugal\/#primaryimage\"},\"image\":{\"@id\":\"https:\/\/www.sejourprive.com\/biens\/villa-harmonia-da-comporta-brejos-comporta-melides-portugal\/#primaryimage\"},\"thumbnailUrl\":\"https:\/\/www.sejourprive.com\/wp-content\/uploads\/2026\/04\/3-85.jpg\",\"datePublished\":\"2026-04-19T09:56:10+00:00\",\"description\":\"Dans la r\u00e9gion sauvage et pr\u00e9serv\u00e9e de Comporta, la Villa Harmonia da Comporta se dresse telle une luxueuse maison de plage sur le sable dor\u00e9, sans aucun\",\"breadcrumb\":{\"@id\":\"https:\/\/www.sejourprive.com\/biens\/villa-harmonia-da-comporta-brejos-comporta-melides-portugal\/#breadcrumb\"},\"inLanguage\":\"en-GB\",\"potentialAction\":[{\"@type\":\"ReadAction\",\"target\":[\"https:\/\/www.sejourprive.com\/biens\/villa-harmonia-da-comporta-brejos-comporta-melides-portugal\/\"]}]},{\"@type\":\"ImageObject\",\"inLanguage\":\"en-GB\",\"@id\":\"https:\/\/www.sejourprive.com\/biens\/villa-harmonia-da-comporta-brejos-comporta-melides-portugal\/#primaryimage\",\"url\":\"https:\/\/www.sejourprive.com\/wp-content\/uploads\/2026\/04\/3-85.jpg\",\"contentUrl\":\"https:\/\/www.sejourprive.com\/wp-content\/uploads\/2026\/04\/3-85.jpg\",\"width\":1200,\"height\":800},{\"@type\":\"BreadcrumbList\",\"@id\":\"https:\/\/www.sejourprive.com\/biens\/villa-harmonia-da-comporta-brejos-comporta-melides-portugal\/#breadcrumb\",\"itemListElement\":[{\"@type\":\"ListItem\",\"position\":1,\"name\":\"Accueil\",\"item\":\"https:\/\/www.sejourprive.com\/\"},{\"@type\":\"ListItem\",\"position\":2,\"name\":\"Shop\",\"item\":\"https:\/\/www.sejourprive.com\/shop\/\"},{\"@type\":\"ListItem\",\"position\":3,\"name\":\"Villa Harmonia da Comporta, Brejos, Comporta &#038; Melides, Portugal\"}]},{\"@type\":\"WebSite\",\"@id\":\"https:\/\/www.sejourprive.com\/#website\",\"url\":\"https:\/\/www.sejourprive.com\/\",\"name\":\"S\u00e9jour Priv\u00e9\",\"description\":\"Nous imaginons pour vous des s\u00e9jours d\u2019exception.\",\"publisher\":{\"@id\":\"https:\/\/www.sejourprive.com\/#organization\"},\"potentialAction\":[{\"@type\":\"SearchAction\",\"target\":{\"@type\":\"EntryPoint\",\"urlTemplate\":\"https:\/\/www.sejourprive.com\/?s={search_term_string}\"},\"query-input\":{\"@type\":\"PropertyValueSpecification\",\"valueRequired\":true,\"valueName\":\"search_term_string\"}}],\"inLanguage\":\"en-GB\"},{\"@type\":\"Organization\",\"@id\":\"https:\/\/www.sejourprive.com\/#organization\",\"name\":\"S\u00e9jour Priv\u00e9\",\"url\":\"https:\/\/www.sejourprive.com\/\",\"logo\":{\"@type\":\"ImageObject\",\"inLanguage\":\"en-GB\",\"@id\":\"https:\/\/www.sejourprive.com\/#\/schema\/logo\/image\/\",\"url\":\"https:\/\/www.sejourprive.com\/wp-content\/uploads\/2026\/02\/SP-Apple-touch-144-couleur-1-2.png\",\"contentUrl\":\"https:\/\/www.sejourprive.com\/wp-content\/uploads\/2026\/02\/SP-Apple-touch-144-couleur-1-2.png\",\"width\":145,\"height\":145,\"caption\":\"S\u00e9jour Priv\u00e9\"},\"image\":{\"@id\":\"https:\/\/www.sejourprive.com\/#\/schema\/logo\/image\/\"}}]}<\/script>\n<!-- \/ Yoast SEO plugin. -->","yoast_head_json":{"title":"Villa Harmonia da Comporta, Brejos, Comporta & Melides, Portugal - S\u00e9jour Priv\u00e9","description":"Dans la r\u00e9gion sauvage et pr\u00e9serv\u00e9e de Comporta, la Villa Harmonia da Comporta se dresse telle une luxueuse maison de plage sur le sable dor\u00e9, sans aucun","robots":{"index":"index","follow":"follow","max-snippet":"max-snippet:-1","max-image-preview":"max-image-preview:large","max-video-preview":"max-video-preview:-1"},"canonical":"https:\/\/www.sejourprive.com\/en\/biens\/villa-harmonia-da-comporta-brejos-comporta-melides-portugal\/","og_locale":"en_GB","og_type":"article","og_title":"Villa Harmonia da Comporta, Brejos, Comporta & Melides, Portugal - S\u00e9jour Priv\u00e9","og_description":"Dans la r\u00e9gion sauvage et pr\u00e9serv\u00e9e de Comporta, la Villa Harmonia da Comporta se dresse telle une luxueuse maison de plage sur le sable dor\u00e9, sans aucun","og_url":"https:\/\/www.sejourprive.com\/en\/biens\/villa-harmonia-da-comporta-brejos-comporta-melides-portugal\/","og_site_name":"S\u00e9jour Priv\u00e9","og_image":[{"width":1200,"height":800,"url":"https:\/\/www.sejourprive.com\/wp-content\/uploads\/2026\/04\/3-85.jpg","type":"image\/jpeg"}],"twitter_card":"summary_large_image","twitter_misc":{"Estimated reading time":"1 minute"},"schema":{"@context":"https:\/\/schema.org","@graph":[{"@type":"WebPage","@id":"https:\/\/www.sejourprive.com\/biens\/villa-harmonia-da-comporta-brejos-comporta-melides-portugal\/","url":"https:\/\/www.sejourprive.com\/biens\/villa-harmonia-da-comporta-brejos-comporta-melides-portugal\/","name":"Villa Harmonia da Comporta, Brejos, Comporta & Melides, Portugal - S\u00e9jour Priv\u00e9","isPartOf":{"@id":"https:\/\/www.sejourprive.com\/#website"},"primaryImageOfPage":{"@id":"https:\/\/www.sejourprive.com\/biens\/villa-harmonia-da-comporta-brejos-comporta-melides-portugal\/#primaryimage"},"image":{"@id":"https:\/\/www.sejourprive.com\/biens\/villa-harmonia-da-comporta-brejos-comporta-melides-portugal\/#primaryimage"},"thumbnailUrl":"https:\/\/www.sejourprive.com\/wp-content\/uploads\/2026\/04\/3-85.jpg","datePublished":"2026-04-19T09:56:10+00:00","description":"Dans la r\u00e9gion sauvage et pr\u00e9serv\u00e9e de Comporta, la Villa Harmonia da Comporta se dresse telle une luxueuse maison de plage sur le sable dor\u00e9, sans aucun","breadcrumb":{"@id":"https:\/\/www.sejourprive.com\/biens\/villa-harmonia-da-comporta-brejos-comporta-melides-portugal\/#breadcrumb"},"inLanguage":"en-GB","potentialAction":[{"@type":"ReadAction","target":["https:\/\/www.sejourprive.com\/biens\/villa-harmonia-da-comporta-brejos-comporta-melides-portugal\/"]}]},{"@type":"ImageObject","inLanguage":"en-GB","@id":"https:\/\/www.sejourprive.com\/biens\/villa-harmonia-da-comporta-brejos-comporta-melides-portugal\/#primaryimage","url":"https:\/\/www.sejourprive.com\/wp-content\/uploads\/2026\/04\/3-85.jpg","contentUrl":"https:\/\/www.sejourprive.com\/wp-content\/uploads\/2026\/04\/3-85.jpg","width":1200,"height":800},{"@type":"BreadcrumbList","@id":"https:\/\/www.sejourprive.com\/biens\/villa-harmonia-da-comporta-brejos-comporta-melides-portugal\/#breadcrumb","itemListElement":[{"@type":"ListItem","position":1,"name":"Accueil","item":"https:\/\/www.sejourprive.com\/"},{"@type":"ListItem","position":2,"name":"Shop","item":"https:\/\/www.sejourprive.com\/shop\/"},{"@type":"ListItem","position":3,"name":"Villa Harmonia da Comporta, Brejos, Comporta &#038; Melides, Portugal"}]},{"@type":"WebSite","@id":"https:\/\/www.sejourprive.com\/#website","url":"https:\/\/www.sejourprive.com\/","name":"Private Stay","description":"We design exceptional holidays for you.","publisher":{"@id":"https:\/\/www.sejourprive.com\/#organization"},"potentialAction":[{"@type":"SearchAction","target":{"@type":"EntryPoint","urlTemplate":"https:\/\/www.sejourprive.com\/?s={search_term_string}"},"query-input":{"@type":"PropertyValueSpecification","valueRequired":true,"valueName":"search_term_string"}}],"inLanguage":"en-GB"},{"@type":"Organization","@id":"https:\/\/www.sejourprive.com\/#organization","name":"Private Stay","url":"https:\/\/www.sejourprive.com\/","logo":{"@type":"ImageObject","inLanguage":"en-GB","@id":"https:\/\/www.sejourprive.com\/#\/schema\/logo\/image\/","url":"https:\/\/www.sejourprive.com\/wp-content\/uploads\/2026\/02\/SP-Apple-touch-144-couleur-1-2.png","contentUrl":"https:\/\/www.sejourprive.com\/wp-content\/uploads\/2026\/02\/SP-Apple-touch-144-couleur-1-2.png","width":145,"height":145,"caption":"S\u00e9jour Priv\u00e9"},"image":{"@id":"https:\/\/www.sejourprive.com\/#\/schema\/logo\/image\/"}}]}},"_links":{"self":[{"href":"https:\/\/www.sejourprive.com\/en\/wp-json\/wp\/v2\/product\/59777","targetHints":{"allow":["GET"]}}],"collection":[{"href":"https:\/\/www.sejourprive.com\/en\/wp-json\/wp\/v2\/product"}],"about":[{"href":"https:\/\/www.sejourprive.com\/en\/wp-json\/wp\/v2\/types\/product"}],"replies":[{"embeddable":true,"href":"https:\/\/www.sejourprive.com\/en\/wp-json\/wp\/v2\/comments?post=59777"}],"version-history":[{"count":2,"href":"https:\/\/www.sejourprive.com\/en\/wp-json\/wp\/v2\/product\/59777\/revisions"}],"predecessor-version":[{"id":59842,"href":"https:\/\/www.sejourprive.com\/en\/wp-json\/wp\/v2\/product\/59777\/revisions\/59842"}],"wp:featuredmedia":[{"embeddable":true,"href":"https:\/\/www.sejourprive.com\/en\/wp-json\/wp\/v2\/media\/59837"}],"wp:attachment":[{"href":"https:\/\/www.sejourprive.com\/en\/wp-json\/wp\/v2\/media?parent=59777"}],"wp:term":[{"taxonomy":"product_brand","embeddable":true,"href":"https:\/\/www.sejourprive.com\/en\/wp-json\/wp\/v2\/product_brand?post=59777"},{"taxonomy":"product_cat","embeddable":true,"href":"https:\/\/www.sejourprive.com\/en\/wp-json\/wp\/v2\/product_cat?post=59777"},{"taxonomy":"product_tag","embeddable":true,"href":"https:\/\/www.sejourprive.com\/en\/wp-json\/wp\/v2\/product_tag?post=59777"}],"curies":[{"name":"wp","href":"https:\/\/api.w.org\/{rel}","templated":true}]}}