{"id":59082,"date":"2026-04-14T17:11:50","date_gmt":"2026-04-14T15:11:50","guid":{"rendered":"https:\/\/www.sejourprive.com\/?post_type=product&#038;p=59082"},"modified":"2026-04-14T17:11:50","modified_gmt":"2026-04-14T15:11:50","slug":"casa-ananda-grandola-comporta-melides-portugal","status":"publish","type":"product","link":"https:\/\/www.sejourprive.com\/en\/biens\/casa-ananda-grandola-comporta-melides-portugal\/","title":{"rendered":"Casa Ananda, Gr\u00e2ndola, Comporta &amp; Melides, Portugal"},"content":{"rendered":"<p>La Casa Ananda est un magnifique havre de paix, id\u00e9al pour vos prochaines vacances. Nich\u00e9e dans la campagne de Comporta, elle se trouve pourtant \u00e0 deux pas des vagues de l&#8217;oc\u00e9an Atlantique. Venez y prendre votre caf\u00e9 du matin sur la terrasse ombrag\u00e9e et partager des d\u00e9jeuners en famille dans la cuisine boh\u00e8me.<span><div class=\"read-more-wrapper\"><a class=\"read-more-button\" data-target=\"read-more-69edf3442d116\" data-more-text=\"Read more\" data-less-text=\"Read less\"><span class=\"read-more-text\">Read more<\/span><\/a><div id=\"read-more-69edf3442d116\" class=\"read-more-content\"> <\/span><\/p>\n<p>Ouvrez la baie vitr\u00e9e du salon et laissez la brise se m\u00ealer aux effluves des plats pr\u00e9par\u00e9s par le chef. Le soir, prenez un bain moussant avec vue sur les pins imposants pendant que les plus petits font la queue pour une partie de ping-pong. Puis r\u00e9unissez petits et grands sur la terrasse sur le toit pour une soir\u00e9e cocktails et jeux de soci\u00e9t\u00e9.<\/div><\/div> <\/p>","protected":false},"excerpt":{"rendered":"<p>La Casa Ananda est un magnifique havre de paix, id\u00e9al pour vos prochaines vacances. Nich\u00e9e dans la campagne de Comporta,&#8230;<\/p>","protected":false},"featured_media":59084,"comment_status":"open","ping_status":"closed","template":"","meta":{"_acf_changed":false},"product_brand":[],"product_cat":[15],"product_tag":[],"class_list":{"0":"post-59082","1":"product","2":"type-product","3":"status-publish","4":"has-post-thumbnail","6":"product_cat-villa","7":"property_location-comporta-melides","8":"property_location-portugal","10":"first","11":"instock","12":"sold-individually","13":"shipping-taxable","14":"purchasable","15":"product-type-simple"},"acf":[],"yoast_head":"<!-- This site is optimized with the Yoast SEO plugin v26.6 - https:\/\/yoast.com\/wordpress\/plugins\/seo\/ -->\n<title>Casa Ananda, Gr\u00e2ndola, Comporta &amp; Melides, Portugal - S\u00e9jour Priv\u00e9<\/title>\n<meta name=\"description\" content=\"La Casa Ananda est un magnifique havre de paix, id\u00e9al pour vos prochaines vacances. Nich\u00e9e dans la campagne de Comporta, elle se trouve pourtant \u00e0 deux\" \/>\n<meta name=\"robots\" content=\"index, follow, max-snippet:-1, max-image-preview:large, max-video-preview:-1\" \/>\n<link rel=\"canonical\" href=\"https:\/\/www.sejourprive.com\/en\/biens\/casa-ananda-grandola-comporta-melides-portugal\/\" \/>\n<meta property=\"og:locale\" content=\"en_GB\" \/>\n<meta property=\"og:type\" content=\"article\" \/>\n<meta property=\"og:title\" content=\"Casa Ananda, Gr\u00e2ndola, Comporta &amp; Melides, Portugal - S\u00e9jour Priv\u00e9\" \/>\n<meta property=\"og:description\" content=\"La Casa Ananda est un magnifique havre de paix, id\u00e9al pour vos prochaines vacances. Nich\u00e9e dans la campagne de Comporta, elle se trouve pourtant \u00e0 deux\" \/>\n<meta property=\"og:url\" content=\"https:\/\/www.sejourprive.com\/en\/biens\/casa-ananda-grandola-comporta-melides-portugal\/\" \/>\n<meta property=\"og:site_name\" content=\"S\u00e9jour Priv\u00e9\" \/>\n<meta property=\"og:image\" content=\"https:\/\/www.sejourprive.com\/wp-content\/uploads\/2026\/04\/0-66.jpg\" \/>\n\t<meta property=\"og:image:width\" content=\"1200\" \/>\n\t<meta property=\"og:image:height\" content=\"801\" \/>\n\t<meta property=\"og:image:type\" content=\"image\/jpeg\" \/>\n<meta name=\"twitter:card\" content=\"summary_large_image\" \/>\n<meta name=\"twitter:label1\" content=\"Estimated reading time\" \/>\n\t<meta name=\"twitter:data1\" content=\"1 minute\" \/>\n<script type=\"application\/ld+json\" class=\"yoast-schema-graph\">{\"@context\":\"https:\/\/schema.org\",\"@graph\":[{\"@type\":\"WebPage\",\"@id\":\"https:\/\/www.sejourprive.com\/biens\/casa-ananda-grandola-comporta-melides-portugal\/\",\"url\":\"https:\/\/www.sejourprive.com\/biens\/casa-ananda-grandola-comporta-melides-portugal\/\",\"name\":\"Casa Ananda, Gr\u00e2ndola, Comporta & Melides, Portugal - S\u00e9jour Priv\u00e9\",\"isPartOf\":{\"@id\":\"https:\/\/www.sejourprive.com\/#website\"},\"primaryImageOfPage\":{\"@id\":\"https:\/\/www.sejourprive.com\/biens\/casa-ananda-grandola-comporta-melides-portugal\/#primaryimage\"},\"image\":{\"@id\":\"https:\/\/www.sejourprive.com\/biens\/casa-ananda-grandola-comporta-melides-portugal\/#primaryimage\"},\"thumbnailUrl\":\"https:\/\/www.sejourprive.com\/wp-content\/uploads\/2026\/04\/0-66.jpg\",\"datePublished\":\"2026-04-14T15:11:50+00:00\",\"description\":\"La Casa Ananda est un magnifique havre de paix, id\u00e9al pour vos prochaines vacances. Nich\u00e9e dans la campagne de Comporta, elle se trouve pourtant \u00e0 deux\",\"breadcrumb\":{\"@id\":\"https:\/\/www.sejourprive.com\/biens\/casa-ananda-grandola-comporta-melides-portugal\/#breadcrumb\"},\"inLanguage\":\"en-GB\",\"potentialAction\":[{\"@type\":\"ReadAction\",\"target\":[\"https:\/\/www.sejourprive.com\/biens\/casa-ananda-grandola-comporta-melides-portugal\/\"]}]},{\"@type\":\"ImageObject\",\"inLanguage\":\"en-GB\",\"@id\":\"https:\/\/www.sejourprive.com\/biens\/casa-ananda-grandola-comporta-melides-portugal\/#primaryimage\",\"url\":\"https:\/\/www.sejourprive.com\/wp-content\/uploads\/2026\/04\/0-66.jpg\",\"contentUrl\":\"https:\/\/www.sejourprive.com\/wp-content\/uploads\/2026\/04\/0-66.jpg\",\"width\":1200,\"height\":801},{\"@type\":\"BreadcrumbList\",\"@id\":\"https:\/\/www.sejourprive.com\/biens\/casa-ananda-grandola-comporta-melides-portugal\/#breadcrumb\",\"itemListElement\":[{\"@type\":\"ListItem\",\"position\":1,\"name\":\"Accueil\",\"item\":\"https:\/\/www.sejourprive.com\/\"},{\"@type\":\"ListItem\",\"position\":2,\"name\":\"Shop\",\"item\":\"https:\/\/www.sejourprive.com\/shop\/\"},{\"@type\":\"ListItem\",\"position\":3,\"name\":\"Casa Ananda, Gr\u00e2ndola, Comporta &#038; Melides, Portugal\"}]},{\"@type\":\"WebSite\",\"@id\":\"https:\/\/www.sejourprive.com\/#website\",\"url\":\"https:\/\/www.sejourprive.com\/\",\"name\":\"S\u00e9jour Priv\u00e9\",\"description\":\"Nous imaginons pour vous des s\u00e9jours d\u2019exception.\",\"publisher\":{\"@id\":\"https:\/\/www.sejourprive.com\/#organization\"},\"potentialAction\":[{\"@type\":\"SearchAction\",\"target\":{\"@type\":\"EntryPoint\",\"urlTemplate\":\"https:\/\/www.sejourprive.com\/?s={search_term_string}\"},\"query-input\":{\"@type\":\"PropertyValueSpecification\",\"valueRequired\":true,\"valueName\":\"search_term_string\"}}],\"inLanguage\":\"en-GB\"},{\"@type\":\"Organization\",\"@id\":\"https:\/\/www.sejourprive.com\/#organization\",\"name\":\"S\u00e9jour Priv\u00e9\",\"url\":\"https:\/\/www.sejourprive.com\/\",\"logo\":{\"@type\":\"ImageObject\",\"inLanguage\":\"en-GB\",\"@id\":\"https:\/\/www.sejourprive.com\/#\/schema\/logo\/image\/\",\"url\":\"https:\/\/www.sejourprive.com\/wp-content\/uploads\/2026\/02\/SP-Apple-touch-144-couleur-1-2.png\",\"contentUrl\":\"https:\/\/www.sejourprive.com\/wp-content\/uploads\/2026\/02\/SP-Apple-touch-144-couleur-1-2.png\",\"width\":145,\"height\":145,\"caption\":\"S\u00e9jour Priv\u00e9\"},\"image\":{\"@id\":\"https:\/\/www.sejourprive.com\/#\/schema\/logo\/image\/\"}}]}<\/script>\n<!-- \/ Yoast SEO plugin. -->","yoast_head_json":{"title":"Casa Ananda, Gr\u00e2ndola, Comporta & Melides, Portugal - S\u00e9jour Priv\u00e9","description":"La Casa Ananda est un magnifique havre de paix, id\u00e9al pour vos prochaines vacances. Nich\u00e9e dans la campagne de Comporta, elle se trouve pourtant \u00e0 deux","robots":{"index":"index","follow":"follow","max-snippet":"max-snippet:-1","max-image-preview":"max-image-preview:large","max-video-preview":"max-video-preview:-1"},"canonical":"https:\/\/www.sejourprive.com\/en\/biens\/casa-ananda-grandola-comporta-melides-portugal\/","og_locale":"en_GB","og_type":"article","og_title":"Casa Ananda, Gr\u00e2ndola, Comporta & Melides, Portugal - S\u00e9jour Priv\u00e9","og_description":"La Casa Ananda est un magnifique havre de paix, id\u00e9al pour vos prochaines vacances. Nich\u00e9e dans la campagne de Comporta, elle se trouve pourtant \u00e0 deux","og_url":"https:\/\/www.sejourprive.com\/en\/biens\/casa-ananda-grandola-comporta-melides-portugal\/","og_site_name":"S\u00e9jour Priv\u00e9","og_image":[{"width":1200,"height":801,"url":"https:\/\/www.sejourprive.com\/wp-content\/uploads\/2026\/04\/0-66.jpg","type":"image\/jpeg"}],"twitter_card":"summary_large_image","twitter_misc":{"Estimated reading time":"1 minute"},"schema":{"@context":"https:\/\/schema.org","@graph":[{"@type":"WebPage","@id":"https:\/\/www.sejourprive.com\/biens\/casa-ananda-grandola-comporta-melides-portugal\/","url":"https:\/\/www.sejourprive.com\/biens\/casa-ananda-grandola-comporta-melides-portugal\/","name":"Casa Ananda, Gr\u00e2ndola, Comporta & Melides, Portugal - S\u00e9jour Priv\u00e9","isPartOf":{"@id":"https:\/\/www.sejourprive.com\/#website"},"primaryImageOfPage":{"@id":"https:\/\/www.sejourprive.com\/biens\/casa-ananda-grandola-comporta-melides-portugal\/#primaryimage"},"image":{"@id":"https:\/\/www.sejourprive.com\/biens\/casa-ananda-grandola-comporta-melides-portugal\/#primaryimage"},"thumbnailUrl":"https:\/\/www.sejourprive.com\/wp-content\/uploads\/2026\/04\/0-66.jpg","datePublished":"2026-04-14T15:11:50+00:00","description":"La Casa Ananda est un magnifique havre de paix, id\u00e9al pour vos prochaines vacances. Nich\u00e9e dans la campagne de Comporta, elle se trouve pourtant \u00e0 deux","breadcrumb":{"@id":"https:\/\/www.sejourprive.com\/biens\/casa-ananda-grandola-comporta-melides-portugal\/#breadcrumb"},"inLanguage":"en-GB","potentialAction":[{"@type":"ReadAction","target":["https:\/\/www.sejourprive.com\/biens\/casa-ananda-grandola-comporta-melides-portugal\/"]}]},{"@type":"ImageObject","inLanguage":"en-GB","@id":"https:\/\/www.sejourprive.com\/biens\/casa-ananda-grandola-comporta-melides-portugal\/#primaryimage","url":"https:\/\/www.sejourprive.com\/wp-content\/uploads\/2026\/04\/0-66.jpg","contentUrl":"https:\/\/www.sejourprive.com\/wp-content\/uploads\/2026\/04\/0-66.jpg","width":1200,"height":801},{"@type":"BreadcrumbList","@id":"https:\/\/www.sejourprive.com\/biens\/casa-ananda-grandola-comporta-melides-portugal\/#breadcrumb","itemListElement":[{"@type":"ListItem","position":1,"name":"Accueil","item":"https:\/\/www.sejourprive.com\/"},{"@type":"ListItem","position":2,"name":"Shop","item":"https:\/\/www.sejourprive.com\/shop\/"},{"@type":"ListItem","position":3,"name":"Casa Ananda, Gr\u00e2ndola, Comporta &#038; Melides, Portugal"}]},{"@type":"WebSite","@id":"https:\/\/www.sejourprive.com\/#website","url":"https:\/\/www.sejourprive.com\/","name":"Private Stay","description":"We design exceptional holidays for you.","publisher":{"@id":"https:\/\/www.sejourprive.com\/#organization"},"potentialAction":[{"@type":"SearchAction","target":{"@type":"EntryPoint","urlTemplate":"https:\/\/www.sejourprive.com\/?s={search_term_string}"},"query-input":{"@type":"PropertyValueSpecification","valueRequired":true,"valueName":"search_term_string"}}],"inLanguage":"en-GB"},{"@type":"Organization","@id":"https:\/\/www.sejourprive.com\/#organization","name":"Private Stay","url":"https:\/\/www.sejourprive.com\/","logo":{"@type":"ImageObject","inLanguage":"en-GB","@id":"https:\/\/www.sejourprive.com\/#\/schema\/logo\/image\/","url":"https:\/\/www.sejourprive.com\/wp-content\/uploads\/2026\/02\/SP-Apple-touch-144-couleur-1-2.png","contentUrl":"https:\/\/www.sejourprive.com\/wp-content\/uploads\/2026\/02\/SP-Apple-touch-144-couleur-1-2.png","width":145,"height":145,"caption":"S\u00e9jour Priv\u00e9"},"image":{"@id":"https:\/\/www.sejourprive.com\/#\/schema\/logo\/image\/"}}]}},"_links":{"self":[{"href":"https:\/\/www.sejourprive.com\/en\/wp-json\/wp\/v2\/product\/59082","targetHints":{"allow":["GET"]}}],"collection":[{"href":"https:\/\/www.sejourprive.com\/en\/wp-json\/wp\/v2\/product"}],"about":[{"href":"https:\/\/www.sejourprive.com\/en\/wp-json\/wp\/v2\/types\/product"}],"replies":[{"embeddable":true,"href":"https:\/\/www.sejourprive.com\/en\/wp-json\/wp\/v2\/comments?post=59082"}],"version-history":[{"count":2,"href":"https:\/\/www.sejourprive.com\/en\/wp-json\/wp\/v2\/product\/59082\/revisions"}],"predecessor-version":[{"id":59125,"href":"https:\/\/www.sejourprive.com\/en\/wp-json\/wp\/v2\/product\/59082\/revisions\/59125"}],"wp:featuredmedia":[{"embeddable":true,"href":"https:\/\/www.sejourprive.com\/en\/wp-json\/wp\/v2\/media\/59084"}],"wp:attachment":[{"href":"https:\/\/www.sejourprive.com\/en\/wp-json\/wp\/v2\/media?parent=59082"}],"wp:term":[{"taxonomy":"product_brand","embeddable":true,"href":"https:\/\/www.sejourprive.com\/en\/wp-json\/wp\/v2\/product_brand?post=59082"},{"taxonomy":"product_cat","embeddable":true,"href":"https:\/\/www.sejourprive.com\/en\/wp-json\/wp\/v2\/product_cat?post=59082"},{"taxonomy":"product_tag","embeddable":true,"href":"https:\/\/www.sejourprive.com\/en\/wp-json\/wp\/v2\/product_tag?post=59082"}],"curies":[{"name":"wp","href":"https:\/\/api.w.org\/{rel}","templated":true}]}}