{"id":57430,"date":"2026-04-08T17:17:46","date_gmt":"2026-04-08T15:17:46","guid":{"rendered":"https:\/\/www.sejourprive.com\/?post_type=product&#038;p=57430"},"modified":"2026-04-08T17:17:46","modified_gmt":"2026-04-08T15:17:46","slug":"mas-de-lecrivain-menerbes-provence-france","status":"publish","type":"product","link":"https:\/\/www.sejourprive.com\/en\/biens\/mas-de-lecrivain-menerbes-provence-france\/","title":{"rendered":"Mas de l'\u00c9crivain, M\u00e9nerbes, Provence, France"},"content":{"rendered":"<p>Bienvenue au Mas de l&#8217;\u00c9crivain, situ\u00e9 dans la magnifique r\u00e9gion de M\u00e9nerbes. Ce domaine priv\u00e9 est un havre de paix, id\u00e9al pour vos vacances en famille ou entre amis en Provence. Nich\u00e9 au milieu des champs, ses vieilles pierres r\u00e9v\u00e8lent une architecture et une d\u00e9coration typiquement proven\u00e7ales, entre murs blanchis \u00e0 la chaux et ambiance chaleureuse.<span><div class=\"read-more-wrapper\"><a class=\"read-more-button\" data-target=\"read-more-69f7177c26cc2\" data-more-text=\"Read more\" data-less-text=\"Read less\"><span class=\"read-more-text\">Read more<\/span><\/a><div id=\"read-more-69f7177c26cc2\" class=\"read-more-content\"> <\/span><\/p>\n<p>R\u00e9veillez-vous au doux chant des oiseaux et commencez votre journ\u00e9e par un petit-d\u00e9jeuner sur la terrasse ext\u00e9rieure. Plongez ensuite dans la piscine chauff\u00e9e, d&#8217;o\u00f9 vous pourrez contempler la vue imprenable sur le village pittoresque voisin et la nature environnante. Apr\u00e8s quelques parties de p\u00e9tanque dans le parc de la maison, pr\u00e9parez un d\u00e9jeuner au barbecue et d\u00e9gustez-le dans le charmant pool house. L&#8217;apr\u00e8s-midi, explorez le village et terminez la journ\u00e9e en beaut\u00e9 par un d\u00eener convivial autour de la chemin\u00e9e.<\/div><\/div><\/p>","protected":false},"excerpt":{"rendered":"<p>Bienvenue au Mas de l&#8217;\u00c9crivain, situ\u00e9 dans la magnifique r\u00e9gion de M\u00e9nerbes. Ce domaine priv\u00e9 est un havre de paix,&#8230;<\/p>","protected":false},"featured_media":57436,"comment_status":"open","ping_status":"closed","template":"","meta":{"_acf_changed":false},"product_brand":[],"product_cat":[15],"product_tag":[],"class_list":{"0":"post-57430","1":"product","2":"type-product","3":"status-publish","4":"has-post-thumbnail","6":"product_cat-villa","7":"property_location-france","8":"property_location-provence","10":"first","11":"instock","12":"sold-individually","13":"shipping-taxable","14":"purchasable","15":"product-type-simple"},"acf":[],"yoast_head":"<!-- This site is optimized with the Yoast SEO plugin v26.6 - https:\/\/yoast.com\/wordpress\/plugins\/seo\/ -->\n<title>Mas de l&#039;E\u0301crivain, M\u00e9nerbes, Provence, France - S\u00e9jour Priv\u00e9<\/title>\n<meta name=\"description\" content=\"Bienvenue au Mas de l&#039;\u00c9crivain, situ\u00e9 dans la magnifique r\u00e9gion de M\u00e9nerbes. Ce domaine priv\u00e9 est un havre de paix, id\u00e9al pour vos vacances en famille ou\" \/>\n<meta name=\"robots\" content=\"index, follow, max-snippet:-1, max-image-preview:large, max-video-preview:-1\" \/>\n<link rel=\"canonical\" href=\"https:\/\/www.sejourprive.com\/en\/biens\/mas-de-lecrivain-menerbes-provence-france\/\" \/>\n<meta property=\"og:locale\" content=\"en_GB\" \/>\n<meta property=\"og:type\" content=\"article\" \/>\n<meta property=\"og:title\" content=\"Mas de l&#039;E\u0301crivain, M\u00e9nerbes, Provence, France - S\u00e9jour Priv\u00e9\" \/>\n<meta property=\"og:description\" content=\"Bienvenue au Mas de l&#039;\u00c9crivain, situ\u00e9 dans la magnifique r\u00e9gion de M\u00e9nerbes. Ce domaine priv\u00e9 est un havre de paix, id\u00e9al pour vos vacances en famille ou\" \/>\n<meta property=\"og:url\" content=\"https:\/\/www.sejourprive.com\/en\/biens\/mas-de-lecrivain-menerbes-provence-france\/\" \/>\n<meta property=\"og:site_name\" content=\"S\u00e9jour Priv\u00e9\" \/>\n<meta property=\"og:image\" content=\"https:\/\/www.sejourprive.com\/wp-content\/uploads\/2026\/04\/4-40.jpg\" \/>\n\t<meta property=\"og:image:width\" content=\"1200\" \/>\n\t<meta property=\"og:image:height\" content=\"800\" \/>\n\t<meta property=\"og:image:type\" content=\"image\/jpeg\" \/>\n<meta name=\"twitter:card\" content=\"summary_large_image\" \/>\n<meta name=\"twitter:label1\" content=\"Estimated reading time\" \/>\n\t<meta name=\"twitter:data1\" content=\"1 minute\" \/>\n<script type=\"application\/ld+json\" class=\"yoast-schema-graph\">{\"@context\":\"https:\/\/schema.org\",\"@graph\":[{\"@type\":\"WebPage\",\"@id\":\"https:\/\/www.sejourprive.com\/biens\/mas-de-lecrivain-menerbes-provence-france\/\",\"url\":\"https:\/\/www.sejourprive.com\/biens\/mas-de-lecrivain-menerbes-provence-france\/\",\"name\":\"Mas de l'E\u0301crivain, M\u00e9nerbes, Provence, France - S\u00e9jour Priv\u00e9\",\"isPartOf\":{\"@id\":\"https:\/\/www.sejourprive.com\/#website\"},\"primaryImageOfPage\":{\"@id\":\"https:\/\/www.sejourprive.com\/biens\/mas-de-lecrivain-menerbes-provence-france\/#primaryimage\"},\"image\":{\"@id\":\"https:\/\/www.sejourprive.com\/biens\/mas-de-lecrivain-menerbes-provence-france\/#primaryimage\"},\"thumbnailUrl\":\"https:\/\/www.sejourprive.com\/wp-content\/uploads\/2026\/04\/4-40.jpg\",\"datePublished\":\"2026-04-08T15:17:46+00:00\",\"description\":\"Bienvenue au Mas de l'\u00c9crivain, situ\u00e9 dans la magnifique r\u00e9gion de M\u00e9nerbes. Ce domaine priv\u00e9 est un havre de paix, id\u00e9al pour vos vacances en famille ou\",\"breadcrumb\":{\"@id\":\"https:\/\/www.sejourprive.com\/biens\/mas-de-lecrivain-menerbes-provence-france\/#breadcrumb\"},\"inLanguage\":\"en-GB\",\"potentialAction\":[{\"@type\":\"ReadAction\",\"target\":[\"https:\/\/www.sejourprive.com\/biens\/mas-de-lecrivain-menerbes-provence-france\/\"]}]},{\"@type\":\"ImageObject\",\"inLanguage\":\"en-GB\",\"@id\":\"https:\/\/www.sejourprive.com\/biens\/mas-de-lecrivain-menerbes-provence-france\/#primaryimage\",\"url\":\"https:\/\/www.sejourprive.com\/wp-content\/uploads\/2026\/04\/4-40.jpg\",\"contentUrl\":\"https:\/\/www.sejourprive.com\/wp-content\/uploads\/2026\/04\/4-40.jpg\",\"width\":1200,\"height\":800},{\"@type\":\"BreadcrumbList\",\"@id\":\"https:\/\/www.sejourprive.com\/biens\/mas-de-lecrivain-menerbes-provence-france\/#breadcrumb\",\"itemListElement\":[{\"@type\":\"ListItem\",\"position\":1,\"name\":\"Accueil\",\"item\":\"https:\/\/www.sejourprive.com\/\"},{\"@type\":\"ListItem\",\"position\":2,\"name\":\"Shop\",\"item\":\"https:\/\/www.sejourprive.com\/shop\/\"},{\"@type\":\"ListItem\",\"position\":3,\"name\":\"Mas de l&#8217;E\u0301crivain, M\u00e9nerbes, Provence, France\"}]},{\"@type\":\"WebSite\",\"@id\":\"https:\/\/www.sejourprive.com\/#website\",\"url\":\"https:\/\/www.sejourprive.com\/\",\"name\":\"S\u00e9jour Priv\u00e9\",\"description\":\"Nous imaginons pour vous des s\u00e9jours d\u2019exception.\",\"publisher\":{\"@id\":\"https:\/\/www.sejourprive.com\/#organization\"},\"potentialAction\":[{\"@type\":\"SearchAction\",\"target\":{\"@type\":\"EntryPoint\",\"urlTemplate\":\"https:\/\/www.sejourprive.com\/?s={search_term_string}\"},\"query-input\":{\"@type\":\"PropertyValueSpecification\",\"valueRequired\":true,\"valueName\":\"search_term_string\"}}],\"inLanguage\":\"en-GB\"},{\"@type\":\"Organization\",\"@id\":\"https:\/\/www.sejourprive.com\/#organization\",\"name\":\"S\u00e9jour Priv\u00e9\",\"url\":\"https:\/\/www.sejourprive.com\/\",\"logo\":{\"@type\":\"ImageObject\",\"inLanguage\":\"en-GB\",\"@id\":\"https:\/\/www.sejourprive.com\/#\/schema\/logo\/image\/\",\"url\":\"https:\/\/www.sejourprive.com\/wp-content\/uploads\/2026\/02\/SP-Apple-touch-144-couleur-1-2.png\",\"contentUrl\":\"https:\/\/www.sejourprive.com\/wp-content\/uploads\/2026\/02\/SP-Apple-touch-144-couleur-1-2.png\",\"width\":145,\"height\":145,\"caption\":\"S\u00e9jour Priv\u00e9\"},\"image\":{\"@id\":\"https:\/\/www.sejourprive.com\/#\/schema\/logo\/image\/\"}}]}<\/script>\n<!-- \/ Yoast SEO plugin. -->","yoast_head_json":{"title":"Mas de l'E\u0301crivain, M\u00e9nerbes, Provence, France - S\u00e9jour Priv\u00e9","description":"Bienvenue au Mas de l'\u00c9crivain, situ\u00e9 dans la magnifique r\u00e9gion de M\u00e9nerbes. Ce domaine priv\u00e9 est un havre de paix, id\u00e9al pour vos vacances en famille ou","robots":{"index":"index","follow":"follow","max-snippet":"max-snippet:-1","max-image-preview":"max-image-preview:large","max-video-preview":"max-video-preview:-1"},"canonical":"https:\/\/www.sejourprive.com\/en\/biens\/mas-de-lecrivain-menerbes-provence-france\/","og_locale":"en_GB","og_type":"article","og_title":"Mas de l'E\u0301crivain, M\u00e9nerbes, Provence, France - S\u00e9jour Priv\u00e9","og_description":"Bienvenue au Mas de l'\u00c9crivain, situ\u00e9 dans la magnifique r\u00e9gion de M\u00e9nerbes. Ce domaine priv\u00e9 est un havre de paix, id\u00e9al pour vos vacances en famille ou","og_url":"https:\/\/www.sejourprive.com\/en\/biens\/mas-de-lecrivain-menerbes-provence-france\/","og_site_name":"S\u00e9jour Priv\u00e9","og_image":[{"width":1200,"height":800,"url":"https:\/\/www.sejourprive.com\/wp-content\/uploads\/2026\/04\/4-40.jpg","type":"image\/jpeg"}],"twitter_card":"summary_large_image","twitter_misc":{"Estimated reading time":"1 minute"},"schema":{"@context":"https:\/\/schema.org","@graph":[{"@type":"WebPage","@id":"https:\/\/www.sejourprive.com\/biens\/mas-de-lecrivain-menerbes-provence-france\/","url":"https:\/\/www.sejourprive.com\/biens\/mas-de-lecrivain-menerbes-provence-france\/","name":"Mas de l'E\u0301crivain, M\u00e9nerbes, Provence, France - S\u00e9jour Priv\u00e9","isPartOf":{"@id":"https:\/\/www.sejourprive.com\/#website"},"primaryImageOfPage":{"@id":"https:\/\/www.sejourprive.com\/biens\/mas-de-lecrivain-menerbes-provence-france\/#primaryimage"},"image":{"@id":"https:\/\/www.sejourprive.com\/biens\/mas-de-lecrivain-menerbes-provence-france\/#primaryimage"},"thumbnailUrl":"https:\/\/www.sejourprive.com\/wp-content\/uploads\/2026\/04\/4-40.jpg","datePublished":"2026-04-08T15:17:46+00:00","description":"Bienvenue au Mas de l'\u00c9crivain, situ\u00e9 dans la magnifique r\u00e9gion de M\u00e9nerbes. Ce domaine priv\u00e9 est un havre de paix, id\u00e9al pour vos vacances en famille ou","breadcrumb":{"@id":"https:\/\/www.sejourprive.com\/biens\/mas-de-lecrivain-menerbes-provence-france\/#breadcrumb"},"inLanguage":"en-GB","potentialAction":[{"@type":"ReadAction","target":["https:\/\/www.sejourprive.com\/biens\/mas-de-lecrivain-menerbes-provence-france\/"]}]},{"@type":"ImageObject","inLanguage":"en-GB","@id":"https:\/\/www.sejourprive.com\/biens\/mas-de-lecrivain-menerbes-provence-france\/#primaryimage","url":"https:\/\/www.sejourprive.com\/wp-content\/uploads\/2026\/04\/4-40.jpg","contentUrl":"https:\/\/www.sejourprive.com\/wp-content\/uploads\/2026\/04\/4-40.jpg","width":1200,"height":800},{"@type":"BreadcrumbList","@id":"https:\/\/www.sejourprive.com\/biens\/mas-de-lecrivain-menerbes-provence-france\/#breadcrumb","itemListElement":[{"@type":"ListItem","position":1,"name":"Accueil","item":"https:\/\/www.sejourprive.com\/"},{"@type":"ListItem","position":2,"name":"Shop","item":"https:\/\/www.sejourprive.com\/shop\/"},{"@type":"ListItem","position":3,"name":"Mas de l&#8217;E\u0301crivain, M\u00e9nerbes, Provence, France"}]},{"@type":"WebSite","@id":"https:\/\/www.sejourprive.com\/#website","url":"https:\/\/www.sejourprive.com\/","name":"Private Stay","description":"We design exceptional holidays for you.","publisher":{"@id":"https:\/\/www.sejourprive.com\/#organization"},"potentialAction":[{"@type":"SearchAction","target":{"@type":"EntryPoint","urlTemplate":"https:\/\/www.sejourprive.com\/?s={search_term_string}"},"query-input":{"@type":"PropertyValueSpecification","valueRequired":true,"valueName":"search_term_string"}}],"inLanguage":"en-GB"},{"@type":"Organization","@id":"https:\/\/www.sejourprive.com\/#organization","name":"Private Stay","url":"https:\/\/www.sejourprive.com\/","logo":{"@type":"ImageObject","inLanguage":"en-GB","@id":"https:\/\/www.sejourprive.com\/#\/schema\/logo\/image\/","url":"https:\/\/www.sejourprive.com\/wp-content\/uploads\/2026\/02\/SP-Apple-touch-144-couleur-1-2.png","contentUrl":"https:\/\/www.sejourprive.com\/wp-content\/uploads\/2026\/02\/SP-Apple-touch-144-couleur-1-2.png","width":145,"height":145,"caption":"S\u00e9jour Priv\u00e9"},"image":{"@id":"https:\/\/www.sejourprive.com\/#\/schema\/logo\/image\/"}}]}},"_links":{"self":[{"href":"https:\/\/www.sejourprive.com\/en\/wp-json\/wp\/v2\/product\/57430","targetHints":{"allow":["GET"]}}],"collection":[{"href":"https:\/\/www.sejourprive.com\/en\/wp-json\/wp\/v2\/product"}],"about":[{"href":"https:\/\/www.sejourprive.com\/en\/wp-json\/wp\/v2\/types\/product"}],"replies":[{"embeddable":true,"href":"https:\/\/www.sejourprive.com\/en\/wp-json\/wp\/v2\/comments?post=57430"}],"version-history":[{"count":0,"href":"https:\/\/www.sejourprive.com\/en\/wp-json\/wp\/v2\/product\/57430\/revisions"}],"wp:featuredmedia":[{"embeddable":true,"href":"https:\/\/www.sejourprive.com\/en\/wp-json\/wp\/v2\/media\/57436"}],"wp:attachment":[{"href":"https:\/\/www.sejourprive.com\/en\/wp-json\/wp\/v2\/media?parent=57430"}],"wp:term":[{"taxonomy":"product_brand","embeddable":true,"href":"https:\/\/www.sejourprive.com\/en\/wp-json\/wp\/v2\/product_brand?post=57430"},{"taxonomy":"product_cat","embeddable":true,"href":"https:\/\/www.sejourprive.com\/en\/wp-json\/wp\/v2\/product_cat?post=57430"},{"taxonomy":"product_tag","embeddable":true,"href":"https:\/\/www.sejourprive.com\/en\/wp-json\/wp\/v2\/product_tag?post=57430"}],"curies":[{"name":"wp","href":"https:\/\/api.w.org\/{rel}","templated":true}]}}