{"id":57049,"date":"2026-04-08T16:55:24","date_gmt":"2026-04-08T14:55:24","guid":{"rendered":"https:\/\/www.sejourprive.com\/?post_type=product&#038;p=57049"},"modified":"2026-04-08T16:55:24","modified_gmt":"2026-04-08T14:55:24","slug":"bastide-de-larche-menerbes-provence-france","status":"publish","type":"product","link":"https:\/\/www.sejourprive.com\/en\/biens\/bastide-de-larche-menerbes-provence-france\/","title":{"rendered":"Bastide de l'Arche, M\u00e9nerbes, Provence, France"},"content":{"rendered":"<p>Nich\u00e9e \u00e0 M\u00e9nerbes, au c\u0153ur du Luberon, la Bastide de l&#8217;Arche allie l&#8217;\u00e9l\u00e9gance du charme proven\u00e7al \u00e0 la modernit\u00e9 d&#8217;un design contemporain. Situ\u00e9e \u00e0 seulement 15 minutes \u00e0 pied du village, la bastide s&#8217;int\u00e8gre parfaitement dans son cadre paisible, au milieu de paysages \u00e0 couper le souffle.<span><div class=\"read-more-wrapper\"><a class=\"read-more-button\" data-target=\"read-more-69ede1e309fcf\" data-more-text=\"Read more\" data-less-text=\"Read less\"><span class=\"read-more-text\">Read more<\/span><\/a><div id=\"read-more-69ede1e309fcf\" class=\"read-more-content\"> <\/span><\/p>\n<p>R\u00e9veillez-vous \u00e0 la douce lumi\u00e8re du matin, puis commencez la journ\u00e9e par une partie amicale sur le terrain multisports avant de piquer une t\u00eate rafra\u00eechissante dans la piscine. Apr\u00e8s un moment de d\u00e9tente au spa, retrouvez vos proches pour un d\u00e9jeuner sur la terrasse, \u00e0 l&#8217;ombre des oliviers. Le soir venu, le jardin se transforme en un coin douillet pour prendre l&#8217;ap\u00e9ritif, berc\u00e9 par la tranquillit\u00e9 du Luberon.<\/div><\/div><\/p>","protected":false},"excerpt":{"rendered":"<p>Nich\u00e9e \u00e0 M\u00e9nerbes, au c\u0153ur du Luberon, la Bastide de l&#8217;Arche allie l&#8217;\u00e9l\u00e9gance du charme proven\u00e7al \u00e0 la modernit\u00e9 d&#8217;un&#8230;<\/p>","protected":false},"featured_media":57051,"comment_status":"open","ping_status":"closed","template":"","meta":{"_acf_changed":false},"product_brand":[],"product_cat":[15],"product_tag":[],"class_list":{"0":"post-57049","1":"product","2":"type-product","3":"status-publish","4":"has-post-thumbnail","6":"product_cat-villa","7":"property_location-france","8":"property_location-provence","10":"first","11":"instock","12":"sold-individually","13":"shipping-taxable","14":"purchasable","15":"product-type-simple"},"acf":[],"yoast_head":"<!-- This site is optimized with the Yoast SEO plugin v26.6 - https:\/\/yoast.com\/wordpress\/plugins\/seo\/ -->\n<title>Bastide de l&#039;Arche, M\u00e9nerbes, Provence, France - S\u00e9jour Priv\u00e9<\/title>\n<meta name=\"description\" content=\"Nich\u00e9e \u00e0 M\u00e9nerbes, au c\u0153ur du Luberon, la Bastide de l&#039;Arche allie l&#039;\u00e9l\u00e9gance du charme proven\u00e7al \u00e0 la modernit\u00e9 d&#039;un design contemporain. Situ\u00e9e \u00e0\" \/>\n<meta name=\"robots\" content=\"index, follow, max-snippet:-1, max-image-preview:large, max-video-preview:-1\" \/>\n<link rel=\"canonical\" href=\"https:\/\/www.sejourprive.com\/en\/biens\/bastide-de-larche-menerbes-provence-france\/\" \/>\n<meta property=\"og:locale\" content=\"en_GB\" \/>\n<meta property=\"og:type\" content=\"article\" \/>\n<meta property=\"og:title\" content=\"Bastide de l&#039;Arche, M\u00e9nerbes, Provence, France - S\u00e9jour Priv\u00e9\" \/>\n<meta property=\"og:description\" content=\"Nich\u00e9e \u00e0 M\u00e9nerbes, au c\u0153ur du Luberon, la Bastide de l&#039;Arche allie l&#039;\u00e9l\u00e9gance du charme proven\u00e7al \u00e0 la modernit\u00e9 d&#039;un design contemporain. Situ\u00e9e \u00e0\" \/>\n<meta property=\"og:url\" content=\"https:\/\/www.sejourprive.com\/en\/biens\/bastide-de-larche-menerbes-provence-france\/\" \/>\n<meta property=\"og:site_name\" content=\"S\u00e9jour Priv\u00e9\" \/>\n<meta property=\"og:image\" content=\"https:\/\/www.sejourprive.com\/wp-content\/uploads\/2026\/04\/0-28.jpg\" \/>\n\t<meta property=\"og:image:width\" content=\"1200\" \/>\n\t<meta property=\"og:image:height\" content=\"800\" \/>\n\t<meta property=\"og:image:type\" content=\"image\/jpeg\" \/>\n<meta name=\"twitter:card\" content=\"summary_large_image\" \/>\n<meta name=\"twitter:label1\" content=\"Estimated reading time\" \/>\n\t<meta name=\"twitter:data1\" content=\"1 minute\" \/>\n<script type=\"application\/ld+json\" class=\"yoast-schema-graph\">{\"@context\":\"https:\/\/schema.org\",\"@graph\":[{\"@type\":\"WebPage\",\"@id\":\"https:\/\/www.sejourprive.com\/biens\/bastide-de-larche-menerbes-provence-france\/\",\"url\":\"https:\/\/www.sejourprive.com\/biens\/bastide-de-larche-menerbes-provence-france\/\",\"name\":\"Bastide de l'Arche, M\u00e9nerbes, Provence, France - S\u00e9jour Priv\u00e9\",\"isPartOf\":{\"@id\":\"https:\/\/www.sejourprive.com\/#website\"},\"primaryImageOfPage\":{\"@id\":\"https:\/\/www.sejourprive.com\/biens\/bastide-de-larche-menerbes-provence-france\/#primaryimage\"},\"image\":{\"@id\":\"https:\/\/www.sejourprive.com\/biens\/bastide-de-larche-menerbes-provence-france\/#primaryimage\"},\"thumbnailUrl\":\"https:\/\/www.sejourprive.com\/wp-content\/uploads\/2026\/04\/0-28.jpg\",\"datePublished\":\"2026-04-08T14:55:24+00:00\",\"description\":\"Nich\u00e9e \u00e0 M\u00e9nerbes, au c\u0153ur du Luberon, la Bastide de l'Arche allie l'\u00e9l\u00e9gance du charme proven\u00e7al \u00e0 la modernit\u00e9 d'un design contemporain. Situ\u00e9e \u00e0\",\"breadcrumb\":{\"@id\":\"https:\/\/www.sejourprive.com\/biens\/bastide-de-larche-menerbes-provence-france\/#breadcrumb\"},\"inLanguage\":\"en-GB\",\"potentialAction\":[{\"@type\":\"ReadAction\",\"target\":[\"https:\/\/www.sejourprive.com\/biens\/bastide-de-larche-menerbes-provence-france\/\"]}]},{\"@type\":\"ImageObject\",\"inLanguage\":\"en-GB\",\"@id\":\"https:\/\/www.sejourprive.com\/biens\/bastide-de-larche-menerbes-provence-france\/#primaryimage\",\"url\":\"https:\/\/www.sejourprive.com\/wp-content\/uploads\/2026\/04\/0-28.jpg\",\"contentUrl\":\"https:\/\/www.sejourprive.com\/wp-content\/uploads\/2026\/04\/0-28.jpg\",\"width\":1200,\"height\":800},{\"@type\":\"BreadcrumbList\",\"@id\":\"https:\/\/www.sejourprive.com\/biens\/bastide-de-larche-menerbes-provence-france\/#breadcrumb\",\"itemListElement\":[{\"@type\":\"ListItem\",\"position\":1,\"name\":\"Accueil\",\"item\":\"https:\/\/www.sejourprive.com\/\"},{\"@type\":\"ListItem\",\"position\":2,\"name\":\"Shop\",\"item\":\"https:\/\/www.sejourprive.com\/shop\/\"},{\"@type\":\"ListItem\",\"position\":3,\"name\":\"Bastide de l&#8217;Arche, M\u00e9nerbes, Provence, France\"}]},{\"@type\":\"WebSite\",\"@id\":\"https:\/\/www.sejourprive.com\/#website\",\"url\":\"https:\/\/www.sejourprive.com\/\",\"name\":\"S\u00e9jour Priv\u00e9\",\"description\":\"Nous imaginons pour vous des s\u00e9jours d\u2019exception.\",\"publisher\":{\"@id\":\"https:\/\/www.sejourprive.com\/#organization\"},\"potentialAction\":[{\"@type\":\"SearchAction\",\"target\":{\"@type\":\"EntryPoint\",\"urlTemplate\":\"https:\/\/www.sejourprive.com\/?s={search_term_string}\"},\"query-input\":{\"@type\":\"PropertyValueSpecification\",\"valueRequired\":true,\"valueName\":\"search_term_string\"}}],\"inLanguage\":\"en-GB\"},{\"@type\":\"Organization\",\"@id\":\"https:\/\/www.sejourprive.com\/#organization\",\"name\":\"S\u00e9jour Priv\u00e9\",\"url\":\"https:\/\/www.sejourprive.com\/\",\"logo\":{\"@type\":\"ImageObject\",\"inLanguage\":\"en-GB\",\"@id\":\"https:\/\/www.sejourprive.com\/#\/schema\/logo\/image\/\",\"url\":\"https:\/\/www.sejourprive.com\/wp-content\/uploads\/2026\/02\/SP-Apple-touch-144-couleur-1-2.png\",\"contentUrl\":\"https:\/\/www.sejourprive.com\/wp-content\/uploads\/2026\/02\/SP-Apple-touch-144-couleur-1-2.png\",\"width\":145,\"height\":145,\"caption\":\"S\u00e9jour Priv\u00e9\"},\"image\":{\"@id\":\"https:\/\/www.sejourprive.com\/#\/schema\/logo\/image\/\"}}]}<\/script>\n<!-- \/ Yoast SEO plugin. -->","yoast_head_json":{"title":"Bastide de l'Arche, M\u00e9nerbes, Provence, France - S\u00e9jour Priv\u00e9","description":"Nich\u00e9e \u00e0 M\u00e9nerbes, au c\u0153ur du Luberon, la Bastide de l'Arche allie l'\u00e9l\u00e9gance du charme proven\u00e7al \u00e0 la modernit\u00e9 d'un design contemporain. Situ\u00e9e \u00e0","robots":{"index":"index","follow":"follow","max-snippet":"max-snippet:-1","max-image-preview":"max-image-preview:large","max-video-preview":"max-video-preview:-1"},"canonical":"https:\/\/www.sejourprive.com\/en\/biens\/bastide-de-larche-menerbes-provence-france\/","og_locale":"en_GB","og_type":"article","og_title":"Bastide de l'Arche, M\u00e9nerbes, Provence, France - S\u00e9jour Priv\u00e9","og_description":"Nich\u00e9e \u00e0 M\u00e9nerbes, au c\u0153ur du Luberon, la Bastide de l'Arche allie l'\u00e9l\u00e9gance du charme proven\u00e7al \u00e0 la modernit\u00e9 d'un design contemporain. Situ\u00e9e \u00e0","og_url":"https:\/\/www.sejourprive.com\/en\/biens\/bastide-de-larche-menerbes-provence-france\/","og_site_name":"S\u00e9jour Priv\u00e9","og_image":[{"width":1200,"height":800,"url":"https:\/\/www.sejourprive.com\/wp-content\/uploads\/2026\/04\/0-28.jpg","type":"image\/jpeg"}],"twitter_card":"summary_large_image","twitter_misc":{"Estimated reading time":"1 minute"},"schema":{"@context":"https:\/\/schema.org","@graph":[{"@type":"WebPage","@id":"https:\/\/www.sejourprive.com\/biens\/bastide-de-larche-menerbes-provence-france\/","url":"https:\/\/www.sejourprive.com\/biens\/bastide-de-larche-menerbes-provence-france\/","name":"Bastide de l'Arche, M\u00e9nerbes, Provence, France - S\u00e9jour Priv\u00e9","isPartOf":{"@id":"https:\/\/www.sejourprive.com\/#website"},"primaryImageOfPage":{"@id":"https:\/\/www.sejourprive.com\/biens\/bastide-de-larche-menerbes-provence-france\/#primaryimage"},"image":{"@id":"https:\/\/www.sejourprive.com\/biens\/bastide-de-larche-menerbes-provence-france\/#primaryimage"},"thumbnailUrl":"https:\/\/www.sejourprive.com\/wp-content\/uploads\/2026\/04\/0-28.jpg","datePublished":"2026-04-08T14:55:24+00:00","description":"Nich\u00e9e \u00e0 M\u00e9nerbes, au c\u0153ur du Luberon, la Bastide de l'Arche allie l'\u00e9l\u00e9gance du charme proven\u00e7al \u00e0 la modernit\u00e9 d'un design contemporain. Situ\u00e9e \u00e0","breadcrumb":{"@id":"https:\/\/www.sejourprive.com\/biens\/bastide-de-larche-menerbes-provence-france\/#breadcrumb"},"inLanguage":"en-GB","potentialAction":[{"@type":"ReadAction","target":["https:\/\/www.sejourprive.com\/biens\/bastide-de-larche-menerbes-provence-france\/"]}]},{"@type":"ImageObject","inLanguage":"en-GB","@id":"https:\/\/www.sejourprive.com\/biens\/bastide-de-larche-menerbes-provence-france\/#primaryimage","url":"https:\/\/www.sejourprive.com\/wp-content\/uploads\/2026\/04\/0-28.jpg","contentUrl":"https:\/\/www.sejourprive.com\/wp-content\/uploads\/2026\/04\/0-28.jpg","width":1200,"height":800},{"@type":"BreadcrumbList","@id":"https:\/\/www.sejourprive.com\/biens\/bastide-de-larche-menerbes-provence-france\/#breadcrumb","itemListElement":[{"@type":"ListItem","position":1,"name":"Accueil","item":"https:\/\/www.sejourprive.com\/"},{"@type":"ListItem","position":2,"name":"Shop","item":"https:\/\/www.sejourprive.com\/shop\/"},{"@type":"ListItem","position":3,"name":"Bastide de l&#8217;Arche, M\u00e9nerbes, Provence, France"}]},{"@type":"WebSite","@id":"https:\/\/www.sejourprive.com\/#website","url":"https:\/\/www.sejourprive.com\/","name":"Private Stay","description":"We design exceptional holidays for you.","publisher":{"@id":"https:\/\/www.sejourprive.com\/#organization"},"potentialAction":[{"@type":"SearchAction","target":{"@type":"EntryPoint","urlTemplate":"https:\/\/www.sejourprive.com\/?s={search_term_string}"},"query-input":{"@type":"PropertyValueSpecification","valueRequired":true,"valueName":"search_term_string"}}],"inLanguage":"en-GB"},{"@type":"Organization","@id":"https:\/\/www.sejourprive.com\/#organization","name":"Private Stay","url":"https:\/\/www.sejourprive.com\/","logo":{"@type":"ImageObject","inLanguage":"en-GB","@id":"https:\/\/www.sejourprive.com\/#\/schema\/logo\/image\/","url":"https:\/\/www.sejourprive.com\/wp-content\/uploads\/2026\/02\/SP-Apple-touch-144-couleur-1-2.png","contentUrl":"https:\/\/www.sejourprive.com\/wp-content\/uploads\/2026\/02\/SP-Apple-touch-144-couleur-1-2.png","width":145,"height":145,"caption":"S\u00e9jour Priv\u00e9"},"image":{"@id":"https:\/\/www.sejourprive.com\/#\/schema\/logo\/image\/"}}]}},"_links":{"self":[{"href":"https:\/\/www.sejourprive.com\/en\/wp-json\/wp\/v2\/product\/57049","targetHints":{"allow":["GET"]}}],"collection":[{"href":"https:\/\/www.sejourprive.com\/en\/wp-json\/wp\/v2\/product"}],"about":[{"href":"https:\/\/www.sejourprive.com\/en\/wp-json\/wp\/v2\/types\/product"}],"replies":[{"embeddable":true,"href":"https:\/\/www.sejourprive.com\/en\/wp-json\/wp\/v2\/comments?post=57049"}],"version-history":[{"count":0,"href":"https:\/\/www.sejourprive.com\/en\/wp-json\/wp\/v2\/product\/57049\/revisions"}],"wp:featuredmedia":[{"embeddable":true,"href":"https:\/\/www.sejourprive.com\/en\/wp-json\/wp\/v2\/media\/57051"}],"wp:attachment":[{"href":"https:\/\/www.sejourprive.com\/en\/wp-json\/wp\/v2\/media?parent=57049"}],"wp:term":[{"taxonomy":"product_brand","embeddable":true,"href":"https:\/\/www.sejourprive.com\/en\/wp-json\/wp\/v2\/product_brand?post=57049"},{"taxonomy":"product_cat","embeddable":true,"href":"https:\/\/www.sejourprive.com\/en\/wp-json\/wp\/v2\/product_cat?post=57049"},{"taxonomy":"product_tag","embeddable":true,"href":"https:\/\/www.sejourprive.com\/en\/wp-json\/wp\/v2\/product_tag?post=57049"}],"curies":[{"name":"wp","href":"https:\/\/api.w.org\/{rel}","templated":true}]}}