{"id":56247,"date":"2026-04-01T16:50:06","date_gmt":"2026-04-01T14:50:06","guid":{"rendered":"https:\/\/www.sejourprive.com\/?post_type=product&#038;p=56247"},"modified":"2026-04-01T16:50:07","modified_gmt":"2026-04-01T14:50:07","slug":"villa-oden-gordes-provence-france","status":"publish","type":"product","link":"https:\/\/www.sejourprive.com\/en\/biens\/villa-oden-gordes-provence-france\/","title":{"rendered":"Villa Oden, Gordes, Provence, France"},"content":{"rendered":"<p>Au c\u0153ur de Gordes, la Villa Oden incarne l&#8217;art de vivre proven\u00e7al contemporain. Entour\u00e9 d&#8217;oliviers et de champs de lavande, ce havre de paix construit en pierre locale est l&#8217;endroit id\u00e9al pour se retrouver entre amis ou en famille sous le soleil du Sud.<span><div class=\"read-more-wrapper\"><a class=\"read-more-button\" data-target=\"read-more-69edf3a1f15e8\" data-more-text=\"Read more\" data-less-text=\"Read less\"><span class=\"read-more-text\">Read more<\/span><\/a><div id=\"read-more-69edf3a1f15e8\" class=\"read-more-content\"> <\/span><\/p>\n<p>Pouvant accueillir jusqu&#8217;\u00e0 12 personnes dans 6 chambres et 5 salles de bains, la villa invite \u00e0 la d\u00e9tente du matin au soir. Commencez la journ\u00e9e par un plongeon dans la grande piscine, puis partagez une partie de p\u00e9tanque avant de d\u00eener en plein air sur l&#8217;une des nombreuses terrasses. Terminez la journ\u00e9e en vous relaxant dans le jacuzzi tandis que le soleil se couche sur les collines du Luberon.<\/p>\n<p>Why we love it:<\/p>\n<p>\u2022 Panier de bienvenue proven\u00e7al : profitez de sp\u00e9cialit\u00e9s locales et d&#8217;une bouteille de ros\u00e9 \u00e0 votre arriv\u00e9e<br \/>\n\u2022 Piscine adapt\u00e9e aux enfants : le fond mobile permet de modifier la profondeur pour une baignade en toute s\u00e9curit\u00e9<br \/>\n\u2022 Espaces ext\u00e9rieurs multiples : d\u00eenerez, vous d\u00e9tendrez et vous reposerez sur les diff\u00e9rentes terrasses<\/div><\/div><\/p>","protected":false},"excerpt":{"rendered":"<p>Au c\u0153ur de Gordes, la Villa Oden incarne l&#8217;art de vivre proven\u00e7al contemporain. Entour\u00e9 d&#8217;oliviers et de champs de lavande,&#8230;<\/p>","protected":false},"featured_media":56250,"comment_status":"open","ping_status":"closed","template":"","meta":{"_acf_changed":false},"product_brand":[],"product_cat":[15],"product_tag":[],"class_list":{"0":"post-56247","1":"product","2":"type-product","3":"status-publish","4":"has-post-thumbnail","6":"product_cat-villa","7":"property_location-france","8":"property_location-provence","10":"first","11":"instock","12":"sold-individually","13":"shipping-taxable","14":"purchasable","15":"product-type-simple"},"acf":[],"yoast_head":"<!-- This site is optimized with the Yoast SEO plugin v26.6 - https:\/\/yoast.com\/wordpress\/plugins\/seo\/ -->\n<title>Villa Oden, Gordes, Provence, France - S\u00e9jour Priv\u00e9<\/title>\n<meta name=\"description\" content=\"Au c\u0153ur de Gordes, la Villa Oden incarne l&#039;art de vivre proven\u00e7al contemporain. Entour\u00e9 d&#039;oliviers et de champs de lavande, ce havre de paix construit en\" \/>\n<meta name=\"robots\" content=\"index, follow, max-snippet:-1, max-image-preview:large, max-video-preview:-1\" \/>\n<link rel=\"canonical\" href=\"https:\/\/www.sejourprive.com\/en\/biens\/villa-oden-gordes-provence-france\/\" \/>\n<meta property=\"og:locale\" content=\"en_GB\" \/>\n<meta property=\"og:type\" content=\"article\" \/>\n<meta property=\"og:title\" content=\"Villa Oden, Gordes, Provence, France - S\u00e9jour Priv\u00e9\" \/>\n<meta property=\"og:description\" content=\"Au c\u0153ur de Gordes, la Villa Oden incarne l&#039;art de vivre proven\u00e7al contemporain. Entour\u00e9 d&#039;oliviers et de champs de lavande, ce havre de paix construit en\" \/>\n<meta property=\"og:url\" content=\"https:\/\/www.sejourprive.com\/en\/biens\/villa-oden-gordes-provence-france\/\" \/>\n<meta property=\"og:site_name\" content=\"S\u00e9jour Priv\u00e9\" \/>\n<meta property=\"article:modified_time\" content=\"2026-04-01T14:50:07+00:00\" \/>\n<meta property=\"og:image\" content=\"https:\/\/www.sejourprive.com\/wp-content\/uploads\/2026\/04\/1-14.jpg\" \/>\n\t<meta property=\"og:image:width\" content=\"1200\" \/>\n\t<meta property=\"og:image:height\" content=\"675\" \/>\n\t<meta property=\"og:image:type\" content=\"image\/jpeg\" \/>\n<meta name=\"twitter:card\" content=\"summary_large_image\" \/>\n<meta name=\"twitter:label1\" content=\"Estimated reading time\" \/>\n\t<meta name=\"twitter:data1\" content=\"2 minutes\" \/>\n<script type=\"application\/ld+json\" class=\"yoast-schema-graph\">{\"@context\":\"https:\/\/schema.org\",\"@graph\":[{\"@type\":\"WebPage\",\"@id\":\"https:\/\/www.sejourprive.com\/biens\/villa-oden-gordes-provence-france\/\",\"url\":\"https:\/\/www.sejourprive.com\/biens\/villa-oden-gordes-provence-france\/\",\"name\":\"Villa Oden, Gordes, Provence, France - S\u00e9jour Priv\u00e9\",\"isPartOf\":{\"@id\":\"https:\/\/www.sejourprive.com\/#website\"},\"primaryImageOfPage\":{\"@id\":\"https:\/\/www.sejourprive.com\/biens\/villa-oden-gordes-provence-france\/#primaryimage\"},\"image\":{\"@id\":\"https:\/\/www.sejourprive.com\/biens\/villa-oden-gordes-provence-france\/#primaryimage\"},\"thumbnailUrl\":\"https:\/\/www.sejourprive.com\/wp-content\/uploads\/2026\/04\/1-14.jpg\",\"datePublished\":\"2026-04-01T14:50:06+00:00\",\"dateModified\":\"2026-04-01T14:50:07+00:00\",\"description\":\"Au c\u0153ur de Gordes, la Villa Oden incarne l'art de vivre proven\u00e7al contemporain. Entour\u00e9 d'oliviers et de champs de lavande, ce havre de paix construit en\",\"breadcrumb\":{\"@id\":\"https:\/\/www.sejourprive.com\/biens\/villa-oden-gordes-provence-france\/#breadcrumb\"},\"inLanguage\":\"en-GB\",\"potentialAction\":[{\"@type\":\"ReadAction\",\"target\":[\"https:\/\/www.sejourprive.com\/biens\/villa-oden-gordes-provence-france\/\"]}]},{\"@type\":\"ImageObject\",\"inLanguage\":\"en-GB\",\"@id\":\"https:\/\/www.sejourprive.com\/biens\/villa-oden-gordes-provence-france\/#primaryimage\",\"url\":\"https:\/\/www.sejourprive.com\/wp-content\/uploads\/2026\/04\/1-14.jpg\",\"contentUrl\":\"https:\/\/www.sejourprive.com\/wp-content\/uploads\/2026\/04\/1-14.jpg\",\"width\":1200,\"height\":675},{\"@type\":\"BreadcrumbList\",\"@id\":\"https:\/\/www.sejourprive.com\/biens\/villa-oden-gordes-provence-france\/#breadcrumb\",\"itemListElement\":[{\"@type\":\"ListItem\",\"position\":1,\"name\":\"Accueil\",\"item\":\"https:\/\/www.sejourprive.com\/\"},{\"@type\":\"ListItem\",\"position\":2,\"name\":\"Shop\",\"item\":\"https:\/\/www.sejourprive.com\/shop\/\"},{\"@type\":\"ListItem\",\"position\":3,\"name\":\"Villa Oden, Gordes, Provence, France\"}]},{\"@type\":\"WebSite\",\"@id\":\"https:\/\/www.sejourprive.com\/#website\",\"url\":\"https:\/\/www.sejourprive.com\/\",\"name\":\"S\u00e9jour Priv\u00e9\",\"description\":\"Nous imaginons pour vous des s\u00e9jours d\u2019exception.\",\"publisher\":{\"@id\":\"https:\/\/www.sejourprive.com\/#organization\"},\"potentialAction\":[{\"@type\":\"SearchAction\",\"target\":{\"@type\":\"EntryPoint\",\"urlTemplate\":\"https:\/\/www.sejourprive.com\/?s={search_term_string}\"},\"query-input\":{\"@type\":\"PropertyValueSpecification\",\"valueRequired\":true,\"valueName\":\"search_term_string\"}}],\"inLanguage\":\"en-GB\"},{\"@type\":\"Organization\",\"@id\":\"https:\/\/www.sejourprive.com\/#organization\",\"name\":\"S\u00e9jour Priv\u00e9\",\"url\":\"https:\/\/www.sejourprive.com\/\",\"logo\":{\"@type\":\"ImageObject\",\"inLanguage\":\"en-GB\",\"@id\":\"https:\/\/www.sejourprive.com\/#\/schema\/logo\/image\/\",\"url\":\"https:\/\/www.sejourprive.com\/wp-content\/uploads\/2026\/02\/SP-Apple-touch-144-couleur-1-2.png\",\"contentUrl\":\"https:\/\/www.sejourprive.com\/wp-content\/uploads\/2026\/02\/SP-Apple-touch-144-couleur-1-2.png\",\"width\":145,\"height\":145,\"caption\":\"S\u00e9jour Priv\u00e9\"},\"image\":{\"@id\":\"https:\/\/www.sejourprive.com\/#\/schema\/logo\/image\/\"}}]}<\/script>\n<!-- \/ Yoast SEO plugin. -->","yoast_head_json":{"title":"Villa Oden, Gordes, Provence, France - S\u00e9jour Priv\u00e9","description":"Au c\u0153ur de Gordes, la Villa Oden incarne l'art de vivre proven\u00e7al contemporain. Entour\u00e9 d'oliviers et de champs de lavande, ce havre de paix construit en","robots":{"index":"index","follow":"follow","max-snippet":"max-snippet:-1","max-image-preview":"max-image-preview:large","max-video-preview":"max-video-preview:-1"},"canonical":"https:\/\/www.sejourprive.com\/en\/biens\/villa-oden-gordes-provence-france\/","og_locale":"en_GB","og_type":"article","og_title":"Villa Oden, Gordes, Provence, France - S\u00e9jour Priv\u00e9","og_description":"Au c\u0153ur de Gordes, la Villa Oden incarne l'art de vivre proven\u00e7al contemporain. Entour\u00e9 d'oliviers et de champs de lavande, ce havre de paix construit en","og_url":"https:\/\/www.sejourprive.com\/en\/biens\/villa-oden-gordes-provence-france\/","og_site_name":"S\u00e9jour Priv\u00e9","article_modified_time":"2026-04-01T14:50:07+00:00","og_image":[{"width":1200,"height":675,"url":"https:\/\/www.sejourprive.com\/wp-content\/uploads\/2026\/04\/1-14.jpg","type":"image\/jpeg"}],"twitter_card":"summary_large_image","twitter_misc":{"Estimated reading time":"2 minutes"},"schema":{"@context":"https:\/\/schema.org","@graph":[{"@type":"WebPage","@id":"https:\/\/www.sejourprive.com\/biens\/villa-oden-gordes-provence-france\/","url":"https:\/\/www.sejourprive.com\/biens\/villa-oden-gordes-provence-france\/","name":"Villa Oden, Gordes, Provence, France - S\u00e9jour Priv\u00e9","isPartOf":{"@id":"https:\/\/www.sejourprive.com\/#website"},"primaryImageOfPage":{"@id":"https:\/\/www.sejourprive.com\/biens\/villa-oden-gordes-provence-france\/#primaryimage"},"image":{"@id":"https:\/\/www.sejourprive.com\/biens\/villa-oden-gordes-provence-france\/#primaryimage"},"thumbnailUrl":"https:\/\/www.sejourprive.com\/wp-content\/uploads\/2026\/04\/1-14.jpg","datePublished":"2026-04-01T14:50:06+00:00","dateModified":"2026-04-01T14:50:07+00:00","description":"Au c\u0153ur de Gordes, la Villa Oden incarne l'art de vivre proven\u00e7al contemporain. Entour\u00e9 d'oliviers et de champs de lavande, ce havre de paix construit en","breadcrumb":{"@id":"https:\/\/www.sejourprive.com\/biens\/villa-oden-gordes-provence-france\/#breadcrumb"},"inLanguage":"en-GB","potentialAction":[{"@type":"ReadAction","target":["https:\/\/www.sejourprive.com\/biens\/villa-oden-gordes-provence-france\/"]}]},{"@type":"ImageObject","inLanguage":"en-GB","@id":"https:\/\/www.sejourprive.com\/biens\/villa-oden-gordes-provence-france\/#primaryimage","url":"https:\/\/www.sejourprive.com\/wp-content\/uploads\/2026\/04\/1-14.jpg","contentUrl":"https:\/\/www.sejourprive.com\/wp-content\/uploads\/2026\/04\/1-14.jpg","width":1200,"height":675},{"@type":"BreadcrumbList","@id":"https:\/\/www.sejourprive.com\/biens\/villa-oden-gordes-provence-france\/#breadcrumb","itemListElement":[{"@type":"ListItem","position":1,"name":"Accueil","item":"https:\/\/www.sejourprive.com\/"},{"@type":"ListItem","position":2,"name":"Shop","item":"https:\/\/www.sejourprive.com\/shop\/"},{"@type":"ListItem","position":3,"name":"Villa Oden, Gordes, Provence, France"}]},{"@type":"WebSite","@id":"https:\/\/www.sejourprive.com\/#website","url":"https:\/\/www.sejourprive.com\/","name":"Private Stay","description":"We design exceptional holidays for you.","publisher":{"@id":"https:\/\/www.sejourprive.com\/#organization"},"potentialAction":[{"@type":"SearchAction","target":{"@type":"EntryPoint","urlTemplate":"https:\/\/www.sejourprive.com\/?s={search_term_string}"},"query-input":{"@type":"PropertyValueSpecification","valueRequired":true,"valueName":"search_term_string"}}],"inLanguage":"en-GB"},{"@type":"Organization","@id":"https:\/\/www.sejourprive.com\/#organization","name":"Private Stay","url":"https:\/\/www.sejourprive.com\/","logo":{"@type":"ImageObject","inLanguage":"en-GB","@id":"https:\/\/www.sejourprive.com\/#\/schema\/logo\/image\/","url":"https:\/\/www.sejourprive.com\/wp-content\/uploads\/2026\/02\/SP-Apple-touch-144-couleur-1-2.png","contentUrl":"https:\/\/www.sejourprive.com\/wp-content\/uploads\/2026\/02\/SP-Apple-touch-144-couleur-1-2.png","width":145,"height":145,"caption":"S\u00e9jour Priv\u00e9"},"image":{"@id":"https:\/\/www.sejourprive.com\/#\/schema\/logo\/image\/"}}]}},"_links":{"self":[{"href":"https:\/\/www.sejourprive.com\/en\/wp-json\/wp\/v2\/product\/56247","targetHints":{"allow":["GET"]}}],"collection":[{"href":"https:\/\/www.sejourprive.com\/en\/wp-json\/wp\/v2\/product"}],"about":[{"href":"https:\/\/www.sejourprive.com\/en\/wp-json\/wp\/v2\/types\/product"}],"replies":[{"embeddable":true,"href":"https:\/\/www.sejourprive.com\/en\/wp-json\/wp\/v2\/comments?post=56247"}],"version-history":[{"count":0,"href":"https:\/\/www.sejourprive.com\/en\/wp-json\/wp\/v2\/product\/56247\/revisions"}],"wp:featuredmedia":[{"embeddable":true,"href":"https:\/\/www.sejourprive.com\/en\/wp-json\/wp\/v2\/media\/56250"}],"wp:attachment":[{"href":"https:\/\/www.sejourprive.com\/en\/wp-json\/wp\/v2\/media?parent=56247"}],"wp:term":[{"taxonomy":"product_brand","embeddable":true,"href":"https:\/\/www.sejourprive.com\/en\/wp-json\/wp\/v2\/product_brand?post=56247"},{"taxonomy":"product_cat","embeddable":true,"href":"https:\/\/www.sejourprive.com\/en\/wp-json\/wp\/v2\/product_cat?post=56247"},{"taxonomy":"product_tag","embeddable":true,"href":"https:\/\/www.sejourprive.com\/en\/wp-json\/wp\/v2\/product_tag?post=56247"}],"curies":[{"name":"wp","href":"https:\/\/api.w.org\/{rel}","templated":true}]}}