{"id":55583,"date":"2026-04-01T15:55:08","date_gmt":"2026-04-01T13:55:08","guid":{"rendered":"https:\/\/www.sejourprive.com\/?post_type=product&#038;p=55583"},"modified":"2026-04-01T15:56:29","modified_gmt":"2026-04-01T13:56:29","slug":"mas-du-reflet-maussane-les-alpilles-provence-france","status":"publish","type":"product","link":"https:\/\/www.sejourprive.com\/en\/biens\/mas-du-reflet-maussane-les-alpilles-provence-france\/","title":{"rendered":"Mas du Reflet, Maussane-les-Alpilles, Provence, France"},"content":{"rendered":"<p>Nestling in the Alpilles countryside near Maussane, Mas du Reflet is a Proven\u00e7al retreat offering privacy and the peaceful rhythm of nature.<\/p>\n<p><span><div class=\"read-more-wrapper\"><a class=\"read-more-button\" data-target=\"read-more-69f3a80417534\" data-more-text=\"Read more\" data-less-text=\"Read less\"><span class=\"read-more-text\">Read more<\/span><\/a><div id=\"read-more-69f3a80417534\" class=\"read-more-content\"> <\/span>Pouvant accueillir jusqu&#8217;\u00e0 14 personnes dans 7 chambres avec salle de bains privative, ce mas de 500 m\u00b2 soigneusement restaur\u00e9 allie tradition et loisirs. Commencez la journ\u00e9e par une s\u00e9ance d&#8217;entra\u00eenement dans la salle de sport, puis rafra\u00eechissez-vous dans la piscine avant de disputer une partie de p\u00e9tanque au soleil. Le soir, organisez des barbecues en famille, puis profitez de moments chaleureux au coin du feu.<\/p>\n<p>Why we love it :<\/p>\n<p>\u2022 Cadre isol\u00e9 : situ\u00e9 au c\u0153ur d&#8217;un domaine de 90 hectares, entour\u00e9 de champs et sans voisins pour une intimit\u00e9 totale<br \/>\n\u2022 \u00c9quipements pour les loisirs proven\u00e7aux : jouez \u00e0 la p\u00e9tanque dans le jardin, prenez le soleil au bord de la piscine ou faites une partie de billard avec vos proches<br \/>\n\u2022 Acc\u00e8s facile \u00e0 la ville : \u00e0 seulement 7 minutes en voiture des commerces, restaurants et bars du village<\/div><\/div> <\/p>","protected":false},"excerpt":{"rendered":"<p>Nich\u00e9 dans la campagne des Alpilles, pr\u00e8s de Maussane, le Mas du Reflet est un refuge proven\u00e7al offrant intimit\u00e9 au&#8230;<\/p>","protected":false},"featured_media":55640,"comment_status":"open","ping_status":"closed","template":"","meta":{"_acf_changed":false},"product_brand":[],"product_cat":[15],"product_tag":[],"class_list":{"0":"post-55583","1":"product","2":"type-product","3":"status-publish","4":"has-post-thumbnail","6":"product_cat-villa","7":"property_location-france","8":"property_location-provence","10":"first","11":"instock","12":"sold-individually","13":"shipping-taxable","14":"purchasable","15":"product-type-simple"},"acf":[],"yoast_head":"<!-- This site is optimized with the Yoast SEO plugin v26.6 - https:\/\/yoast.com\/wordpress\/plugins\/seo\/ -->\n<title>Mas du Reflet, Maussane-les-Alpilles, Provence, France - S\u00e9jour Priv\u00e9<\/title>\n<meta name=\"description\" content=\"Nich\u00e9 dans la campagne des Alpilles, pr\u00e8s de Maussane, le Mas du Reflet est un refuge proven\u00e7al offrant intimit\u00e9 au rythme paisible de la nature.\" \/>\n<meta name=\"robots\" content=\"index, follow, max-snippet:-1, max-image-preview:large, max-video-preview:-1\" \/>\n<link rel=\"canonical\" href=\"https:\/\/www.sejourprive.com\/en\/biens\/mas-du-reflet-maussane-les-alpilles-provence-france\/\" \/>\n<meta property=\"og:locale\" content=\"en_GB\" \/>\n<meta property=\"og:type\" content=\"article\" \/>\n<meta property=\"og:title\" content=\"Mas du Reflet, Maussane-les-Alpilles, Provence, France - S\u00e9jour Priv\u00e9\" \/>\n<meta property=\"og:description\" content=\"Nich\u00e9 dans la campagne des Alpilles, pr\u00e8s de Maussane, le Mas du Reflet est un refuge proven\u00e7al offrant intimit\u00e9 au rythme paisible de la nature.\" \/>\n<meta property=\"og:url\" content=\"https:\/\/www.sejourprive.com\/en\/biens\/mas-du-reflet-maussane-les-alpilles-provence-france\/\" \/>\n<meta property=\"og:site_name\" content=\"S\u00e9jour Priv\u00e9\" \/>\n<meta property=\"article:modified_time\" content=\"2026-04-01T13:56:29+00:00\" \/>\n<meta property=\"og:image\" content=\"https:\/\/www.sejourprive.com\/wp-content\/uploads\/2026\/04\/2-1.jpg\" \/>\n\t<meta property=\"og:image:width\" content=\"1200\" \/>\n\t<meta property=\"og:image:height\" content=\"799\" \/>\n\t<meta property=\"og:image:type\" content=\"image\/jpeg\" \/>\n<meta name=\"twitter:card\" content=\"summary_large_image\" \/>\n<meta name=\"twitter:label1\" content=\"Estimated reading time\" \/>\n\t<meta name=\"twitter:data1\" content=\"2 minutes\" \/>\n<script type=\"application\/ld+json\" class=\"yoast-schema-graph\">{\"@context\":\"https:\/\/schema.org\",\"@graph\":[{\"@type\":\"WebPage\",\"@id\":\"https:\/\/www.sejourprive.com\/biens\/mas-du-reflet-maussane-les-alpilles-provence-france\/\",\"url\":\"https:\/\/www.sejourprive.com\/biens\/mas-du-reflet-maussane-les-alpilles-provence-france\/\",\"name\":\"Mas du Reflet, Maussane-les-Alpilles, Provence, France - S\u00e9jour Priv\u00e9\",\"isPartOf\":{\"@id\":\"https:\/\/www.sejourprive.com\/#website\"},\"primaryImageOfPage\":{\"@id\":\"https:\/\/www.sejourprive.com\/biens\/mas-du-reflet-maussane-les-alpilles-provence-france\/#primaryimage\"},\"image\":{\"@id\":\"https:\/\/www.sejourprive.com\/biens\/mas-du-reflet-maussane-les-alpilles-provence-france\/#primaryimage\"},\"thumbnailUrl\":\"https:\/\/www.sejourprive.com\/wp-content\/uploads\/2026\/04\/2-1.jpg\",\"datePublished\":\"2026-04-01T13:55:08+00:00\",\"dateModified\":\"2026-04-01T13:56:29+00:00\",\"description\":\"Nich\u00e9 dans la campagne des Alpilles, pr\u00e8s de Maussane, le Mas du Reflet est un refuge proven\u00e7al offrant intimit\u00e9 au rythme paisible de la nature.\",\"breadcrumb\":{\"@id\":\"https:\/\/www.sejourprive.com\/biens\/mas-du-reflet-maussane-les-alpilles-provence-france\/#breadcrumb\"},\"inLanguage\":\"en-GB\",\"potentialAction\":[{\"@type\":\"ReadAction\",\"target\":[\"https:\/\/www.sejourprive.com\/biens\/mas-du-reflet-maussane-les-alpilles-provence-france\/\"]}]},{\"@type\":\"ImageObject\",\"inLanguage\":\"en-GB\",\"@id\":\"https:\/\/www.sejourprive.com\/biens\/mas-du-reflet-maussane-les-alpilles-provence-france\/#primaryimage\",\"url\":\"https:\/\/www.sejourprive.com\/wp-content\/uploads\/2026\/04\/2-1.jpg\",\"contentUrl\":\"https:\/\/www.sejourprive.com\/wp-content\/uploads\/2026\/04\/2-1.jpg\",\"width\":1200,\"height\":799},{\"@type\":\"BreadcrumbList\",\"@id\":\"https:\/\/www.sejourprive.com\/biens\/mas-du-reflet-maussane-les-alpilles-provence-france\/#breadcrumb\",\"itemListElement\":[{\"@type\":\"ListItem\",\"position\":1,\"name\":\"Accueil\",\"item\":\"https:\/\/www.sejourprive.com\/\"},{\"@type\":\"ListItem\",\"position\":2,\"name\":\"Shop\",\"item\":\"https:\/\/www.sejourprive.com\/shop\/\"},{\"@type\":\"ListItem\",\"position\":3,\"name\":\"Mas du Reflet, Maussane-les-Alpilles, Provence, France\"}]},{\"@type\":\"WebSite\",\"@id\":\"https:\/\/www.sejourprive.com\/#website\",\"url\":\"https:\/\/www.sejourprive.com\/\",\"name\":\"S\u00e9jour Priv\u00e9\",\"description\":\"Nous imaginons pour vous des s\u00e9jours d\u2019exception.\",\"publisher\":{\"@id\":\"https:\/\/www.sejourprive.com\/#organization\"},\"potentialAction\":[{\"@type\":\"SearchAction\",\"target\":{\"@type\":\"EntryPoint\",\"urlTemplate\":\"https:\/\/www.sejourprive.com\/?s={search_term_string}\"},\"query-input\":{\"@type\":\"PropertyValueSpecification\",\"valueRequired\":true,\"valueName\":\"search_term_string\"}}],\"inLanguage\":\"en-GB\"},{\"@type\":\"Organization\",\"@id\":\"https:\/\/www.sejourprive.com\/#organization\",\"name\":\"S\u00e9jour Priv\u00e9\",\"url\":\"https:\/\/www.sejourprive.com\/\",\"logo\":{\"@type\":\"ImageObject\",\"inLanguage\":\"en-GB\",\"@id\":\"https:\/\/www.sejourprive.com\/#\/schema\/logo\/image\/\",\"url\":\"https:\/\/www.sejourprive.com\/wp-content\/uploads\/2026\/02\/SP-Apple-touch-144-couleur-1-2.png\",\"contentUrl\":\"https:\/\/www.sejourprive.com\/wp-content\/uploads\/2026\/02\/SP-Apple-touch-144-couleur-1-2.png\",\"width\":145,\"height\":145,\"caption\":\"S\u00e9jour Priv\u00e9\"},\"image\":{\"@id\":\"https:\/\/www.sejourprive.com\/#\/schema\/logo\/image\/\"}}]}<\/script>\n<!-- \/ Yoast SEO plugin. -->","yoast_head_json":{"title":"Mas du Reflet, Maussane-les-Alpilles, Provence, France - S\u00e9jour Priv\u00e9","description":"Nestling in the Alpilles countryside near Maussane, Mas du Reflet is a Proven\u00e7al retreat offering privacy and the peaceful rhythm of nature.","robots":{"index":"index","follow":"follow","max-snippet":"max-snippet:-1","max-image-preview":"max-image-preview:large","max-video-preview":"max-video-preview:-1"},"canonical":"https:\/\/www.sejourprive.com\/en\/biens\/mas-du-reflet-maussane-les-alpilles-provence-france\/","og_locale":"en_GB","og_type":"article","og_title":"Mas du Reflet, Maussane-les-Alpilles, Provence, France - S\u00e9jour Priv\u00e9","og_description":"Nich\u00e9 dans la campagne des Alpilles, pr\u00e8s de Maussane, le Mas du Reflet est un refuge proven\u00e7al offrant intimit\u00e9 au rythme paisible de la nature.","og_url":"https:\/\/www.sejourprive.com\/en\/biens\/mas-du-reflet-maussane-les-alpilles-provence-france\/","og_site_name":"S\u00e9jour Priv\u00e9","article_modified_time":"2026-04-01T13:56:29+00:00","og_image":[{"width":1200,"height":799,"url":"https:\/\/www.sejourprive.com\/wp-content\/uploads\/2026\/04\/2-1.jpg","type":"image\/jpeg"}],"twitter_card":"summary_large_image","twitter_misc":{"Estimated reading time":"2 minutes"},"schema":{"@context":"https:\/\/schema.org","@graph":[{"@type":"WebPage","@id":"https:\/\/www.sejourprive.com\/biens\/mas-du-reflet-maussane-les-alpilles-provence-france\/","url":"https:\/\/www.sejourprive.com\/biens\/mas-du-reflet-maussane-les-alpilles-provence-france\/","name":"Mas du Reflet, Maussane-les-Alpilles, Provence, France - S\u00e9jour Priv\u00e9","isPartOf":{"@id":"https:\/\/www.sejourprive.com\/#website"},"primaryImageOfPage":{"@id":"https:\/\/www.sejourprive.com\/biens\/mas-du-reflet-maussane-les-alpilles-provence-france\/#primaryimage"},"image":{"@id":"https:\/\/www.sejourprive.com\/biens\/mas-du-reflet-maussane-les-alpilles-provence-france\/#primaryimage"},"thumbnailUrl":"https:\/\/www.sejourprive.com\/wp-content\/uploads\/2026\/04\/2-1.jpg","datePublished":"2026-04-01T13:55:08+00:00","dateModified":"2026-04-01T13:56:29+00:00","description":"Nestling in the Alpilles countryside near Maussane, Mas du Reflet is a Proven\u00e7al retreat offering privacy and the peaceful rhythm of nature.","breadcrumb":{"@id":"https:\/\/www.sejourprive.com\/biens\/mas-du-reflet-maussane-les-alpilles-provence-france\/#breadcrumb"},"inLanguage":"en-GB","potentialAction":[{"@type":"ReadAction","target":["https:\/\/www.sejourprive.com\/biens\/mas-du-reflet-maussane-les-alpilles-provence-france\/"]}]},{"@type":"ImageObject","inLanguage":"en-GB","@id":"https:\/\/www.sejourprive.com\/biens\/mas-du-reflet-maussane-les-alpilles-provence-france\/#primaryimage","url":"https:\/\/www.sejourprive.com\/wp-content\/uploads\/2026\/04\/2-1.jpg","contentUrl":"https:\/\/www.sejourprive.com\/wp-content\/uploads\/2026\/04\/2-1.jpg","width":1200,"height":799},{"@type":"BreadcrumbList","@id":"https:\/\/www.sejourprive.com\/biens\/mas-du-reflet-maussane-les-alpilles-provence-france\/#breadcrumb","itemListElement":[{"@type":"ListItem","position":1,"name":"Accueil","item":"https:\/\/www.sejourprive.com\/"},{"@type":"ListItem","position":2,"name":"Shop","item":"https:\/\/www.sejourprive.com\/shop\/"},{"@type":"ListItem","position":3,"name":"Mas du Reflet, Maussane-les-Alpilles, Provence, France"}]},{"@type":"WebSite","@id":"https:\/\/www.sejourprive.com\/#website","url":"https:\/\/www.sejourprive.com\/","name":"Private Stay","description":"We design exceptional holidays for you.","publisher":{"@id":"https:\/\/www.sejourprive.com\/#organization"},"potentialAction":[{"@type":"SearchAction","target":{"@type":"EntryPoint","urlTemplate":"https:\/\/www.sejourprive.com\/?s={search_term_string}"},"query-input":{"@type":"PropertyValueSpecification","valueRequired":true,"valueName":"search_term_string"}}],"inLanguage":"en-GB"},{"@type":"Organization","@id":"https:\/\/www.sejourprive.com\/#organization","name":"Private Stay","url":"https:\/\/www.sejourprive.com\/","logo":{"@type":"ImageObject","inLanguage":"en-GB","@id":"https:\/\/www.sejourprive.com\/#\/schema\/logo\/image\/","url":"https:\/\/www.sejourprive.com\/wp-content\/uploads\/2026\/02\/SP-Apple-touch-144-couleur-1-2.png","contentUrl":"https:\/\/www.sejourprive.com\/wp-content\/uploads\/2026\/02\/SP-Apple-touch-144-couleur-1-2.png","width":145,"height":145,"caption":"S\u00e9jour Priv\u00e9"},"image":{"@id":"https:\/\/www.sejourprive.com\/#\/schema\/logo\/image\/"}}]}},"_links":{"self":[{"href":"https:\/\/www.sejourprive.com\/en\/wp-json\/wp\/v2\/product\/55583","targetHints":{"allow":["GET"]}}],"collection":[{"href":"https:\/\/www.sejourprive.com\/en\/wp-json\/wp\/v2\/product"}],"about":[{"href":"https:\/\/www.sejourprive.com\/en\/wp-json\/wp\/v2\/types\/product"}],"replies":[{"embeddable":true,"href":"https:\/\/www.sejourprive.com\/en\/wp-json\/wp\/v2\/comments?post=55583"}],"version-history":[{"count":0,"href":"https:\/\/www.sejourprive.com\/en\/wp-json\/wp\/v2\/product\/55583\/revisions"}],"wp:featuredmedia":[{"embeddable":true,"href":"https:\/\/www.sejourprive.com\/en\/wp-json\/wp\/v2\/media\/55640"}],"wp:attachment":[{"href":"https:\/\/www.sejourprive.com\/en\/wp-json\/wp\/v2\/media?parent=55583"}],"wp:term":[{"taxonomy":"product_brand","embeddable":true,"href":"https:\/\/www.sejourprive.com\/en\/wp-json\/wp\/v2\/product_brand?post=55583"},{"taxonomy":"product_cat","embeddable":true,"href":"https:\/\/www.sejourprive.com\/en\/wp-json\/wp\/v2\/product_cat?post=55583"},{"taxonomy":"product_tag","embeddable":true,"href":"https:\/\/www.sejourprive.com\/en\/wp-json\/wp\/v2\/product_tag?post=55583"}],"curies":[{"name":"wp","href":"https:\/\/api.w.org\/{rel}","templated":true}]}}