{"id":54962,"date":"2026-03-31T15:59:50","date_gmt":"2026-03-31T13:59:50","guid":{"rendered":"https:\/\/www.sejourprive.com\/?post_type=product&#038;p=54962"},"modified":"2026-03-31T15:59:50","modified_gmt":"2026-03-31T13:59:50","slug":"mas-de-fontchateau-saint-etienne-du-gres-provence-france","status":"publish","type":"product","link":"https:\/\/www.sejourprive.com\/en\/biens\/mas-de-fontchateau-saint-etienne-du-gres-provence-france\/","title":{"rendered":"Mas de Fontch\u00e2teau, Saint-Etienne-du-Gr\u00e8s, Provence, France"},"content":{"rendered":"<p>Au c\u0153ur de la Provence enchanteresse se dresse le Mas de Fontch\u00e2teau, v\u00e9ritable havre de luxe. Dot\u00e9 d\u2019une superbe piscine ext\u00e9rieure et d\u2019un jardin verdoyant bord\u00e9 d\u2019arbres, le Mas de Fontch\u00e2teau rend hommage \u00e0 son environnement gr\u00e2ce \u00e0 un m\u00e9lange harmonieux de style proven\u00e7al classique et de luxe moderne.<span><div class=\"read-more-wrapper\"><a class=\"read-more-button\" data-target=\"read-more-69f55a6257405\" data-more-text=\"Read more\" data-less-text=\"Read less\"><span class=\"read-more-text\">Read more<\/span><\/a><div id=\"read-more-69f55a6257405\" class=\"read-more-content\"> <\/span><\/p>\n<p>La vie au Mas de Fontch\u00e2teau s&#8217;\u00e9coule \u00e0 un rythme tranquille, chaque jour \u00e9tant un t\u00e9moignage de l&#8217;art de vivre. Commencez votre journ\u00e9e par une baignade rafra\u00eechissante dans la piscine ext\u00e9rieure aux eaux cristallines et, tandis que le soleil de l&#8217;apr\u00e8s-midi baigne la villa d&#8217;une lueur chaleureuse, participez \u00e0 une partie amicale de p\u00e9tanque. \u00c0 la tomb\u00e9e de la nuit, retirez-vous dans le confort du salon cossu, o\u00f9 un feu cr\u00e9pitant dans la chemin\u00e9e cr\u00e9e une ambiance chaleureuse.<\/div><\/div> <\/p>","protected":false},"excerpt":{"rendered":"<p>Au c\u0153ur de la Provence enchanteresse se dresse le Mas de Fontch\u00e2teau, v\u00e9ritable havre de luxe. Dot\u00e9 d\u2019une superbe piscine&#8230;<\/p>","protected":false},"featured_media":54969,"comment_status":"open","ping_status":"closed","template":"","meta":{"_acf_changed":false},"product_brand":[],"product_cat":[15],"product_tag":[],"class_list":{"0":"post-54962","1":"product","2":"type-product","3":"status-publish","4":"has-post-thumbnail","6":"product_cat-villa","7":"property_location-france","8":"property_location-provence","10":"first","11":"instock","12":"sold-individually","13":"shipping-taxable","14":"purchasable","15":"product-type-simple"},"acf":[],"yoast_head":"<!-- This site is optimized with the Yoast SEO plugin v26.6 - https:\/\/yoast.com\/wordpress\/plugins\/seo\/ -->\n<title>Mas de Fontch\u00e2teau, Saint- \u00c9tienne-du-Gr\u00e8s, Provence, France - S\u00e9jour Priv\u00e9<\/title>\n<meta name=\"description\" content=\"Au c\u0153ur de la Provence enchanteresse se dresse le Mas de Fontch\u00e2teau, v\u00e9ritable havre de luxe. Dot\u00e9 d\u2019une superbe piscine ext\u00e9rieure et d\u2019un jardin\" \/>\n<meta name=\"robots\" content=\"index, follow, max-snippet:-1, max-image-preview:large, max-video-preview:-1\" \/>\n<link rel=\"canonical\" href=\"https:\/\/www.sejourprive.com\/en\/biens\/mas-de-fontchateau-saint-etienne-du-gres-provence-france\/\" \/>\n<meta property=\"og:locale\" content=\"en_GB\" \/>\n<meta property=\"og:type\" content=\"article\" \/>\n<meta property=\"og:title\" content=\"Mas de Fontch\u00e2teau, Saint- \u00c9tienne-du-Gr\u00e8s, Provence, France - S\u00e9jour Priv\u00e9\" \/>\n<meta property=\"og:description\" content=\"Au c\u0153ur de la Provence enchanteresse se dresse le Mas de Fontch\u00e2teau, v\u00e9ritable havre de luxe. Dot\u00e9 d\u2019une superbe piscine ext\u00e9rieure et d\u2019un jardin\" \/>\n<meta property=\"og:url\" content=\"https:\/\/www.sejourprive.com\/en\/biens\/mas-de-fontchateau-saint-etienne-du-gres-provence-france\/\" \/>\n<meta property=\"og:site_name\" content=\"S\u00e9jour Priv\u00e9\" \/>\n<meta property=\"og:image\" content=\"https:\/\/www.sejourprive.com\/wp-content\/uploads\/2026\/03\/0-292.jpg\" \/>\n\t<meta property=\"og:image:width\" content=\"1200\" \/>\n\t<meta property=\"og:image:height\" content=\"900\" \/>\n\t<meta property=\"og:image:type\" content=\"image\/jpeg\" \/>\n<meta name=\"twitter:card\" content=\"summary_large_image\" \/>\n<meta name=\"twitter:label1\" content=\"Estimated reading time\" \/>\n\t<meta name=\"twitter:data1\" content=\"1 minute\" \/>\n<script type=\"application\/ld+json\" class=\"yoast-schema-graph\">{\"@context\":\"https:\/\/schema.org\",\"@graph\":[{\"@type\":\"WebPage\",\"@id\":\"https:\/\/www.sejourprive.com\/biens\/mas-de-fontchateau-saint-etienne-du-gres-provence-france\/\",\"url\":\"https:\/\/www.sejourprive.com\/biens\/mas-de-fontchateau-saint-etienne-du-gres-provence-france\/\",\"name\":\"Mas de Fontch\u00e2teau, Saint- \u00c9tienne-du-Gr\u00e8s, Provence, France - S\u00e9jour Priv\u00e9\",\"isPartOf\":{\"@id\":\"https:\/\/www.sejourprive.com\/#website\"},\"primaryImageOfPage\":{\"@id\":\"https:\/\/www.sejourprive.com\/biens\/mas-de-fontchateau-saint-etienne-du-gres-provence-france\/#primaryimage\"},\"image\":{\"@id\":\"https:\/\/www.sejourprive.com\/biens\/mas-de-fontchateau-saint-etienne-du-gres-provence-france\/#primaryimage\"},\"thumbnailUrl\":\"https:\/\/www.sejourprive.com\/wp-content\/uploads\/2026\/03\/0-292.jpg\",\"datePublished\":\"2026-03-31T13:59:50+00:00\",\"description\":\"Au c\u0153ur de la Provence enchanteresse se dresse le Mas de Fontch\u00e2teau, v\u00e9ritable havre de luxe. Dot\u00e9 d\u2019une superbe piscine ext\u00e9rieure et d\u2019un jardin\",\"breadcrumb\":{\"@id\":\"https:\/\/www.sejourprive.com\/biens\/mas-de-fontchateau-saint-etienne-du-gres-provence-france\/#breadcrumb\"},\"inLanguage\":\"en-GB\",\"potentialAction\":[{\"@type\":\"ReadAction\",\"target\":[\"https:\/\/www.sejourprive.com\/biens\/mas-de-fontchateau-saint-etienne-du-gres-provence-france\/\"]}]},{\"@type\":\"ImageObject\",\"inLanguage\":\"en-GB\",\"@id\":\"https:\/\/www.sejourprive.com\/biens\/mas-de-fontchateau-saint-etienne-du-gres-provence-france\/#primaryimage\",\"url\":\"https:\/\/www.sejourprive.com\/wp-content\/uploads\/2026\/03\/0-292.jpg\",\"contentUrl\":\"https:\/\/www.sejourprive.com\/wp-content\/uploads\/2026\/03\/0-292.jpg\",\"width\":1200,\"height\":900},{\"@type\":\"BreadcrumbList\",\"@id\":\"https:\/\/www.sejourprive.com\/biens\/mas-de-fontchateau-saint-etienne-du-gres-provence-france\/#breadcrumb\",\"itemListElement\":[{\"@type\":\"ListItem\",\"position\":1,\"name\":\"Accueil\",\"item\":\"https:\/\/www.sejourprive.com\/\"},{\"@type\":\"ListItem\",\"position\":2,\"name\":\"Shop\",\"item\":\"https:\/\/www.sejourprive.com\/shop\/\"},{\"@type\":\"ListItem\",\"position\":3,\"name\":\"Mas de Fontch\u00e2teau, Saint- \u00c9tienne-du-Gr\u00e8s, Provence, France\"}]},{\"@type\":\"WebSite\",\"@id\":\"https:\/\/www.sejourprive.com\/#website\",\"url\":\"https:\/\/www.sejourprive.com\/\",\"name\":\"S\u00e9jour Priv\u00e9\",\"description\":\"Nous imaginons pour vous des s\u00e9jours d\u2019exception.\",\"publisher\":{\"@id\":\"https:\/\/www.sejourprive.com\/#organization\"},\"potentialAction\":[{\"@type\":\"SearchAction\",\"target\":{\"@type\":\"EntryPoint\",\"urlTemplate\":\"https:\/\/www.sejourprive.com\/?s={search_term_string}\"},\"query-input\":{\"@type\":\"PropertyValueSpecification\",\"valueRequired\":true,\"valueName\":\"search_term_string\"}}],\"inLanguage\":\"en-GB\"},{\"@type\":\"Organization\",\"@id\":\"https:\/\/www.sejourprive.com\/#organization\",\"name\":\"S\u00e9jour Priv\u00e9\",\"url\":\"https:\/\/www.sejourprive.com\/\",\"logo\":{\"@type\":\"ImageObject\",\"inLanguage\":\"en-GB\",\"@id\":\"https:\/\/www.sejourprive.com\/#\/schema\/logo\/image\/\",\"url\":\"https:\/\/www.sejourprive.com\/wp-content\/uploads\/2026\/02\/SP-Apple-touch-144-couleur-1-2.png\",\"contentUrl\":\"https:\/\/www.sejourprive.com\/wp-content\/uploads\/2026\/02\/SP-Apple-touch-144-couleur-1-2.png\",\"width\":145,\"height\":145,\"caption\":\"S\u00e9jour Priv\u00e9\"},\"image\":{\"@id\":\"https:\/\/www.sejourprive.com\/#\/schema\/logo\/image\/\"}}]}<\/script>\n<!-- \/ Yoast SEO plugin. -->","yoast_head_json":{"title":"Mas de Fontch\u00e2teau, Saint- \u00c9tienne-du-Gr\u00e8s, Provence, France - S\u00e9jour Priv\u00e9","description":"Au c\u0153ur de la Provence enchanteresse se dresse le Mas de Fontch\u00e2teau, v\u00e9ritable havre de luxe. Dot\u00e9 d\u2019une superbe piscine ext\u00e9rieure et d\u2019un jardin","robots":{"index":"index","follow":"follow","max-snippet":"max-snippet:-1","max-image-preview":"max-image-preview:large","max-video-preview":"max-video-preview:-1"},"canonical":"https:\/\/www.sejourprive.com\/en\/biens\/mas-de-fontchateau-saint-etienne-du-gres-provence-france\/","og_locale":"en_GB","og_type":"article","og_title":"Mas de Fontch\u00e2teau, Saint- \u00c9tienne-du-Gr\u00e8s, Provence, France - S\u00e9jour Priv\u00e9","og_description":"Au c\u0153ur de la Provence enchanteresse se dresse le Mas de Fontch\u00e2teau, v\u00e9ritable havre de luxe. Dot\u00e9 d\u2019une superbe piscine ext\u00e9rieure et d\u2019un jardin","og_url":"https:\/\/www.sejourprive.com\/en\/biens\/mas-de-fontchateau-saint-etienne-du-gres-provence-france\/","og_site_name":"S\u00e9jour Priv\u00e9","og_image":[{"width":1200,"height":900,"url":"https:\/\/www.sejourprive.com\/wp-content\/uploads\/2026\/03\/0-292.jpg","type":"image\/jpeg"}],"twitter_card":"summary_large_image","twitter_misc":{"Estimated reading time":"1 minute"},"schema":{"@context":"https:\/\/schema.org","@graph":[{"@type":"WebPage","@id":"https:\/\/www.sejourprive.com\/biens\/mas-de-fontchateau-saint-etienne-du-gres-provence-france\/","url":"https:\/\/www.sejourprive.com\/biens\/mas-de-fontchateau-saint-etienne-du-gres-provence-france\/","name":"Mas de Fontch\u00e2teau, Saint- \u00c9tienne-du-Gr\u00e8s, Provence, France - S\u00e9jour Priv\u00e9","isPartOf":{"@id":"https:\/\/www.sejourprive.com\/#website"},"primaryImageOfPage":{"@id":"https:\/\/www.sejourprive.com\/biens\/mas-de-fontchateau-saint-etienne-du-gres-provence-france\/#primaryimage"},"image":{"@id":"https:\/\/www.sejourprive.com\/biens\/mas-de-fontchateau-saint-etienne-du-gres-provence-france\/#primaryimage"},"thumbnailUrl":"https:\/\/www.sejourprive.com\/wp-content\/uploads\/2026\/03\/0-292.jpg","datePublished":"2026-03-31T13:59:50+00:00","description":"Au c\u0153ur de la Provence enchanteresse se dresse le Mas de Fontch\u00e2teau, v\u00e9ritable havre de luxe. Dot\u00e9 d\u2019une superbe piscine ext\u00e9rieure et d\u2019un jardin","breadcrumb":{"@id":"https:\/\/www.sejourprive.com\/biens\/mas-de-fontchateau-saint-etienne-du-gres-provence-france\/#breadcrumb"},"inLanguage":"en-GB","potentialAction":[{"@type":"ReadAction","target":["https:\/\/www.sejourprive.com\/biens\/mas-de-fontchateau-saint-etienne-du-gres-provence-france\/"]}]},{"@type":"ImageObject","inLanguage":"en-GB","@id":"https:\/\/www.sejourprive.com\/biens\/mas-de-fontchateau-saint-etienne-du-gres-provence-france\/#primaryimage","url":"https:\/\/www.sejourprive.com\/wp-content\/uploads\/2026\/03\/0-292.jpg","contentUrl":"https:\/\/www.sejourprive.com\/wp-content\/uploads\/2026\/03\/0-292.jpg","width":1200,"height":900},{"@type":"BreadcrumbList","@id":"https:\/\/www.sejourprive.com\/biens\/mas-de-fontchateau-saint-etienne-du-gres-provence-france\/#breadcrumb","itemListElement":[{"@type":"ListItem","position":1,"name":"Accueil","item":"https:\/\/www.sejourprive.com\/"},{"@type":"ListItem","position":2,"name":"Shop","item":"https:\/\/www.sejourprive.com\/shop\/"},{"@type":"ListItem","position":3,"name":"Mas de Fontch\u00e2teau, Saint- \u00c9tienne-du-Gr\u00e8s, Provence, France"}]},{"@type":"WebSite","@id":"https:\/\/www.sejourprive.com\/#website","url":"https:\/\/www.sejourprive.com\/","name":"Private Stay","description":"We design exceptional holidays for you.","publisher":{"@id":"https:\/\/www.sejourprive.com\/#organization"},"potentialAction":[{"@type":"SearchAction","target":{"@type":"EntryPoint","urlTemplate":"https:\/\/www.sejourprive.com\/?s={search_term_string}"},"query-input":{"@type":"PropertyValueSpecification","valueRequired":true,"valueName":"search_term_string"}}],"inLanguage":"en-GB"},{"@type":"Organization","@id":"https:\/\/www.sejourprive.com\/#organization","name":"Private Stay","url":"https:\/\/www.sejourprive.com\/","logo":{"@type":"ImageObject","inLanguage":"en-GB","@id":"https:\/\/www.sejourprive.com\/#\/schema\/logo\/image\/","url":"https:\/\/www.sejourprive.com\/wp-content\/uploads\/2026\/02\/SP-Apple-touch-144-couleur-1-2.png","contentUrl":"https:\/\/www.sejourprive.com\/wp-content\/uploads\/2026\/02\/SP-Apple-touch-144-couleur-1-2.png","width":145,"height":145,"caption":"S\u00e9jour Priv\u00e9"},"image":{"@id":"https:\/\/www.sejourprive.com\/#\/schema\/logo\/image\/"}}]}},"_links":{"self":[{"href":"https:\/\/www.sejourprive.com\/en\/wp-json\/wp\/v2\/product\/54962","targetHints":{"allow":["GET"]}}],"collection":[{"href":"https:\/\/www.sejourprive.com\/en\/wp-json\/wp\/v2\/product"}],"about":[{"href":"https:\/\/www.sejourprive.com\/en\/wp-json\/wp\/v2\/types\/product"}],"replies":[{"embeddable":true,"href":"https:\/\/www.sejourprive.com\/en\/wp-json\/wp\/v2\/comments?post=54962"}],"version-history":[{"count":0,"href":"https:\/\/www.sejourprive.com\/en\/wp-json\/wp\/v2\/product\/54962\/revisions"}],"wp:featuredmedia":[{"embeddable":true,"href":"https:\/\/www.sejourprive.com\/en\/wp-json\/wp\/v2\/media\/54969"}],"wp:attachment":[{"href":"https:\/\/www.sejourprive.com\/en\/wp-json\/wp\/v2\/media?parent=54962"}],"wp:term":[{"taxonomy":"product_brand","embeddable":true,"href":"https:\/\/www.sejourprive.com\/en\/wp-json\/wp\/v2\/product_brand?post=54962"},{"taxonomy":"product_cat","embeddable":true,"href":"https:\/\/www.sejourprive.com\/en\/wp-json\/wp\/v2\/product_cat?post=54962"},{"taxonomy":"product_tag","embeddable":true,"href":"https:\/\/www.sejourprive.com\/en\/wp-json\/wp\/v2\/product_tag?post=54962"}],"curies":[{"name":"wp","href":"https:\/\/api.w.org\/{rel}","templated":true}]}}