{"id":54176,"date":"2026-03-30T15:34:47","date_gmt":"2026-03-30T13:34:47","guid":{"rendered":"https:\/\/www.sejourprive.com\/?post_type=product&#038;p=54176"},"modified":"2026-03-30T15:34:48","modified_gmt":"2026-03-30T13:34:48","slug":"mas-melio-eygalieres-provence-france","status":"publish","type":"product","link":"https:\/\/www.sejourprive.com\/en\/biens\/mas-melio-eygalieres-provence-france\/","title":{"rendered":"Mas Mel\u00eco, Eygali\u00e8res, Provence, France"},"content":{"rendered":"<p>Nich\u00e9 dans le pittoresque village d&#8217;Eygali\u00e8res, le Mas Mel\u00eco vous invite \u00e0 une escapade au c\u0153ur des Alpilles. \u00c0 seulement 10 minutes \u00e0 pied des rues anim\u00e9es, cette \u00e9l\u00e9gante villa offre un cadre intimiste o\u00f9 le raffinement se marie \u00e0 la beaut\u00e9 des paysages environnants.<span><div class=\"read-more-wrapper\"><a class=\"read-more-button\" data-target=\"read-more-69f42689a758c\" data-more-text=\"Read more\" data-less-text=\"Read less\"><span class=\"read-more-text\">Read more<\/span><\/a><div id=\"read-more-69f42689a758c\" class=\"read-more-content\"> <\/span><\/p>\n<p>Le matin, la terrasse devient le refuge id\u00e9al pour savourer un caf\u00e9 tout en admirant la vue \u00e0 couper le souffle. Apr\u00e8s un d\u00e9jeuner en plein air, offrez-vous une s\u00e9ance d&#8217;entra\u00eenement revigorante, suivie d&#8217;un massage apaisant. \u00c0 la tomb\u00e9e de la nuit, la douceur de l&#8217;air et les couleurs changeantes du paysage invitent \u00e0 un moment de paix et de contemplation, pour une exp\u00e9rience v\u00e9ritablement r\u00e9paratrice.<\/div><\/div><\/p>","protected":false},"excerpt":{"rendered":"<p>Nich\u00e9 dans le pittoresque village d&#8217;Eygali\u00e8res, le Mas Mel\u00eco vous invite \u00e0 une escapade au c\u0153ur des Alpilles. \u00c0 seulement&#8230;<\/p>","protected":false},"featured_media":54178,"comment_status":"open","ping_status":"closed","template":"","meta":{"_acf_changed":false},"product_brand":[],"product_cat":[15],"product_tag":[],"class_list":{"0":"post-54176","1":"product","2":"type-product","3":"status-publish","4":"has-post-thumbnail","6":"product_cat-villa","7":"property_location-provence","9":"first","10":"instock","11":"sold-individually","12":"shipping-taxable","13":"purchasable","14":"product-type-simple"},"acf":[],"yoast_head":"<!-- This site is optimized with the Yoast SEO plugin v26.6 - https:\/\/yoast.com\/wordpress\/plugins\/seo\/ -->\n<title>Mas Mel\u00eco, Eygali\u00e8res, Provence, France - S\u00e9jour Priv\u00e9<\/title>\n<meta name=\"description\" content=\"Nich\u00e9 dans le pittoresque village d&#039;Eygali\u00e8res, le Mas Mel\u00eco vous invite \u00e0 une escapade au c\u0153ur des Alpilles. \u00c0 seulement 10 minutes \u00e0 pied des rues\" \/>\n<meta name=\"robots\" content=\"index, follow, max-snippet:-1, max-image-preview:large, max-video-preview:-1\" \/>\n<link rel=\"canonical\" href=\"https:\/\/www.sejourprive.com\/en\/biens\/mas-melio-eygalieres-provence-france\/\" \/>\n<meta property=\"og:locale\" content=\"en_GB\" \/>\n<meta property=\"og:type\" content=\"article\" \/>\n<meta property=\"og:title\" content=\"Mas Mel\u00eco, Eygali\u00e8res, Provence, France - S\u00e9jour Priv\u00e9\" \/>\n<meta property=\"og:description\" content=\"Nich\u00e9 dans le pittoresque village d&#039;Eygali\u00e8res, le Mas Mel\u00eco vous invite \u00e0 une escapade au c\u0153ur des Alpilles. \u00c0 seulement 10 minutes \u00e0 pied des rues\" \/>\n<meta property=\"og:url\" content=\"https:\/\/www.sejourprive.com\/en\/biens\/mas-melio-eygalieres-provence-france\/\" \/>\n<meta property=\"og:site_name\" content=\"S\u00e9jour Priv\u00e9\" \/>\n<meta property=\"article:modified_time\" content=\"2026-03-30T13:34:48+00:00\" \/>\n<meta property=\"og:image\" content=\"https:\/\/www.sejourprive.com\/wp-content\/uploads\/2026\/03\/0-276.jpg\" \/>\n\t<meta property=\"og:image:width\" content=\"1200\" \/>\n\t<meta property=\"og:image:height\" content=\"800\" \/>\n\t<meta property=\"og:image:type\" content=\"image\/jpeg\" \/>\n<meta name=\"twitter:card\" content=\"summary_large_image\" \/>\n<meta name=\"twitter:label1\" content=\"Estimated reading time\" \/>\n\t<meta name=\"twitter:data1\" content=\"1 minute\" \/>\n<script type=\"application\/ld+json\" class=\"yoast-schema-graph\">{\"@context\":\"https:\/\/schema.org\",\"@graph\":[{\"@type\":\"WebPage\",\"@id\":\"https:\/\/www.sejourprive.com\/biens\/mas-melio-eygalieres-provence-france\/\",\"url\":\"https:\/\/www.sejourprive.com\/biens\/mas-melio-eygalieres-provence-france\/\",\"name\":\"Mas Mel\u00eco, Eygali\u00e8res, Provence, France - S\u00e9jour Priv\u00e9\",\"isPartOf\":{\"@id\":\"https:\/\/www.sejourprive.com\/#website\"},\"primaryImageOfPage\":{\"@id\":\"https:\/\/www.sejourprive.com\/biens\/mas-melio-eygalieres-provence-france\/#primaryimage\"},\"image\":{\"@id\":\"https:\/\/www.sejourprive.com\/biens\/mas-melio-eygalieres-provence-france\/#primaryimage\"},\"thumbnailUrl\":\"https:\/\/www.sejourprive.com\/wp-content\/uploads\/2026\/03\/0-276.jpg\",\"datePublished\":\"2026-03-30T13:34:47+00:00\",\"dateModified\":\"2026-03-30T13:34:48+00:00\",\"description\":\"Nich\u00e9 dans le pittoresque village d'Eygali\u00e8res, le Mas Mel\u00eco vous invite \u00e0 une escapade au c\u0153ur des Alpilles. \u00c0 seulement 10 minutes \u00e0 pied des rues\",\"breadcrumb\":{\"@id\":\"https:\/\/www.sejourprive.com\/biens\/mas-melio-eygalieres-provence-france\/#breadcrumb\"},\"inLanguage\":\"en-GB\",\"potentialAction\":[{\"@type\":\"ReadAction\",\"target\":[\"https:\/\/www.sejourprive.com\/biens\/mas-melio-eygalieres-provence-france\/\"]}]},{\"@type\":\"ImageObject\",\"inLanguage\":\"en-GB\",\"@id\":\"https:\/\/www.sejourprive.com\/biens\/mas-melio-eygalieres-provence-france\/#primaryimage\",\"url\":\"https:\/\/www.sejourprive.com\/wp-content\/uploads\/2026\/03\/0-276.jpg\",\"contentUrl\":\"https:\/\/www.sejourprive.com\/wp-content\/uploads\/2026\/03\/0-276.jpg\",\"width\":1200,\"height\":800},{\"@type\":\"BreadcrumbList\",\"@id\":\"https:\/\/www.sejourprive.com\/biens\/mas-melio-eygalieres-provence-france\/#breadcrumb\",\"itemListElement\":[{\"@type\":\"ListItem\",\"position\":1,\"name\":\"Accueil\",\"item\":\"https:\/\/www.sejourprive.com\/\"},{\"@type\":\"ListItem\",\"position\":2,\"name\":\"Shop\",\"item\":\"https:\/\/www.sejourprive.com\/shop\/\"},{\"@type\":\"ListItem\",\"position\":3,\"name\":\"Mas Mel\u00eco, Eygali\u00e8res, Provence, France\"}]},{\"@type\":\"WebSite\",\"@id\":\"https:\/\/www.sejourprive.com\/#website\",\"url\":\"https:\/\/www.sejourprive.com\/\",\"name\":\"S\u00e9jour Priv\u00e9\",\"description\":\"Nous imaginons pour vous des s\u00e9jours d\u2019exception.\",\"publisher\":{\"@id\":\"https:\/\/www.sejourprive.com\/#organization\"},\"potentialAction\":[{\"@type\":\"SearchAction\",\"target\":{\"@type\":\"EntryPoint\",\"urlTemplate\":\"https:\/\/www.sejourprive.com\/?s={search_term_string}\"},\"query-input\":{\"@type\":\"PropertyValueSpecification\",\"valueRequired\":true,\"valueName\":\"search_term_string\"}}],\"inLanguage\":\"en-GB\"},{\"@type\":\"Organization\",\"@id\":\"https:\/\/www.sejourprive.com\/#organization\",\"name\":\"S\u00e9jour Priv\u00e9\",\"url\":\"https:\/\/www.sejourprive.com\/\",\"logo\":{\"@type\":\"ImageObject\",\"inLanguage\":\"en-GB\",\"@id\":\"https:\/\/www.sejourprive.com\/#\/schema\/logo\/image\/\",\"url\":\"https:\/\/www.sejourprive.com\/wp-content\/uploads\/2026\/02\/SP-Apple-touch-144-couleur-1-2.png\",\"contentUrl\":\"https:\/\/www.sejourprive.com\/wp-content\/uploads\/2026\/02\/SP-Apple-touch-144-couleur-1-2.png\",\"width\":145,\"height\":145,\"caption\":\"S\u00e9jour Priv\u00e9\"},\"image\":{\"@id\":\"https:\/\/www.sejourprive.com\/#\/schema\/logo\/image\/\"}}]}<\/script>\n<!-- \/ Yoast SEO plugin. -->","yoast_head_json":{"title":"Mas Mel\u00eco, Eygali\u00e8res, Provence, France - S\u00e9jour Priv\u00e9","description":"Nich\u00e9 dans le pittoresque village d'Eygali\u00e8res, le Mas Mel\u00eco vous invite \u00e0 une escapade au c\u0153ur des Alpilles. \u00c0 seulement 10 minutes \u00e0 pied des rues","robots":{"index":"index","follow":"follow","max-snippet":"max-snippet:-1","max-image-preview":"max-image-preview:large","max-video-preview":"max-video-preview:-1"},"canonical":"https:\/\/www.sejourprive.com\/en\/biens\/mas-melio-eygalieres-provence-france\/","og_locale":"en_GB","og_type":"article","og_title":"Mas Mel\u00eco, Eygali\u00e8res, Provence, France - S\u00e9jour Priv\u00e9","og_description":"Nich\u00e9 dans le pittoresque village d'Eygali\u00e8res, le Mas Mel\u00eco vous invite \u00e0 une escapade au c\u0153ur des Alpilles. \u00c0 seulement 10 minutes \u00e0 pied des rues","og_url":"https:\/\/www.sejourprive.com\/en\/biens\/mas-melio-eygalieres-provence-france\/","og_site_name":"S\u00e9jour Priv\u00e9","article_modified_time":"2026-03-30T13:34:48+00:00","og_image":[{"width":1200,"height":800,"url":"https:\/\/www.sejourprive.com\/wp-content\/uploads\/2026\/03\/0-276.jpg","type":"image\/jpeg"}],"twitter_card":"summary_large_image","twitter_misc":{"Estimated reading time":"1 minute"},"schema":{"@context":"https:\/\/schema.org","@graph":[{"@type":"WebPage","@id":"https:\/\/www.sejourprive.com\/biens\/mas-melio-eygalieres-provence-france\/","url":"https:\/\/www.sejourprive.com\/biens\/mas-melio-eygalieres-provence-france\/","name":"Mas Mel\u00eco, Eygali\u00e8res, Provence, France - S\u00e9jour Priv\u00e9","isPartOf":{"@id":"https:\/\/www.sejourprive.com\/#website"},"primaryImageOfPage":{"@id":"https:\/\/www.sejourprive.com\/biens\/mas-melio-eygalieres-provence-france\/#primaryimage"},"image":{"@id":"https:\/\/www.sejourprive.com\/biens\/mas-melio-eygalieres-provence-france\/#primaryimage"},"thumbnailUrl":"https:\/\/www.sejourprive.com\/wp-content\/uploads\/2026\/03\/0-276.jpg","datePublished":"2026-03-30T13:34:47+00:00","dateModified":"2026-03-30T13:34:48+00:00","description":"Nich\u00e9 dans le pittoresque village d'Eygali\u00e8res, le Mas Mel\u00eco vous invite \u00e0 une escapade au c\u0153ur des Alpilles. \u00c0 seulement 10 minutes \u00e0 pied des rues","breadcrumb":{"@id":"https:\/\/www.sejourprive.com\/biens\/mas-melio-eygalieres-provence-france\/#breadcrumb"},"inLanguage":"en-GB","potentialAction":[{"@type":"ReadAction","target":["https:\/\/www.sejourprive.com\/biens\/mas-melio-eygalieres-provence-france\/"]}]},{"@type":"ImageObject","inLanguage":"en-GB","@id":"https:\/\/www.sejourprive.com\/biens\/mas-melio-eygalieres-provence-france\/#primaryimage","url":"https:\/\/www.sejourprive.com\/wp-content\/uploads\/2026\/03\/0-276.jpg","contentUrl":"https:\/\/www.sejourprive.com\/wp-content\/uploads\/2026\/03\/0-276.jpg","width":1200,"height":800},{"@type":"BreadcrumbList","@id":"https:\/\/www.sejourprive.com\/biens\/mas-melio-eygalieres-provence-france\/#breadcrumb","itemListElement":[{"@type":"ListItem","position":1,"name":"Accueil","item":"https:\/\/www.sejourprive.com\/"},{"@type":"ListItem","position":2,"name":"Shop","item":"https:\/\/www.sejourprive.com\/shop\/"},{"@type":"ListItem","position":3,"name":"Mas Mel\u00eco, Eygali\u00e8res, Provence, France"}]},{"@type":"WebSite","@id":"https:\/\/www.sejourprive.com\/#website","url":"https:\/\/www.sejourprive.com\/","name":"Private Stay","description":"We design exceptional holidays for you.","publisher":{"@id":"https:\/\/www.sejourprive.com\/#organization"},"potentialAction":[{"@type":"SearchAction","target":{"@type":"EntryPoint","urlTemplate":"https:\/\/www.sejourprive.com\/?s={search_term_string}"},"query-input":{"@type":"PropertyValueSpecification","valueRequired":true,"valueName":"search_term_string"}}],"inLanguage":"en-GB"},{"@type":"Organization","@id":"https:\/\/www.sejourprive.com\/#organization","name":"Private Stay","url":"https:\/\/www.sejourprive.com\/","logo":{"@type":"ImageObject","inLanguage":"en-GB","@id":"https:\/\/www.sejourprive.com\/#\/schema\/logo\/image\/","url":"https:\/\/www.sejourprive.com\/wp-content\/uploads\/2026\/02\/SP-Apple-touch-144-couleur-1-2.png","contentUrl":"https:\/\/www.sejourprive.com\/wp-content\/uploads\/2026\/02\/SP-Apple-touch-144-couleur-1-2.png","width":145,"height":145,"caption":"S\u00e9jour Priv\u00e9"},"image":{"@id":"https:\/\/www.sejourprive.com\/#\/schema\/logo\/image\/"}}]}},"_links":{"self":[{"href":"https:\/\/www.sejourprive.com\/en\/wp-json\/wp\/v2\/product\/54176","targetHints":{"allow":["GET"]}}],"collection":[{"href":"https:\/\/www.sejourprive.com\/en\/wp-json\/wp\/v2\/product"}],"about":[{"href":"https:\/\/www.sejourprive.com\/en\/wp-json\/wp\/v2\/types\/product"}],"replies":[{"embeddable":true,"href":"https:\/\/www.sejourprive.com\/en\/wp-json\/wp\/v2\/comments?post=54176"}],"version-history":[{"count":0,"href":"https:\/\/www.sejourprive.com\/en\/wp-json\/wp\/v2\/product\/54176\/revisions"}],"wp:featuredmedia":[{"embeddable":true,"href":"https:\/\/www.sejourprive.com\/en\/wp-json\/wp\/v2\/media\/54178"}],"wp:attachment":[{"href":"https:\/\/www.sejourprive.com\/en\/wp-json\/wp\/v2\/media?parent=54176"}],"wp:term":[{"taxonomy":"product_brand","embeddable":true,"href":"https:\/\/www.sejourprive.com\/en\/wp-json\/wp\/v2\/product_brand?post=54176"},{"taxonomy":"product_cat","embeddable":true,"href":"https:\/\/www.sejourprive.com\/en\/wp-json\/wp\/v2\/product_cat?post=54176"},{"taxonomy":"product_tag","embeddable":true,"href":"https:\/\/www.sejourprive.com\/en\/wp-json\/wp\/v2\/product_tag?post=54176"}],"curies":[{"name":"wp","href":"https:\/\/api.w.org\/{rel}","templated":true}]}}