{"id":54093,"date":"2026-03-30T15:31:14","date_gmt":"2026-03-30T13:31:14","guid":{"rendered":"https:\/\/www.sejourprive.com\/?post_type=product&#038;p=54093"},"modified":"2026-03-30T15:31:15","modified_gmt":"2026-03-30T13:31:15","slug":"mas-lauria-moussane-les-alpilles-provence-france","status":"publish","type":"product","link":"https:\/\/www.sejourprive.com\/en\/biens\/mas-lauria-moussane-les-alpilles-provence-france\/","title":{"rendered":"Mas Lauria, Moussane-Les-Alpilles, Provence, France"},"content":{"rendered":"<p>Id\u00e9alement situ\u00e9e dans le cadre embl\u00e9matique de Maussane-les-Alpilles, cette propri\u00e9t\u00e9 est un havre de paix typiquement proven\u00e7al nich\u00e9 au c\u0153ur de la campagne fran\u00e7aise. Alliant charme traditionnel et confort raffin\u00e9, elle offre un sanctuaire serein o\u00f9 l&#8217;architecture authentique se marie \u00e0 la beaut\u00e9 intemporelle des paysages proven\u00e7aux.<span><div class=\"read-more-wrapper\"><a class=\"read-more-button\" data-target=\"read-more-69f28e74b5189\" data-more-text=\"Read more\" data-less-text=\"Read less\"><span class=\"read-more-text\">Read more<\/span><\/a><div id=\"read-more-69f28e74b5189\" class=\"read-more-content\"> <\/span><\/p>\n<p>\u00c0 l&#8217;aube, savourez un d\u00e9licieux petit-d\u00e9jeuner sur la table en plein air ou profitez d&#8217;une promenade matinale dans le jardin luxuriant. L&#8217;apr\u00e8s-midi, rien de tel que de se d\u00e9tendre au bord de la piscine ext\u00e9rieure, en admirant la nature paisible, ou de participer \u00e0 une partie amicale de p\u00e9tanque. \u00c0 la tomb\u00e9e de la nuit, r\u00e9unissez-vous autour du barbecue pour un d\u00eener convivial, suivi d&#8217;un moment de d\u00e9tente dans la salle de billard, o\u00f9 vous pourrez partager les anecdotes de la journ\u00e9e dans une atmosph\u00e8re de s\u00e9r\u00e9nit\u00e9 proven\u00e7ale totale.<\/div><\/div><\/p>","protected":false},"excerpt":{"rendered":"<p>Id\u00e9alement situ\u00e9e dans le cadre embl\u00e9matique de Maussane-les-Alpilles, cette propri\u00e9t\u00e9 est un havre de paix typiquement proven\u00e7al nich\u00e9 au c\u0153ur&#8230;<\/p>","protected":false},"featured_media":54098,"comment_status":"open","ping_status":"closed","template":"","meta":{"_acf_changed":false},"product_brand":[],"product_cat":[15],"product_tag":[],"class_list":{"0":"post-54093","1":"product","2":"type-product","3":"status-publish","4":"has-post-thumbnail","6":"product_cat-villa","7":"property_location-france","8":"property_location-provence","10":"first","11":"instock","12":"sold-individually","13":"shipping-taxable","14":"purchasable","15":"product-type-simple"},"acf":[],"yoast_head":"<!-- This site is optimized with the Yoast SEO plugin v26.6 - https:\/\/yoast.com\/wordpress\/plugins\/seo\/ -->\n<title>Mas Lauria, Moussane-Les-Alpilles, Provence, France - S\u00e9jour Priv\u00e9<\/title>\n<meta name=\"description\" content=\"Id\u00e9alement situ\u00e9e dans le cadre embl\u00e9matique de Maussane-les-Alpilles, cette propri\u00e9t\u00e9 est un havre de paix typiquement proven\u00e7al nich\u00e9 au c\u0153ur de la\" \/>\n<meta name=\"robots\" content=\"index, follow, max-snippet:-1, max-image-preview:large, max-video-preview:-1\" \/>\n<link rel=\"canonical\" href=\"https:\/\/www.sejourprive.com\/en\/biens\/mas-lauria-moussane-les-alpilles-provence-france\/\" \/>\n<meta property=\"og:locale\" content=\"en_GB\" \/>\n<meta property=\"og:type\" content=\"article\" \/>\n<meta property=\"og:title\" content=\"Mas Lauria, Moussane-Les-Alpilles, Provence, France - S\u00e9jour Priv\u00e9\" \/>\n<meta property=\"og:description\" content=\"Id\u00e9alement situ\u00e9e dans le cadre embl\u00e9matique de Maussane-les-Alpilles, cette propri\u00e9t\u00e9 est un havre de paix typiquement proven\u00e7al nich\u00e9 au c\u0153ur de la\" \/>\n<meta property=\"og:url\" content=\"https:\/\/www.sejourprive.com\/en\/biens\/mas-lauria-moussane-les-alpilles-provence-france\/\" \/>\n<meta property=\"og:site_name\" content=\"S\u00e9jour Priv\u00e9\" \/>\n<meta property=\"article:modified_time\" content=\"2026-03-30T13:31:15+00:00\" \/>\n<meta property=\"og:image\" content=\"https:\/\/www.sejourprive.com\/wp-content\/uploads\/2026\/03\/3-279.jpg\" \/>\n\t<meta property=\"og:image:width\" content=\"1200\" \/>\n\t<meta property=\"og:image:height\" content=\"805\" \/>\n\t<meta property=\"og:image:type\" content=\"image\/jpeg\" \/>\n<meta name=\"twitter:card\" content=\"summary_large_image\" \/>\n<meta name=\"twitter:label1\" content=\"Estimated reading time\" \/>\n\t<meta name=\"twitter:data1\" content=\"1 minute\" \/>\n<script type=\"application\/ld+json\" class=\"yoast-schema-graph\">{\"@context\":\"https:\/\/schema.org\",\"@graph\":[{\"@type\":\"WebPage\",\"@id\":\"https:\/\/www.sejourprive.com\/biens\/mas-lauria-moussane-les-alpilles-provence-france\/\",\"url\":\"https:\/\/www.sejourprive.com\/biens\/mas-lauria-moussane-les-alpilles-provence-france\/\",\"name\":\"Mas Lauria, Moussane-Les-Alpilles, Provence, France - S\u00e9jour Priv\u00e9\",\"isPartOf\":{\"@id\":\"https:\/\/www.sejourprive.com\/#website\"},\"primaryImageOfPage\":{\"@id\":\"https:\/\/www.sejourprive.com\/biens\/mas-lauria-moussane-les-alpilles-provence-france\/#primaryimage\"},\"image\":{\"@id\":\"https:\/\/www.sejourprive.com\/biens\/mas-lauria-moussane-les-alpilles-provence-france\/#primaryimage\"},\"thumbnailUrl\":\"https:\/\/www.sejourprive.com\/wp-content\/uploads\/2026\/03\/3-279.jpg\",\"datePublished\":\"2026-03-30T13:31:14+00:00\",\"dateModified\":\"2026-03-30T13:31:15+00:00\",\"description\":\"Id\u00e9alement situ\u00e9e dans le cadre embl\u00e9matique de Maussane-les-Alpilles, cette propri\u00e9t\u00e9 est un havre de paix typiquement proven\u00e7al nich\u00e9 au c\u0153ur de la\",\"breadcrumb\":{\"@id\":\"https:\/\/www.sejourprive.com\/biens\/mas-lauria-moussane-les-alpilles-provence-france\/#breadcrumb\"},\"inLanguage\":\"en-GB\",\"potentialAction\":[{\"@type\":\"ReadAction\",\"target\":[\"https:\/\/www.sejourprive.com\/biens\/mas-lauria-moussane-les-alpilles-provence-france\/\"]}]},{\"@type\":\"ImageObject\",\"inLanguage\":\"en-GB\",\"@id\":\"https:\/\/www.sejourprive.com\/biens\/mas-lauria-moussane-les-alpilles-provence-france\/#primaryimage\",\"url\":\"https:\/\/www.sejourprive.com\/wp-content\/uploads\/2026\/03\/3-279.jpg\",\"contentUrl\":\"https:\/\/www.sejourprive.com\/wp-content\/uploads\/2026\/03\/3-279.jpg\",\"width\":1200,\"height\":805},{\"@type\":\"BreadcrumbList\",\"@id\":\"https:\/\/www.sejourprive.com\/biens\/mas-lauria-moussane-les-alpilles-provence-france\/#breadcrumb\",\"itemListElement\":[{\"@type\":\"ListItem\",\"position\":1,\"name\":\"Accueil\",\"item\":\"https:\/\/www.sejourprive.com\/\"},{\"@type\":\"ListItem\",\"position\":2,\"name\":\"Shop\",\"item\":\"https:\/\/www.sejourprive.com\/shop\/\"},{\"@type\":\"ListItem\",\"position\":3,\"name\":\"Mas Lauria, Moussane-Les-Alpilles, Provence, France\"}]},{\"@type\":\"WebSite\",\"@id\":\"https:\/\/www.sejourprive.com\/#website\",\"url\":\"https:\/\/www.sejourprive.com\/\",\"name\":\"S\u00e9jour Priv\u00e9\",\"description\":\"Nous imaginons pour vous des s\u00e9jours d\u2019exception.\",\"publisher\":{\"@id\":\"https:\/\/www.sejourprive.com\/#organization\"},\"potentialAction\":[{\"@type\":\"SearchAction\",\"target\":{\"@type\":\"EntryPoint\",\"urlTemplate\":\"https:\/\/www.sejourprive.com\/?s={search_term_string}\"},\"query-input\":{\"@type\":\"PropertyValueSpecification\",\"valueRequired\":true,\"valueName\":\"search_term_string\"}}],\"inLanguage\":\"en-GB\"},{\"@type\":\"Organization\",\"@id\":\"https:\/\/www.sejourprive.com\/#organization\",\"name\":\"S\u00e9jour Priv\u00e9\",\"url\":\"https:\/\/www.sejourprive.com\/\",\"logo\":{\"@type\":\"ImageObject\",\"inLanguage\":\"en-GB\",\"@id\":\"https:\/\/www.sejourprive.com\/#\/schema\/logo\/image\/\",\"url\":\"https:\/\/www.sejourprive.com\/wp-content\/uploads\/2026\/02\/SP-Apple-touch-144-couleur-1-2.png\",\"contentUrl\":\"https:\/\/www.sejourprive.com\/wp-content\/uploads\/2026\/02\/SP-Apple-touch-144-couleur-1-2.png\",\"width\":145,\"height\":145,\"caption\":\"S\u00e9jour Priv\u00e9\"},\"image\":{\"@id\":\"https:\/\/www.sejourprive.com\/#\/schema\/logo\/image\/\"}}]}<\/script>\n<!-- \/ Yoast SEO plugin. -->","yoast_head_json":{"title":"Mas Lauria, Moussane-Les-Alpilles, Provence, France - S\u00e9jour Priv\u00e9","description":"Id\u00e9alement situ\u00e9e dans le cadre embl\u00e9matique de Maussane-les-Alpilles, cette propri\u00e9t\u00e9 est un havre de paix typiquement proven\u00e7al nich\u00e9 au c\u0153ur de la","robots":{"index":"index","follow":"follow","max-snippet":"max-snippet:-1","max-image-preview":"max-image-preview:large","max-video-preview":"max-video-preview:-1"},"canonical":"https:\/\/www.sejourprive.com\/en\/biens\/mas-lauria-moussane-les-alpilles-provence-france\/","og_locale":"en_GB","og_type":"article","og_title":"Mas Lauria, Moussane-Les-Alpilles, Provence, France - S\u00e9jour Priv\u00e9","og_description":"Id\u00e9alement situ\u00e9e dans le cadre embl\u00e9matique de Maussane-les-Alpilles, cette propri\u00e9t\u00e9 est un havre de paix typiquement proven\u00e7al nich\u00e9 au c\u0153ur de la","og_url":"https:\/\/www.sejourprive.com\/en\/biens\/mas-lauria-moussane-les-alpilles-provence-france\/","og_site_name":"S\u00e9jour Priv\u00e9","article_modified_time":"2026-03-30T13:31:15+00:00","og_image":[{"width":1200,"height":805,"url":"https:\/\/www.sejourprive.com\/wp-content\/uploads\/2026\/03\/3-279.jpg","type":"image\/jpeg"}],"twitter_card":"summary_large_image","twitter_misc":{"Estimated reading time":"1 minute"},"schema":{"@context":"https:\/\/schema.org","@graph":[{"@type":"WebPage","@id":"https:\/\/www.sejourprive.com\/biens\/mas-lauria-moussane-les-alpilles-provence-france\/","url":"https:\/\/www.sejourprive.com\/biens\/mas-lauria-moussane-les-alpilles-provence-france\/","name":"Mas Lauria, Moussane-Les-Alpilles, Provence, France - S\u00e9jour Priv\u00e9","isPartOf":{"@id":"https:\/\/www.sejourprive.com\/#website"},"primaryImageOfPage":{"@id":"https:\/\/www.sejourprive.com\/biens\/mas-lauria-moussane-les-alpilles-provence-france\/#primaryimage"},"image":{"@id":"https:\/\/www.sejourprive.com\/biens\/mas-lauria-moussane-les-alpilles-provence-france\/#primaryimage"},"thumbnailUrl":"https:\/\/www.sejourprive.com\/wp-content\/uploads\/2026\/03\/3-279.jpg","datePublished":"2026-03-30T13:31:14+00:00","dateModified":"2026-03-30T13:31:15+00:00","description":"Id\u00e9alement situ\u00e9e dans le cadre embl\u00e9matique de Maussane-les-Alpilles, cette propri\u00e9t\u00e9 est un havre de paix typiquement proven\u00e7al nich\u00e9 au c\u0153ur de la","breadcrumb":{"@id":"https:\/\/www.sejourprive.com\/biens\/mas-lauria-moussane-les-alpilles-provence-france\/#breadcrumb"},"inLanguage":"en-GB","potentialAction":[{"@type":"ReadAction","target":["https:\/\/www.sejourprive.com\/biens\/mas-lauria-moussane-les-alpilles-provence-france\/"]}]},{"@type":"ImageObject","inLanguage":"en-GB","@id":"https:\/\/www.sejourprive.com\/biens\/mas-lauria-moussane-les-alpilles-provence-france\/#primaryimage","url":"https:\/\/www.sejourprive.com\/wp-content\/uploads\/2026\/03\/3-279.jpg","contentUrl":"https:\/\/www.sejourprive.com\/wp-content\/uploads\/2026\/03\/3-279.jpg","width":1200,"height":805},{"@type":"BreadcrumbList","@id":"https:\/\/www.sejourprive.com\/biens\/mas-lauria-moussane-les-alpilles-provence-france\/#breadcrumb","itemListElement":[{"@type":"ListItem","position":1,"name":"Accueil","item":"https:\/\/www.sejourprive.com\/"},{"@type":"ListItem","position":2,"name":"Shop","item":"https:\/\/www.sejourprive.com\/shop\/"},{"@type":"ListItem","position":3,"name":"Mas Lauria, Moussane-Les-Alpilles, Provence, France"}]},{"@type":"WebSite","@id":"https:\/\/www.sejourprive.com\/#website","url":"https:\/\/www.sejourprive.com\/","name":"Private Stay","description":"We design exceptional holidays for you.","publisher":{"@id":"https:\/\/www.sejourprive.com\/#organization"},"potentialAction":[{"@type":"SearchAction","target":{"@type":"EntryPoint","urlTemplate":"https:\/\/www.sejourprive.com\/?s={search_term_string}"},"query-input":{"@type":"PropertyValueSpecification","valueRequired":true,"valueName":"search_term_string"}}],"inLanguage":"en-GB"},{"@type":"Organization","@id":"https:\/\/www.sejourprive.com\/#organization","name":"Private Stay","url":"https:\/\/www.sejourprive.com\/","logo":{"@type":"ImageObject","inLanguage":"en-GB","@id":"https:\/\/www.sejourprive.com\/#\/schema\/logo\/image\/","url":"https:\/\/www.sejourprive.com\/wp-content\/uploads\/2026\/02\/SP-Apple-touch-144-couleur-1-2.png","contentUrl":"https:\/\/www.sejourprive.com\/wp-content\/uploads\/2026\/02\/SP-Apple-touch-144-couleur-1-2.png","width":145,"height":145,"caption":"S\u00e9jour Priv\u00e9"},"image":{"@id":"https:\/\/www.sejourprive.com\/#\/schema\/logo\/image\/"}}]}},"_links":{"self":[{"href":"https:\/\/www.sejourprive.com\/en\/wp-json\/wp\/v2\/product\/54093","targetHints":{"allow":["GET"]}}],"collection":[{"href":"https:\/\/www.sejourprive.com\/en\/wp-json\/wp\/v2\/product"}],"about":[{"href":"https:\/\/www.sejourprive.com\/en\/wp-json\/wp\/v2\/types\/product"}],"replies":[{"embeddable":true,"href":"https:\/\/www.sejourprive.com\/en\/wp-json\/wp\/v2\/comments?post=54093"}],"version-history":[{"count":0,"href":"https:\/\/www.sejourprive.com\/en\/wp-json\/wp\/v2\/product\/54093\/revisions"}],"wp:featuredmedia":[{"embeddable":true,"href":"https:\/\/www.sejourprive.com\/en\/wp-json\/wp\/v2\/media\/54098"}],"wp:attachment":[{"href":"https:\/\/www.sejourprive.com\/en\/wp-json\/wp\/v2\/media?parent=54093"}],"wp:term":[{"taxonomy":"product_brand","embeddable":true,"href":"https:\/\/www.sejourprive.com\/en\/wp-json\/wp\/v2\/product_brand?post=54093"},{"taxonomy":"product_cat","embeddable":true,"href":"https:\/\/www.sejourprive.com\/en\/wp-json\/wp\/v2\/product_cat?post=54093"},{"taxonomy":"product_tag","embeddable":true,"href":"https:\/\/www.sejourprive.com\/en\/wp-json\/wp\/v2\/product_tag?post=54093"}],"curies":[{"name":"wp","href":"https:\/\/api.w.org\/{rel}","templated":true}]}}