{"id":54039,"date":"2026-03-30T15:29:42","date_gmt":"2026-03-30T13:29:42","guid":{"rendered":"https:\/\/www.sejourprive.com\/?post_type=product&#038;p=54039"},"modified":"2026-03-30T15:29:42","modified_gmt":"2026-03-30T13:29:42","slug":"mas-du-safre-gordes-provence-france","status":"publish","type":"product","link":"https:\/\/www.sejourprive.com\/en\/biens\/mas-du-safre-gordes-provence-france\/","title":{"rendered":"Mas du Safre, Gordes, Provence, France"},"content":{"rendered":"<p>Id\u00e9alement situ\u00e9e dans le cadre embl\u00e9matique de Gordes, cette propri\u00e9t\u00e9 est un refuge proven\u00e7al par excellence, nich\u00e9 au c\u0153ur de la campagne fran\u00e7aise. Elle allie charme traditionnel et confort raffin\u00e9, offrant un havre de paix o\u00f9 l&#8217;architecture authentique en pierre se marie \u00e0 la beaut\u00e9 intemporelle des paysages proven\u00e7aux.<span><div class=\"read-more-wrapper\"><a class=\"read-more-button\" data-target=\"read-more-69f72341ce2b7\" data-more-text=\"Read more\" data-less-text=\"Read less\"><span class=\"read-more-text\">Read more<\/span><\/a><div id=\"read-more-69f72341ce2b7\" class=\"read-more-content\"> <\/span><\/p>\n<p>\u00c0 l&#8217;aube, profitez d&#8217;un match anim\u00e9 sur le terrain de football priv\u00e9 ou d&#8217;une s\u00e9ance d&#8217;entra\u00eenement revigorante dans la salle de sport priv\u00e9e. L&#8217;apr\u00e8s-midi invite \u00e0 la d\u00e9tente totale, passant de la chaleur r\u00e9paratrice du sauna \u00e0 une s\u00e9ance de massage apaisante, avant de piquer une t\u00eate rafra\u00eechissante dans la piscine ext\u00e9rieure. \u00c0 la tomb\u00e9e de la nuit, r\u00e9unissez-vous pour une partie amicale de p\u00e9tanque suivie d&#8217;un d\u00eener convivial pr\u00e9par\u00e9 au barbecue sous le ciel \u00e9toil\u00e9 de Provence.<\/div><\/div><\/p>","protected":false},"excerpt":{"rendered":"<p>Id\u00e9alement situ\u00e9e dans le cadre embl\u00e9matique de Gordes, cette propri\u00e9t\u00e9 est un refuge proven\u00e7al par excellence, nich\u00e9 au c\u0153ur de&#8230;<\/p>","protected":false},"featured_media":54044,"comment_status":"open","ping_status":"closed","template":"","meta":{"_acf_changed":false},"product_brand":[],"product_cat":[15],"product_tag":[],"class_list":{"0":"post-54039","1":"product","2":"type-product","3":"status-publish","4":"has-post-thumbnail","6":"product_cat-villa","7":"property_location-france","8":"property_location-provence","10":"first","11":"instock","12":"sold-individually","13":"shipping-taxable","14":"purchasable","15":"product-type-simple"},"acf":[],"yoast_head":"<!-- This site is optimized with the Yoast SEO plugin v26.6 - https:\/\/yoast.com\/wordpress\/plugins\/seo\/ -->\n<title>Mas du Safre, Gordes, Provence, France - S\u00e9jour Priv\u00e9<\/title>\n<meta name=\"description\" content=\"Id\u00e9alement situ\u00e9e dans le cadre embl\u00e9matique de Gordes, cette propri\u00e9t\u00e9 est un refuge proven\u00e7al par excellence, nich\u00e9 au c\u0153ur de la campagne fran\u00e7aise.\" \/>\n<meta name=\"robots\" content=\"index, follow, max-snippet:-1, max-image-preview:large, max-video-preview:-1\" \/>\n<link rel=\"canonical\" href=\"https:\/\/www.sejourprive.com\/en\/biens\/mas-du-safre-gordes-provence-france\/\" \/>\n<meta property=\"og:locale\" content=\"en_GB\" \/>\n<meta property=\"og:type\" content=\"article\" \/>\n<meta property=\"og:title\" content=\"Mas du Safre, Gordes, Provence, France - S\u00e9jour Priv\u00e9\" \/>\n<meta property=\"og:description\" content=\"Id\u00e9alement situ\u00e9e dans le cadre embl\u00e9matique de Gordes, cette propri\u00e9t\u00e9 est un refuge proven\u00e7al par excellence, nich\u00e9 au c\u0153ur de la campagne fran\u00e7aise.\" \/>\n<meta property=\"og:url\" content=\"https:\/\/www.sejourprive.com\/en\/biens\/mas-du-safre-gordes-provence-france\/\" \/>\n<meta property=\"og:site_name\" content=\"S\u00e9jour Priv\u00e9\" \/>\n<meta property=\"og:image\" content=\"https:\/\/www.sejourprive.com\/wp-content\/uploads\/2026\/03\/1-285.jpg\" \/>\n\t<meta property=\"og:image:width\" content=\"1200\" \/>\n\t<meta property=\"og:image:height\" content=\"675\" \/>\n\t<meta property=\"og:image:type\" content=\"image\/jpeg\" \/>\n<meta name=\"twitter:card\" content=\"summary_large_image\" \/>\n<meta name=\"twitter:label1\" content=\"Estimated reading time\" \/>\n\t<meta name=\"twitter:data1\" content=\"1 minute\" \/>\n<script type=\"application\/ld+json\" class=\"yoast-schema-graph\">{\"@context\":\"https:\/\/schema.org\",\"@graph\":[{\"@type\":\"WebPage\",\"@id\":\"https:\/\/www.sejourprive.com\/biens\/mas-du-safre-gordes-provence-france\/\",\"url\":\"https:\/\/www.sejourprive.com\/biens\/mas-du-safre-gordes-provence-france\/\",\"name\":\"Mas du Safre, Gordes, Provence, France - S\u00e9jour Priv\u00e9\",\"isPartOf\":{\"@id\":\"https:\/\/www.sejourprive.com\/#website\"},\"primaryImageOfPage\":{\"@id\":\"https:\/\/www.sejourprive.com\/biens\/mas-du-safre-gordes-provence-france\/#primaryimage\"},\"image\":{\"@id\":\"https:\/\/www.sejourprive.com\/biens\/mas-du-safre-gordes-provence-france\/#primaryimage\"},\"thumbnailUrl\":\"https:\/\/www.sejourprive.com\/wp-content\/uploads\/2026\/03\/1-285.jpg\",\"datePublished\":\"2026-03-30T13:29:42+00:00\",\"description\":\"Id\u00e9alement situ\u00e9e dans le cadre embl\u00e9matique de Gordes, cette propri\u00e9t\u00e9 est un refuge proven\u00e7al par excellence, nich\u00e9 au c\u0153ur de la campagne fran\u00e7aise.\",\"breadcrumb\":{\"@id\":\"https:\/\/www.sejourprive.com\/biens\/mas-du-safre-gordes-provence-france\/#breadcrumb\"},\"inLanguage\":\"en-GB\",\"potentialAction\":[{\"@type\":\"ReadAction\",\"target\":[\"https:\/\/www.sejourprive.com\/biens\/mas-du-safre-gordes-provence-france\/\"]}]},{\"@type\":\"ImageObject\",\"inLanguage\":\"en-GB\",\"@id\":\"https:\/\/www.sejourprive.com\/biens\/mas-du-safre-gordes-provence-france\/#primaryimage\",\"url\":\"https:\/\/www.sejourprive.com\/wp-content\/uploads\/2026\/03\/1-285.jpg\",\"contentUrl\":\"https:\/\/www.sejourprive.com\/wp-content\/uploads\/2026\/03\/1-285.jpg\",\"width\":1200,\"height\":675},{\"@type\":\"BreadcrumbList\",\"@id\":\"https:\/\/www.sejourprive.com\/biens\/mas-du-safre-gordes-provence-france\/#breadcrumb\",\"itemListElement\":[{\"@type\":\"ListItem\",\"position\":1,\"name\":\"Accueil\",\"item\":\"https:\/\/www.sejourprive.com\/\"},{\"@type\":\"ListItem\",\"position\":2,\"name\":\"Shop\",\"item\":\"https:\/\/www.sejourprive.com\/shop\/\"},{\"@type\":\"ListItem\",\"position\":3,\"name\":\"Mas du Safre, Gordes, Provence, France\"}]},{\"@type\":\"WebSite\",\"@id\":\"https:\/\/www.sejourprive.com\/#website\",\"url\":\"https:\/\/www.sejourprive.com\/\",\"name\":\"S\u00e9jour Priv\u00e9\",\"description\":\"Nous imaginons pour vous des s\u00e9jours d\u2019exception.\",\"publisher\":{\"@id\":\"https:\/\/www.sejourprive.com\/#organization\"},\"potentialAction\":[{\"@type\":\"SearchAction\",\"target\":{\"@type\":\"EntryPoint\",\"urlTemplate\":\"https:\/\/www.sejourprive.com\/?s={search_term_string}\"},\"query-input\":{\"@type\":\"PropertyValueSpecification\",\"valueRequired\":true,\"valueName\":\"search_term_string\"}}],\"inLanguage\":\"en-GB\"},{\"@type\":\"Organization\",\"@id\":\"https:\/\/www.sejourprive.com\/#organization\",\"name\":\"S\u00e9jour Priv\u00e9\",\"url\":\"https:\/\/www.sejourprive.com\/\",\"logo\":{\"@type\":\"ImageObject\",\"inLanguage\":\"en-GB\",\"@id\":\"https:\/\/www.sejourprive.com\/#\/schema\/logo\/image\/\",\"url\":\"https:\/\/www.sejourprive.com\/wp-content\/uploads\/2026\/02\/SP-Apple-touch-144-couleur-1-2.png\",\"contentUrl\":\"https:\/\/www.sejourprive.com\/wp-content\/uploads\/2026\/02\/SP-Apple-touch-144-couleur-1-2.png\",\"width\":145,\"height\":145,\"caption\":\"S\u00e9jour Priv\u00e9\"},\"image\":{\"@id\":\"https:\/\/www.sejourprive.com\/#\/schema\/logo\/image\/\"}}]}<\/script>\n<!-- \/ Yoast SEO plugin. -->","yoast_head_json":{"title":"Mas du Safre, Gordes, Provence, France - S\u00e9jour Priv\u00e9","description":"Id\u00e9alement situ\u00e9e dans le cadre embl\u00e9matique de Gordes, cette propri\u00e9t\u00e9 est un refuge proven\u00e7al par excellence, nich\u00e9 au c\u0153ur de la campagne fran\u00e7aise.","robots":{"index":"index","follow":"follow","max-snippet":"max-snippet:-1","max-image-preview":"max-image-preview:large","max-video-preview":"max-video-preview:-1"},"canonical":"https:\/\/www.sejourprive.com\/en\/biens\/mas-du-safre-gordes-provence-france\/","og_locale":"en_GB","og_type":"article","og_title":"Mas du Safre, Gordes, Provence, France - S\u00e9jour Priv\u00e9","og_description":"Id\u00e9alement situ\u00e9e dans le cadre embl\u00e9matique de Gordes, cette propri\u00e9t\u00e9 est un refuge proven\u00e7al par excellence, nich\u00e9 au c\u0153ur de la campagne fran\u00e7aise.","og_url":"https:\/\/www.sejourprive.com\/en\/biens\/mas-du-safre-gordes-provence-france\/","og_site_name":"S\u00e9jour Priv\u00e9","og_image":[{"width":1200,"height":675,"url":"https:\/\/www.sejourprive.com\/wp-content\/uploads\/2026\/03\/1-285.jpg","type":"image\/jpeg"}],"twitter_card":"summary_large_image","twitter_misc":{"Estimated reading time":"1 minute"},"schema":{"@context":"https:\/\/schema.org","@graph":[{"@type":"WebPage","@id":"https:\/\/www.sejourprive.com\/biens\/mas-du-safre-gordes-provence-france\/","url":"https:\/\/www.sejourprive.com\/biens\/mas-du-safre-gordes-provence-france\/","name":"Mas du Safre, Gordes, Provence, France - S\u00e9jour Priv\u00e9","isPartOf":{"@id":"https:\/\/www.sejourprive.com\/#website"},"primaryImageOfPage":{"@id":"https:\/\/www.sejourprive.com\/biens\/mas-du-safre-gordes-provence-france\/#primaryimage"},"image":{"@id":"https:\/\/www.sejourprive.com\/biens\/mas-du-safre-gordes-provence-france\/#primaryimage"},"thumbnailUrl":"https:\/\/www.sejourprive.com\/wp-content\/uploads\/2026\/03\/1-285.jpg","datePublished":"2026-03-30T13:29:42+00:00","description":"Id\u00e9alement situ\u00e9e dans le cadre embl\u00e9matique de Gordes, cette propri\u00e9t\u00e9 est un refuge proven\u00e7al par excellence, nich\u00e9 au c\u0153ur de la campagne fran\u00e7aise.","breadcrumb":{"@id":"https:\/\/www.sejourprive.com\/biens\/mas-du-safre-gordes-provence-france\/#breadcrumb"},"inLanguage":"en-GB","potentialAction":[{"@type":"ReadAction","target":["https:\/\/www.sejourprive.com\/biens\/mas-du-safre-gordes-provence-france\/"]}]},{"@type":"ImageObject","inLanguage":"en-GB","@id":"https:\/\/www.sejourprive.com\/biens\/mas-du-safre-gordes-provence-france\/#primaryimage","url":"https:\/\/www.sejourprive.com\/wp-content\/uploads\/2026\/03\/1-285.jpg","contentUrl":"https:\/\/www.sejourprive.com\/wp-content\/uploads\/2026\/03\/1-285.jpg","width":1200,"height":675},{"@type":"BreadcrumbList","@id":"https:\/\/www.sejourprive.com\/biens\/mas-du-safre-gordes-provence-france\/#breadcrumb","itemListElement":[{"@type":"ListItem","position":1,"name":"Accueil","item":"https:\/\/www.sejourprive.com\/"},{"@type":"ListItem","position":2,"name":"Shop","item":"https:\/\/www.sejourprive.com\/shop\/"},{"@type":"ListItem","position":3,"name":"Mas du Safre, Gordes, Provence, France"}]},{"@type":"WebSite","@id":"https:\/\/www.sejourprive.com\/#website","url":"https:\/\/www.sejourprive.com\/","name":"Private Stay","description":"We design exceptional holidays for you.","publisher":{"@id":"https:\/\/www.sejourprive.com\/#organization"},"potentialAction":[{"@type":"SearchAction","target":{"@type":"EntryPoint","urlTemplate":"https:\/\/www.sejourprive.com\/?s={search_term_string}"},"query-input":{"@type":"PropertyValueSpecification","valueRequired":true,"valueName":"search_term_string"}}],"inLanguage":"en-GB"},{"@type":"Organization","@id":"https:\/\/www.sejourprive.com\/#organization","name":"Private Stay","url":"https:\/\/www.sejourprive.com\/","logo":{"@type":"ImageObject","inLanguage":"en-GB","@id":"https:\/\/www.sejourprive.com\/#\/schema\/logo\/image\/","url":"https:\/\/www.sejourprive.com\/wp-content\/uploads\/2026\/02\/SP-Apple-touch-144-couleur-1-2.png","contentUrl":"https:\/\/www.sejourprive.com\/wp-content\/uploads\/2026\/02\/SP-Apple-touch-144-couleur-1-2.png","width":145,"height":145,"caption":"S\u00e9jour Priv\u00e9"},"image":{"@id":"https:\/\/www.sejourprive.com\/#\/schema\/logo\/image\/"}}]}},"_links":{"self":[{"href":"https:\/\/www.sejourprive.com\/en\/wp-json\/wp\/v2\/product\/54039","targetHints":{"allow":["GET"]}}],"collection":[{"href":"https:\/\/www.sejourprive.com\/en\/wp-json\/wp\/v2\/product"}],"about":[{"href":"https:\/\/www.sejourprive.com\/en\/wp-json\/wp\/v2\/types\/product"}],"replies":[{"embeddable":true,"href":"https:\/\/www.sejourprive.com\/en\/wp-json\/wp\/v2\/comments?post=54039"}],"version-history":[{"count":0,"href":"https:\/\/www.sejourprive.com\/en\/wp-json\/wp\/v2\/product\/54039\/revisions"}],"wp:featuredmedia":[{"embeddable":true,"href":"https:\/\/www.sejourprive.com\/en\/wp-json\/wp\/v2\/media\/54044"}],"wp:attachment":[{"href":"https:\/\/www.sejourprive.com\/en\/wp-json\/wp\/v2\/media?parent=54039"}],"wp:term":[{"taxonomy":"product_brand","embeddable":true,"href":"https:\/\/www.sejourprive.com\/en\/wp-json\/wp\/v2\/product_brand?post=54039"},{"taxonomy":"product_cat","embeddable":true,"href":"https:\/\/www.sejourprive.com\/en\/wp-json\/wp\/v2\/product_cat?post=54039"},{"taxonomy":"product_tag","embeddable":true,"href":"https:\/\/www.sejourprive.com\/en\/wp-json\/wp\/v2\/product_tag?post=54039"}],"curies":[{"name":"wp","href":"https:\/\/api.w.org\/{rel}","templated":true}]}}