{"id":53920,"date":"2026-03-27T16:44:01","date_gmt":"2026-03-27T15:44:01","guid":{"rendered":"https:\/\/www.sejourprive.com\/?post_type=product&#038;p=53920"},"modified":"2026-03-27T16:44:01","modified_gmt":"2026-03-27T15:44:01","slug":"mas-de-blum-eygalieres-provence-france","status":"publish","type":"product","link":"https:\/\/www.sejourprive.com\/en\/biens\/mas-de-blum-eygalieres-provence-france\/","title":{"rendered":"Mas de Blum, Eygali\u00e8res, Provence, France"},"content":{"rendered":"<p>\u00c0 quelques minutes seulement du centre d&#8217;Eygali\u00e8res, le Mas de Blum offre un havre de paix o\u00f9 l&#8217;\u00e9l\u00e9gance moderne se fond harmonieusement avec la beaut\u00e9 naturelle des environs. L&#8217;architecture s&#8217;int\u00e8gre parfaitement au paysage, cr\u00e9ant ainsi un refuge propice \u00e0 la s\u00e9r\u00e9nit\u00e9.<span><div class=\"read-more-wrapper\"><a class=\"read-more-button\" data-target=\"read-more-69f7177c2bf3e\" data-more-text=\"Read more\" data-less-text=\"Read less\"><span class=\"read-more-text\">Read more<\/span><\/a><div id=\"read-more-69f7177c2bf3e\" class=\"read-more-content\"> <\/span><\/p>\n<p>Le matin, savourez un caf\u00e9 sur la terrasse face aux Alpilles, pour bien commencer une journ\u00e9e de d\u00e9tente. Plus tard, r\u00e9unissez vos proches autour de la cuisine ext\u00e9rieure pour d\u00e9guster une d\u00e9licieuse pizza maison avant de vous rafra\u00eechir dans la piscine. Entre une partie de ping-pong sous les arbres et une sieste \u00e0 l&#8217;ombre, chaque instant invite \u00e0 la d\u00e9tente et au bien-\u00eatre.<\/div><\/div><\/p>","protected":false},"excerpt":{"rendered":"<p>\u00c0 quelques minutes seulement du centre d&#8217;Eygali\u00e8res, le Mas de Blum offre un havre de paix o\u00f9 l&#8217;\u00e9l\u00e9gance moderne se&#8230;<\/p>","protected":false},"featured_media":53922,"comment_status":"open","ping_status":"closed","template":"","meta":{"_acf_changed":false},"product_brand":[],"product_cat":[15],"product_tag":[],"class_list":{"0":"post-53920","1":"product","2":"type-product","3":"status-publish","4":"has-post-thumbnail","6":"product_cat-villa","7":"property_location-france","8":"property_location-provence","10":"first","11":"instock","12":"sold-individually","13":"shipping-taxable","14":"purchasable","15":"product-type-simple"},"acf":[],"yoast_head":"<!-- This site is optimized with the Yoast SEO plugin v26.6 - https:\/\/yoast.com\/wordpress\/plugins\/seo\/ -->\n<title>Mas de Blum, Eygali\u00e8res, Provence, France - S\u00e9jour Priv\u00e9<\/title>\n<meta name=\"description\" content=\"\u00c0 quelques minutes seulement du centre d&#039;Eygali\u00e8res, le Mas de Blum offre un havre de paix o\u00f9 l&#039;\u00e9l\u00e9gance moderne se fond harmonieusement avec la beaut\u00e9\" \/>\n<meta name=\"robots\" content=\"index, follow, max-snippet:-1, max-image-preview:large, max-video-preview:-1\" \/>\n<link rel=\"canonical\" href=\"https:\/\/www.sejourprive.com\/en\/biens\/mas-de-blum-eygalieres-provence-france\/\" \/>\n<meta property=\"og:locale\" content=\"en_GB\" \/>\n<meta property=\"og:type\" content=\"article\" \/>\n<meta property=\"og:title\" content=\"Mas de Blum, Eygali\u00e8res, Provence, France - S\u00e9jour Priv\u00e9\" \/>\n<meta property=\"og:description\" content=\"\u00c0 quelques minutes seulement du centre d&#039;Eygali\u00e8res, le Mas de Blum offre un havre de paix o\u00f9 l&#039;\u00e9l\u00e9gance moderne se fond harmonieusement avec la beaut\u00e9\" \/>\n<meta property=\"og:url\" content=\"https:\/\/www.sejourprive.com\/en\/biens\/mas-de-blum-eygalieres-provence-france\/\" \/>\n<meta property=\"og:site_name\" content=\"S\u00e9jour Priv\u00e9\" \/>\n<meta property=\"og:image\" content=\"https:\/\/www.sejourprive.com\/wp-content\/uploads\/2026\/03\/0-270.jpg\" \/>\n\t<meta property=\"og:image:width\" content=\"1200\" \/>\n\t<meta property=\"og:image:height\" content=\"801\" \/>\n\t<meta property=\"og:image:type\" content=\"image\/jpeg\" \/>\n<meta name=\"twitter:card\" content=\"summary_large_image\" \/>\n<meta name=\"twitter:label1\" content=\"Estimated reading time\" \/>\n\t<meta name=\"twitter:data1\" content=\"1 minute\" \/>\n<script type=\"application\/ld+json\" class=\"yoast-schema-graph\">{\"@context\":\"https:\/\/schema.org\",\"@graph\":[{\"@type\":\"WebPage\",\"@id\":\"https:\/\/www.sejourprive.com\/biens\/mas-de-blum-eygalieres-provence-france\/\",\"url\":\"https:\/\/www.sejourprive.com\/biens\/mas-de-blum-eygalieres-provence-france\/\",\"name\":\"Mas de Blum, Eygali\u00e8res, Provence, France - S\u00e9jour Priv\u00e9\",\"isPartOf\":{\"@id\":\"https:\/\/www.sejourprive.com\/#website\"},\"primaryImageOfPage\":{\"@id\":\"https:\/\/www.sejourprive.com\/biens\/mas-de-blum-eygalieres-provence-france\/#primaryimage\"},\"image\":{\"@id\":\"https:\/\/www.sejourprive.com\/biens\/mas-de-blum-eygalieres-provence-france\/#primaryimage\"},\"thumbnailUrl\":\"https:\/\/www.sejourprive.com\/wp-content\/uploads\/2026\/03\/0-270.jpg\",\"datePublished\":\"2026-03-27T15:44:01+00:00\",\"description\":\"\u00c0 quelques minutes seulement du centre d'Eygali\u00e8res, le Mas de Blum offre un havre de paix o\u00f9 l'\u00e9l\u00e9gance moderne se fond harmonieusement avec la beaut\u00e9\",\"breadcrumb\":{\"@id\":\"https:\/\/www.sejourprive.com\/biens\/mas-de-blum-eygalieres-provence-france\/#breadcrumb\"},\"inLanguage\":\"en-GB\",\"potentialAction\":[{\"@type\":\"ReadAction\",\"target\":[\"https:\/\/www.sejourprive.com\/biens\/mas-de-blum-eygalieres-provence-france\/\"]}]},{\"@type\":\"ImageObject\",\"inLanguage\":\"en-GB\",\"@id\":\"https:\/\/www.sejourprive.com\/biens\/mas-de-blum-eygalieres-provence-france\/#primaryimage\",\"url\":\"https:\/\/www.sejourprive.com\/wp-content\/uploads\/2026\/03\/0-270.jpg\",\"contentUrl\":\"https:\/\/www.sejourprive.com\/wp-content\/uploads\/2026\/03\/0-270.jpg\",\"width\":1200,\"height\":801},{\"@type\":\"BreadcrumbList\",\"@id\":\"https:\/\/www.sejourprive.com\/biens\/mas-de-blum-eygalieres-provence-france\/#breadcrumb\",\"itemListElement\":[{\"@type\":\"ListItem\",\"position\":1,\"name\":\"Accueil\",\"item\":\"https:\/\/www.sejourprive.com\/\"},{\"@type\":\"ListItem\",\"position\":2,\"name\":\"Shop\",\"item\":\"https:\/\/www.sejourprive.com\/shop\/\"},{\"@type\":\"ListItem\",\"position\":3,\"name\":\"Mas de Blum, Eygali\u00e8res, Provence, France\"}]},{\"@type\":\"WebSite\",\"@id\":\"https:\/\/www.sejourprive.com\/#website\",\"url\":\"https:\/\/www.sejourprive.com\/\",\"name\":\"S\u00e9jour Priv\u00e9\",\"description\":\"Nous imaginons pour vous des s\u00e9jours d\u2019exception.\",\"publisher\":{\"@id\":\"https:\/\/www.sejourprive.com\/#organization\"},\"potentialAction\":[{\"@type\":\"SearchAction\",\"target\":{\"@type\":\"EntryPoint\",\"urlTemplate\":\"https:\/\/www.sejourprive.com\/?s={search_term_string}\"},\"query-input\":{\"@type\":\"PropertyValueSpecification\",\"valueRequired\":true,\"valueName\":\"search_term_string\"}}],\"inLanguage\":\"en-GB\"},{\"@type\":\"Organization\",\"@id\":\"https:\/\/www.sejourprive.com\/#organization\",\"name\":\"S\u00e9jour Priv\u00e9\",\"url\":\"https:\/\/www.sejourprive.com\/\",\"logo\":{\"@type\":\"ImageObject\",\"inLanguage\":\"en-GB\",\"@id\":\"https:\/\/www.sejourprive.com\/#\/schema\/logo\/image\/\",\"url\":\"https:\/\/www.sejourprive.com\/wp-content\/uploads\/2026\/02\/SP-Apple-touch-144-couleur-1-2.png\",\"contentUrl\":\"https:\/\/www.sejourprive.com\/wp-content\/uploads\/2026\/02\/SP-Apple-touch-144-couleur-1-2.png\",\"width\":145,\"height\":145,\"caption\":\"S\u00e9jour Priv\u00e9\"},\"image\":{\"@id\":\"https:\/\/www.sejourprive.com\/#\/schema\/logo\/image\/\"}}]}<\/script>\n<!-- \/ Yoast SEO plugin. -->","yoast_head_json":{"title":"Mas de Blum, Eygali\u00e8res, Provence, France - S\u00e9jour Priv\u00e9","description":"\u00c0 quelques minutes seulement du centre d'Eygali\u00e8res, le Mas de Blum offre un havre de paix o\u00f9 l'\u00e9l\u00e9gance moderne se fond harmonieusement avec la beaut\u00e9","robots":{"index":"index","follow":"follow","max-snippet":"max-snippet:-1","max-image-preview":"max-image-preview:large","max-video-preview":"max-video-preview:-1"},"canonical":"https:\/\/www.sejourprive.com\/en\/biens\/mas-de-blum-eygalieres-provence-france\/","og_locale":"en_GB","og_type":"article","og_title":"Mas de Blum, Eygali\u00e8res, Provence, France - S\u00e9jour Priv\u00e9","og_description":"\u00c0 quelques minutes seulement du centre d'Eygali\u00e8res, le Mas de Blum offre un havre de paix o\u00f9 l'\u00e9l\u00e9gance moderne se fond harmonieusement avec la beaut\u00e9","og_url":"https:\/\/www.sejourprive.com\/en\/biens\/mas-de-blum-eygalieres-provence-france\/","og_site_name":"S\u00e9jour Priv\u00e9","og_image":[{"width":1200,"height":801,"url":"https:\/\/www.sejourprive.com\/wp-content\/uploads\/2026\/03\/0-270.jpg","type":"image\/jpeg"}],"twitter_card":"summary_large_image","twitter_misc":{"Estimated reading time":"1 minute"},"schema":{"@context":"https:\/\/schema.org","@graph":[{"@type":"WebPage","@id":"https:\/\/www.sejourprive.com\/biens\/mas-de-blum-eygalieres-provence-france\/","url":"https:\/\/www.sejourprive.com\/biens\/mas-de-blum-eygalieres-provence-france\/","name":"Mas de Blum, Eygali\u00e8res, Provence, France - S\u00e9jour Priv\u00e9","isPartOf":{"@id":"https:\/\/www.sejourprive.com\/#website"},"primaryImageOfPage":{"@id":"https:\/\/www.sejourprive.com\/biens\/mas-de-blum-eygalieres-provence-france\/#primaryimage"},"image":{"@id":"https:\/\/www.sejourprive.com\/biens\/mas-de-blum-eygalieres-provence-france\/#primaryimage"},"thumbnailUrl":"https:\/\/www.sejourprive.com\/wp-content\/uploads\/2026\/03\/0-270.jpg","datePublished":"2026-03-27T15:44:01+00:00","description":"\u00c0 quelques minutes seulement du centre d'Eygali\u00e8res, le Mas de Blum offre un havre de paix o\u00f9 l'\u00e9l\u00e9gance moderne se fond harmonieusement avec la beaut\u00e9","breadcrumb":{"@id":"https:\/\/www.sejourprive.com\/biens\/mas-de-blum-eygalieres-provence-france\/#breadcrumb"},"inLanguage":"en-GB","potentialAction":[{"@type":"ReadAction","target":["https:\/\/www.sejourprive.com\/biens\/mas-de-blum-eygalieres-provence-france\/"]}]},{"@type":"ImageObject","inLanguage":"en-GB","@id":"https:\/\/www.sejourprive.com\/biens\/mas-de-blum-eygalieres-provence-france\/#primaryimage","url":"https:\/\/www.sejourprive.com\/wp-content\/uploads\/2026\/03\/0-270.jpg","contentUrl":"https:\/\/www.sejourprive.com\/wp-content\/uploads\/2026\/03\/0-270.jpg","width":1200,"height":801},{"@type":"BreadcrumbList","@id":"https:\/\/www.sejourprive.com\/biens\/mas-de-blum-eygalieres-provence-france\/#breadcrumb","itemListElement":[{"@type":"ListItem","position":1,"name":"Accueil","item":"https:\/\/www.sejourprive.com\/"},{"@type":"ListItem","position":2,"name":"Shop","item":"https:\/\/www.sejourprive.com\/shop\/"},{"@type":"ListItem","position":3,"name":"Mas de Blum, Eygali\u00e8res, Provence, France"}]},{"@type":"WebSite","@id":"https:\/\/www.sejourprive.com\/#website","url":"https:\/\/www.sejourprive.com\/","name":"Private Stay","description":"We design exceptional holidays for you.","publisher":{"@id":"https:\/\/www.sejourprive.com\/#organization"},"potentialAction":[{"@type":"SearchAction","target":{"@type":"EntryPoint","urlTemplate":"https:\/\/www.sejourprive.com\/?s={search_term_string}"},"query-input":{"@type":"PropertyValueSpecification","valueRequired":true,"valueName":"search_term_string"}}],"inLanguage":"en-GB"},{"@type":"Organization","@id":"https:\/\/www.sejourprive.com\/#organization","name":"Private Stay","url":"https:\/\/www.sejourprive.com\/","logo":{"@type":"ImageObject","inLanguage":"en-GB","@id":"https:\/\/www.sejourprive.com\/#\/schema\/logo\/image\/","url":"https:\/\/www.sejourprive.com\/wp-content\/uploads\/2026\/02\/SP-Apple-touch-144-couleur-1-2.png","contentUrl":"https:\/\/www.sejourprive.com\/wp-content\/uploads\/2026\/02\/SP-Apple-touch-144-couleur-1-2.png","width":145,"height":145,"caption":"S\u00e9jour Priv\u00e9"},"image":{"@id":"https:\/\/www.sejourprive.com\/#\/schema\/logo\/image\/"}}]}},"_links":{"self":[{"href":"https:\/\/www.sejourprive.com\/en\/wp-json\/wp\/v2\/product\/53920","targetHints":{"allow":["GET"]}}],"collection":[{"href":"https:\/\/www.sejourprive.com\/en\/wp-json\/wp\/v2\/product"}],"about":[{"href":"https:\/\/www.sejourprive.com\/en\/wp-json\/wp\/v2\/types\/product"}],"replies":[{"embeddable":true,"href":"https:\/\/www.sejourprive.com\/en\/wp-json\/wp\/v2\/comments?post=53920"}],"version-history":[{"count":0,"href":"https:\/\/www.sejourprive.com\/en\/wp-json\/wp\/v2\/product\/53920\/revisions"}],"wp:featuredmedia":[{"embeddable":true,"href":"https:\/\/www.sejourprive.com\/en\/wp-json\/wp\/v2\/media\/53922"}],"wp:attachment":[{"href":"https:\/\/www.sejourprive.com\/en\/wp-json\/wp\/v2\/media?parent=53920"}],"wp:term":[{"taxonomy":"product_brand","embeddable":true,"href":"https:\/\/www.sejourprive.com\/en\/wp-json\/wp\/v2\/product_brand?post=53920"},{"taxonomy":"product_cat","embeddable":true,"href":"https:\/\/www.sejourprive.com\/en\/wp-json\/wp\/v2\/product_cat?post=53920"},{"taxonomy":"product_tag","embeddable":true,"href":"https:\/\/www.sejourprive.com\/en\/wp-json\/wp\/v2\/product_tag?post=53920"}],"curies":[{"name":"wp","href":"https:\/\/api.w.org\/{rel}","templated":true}]}}