{"id":53860,"date":"2026-03-27T16:40:01","date_gmt":"2026-03-27T15:40:01","guid":{"rendered":"https:\/\/www.sejourprive.com\/?post_type=product&#038;p=53860"},"modified":"2026-03-27T16:40:01","modified_gmt":"2026-03-27T15:40:01","slug":"mas-aiga-terra-bonnieux-provence-france","status":"publish","type":"product","link":"https:\/\/www.sejourprive.com\/en\/biens\/mas-aiga-terra-bonnieux-provence-france\/","title":{"rendered":"Mas Aiga Terra, Bonnieux, Provence, France"},"content":{"rendered":"<p>Nich\u00e9e au c\u0153ur d&#8217;un vaste domaine priv\u00e9, la Mas Aiga Terra est une bastide proven\u00e7ale qui vous plonge au c\u0153ur de la nature pr\u00e9serv\u00e9e du Luberon. Entour\u00e9e de ch\u00eanes et de champs sauvages, cette superbe bastide en pierre incarne l&#8217;authenticit\u00e9 et la s\u00e9r\u00e9nit\u00e9 de la Provence. Alliant charme rustique et \u00e9l\u00e9gance contemporaine, ce havre de paix est une v\u00e9ritable \u00e9vasion hors du temps.<span><div class=\"read-more-wrapper\"><a class=\"read-more-button\" data-target=\"read-more-69f262293f035\" data-more-text=\"Read more\" data-less-text=\"Read less\"><span class=\"read-more-text\">Read more<\/span><\/a><div id=\"read-more-69f262293f035\" class=\"read-more-content\"> <\/span><\/p>\n<p>Commencez la journ\u00e9e par un caf\u00e9 sur la terrasse, en admirant l&#8217;immensit\u00e9 du domaine baign\u00e9 par la lumi\u00e8re du matin. Rafra\u00eechissez-vous dans la piscine avant de partir \u00e0 la d\u00e9couverte des sentiers du domaine pour une promenade au c\u0153ur de la nature. L&#8217;apr\u00e8s-midi, perfectionnez votre service sur le court de tennis priv\u00e9 ou d\u00e9fiez vos amis \u00e0 une partie de p\u00e9tanque \u00e0 l&#8217;ombre des arbres centenaires. Le soir, laissez-vous emporter par la douceur du climat et savourez un d\u00eener en plein air, berc\u00e9 par les senteurs de la garrigue et le chant des cigales.<\/div><\/div><\/p>","protected":false},"excerpt":{"rendered":"<p>Nich\u00e9e au c\u0153ur d&#8217;un vaste domaine priv\u00e9, la Mas Aiga Terra est une bastide proven\u00e7ale qui vous plonge au c\u0153ur&#8230;<\/p>","protected":false},"featured_media":53862,"comment_status":"open","ping_status":"closed","template":"","meta":{"_acf_changed":false},"product_brand":[],"product_cat":[15],"product_tag":[],"class_list":{"0":"post-53860","1":"product","2":"type-product","3":"status-publish","4":"has-post-thumbnail","6":"product_cat-villa","7":"property_location-france","8":"property_location-provence","10":"first","11":"instock","12":"sold-individually","13":"shipping-taxable","14":"purchasable","15":"product-type-simple"},"acf":[],"yoast_head":"<!-- This site is optimized with the Yoast SEO plugin v26.6 - https:\/\/yoast.com\/wordpress\/plugins\/seo\/ -->\n<title>Mas Aiga Terra, Bonnieux, Provence, France - S\u00e9jour Priv\u00e9<\/title>\n<meta name=\"description\" content=\"Nich\u00e9e au c\u0153ur d&#039;un vaste domaine priv\u00e9, la Mas Aiga Terra est une bastide proven\u00e7ale qui vous plonge au c\u0153ur de la nature pr\u00e9serv\u00e9e du Luberon. Entour\u00e9e\" \/>\n<meta name=\"robots\" content=\"index, follow, max-snippet:-1, max-image-preview:large, max-video-preview:-1\" \/>\n<link rel=\"canonical\" href=\"https:\/\/www.sejourprive.com\/en\/biens\/mas-aiga-terra-bonnieux-provence-france\/\" \/>\n<meta property=\"og:locale\" content=\"en_GB\" \/>\n<meta property=\"og:type\" content=\"article\" \/>\n<meta property=\"og:title\" content=\"Mas Aiga Terra, Bonnieux, Provence, France - S\u00e9jour Priv\u00e9\" \/>\n<meta property=\"og:description\" content=\"Nich\u00e9e au c\u0153ur d&#039;un vaste domaine priv\u00e9, la Mas Aiga Terra est une bastide proven\u00e7ale qui vous plonge au c\u0153ur de la nature pr\u00e9serv\u00e9e du Luberon. Entour\u00e9e\" \/>\n<meta property=\"og:url\" content=\"https:\/\/www.sejourprive.com\/en\/biens\/mas-aiga-terra-bonnieux-provence-france\/\" \/>\n<meta property=\"og:site_name\" content=\"S\u00e9jour Priv\u00e9\" \/>\n<meta property=\"og:image\" content=\"https:\/\/www.sejourprive.com\/wp-content\/uploads\/2026\/03\/0-269.jpg\" \/>\n\t<meta property=\"og:image:width\" content=\"1200\" \/>\n\t<meta property=\"og:image:height\" content=\"800\" \/>\n\t<meta property=\"og:image:type\" content=\"image\/jpeg\" \/>\n<meta name=\"twitter:card\" content=\"summary_large_image\" \/>\n<meta name=\"twitter:label1\" content=\"Estimated reading time\" \/>\n\t<meta name=\"twitter:data1\" content=\"2 minutes\" \/>\n<script type=\"application\/ld+json\" class=\"yoast-schema-graph\">{\"@context\":\"https:\/\/schema.org\",\"@graph\":[{\"@type\":\"WebPage\",\"@id\":\"https:\/\/www.sejourprive.com\/biens\/mas-aiga-terra-bonnieux-provence-france\/\",\"url\":\"https:\/\/www.sejourprive.com\/biens\/mas-aiga-terra-bonnieux-provence-france\/\",\"name\":\"Mas Aiga Terra, Bonnieux, Provence, France - S\u00e9jour Priv\u00e9\",\"isPartOf\":{\"@id\":\"https:\/\/www.sejourprive.com\/#website\"},\"primaryImageOfPage\":{\"@id\":\"https:\/\/www.sejourprive.com\/biens\/mas-aiga-terra-bonnieux-provence-france\/#primaryimage\"},\"image\":{\"@id\":\"https:\/\/www.sejourprive.com\/biens\/mas-aiga-terra-bonnieux-provence-france\/#primaryimage\"},\"thumbnailUrl\":\"https:\/\/www.sejourprive.com\/wp-content\/uploads\/2026\/03\/0-269.jpg\",\"datePublished\":\"2026-03-27T15:40:01+00:00\",\"description\":\"Nich\u00e9e au c\u0153ur d'un vaste domaine priv\u00e9, la Mas Aiga Terra est une bastide proven\u00e7ale qui vous plonge au c\u0153ur de la nature pr\u00e9serv\u00e9e du Luberon. Entour\u00e9e\",\"breadcrumb\":{\"@id\":\"https:\/\/www.sejourprive.com\/biens\/mas-aiga-terra-bonnieux-provence-france\/#breadcrumb\"},\"inLanguage\":\"en-GB\",\"potentialAction\":[{\"@type\":\"ReadAction\",\"target\":[\"https:\/\/www.sejourprive.com\/biens\/mas-aiga-terra-bonnieux-provence-france\/\"]}]},{\"@type\":\"ImageObject\",\"inLanguage\":\"en-GB\",\"@id\":\"https:\/\/www.sejourprive.com\/biens\/mas-aiga-terra-bonnieux-provence-france\/#primaryimage\",\"url\":\"https:\/\/www.sejourprive.com\/wp-content\/uploads\/2026\/03\/0-269.jpg\",\"contentUrl\":\"https:\/\/www.sejourprive.com\/wp-content\/uploads\/2026\/03\/0-269.jpg\",\"width\":1200,\"height\":800},{\"@type\":\"BreadcrumbList\",\"@id\":\"https:\/\/www.sejourprive.com\/biens\/mas-aiga-terra-bonnieux-provence-france\/#breadcrumb\",\"itemListElement\":[{\"@type\":\"ListItem\",\"position\":1,\"name\":\"Accueil\",\"item\":\"https:\/\/www.sejourprive.com\/\"},{\"@type\":\"ListItem\",\"position\":2,\"name\":\"Shop\",\"item\":\"https:\/\/www.sejourprive.com\/shop\/\"},{\"@type\":\"ListItem\",\"position\":3,\"name\":\"Mas Aiga Terra, Bonnieux, Provence, France\"}]},{\"@type\":\"WebSite\",\"@id\":\"https:\/\/www.sejourprive.com\/#website\",\"url\":\"https:\/\/www.sejourprive.com\/\",\"name\":\"S\u00e9jour Priv\u00e9\",\"description\":\"Nous imaginons pour vous des s\u00e9jours d\u2019exception.\",\"publisher\":{\"@id\":\"https:\/\/www.sejourprive.com\/#organization\"},\"potentialAction\":[{\"@type\":\"SearchAction\",\"target\":{\"@type\":\"EntryPoint\",\"urlTemplate\":\"https:\/\/www.sejourprive.com\/?s={search_term_string}\"},\"query-input\":{\"@type\":\"PropertyValueSpecification\",\"valueRequired\":true,\"valueName\":\"search_term_string\"}}],\"inLanguage\":\"en-GB\"},{\"@type\":\"Organization\",\"@id\":\"https:\/\/www.sejourprive.com\/#organization\",\"name\":\"S\u00e9jour Priv\u00e9\",\"url\":\"https:\/\/www.sejourprive.com\/\",\"logo\":{\"@type\":\"ImageObject\",\"inLanguage\":\"en-GB\",\"@id\":\"https:\/\/www.sejourprive.com\/#\/schema\/logo\/image\/\",\"url\":\"https:\/\/www.sejourprive.com\/wp-content\/uploads\/2026\/02\/SP-Apple-touch-144-couleur-1-2.png\",\"contentUrl\":\"https:\/\/www.sejourprive.com\/wp-content\/uploads\/2026\/02\/SP-Apple-touch-144-couleur-1-2.png\",\"width\":145,\"height\":145,\"caption\":\"S\u00e9jour Priv\u00e9\"},\"image\":{\"@id\":\"https:\/\/www.sejourprive.com\/#\/schema\/logo\/image\/\"}}]}<\/script>\n<!-- \/ Yoast SEO plugin. -->","yoast_head_json":{"title":"Mas Aiga Terra, Bonnieux, Provence, France - S\u00e9jour Priv\u00e9","description":"Nich\u00e9e au c\u0153ur d'un vaste domaine priv\u00e9, la Mas Aiga Terra est une bastide proven\u00e7ale qui vous plonge au c\u0153ur de la nature pr\u00e9serv\u00e9e du Luberon. Entour\u00e9e","robots":{"index":"index","follow":"follow","max-snippet":"max-snippet:-1","max-image-preview":"max-image-preview:large","max-video-preview":"max-video-preview:-1"},"canonical":"https:\/\/www.sejourprive.com\/en\/biens\/mas-aiga-terra-bonnieux-provence-france\/","og_locale":"en_GB","og_type":"article","og_title":"Mas Aiga Terra, Bonnieux, Provence, France - S\u00e9jour Priv\u00e9","og_description":"Nich\u00e9e au c\u0153ur d'un vaste domaine priv\u00e9, la Mas Aiga Terra est une bastide proven\u00e7ale qui vous plonge au c\u0153ur de la nature pr\u00e9serv\u00e9e du Luberon. Entour\u00e9e","og_url":"https:\/\/www.sejourprive.com\/en\/biens\/mas-aiga-terra-bonnieux-provence-france\/","og_site_name":"S\u00e9jour Priv\u00e9","og_image":[{"width":1200,"height":800,"url":"https:\/\/www.sejourprive.com\/wp-content\/uploads\/2026\/03\/0-269.jpg","type":"image\/jpeg"}],"twitter_card":"summary_large_image","twitter_misc":{"Estimated reading time":"2 minutes"},"schema":{"@context":"https:\/\/schema.org","@graph":[{"@type":"WebPage","@id":"https:\/\/www.sejourprive.com\/biens\/mas-aiga-terra-bonnieux-provence-france\/","url":"https:\/\/www.sejourprive.com\/biens\/mas-aiga-terra-bonnieux-provence-france\/","name":"Mas Aiga Terra, Bonnieux, Provence, France - S\u00e9jour Priv\u00e9","isPartOf":{"@id":"https:\/\/www.sejourprive.com\/#website"},"primaryImageOfPage":{"@id":"https:\/\/www.sejourprive.com\/biens\/mas-aiga-terra-bonnieux-provence-france\/#primaryimage"},"image":{"@id":"https:\/\/www.sejourprive.com\/biens\/mas-aiga-terra-bonnieux-provence-france\/#primaryimage"},"thumbnailUrl":"https:\/\/www.sejourprive.com\/wp-content\/uploads\/2026\/03\/0-269.jpg","datePublished":"2026-03-27T15:40:01+00:00","description":"Nich\u00e9e au c\u0153ur d'un vaste domaine priv\u00e9, la Mas Aiga Terra est une bastide proven\u00e7ale qui vous plonge au c\u0153ur de la nature pr\u00e9serv\u00e9e du Luberon. Entour\u00e9e","breadcrumb":{"@id":"https:\/\/www.sejourprive.com\/biens\/mas-aiga-terra-bonnieux-provence-france\/#breadcrumb"},"inLanguage":"en-GB","potentialAction":[{"@type":"ReadAction","target":["https:\/\/www.sejourprive.com\/biens\/mas-aiga-terra-bonnieux-provence-france\/"]}]},{"@type":"ImageObject","inLanguage":"en-GB","@id":"https:\/\/www.sejourprive.com\/biens\/mas-aiga-terra-bonnieux-provence-france\/#primaryimage","url":"https:\/\/www.sejourprive.com\/wp-content\/uploads\/2026\/03\/0-269.jpg","contentUrl":"https:\/\/www.sejourprive.com\/wp-content\/uploads\/2026\/03\/0-269.jpg","width":1200,"height":800},{"@type":"BreadcrumbList","@id":"https:\/\/www.sejourprive.com\/biens\/mas-aiga-terra-bonnieux-provence-france\/#breadcrumb","itemListElement":[{"@type":"ListItem","position":1,"name":"Accueil","item":"https:\/\/www.sejourprive.com\/"},{"@type":"ListItem","position":2,"name":"Shop","item":"https:\/\/www.sejourprive.com\/shop\/"},{"@type":"ListItem","position":3,"name":"Mas Aiga Terra, Bonnieux, Provence, France"}]},{"@type":"WebSite","@id":"https:\/\/www.sejourprive.com\/#website","url":"https:\/\/www.sejourprive.com\/","name":"Private Stay","description":"We design exceptional holidays for you.","publisher":{"@id":"https:\/\/www.sejourprive.com\/#organization"},"potentialAction":[{"@type":"SearchAction","target":{"@type":"EntryPoint","urlTemplate":"https:\/\/www.sejourprive.com\/?s={search_term_string}"},"query-input":{"@type":"PropertyValueSpecification","valueRequired":true,"valueName":"search_term_string"}}],"inLanguage":"en-GB"},{"@type":"Organization","@id":"https:\/\/www.sejourprive.com\/#organization","name":"Private Stay","url":"https:\/\/www.sejourprive.com\/","logo":{"@type":"ImageObject","inLanguage":"en-GB","@id":"https:\/\/www.sejourprive.com\/#\/schema\/logo\/image\/","url":"https:\/\/www.sejourprive.com\/wp-content\/uploads\/2026\/02\/SP-Apple-touch-144-couleur-1-2.png","contentUrl":"https:\/\/www.sejourprive.com\/wp-content\/uploads\/2026\/02\/SP-Apple-touch-144-couleur-1-2.png","width":145,"height":145,"caption":"S\u00e9jour Priv\u00e9"},"image":{"@id":"https:\/\/www.sejourprive.com\/#\/schema\/logo\/image\/"}}]}},"_links":{"self":[{"href":"https:\/\/www.sejourprive.com\/en\/wp-json\/wp\/v2\/product\/53860","targetHints":{"allow":["GET"]}}],"collection":[{"href":"https:\/\/www.sejourprive.com\/en\/wp-json\/wp\/v2\/product"}],"about":[{"href":"https:\/\/www.sejourprive.com\/en\/wp-json\/wp\/v2\/types\/product"}],"replies":[{"embeddable":true,"href":"https:\/\/www.sejourprive.com\/en\/wp-json\/wp\/v2\/comments?post=53860"}],"version-history":[{"count":0,"href":"https:\/\/www.sejourprive.com\/en\/wp-json\/wp\/v2\/product\/53860\/revisions"}],"wp:featuredmedia":[{"embeddable":true,"href":"https:\/\/www.sejourprive.com\/en\/wp-json\/wp\/v2\/media\/53862"}],"wp:attachment":[{"href":"https:\/\/www.sejourprive.com\/en\/wp-json\/wp\/v2\/media?parent=53860"}],"wp:term":[{"taxonomy":"product_brand","embeddable":true,"href":"https:\/\/www.sejourprive.com\/en\/wp-json\/wp\/v2\/product_brand?post=53860"},{"taxonomy":"product_cat","embeddable":true,"href":"https:\/\/www.sejourprive.com\/en\/wp-json\/wp\/v2\/product_cat?post=53860"},{"taxonomy":"product_tag","embeddable":true,"href":"https:\/\/www.sejourprive.com\/en\/wp-json\/wp\/v2\/product_tag?post=53860"}],"curies":[{"name":"wp","href":"https:\/\/api.w.org\/{rel}","templated":true}]}}