{"id":53797,"date":"2026-03-27T16:36:22","date_gmt":"2026-03-27T15:36:22","guid":{"rendered":"https:\/\/www.sejourprive.com\/?post_type=product&#038;p=53797"},"modified":"2026-03-27T16:36:22","modified_gmt":"2026-03-27T15:36:22","slug":"letoile-des-baux-les-baux-de-provence-provence-france","status":"publish","type":"product","link":"https:\/\/www.sejourprive.com\/en\/biens\/letoile-des-baux-les-baux-de-provence-provence-france\/","title":{"rendered":"L'\u00e9toile des Baux, Les Baux-de-Provence, Provence, France"},"content":{"rendered":"<p>Situ\u00e9e dans le village embl\u00e9matique des Baux-de-Provence, L\u2019\u00c9toile des Baux incarne un esprit unique : un havre de paix proven\u00e7al raffin\u00e9 o\u00f9 l\u2019art, la nature et l\u2019hospitalit\u00e9 se marient harmonieusement. Entour\u00e9 d\u2019oliviers et de jardins en terrasses, le domaine offre une succession d\u2019espaces de vie inspirants \u2014 terrasses ombrag\u00e9es, salons multiples, th\u00e9\u00e2tre en plein air et espace cr\u00e9atif \u2014, parfaits pour les familles et les groupes en qu\u00eate d\u2019authenticit\u00e9 et de confort.<span><div class=\"read-more-wrapper\"><a class=\"read-more-button\" data-target=\"read-more-69f441dee7fa1\" data-more-text=\"Read more\" data-less-text=\"Read less\"><span class=\"read-more-text\">Read more<\/span><\/a><div id=\"read-more-69f441dee7fa1\" class=\"read-more-content\"> <\/span><\/p>\n<p>La piscine, les vastes jardins et l\u2019impressionnant cin\u00e9ma en plein air de 20 places cr\u00e9ent le cadre id\u00e9al pour se retrouver et profiter du rythme tranquille de la Provence. Chacune des huit chambres dispose de sa propre salle de bains attenante, garantissant confort et intimit\u00e9. Chaque matin, le r\u00e9gisseur organise le petit-d\u00e9jeuner, le m\u00e9nage et apporte des petites attentions, tandis que pendant les mois d\u2019\u00e9t\u00e9, un chef priv\u00e9 et un majordome viennent encore rehausser l\u2019exp\u00e9rience.<\/p>\n<p>L\u2019\u00c9toile des Baux incarne la Provence dans ce qu\u2019elle a de plus \u00e9l\u00e9gant.<\/div><\/div><\/p>","protected":false},"excerpt":{"rendered":"<p>Situ\u00e9e dans le village embl\u00e9matique des Baux-de-Provence, L\u2019\u00c9toile des Baux incarne un esprit unique : un havre de paix proven\u00e7al&#8230;<\/p>","protected":false},"featured_media":53859,"comment_status":"open","ping_status":"closed","template":"","meta":{"_acf_changed":false},"product_brand":[],"product_cat":[15],"product_tag":[],"class_list":{"0":"post-53797","1":"product","2":"type-product","3":"status-publish","4":"has-post-thumbnail","6":"product_cat-villa","7":"property_location-france","8":"property_location-provence","10":"first","11":"instock","12":"sold-individually","13":"shipping-taxable","14":"purchasable","15":"product-type-simple"},"acf":[],"yoast_head":"<!-- This site is optimized with the Yoast SEO plugin v26.6 - https:\/\/yoast.com\/wordpress\/plugins\/seo\/ -->\n<title>L&#039;\u00e9toile des Baux, Les Baux-de-Provence, Provence, France - S\u00e9jour Priv\u00e9<\/title>\n<meta name=\"description\" content=\"Situ\u00e9e dans le village embl\u00e9matique des Baux-de-Provence, L\u2019\u00c9toile des Baux incarne un esprit unique : un havre de paix proven\u00e7al raffin\u00e9 o\u00f9 l\u2019art, la\" \/>\n<meta name=\"robots\" content=\"index, follow, max-snippet:-1, max-image-preview:large, max-video-preview:-1\" \/>\n<link rel=\"canonical\" href=\"https:\/\/www.sejourprive.com\/en\/biens\/letoile-des-baux-les-baux-de-provence-provence-france\/\" \/>\n<meta property=\"og:locale\" content=\"en_GB\" \/>\n<meta property=\"og:type\" content=\"article\" \/>\n<meta property=\"og:title\" content=\"L&#039;\u00e9toile des Baux, Les Baux-de-Provence, Provence, France - S\u00e9jour Priv\u00e9\" \/>\n<meta property=\"og:description\" content=\"Situ\u00e9e dans le village embl\u00e9matique des Baux-de-Provence, L\u2019\u00c9toile des Baux incarne un esprit unique : un havre de paix proven\u00e7al raffin\u00e9 o\u00f9 l\u2019art, la\" \/>\n<meta property=\"og:url\" content=\"https:\/\/www.sejourprive.com\/en\/biens\/letoile-des-baux-les-baux-de-provence-provence-france\/\" \/>\n<meta property=\"og:site_name\" content=\"S\u00e9jour Priv\u00e9\" \/>\n<meta property=\"og:image\" content=\"https:\/\/www.sejourprive.com\/wp-content\/uploads\/2026\/03\/66.jpg\" \/>\n\t<meta property=\"og:image:width\" content=\"1200\" \/>\n\t<meta property=\"og:image:height\" content=\"800\" \/>\n\t<meta property=\"og:image:type\" content=\"image\/jpeg\" \/>\n<meta name=\"twitter:card\" content=\"summary_large_image\" \/>\n<meta name=\"twitter:label1\" content=\"Estimated reading time\" \/>\n\t<meta name=\"twitter:data1\" content=\"2 minutes\" \/>\n<script type=\"application\/ld+json\" class=\"yoast-schema-graph\">{\"@context\":\"https:\/\/schema.org\",\"@graph\":[{\"@type\":\"WebPage\",\"@id\":\"https:\/\/www.sejourprive.com\/biens\/letoile-des-baux-les-baux-de-provence-provence-france\/\",\"url\":\"https:\/\/www.sejourprive.com\/biens\/letoile-des-baux-les-baux-de-provence-provence-france\/\",\"name\":\"L'\u00e9toile des Baux, Les Baux-de-Provence, Provence, France - S\u00e9jour Priv\u00e9\",\"isPartOf\":{\"@id\":\"https:\/\/www.sejourprive.com\/#website\"},\"primaryImageOfPage\":{\"@id\":\"https:\/\/www.sejourprive.com\/biens\/letoile-des-baux-les-baux-de-provence-provence-france\/#primaryimage\"},\"image\":{\"@id\":\"https:\/\/www.sejourprive.com\/biens\/letoile-des-baux-les-baux-de-provence-provence-france\/#primaryimage\"},\"thumbnailUrl\":\"https:\/\/www.sejourprive.com\/wp-content\/uploads\/2026\/03\/66.jpg\",\"datePublished\":\"2026-03-27T15:36:22+00:00\",\"description\":\"Situ\u00e9e dans le village embl\u00e9matique des Baux-de-Provence, L\u2019\u00c9toile des Baux incarne un esprit unique : un havre de paix proven\u00e7al raffin\u00e9 o\u00f9 l\u2019art, la\",\"breadcrumb\":{\"@id\":\"https:\/\/www.sejourprive.com\/biens\/letoile-des-baux-les-baux-de-provence-provence-france\/#breadcrumb\"},\"inLanguage\":\"en-GB\",\"potentialAction\":[{\"@type\":\"ReadAction\",\"target\":[\"https:\/\/www.sejourprive.com\/biens\/letoile-des-baux-les-baux-de-provence-provence-france\/\"]}]},{\"@type\":\"ImageObject\",\"inLanguage\":\"en-GB\",\"@id\":\"https:\/\/www.sejourprive.com\/biens\/letoile-des-baux-les-baux-de-provence-provence-france\/#primaryimage\",\"url\":\"https:\/\/www.sejourprive.com\/wp-content\/uploads\/2026\/03\/66.jpg\",\"contentUrl\":\"https:\/\/www.sejourprive.com\/wp-content\/uploads\/2026\/03\/66.jpg\",\"width\":1200,\"height\":800},{\"@type\":\"BreadcrumbList\",\"@id\":\"https:\/\/www.sejourprive.com\/biens\/letoile-des-baux-les-baux-de-provence-provence-france\/#breadcrumb\",\"itemListElement\":[{\"@type\":\"ListItem\",\"position\":1,\"name\":\"Accueil\",\"item\":\"https:\/\/www.sejourprive.com\/\"},{\"@type\":\"ListItem\",\"position\":2,\"name\":\"Shop\",\"item\":\"https:\/\/www.sejourprive.com\/shop\/\"},{\"@type\":\"ListItem\",\"position\":3,\"name\":\"L&#8217;\u00e9toile des Baux, Les Baux-de-Provence, Provence, France\"}]},{\"@type\":\"WebSite\",\"@id\":\"https:\/\/www.sejourprive.com\/#website\",\"url\":\"https:\/\/www.sejourprive.com\/\",\"name\":\"S\u00e9jour Priv\u00e9\",\"description\":\"Nous imaginons pour vous des s\u00e9jours d\u2019exception.\",\"publisher\":{\"@id\":\"https:\/\/www.sejourprive.com\/#organization\"},\"potentialAction\":[{\"@type\":\"SearchAction\",\"target\":{\"@type\":\"EntryPoint\",\"urlTemplate\":\"https:\/\/www.sejourprive.com\/?s={search_term_string}\"},\"query-input\":{\"@type\":\"PropertyValueSpecification\",\"valueRequired\":true,\"valueName\":\"search_term_string\"}}],\"inLanguage\":\"en-GB\"},{\"@type\":\"Organization\",\"@id\":\"https:\/\/www.sejourprive.com\/#organization\",\"name\":\"S\u00e9jour Priv\u00e9\",\"url\":\"https:\/\/www.sejourprive.com\/\",\"logo\":{\"@type\":\"ImageObject\",\"inLanguage\":\"en-GB\",\"@id\":\"https:\/\/www.sejourprive.com\/#\/schema\/logo\/image\/\",\"url\":\"https:\/\/www.sejourprive.com\/wp-content\/uploads\/2026\/02\/SP-Apple-touch-144-couleur-1-2.png\",\"contentUrl\":\"https:\/\/www.sejourprive.com\/wp-content\/uploads\/2026\/02\/SP-Apple-touch-144-couleur-1-2.png\",\"width\":145,\"height\":145,\"caption\":\"S\u00e9jour Priv\u00e9\"},\"image\":{\"@id\":\"https:\/\/www.sejourprive.com\/#\/schema\/logo\/image\/\"}}]}<\/script>\n<!-- \/ Yoast SEO plugin. -->","yoast_head_json":{"title":"L'\u00e9toile des Baux, Les Baux-de-Provence, Provence, France - S\u00e9jour Priv\u00e9","description":"Situ\u00e9e dans le village embl\u00e9matique des Baux-de-Provence, L\u2019\u00c9toile des Baux incarne un esprit unique : un havre de paix proven\u00e7al raffin\u00e9 o\u00f9 l\u2019art, la","robots":{"index":"index","follow":"follow","max-snippet":"max-snippet:-1","max-image-preview":"max-image-preview:large","max-video-preview":"max-video-preview:-1"},"canonical":"https:\/\/www.sejourprive.com\/en\/biens\/letoile-des-baux-les-baux-de-provence-provence-france\/","og_locale":"en_GB","og_type":"article","og_title":"L'\u00e9toile des Baux, Les Baux-de-Provence, Provence, France - S\u00e9jour Priv\u00e9","og_description":"Situ\u00e9e dans le village embl\u00e9matique des Baux-de-Provence, L\u2019\u00c9toile des Baux incarne un esprit unique : un havre de paix proven\u00e7al raffin\u00e9 o\u00f9 l\u2019art, la","og_url":"https:\/\/www.sejourprive.com\/en\/biens\/letoile-des-baux-les-baux-de-provence-provence-france\/","og_site_name":"S\u00e9jour Priv\u00e9","og_image":[{"width":1200,"height":800,"url":"https:\/\/www.sejourprive.com\/wp-content\/uploads\/2026\/03\/66.jpg","type":"image\/jpeg"}],"twitter_card":"summary_large_image","twitter_misc":{"Estimated reading time":"2 minutes"},"schema":{"@context":"https:\/\/schema.org","@graph":[{"@type":"WebPage","@id":"https:\/\/www.sejourprive.com\/biens\/letoile-des-baux-les-baux-de-provence-provence-france\/","url":"https:\/\/www.sejourprive.com\/biens\/letoile-des-baux-les-baux-de-provence-provence-france\/","name":"L'\u00e9toile des Baux, Les Baux-de-Provence, Provence, France - S\u00e9jour Priv\u00e9","isPartOf":{"@id":"https:\/\/www.sejourprive.com\/#website"},"primaryImageOfPage":{"@id":"https:\/\/www.sejourprive.com\/biens\/letoile-des-baux-les-baux-de-provence-provence-france\/#primaryimage"},"image":{"@id":"https:\/\/www.sejourprive.com\/biens\/letoile-des-baux-les-baux-de-provence-provence-france\/#primaryimage"},"thumbnailUrl":"https:\/\/www.sejourprive.com\/wp-content\/uploads\/2026\/03\/66.jpg","datePublished":"2026-03-27T15:36:22+00:00","description":"Situ\u00e9e dans le village embl\u00e9matique des Baux-de-Provence, L\u2019\u00c9toile des Baux incarne un esprit unique : un havre de paix proven\u00e7al raffin\u00e9 o\u00f9 l\u2019art, la","breadcrumb":{"@id":"https:\/\/www.sejourprive.com\/biens\/letoile-des-baux-les-baux-de-provence-provence-france\/#breadcrumb"},"inLanguage":"en-GB","potentialAction":[{"@type":"ReadAction","target":["https:\/\/www.sejourprive.com\/biens\/letoile-des-baux-les-baux-de-provence-provence-france\/"]}]},{"@type":"ImageObject","inLanguage":"en-GB","@id":"https:\/\/www.sejourprive.com\/biens\/letoile-des-baux-les-baux-de-provence-provence-france\/#primaryimage","url":"https:\/\/www.sejourprive.com\/wp-content\/uploads\/2026\/03\/66.jpg","contentUrl":"https:\/\/www.sejourprive.com\/wp-content\/uploads\/2026\/03\/66.jpg","width":1200,"height":800},{"@type":"BreadcrumbList","@id":"https:\/\/www.sejourprive.com\/biens\/letoile-des-baux-les-baux-de-provence-provence-france\/#breadcrumb","itemListElement":[{"@type":"ListItem","position":1,"name":"Accueil","item":"https:\/\/www.sejourprive.com\/"},{"@type":"ListItem","position":2,"name":"Shop","item":"https:\/\/www.sejourprive.com\/shop\/"},{"@type":"ListItem","position":3,"name":"L&#8217;\u00e9toile des Baux, Les Baux-de-Provence, Provence, France"}]},{"@type":"WebSite","@id":"https:\/\/www.sejourprive.com\/#website","url":"https:\/\/www.sejourprive.com\/","name":"Private Stay","description":"We design exceptional holidays for you.","publisher":{"@id":"https:\/\/www.sejourprive.com\/#organization"},"potentialAction":[{"@type":"SearchAction","target":{"@type":"EntryPoint","urlTemplate":"https:\/\/www.sejourprive.com\/?s={search_term_string}"},"query-input":{"@type":"PropertyValueSpecification","valueRequired":true,"valueName":"search_term_string"}}],"inLanguage":"en-GB"},{"@type":"Organization","@id":"https:\/\/www.sejourprive.com\/#organization","name":"Private Stay","url":"https:\/\/www.sejourprive.com\/","logo":{"@type":"ImageObject","inLanguage":"en-GB","@id":"https:\/\/www.sejourprive.com\/#\/schema\/logo\/image\/","url":"https:\/\/www.sejourprive.com\/wp-content\/uploads\/2026\/02\/SP-Apple-touch-144-couleur-1-2.png","contentUrl":"https:\/\/www.sejourprive.com\/wp-content\/uploads\/2026\/02\/SP-Apple-touch-144-couleur-1-2.png","width":145,"height":145,"caption":"S\u00e9jour Priv\u00e9"},"image":{"@id":"https:\/\/www.sejourprive.com\/#\/schema\/logo\/image\/"}}]}},"_links":{"self":[{"href":"https:\/\/www.sejourprive.com\/en\/wp-json\/wp\/v2\/product\/53797","targetHints":{"allow":["GET"]}}],"collection":[{"href":"https:\/\/www.sejourprive.com\/en\/wp-json\/wp\/v2\/product"}],"about":[{"href":"https:\/\/www.sejourprive.com\/en\/wp-json\/wp\/v2\/types\/product"}],"replies":[{"embeddable":true,"href":"https:\/\/www.sejourprive.com\/en\/wp-json\/wp\/v2\/comments?post=53797"}],"version-history":[{"count":0,"href":"https:\/\/www.sejourprive.com\/en\/wp-json\/wp\/v2\/product\/53797\/revisions"}],"wp:featuredmedia":[{"embeddable":true,"href":"https:\/\/www.sejourprive.com\/en\/wp-json\/wp\/v2\/media\/53859"}],"wp:attachment":[{"href":"https:\/\/www.sejourprive.com\/en\/wp-json\/wp\/v2\/media?parent=53797"}],"wp:term":[{"taxonomy":"product_brand","embeddable":true,"href":"https:\/\/www.sejourprive.com\/en\/wp-json\/wp\/v2\/product_brand?post=53797"},{"taxonomy":"product_cat","embeddable":true,"href":"https:\/\/www.sejourprive.com\/en\/wp-json\/wp\/v2\/product_cat?post=53797"},{"taxonomy":"product_tag","embeddable":true,"href":"https:\/\/www.sejourprive.com\/en\/wp-json\/wp\/v2\/product_tag?post=53797"}],"curies":[{"name":"wp","href":"https:\/\/api.w.org\/{rel}","templated":true}]}}