{"id":52973,"date":"2026-03-26T11:22:19","date_gmt":"2026-03-26T10:22:19","guid":{"rendered":"https:\/\/www.sejourprive.com\/?post_type=product&#038;p=52973"},"modified":"2026-03-26T11:22:19","modified_gmt":"2026-03-26T10:22:19","slug":"villa-frida-santa-reparata-di-balagna-ile-rousse-corse-france","status":"publish","type":"product","link":"https:\/\/www.sejourprive.com\/en\/biens\/villa-frida-santa-reparata-di-balagna-ile-rousse-corse-france\/","title":{"rendered":"Villa Frida, Santa Reparata di Balagna, Ile Rousse, Corsica, France"},"content":{"rendered":"<p>Perch\u00e9e sur les hauteurs d&#8217;Ile-Rousse, la Villa Frida offre une vue imprenable sur l&#8217;\u00eele et l&#8217;\u00e9tendue infinie de l&#8217;eau azur\u00e9e. L&#8217;apr\u00e8s-midi, profitez d&#8217;un plongeon rafra\u00eechissant dans la piscine \u00e0 d\u00e9bordement et d&#8217;un cocktail au bord de l&#8217;eau. Alors que le soleil commence \u00e0 descendre derri\u00e8re les collines, prenez l&#8217;ap\u00e9ritif sur la terrasse et pr\u00e9parez-vous \u00e0 une soir\u00e9e autour d&#8217;une grillade de viandes corses.<\/p>","protected":false},"excerpt":{"rendered":"<p>Perch\u00e9e sur les hauteurs d&#8217;Ile-Rousse, la Villa Frida offre une vue imprenable sur l&#8217;\u00eele et l&#8217;\u00e9tendue infinie de l&#8217;eau azur\u00e9e&#8230;.<\/p>","protected":false},"featured_media":52981,"comment_status":"open","ping_status":"closed","template":"","meta":{"_acf_changed":false},"product_brand":[],"product_cat":[15],"product_tag":[],"class_list":{"0":"post-52973","1":"product","2":"type-product","3":"status-publish","4":"has-post-thumbnail","6":"product_cat-villa","7":"property_location-corse","8":"property_location-ile-rousse","10":"first","11":"instock","12":"sold-individually","13":"shipping-taxable","14":"purchasable","15":"product-type-simple"},"acf":[],"yoast_head":"<!-- This site is optimized with the Yoast SEO plugin v26.6 - https:\/\/yoast.com\/wordpress\/plugins\/seo\/ -->\n<title>Villa Frida, Santa Reparata di Balagna, \u00cele Rousse, Corse, France - S\u00e9jour Priv\u00e9<\/title>\n<meta name=\"description\" content=\"Perch\u00e9e sur les hauteurs d&#039;Ile-Rousse, la Villa Frida offre une vue imprenable sur l&#039;\u00eele et l&#039;\u00e9tendue infinie de l&#039;eau azur\u00e9e. L&#039;apr\u00e8s-midi, profitez d&#039;un\" \/>\n<meta name=\"robots\" content=\"index, follow, max-snippet:-1, max-image-preview:large, max-video-preview:-1\" \/>\n<link rel=\"canonical\" href=\"https:\/\/www.sejourprive.com\/en\/biens\/villa-frida-santa-reparata-di-balagna-ile-rousse-corse-france\/\" \/>\n<meta property=\"og:locale\" content=\"en_GB\" \/>\n<meta property=\"og:type\" content=\"article\" \/>\n<meta property=\"og:title\" content=\"Villa Frida, Santa Reparata di Balagna, \u00cele Rousse, Corse, France - S\u00e9jour Priv\u00e9\" \/>\n<meta property=\"og:description\" content=\"Perch\u00e9e sur les hauteurs d&#039;Ile-Rousse, la Villa Frida offre une vue imprenable sur l&#039;\u00eele et l&#039;\u00e9tendue infinie de l&#039;eau azur\u00e9e. L&#039;apr\u00e8s-midi, profitez d&#039;un\" \/>\n<meta property=\"og:url\" content=\"https:\/\/www.sejourprive.com\/en\/biens\/villa-frida-santa-reparata-di-balagna-ile-rousse-corse-france\/\" \/>\n<meta property=\"og:site_name\" content=\"S\u00e9jour Priv\u00e9\" \/>\n<meta property=\"og:image\" content=\"https:\/\/www.sejourprive.com\/wp-content\/uploads\/2026\/03\/0-251.jpg\" \/>\n\t<meta property=\"og:image:width\" content=\"1200\" \/>\n\t<meta property=\"og:image:height\" content=\"799\" \/>\n\t<meta property=\"og:image:type\" content=\"image\/jpeg\" \/>\n<meta name=\"twitter:card\" content=\"summary_large_image\" \/>\n<meta name=\"twitter:label1\" content=\"Estimated reading time\" \/>\n\t<meta name=\"twitter:data1\" content=\"1 minute\" \/>\n<script type=\"application\/ld+json\" class=\"yoast-schema-graph\">{\"@context\":\"https:\/\/schema.org\",\"@graph\":[{\"@type\":\"WebPage\",\"@id\":\"https:\/\/www.sejourprive.com\/biens\/villa-frida-santa-reparata-di-balagna-ile-rousse-corse-france\/\",\"url\":\"https:\/\/www.sejourprive.com\/biens\/villa-frida-santa-reparata-di-balagna-ile-rousse-corse-france\/\",\"name\":\"Villa Frida, Santa Reparata di Balagna, \u00cele Rousse, Corse, France - S\u00e9jour Priv\u00e9\",\"isPartOf\":{\"@id\":\"https:\/\/www.sejourprive.com\/#website\"},\"primaryImageOfPage\":{\"@id\":\"https:\/\/www.sejourprive.com\/biens\/villa-frida-santa-reparata-di-balagna-ile-rousse-corse-france\/#primaryimage\"},\"image\":{\"@id\":\"https:\/\/www.sejourprive.com\/biens\/villa-frida-santa-reparata-di-balagna-ile-rousse-corse-france\/#primaryimage\"},\"thumbnailUrl\":\"https:\/\/www.sejourprive.com\/wp-content\/uploads\/2026\/03\/0-251.jpg\",\"datePublished\":\"2026-03-26T10:22:19+00:00\",\"description\":\"Perch\u00e9e sur les hauteurs d'Ile-Rousse, la Villa Frida offre une vue imprenable sur l'\u00eele et l'\u00e9tendue infinie de l'eau azur\u00e9e. L'apr\u00e8s-midi, profitez d'un\",\"breadcrumb\":{\"@id\":\"https:\/\/www.sejourprive.com\/biens\/villa-frida-santa-reparata-di-balagna-ile-rousse-corse-france\/#breadcrumb\"},\"inLanguage\":\"en-GB\",\"potentialAction\":[{\"@type\":\"ReadAction\",\"target\":[\"https:\/\/www.sejourprive.com\/biens\/villa-frida-santa-reparata-di-balagna-ile-rousse-corse-france\/\"]}]},{\"@type\":\"ImageObject\",\"inLanguage\":\"en-GB\",\"@id\":\"https:\/\/www.sejourprive.com\/biens\/villa-frida-santa-reparata-di-balagna-ile-rousse-corse-france\/#primaryimage\",\"url\":\"https:\/\/www.sejourprive.com\/wp-content\/uploads\/2026\/03\/0-251.jpg\",\"contentUrl\":\"https:\/\/www.sejourprive.com\/wp-content\/uploads\/2026\/03\/0-251.jpg\",\"width\":1200,\"height\":799},{\"@type\":\"BreadcrumbList\",\"@id\":\"https:\/\/www.sejourprive.com\/biens\/villa-frida-santa-reparata-di-balagna-ile-rousse-corse-france\/#breadcrumb\",\"itemListElement\":[{\"@type\":\"ListItem\",\"position\":1,\"name\":\"Accueil\",\"item\":\"https:\/\/www.sejourprive.com\/\"},{\"@type\":\"ListItem\",\"position\":2,\"name\":\"Shop\",\"item\":\"https:\/\/www.sejourprive.com\/shop\/\"},{\"@type\":\"ListItem\",\"position\":3,\"name\":\"Villa Frida, Santa Reparata di Balagna, \u00cele Rousse, Corse, France\"}]},{\"@type\":\"WebSite\",\"@id\":\"https:\/\/www.sejourprive.com\/#website\",\"url\":\"https:\/\/www.sejourprive.com\/\",\"name\":\"S\u00e9jour Priv\u00e9\",\"description\":\"Nous imaginons pour vous des s\u00e9jours d\u2019exception.\",\"publisher\":{\"@id\":\"https:\/\/www.sejourprive.com\/#organization\"},\"potentialAction\":[{\"@type\":\"SearchAction\",\"target\":{\"@type\":\"EntryPoint\",\"urlTemplate\":\"https:\/\/www.sejourprive.com\/?s={search_term_string}\"},\"query-input\":{\"@type\":\"PropertyValueSpecification\",\"valueRequired\":true,\"valueName\":\"search_term_string\"}}],\"inLanguage\":\"en-GB\"},{\"@type\":\"Organization\",\"@id\":\"https:\/\/www.sejourprive.com\/#organization\",\"name\":\"S\u00e9jour Priv\u00e9\",\"url\":\"https:\/\/www.sejourprive.com\/\",\"logo\":{\"@type\":\"ImageObject\",\"inLanguage\":\"en-GB\",\"@id\":\"https:\/\/www.sejourprive.com\/#\/schema\/logo\/image\/\",\"url\":\"https:\/\/www.sejourprive.com\/wp-content\/uploads\/2026\/02\/SP-Apple-touch-144-couleur-1-2.png\",\"contentUrl\":\"https:\/\/www.sejourprive.com\/wp-content\/uploads\/2026\/02\/SP-Apple-touch-144-couleur-1-2.png\",\"width\":145,\"height\":145,\"caption\":\"S\u00e9jour Priv\u00e9\"},\"image\":{\"@id\":\"https:\/\/www.sejourprive.com\/#\/schema\/logo\/image\/\"}}]}<\/script>\n<!-- \/ Yoast SEO plugin. -->","yoast_head_json":{"title":"Villa Frida, Santa Reparata di Balagna, \u00cele Rousse, Corse, France - S\u00e9jour Priv\u00e9","description":"Perch\u00e9e sur les hauteurs d'Ile-Rousse, la Villa Frida offre une vue imprenable sur l'\u00eele et l'\u00e9tendue infinie de l'eau azur\u00e9e. L'apr\u00e8s-midi, profitez d'un","robots":{"index":"index","follow":"follow","max-snippet":"max-snippet:-1","max-image-preview":"max-image-preview:large","max-video-preview":"max-video-preview:-1"},"canonical":"https:\/\/www.sejourprive.com\/en\/biens\/villa-frida-santa-reparata-di-balagna-ile-rousse-corse-france\/","og_locale":"en_GB","og_type":"article","og_title":"Villa Frida, Santa Reparata di Balagna, \u00cele Rousse, Corse, France - S\u00e9jour Priv\u00e9","og_description":"Perch\u00e9e sur les hauteurs d'Ile-Rousse, la Villa Frida offre une vue imprenable sur l'\u00eele et l'\u00e9tendue infinie de l'eau azur\u00e9e. L'apr\u00e8s-midi, profitez d'un","og_url":"https:\/\/www.sejourprive.com\/en\/biens\/villa-frida-santa-reparata-di-balagna-ile-rousse-corse-france\/","og_site_name":"S\u00e9jour Priv\u00e9","og_image":[{"width":1200,"height":799,"url":"https:\/\/www.sejourprive.com\/wp-content\/uploads\/2026\/03\/0-251.jpg","type":"image\/jpeg"}],"twitter_card":"summary_large_image","twitter_misc":{"Estimated reading time":"1 minute"},"schema":{"@context":"https:\/\/schema.org","@graph":[{"@type":"WebPage","@id":"https:\/\/www.sejourprive.com\/biens\/villa-frida-santa-reparata-di-balagna-ile-rousse-corse-france\/","url":"https:\/\/www.sejourprive.com\/biens\/villa-frida-santa-reparata-di-balagna-ile-rousse-corse-france\/","name":"Villa Frida, Santa Reparata di Balagna, \u00cele Rousse, Corse, France - S\u00e9jour Priv\u00e9","isPartOf":{"@id":"https:\/\/www.sejourprive.com\/#website"},"primaryImageOfPage":{"@id":"https:\/\/www.sejourprive.com\/biens\/villa-frida-santa-reparata-di-balagna-ile-rousse-corse-france\/#primaryimage"},"image":{"@id":"https:\/\/www.sejourprive.com\/biens\/villa-frida-santa-reparata-di-balagna-ile-rousse-corse-france\/#primaryimage"},"thumbnailUrl":"https:\/\/www.sejourprive.com\/wp-content\/uploads\/2026\/03\/0-251.jpg","datePublished":"2026-03-26T10:22:19+00:00","description":"Perch\u00e9e sur les hauteurs d'Ile-Rousse, la Villa Frida offre une vue imprenable sur l'\u00eele et l'\u00e9tendue infinie de l'eau azur\u00e9e. L'apr\u00e8s-midi, profitez d'un","breadcrumb":{"@id":"https:\/\/www.sejourprive.com\/biens\/villa-frida-santa-reparata-di-balagna-ile-rousse-corse-france\/#breadcrumb"},"inLanguage":"en-GB","potentialAction":[{"@type":"ReadAction","target":["https:\/\/www.sejourprive.com\/biens\/villa-frida-santa-reparata-di-balagna-ile-rousse-corse-france\/"]}]},{"@type":"ImageObject","inLanguage":"en-GB","@id":"https:\/\/www.sejourprive.com\/biens\/villa-frida-santa-reparata-di-balagna-ile-rousse-corse-france\/#primaryimage","url":"https:\/\/www.sejourprive.com\/wp-content\/uploads\/2026\/03\/0-251.jpg","contentUrl":"https:\/\/www.sejourprive.com\/wp-content\/uploads\/2026\/03\/0-251.jpg","width":1200,"height":799},{"@type":"BreadcrumbList","@id":"https:\/\/www.sejourprive.com\/biens\/villa-frida-santa-reparata-di-balagna-ile-rousse-corse-france\/#breadcrumb","itemListElement":[{"@type":"ListItem","position":1,"name":"Accueil","item":"https:\/\/www.sejourprive.com\/"},{"@type":"ListItem","position":2,"name":"Shop","item":"https:\/\/www.sejourprive.com\/shop\/"},{"@type":"ListItem","position":3,"name":"Villa Frida, Santa Reparata di Balagna, \u00cele Rousse, Corse, France"}]},{"@type":"WebSite","@id":"https:\/\/www.sejourprive.com\/#website","url":"https:\/\/www.sejourprive.com\/","name":"Private Stay","description":"We design exceptional holidays for you.","publisher":{"@id":"https:\/\/www.sejourprive.com\/#organization"},"potentialAction":[{"@type":"SearchAction","target":{"@type":"EntryPoint","urlTemplate":"https:\/\/www.sejourprive.com\/?s={search_term_string}"},"query-input":{"@type":"PropertyValueSpecification","valueRequired":true,"valueName":"search_term_string"}}],"inLanguage":"en-GB"},{"@type":"Organization","@id":"https:\/\/www.sejourprive.com\/#organization","name":"Private Stay","url":"https:\/\/www.sejourprive.com\/","logo":{"@type":"ImageObject","inLanguage":"en-GB","@id":"https:\/\/www.sejourprive.com\/#\/schema\/logo\/image\/","url":"https:\/\/www.sejourprive.com\/wp-content\/uploads\/2026\/02\/SP-Apple-touch-144-couleur-1-2.png","contentUrl":"https:\/\/www.sejourprive.com\/wp-content\/uploads\/2026\/02\/SP-Apple-touch-144-couleur-1-2.png","width":145,"height":145,"caption":"S\u00e9jour Priv\u00e9"},"image":{"@id":"https:\/\/www.sejourprive.com\/#\/schema\/logo\/image\/"}}]}},"_links":{"self":[{"href":"https:\/\/www.sejourprive.com\/en\/wp-json\/wp\/v2\/product\/52973","targetHints":{"allow":["GET"]}}],"collection":[{"href":"https:\/\/www.sejourprive.com\/en\/wp-json\/wp\/v2\/product"}],"about":[{"href":"https:\/\/www.sejourprive.com\/en\/wp-json\/wp\/v2\/types\/product"}],"replies":[{"embeddable":true,"href":"https:\/\/www.sejourprive.com\/en\/wp-json\/wp\/v2\/comments?post=52973"}],"version-history":[{"count":0,"href":"https:\/\/www.sejourprive.com\/en\/wp-json\/wp\/v2\/product\/52973\/revisions"}],"wp:featuredmedia":[{"embeddable":true,"href":"https:\/\/www.sejourprive.com\/en\/wp-json\/wp\/v2\/media\/52981"}],"wp:attachment":[{"href":"https:\/\/www.sejourprive.com\/en\/wp-json\/wp\/v2\/media?parent=52973"}],"wp:term":[{"taxonomy":"product_brand","embeddable":true,"href":"https:\/\/www.sejourprive.com\/en\/wp-json\/wp\/v2\/product_brand?post=52973"},{"taxonomy":"product_cat","embeddable":true,"href":"https:\/\/www.sejourprive.com\/en\/wp-json\/wp\/v2\/product_cat?post=52973"},{"taxonomy":"product_tag","embeddable":true,"href":"https:\/\/www.sejourprive.com\/en\/wp-json\/wp\/v2\/product_tag?post=52973"}],"curies":[{"name":"wp","href":"https:\/\/api.w.org\/{rel}","templated":true}]}}