{"id":52792,"date":"2026-03-26T09:37:48","date_gmt":"2026-03-26T08:37:48","guid":{"rendered":"https:\/\/www.sejourprive.com\/?post_type=product&#038;p=52792"},"modified":"2026-03-26T09:37:48","modified_gmt":"2026-03-26T08:37:48","slug":"villa-albitru-lecci-porto-vecchio-corse-france","status":"publish","type":"product","link":"https:\/\/www.sejourprive.com\/en\/biens\/villa-albitru-lecci-porto-vecchio-corse-france\/","title":{"rendered":"Villa Albitru, Lecci, Porto-Vecchio, Corsica, France"},"content":{"rendered":"<p>Nich\u00e9e dans le prestigieux domaine de Cala Rossa, pr\u00e8s de Porto-Vecchio, la Villa Albitru incarne l&#8217;essence m\u00eame de l&#8217;art de vivre corse, o\u00f9 le design contemporain se marie \u00e0 la d\u00e9contraction m\u00e9diterran\u00e9enne. Entour\u00e9e de vues sur la mer, de jardins et de terrasses, elle offre un \u00e9quilibre parfait entre la s\u00e9r\u00e9nit\u00e9 du littoral et la vie anim\u00e9e de l&#8217;\u00eele.<span><div class=\"read-more-wrapper\"><a class=\"read-more-button\" data-target=\"read-more-69f3b1fab1ab8\" data-more-text=\"Read more\" data-less-text=\"Read less\"><span class=\"read-more-text\">Read more<\/span><\/a><div id=\"read-more-69f3b1fab1ab8\" class=\"read-more-content\"> <\/span><\/p>\n<p>Con\u00e7ue pour les moments de partage, cette villa de 280 m\u00b2 dispose de 7 chambres avec salle de bains privative, dont une suite parentale s\u2019ouvrant sur une terrasse priv\u00e9e avec vue panoramique sur la mer. Les journ\u00e9es se d\u00e9roulent en plein air, entre la piscine et le terrain de p\u00e9tanque, les d\u00e9jeuners en plein air sous la terrasse couverte ou les sorties en paddleboard le long du rivage tout proche. Chaque d\u00e9tail vous invite \u00e0 ralentir le rythme et \u00e0 savourer la vie insulaire.<\/p>\n<p>Why we love it:<\/p>\n<p>\u2022 Proximit\u00e9 de la plage : rejoignez les criques de sable de Cala Rossa en seulement 2 minutes \u00e0 pied<br \/>\n\u2022 Des loisirs en plein air \u00e0 leur meilleur : paddle, terrain de p\u00e9tanque, piscine et terrasse couverte pour des moments de d\u00e9tente infinis<br \/>\n\u2022 Vues panoramiques sur la mer : profitez de vues imprenables depuis les nombreuses terrasses et pi\u00e8ces de la villa<\/div><\/div><\/p>","protected":false},"excerpt":{"rendered":"<p>Nich\u00e9e dans le prestigieux domaine de Cala Rossa, pr\u00e8s de Porto-Vecchio, la Villa Albitru incarne l&#8217;essence m\u00eame de l&#8217;art de&#8230;<\/p>","protected":false},"featured_media":52842,"comment_status":"open","ping_status":"closed","template":"","meta":{"_acf_changed":false},"product_brand":[],"product_cat":[15],"product_tag":[],"class_list":{"0":"post-52792","1":"product","2":"type-product","3":"status-publish","4":"has-post-thumbnail","6":"product_cat-villa","7":"property_location-corse","8":"property_location-porto-vecchio","10":"first","11":"instock","12":"sold-individually","13":"shipping-taxable","14":"purchasable","15":"product-type-simple"},"acf":[],"yoast_head":"<!-- This site is optimized with the Yoast SEO plugin v26.6 - https:\/\/yoast.com\/wordpress\/plugins\/seo\/ -->\n<title>Villa Albitru, Lecci, Porto-Vecchio, Corse, France - S\u00e9jour Priv\u00e9<\/title>\n<meta name=\"description\" content=\"Nich\u00e9e dans le prestigieux domaine de Cala Rossa, pr\u00e8s de Porto-Vecchio, la Villa Albitru incarne l&#039;essence m\u00eame de l&#039;art de vivre corse, o\u00f9 le design\" \/>\n<meta name=\"robots\" content=\"index, follow, max-snippet:-1, max-image-preview:large, max-video-preview:-1\" \/>\n<link rel=\"canonical\" href=\"https:\/\/www.sejourprive.com\/en\/biens\/villa-albitru-lecci-porto-vecchio-corse-france\/\" \/>\n<meta property=\"og:locale\" content=\"en_GB\" \/>\n<meta property=\"og:type\" content=\"article\" \/>\n<meta property=\"og:title\" content=\"Villa Albitru, Lecci, Porto-Vecchio, Corse, France - S\u00e9jour Priv\u00e9\" \/>\n<meta property=\"og:description\" content=\"Nich\u00e9e dans le prestigieux domaine de Cala Rossa, pr\u00e8s de Porto-Vecchio, la Villa Albitru incarne l&#039;essence m\u00eame de l&#039;art de vivre corse, o\u00f9 le design\" \/>\n<meta property=\"og:url\" content=\"https:\/\/www.sejourprive.com\/en\/biens\/villa-albitru-lecci-porto-vecchio-corse-france\/\" \/>\n<meta property=\"og:site_name\" content=\"S\u00e9jour Priv\u00e9\" \/>\n<meta property=\"og:image\" content=\"https:\/\/www.sejourprive.com\/wp-content\/uploads\/2026\/03\/0-247.jpg\" \/>\n\t<meta property=\"og:image:width\" content=\"1200\" \/>\n\t<meta property=\"og:image:height\" content=\"710\" \/>\n\t<meta property=\"og:image:type\" content=\"image\/jpeg\" \/>\n<meta name=\"twitter:card\" content=\"summary_large_image\" \/>\n<meta name=\"twitter:label1\" content=\"Estimated reading time\" \/>\n\t<meta name=\"twitter:data1\" content=\"2 minutes\" \/>\n<script type=\"application\/ld+json\" class=\"yoast-schema-graph\">{\"@context\":\"https:\/\/schema.org\",\"@graph\":[{\"@type\":\"WebPage\",\"@id\":\"https:\/\/www.sejourprive.com\/biens\/villa-albitru-lecci-porto-vecchio-corse-france\/\",\"url\":\"https:\/\/www.sejourprive.com\/biens\/villa-albitru-lecci-porto-vecchio-corse-france\/\",\"name\":\"Villa Albitru, Lecci, Porto-Vecchio, Corse, France - S\u00e9jour Priv\u00e9\",\"isPartOf\":{\"@id\":\"https:\/\/www.sejourprive.com\/#website\"},\"primaryImageOfPage\":{\"@id\":\"https:\/\/www.sejourprive.com\/biens\/villa-albitru-lecci-porto-vecchio-corse-france\/#primaryimage\"},\"image\":{\"@id\":\"https:\/\/www.sejourprive.com\/biens\/villa-albitru-lecci-porto-vecchio-corse-france\/#primaryimage\"},\"thumbnailUrl\":\"https:\/\/www.sejourprive.com\/wp-content\/uploads\/2026\/03\/0-247.jpg\",\"datePublished\":\"2026-03-26T08:37:48+00:00\",\"description\":\"Nich\u00e9e dans le prestigieux domaine de Cala Rossa, pr\u00e8s de Porto-Vecchio, la Villa Albitru incarne l'essence m\u00eame de l'art de vivre corse, o\u00f9 le design\",\"breadcrumb\":{\"@id\":\"https:\/\/www.sejourprive.com\/biens\/villa-albitru-lecci-porto-vecchio-corse-france\/#breadcrumb\"},\"inLanguage\":\"en-GB\",\"potentialAction\":[{\"@type\":\"ReadAction\",\"target\":[\"https:\/\/www.sejourprive.com\/biens\/villa-albitru-lecci-porto-vecchio-corse-france\/\"]}]},{\"@type\":\"ImageObject\",\"inLanguage\":\"en-GB\",\"@id\":\"https:\/\/www.sejourprive.com\/biens\/villa-albitru-lecci-porto-vecchio-corse-france\/#primaryimage\",\"url\":\"https:\/\/www.sejourprive.com\/wp-content\/uploads\/2026\/03\/0-247.jpg\",\"contentUrl\":\"https:\/\/www.sejourprive.com\/wp-content\/uploads\/2026\/03\/0-247.jpg\",\"width\":1200,\"height\":710},{\"@type\":\"BreadcrumbList\",\"@id\":\"https:\/\/www.sejourprive.com\/biens\/villa-albitru-lecci-porto-vecchio-corse-france\/#breadcrumb\",\"itemListElement\":[{\"@type\":\"ListItem\",\"position\":1,\"name\":\"Accueil\",\"item\":\"https:\/\/www.sejourprive.com\/\"},{\"@type\":\"ListItem\",\"position\":2,\"name\":\"Shop\",\"item\":\"https:\/\/www.sejourprive.com\/shop\/\"},{\"@type\":\"ListItem\",\"position\":3,\"name\":\"Villa Albitru, Lecci, Porto-Vecchio, Corse, France\"}]},{\"@type\":\"WebSite\",\"@id\":\"https:\/\/www.sejourprive.com\/#website\",\"url\":\"https:\/\/www.sejourprive.com\/\",\"name\":\"S\u00e9jour Priv\u00e9\",\"description\":\"Nous imaginons pour vous des s\u00e9jours d\u2019exception.\",\"publisher\":{\"@id\":\"https:\/\/www.sejourprive.com\/#organization\"},\"potentialAction\":[{\"@type\":\"SearchAction\",\"target\":{\"@type\":\"EntryPoint\",\"urlTemplate\":\"https:\/\/www.sejourprive.com\/?s={search_term_string}\"},\"query-input\":{\"@type\":\"PropertyValueSpecification\",\"valueRequired\":true,\"valueName\":\"search_term_string\"}}],\"inLanguage\":\"en-GB\"},{\"@type\":\"Organization\",\"@id\":\"https:\/\/www.sejourprive.com\/#organization\",\"name\":\"S\u00e9jour Priv\u00e9\",\"url\":\"https:\/\/www.sejourprive.com\/\",\"logo\":{\"@type\":\"ImageObject\",\"inLanguage\":\"en-GB\",\"@id\":\"https:\/\/www.sejourprive.com\/#\/schema\/logo\/image\/\",\"url\":\"https:\/\/www.sejourprive.com\/wp-content\/uploads\/2026\/02\/SP-Apple-touch-144-couleur-1-2.png\",\"contentUrl\":\"https:\/\/www.sejourprive.com\/wp-content\/uploads\/2026\/02\/SP-Apple-touch-144-couleur-1-2.png\",\"width\":145,\"height\":145,\"caption\":\"S\u00e9jour Priv\u00e9\"},\"image\":{\"@id\":\"https:\/\/www.sejourprive.com\/#\/schema\/logo\/image\/\"}}]}<\/script>\n<!-- \/ Yoast SEO plugin. -->","yoast_head_json":{"title":"Villa Albitru, Lecci, Porto-Vecchio, Corse, France - S\u00e9jour Priv\u00e9","description":"Nich\u00e9e dans le prestigieux domaine de Cala Rossa, pr\u00e8s de Porto-Vecchio, la Villa Albitru incarne l'essence m\u00eame de l'art de vivre corse, o\u00f9 le design","robots":{"index":"index","follow":"follow","max-snippet":"max-snippet:-1","max-image-preview":"max-image-preview:large","max-video-preview":"max-video-preview:-1"},"canonical":"https:\/\/www.sejourprive.com\/en\/biens\/villa-albitru-lecci-porto-vecchio-corse-france\/","og_locale":"en_GB","og_type":"article","og_title":"Villa Albitru, Lecci, Porto-Vecchio, Corse, France - S\u00e9jour Priv\u00e9","og_description":"Nich\u00e9e dans le prestigieux domaine de Cala Rossa, pr\u00e8s de Porto-Vecchio, la Villa Albitru incarne l'essence m\u00eame de l'art de vivre corse, o\u00f9 le design","og_url":"https:\/\/www.sejourprive.com\/en\/biens\/villa-albitru-lecci-porto-vecchio-corse-france\/","og_site_name":"S\u00e9jour Priv\u00e9","og_image":[{"width":1200,"height":710,"url":"https:\/\/www.sejourprive.com\/wp-content\/uploads\/2026\/03\/0-247.jpg","type":"image\/jpeg"}],"twitter_card":"summary_large_image","twitter_misc":{"Estimated reading time":"2 minutes"},"schema":{"@context":"https:\/\/schema.org","@graph":[{"@type":"WebPage","@id":"https:\/\/www.sejourprive.com\/biens\/villa-albitru-lecci-porto-vecchio-corse-france\/","url":"https:\/\/www.sejourprive.com\/biens\/villa-albitru-lecci-porto-vecchio-corse-france\/","name":"Villa Albitru, Lecci, Porto-Vecchio, Corse, France - S\u00e9jour Priv\u00e9","isPartOf":{"@id":"https:\/\/www.sejourprive.com\/#website"},"primaryImageOfPage":{"@id":"https:\/\/www.sejourprive.com\/biens\/villa-albitru-lecci-porto-vecchio-corse-france\/#primaryimage"},"image":{"@id":"https:\/\/www.sejourprive.com\/biens\/villa-albitru-lecci-porto-vecchio-corse-france\/#primaryimage"},"thumbnailUrl":"https:\/\/www.sejourprive.com\/wp-content\/uploads\/2026\/03\/0-247.jpg","datePublished":"2026-03-26T08:37:48+00:00","description":"Nich\u00e9e dans le prestigieux domaine de Cala Rossa, pr\u00e8s de Porto-Vecchio, la Villa Albitru incarne l'essence m\u00eame de l'art de vivre corse, o\u00f9 le design","breadcrumb":{"@id":"https:\/\/www.sejourprive.com\/biens\/villa-albitru-lecci-porto-vecchio-corse-france\/#breadcrumb"},"inLanguage":"en-GB","potentialAction":[{"@type":"ReadAction","target":["https:\/\/www.sejourprive.com\/biens\/villa-albitru-lecci-porto-vecchio-corse-france\/"]}]},{"@type":"ImageObject","inLanguage":"en-GB","@id":"https:\/\/www.sejourprive.com\/biens\/villa-albitru-lecci-porto-vecchio-corse-france\/#primaryimage","url":"https:\/\/www.sejourprive.com\/wp-content\/uploads\/2026\/03\/0-247.jpg","contentUrl":"https:\/\/www.sejourprive.com\/wp-content\/uploads\/2026\/03\/0-247.jpg","width":1200,"height":710},{"@type":"BreadcrumbList","@id":"https:\/\/www.sejourprive.com\/biens\/villa-albitru-lecci-porto-vecchio-corse-france\/#breadcrumb","itemListElement":[{"@type":"ListItem","position":1,"name":"Accueil","item":"https:\/\/www.sejourprive.com\/"},{"@type":"ListItem","position":2,"name":"Shop","item":"https:\/\/www.sejourprive.com\/shop\/"},{"@type":"ListItem","position":3,"name":"Villa Albitru, Lecci, Porto-Vecchio, Corse, France"}]},{"@type":"WebSite","@id":"https:\/\/www.sejourprive.com\/#website","url":"https:\/\/www.sejourprive.com\/","name":"Private Stay","description":"We design exceptional holidays for you.","publisher":{"@id":"https:\/\/www.sejourprive.com\/#organization"},"potentialAction":[{"@type":"SearchAction","target":{"@type":"EntryPoint","urlTemplate":"https:\/\/www.sejourprive.com\/?s={search_term_string}"},"query-input":{"@type":"PropertyValueSpecification","valueRequired":true,"valueName":"search_term_string"}}],"inLanguage":"en-GB"},{"@type":"Organization","@id":"https:\/\/www.sejourprive.com\/#organization","name":"Private Stay","url":"https:\/\/www.sejourprive.com\/","logo":{"@type":"ImageObject","inLanguage":"en-GB","@id":"https:\/\/www.sejourprive.com\/#\/schema\/logo\/image\/","url":"https:\/\/www.sejourprive.com\/wp-content\/uploads\/2026\/02\/SP-Apple-touch-144-couleur-1-2.png","contentUrl":"https:\/\/www.sejourprive.com\/wp-content\/uploads\/2026\/02\/SP-Apple-touch-144-couleur-1-2.png","width":145,"height":145,"caption":"S\u00e9jour Priv\u00e9"},"image":{"@id":"https:\/\/www.sejourprive.com\/#\/schema\/logo\/image\/"}}]}},"_links":{"self":[{"href":"https:\/\/www.sejourprive.com\/en\/wp-json\/wp\/v2\/product\/52792","targetHints":{"allow":["GET"]}}],"collection":[{"href":"https:\/\/www.sejourprive.com\/en\/wp-json\/wp\/v2\/product"}],"about":[{"href":"https:\/\/www.sejourprive.com\/en\/wp-json\/wp\/v2\/types\/product"}],"replies":[{"embeddable":true,"href":"https:\/\/www.sejourprive.com\/en\/wp-json\/wp\/v2\/comments?post=52792"}],"version-history":[{"count":0,"href":"https:\/\/www.sejourprive.com\/en\/wp-json\/wp\/v2\/product\/52792\/revisions"}],"wp:featuredmedia":[{"embeddable":true,"href":"https:\/\/www.sejourprive.com\/en\/wp-json\/wp\/v2\/media\/52842"}],"wp:attachment":[{"href":"https:\/\/www.sejourprive.com\/en\/wp-json\/wp\/v2\/media?parent=52792"}],"wp:term":[{"taxonomy":"product_brand","embeddable":true,"href":"https:\/\/www.sejourprive.com\/en\/wp-json\/wp\/v2\/product_brand?post=52792"},{"taxonomy":"product_cat","embeddable":true,"href":"https:\/\/www.sejourprive.com\/en\/wp-json\/wp\/v2\/product_cat?post=52792"},{"taxonomy":"product_tag","embeddable":true,"href":"https:\/\/www.sejourprive.com\/en\/wp-json\/wp\/v2\/product_tag?post=52792"}],"curies":[{"name":"wp","href":"https:\/\/api.w.org\/{rel}","templated":true}]}}