{"id":51144,"date":"2026-03-24T15:18:54","date_gmt":"2026-03-24T14:18:54","guid":{"rendered":"https:\/\/www.sejourprive.com\/?post_type=product&#038;p=51144"},"modified":"2026-03-24T15:18:54","modified_gmt":"2026-03-24T14:18:54","slug":"villa-a-calaticcia-santa-reparata-di-balagna-ile-rousse-corse-france","status":"publish","type":"product","link":"https:\/\/www.sejourprive.com\/en\/biens\/villa-a-calaticcia-santa-reparata-di-balagna-ile-rousse-corse-france\/","title":{"rendered":"Villa A Calaticcia, Santa-Reparata-Di-Balagna, Ile Rousse, Corsica, France"},"content":{"rendered":"<p>Surplombant L\u2019\u00cele-Rousse, la Villa A Calaticcia se distingue par son architecture moderne, qui s\u2019int\u00e8gre harmonieusement au paysage montagneux. \u00c0 travers ses larges baies vitr\u00e9es, la vue embrasse les sommets et les vall\u00e9es environnants, offrant un panorama saisissant \u00e0 chaque instant.<span><div class=\"read-more-wrapper\"><a class=\"read-more-button\" data-target=\"read-more-69f4b5aceab61\" data-more-text=\"Read more\" data-less-text=\"Read less\"><span class=\"read-more-text\">Read more<\/span><\/a><div id=\"read-more-69f4b5aceab61\" class=\"read-more-content\"> <\/span><\/p>\n<p>Le matin, le parfum du maquis flotte dans l\u2019air, cr\u00e9ant une atmosph\u00e8re paisible apr\u00e8s une s\u00e9ance d\u2019entra\u00eenement dans la salle de sport enti\u00e8rement \u00e9quip\u00e9e. Une s\u00e9ance au hammam vous attend, id\u00e9ale pour d\u00e9tendre vos muscles fatigu\u00e9s. L\u2019apr\u00e8s-midi, installez-vous confortablement avec un bon livre sur la terrasse, ou enfilez vos chaussures de randonn\u00e9e pour explorer les sentiers voisins. \u00c0 la tomb\u00e9e de la nuit, savourez un d\u00eener en plein air avec les montagnes en toile de fond.<\/div><\/div><\/p>","protected":false},"excerpt":{"rendered":"<p>Surplombant L\u2019\u00cele-Rousse, la Villa A Calaticcia se distingue par son architecture moderne, qui s\u2019int\u00e8gre harmonieusement au paysage montagneux. \u00c0 travers&#8230;<\/p>","protected":false},"featured_media":51208,"comment_status":"open","ping_status":"closed","template":"","meta":{"_acf_changed":false},"product_brand":[],"product_cat":[15],"product_tag":[],"class_list":{"0":"post-51144","1":"product","2":"type-product","3":"status-publish","4":"has-post-thumbnail","6":"product_cat-villa","7":"property_location-corse","8":"property_location-ile-rousse","10":"first","11":"instock","12":"sold-individually","13":"shipping-taxable","14":"purchasable","15":"product-type-simple"},"acf":[],"yoast_head":"<!-- This site is optimized with the Yoast SEO plugin v26.6 - https:\/\/yoast.com\/wordpress\/plugins\/seo\/ -->\n<title>Villa A Calaticcia, Santa-Reparata-Di-Balagna, \u00cele Rousse, Corse, France - S\u00e9jour Priv\u00e9<\/title>\n<meta name=\"description\" content=\"Surplombant L\u2019\u00cele-Rousse, la Villa A Calaticcia se distingue par son architecture moderne, qui s\u2019int\u00e8gre harmonieusement au paysage montagneux. \u00c0 travers\" \/>\n<meta name=\"robots\" content=\"index, follow, max-snippet:-1, max-image-preview:large, max-video-preview:-1\" \/>\n<link rel=\"canonical\" href=\"https:\/\/www.sejourprive.com\/en\/biens\/villa-a-calaticcia-santa-reparata-di-balagna-ile-rousse-corse-france\/\" \/>\n<meta property=\"og:locale\" content=\"en_GB\" \/>\n<meta property=\"og:type\" content=\"article\" \/>\n<meta property=\"og:title\" content=\"Villa A Calaticcia, Santa-Reparata-Di-Balagna, \u00cele Rousse, Corse, France - S\u00e9jour Priv\u00e9\" \/>\n<meta property=\"og:description\" content=\"Surplombant L\u2019\u00cele-Rousse, la Villa A Calaticcia se distingue par son architecture moderne, qui s\u2019int\u00e8gre harmonieusement au paysage montagneux. \u00c0 travers\" \/>\n<meta property=\"og:url\" content=\"https:\/\/www.sejourprive.com\/en\/biens\/villa-a-calaticcia-santa-reparata-di-balagna-ile-rousse-corse-france\/\" \/>\n<meta property=\"og:site_name\" content=\"S\u00e9jour Priv\u00e9\" \/>\n<meta property=\"og:image\" content=\"https:\/\/www.sejourprive.com\/wp-content\/uploads\/2026\/03\/0-214.jpg\" \/>\n\t<meta property=\"og:image:width\" content=\"1200\" \/>\n\t<meta property=\"og:image:height\" content=\"800\" \/>\n\t<meta property=\"og:image:type\" content=\"image\/jpeg\" \/>\n<meta name=\"twitter:card\" content=\"summary_large_image\" \/>\n<meta name=\"twitter:label1\" content=\"Estimated reading time\" \/>\n\t<meta name=\"twitter:data1\" content=\"1 minute\" \/>\n<script type=\"application\/ld+json\" class=\"yoast-schema-graph\">{\"@context\":\"https:\/\/schema.org\",\"@graph\":[{\"@type\":\"WebPage\",\"@id\":\"https:\/\/www.sejourprive.com\/biens\/villa-a-calaticcia-santa-reparata-di-balagna-ile-rousse-corse-france\/\",\"url\":\"https:\/\/www.sejourprive.com\/biens\/villa-a-calaticcia-santa-reparata-di-balagna-ile-rousse-corse-france\/\",\"name\":\"Villa A Calaticcia, Santa-Reparata-Di-Balagna, \u00cele Rousse, Corse, France - S\u00e9jour Priv\u00e9\",\"isPartOf\":{\"@id\":\"https:\/\/www.sejourprive.com\/#website\"},\"primaryImageOfPage\":{\"@id\":\"https:\/\/www.sejourprive.com\/biens\/villa-a-calaticcia-santa-reparata-di-balagna-ile-rousse-corse-france\/#primaryimage\"},\"image\":{\"@id\":\"https:\/\/www.sejourprive.com\/biens\/villa-a-calaticcia-santa-reparata-di-balagna-ile-rousse-corse-france\/#primaryimage\"},\"thumbnailUrl\":\"https:\/\/www.sejourprive.com\/wp-content\/uploads\/2026\/03\/0-214.jpg\",\"datePublished\":\"2026-03-24T14:18:54+00:00\",\"description\":\"Surplombant L\u2019\u00cele-Rousse, la Villa A Calaticcia se distingue par son architecture moderne, qui s\u2019int\u00e8gre harmonieusement au paysage montagneux. \u00c0 travers\",\"breadcrumb\":{\"@id\":\"https:\/\/www.sejourprive.com\/biens\/villa-a-calaticcia-santa-reparata-di-balagna-ile-rousse-corse-france\/#breadcrumb\"},\"inLanguage\":\"en-GB\",\"potentialAction\":[{\"@type\":\"ReadAction\",\"target\":[\"https:\/\/www.sejourprive.com\/biens\/villa-a-calaticcia-santa-reparata-di-balagna-ile-rousse-corse-france\/\"]}]},{\"@type\":\"ImageObject\",\"inLanguage\":\"en-GB\",\"@id\":\"https:\/\/www.sejourprive.com\/biens\/villa-a-calaticcia-santa-reparata-di-balagna-ile-rousse-corse-france\/#primaryimage\",\"url\":\"https:\/\/www.sejourprive.com\/wp-content\/uploads\/2026\/03\/0-214.jpg\",\"contentUrl\":\"https:\/\/www.sejourprive.com\/wp-content\/uploads\/2026\/03\/0-214.jpg\",\"width\":1200,\"height\":800},{\"@type\":\"BreadcrumbList\",\"@id\":\"https:\/\/www.sejourprive.com\/biens\/villa-a-calaticcia-santa-reparata-di-balagna-ile-rousse-corse-france\/#breadcrumb\",\"itemListElement\":[{\"@type\":\"ListItem\",\"position\":1,\"name\":\"Accueil\",\"item\":\"https:\/\/www.sejourprive.com\/\"},{\"@type\":\"ListItem\",\"position\":2,\"name\":\"Shop\",\"item\":\"https:\/\/www.sejourprive.com\/shop\/\"},{\"@type\":\"ListItem\",\"position\":3,\"name\":\"Villa A Calaticcia, Santa-Reparata-Di-Balagna, \u00cele Rousse, Corse, France\"}]},{\"@type\":\"WebSite\",\"@id\":\"https:\/\/www.sejourprive.com\/#website\",\"url\":\"https:\/\/www.sejourprive.com\/\",\"name\":\"S\u00e9jour Priv\u00e9\",\"description\":\"Nous imaginons pour vous des s\u00e9jours d\u2019exception.\",\"publisher\":{\"@id\":\"https:\/\/www.sejourprive.com\/#organization\"},\"potentialAction\":[{\"@type\":\"SearchAction\",\"target\":{\"@type\":\"EntryPoint\",\"urlTemplate\":\"https:\/\/www.sejourprive.com\/?s={search_term_string}\"},\"query-input\":{\"@type\":\"PropertyValueSpecification\",\"valueRequired\":true,\"valueName\":\"search_term_string\"}}],\"inLanguage\":\"en-GB\"},{\"@type\":\"Organization\",\"@id\":\"https:\/\/www.sejourprive.com\/#organization\",\"name\":\"S\u00e9jour Priv\u00e9\",\"url\":\"https:\/\/www.sejourprive.com\/\",\"logo\":{\"@type\":\"ImageObject\",\"inLanguage\":\"en-GB\",\"@id\":\"https:\/\/www.sejourprive.com\/#\/schema\/logo\/image\/\",\"url\":\"https:\/\/www.sejourprive.com\/wp-content\/uploads\/2026\/02\/SP-Apple-touch-144-couleur-1-2.png\",\"contentUrl\":\"https:\/\/www.sejourprive.com\/wp-content\/uploads\/2026\/02\/SP-Apple-touch-144-couleur-1-2.png\",\"width\":145,\"height\":145,\"caption\":\"S\u00e9jour Priv\u00e9\"},\"image\":{\"@id\":\"https:\/\/www.sejourprive.com\/#\/schema\/logo\/image\/\"}}]}<\/script>\n<!-- \/ Yoast SEO plugin. -->","yoast_head_json":{"title":"Villa A Calaticcia, Santa-Reparata-Di-Balagna, \u00cele Rousse, Corse, France - S\u00e9jour Priv\u00e9","description":"Overlooking L'\u00cele-Rousse, Villa A Calaticcia is distinguished by its modern architecture, which blends harmoniously into the mountain landscape. Through","robots":{"index":"index","follow":"follow","max-snippet":"max-snippet:-1","max-image-preview":"max-image-preview:large","max-video-preview":"max-video-preview:-1"},"canonical":"https:\/\/www.sejourprive.com\/en\/biens\/villa-a-calaticcia-santa-reparata-di-balagna-ile-rousse-corse-france\/","og_locale":"en_GB","og_type":"article","og_title":"Villa A Calaticcia, Santa-Reparata-Di-Balagna, \u00cele Rousse, Corse, France - S\u00e9jour Priv\u00e9","og_description":"Surplombant L\u2019\u00cele-Rousse, la Villa A Calaticcia se distingue par son architecture moderne, qui s\u2019int\u00e8gre harmonieusement au paysage montagneux. \u00c0 travers","og_url":"https:\/\/www.sejourprive.com\/en\/biens\/villa-a-calaticcia-santa-reparata-di-balagna-ile-rousse-corse-france\/","og_site_name":"S\u00e9jour Priv\u00e9","og_image":[{"width":1200,"height":800,"url":"https:\/\/www.sejourprive.com\/wp-content\/uploads\/2026\/03\/0-214.jpg","type":"image\/jpeg"}],"twitter_card":"summary_large_image","twitter_misc":{"Estimated reading time":"1 minute"},"schema":{"@context":"https:\/\/schema.org","@graph":[{"@type":"WebPage","@id":"https:\/\/www.sejourprive.com\/biens\/villa-a-calaticcia-santa-reparata-di-balagna-ile-rousse-corse-france\/","url":"https:\/\/www.sejourprive.com\/biens\/villa-a-calaticcia-santa-reparata-di-balagna-ile-rousse-corse-france\/","name":"Villa A Calaticcia, Santa-Reparata-Di-Balagna, \u00cele Rousse, Corse, France - S\u00e9jour Priv\u00e9","isPartOf":{"@id":"https:\/\/www.sejourprive.com\/#website"},"primaryImageOfPage":{"@id":"https:\/\/www.sejourprive.com\/biens\/villa-a-calaticcia-santa-reparata-di-balagna-ile-rousse-corse-france\/#primaryimage"},"image":{"@id":"https:\/\/www.sejourprive.com\/biens\/villa-a-calaticcia-santa-reparata-di-balagna-ile-rousse-corse-france\/#primaryimage"},"thumbnailUrl":"https:\/\/www.sejourprive.com\/wp-content\/uploads\/2026\/03\/0-214.jpg","datePublished":"2026-03-24T14:18:54+00:00","description":"Overlooking L'\u00cele-Rousse, Villa A Calaticcia is distinguished by its modern architecture, which blends harmoniously into the mountain landscape. Through","breadcrumb":{"@id":"https:\/\/www.sejourprive.com\/biens\/villa-a-calaticcia-santa-reparata-di-balagna-ile-rousse-corse-france\/#breadcrumb"},"inLanguage":"en-GB","potentialAction":[{"@type":"ReadAction","target":["https:\/\/www.sejourprive.com\/biens\/villa-a-calaticcia-santa-reparata-di-balagna-ile-rousse-corse-france\/"]}]},{"@type":"ImageObject","inLanguage":"en-GB","@id":"https:\/\/www.sejourprive.com\/biens\/villa-a-calaticcia-santa-reparata-di-balagna-ile-rousse-corse-france\/#primaryimage","url":"https:\/\/www.sejourprive.com\/wp-content\/uploads\/2026\/03\/0-214.jpg","contentUrl":"https:\/\/www.sejourprive.com\/wp-content\/uploads\/2026\/03\/0-214.jpg","width":1200,"height":800},{"@type":"BreadcrumbList","@id":"https:\/\/www.sejourprive.com\/biens\/villa-a-calaticcia-santa-reparata-di-balagna-ile-rousse-corse-france\/#breadcrumb","itemListElement":[{"@type":"ListItem","position":1,"name":"Accueil","item":"https:\/\/www.sejourprive.com\/"},{"@type":"ListItem","position":2,"name":"Shop","item":"https:\/\/www.sejourprive.com\/shop\/"},{"@type":"ListItem","position":3,"name":"Villa A Calaticcia, Santa-Reparata-Di-Balagna, \u00cele Rousse, Corse, France"}]},{"@type":"WebSite","@id":"https:\/\/www.sejourprive.com\/#website","url":"https:\/\/www.sejourprive.com\/","name":"Private Stay","description":"We design exceptional holidays for you.","publisher":{"@id":"https:\/\/www.sejourprive.com\/#organization"},"potentialAction":[{"@type":"SearchAction","target":{"@type":"EntryPoint","urlTemplate":"https:\/\/www.sejourprive.com\/?s={search_term_string}"},"query-input":{"@type":"PropertyValueSpecification","valueRequired":true,"valueName":"search_term_string"}}],"inLanguage":"en-GB"},{"@type":"Organization","@id":"https:\/\/www.sejourprive.com\/#organization","name":"Private Stay","url":"https:\/\/www.sejourprive.com\/","logo":{"@type":"ImageObject","inLanguage":"en-GB","@id":"https:\/\/www.sejourprive.com\/#\/schema\/logo\/image\/","url":"https:\/\/www.sejourprive.com\/wp-content\/uploads\/2026\/02\/SP-Apple-touch-144-couleur-1-2.png","contentUrl":"https:\/\/www.sejourprive.com\/wp-content\/uploads\/2026\/02\/SP-Apple-touch-144-couleur-1-2.png","width":145,"height":145,"caption":"S\u00e9jour Priv\u00e9"},"image":{"@id":"https:\/\/www.sejourprive.com\/#\/schema\/logo\/image\/"}}]}},"_links":{"self":[{"href":"https:\/\/www.sejourprive.com\/en\/wp-json\/wp\/v2\/product\/51144","targetHints":{"allow":["GET"]}}],"collection":[{"href":"https:\/\/www.sejourprive.com\/en\/wp-json\/wp\/v2\/product"}],"about":[{"href":"https:\/\/www.sejourprive.com\/en\/wp-json\/wp\/v2\/types\/product"}],"replies":[{"embeddable":true,"href":"https:\/\/www.sejourprive.com\/en\/wp-json\/wp\/v2\/comments?post=51144"}],"version-history":[{"count":0,"href":"https:\/\/www.sejourprive.com\/en\/wp-json\/wp\/v2\/product\/51144\/revisions"}],"wp:featuredmedia":[{"embeddable":true,"href":"https:\/\/www.sejourprive.com\/en\/wp-json\/wp\/v2\/media\/51208"}],"wp:attachment":[{"href":"https:\/\/www.sejourprive.com\/en\/wp-json\/wp\/v2\/media?parent=51144"}],"wp:term":[{"taxonomy":"product_brand","embeddable":true,"href":"https:\/\/www.sejourprive.com\/en\/wp-json\/wp\/v2\/product_brand?post=51144"},{"taxonomy":"product_cat","embeddable":true,"href":"https:\/\/www.sejourprive.com\/en\/wp-json\/wp\/v2\/product_cat?post=51144"},{"taxonomy":"product_tag","embeddable":true,"href":"https:\/\/www.sejourprive.com\/en\/wp-json\/wp\/v2\/product_tag?post=51144"}],"curies":[{"name":"wp","href":"https:\/\/api.w.org\/{rel}","templated":true}]}}