{"id":50737,"date":"2026-03-23T14:26:24","date_gmt":"2026-03-23T13:26:24","guid":{"rendered":"https:\/\/www.sejourprive.com\/?post_type=product&#038;p=50737"},"modified":"2026-03-23T14:26:24","modified_gmt":"2026-03-23T13:26:24","slug":"casa-altagna-zonza-region-de-porto-vecchio-corse","status":"publish","type":"product","link":"https:\/\/www.sejourprive.com\/en\/biens\/casa-altagna-zonza-region-de-porto-vecchio-corse\/","title":{"rendered":"Casa Altagna, Zonza, Porto-Vecchio region, Corsica"},"content":{"rendered":"<p>Au c\u0153ur d\u2019un domaine priv\u00e9 exclusif, la Casa Altagna allie \u00e0 la perfection une architecture contemporaine et des vues panoramiques \u00e0 couper le souffle. Baign\u00e9e de lumi\u00e8re naturelle, s\u2019ouvrant sur le bleu infini de la M\u00e9diterran\u00e9e et surplombant le sable fin et les eaux cristallines, chaque instant pass\u00e9 ici est une c\u00e9l\u00e9bration du raffinement.<\/p>\n<p><span><div class=\"read-more-wrapper\"><a class=\"read-more-button\" data-target=\"read-more-69f283a2c0733\" data-more-text=\"Read more\" data-less-text=\"Read less\"><span class=\"read-more-text\">Read more<\/span><\/a><div id=\"read-more-69f283a2c0733\" class=\"read-more-content\"> <\/span>\u00c0 l&#8217;aube, offrez-vous une baignade dans la piscine avant de savourer un petit-d\u00e9jeuner gastronomique sur la terrasse, face \u00e0 l&#8217;horizon infini. Les apr\u00e8s-midis se d\u00e9roulent entre la s\u00e9r\u00e9nit\u00e9 de la maison de plage, une promenade vers la mer ou un cocktail concoct\u00e9 au bar en plein air. \u00c0 la tomb\u00e9e de la nuit, un d\u00eener sous les \u00e9toiles rehausse la magie de ce lieu extraordinaire, perfectionn\u00e9 par une \u00e9quipe \u00e0 domicile qui anticipe vos moindres besoins.<\/div><\/div><\/p>","protected":false},"excerpt":{"rendered":"<p>Au c\u0153ur d\u2019un domaine priv\u00e9 exclusif, la Casa Altagna allie \u00e0 la perfection une architecture contemporaine et des vues panoramiques&#8230;<\/p>","protected":false},"featured_media":50786,"comment_status":"open","ping_status":"closed","template":"","meta":{"_acf_changed":false},"product_brand":[],"product_cat":[15],"product_tag":[],"class_list":{"0":"post-50737","1":"product","2":"type-product","3":"status-publish","4":"has-post-thumbnail","6":"product_cat-villa","7":"property_location-corse","8":"property_location-porto-vecchio","10":"first","11":"instock","12":"sold-individually","13":"shipping-taxable","14":"purchasable","15":"product-type-simple"},"acf":[],"yoast_head":"<!-- This site is optimized with the Yoast SEO plugin v26.6 - https:\/\/yoast.com\/wordpress\/plugins\/seo\/ -->\n<title>Casa Altagna, Zonza, R\u00e9gion de Porto-Vecchio, Corse - S\u00e9jour Priv\u00e9<\/title>\n<meta name=\"description\" content=\"Au c\u0153ur d\u2019un domaine priv\u00e9 exclusif, la Casa Altagna allie \u00e0 la perfection une architecture contemporaine et des vues panoramiques \u00e0 couper le souffle.\" \/>\n<meta name=\"robots\" content=\"index, follow, max-snippet:-1, max-image-preview:large, max-video-preview:-1\" \/>\n<link rel=\"canonical\" href=\"https:\/\/www.sejourprive.com\/en\/biens\/casa-altagna-zonza-region-de-porto-vecchio-corse\/\" \/>\n<meta property=\"og:locale\" content=\"en_GB\" \/>\n<meta property=\"og:type\" content=\"article\" \/>\n<meta property=\"og:title\" content=\"Casa Altagna, Zonza, R\u00e9gion de Porto-Vecchio, Corse - S\u00e9jour Priv\u00e9\" \/>\n<meta property=\"og:description\" content=\"Au c\u0153ur d\u2019un domaine priv\u00e9 exclusif, la Casa Altagna allie \u00e0 la perfection une architecture contemporaine et des vues panoramiques \u00e0 couper le souffle.\" \/>\n<meta property=\"og:url\" content=\"https:\/\/www.sejourprive.com\/en\/biens\/casa-altagna-zonza-region-de-porto-vecchio-corse\/\" \/>\n<meta property=\"og:site_name\" content=\"S\u00e9jour Priv\u00e9\" \/>\n<meta property=\"og:image\" content=\"https:\/\/www.sejourprive.com\/wp-content\/uploads\/2026\/03\/1-216.jpg\" \/>\n\t<meta property=\"og:image:width\" content=\"1200\" \/>\n\t<meta property=\"og:image:height\" content=\"800\" \/>\n\t<meta property=\"og:image:type\" content=\"image\/jpeg\" \/>\n<meta name=\"twitter:card\" content=\"summary_large_image\" \/>\n<meta name=\"twitter:label1\" content=\"Estimated reading time\" \/>\n\t<meta name=\"twitter:data1\" content=\"1 minute\" \/>\n<script type=\"application\/ld+json\" class=\"yoast-schema-graph\">{\"@context\":\"https:\/\/schema.org\",\"@graph\":[{\"@type\":\"WebPage\",\"@id\":\"https:\/\/www.sejourprive.com\/biens\/casa-altagna-zonza-region-de-porto-vecchio-corse\/\",\"url\":\"https:\/\/www.sejourprive.com\/biens\/casa-altagna-zonza-region-de-porto-vecchio-corse\/\",\"name\":\"Casa Altagna, Zonza, R\u00e9gion de Porto-Vecchio, Corse - S\u00e9jour Priv\u00e9\",\"isPartOf\":{\"@id\":\"https:\/\/www.sejourprive.com\/#website\"},\"primaryImageOfPage\":{\"@id\":\"https:\/\/www.sejourprive.com\/biens\/casa-altagna-zonza-region-de-porto-vecchio-corse\/#primaryimage\"},\"image\":{\"@id\":\"https:\/\/www.sejourprive.com\/biens\/casa-altagna-zonza-region-de-porto-vecchio-corse\/#primaryimage\"},\"thumbnailUrl\":\"https:\/\/www.sejourprive.com\/wp-content\/uploads\/2026\/03\/1-216.jpg\",\"datePublished\":\"2026-03-23T13:26:24+00:00\",\"description\":\"Au c\u0153ur d\u2019un domaine priv\u00e9 exclusif, la Casa Altagna allie \u00e0 la perfection une architecture contemporaine et des vues panoramiques \u00e0 couper le souffle.\",\"breadcrumb\":{\"@id\":\"https:\/\/www.sejourprive.com\/biens\/casa-altagna-zonza-region-de-porto-vecchio-corse\/#breadcrumb\"},\"inLanguage\":\"en-GB\",\"potentialAction\":[{\"@type\":\"ReadAction\",\"target\":[\"https:\/\/www.sejourprive.com\/biens\/casa-altagna-zonza-region-de-porto-vecchio-corse\/\"]}]},{\"@type\":\"ImageObject\",\"inLanguage\":\"en-GB\",\"@id\":\"https:\/\/www.sejourprive.com\/biens\/casa-altagna-zonza-region-de-porto-vecchio-corse\/#primaryimage\",\"url\":\"https:\/\/www.sejourprive.com\/wp-content\/uploads\/2026\/03\/1-216.jpg\",\"contentUrl\":\"https:\/\/www.sejourprive.com\/wp-content\/uploads\/2026\/03\/1-216.jpg\",\"width\":1200,\"height\":800},{\"@type\":\"BreadcrumbList\",\"@id\":\"https:\/\/www.sejourprive.com\/biens\/casa-altagna-zonza-region-de-porto-vecchio-corse\/#breadcrumb\",\"itemListElement\":[{\"@type\":\"ListItem\",\"position\":1,\"name\":\"Accueil\",\"item\":\"https:\/\/www.sejourprive.com\/\"},{\"@type\":\"ListItem\",\"position\":2,\"name\":\"Shop\",\"item\":\"https:\/\/www.sejourprive.com\/shop\/\"},{\"@type\":\"ListItem\",\"position\":3,\"name\":\"Casa Altagna, Zonza, R\u00e9gion de Porto-Vecchio, Corse\"}]},{\"@type\":\"WebSite\",\"@id\":\"https:\/\/www.sejourprive.com\/#website\",\"url\":\"https:\/\/www.sejourprive.com\/\",\"name\":\"S\u00e9jour Priv\u00e9\",\"description\":\"Nous imaginons pour vous des s\u00e9jours d\u2019exception.\",\"publisher\":{\"@id\":\"https:\/\/www.sejourprive.com\/#organization\"},\"potentialAction\":[{\"@type\":\"SearchAction\",\"target\":{\"@type\":\"EntryPoint\",\"urlTemplate\":\"https:\/\/www.sejourprive.com\/?s={search_term_string}\"},\"query-input\":{\"@type\":\"PropertyValueSpecification\",\"valueRequired\":true,\"valueName\":\"search_term_string\"}}],\"inLanguage\":\"en-GB\"},{\"@type\":\"Organization\",\"@id\":\"https:\/\/www.sejourprive.com\/#organization\",\"name\":\"S\u00e9jour Priv\u00e9\",\"url\":\"https:\/\/www.sejourprive.com\/\",\"logo\":{\"@type\":\"ImageObject\",\"inLanguage\":\"en-GB\",\"@id\":\"https:\/\/www.sejourprive.com\/#\/schema\/logo\/image\/\",\"url\":\"https:\/\/www.sejourprive.com\/wp-content\/uploads\/2026\/02\/SP-Apple-touch-144-couleur-1-2.png\",\"contentUrl\":\"https:\/\/www.sejourprive.com\/wp-content\/uploads\/2026\/02\/SP-Apple-touch-144-couleur-1-2.png\",\"width\":145,\"height\":145,\"caption\":\"S\u00e9jour Priv\u00e9\"},\"image\":{\"@id\":\"https:\/\/www.sejourprive.com\/#\/schema\/logo\/image\/\"}}]}<\/script>\n<!-- \/ Yoast SEO plugin. -->","yoast_head_json":{"title":"Casa Altagna, Zonza, R\u00e9gion de Porto-Vecchio, Corse - S\u00e9jour Priv\u00e9","description":"Au c\u0153ur d\u2019un domaine priv\u00e9 exclusif, la Casa Altagna allie \u00e0 la perfection une architecture contemporaine et des vues panoramiques \u00e0 couper le souffle.","robots":{"index":"index","follow":"follow","max-snippet":"max-snippet:-1","max-image-preview":"max-image-preview:large","max-video-preview":"max-video-preview:-1"},"canonical":"https:\/\/www.sejourprive.com\/en\/biens\/casa-altagna-zonza-region-de-porto-vecchio-corse\/","og_locale":"en_GB","og_type":"article","og_title":"Casa Altagna, Zonza, R\u00e9gion de Porto-Vecchio, Corse - S\u00e9jour Priv\u00e9","og_description":"Au c\u0153ur d\u2019un domaine priv\u00e9 exclusif, la Casa Altagna allie \u00e0 la perfection une architecture contemporaine et des vues panoramiques \u00e0 couper le souffle.","og_url":"https:\/\/www.sejourprive.com\/en\/biens\/casa-altagna-zonza-region-de-porto-vecchio-corse\/","og_site_name":"S\u00e9jour Priv\u00e9","og_image":[{"width":1200,"height":800,"url":"https:\/\/www.sejourprive.com\/wp-content\/uploads\/2026\/03\/1-216.jpg","type":"image\/jpeg"}],"twitter_card":"summary_large_image","twitter_misc":{"Estimated reading time":"1 minute"},"schema":{"@context":"https:\/\/schema.org","@graph":[{"@type":"WebPage","@id":"https:\/\/www.sejourprive.com\/biens\/casa-altagna-zonza-region-de-porto-vecchio-corse\/","url":"https:\/\/www.sejourprive.com\/biens\/casa-altagna-zonza-region-de-porto-vecchio-corse\/","name":"Casa Altagna, Zonza, R\u00e9gion de Porto-Vecchio, Corse - S\u00e9jour Priv\u00e9","isPartOf":{"@id":"https:\/\/www.sejourprive.com\/#website"},"primaryImageOfPage":{"@id":"https:\/\/www.sejourprive.com\/biens\/casa-altagna-zonza-region-de-porto-vecchio-corse\/#primaryimage"},"image":{"@id":"https:\/\/www.sejourprive.com\/biens\/casa-altagna-zonza-region-de-porto-vecchio-corse\/#primaryimage"},"thumbnailUrl":"https:\/\/www.sejourprive.com\/wp-content\/uploads\/2026\/03\/1-216.jpg","datePublished":"2026-03-23T13:26:24+00:00","description":"Au c\u0153ur d\u2019un domaine priv\u00e9 exclusif, la Casa Altagna allie \u00e0 la perfection une architecture contemporaine et des vues panoramiques \u00e0 couper le souffle.","breadcrumb":{"@id":"https:\/\/www.sejourprive.com\/biens\/casa-altagna-zonza-region-de-porto-vecchio-corse\/#breadcrumb"},"inLanguage":"en-GB","potentialAction":[{"@type":"ReadAction","target":["https:\/\/www.sejourprive.com\/biens\/casa-altagna-zonza-region-de-porto-vecchio-corse\/"]}]},{"@type":"ImageObject","inLanguage":"en-GB","@id":"https:\/\/www.sejourprive.com\/biens\/casa-altagna-zonza-region-de-porto-vecchio-corse\/#primaryimage","url":"https:\/\/www.sejourprive.com\/wp-content\/uploads\/2026\/03\/1-216.jpg","contentUrl":"https:\/\/www.sejourprive.com\/wp-content\/uploads\/2026\/03\/1-216.jpg","width":1200,"height":800},{"@type":"BreadcrumbList","@id":"https:\/\/www.sejourprive.com\/biens\/casa-altagna-zonza-region-de-porto-vecchio-corse\/#breadcrumb","itemListElement":[{"@type":"ListItem","position":1,"name":"Accueil","item":"https:\/\/www.sejourprive.com\/"},{"@type":"ListItem","position":2,"name":"Shop","item":"https:\/\/www.sejourprive.com\/shop\/"},{"@type":"ListItem","position":3,"name":"Casa Altagna, Zonza, R\u00e9gion de Porto-Vecchio, Corse"}]},{"@type":"WebSite","@id":"https:\/\/www.sejourprive.com\/#website","url":"https:\/\/www.sejourprive.com\/","name":"Private Stay","description":"We design exceptional holidays for you.","publisher":{"@id":"https:\/\/www.sejourprive.com\/#organization"},"potentialAction":[{"@type":"SearchAction","target":{"@type":"EntryPoint","urlTemplate":"https:\/\/www.sejourprive.com\/?s={search_term_string}"},"query-input":{"@type":"PropertyValueSpecification","valueRequired":true,"valueName":"search_term_string"}}],"inLanguage":"en-GB"},{"@type":"Organization","@id":"https:\/\/www.sejourprive.com\/#organization","name":"Private Stay","url":"https:\/\/www.sejourprive.com\/","logo":{"@type":"ImageObject","inLanguage":"en-GB","@id":"https:\/\/www.sejourprive.com\/#\/schema\/logo\/image\/","url":"https:\/\/www.sejourprive.com\/wp-content\/uploads\/2026\/02\/SP-Apple-touch-144-couleur-1-2.png","contentUrl":"https:\/\/www.sejourprive.com\/wp-content\/uploads\/2026\/02\/SP-Apple-touch-144-couleur-1-2.png","width":145,"height":145,"caption":"S\u00e9jour Priv\u00e9"},"image":{"@id":"https:\/\/www.sejourprive.com\/#\/schema\/logo\/image\/"}}]}},"_links":{"self":[{"href":"https:\/\/www.sejourprive.com\/en\/wp-json\/wp\/v2\/product\/50737","targetHints":{"allow":["GET"]}}],"collection":[{"href":"https:\/\/www.sejourprive.com\/en\/wp-json\/wp\/v2\/product"}],"about":[{"href":"https:\/\/www.sejourprive.com\/en\/wp-json\/wp\/v2\/types\/product"}],"replies":[{"embeddable":true,"href":"https:\/\/www.sejourprive.com\/en\/wp-json\/wp\/v2\/comments?post=50737"}],"version-history":[{"count":0,"href":"https:\/\/www.sejourprive.com\/en\/wp-json\/wp\/v2\/product\/50737\/revisions"}],"wp:featuredmedia":[{"embeddable":true,"href":"https:\/\/www.sejourprive.com\/en\/wp-json\/wp\/v2\/media\/50786"}],"wp:attachment":[{"href":"https:\/\/www.sejourprive.com\/en\/wp-json\/wp\/v2\/media?parent=50737"}],"wp:term":[{"taxonomy":"product_brand","embeddable":true,"href":"https:\/\/www.sejourprive.com\/en\/wp-json\/wp\/v2\/product_brand?post=50737"},{"taxonomy":"product_cat","embeddable":true,"href":"https:\/\/www.sejourprive.com\/en\/wp-json\/wp\/v2\/product_cat?post=50737"},{"taxonomy":"product_tag","embeddable":true,"href":"https:\/\/www.sejourprive.com\/en\/wp-json\/wp\/v2\/product_tag?post=50737"}],"curies":[{"name":"wp","href":"https:\/\/api.w.org\/{rel}","templated":true}]}}