{"id":50141,"date":"2026-03-20T17:37:07","date_gmt":"2026-03-20T16:37:07","guid":{"rendered":"https:\/\/www.sejourprive.com\/?post_type=product&#038;p=50141"},"modified":"2026-03-20T17:37:07","modified_gmt":"2026-03-20T16:37:07","slug":"casa-bassu-bonifacio-corse","status":"publish","type":"product","link":"https:\/\/www.sejourprive.com\/en\/biens\/casa-bassu-bonifacio-corse\/","title":{"rendered":"Casa Bassu, Bonifacio, Corsica"},"content":{"rendered":"<p>\u00c0 deux pas de la baie cristalline de Piantarella et Sp\u00e9rone, la Casa Bassu se distingue par son \u00e9l\u00e9gance brute, nich\u00e9e dans un cadre sauvage et pr\u00e9serv\u00e9. En toile de fond, les \u00eeles Lavezzi ponctuent l\u2019horizon, comme une promesse d\u2019\u00e9vasion.<\/p>\n<p><span><div class=\"read-more-wrapper\"><a class=\"read-more-button\" data-target=\"read-more-69f578117bfa1\" data-more-text=\"Read more\" data-less-text=\"Read less\"><span class=\"read-more-text\">Read more<\/span><\/a><div id=\"read-more-69f578117bfa1\" class=\"read-more-content\"> <\/span>R\u00e9veillez-vous sous la douce lumi\u00e8re du matin, plongez dans la piscine puis savourez un d\u00e9jeuner sur la terrasse, berc\u00e9 par la brise marine. L\u2019apr\u00e8s-midi, grimpez sur le rooftop pour contempler la mer, un verre \u00e0 la main, tandis que la lumi\u00e8re dor\u00e9e embrase les rochers aux alentours. \u00c0 la tomb\u00e9e du jour, la villa se transforme en un cocon feutr\u00e9, id\u00e9al pour partager des instants simples et pr\u00e9cieux.<\/div><\/div><\/p>","protected":false},"excerpt":{"rendered":"<p>\u00c0 deux pas de la baie cristalline de Piantarella et Sp\u00e9rone, la Casa Bassu se distingue par son \u00e9l\u00e9gance brute,&#8230;<\/p>","protected":false},"featured_media":50185,"comment_status":"open","ping_status":"closed","template":"","meta":{"_acf_changed":false},"product_brand":[],"product_cat":[15],"product_tag":[],"class_list":{"0":"post-50141","1":"product","2":"type-product","3":"status-publish","4":"has-post-thumbnail","6":"product_cat-villa","7":"property_location-bonifacio","9":"first","10":"instock","11":"sold-individually","12":"shipping-taxable","13":"purchasable","14":"product-type-simple"},"acf":[],"yoast_head":"<!-- This site is optimized with the Yoast SEO plugin v26.6 - https:\/\/yoast.com\/wordpress\/plugins\/seo\/ -->\n<title>Casa Bassu, Bonifacio, Corse - S\u00e9jour Priv\u00e9<\/title>\n<meta name=\"description\" content=\"\u00c0 deux pas de la baie cristalline de Piantarella et Sp\u00e9rone, la Casa Bassu se distingue par son \u00e9l\u00e9gance brute, nich\u00e9e dans un cadre sauvage et pr\u00e9serv\u00e9.\" \/>\n<meta name=\"robots\" content=\"index, follow, max-snippet:-1, max-image-preview:large, max-video-preview:-1\" \/>\n<link rel=\"canonical\" href=\"https:\/\/www.sejourprive.com\/en\/biens\/casa-bassu-bonifacio-corse\/\" \/>\n<meta property=\"og:locale\" content=\"en_GB\" \/>\n<meta property=\"og:type\" content=\"article\" \/>\n<meta property=\"og:title\" content=\"Casa Bassu, Bonifacio, Corse - S\u00e9jour Priv\u00e9\" \/>\n<meta property=\"og:description\" content=\"\u00c0 deux pas de la baie cristalline de Piantarella et Sp\u00e9rone, la Casa Bassu se distingue par son \u00e9l\u00e9gance brute, nich\u00e9e dans un cadre sauvage et pr\u00e9serv\u00e9.\" \/>\n<meta property=\"og:url\" content=\"https:\/\/www.sejourprive.com\/en\/biens\/casa-bassu-bonifacio-corse\/\" \/>\n<meta property=\"og:site_name\" content=\"S\u00e9jour Priv\u00e9\" \/>\n<meta property=\"og:image\" content=\"https:\/\/www.sejourprive.com\/wp-content\/uploads\/2026\/03\/0-197.jpg\" \/>\n\t<meta property=\"og:image:width\" content=\"1200\" \/>\n\t<meta property=\"og:image:height\" content=\"800\" \/>\n\t<meta property=\"og:image:type\" content=\"image\/jpeg\" \/>\n<meta name=\"twitter:card\" content=\"summary_large_image\" \/>\n<meta name=\"twitter:label1\" content=\"Estimated reading time\" \/>\n\t<meta name=\"twitter:data1\" content=\"1 minute\" \/>\n<script type=\"application\/ld+json\" class=\"yoast-schema-graph\">{\"@context\":\"https:\/\/schema.org\",\"@graph\":[{\"@type\":\"WebPage\",\"@id\":\"https:\/\/www.sejourprive.com\/biens\/casa-bassu-bonifacio-corse\/\",\"url\":\"https:\/\/www.sejourprive.com\/biens\/casa-bassu-bonifacio-corse\/\",\"name\":\"Casa Bassu, Bonifacio, Corse - S\u00e9jour Priv\u00e9\",\"isPartOf\":{\"@id\":\"https:\/\/www.sejourprive.com\/#website\"},\"primaryImageOfPage\":{\"@id\":\"https:\/\/www.sejourprive.com\/biens\/casa-bassu-bonifacio-corse\/#primaryimage\"},\"image\":{\"@id\":\"https:\/\/www.sejourprive.com\/biens\/casa-bassu-bonifacio-corse\/#primaryimage\"},\"thumbnailUrl\":\"https:\/\/www.sejourprive.com\/wp-content\/uploads\/2026\/03\/0-197.jpg\",\"datePublished\":\"2026-03-20T16:37:07+00:00\",\"description\":\"\u00c0 deux pas de la baie cristalline de Piantarella et Sp\u00e9rone, la Casa Bassu se distingue par son \u00e9l\u00e9gance brute, nich\u00e9e dans un cadre sauvage et pr\u00e9serv\u00e9.\",\"breadcrumb\":{\"@id\":\"https:\/\/www.sejourprive.com\/biens\/casa-bassu-bonifacio-corse\/#breadcrumb\"},\"inLanguage\":\"en-GB\",\"potentialAction\":[{\"@type\":\"ReadAction\",\"target\":[\"https:\/\/www.sejourprive.com\/biens\/casa-bassu-bonifacio-corse\/\"]}]},{\"@type\":\"ImageObject\",\"inLanguage\":\"en-GB\",\"@id\":\"https:\/\/www.sejourprive.com\/biens\/casa-bassu-bonifacio-corse\/#primaryimage\",\"url\":\"https:\/\/www.sejourprive.com\/wp-content\/uploads\/2026\/03\/0-197.jpg\",\"contentUrl\":\"https:\/\/www.sejourprive.com\/wp-content\/uploads\/2026\/03\/0-197.jpg\",\"width\":1200,\"height\":800},{\"@type\":\"BreadcrumbList\",\"@id\":\"https:\/\/www.sejourprive.com\/biens\/casa-bassu-bonifacio-corse\/#breadcrumb\",\"itemListElement\":[{\"@type\":\"ListItem\",\"position\":1,\"name\":\"Accueil\",\"item\":\"https:\/\/www.sejourprive.com\/\"},{\"@type\":\"ListItem\",\"position\":2,\"name\":\"Shop\",\"item\":\"https:\/\/www.sejourprive.com\/shop\/\"},{\"@type\":\"ListItem\",\"position\":3,\"name\":\"Casa Bassu, Bonifacio, Corse\"}]},{\"@type\":\"WebSite\",\"@id\":\"https:\/\/www.sejourprive.com\/#website\",\"url\":\"https:\/\/www.sejourprive.com\/\",\"name\":\"S\u00e9jour Priv\u00e9\",\"description\":\"Nous imaginons pour vous des s\u00e9jours d\u2019exception.\",\"publisher\":{\"@id\":\"https:\/\/www.sejourprive.com\/#organization\"},\"potentialAction\":[{\"@type\":\"SearchAction\",\"target\":{\"@type\":\"EntryPoint\",\"urlTemplate\":\"https:\/\/www.sejourprive.com\/?s={search_term_string}\"},\"query-input\":{\"@type\":\"PropertyValueSpecification\",\"valueRequired\":true,\"valueName\":\"search_term_string\"}}],\"inLanguage\":\"en-GB\"},{\"@type\":\"Organization\",\"@id\":\"https:\/\/www.sejourprive.com\/#organization\",\"name\":\"S\u00e9jour Priv\u00e9\",\"url\":\"https:\/\/www.sejourprive.com\/\",\"logo\":{\"@type\":\"ImageObject\",\"inLanguage\":\"en-GB\",\"@id\":\"https:\/\/www.sejourprive.com\/#\/schema\/logo\/image\/\",\"url\":\"https:\/\/www.sejourprive.com\/wp-content\/uploads\/2026\/02\/SP-Apple-touch-144-couleur-1-2.png\",\"contentUrl\":\"https:\/\/www.sejourprive.com\/wp-content\/uploads\/2026\/02\/SP-Apple-touch-144-couleur-1-2.png\",\"width\":145,\"height\":145,\"caption\":\"S\u00e9jour Priv\u00e9\"},\"image\":{\"@id\":\"https:\/\/www.sejourprive.com\/#\/schema\/logo\/image\/\"}}]}<\/script>\n<!-- \/ Yoast SEO plugin. -->","yoast_head_json":{"title":"Casa Bassu, Bonifacio, Corse - S\u00e9jour Priv\u00e9","description":"\u00c0 deux pas de la baie cristalline de Piantarella et Sp\u00e9rone, la Casa Bassu se distingue par son \u00e9l\u00e9gance brute, nich\u00e9e dans un cadre sauvage et pr\u00e9serv\u00e9.","robots":{"index":"index","follow":"follow","max-snippet":"max-snippet:-1","max-image-preview":"max-image-preview:large","max-video-preview":"max-video-preview:-1"},"canonical":"https:\/\/www.sejourprive.com\/en\/biens\/casa-bassu-bonifacio-corse\/","og_locale":"en_GB","og_type":"article","og_title":"Casa Bassu, Bonifacio, Corse - S\u00e9jour Priv\u00e9","og_description":"\u00c0 deux pas de la baie cristalline de Piantarella et Sp\u00e9rone, la Casa Bassu se distingue par son \u00e9l\u00e9gance brute, nich\u00e9e dans un cadre sauvage et pr\u00e9serv\u00e9.","og_url":"https:\/\/www.sejourprive.com\/en\/biens\/casa-bassu-bonifacio-corse\/","og_site_name":"S\u00e9jour Priv\u00e9","og_image":[{"width":1200,"height":800,"url":"https:\/\/www.sejourprive.com\/wp-content\/uploads\/2026\/03\/0-197.jpg","type":"image\/jpeg"}],"twitter_card":"summary_large_image","twitter_misc":{"Estimated reading time":"1 minute"},"schema":{"@context":"https:\/\/schema.org","@graph":[{"@type":"WebPage","@id":"https:\/\/www.sejourprive.com\/biens\/casa-bassu-bonifacio-corse\/","url":"https:\/\/www.sejourprive.com\/biens\/casa-bassu-bonifacio-corse\/","name":"Casa Bassu, Bonifacio, Corse - S\u00e9jour Priv\u00e9","isPartOf":{"@id":"https:\/\/www.sejourprive.com\/#website"},"primaryImageOfPage":{"@id":"https:\/\/www.sejourprive.com\/biens\/casa-bassu-bonifacio-corse\/#primaryimage"},"image":{"@id":"https:\/\/www.sejourprive.com\/biens\/casa-bassu-bonifacio-corse\/#primaryimage"},"thumbnailUrl":"https:\/\/www.sejourprive.com\/wp-content\/uploads\/2026\/03\/0-197.jpg","datePublished":"2026-03-20T16:37:07+00:00","description":"\u00c0 deux pas de la baie cristalline de Piantarella et Sp\u00e9rone, la Casa Bassu se distingue par son \u00e9l\u00e9gance brute, nich\u00e9e dans un cadre sauvage et pr\u00e9serv\u00e9.","breadcrumb":{"@id":"https:\/\/www.sejourprive.com\/biens\/casa-bassu-bonifacio-corse\/#breadcrumb"},"inLanguage":"en-GB","potentialAction":[{"@type":"ReadAction","target":["https:\/\/www.sejourprive.com\/biens\/casa-bassu-bonifacio-corse\/"]}]},{"@type":"ImageObject","inLanguage":"en-GB","@id":"https:\/\/www.sejourprive.com\/biens\/casa-bassu-bonifacio-corse\/#primaryimage","url":"https:\/\/www.sejourprive.com\/wp-content\/uploads\/2026\/03\/0-197.jpg","contentUrl":"https:\/\/www.sejourprive.com\/wp-content\/uploads\/2026\/03\/0-197.jpg","width":1200,"height":800},{"@type":"BreadcrumbList","@id":"https:\/\/www.sejourprive.com\/biens\/casa-bassu-bonifacio-corse\/#breadcrumb","itemListElement":[{"@type":"ListItem","position":1,"name":"Accueil","item":"https:\/\/www.sejourprive.com\/"},{"@type":"ListItem","position":2,"name":"Shop","item":"https:\/\/www.sejourprive.com\/shop\/"},{"@type":"ListItem","position":3,"name":"Casa Bassu, Bonifacio, Corse"}]},{"@type":"WebSite","@id":"https:\/\/www.sejourprive.com\/#website","url":"https:\/\/www.sejourprive.com\/","name":"Private Stay","description":"We design exceptional holidays for you.","publisher":{"@id":"https:\/\/www.sejourprive.com\/#organization"},"potentialAction":[{"@type":"SearchAction","target":{"@type":"EntryPoint","urlTemplate":"https:\/\/www.sejourprive.com\/?s={search_term_string}"},"query-input":{"@type":"PropertyValueSpecification","valueRequired":true,"valueName":"search_term_string"}}],"inLanguage":"en-GB"},{"@type":"Organization","@id":"https:\/\/www.sejourprive.com\/#organization","name":"Private Stay","url":"https:\/\/www.sejourprive.com\/","logo":{"@type":"ImageObject","inLanguage":"en-GB","@id":"https:\/\/www.sejourprive.com\/#\/schema\/logo\/image\/","url":"https:\/\/www.sejourprive.com\/wp-content\/uploads\/2026\/02\/SP-Apple-touch-144-couleur-1-2.png","contentUrl":"https:\/\/www.sejourprive.com\/wp-content\/uploads\/2026\/02\/SP-Apple-touch-144-couleur-1-2.png","width":145,"height":145,"caption":"S\u00e9jour Priv\u00e9"},"image":{"@id":"https:\/\/www.sejourprive.com\/#\/schema\/logo\/image\/"}}]}},"_links":{"self":[{"href":"https:\/\/www.sejourprive.com\/en\/wp-json\/wp\/v2\/product\/50141","targetHints":{"allow":["GET"]}}],"collection":[{"href":"https:\/\/www.sejourprive.com\/en\/wp-json\/wp\/v2\/product"}],"about":[{"href":"https:\/\/www.sejourprive.com\/en\/wp-json\/wp\/v2\/types\/product"}],"replies":[{"embeddable":true,"href":"https:\/\/www.sejourprive.com\/en\/wp-json\/wp\/v2\/comments?post=50141"}],"version-history":[{"count":0,"href":"https:\/\/www.sejourprive.com\/en\/wp-json\/wp\/v2\/product\/50141\/revisions"}],"wp:featuredmedia":[{"embeddable":true,"href":"https:\/\/www.sejourprive.com\/en\/wp-json\/wp\/v2\/media\/50185"}],"wp:attachment":[{"href":"https:\/\/www.sejourprive.com\/en\/wp-json\/wp\/v2\/media?parent=50141"}],"wp:term":[{"taxonomy":"product_brand","embeddable":true,"href":"https:\/\/www.sejourprive.com\/en\/wp-json\/wp\/v2\/product_brand?post=50141"},{"taxonomy":"product_cat","embeddable":true,"href":"https:\/\/www.sejourprive.com\/en\/wp-json\/wp\/v2\/product_cat?post=50141"},{"taxonomy":"product_tag","embeddable":true,"href":"https:\/\/www.sejourprive.com\/en\/wp-json\/wp\/v2\/product_tag?post=50141"}],"curies":[{"name":"wp","href":"https:\/\/api.w.org\/{rel}","templated":true}]}}