{"id":46753,"date":"2026-03-16T09:26:32","date_gmt":"2026-03-16T08:26:32","guid":{"rendered":"https:\/\/www.sejourprive.com\/?post_type=product&#038;p=46753"},"modified":"2026-03-16T09:26:32","modified_gmt":"2026-03-16T08:26:32","slug":"villa-benedetta-montepulciano-sienne-toscane-italie","status":"publish","type":"product","link":"https:\/\/www.sejourprive.com\/en\/biens\/villa-benedetta-montepulciano-sienne-toscane-italie\/","title":{"rendered":"Villa Benedetta, Montepulciano, Siena, Tuscany, Italy"},"content":{"rendered":"<p>Nich\u00e9e au c\u0153ur de Sienne, la Villa Benedetta incarne l&#8217;\u00e9l\u00e9gance toscane dans un cadre naturel magnifiquement pr\u00e9serv\u00e9. Son architecture traditionnelle s&#8217;harmonise parfaitement avec des touches contemporaines, cr\u00e9ant une atmosph\u00e8re \u00e0 la fois raffin\u00e9e et chaleureuse. \u00c0 quelques pas des vignobles et des villages historiques, elle vous ouvre les portes d&#8217;un mode de vie italien authentique.<span><div class=\"read-more-wrapper\"><a class=\"read-more-button\" data-target=\"read-more-69f473d23f5cf\" data-more-text=\"Read more\" data-less-text=\"Read less\"><span class=\"read-more-text\">Read more<\/span><\/a><div id=\"read-more-69f473d23f5cf\" class=\"read-more-content\"> <\/span><\/p>\n<p>R\u00e9veillez-vous \u00e0 la lumi\u00e8re dor\u00e9e du matin et partez \u00e0 la d\u00e9couverte des collines vallonn\u00e9es. L&#8217;apr\u00e8s-midi, d\u00e9tendez-vous \u00e0 l&#8217;ombre d&#8217;oliviers centenaires ou partagez un repas sur la terrasse, berc\u00e9s par le chant apaisant des cigales. \u00c0 la tomb\u00e9e de la nuit, laissez le doux parfum de la Toscane embaumer vos soir\u00e9es sous un ciel \u00e9toil\u00e9.<\/div><\/div><\/p>","protected":false},"excerpt":{"rendered":"<p>Nich\u00e9e au c\u0153ur de Sienne, la Villa Benedetta incarne l&#8217;\u00e9l\u00e9gance toscane dans un cadre naturel magnifiquement pr\u00e9serv\u00e9. Son architecture traditionnelle&#8230;<\/p>","protected":false},"featured_media":46811,"comment_status":"open","ping_status":"closed","template":"","meta":{"_acf_changed":false},"product_brand":[],"product_cat":[15],"product_tag":[],"class_list":{"0":"post-46753","1":"product","2":"type-product","3":"status-publish","4":"has-post-thumbnail","6":"product_cat-villa","7":"property_location-italie","8":"property_location-toscane","10":"first","11":"instock","12":"sold-individually","13":"shipping-taxable","14":"purchasable","15":"product-type-simple"},"acf":[],"yoast_head":"<!-- This site is optimized with the Yoast SEO plugin v26.6 - https:\/\/yoast.com\/wordpress\/plugins\/seo\/ -->\n<title>Villa Benedetta, Montepulciano, Sienne, Toscane, Italie - S\u00e9jour Priv\u00e9<\/title>\n<meta name=\"description\" content=\"Nich\u00e9e au c\u0153ur de Sienne, la Villa Benedetta incarne l&#039;\u00e9l\u00e9gance toscane dans un cadre naturel magnifiquement pr\u00e9serv\u00e9. Son architecture traditionnelle\" \/>\n<meta name=\"robots\" content=\"index, follow, max-snippet:-1, max-image-preview:large, max-video-preview:-1\" \/>\n<link rel=\"canonical\" href=\"https:\/\/www.sejourprive.com\/en\/biens\/villa-benedetta-montepulciano-sienne-toscane-italie\/\" \/>\n<meta property=\"og:locale\" content=\"en_GB\" \/>\n<meta property=\"og:type\" content=\"article\" \/>\n<meta property=\"og:title\" content=\"Villa Benedetta, Montepulciano, Sienne, Toscane, Italie - S\u00e9jour Priv\u00e9\" \/>\n<meta property=\"og:description\" content=\"Nich\u00e9e au c\u0153ur de Sienne, la Villa Benedetta incarne l&#039;\u00e9l\u00e9gance toscane dans un cadre naturel magnifiquement pr\u00e9serv\u00e9. Son architecture traditionnelle\" \/>\n<meta property=\"og:url\" content=\"https:\/\/www.sejourprive.com\/en\/biens\/villa-benedetta-montepulciano-sienne-toscane-italie\/\" \/>\n<meta property=\"og:site_name\" content=\"S\u00e9jour Priv\u00e9\" \/>\n<meta property=\"og:image\" content=\"https:\/\/www.sejourprive.com\/wp-content\/uploads\/2026\/03\/0-124.jpg\" \/>\n\t<meta property=\"og:image:width\" content=\"1200\" \/>\n\t<meta property=\"og:image:height\" content=\"801\" \/>\n\t<meta property=\"og:image:type\" content=\"image\/jpeg\" \/>\n<meta name=\"twitter:card\" content=\"summary_large_image\" \/>\n<meta name=\"twitter:label1\" content=\"Estimated reading time\" \/>\n\t<meta name=\"twitter:data1\" content=\"1 minute\" \/>\n<script type=\"application\/ld+json\" class=\"yoast-schema-graph\">{\"@context\":\"https:\/\/schema.org\",\"@graph\":[{\"@type\":\"WebPage\",\"@id\":\"https:\/\/www.sejourprive.com\/biens\/villa-benedetta-montepulciano-sienne-toscane-italie\/\",\"url\":\"https:\/\/www.sejourprive.com\/biens\/villa-benedetta-montepulciano-sienne-toscane-italie\/\",\"name\":\"Villa Benedetta, Montepulciano, Sienne, Toscane, Italie - S\u00e9jour Priv\u00e9\",\"isPartOf\":{\"@id\":\"https:\/\/www.sejourprive.com\/#website\"},\"primaryImageOfPage\":{\"@id\":\"https:\/\/www.sejourprive.com\/biens\/villa-benedetta-montepulciano-sienne-toscane-italie\/#primaryimage\"},\"image\":{\"@id\":\"https:\/\/www.sejourprive.com\/biens\/villa-benedetta-montepulciano-sienne-toscane-italie\/#primaryimage\"},\"thumbnailUrl\":\"https:\/\/www.sejourprive.com\/wp-content\/uploads\/2026\/03\/0-124.jpg\",\"datePublished\":\"2026-03-16T08:26:32+00:00\",\"description\":\"Nich\u00e9e au c\u0153ur de Sienne, la Villa Benedetta incarne l'\u00e9l\u00e9gance toscane dans un cadre naturel magnifiquement pr\u00e9serv\u00e9. Son architecture traditionnelle\",\"breadcrumb\":{\"@id\":\"https:\/\/www.sejourprive.com\/biens\/villa-benedetta-montepulciano-sienne-toscane-italie\/#breadcrumb\"},\"inLanguage\":\"en-GB\",\"potentialAction\":[{\"@type\":\"ReadAction\",\"target\":[\"https:\/\/www.sejourprive.com\/biens\/villa-benedetta-montepulciano-sienne-toscane-italie\/\"]}]},{\"@type\":\"ImageObject\",\"inLanguage\":\"en-GB\",\"@id\":\"https:\/\/www.sejourprive.com\/biens\/villa-benedetta-montepulciano-sienne-toscane-italie\/#primaryimage\",\"url\":\"https:\/\/www.sejourprive.com\/wp-content\/uploads\/2026\/03\/0-124.jpg\",\"contentUrl\":\"https:\/\/www.sejourprive.com\/wp-content\/uploads\/2026\/03\/0-124.jpg\",\"width\":1200,\"height\":801},{\"@type\":\"BreadcrumbList\",\"@id\":\"https:\/\/www.sejourprive.com\/biens\/villa-benedetta-montepulciano-sienne-toscane-italie\/#breadcrumb\",\"itemListElement\":[{\"@type\":\"ListItem\",\"position\":1,\"name\":\"Accueil\",\"item\":\"https:\/\/www.sejourprive.com\/\"},{\"@type\":\"ListItem\",\"position\":2,\"name\":\"Shop\",\"item\":\"https:\/\/www.sejourprive.com\/shop\/\"},{\"@type\":\"ListItem\",\"position\":3,\"name\":\"Villa Benedetta, Montepulciano, Sienne, Toscane, Italie\"}]},{\"@type\":\"WebSite\",\"@id\":\"https:\/\/www.sejourprive.com\/#website\",\"url\":\"https:\/\/www.sejourprive.com\/\",\"name\":\"S\u00e9jour Priv\u00e9\",\"description\":\"Nous imaginons pour vous des s\u00e9jours d\u2019exception.\",\"publisher\":{\"@id\":\"https:\/\/www.sejourprive.com\/#organization\"},\"potentialAction\":[{\"@type\":\"SearchAction\",\"target\":{\"@type\":\"EntryPoint\",\"urlTemplate\":\"https:\/\/www.sejourprive.com\/?s={search_term_string}\"},\"query-input\":{\"@type\":\"PropertyValueSpecification\",\"valueRequired\":true,\"valueName\":\"search_term_string\"}}],\"inLanguage\":\"en-GB\"},{\"@type\":\"Organization\",\"@id\":\"https:\/\/www.sejourprive.com\/#organization\",\"name\":\"S\u00e9jour Priv\u00e9\",\"url\":\"https:\/\/www.sejourprive.com\/\",\"logo\":{\"@type\":\"ImageObject\",\"inLanguage\":\"en-GB\",\"@id\":\"https:\/\/www.sejourprive.com\/#\/schema\/logo\/image\/\",\"url\":\"https:\/\/www.sejourprive.com\/wp-content\/uploads\/2026\/02\/SP-Apple-touch-144-couleur-1-2.png\",\"contentUrl\":\"https:\/\/www.sejourprive.com\/wp-content\/uploads\/2026\/02\/SP-Apple-touch-144-couleur-1-2.png\",\"width\":145,\"height\":145,\"caption\":\"S\u00e9jour Priv\u00e9\"},\"image\":{\"@id\":\"https:\/\/www.sejourprive.com\/#\/schema\/logo\/image\/\"}}]}<\/script>\n<!-- \/ Yoast SEO plugin. -->","yoast_head_json":{"title":"Villa Benedetta, Montepulciano, Sienne, Toscane, Italie - S\u00e9jour Priv\u00e9","description":"Nich\u00e9e au c\u0153ur de Sienne, la Villa Benedetta incarne l'\u00e9l\u00e9gance toscane dans un cadre naturel magnifiquement pr\u00e9serv\u00e9. Son architecture traditionnelle","robots":{"index":"index","follow":"follow","max-snippet":"max-snippet:-1","max-image-preview":"max-image-preview:large","max-video-preview":"max-video-preview:-1"},"canonical":"https:\/\/www.sejourprive.com\/en\/biens\/villa-benedetta-montepulciano-sienne-toscane-italie\/","og_locale":"en_GB","og_type":"article","og_title":"Villa Benedetta, Montepulciano, Sienne, Toscane, Italie - S\u00e9jour Priv\u00e9","og_description":"Nich\u00e9e au c\u0153ur de Sienne, la Villa Benedetta incarne l'\u00e9l\u00e9gance toscane dans un cadre naturel magnifiquement pr\u00e9serv\u00e9. Son architecture traditionnelle","og_url":"https:\/\/www.sejourprive.com\/en\/biens\/villa-benedetta-montepulciano-sienne-toscane-italie\/","og_site_name":"S\u00e9jour Priv\u00e9","og_image":[{"width":1200,"height":801,"url":"https:\/\/www.sejourprive.com\/wp-content\/uploads\/2026\/03\/0-124.jpg","type":"image\/jpeg"}],"twitter_card":"summary_large_image","twitter_misc":{"Estimated reading time":"1 minute"},"schema":{"@context":"https:\/\/schema.org","@graph":[{"@type":"WebPage","@id":"https:\/\/www.sejourprive.com\/biens\/villa-benedetta-montepulciano-sienne-toscane-italie\/","url":"https:\/\/www.sejourprive.com\/biens\/villa-benedetta-montepulciano-sienne-toscane-italie\/","name":"Villa Benedetta, Montepulciano, Sienne, Toscane, Italie - S\u00e9jour Priv\u00e9","isPartOf":{"@id":"https:\/\/www.sejourprive.com\/#website"},"primaryImageOfPage":{"@id":"https:\/\/www.sejourprive.com\/biens\/villa-benedetta-montepulciano-sienne-toscane-italie\/#primaryimage"},"image":{"@id":"https:\/\/www.sejourprive.com\/biens\/villa-benedetta-montepulciano-sienne-toscane-italie\/#primaryimage"},"thumbnailUrl":"https:\/\/www.sejourprive.com\/wp-content\/uploads\/2026\/03\/0-124.jpg","datePublished":"2026-03-16T08:26:32+00:00","description":"Nich\u00e9e au c\u0153ur de Sienne, la Villa Benedetta incarne l'\u00e9l\u00e9gance toscane dans un cadre naturel magnifiquement pr\u00e9serv\u00e9. Son architecture traditionnelle","breadcrumb":{"@id":"https:\/\/www.sejourprive.com\/biens\/villa-benedetta-montepulciano-sienne-toscane-italie\/#breadcrumb"},"inLanguage":"en-GB","potentialAction":[{"@type":"ReadAction","target":["https:\/\/www.sejourprive.com\/biens\/villa-benedetta-montepulciano-sienne-toscane-italie\/"]}]},{"@type":"ImageObject","inLanguage":"en-GB","@id":"https:\/\/www.sejourprive.com\/biens\/villa-benedetta-montepulciano-sienne-toscane-italie\/#primaryimage","url":"https:\/\/www.sejourprive.com\/wp-content\/uploads\/2026\/03\/0-124.jpg","contentUrl":"https:\/\/www.sejourprive.com\/wp-content\/uploads\/2026\/03\/0-124.jpg","width":1200,"height":801},{"@type":"BreadcrumbList","@id":"https:\/\/www.sejourprive.com\/biens\/villa-benedetta-montepulciano-sienne-toscane-italie\/#breadcrumb","itemListElement":[{"@type":"ListItem","position":1,"name":"Accueil","item":"https:\/\/www.sejourprive.com\/"},{"@type":"ListItem","position":2,"name":"Shop","item":"https:\/\/www.sejourprive.com\/shop\/"},{"@type":"ListItem","position":3,"name":"Villa Benedetta, Montepulciano, Sienne, Toscane, Italie"}]},{"@type":"WebSite","@id":"https:\/\/www.sejourprive.com\/#website","url":"https:\/\/www.sejourprive.com\/","name":"Private Stay","description":"We design exceptional holidays for you.","publisher":{"@id":"https:\/\/www.sejourprive.com\/#organization"},"potentialAction":[{"@type":"SearchAction","target":{"@type":"EntryPoint","urlTemplate":"https:\/\/www.sejourprive.com\/?s={search_term_string}"},"query-input":{"@type":"PropertyValueSpecification","valueRequired":true,"valueName":"search_term_string"}}],"inLanguage":"en-GB"},{"@type":"Organization","@id":"https:\/\/www.sejourprive.com\/#organization","name":"Private Stay","url":"https:\/\/www.sejourprive.com\/","logo":{"@type":"ImageObject","inLanguage":"en-GB","@id":"https:\/\/www.sejourprive.com\/#\/schema\/logo\/image\/","url":"https:\/\/www.sejourprive.com\/wp-content\/uploads\/2026\/02\/SP-Apple-touch-144-couleur-1-2.png","contentUrl":"https:\/\/www.sejourprive.com\/wp-content\/uploads\/2026\/02\/SP-Apple-touch-144-couleur-1-2.png","width":145,"height":145,"caption":"S\u00e9jour Priv\u00e9"},"image":{"@id":"https:\/\/www.sejourprive.com\/#\/schema\/logo\/image\/"}}]}},"_links":{"self":[{"href":"https:\/\/www.sejourprive.com\/en\/wp-json\/wp\/v2\/product\/46753","targetHints":{"allow":["GET"]}}],"collection":[{"href":"https:\/\/www.sejourprive.com\/en\/wp-json\/wp\/v2\/product"}],"about":[{"href":"https:\/\/www.sejourprive.com\/en\/wp-json\/wp\/v2\/types\/product"}],"replies":[{"embeddable":true,"href":"https:\/\/www.sejourprive.com\/en\/wp-json\/wp\/v2\/comments?post=46753"}],"version-history":[{"count":0,"href":"https:\/\/www.sejourprive.com\/en\/wp-json\/wp\/v2\/product\/46753\/revisions"}],"wp:featuredmedia":[{"embeddable":true,"href":"https:\/\/www.sejourprive.com\/en\/wp-json\/wp\/v2\/media\/46811"}],"wp:attachment":[{"href":"https:\/\/www.sejourprive.com\/en\/wp-json\/wp\/v2\/media?parent=46753"}],"wp:term":[{"taxonomy":"product_brand","embeddable":true,"href":"https:\/\/www.sejourprive.com\/en\/wp-json\/wp\/v2\/product_brand?post=46753"},{"taxonomy":"product_cat","embeddable":true,"href":"https:\/\/www.sejourprive.com\/en\/wp-json\/wp\/v2\/product_cat?post=46753"},{"taxonomy":"product_tag","embeddable":true,"href":"https:\/\/www.sejourprive.com\/en\/wp-json\/wp\/v2\/product_tag?post=46753"}],"curies":[{"name":"wp","href":"https:\/\/api.w.org\/{rel}","templated":true}]}}