{"id":45761,"date":"2026-03-11T15:37:06","date_gmt":"2026-03-11T14:37:06","guid":{"rendered":"https:\/\/www.sejourprive.com\/?post_type=product&#038;p=45761"},"modified":"2026-03-11T16:53:06","modified_gmt":"2026-03-11T15:53:06","slug":"villa-castellaccia-portofino-genes-italie","status":"publish","type":"product","link":"https:\/\/www.sejourprive.com\/en\/biens\/villa-castellaccia-portofino-genes-italie\/","title":{"rendered":"Villa Castellaccia, Portofino, Genoa, Italy"},"content":{"rendered":"<p>Ce ch\u00e2teau historique spectaculaire et unique, situ\u00e9 au sommet du promontoire de Portofino, offre une vue imprenable \u00e0 360\u00b0 sur Portofino et tout le golfe du Tigullio. B\u00e9n\u00e9ficiant d&#8217;une intimit\u00e9 absolue, cette impressionnante propri\u00e9t\u00e9 comprend environ 300 m\u00e8tres carr\u00e9s d&#8217;espace int\u00e9rieur, ainsi que 200 m\u00e8tres carr\u00e9s de terrasse avec deux tourelles. <span><div class=\"read-more-wrapper\"><a class=\"read-more-button\" data-target=\"read-more-69f415ebb0a05\" data-more-text=\"Read more\" data-less-text=\"Read less\"><span class=\"read-more-text\">Read more<\/span><\/a><div id=\"read-more-69f415ebb0a05\" class=\"read-more-content\"> <\/span><br \/>\nElle est entour\u00e9e d&#8217;un jardin en terrasses de pr\u00e8s de 5 000 m\u00e8tres carr\u00e9s, avec des plantes centenaires et des esp\u00e8ces locales.<\/p>\n<p>La villa offre d&#8217;excellentes conditions int\u00e9rieures gr\u00e2ce \u00e0 d&#8217;importants travaux de r\u00e9novation r\u00e9cents, tout en pr\u00e9servant autant que possible le caract\u00e8re authentique et le style architectural de la r\u00e9gion. Cet \u00e9quilibre subtil entre modernit\u00e9 et respect du patrimoine r\u00e9gional conf\u00e8re \u00e0 la propri\u00e9t\u00e9 une atmosph\u00e8re unique.<\/div><\/div><\/p>","protected":false},"excerpt":{"rendered":"<p>Ce ch\u00e2teau historique spectaculaire et unique, situ\u00e9 au sommet du promontoire de Portofino, offre une vue imprenable \u00e0 360\u00b0 sur&#8230;<\/p>","protected":false},"featured_media":45763,"comment_status":"open","ping_status":"closed","template":"","meta":{"_acf_changed":false},"product_brand":[],"product_cat":[15],"product_tag":[],"class_list":{"0":"post-45761","1":"product","2":"type-product","3":"status-publish","4":"has-post-thumbnail","6":"product_cat-villa","7":"property_location-italie","8":"property_location-portofino","10":"first","11":"instock","12":"sold-individually","13":"shipping-taxable","14":"purchasable","15":"product-type-simple"},"acf":[],"yoast_head":"<!-- This site is optimized with the Yoast SEO plugin v26.6 - https:\/\/yoast.com\/wordpress\/plugins\/seo\/ -->\n<title>Villa Castellaccia, Portofino, G\u00eanes, Italie - S\u00e9jour Priv\u00e9<\/title>\n<meta name=\"description\" content=\"Ce ch\u00e2teau historique spectaculaire et unique, situ\u00e9 au sommet du promontoire de Portofino, offre une vue imprenable \u00e0 360\u00b0 sur Portofino et tout le golfe\" \/>\n<meta name=\"robots\" content=\"index, follow, max-snippet:-1, max-image-preview:large, max-video-preview:-1\" \/>\n<link rel=\"canonical\" href=\"https:\/\/www.sejourprive.com\/en\/biens\/villa-castellaccia-portofino-genes-italie\/\" \/>\n<meta property=\"og:locale\" content=\"en_GB\" \/>\n<meta property=\"og:type\" content=\"article\" \/>\n<meta property=\"og:title\" content=\"Villa Castellaccia, Portofino, G\u00eanes, Italie - S\u00e9jour Priv\u00e9\" \/>\n<meta property=\"og:description\" content=\"Ce ch\u00e2teau historique spectaculaire et unique, situ\u00e9 au sommet du promontoire de Portofino, offre une vue imprenable \u00e0 360\u00b0 sur Portofino et tout le golfe\" \/>\n<meta property=\"og:url\" content=\"https:\/\/www.sejourprive.com\/en\/biens\/villa-castellaccia-portofino-genes-italie\/\" \/>\n<meta property=\"og:site_name\" content=\"S\u00e9jour Priv\u00e9\" \/>\n<meta property=\"article:modified_time\" content=\"2026-03-11T15:53:06+00:00\" \/>\n<meta property=\"og:image\" content=\"https:\/\/www.sejourprive.com\/wp-content\/uploads\/2026\/03\/0-99.jpg\" \/>\n\t<meta property=\"og:image:width\" content=\"1200\" \/>\n\t<meta property=\"og:image:height\" content=\"674\" \/>\n\t<meta property=\"og:image:type\" content=\"image\/jpeg\" \/>\n<meta name=\"twitter:card\" content=\"summary_large_image\" \/>\n<meta name=\"twitter:label1\" content=\"Estimated reading time\" \/>\n\t<meta name=\"twitter:data1\" content=\"1 minute\" \/>\n<script type=\"application\/ld+json\" class=\"yoast-schema-graph\">{\"@context\":\"https:\/\/schema.org\",\"@graph\":[{\"@type\":\"WebPage\",\"@id\":\"https:\/\/www.sejourprive.com\/biens\/villa-castellaccia-portofino-genes-italie\/\",\"url\":\"https:\/\/www.sejourprive.com\/biens\/villa-castellaccia-portofino-genes-italie\/\",\"name\":\"Villa Castellaccia, Portofino, G\u00eanes, Italie - S\u00e9jour Priv\u00e9\",\"isPartOf\":{\"@id\":\"https:\/\/www.sejourprive.com\/#website\"},\"primaryImageOfPage\":{\"@id\":\"https:\/\/www.sejourprive.com\/biens\/villa-castellaccia-portofino-genes-italie\/#primaryimage\"},\"image\":{\"@id\":\"https:\/\/www.sejourprive.com\/biens\/villa-castellaccia-portofino-genes-italie\/#primaryimage\"},\"thumbnailUrl\":\"https:\/\/www.sejourprive.com\/wp-content\/uploads\/2026\/03\/0-99.jpg\",\"datePublished\":\"2026-03-11T14:37:06+00:00\",\"dateModified\":\"2026-03-11T15:53:06+00:00\",\"description\":\"Ce ch\u00e2teau historique spectaculaire et unique, situ\u00e9 au sommet du promontoire de Portofino, offre une vue imprenable \u00e0 360\u00b0 sur Portofino et tout le golfe\",\"breadcrumb\":{\"@id\":\"https:\/\/www.sejourprive.com\/biens\/villa-castellaccia-portofino-genes-italie\/#breadcrumb\"},\"inLanguage\":\"en-GB\",\"potentialAction\":[{\"@type\":\"ReadAction\",\"target\":[\"https:\/\/www.sejourprive.com\/biens\/villa-castellaccia-portofino-genes-italie\/\"]}]},{\"@type\":\"ImageObject\",\"inLanguage\":\"en-GB\",\"@id\":\"https:\/\/www.sejourprive.com\/biens\/villa-castellaccia-portofino-genes-italie\/#primaryimage\",\"url\":\"https:\/\/www.sejourprive.com\/wp-content\/uploads\/2026\/03\/0-99.jpg\",\"contentUrl\":\"https:\/\/www.sejourprive.com\/wp-content\/uploads\/2026\/03\/0-99.jpg\",\"width\":1200,\"height\":674},{\"@type\":\"BreadcrumbList\",\"@id\":\"https:\/\/www.sejourprive.com\/biens\/villa-castellaccia-portofino-genes-italie\/#breadcrumb\",\"itemListElement\":[{\"@type\":\"ListItem\",\"position\":1,\"name\":\"Accueil\",\"item\":\"https:\/\/www.sejourprive.com\/\"},{\"@type\":\"ListItem\",\"position\":2,\"name\":\"Shop\",\"item\":\"https:\/\/www.sejourprive.com\/shop\/\"},{\"@type\":\"ListItem\",\"position\":3,\"name\":\"Villa Castellaccia, Portofino, G\u00eanes, Italie\"}]},{\"@type\":\"WebSite\",\"@id\":\"https:\/\/www.sejourprive.com\/#website\",\"url\":\"https:\/\/www.sejourprive.com\/\",\"name\":\"S\u00e9jour Priv\u00e9\",\"description\":\"Nous imaginons pour vous des s\u00e9jours d\u2019exception.\",\"publisher\":{\"@id\":\"https:\/\/www.sejourprive.com\/#organization\"},\"potentialAction\":[{\"@type\":\"SearchAction\",\"target\":{\"@type\":\"EntryPoint\",\"urlTemplate\":\"https:\/\/www.sejourprive.com\/?s={search_term_string}\"},\"query-input\":{\"@type\":\"PropertyValueSpecification\",\"valueRequired\":true,\"valueName\":\"search_term_string\"}}],\"inLanguage\":\"en-GB\"},{\"@type\":\"Organization\",\"@id\":\"https:\/\/www.sejourprive.com\/#organization\",\"name\":\"S\u00e9jour Priv\u00e9\",\"url\":\"https:\/\/www.sejourprive.com\/\",\"logo\":{\"@type\":\"ImageObject\",\"inLanguage\":\"en-GB\",\"@id\":\"https:\/\/www.sejourprive.com\/#\/schema\/logo\/image\/\",\"url\":\"https:\/\/www.sejourprive.com\/wp-content\/uploads\/2026\/02\/SP-Apple-touch-144-couleur-1-2.png\",\"contentUrl\":\"https:\/\/www.sejourprive.com\/wp-content\/uploads\/2026\/02\/SP-Apple-touch-144-couleur-1-2.png\",\"width\":145,\"height\":145,\"caption\":\"S\u00e9jour Priv\u00e9\"},\"image\":{\"@id\":\"https:\/\/www.sejourprive.com\/#\/schema\/logo\/image\/\"}}]}<\/script>\n<!-- \/ Yoast SEO plugin. -->","yoast_head_json":{"title":"Villa Castellaccia, Portofino, G\u00eanes, Italie - S\u00e9jour Priv\u00e9","description":"Ce ch\u00e2teau historique spectaculaire et unique, situ\u00e9 au sommet du promontoire de Portofino, offre une vue imprenable \u00e0 360\u00b0 sur Portofino et tout le golfe","robots":{"index":"index","follow":"follow","max-snippet":"max-snippet:-1","max-image-preview":"max-image-preview:large","max-video-preview":"max-video-preview:-1"},"canonical":"https:\/\/www.sejourprive.com\/en\/biens\/villa-castellaccia-portofino-genes-italie\/","og_locale":"en_GB","og_type":"article","og_title":"Villa Castellaccia, Portofino, G\u00eanes, Italie - S\u00e9jour Priv\u00e9","og_description":"Ce ch\u00e2teau historique spectaculaire et unique, situ\u00e9 au sommet du promontoire de Portofino, offre une vue imprenable \u00e0 360\u00b0 sur Portofino et tout le golfe","og_url":"https:\/\/www.sejourprive.com\/en\/biens\/villa-castellaccia-portofino-genes-italie\/","og_site_name":"S\u00e9jour Priv\u00e9","article_modified_time":"2026-03-11T15:53:06+00:00","og_image":[{"width":1200,"height":674,"url":"https:\/\/www.sejourprive.com\/wp-content\/uploads\/2026\/03\/0-99.jpg","type":"image\/jpeg"}],"twitter_card":"summary_large_image","twitter_misc":{"Estimated reading time":"1 minute"},"schema":{"@context":"https:\/\/schema.org","@graph":[{"@type":"WebPage","@id":"https:\/\/www.sejourprive.com\/biens\/villa-castellaccia-portofino-genes-italie\/","url":"https:\/\/www.sejourprive.com\/biens\/villa-castellaccia-portofino-genes-italie\/","name":"Villa Castellaccia, Portofino, G\u00eanes, Italie - S\u00e9jour Priv\u00e9","isPartOf":{"@id":"https:\/\/www.sejourprive.com\/#website"},"primaryImageOfPage":{"@id":"https:\/\/www.sejourprive.com\/biens\/villa-castellaccia-portofino-genes-italie\/#primaryimage"},"image":{"@id":"https:\/\/www.sejourprive.com\/biens\/villa-castellaccia-portofino-genes-italie\/#primaryimage"},"thumbnailUrl":"https:\/\/www.sejourprive.com\/wp-content\/uploads\/2026\/03\/0-99.jpg","datePublished":"2026-03-11T14:37:06+00:00","dateModified":"2026-03-11T15:53:06+00:00","description":"Ce ch\u00e2teau historique spectaculaire et unique, situ\u00e9 au sommet du promontoire de Portofino, offre une vue imprenable \u00e0 360\u00b0 sur Portofino et tout le golfe","breadcrumb":{"@id":"https:\/\/www.sejourprive.com\/biens\/villa-castellaccia-portofino-genes-italie\/#breadcrumb"},"inLanguage":"en-GB","potentialAction":[{"@type":"ReadAction","target":["https:\/\/www.sejourprive.com\/biens\/villa-castellaccia-portofino-genes-italie\/"]}]},{"@type":"ImageObject","inLanguage":"en-GB","@id":"https:\/\/www.sejourprive.com\/biens\/villa-castellaccia-portofino-genes-italie\/#primaryimage","url":"https:\/\/www.sejourprive.com\/wp-content\/uploads\/2026\/03\/0-99.jpg","contentUrl":"https:\/\/www.sejourprive.com\/wp-content\/uploads\/2026\/03\/0-99.jpg","width":1200,"height":674},{"@type":"BreadcrumbList","@id":"https:\/\/www.sejourprive.com\/biens\/villa-castellaccia-portofino-genes-italie\/#breadcrumb","itemListElement":[{"@type":"ListItem","position":1,"name":"Accueil","item":"https:\/\/www.sejourprive.com\/"},{"@type":"ListItem","position":2,"name":"Shop","item":"https:\/\/www.sejourprive.com\/shop\/"},{"@type":"ListItem","position":3,"name":"Villa Castellaccia, Portofino, G\u00eanes, Italie"}]},{"@type":"WebSite","@id":"https:\/\/www.sejourprive.com\/#website","url":"https:\/\/www.sejourprive.com\/","name":"Private Stay","description":"We design exceptional holidays for you.","publisher":{"@id":"https:\/\/www.sejourprive.com\/#organization"},"potentialAction":[{"@type":"SearchAction","target":{"@type":"EntryPoint","urlTemplate":"https:\/\/www.sejourprive.com\/?s={search_term_string}"},"query-input":{"@type":"PropertyValueSpecification","valueRequired":true,"valueName":"search_term_string"}}],"inLanguage":"en-GB"},{"@type":"Organization","@id":"https:\/\/www.sejourprive.com\/#organization","name":"Private Stay","url":"https:\/\/www.sejourprive.com\/","logo":{"@type":"ImageObject","inLanguage":"en-GB","@id":"https:\/\/www.sejourprive.com\/#\/schema\/logo\/image\/","url":"https:\/\/www.sejourprive.com\/wp-content\/uploads\/2026\/02\/SP-Apple-touch-144-couleur-1-2.png","contentUrl":"https:\/\/www.sejourprive.com\/wp-content\/uploads\/2026\/02\/SP-Apple-touch-144-couleur-1-2.png","width":145,"height":145,"caption":"S\u00e9jour Priv\u00e9"},"image":{"@id":"https:\/\/www.sejourprive.com\/#\/schema\/logo\/image\/"}}]}},"_links":{"self":[{"href":"https:\/\/www.sejourprive.com\/en\/wp-json\/wp\/v2\/product\/45761","targetHints":{"allow":["GET"]}}],"collection":[{"href":"https:\/\/www.sejourprive.com\/en\/wp-json\/wp\/v2\/product"}],"about":[{"href":"https:\/\/www.sejourprive.com\/en\/wp-json\/wp\/v2\/types\/product"}],"replies":[{"embeddable":true,"href":"https:\/\/www.sejourprive.com\/en\/wp-json\/wp\/v2\/comments?post=45761"}],"version-history":[{"count":0,"href":"https:\/\/www.sejourprive.com\/en\/wp-json\/wp\/v2\/product\/45761\/revisions"}],"wp:featuredmedia":[{"embeddable":true,"href":"https:\/\/www.sejourprive.com\/en\/wp-json\/wp\/v2\/media\/45763"}],"wp:attachment":[{"href":"https:\/\/www.sejourprive.com\/en\/wp-json\/wp\/v2\/media?parent=45761"}],"wp:term":[{"taxonomy":"product_brand","embeddable":true,"href":"https:\/\/www.sejourprive.com\/en\/wp-json\/wp\/v2\/product_brand?post=45761"},{"taxonomy":"product_cat","embeddable":true,"href":"https:\/\/www.sejourprive.com\/en\/wp-json\/wp\/v2\/product_cat?post=45761"},{"taxonomy":"product_tag","embeddable":true,"href":"https:\/\/www.sejourprive.com\/en\/wp-json\/wp\/v2\/product_tag?post=45761"}],"curies":[{"name":"wp","href":"https:\/\/api.w.org\/{rel}","templated":true}]}}