{"id":44783,"date":"2026-03-10T12:01:40","date_gmt":"2026-03-10T11:01:40","guid":{"rendered":"https:\/\/www.sejourprive.com\/?post_type=product&#038;p=44783"},"modified":"2026-03-10T12:01:40","modified_gmt":"2026-03-10T11:01:40","slug":"villa-fontana-capannori-lucques-toscane-italie","status":"publish","type":"product","link":"https:\/\/www.sejourprive.com\/en\/biens\/villa-fontana-capannori-lucques-toscane-italie\/","title":{"rendered":"Villa Fontana, Capannori, Lucca, Tuscany, Italy"},"content":{"rendered":"<p>Nich\u00e9e au c\u0153ur de la campagne lucquoise, La Villa Fontana incarne l&#8217;\u00e9l\u00e9gance toscane. Son architecture intemporelle se fond harmonieusement dans les collines vallonn\u00e9es et les oliveraies. \u00c0 quelques minutes seulement, de charmants villages et des sites historiques r\u00e9v\u00e8lent un riche patrimoine, o\u00f9 la tradition rencontre la dolce vita.<br \/>\n<span><div class=\"read-more-wrapper\"><a class=\"read-more-button\" data-target=\"read-more-69f5cd4259045\" data-more-text=\"Read more\" data-less-text=\"Read less\"><span class=\"read-more-text\">Read more<\/span><\/a><div id=\"read-more-69f5cd4259045\" class=\"read-more-content\"> <\/span><\/p>\n<p>R\u00e9veillez-vous sous les rayons dor\u00e9s du soleil qui filtrent \u00e0 travers les volets, puis laissez-vous porter par le rythme paisible de la villa. Une baignade rafra\u00eechissante, un d\u00e9jeuner sous la pergola, une promenade au cr\u00e9puscule&#8230; Chaque instant se d\u00e9roule en parfaite harmonie entre confort et nature, vous promettant une escapade inoubliable.<\/div><\/div><\/p>","protected":false},"excerpt":{"rendered":"<p>Nich\u00e9e au c\u0153ur de la campagne lucquoise, La Villa Fontana incarne l&#8217;\u00e9l\u00e9gance toscane. Son architecture intemporelle se fond harmonieusement dans&#8230;<\/p>","protected":false},"featured_media":44785,"comment_status":"open","ping_status":"closed","template":"","meta":{"_acf_changed":false},"product_brand":[],"product_cat":[15],"product_tag":[],"class_list":{"0":"post-44783","1":"product","2":"type-product","3":"status-publish","4":"has-post-thumbnail","6":"product_cat-villa","7":"property_location-italie","8":"property_location-toscane","10":"first","11":"instock","12":"sold-individually","13":"shipping-taxable","14":"purchasable","15":"product-type-simple"},"acf":[],"yoast_head":"<!-- This site is optimized with the Yoast SEO plugin v26.6 - https:\/\/yoast.com\/wordpress\/plugins\/seo\/ -->\n<title>Villa Fontana, Capannori, Lucques, Toscane, Italie - S\u00e9jour Priv\u00e9<\/title>\n<meta name=\"description\" content=\"Nich\u00e9e au c\u0153ur de la campagne lucquoise, La Villa Fontana incarne l&#039;\u00e9l\u00e9gance toscane. Son architecture intemporelle se fond harmonieusement dans les\" \/>\n<meta name=\"robots\" content=\"index, follow, max-snippet:-1, max-image-preview:large, max-video-preview:-1\" \/>\n<link rel=\"canonical\" href=\"https:\/\/www.sejourprive.com\/en\/biens\/villa-fontana-capannori-lucques-toscane-italie\/\" \/>\n<meta property=\"og:locale\" content=\"en_GB\" \/>\n<meta property=\"og:type\" content=\"article\" \/>\n<meta property=\"og:title\" content=\"Villa Fontana, Capannori, Lucques, Toscane, Italie - S\u00e9jour Priv\u00e9\" \/>\n<meta property=\"og:description\" content=\"Nich\u00e9e au c\u0153ur de la campagne lucquoise, La Villa Fontana incarne l&#039;\u00e9l\u00e9gance toscane. Son architecture intemporelle se fond harmonieusement dans les\" \/>\n<meta property=\"og:url\" content=\"https:\/\/www.sejourprive.com\/en\/biens\/villa-fontana-capannori-lucques-toscane-italie\/\" \/>\n<meta property=\"og:site_name\" content=\"S\u00e9jour Priv\u00e9\" \/>\n<meta property=\"og:image\" content=\"https:\/\/www.sejourprive.com\/wp-content\/uploads\/2026\/03\/0-77.jpg\" \/>\n\t<meta property=\"og:image:width\" content=\"1200\" \/>\n\t<meta property=\"og:image:height\" content=\"799\" \/>\n\t<meta property=\"og:image:type\" content=\"image\/jpeg\" \/>\n<meta name=\"twitter:card\" content=\"summary_large_image\" \/>\n<meta name=\"twitter:label1\" content=\"Estimated reading time\" \/>\n\t<meta name=\"twitter:data1\" content=\"1 minute\" \/>\n<script type=\"application\/ld+json\" class=\"yoast-schema-graph\">{\"@context\":\"https:\/\/schema.org\",\"@graph\":[{\"@type\":\"WebPage\",\"@id\":\"https:\/\/www.sejourprive.com\/biens\/villa-fontana-capannori-lucques-toscane-italie\/\",\"url\":\"https:\/\/www.sejourprive.com\/biens\/villa-fontana-capannori-lucques-toscane-italie\/\",\"name\":\"Villa Fontana, Capannori, Lucques, Toscane, Italie - S\u00e9jour Priv\u00e9\",\"isPartOf\":{\"@id\":\"https:\/\/www.sejourprive.com\/#website\"},\"primaryImageOfPage\":{\"@id\":\"https:\/\/www.sejourprive.com\/biens\/villa-fontana-capannori-lucques-toscane-italie\/#primaryimage\"},\"image\":{\"@id\":\"https:\/\/www.sejourprive.com\/biens\/villa-fontana-capannori-lucques-toscane-italie\/#primaryimage\"},\"thumbnailUrl\":\"https:\/\/www.sejourprive.com\/wp-content\/uploads\/2026\/03\/0-77.jpg\",\"datePublished\":\"2026-03-10T11:01:40+00:00\",\"description\":\"Nich\u00e9e au c\u0153ur de la campagne lucquoise, La Villa Fontana incarne l'\u00e9l\u00e9gance toscane. Son architecture intemporelle se fond harmonieusement dans les\",\"breadcrumb\":{\"@id\":\"https:\/\/www.sejourprive.com\/biens\/villa-fontana-capannori-lucques-toscane-italie\/#breadcrumb\"},\"inLanguage\":\"en-GB\",\"potentialAction\":[{\"@type\":\"ReadAction\",\"target\":[\"https:\/\/www.sejourprive.com\/biens\/villa-fontana-capannori-lucques-toscane-italie\/\"]}]},{\"@type\":\"ImageObject\",\"inLanguage\":\"en-GB\",\"@id\":\"https:\/\/www.sejourprive.com\/biens\/villa-fontana-capannori-lucques-toscane-italie\/#primaryimage\",\"url\":\"https:\/\/www.sejourprive.com\/wp-content\/uploads\/2026\/03\/0-77.jpg\",\"contentUrl\":\"https:\/\/www.sejourprive.com\/wp-content\/uploads\/2026\/03\/0-77.jpg\",\"width\":1200,\"height\":799},{\"@type\":\"BreadcrumbList\",\"@id\":\"https:\/\/www.sejourprive.com\/biens\/villa-fontana-capannori-lucques-toscane-italie\/#breadcrumb\",\"itemListElement\":[{\"@type\":\"ListItem\",\"position\":1,\"name\":\"Accueil\",\"item\":\"https:\/\/www.sejourprive.com\/\"},{\"@type\":\"ListItem\",\"position\":2,\"name\":\"Shop\",\"item\":\"https:\/\/www.sejourprive.com\/shop\/\"},{\"@type\":\"ListItem\",\"position\":3,\"name\":\"Villa Fontana, Capannori, Lucques, Toscane, Italie\"}]},{\"@type\":\"WebSite\",\"@id\":\"https:\/\/www.sejourprive.com\/#website\",\"url\":\"https:\/\/www.sejourprive.com\/\",\"name\":\"S\u00e9jour Priv\u00e9\",\"description\":\"Nous imaginons pour vous des s\u00e9jours d\u2019exception.\",\"publisher\":{\"@id\":\"https:\/\/www.sejourprive.com\/#organization\"},\"potentialAction\":[{\"@type\":\"SearchAction\",\"target\":{\"@type\":\"EntryPoint\",\"urlTemplate\":\"https:\/\/www.sejourprive.com\/?s={search_term_string}\"},\"query-input\":{\"@type\":\"PropertyValueSpecification\",\"valueRequired\":true,\"valueName\":\"search_term_string\"}}],\"inLanguage\":\"en-GB\"},{\"@type\":\"Organization\",\"@id\":\"https:\/\/www.sejourprive.com\/#organization\",\"name\":\"S\u00e9jour Priv\u00e9\",\"url\":\"https:\/\/www.sejourprive.com\/\",\"logo\":{\"@type\":\"ImageObject\",\"inLanguage\":\"en-GB\",\"@id\":\"https:\/\/www.sejourprive.com\/#\/schema\/logo\/image\/\",\"url\":\"https:\/\/www.sejourprive.com\/wp-content\/uploads\/2026\/02\/SP-Apple-touch-144-couleur-1-2.png\",\"contentUrl\":\"https:\/\/www.sejourprive.com\/wp-content\/uploads\/2026\/02\/SP-Apple-touch-144-couleur-1-2.png\",\"width\":145,\"height\":145,\"caption\":\"S\u00e9jour Priv\u00e9\"},\"image\":{\"@id\":\"https:\/\/www.sejourprive.com\/#\/schema\/logo\/image\/\"}}]}<\/script>\n<!-- \/ Yoast SEO plugin. -->","yoast_head_json":{"title":"Villa Fontana, Capannori, Lucques, Toscane, Italie - S\u00e9jour Priv\u00e9","description":"Nich\u00e9e au c\u0153ur de la campagne lucquoise, La Villa Fontana incarne l'\u00e9l\u00e9gance toscane. Son architecture intemporelle se fond harmonieusement dans les","robots":{"index":"index","follow":"follow","max-snippet":"max-snippet:-1","max-image-preview":"max-image-preview:large","max-video-preview":"max-video-preview:-1"},"canonical":"https:\/\/www.sejourprive.com\/en\/biens\/villa-fontana-capannori-lucques-toscane-italie\/","og_locale":"en_GB","og_type":"article","og_title":"Villa Fontana, Capannori, Lucques, Toscane, Italie - S\u00e9jour Priv\u00e9","og_description":"Nich\u00e9e au c\u0153ur de la campagne lucquoise, La Villa Fontana incarne l'\u00e9l\u00e9gance toscane. Son architecture intemporelle se fond harmonieusement dans les","og_url":"https:\/\/www.sejourprive.com\/en\/biens\/villa-fontana-capannori-lucques-toscane-italie\/","og_site_name":"S\u00e9jour Priv\u00e9","og_image":[{"width":1200,"height":799,"url":"https:\/\/www.sejourprive.com\/wp-content\/uploads\/2026\/03\/0-77.jpg","type":"image\/jpeg"}],"twitter_card":"summary_large_image","twitter_misc":{"Estimated reading time":"1 minute"},"schema":{"@context":"https:\/\/schema.org","@graph":[{"@type":"WebPage","@id":"https:\/\/www.sejourprive.com\/biens\/villa-fontana-capannori-lucques-toscane-italie\/","url":"https:\/\/www.sejourprive.com\/biens\/villa-fontana-capannori-lucques-toscane-italie\/","name":"Villa Fontana, Capannori, Lucques, Toscane, Italie - S\u00e9jour Priv\u00e9","isPartOf":{"@id":"https:\/\/www.sejourprive.com\/#website"},"primaryImageOfPage":{"@id":"https:\/\/www.sejourprive.com\/biens\/villa-fontana-capannori-lucques-toscane-italie\/#primaryimage"},"image":{"@id":"https:\/\/www.sejourprive.com\/biens\/villa-fontana-capannori-lucques-toscane-italie\/#primaryimage"},"thumbnailUrl":"https:\/\/www.sejourprive.com\/wp-content\/uploads\/2026\/03\/0-77.jpg","datePublished":"2026-03-10T11:01:40+00:00","description":"Nich\u00e9e au c\u0153ur de la campagne lucquoise, La Villa Fontana incarne l'\u00e9l\u00e9gance toscane. Son architecture intemporelle se fond harmonieusement dans les","breadcrumb":{"@id":"https:\/\/www.sejourprive.com\/biens\/villa-fontana-capannori-lucques-toscane-italie\/#breadcrumb"},"inLanguage":"en-GB","potentialAction":[{"@type":"ReadAction","target":["https:\/\/www.sejourprive.com\/biens\/villa-fontana-capannori-lucques-toscane-italie\/"]}]},{"@type":"ImageObject","inLanguage":"en-GB","@id":"https:\/\/www.sejourprive.com\/biens\/villa-fontana-capannori-lucques-toscane-italie\/#primaryimage","url":"https:\/\/www.sejourprive.com\/wp-content\/uploads\/2026\/03\/0-77.jpg","contentUrl":"https:\/\/www.sejourprive.com\/wp-content\/uploads\/2026\/03\/0-77.jpg","width":1200,"height":799},{"@type":"BreadcrumbList","@id":"https:\/\/www.sejourprive.com\/biens\/villa-fontana-capannori-lucques-toscane-italie\/#breadcrumb","itemListElement":[{"@type":"ListItem","position":1,"name":"Accueil","item":"https:\/\/www.sejourprive.com\/"},{"@type":"ListItem","position":2,"name":"Shop","item":"https:\/\/www.sejourprive.com\/shop\/"},{"@type":"ListItem","position":3,"name":"Villa Fontana, Capannori, Lucques, Toscane, Italie"}]},{"@type":"WebSite","@id":"https:\/\/www.sejourprive.com\/#website","url":"https:\/\/www.sejourprive.com\/","name":"Private Stay","description":"We design exceptional holidays for you.","publisher":{"@id":"https:\/\/www.sejourprive.com\/#organization"},"potentialAction":[{"@type":"SearchAction","target":{"@type":"EntryPoint","urlTemplate":"https:\/\/www.sejourprive.com\/?s={search_term_string}"},"query-input":{"@type":"PropertyValueSpecification","valueRequired":true,"valueName":"search_term_string"}}],"inLanguage":"en-GB"},{"@type":"Organization","@id":"https:\/\/www.sejourprive.com\/#organization","name":"Private Stay","url":"https:\/\/www.sejourprive.com\/","logo":{"@type":"ImageObject","inLanguage":"en-GB","@id":"https:\/\/www.sejourprive.com\/#\/schema\/logo\/image\/","url":"https:\/\/www.sejourprive.com\/wp-content\/uploads\/2026\/02\/SP-Apple-touch-144-couleur-1-2.png","contentUrl":"https:\/\/www.sejourprive.com\/wp-content\/uploads\/2026\/02\/SP-Apple-touch-144-couleur-1-2.png","width":145,"height":145,"caption":"S\u00e9jour Priv\u00e9"},"image":{"@id":"https:\/\/www.sejourprive.com\/#\/schema\/logo\/image\/"}}]}},"_links":{"self":[{"href":"https:\/\/www.sejourprive.com\/en\/wp-json\/wp\/v2\/product\/44783","targetHints":{"allow":["GET"]}}],"collection":[{"href":"https:\/\/www.sejourprive.com\/en\/wp-json\/wp\/v2\/product"}],"about":[{"href":"https:\/\/www.sejourprive.com\/en\/wp-json\/wp\/v2\/types\/product"}],"replies":[{"embeddable":true,"href":"https:\/\/www.sejourprive.com\/en\/wp-json\/wp\/v2\/comments?post=44783"}],"version-history":[{"count":0,"href":"https:\/\/www.sejourprive.com\/en\/wp-json\/wp\/v2\/product\/44783\/revisions"}],"wp:featuredmedia":[{"embeddable":true,"href":"https:\/\/www.sejourprive.com\/en\/wp-json\/wp\/v2\/media\/44785"}],"wp:attachment":[{"href":"https:\/\/www.sejourprive.com\/en\/wp-json\/wp\/v2\/media?parent=44783"}],"wp:term":[{"taxonomy":"product_brand","embeddable":true,"href":"https:\/\/www.sejourprive.com\/en\/wp-json\/wp\/v2\/product_brand?post=44783"},{"taxonomy":"product_cat","embeddable":true,"href":"https:\/\/www.sejourprive.com\/en\/wp-json\/wp\/v2\/product_cat?post=44783"},{"taxonomy":"product_tag","embeddable":true,"href":"https:\/\/www.sejourprive.com\/en\/wp-json\/wp\/v2\/product_tag?post=44783"}],"curies":[{"name":"wp","href":"https:\/\/api.w.org\/{rel}","templated":true}]}}