{"id":38488,"date":"2026-02-26T14:53:49","date_gmt":"2026-02-26T13:53:49","guid":{"rendered":"https:\/\/www.sejourprive.com\/?post_type=product&#038;p=38488"},"modified":"2026-02-26T14:53:49","modified_gmt":"2026-02-26T13:53:49","slug":"villa-kailani-ibiza-iles-baleares-espagne","status":"publish","type":"product","link":"https:\/\/www.sejourprive.com\/en\/biens\/villa-kailani-ibiza-iles-baleares-espagne\/","title":{"rendered":"Villa Kailani, Ibiza, Balearic Islands, Spain"},"content":{"rendered":"<p>L&#8217;int\u00e9rieur de la villa est magnifiquement d\u00e9cor\u00e9, alliant avec art un mobilier chic et contemporain \u00e0 des touches rustiques traditionnelles. Le salon et la salle \u00e0 manger spacieux et ouverts offrent une vue imprenable sur la mer, parfaite pour se d\u00e9tendre. <\/p>\n<p><span><div class=\"read-more-wrapper\"><a class=\"read-more-button\" data-target=\"read-more-69f47b89a8662\" data-more-text=\"Read more\" data-less-text=\"Read less\"><span class=\"read-more-text\">Read more<\/span><\/a><div id=\"read-more-69f47b89a8662\" class=\"read-more-content\"> <\/span><br \/>\nLa maison principale dispose d&#8217;une cuisine moderne enti\u00e8rement \u00e9quip\u00e9e avec tous les appareils \u00e9lectrom\u00e9nagers modernes, ainsi que d&#8217;une cuisine industrielle suppl\u00e9mentaire pour les chefs priv\u00e9s.<\/p>\n<p>Cette maison moderne impeccablement entretenue est priv\u00e9e, spacieuse et entour\u00e9e de jardins et de pelouses luxuriants et soigneusement entretenus. Profitez d&#8217;une vue imprenable sur la mer depuis le confort et le luxe de l&#8217;une des terrasses, ou d\u00e9tendez-vous dans l&#8217;un des nombreux espaces de d\u00e9tente exclusifs situ\u00e9s \u00e0 c\u00f4t\u00e9 de la piscine spectaculaire. Vous y trouverez \u00e9galement un magnifique et spacieux coin repas ext\u00e9rieur et un court de tennis priv\u00e9. Le bar sur mesure est l&#8217;endroit id\u00e9al pour recevoir vos invit\u00e9s avec des cocktails avant la f\u00eate.<\/div><\/div><\/p>","protected":false},"excerpt":{"rendered":"<p>L&#8217;int\u00e9rieur de la villa est magnifiquement d\u00e9cor\u00e9, alliant avec art un mobilier chic et contemporain \u00e0 des touches rustiques traditionnelles&#8230;.<\/p>","protected":false},"featured_media":38623,"comment_status":"open","ping_status":"closed","template":"","meta":{"_acf_changed":false},"product_brand":[],"product_cat":[15],"product_tag":[],"class_list":{"0":"post-38488","1":"product","2":"type-product","3":"status-publish","4":"has-post-thumbnail","6":"product_cat-villa","7":"property_location-espagne","8":"property_location-ibiza","10":"first","11":"instock","12":"sold-individually","13":"shipping-taxable","14":"purchasable","15":"product-type-simple"},"acf":[],"yoast_head":"<!-- This site is optimized with the Yoast SEO plugin v26.6 - https:\/\/yoast.com\/wordpress\/plugins\/seo\/ -->\n<title>Villa Kailani, Ibiza, \u00celes Bal\u00e9ares, Espagne - S\u00e9jour Priv\u00e9<\/title>\n<meta name=\"description\" content=\"L&#039;int\u00e9rieur de la villa est magnifiquement d\u00e9cor\u00e9, alliant avec art un mobilier chic et contemporain \u00e0 des touches rustiques traditionnelles. Le salon et\" \/>\n<meta name=\"robots\" content=\"index, follow, max-snippet:-1, max-image-preview:large, max-video-preview:-1\" \/>\n<link rel=\"canonical\" href=\"https:\/\/www.sejourprive.com\/en\/biens\/villa-kailani-ibiza-iles-baleares-espagne\/\" \/>\n<meta property=\"og:locale\" content=\"en_GB\" \/>\n<meta property=\"og:type\" content=\"article\" \/>\n<meta property=\"og:title\" content=\"Villa Kailani, Ibiza, \u00celes Bal\u00e9ares, Espagne - S\u00e9jour Priv\u00e9\" \/>\n<meta property=\"og:description\" content=\"L&#039;int\u00e9rieur de la villa est magnifiquement d\u00e9cor\u00e9, alliant avec art un mobilier chic et contemporain \u00e0 des touches rustiques traditionnelles. Le salon et\" \/>\n<meta property=\"og:url\" content=\"https:\/\/www.sejourprive.com\/en\/biens\/villa-kailani-ibiza-iles-baleares-espagne\/\" \/>\n<meta property=\"og:site_name\" content=\"S\u00e9jour Priv\u00e9\" \/>\n<meta property=\"og:image\" content=\"https:\/\/www.sejourprive.com\/wp-content\/uploads\/2026\/02\/0-174.jpg\" \/>\n\t<meta property=\"og:image:width\" content=\"1200\" \/>\n\t<meta property=\"og:image:height\" content=\"675\" \/>\n\t<meta property=\"og:image:type\" content=\"image\/jpeg\" \/>\n<meta name=\"twitter:card\" content=\"summary_large_image\" \/>\n<meta name=\"twitter:label1\" content=\"Estimated reading time\" \/>\n\t<meta name=\"twitter:data1\" content=\"1 minute\" \/>\n<script type=\"application\/ld+json\" class=\"yoast-schema-graph\">{\"@context\":\"https:\/\/schema.org\",\"@graph\":[{\"@type\":\"WebPage\",\"@id\":\"https:\/\/www.sejourprive.com\/biens\/villa-kailani-ibiza-iles-baleares-espagne\/\",\"url\":\"https:\/\/www.sejourprive.com\/biens\/villa-kailani-ibiza-iles-baleares-espagne\/\",\"name\":\"Villa Kailani, Ibiza, \u00celes Bal\u00e9ares, Espagne - S\u00e9jour Priv\u00e9\",\"isPartOf\":{\"@id\":\"https:\/\/www.sejourprive.com\/#website\"},\"primaryImageOfPage\":{\"@id\":\"https:\/\/www.sejourprive.com\/biens\/villa-kailani-ibiza-iles-baleares-espagne\/#primaryimage\"},\"image\":{\"@id\":\"https:\/\/www.sejourprive.com\/biens\/villa-kailani-ibiza-iles-baleares-espagne\/#primaryimage\"},\"thumbnailUrl\":\"https:\/\/www.sejourprive.com\/wp-content\/uploads\/2026\/02\/0-174.jpg\",\"datePublished\":\"2026-02-26T13:53:49+00:00\",\"description\":\"L'int\u00e9rieur de la villa est magnifiquement d\u00e9cor\u00e9, alliant avec art un mobilier chic et contemporain \u00e0 des touches rustiques traditionnelles. Le salon et\",\"breadcrumb\":{\"@id\":\"https:\/\/www.sejourprive.com\/biens\/villa-kailani-ibiza-iles-baleares-espagne\/#breadcrumb\"},\"inLanguage\":\"en-GB\",\"potentialAction\":[{\"@type\":\"ReadAction\",\"target\":[\"https:\/\/www.sejourprive.com\/biens\/villa-kailani-ibiza-iles-baleares-espagne\/\"]}]},{\"@type\":\"ImageObject\",\"inLanguage\":\"en-GB\",\"@id\":\"https:\/\/www.sejourprive.com\/biens\/villa-kailani-ibiza-iles-baleares-espagne\/#primaryimage\",\"url\":\"https:\/\/www.sejourprive.com\/wp-content\/uploads\/2026\/02\/0-174.jpg\",\"contentUrl\":\"https:\/\/www.sejourprive.com\/wp-content\/uploads\/2026\/02\/0-174.jpg\",\"width\":1200,\"height\":675},{\"@type\":\"BreadcrumbList\",\"@id\":\"https:\/\/www.sejourprive.com\/biens\/villa-kailani-ibiza-iles-baleares-espagne\/#breadcrumb\",\"itemListElement\":[{\"@type\":\"ListItem\",\"position\":1,\"name\":\"Accueil\",\"item\":\"https:\/\/www.sejourprive.com\/\"},{\"@type\":\"ListItem\",\"position\":2,\"name\":\"Shop\",\"item\":\"https:\/\/www.sejourprive.com\/shop\/\"},{\"@type\":\"ListItem\",\"position\":3,\"name\":\"Villa Kailani, Ibiza, \u00celes Bal\u00e9ares, Espagne\"}]},{\"@type\":\"WebSite\",\"@id\":\"https:\/\/www.sejourprive.com\/#website\",\"url\":\"https:\/\/www.sejourprive.com\/\",\"name\":\"S\u00e9jour Priv\u00e9\",\"description\":\"Nous imaginons pour vous des s\u00e9jours d\u2019exception.\",\"publisher\":{\"@id\":\"https:\/\/www.sejourprive.com\/#organization\"},\"potentialAction\":[{\"@type\":\"SearchAction\",\"target\":{\"@type\":\"EntryPoint\",\"urlTemplate\":\"https:\/\/www.sejourprive.com\/?s={search_term_string}\"},\"query-input\":{\"@type\":\"PropertyValueSpecification\",\"valueRequired\":true,\"valueName\":\"search_term_string\"}}],\"inLanguage\":\"en-GB\"},{\"@type\":\"Organization\",\"@id\":\"https:\/\/www.sejourprive.com\/#organization\",\"name\":\"S\u00e9jour Priv\u00e9\",\"url\":\"https:\/\/www.sejourprive.com\/\",\"logo\":{\"@type\":\"ImageObject\",\"inLanguage\":\"en-GB\",\"@id\":\"https:\/\/www.sejourprive.com\/#\/schema\/logo\/image\/\",\"url\":\"https:\/\/www.sejourprive.com\/wp-content\/uploads\/2026\/02\/SP-Apple-touch-144-couleur-1-2.png\",\"contentUrl\":\"https:\/\/www.sejourprive.com\/wp-content\/uploads\/2026\/02\/SP-Apple-touch-144-couleur-1-2.png\",\"width\":145,\"height\":145,\"caption\":\"S\u00e9jour Priv\u00e9\"},\"image\":{\"@id\":\"https:\/\/www.sejourprive.com\/#\/schema\/logo\/image\/\"}}]}<\/script>\n<!-- \/ Yoast SEO plugin. -->","yoast_head_json":{"title":"Villa Kailani, Ibiza, \u00celes Bal\u00e9ares, Espagne - S\u00e9jour Priv\u00e9","description":"L'int\u00e9rieur de la villa est magnifiquement d\u00e9cor\u00e9, alliant avec art un mobilier chic et contemporain \u00e0 des touches rustiques traditionnelles. Le salon et","robots":{"index":"index","follow":"follow","max-snippet":"max-snippet:-1","max-image-preview":"max-image-preview:large","max-video-preview":"max-video-preview:-1"},"canonical":"https:\/\/www.sejourprive.com\/en\/biens\/villa-kailani-ibiza-iles-baleares-espagne\/","og_locale":"en_GB","og_type":"article","og_title":"Villa Kailani, Ibiza, \u00celes Bal\u00e9ares, Espagne - S\u00e9jour Priv\u00e9","og_description":"L'int\u00e9rieur de la villa est magnifiquement d\u00e9cor\u00e9, alliant avec art un mobilier chic et contemporain \u00e0 des touches rustiques traditionnelles. Le salon et","og_url":"https:\/\/www.sejourprive.com\/en\/biens\/villa-kailani-ibiza-iles-baleares-espagne\/","og_site_name":"S\u00e9jour Priv\u00e9","og_image":[{"width":1200,"height":675,"url":"https:\/\/www.sejourprive.com\/wp-content\/uploads\/2026\/02\/0-174.jpg","type":"image\/jpeg"}],"twitter_card":"summary_large_image","twitter_misc":{"Estimated reading time":"1 minute"},"schema":{"@context":"https:\/\/schema.org","@graph":[{"@type":"WebPage","@id":"https:\/\/www.sejourprive.com\/biens\/villa-kailani-ibiza-iles-baleares-espagne\/","url":"https:\/\/www.sejourprive.com\/biens\/villa-kailani-ibiza-iles-baleares-espagne\/","name":"Villa Kailani, Ibiza, \u00celes Bal\u00e9ares, Espagne - S\u00e9jour Priv\u00e9","isPartOf":{"@id":"https:\/\/www.sejourprive.com\/#website"},"primaryImageOfPage":{"@id":"https:\/\/www.sejourprive.com\/biens\/villa-kailani-ibiza-iles-baleares-espagne\/#primaryimage"},"image":{"@id":"https:\/\/www.sejourprive.com\/biens\/villa-kailani-ibiza-iles-baleares-espagne\/#primaryimage"},"thumbnailUrl":"https:\/\/www.sejourprive.com\/wp-content\/uploads\/2026\/02\/0-174.jpg","datePublished":"2026-02-26T13:53:49+00:00","description":"L'int\u00e9rieur de la villa est magnifiquement d\u00e9cor\u00e9, alliant avec art un mobilier chic et contemporain \u00e0 des touches rustiques traditionnelles. Le salon et","breadcrumb":{"@id":"https:\/\/www.sejourprive.com\/biens\/villa-kailani-ibiza-iles-baleares-espagne\/#breadcrumb"},"inLanguage":"en-GB","potentialAction":[{"@type":"ReadAction","target":["https:\/\/www.sejourprive.com\/biens\/villa-kailani-ibiza-iles-baleares-espagne\/"]}]},{"@type":"ImageObject","inLanguage":"en-GB","@id":"https:\/\/www.sejourprive.com\/biens\/villa-kailani-ibiza-iles-baleares-espagne\/#primaryimage","url":"https:\/\/www.sejourprive.com\/wp-content\/uploads\/2026\/02\/0-174.jpg","contentUrl":"https:\/\/www.sejourprive.com\/wp-content\/uploads\/2026\/02\/0-174.jpg","width":1200,"height":675},{"@type":"BreadcrumbList","@id":"https:\/\/www.sejourprive.com\/biens\/villa-kailani-ibiza-iles-baleares-espagne\/#breadcrumb","itemListElement":[{"@type":"ListItem","position":1,"name":"Accueil","item":"https:\/\/www.sejourprive.com\/"},{"@type":"ListItem","position":2,"name":"Shop","item":"https:\/\/www.sejourprive.com\/shop\/"},{"@type":"ListItem","position":3,"name":"Villa Kailani, Ibiza, \u00celes Bal\u00e9ares, Espagne"}]},{"@type":"WebSite","@id":"https:\/\/www.sejourprive.com\/#website","url":"https:\/\/www.sejourprive.com\/","name":"Private Stay","description":"We design exceptional holidays for you.","publisher":{"@id":"https:\/\/www.sejourprive.com\/#organization"},"potentialAction":[{"@type":"SearchAction","target":{"@type":"EntryPoint","urlTemplate":"https:\/\/www.sejourprive.com\/?s={search_term_string}"},"query-input":{"@type":"PropertyValueSpecification","valueRequired":true,"valueName":"search_term_string"}}],"inLanguage":"en-GB"},{"@type":"Organization","@id":"https:\/\/www.sejourprive.com\/#organization","name":"Private Stay","url":"https:\/\/www.sejourprive.com\/","logo":{"@type":"ImageObject","inLanguage":"en-GB","@id":"https:\/\/www.sejourprive.com\/#\/schema\/logo\/image\/","url":"https:\/\/www.sejourprive.com\/wp-content\/uploads\/2026\/02\/SP-Apple-touch-144-couleur-1-2.png","contentUrl":"https:\/\/www.sejourprive.com\/wp-content\/uploads\/2026\/02\/SP-Apple-touch-144-couleur-1-2.png","width":145,"height":145,"caption":"S\u00e9jour Priv\u00e9"},"image":{"@id":"https:\/\/www.sejourprive.com\/#\/schema\/logo\/image\/"}}]}},"_links":{"self":[{"href":"https:\/\/www.sejourprive.com\/en\/wp-json\/wp\/v2\/product\/38488","targetHints":{"allow":["GET"]}}],"collection":[{"href":"https:\/\/www.sejourprive.com\/en\/wp-json\/wp\/v2\/product"}],"about":[{"href":"https:\/\/www.sejourprive.com\/en\/wp-json\/wp\/v2\/types\/product"}],"replies":[{"embeddable":true,"href":"https:\/\/www.sejourprive.com\/en\/wp-json\/wp\/v2\/comments?post=38488"}],"version-history":[{"count":0,"href":"https:\/\/www.sejourprive.com\/en\/wp-json\/wp\/v2\/product\/38488\/revisions"}],"wp:featuredmedia":[{"embeddable":true,"href":"https:\/\/www.sejourprive.com\/en\/wp-json\/wp\/v2\/media\/38623"}],"wp:attachment":[{"href":"https:\/\/www.sejourprive.com\/en\/wp-json\/wp\/v2\/media?parent=38488"}],"wp:term":[{"taxonomy":"product_brand","embeddable":true,"href":"https:\/\/www.sejourprive.com\/en\/wp-json\/wp\/v2\/product_brand?post=38488"},{"taxonomy":"product_cat","embeddable":true,"href":"https:\/\/www.sejourprive.com\/en\/wp-json\/wp\/v2\/product_cat?post=38488"},{"taxonomy":"product_tag","embeddable":true,"href":"https:\/\/www.sejourprive.com\/en\/wp-json\/wp\/v2\/product_tag?post=38488"}],"curies":[{"name":"wp","href":"https:\/\/api.w.org\/{rel}","templated":true}]}}