{"id":36242,"date":"2026-02-23T17:18:05","date_gmt":"2026-02-23T16:18:05","guid":{"rendered":"https:\/\/www.sejourprive.com\/?post_type=product&#038;p=36242"},"modified":"2026-02-23T17:18:05","modified_gmt":"2026-02-23T16:18:05","slug":"villa-eloise-ibiza-iles-baleares-espagne","status":"publish","type":"product","link":"https:\/\/www.sejourprive.com\/en\/biens\/villa-eloise-ibiza-iles-baleares-espagne\/","title":{"rendered":"Villa Eloise, Ibiza, Balearic Islands, Spain"},"content":{"rendered":"<p>Perch\u00e9e sur la spectaculaire c\u00f4te d\u2019Ibiza, la Villa Eloise est une oasis de s\u00e9r\u00e9nit\u00e9 sous le soleil espagnol. Gr\u00e2ce \u00e0 ses lignes g\u00e9om\u00e9triques, elle se dessine parmi les collines verdoyantes et les criques isol\u00e9es, son \u00e9blouissante fa\u00e7ade blanche et ses murs de pierre rendant hommage \u00e0 son magnifique environnement naturel.<\/p>\n<p><span><div class=\"read-more-wrapper\"><a class=\"read-more-button\" data-target=\"read-more-69f2c7dcd93b0\" data-more-text=\"Read more\" data-less-text=\"Read less\"><span class=\"read-more-text\">Read more<\/span><\/a><div id=\"read-more-69f2c7dcd93b0\" class=\"read-more-content\"> <\/span>De bon matin, d\u00e9gustez un petit-d\u00e9jeuner pr\u00e9par\u00e9 pour vous, en savourant chaque bouch\u00e9e alors que le soleil illumine le jardin m\u00e9diterran\u00e9en. Au fil de la journ\u00e9e, vous pourrez peaufiner votre bronzage au bord de la piscine \u00e0 d\u00e9bordement, dont les eaux se confondent avec l\u2019horizon azur. \u00c0 l\u2019heure du cr\u00e9puscule, retrouvez-vous en famille sur la terrasse pour contempler la vue imprenable sur la mer et portez un toast avec votre tribu.<\/div><\/div> <\/p>","protected":false},"excerpt":{"rendered":"<p>Perch\u00e9e sur la spectaculaire c\u00f4te d\u2019Ibiza, la Villa Eloise est une oasis de s\u00e9r\u00e9nit\u00e9 sous le soleil espagnol. Gr\u00e2ce \u00e0&#8230;<\/p>","protected":false},"featured_media":36296,"comment_status":"open","ping_status":"closed","template":"","meta":{"_acf_changed":false},"product_brand":[],"product_cat":[15],"product_tag":[],"class_list":{"0":"post-36242","1":"product","2":"type-product","3":"status-publish","4":"has-post-thumbnail","6":"product_cat-villa","7":"property_location-espagne","8":"property_location-ibiza","10":"first","11":"instock","12":"sold-individually","13":"shipping-taxable","14":"purchasable","15":"product-type-simple"},"acf":[],"yoast_head":"<!-- This site is optimized with the Yoast SEO plugin v26.6 - https:\/\/yoast.com\/wordpress\/plugins\/seo\/ -->\n<title>Villa \u00c9loise, Ibiza, \u00celes Bal\u00e9ares, Espagne - S\u00e9jour Priv\u00e9<\/title>\n<meta name=\"description\" content=\"Perch\u00e9e sur la spectaculaire c\u00f4te d\u2019Ibiza, la Villa Eloise est une oasis de s\u00e9r\u00e9nit\u00e9 sous le soleil espagnol. Gr\u00e2ce \u00e0 ses lignes g\u00e9om\u00e9triques, elle se\" \/>\n<meta name=\"robots\" content=\"index, follow, max-snippet:-1, max-image-preview:large, max-video-preview:-1\" \/>\n<link rel=\"canonical\" href=\"https:\/\/www.sejourprive.com\/en\/biens\/villa-eloise-ibiza-iles-baleares-espagne\/\" \/>\n<meta property=\"og:locale\" content=\"en_GB\" \/>\n<meta property=\"og:type\" content=\"article\" \/>\n<meta property=\"og:title\" content=\"Villa \u00c9loise, Ibiza, \u00celes Bal\u00e9ares, Espagne - S\u00e9jour Priv\u00e9\" \/>\n<meta property=\"og:description\" content=\"Perch\u00e9e sur la spectaculaire c\u00f4te d\u2019Ibiza, la Villa Eloise est une oasis de s\u00e9r\u00e9nit\u00e9 sous le soleil espagnol. Gr\u00e2ce \u00e0 ses lignes g\u00e9om\u00e9triques, elle se\" \/>\n<meta property=\"og:url\" content=\"https:\/\/www.sejourprive.com\/en\/biens\/villa-eloise-ibiza-iles-baleares-espagne\/\" \/>\n<meta property=\"og:site_name\" content=\"S\u00e9jour Priv\u00e9\" \/>\n<meta property=\"og:image\" content=\"https:\/\/www.sejourprive.com\/wp-content\/uploads\/2026\/02\/1-126.jpg\" \/>\n\t<meta property=\"og:image:width\" content=\"1200\" \/>\n\t<meta property=\"og:image:height\" content=\"900\" \/>\n\t<meta property=\"og:image:type\" content=\"image\/jpeg\" \/>\n<meta name=\"twitter:card\" content=\"summary_large_image\" \/>\n<meta name=\"twitter:label1\" content=\"Estimated reading time\" \/>\n\t<meta name=\"twitter:data1\" content=\"1 minute\" \/>\n<script type=\"application\/ld+json\" class=\"yoast-schema-graph\">{\"@context\":\"https:\/\/schema.org\",\"@graph\":[{\"@type\":\"WebPage\",\"@id\":\"https:\/\/www.sejourprive.com\/biens\/villa-eloise-ibiza-iles-baleares-espagne\/\",\"url\":\"https:\/\/www.sejourprive.com\/biens\/villa-eloise-ibiza-iles-baleares-espagne\/\",\"name\":\"Villa \u00c9loise, Ibiza, \u00celes Bal\u00e9ares, Espagne - S\u00e9jour Priv\u00e9\",\"isPartOf\":{\"@id\":\"https:\/\/www.sejourprive.com\/#website\"},\"primaryImageOfPage\":{\"@id\":\"https:\/\/www.sejourprive.com\/biens\/villa-eloise-ibiza-iles-baleares-espagne\/#primaryimage\"},\"image\":{\"@id\":\"https:\/\/www.sejourprive.com\/biens\/villa-eloise-ibiza-iles-baleares-espagne\/#primaryimage\"},\"thumbnailUrl\":\"https:\/\/www.sejourprive.com\/wp-content\/uploads\/2026\/02\/1-126.jpg\",\"datePublished\":\"2026-02-23T16:18:05+00:00\",\"description\":\"Perch\u00e9e sur la spectaculaire c\u00f4te d\u2019Ibiza, la Villa Eloise est une oasis de s\u00e9r\u00e9nit\u00e9 sous le soleil espagnol. Gr\u00e2ce \u00e0 ses lignes g\u00e9om\u00e9triques, elle se\",\"breadcrumb\":{\"@id\":\"https:\/\/www.sejourprive.com\/biens\/villa-eloise-ibiza-iles-baleares-espagne\/#breadcrumb\"},\"inLanguage\":\"en-GB\",\"potentialAction\":[{\"@type\":\"ReadAction\",\"target\":[\"https:\/\/www.sejourprive.com\/biens\/villa-eloise-ibiza-iles-baleares-espagne\/\"]}]},{\"@type\":\"ImageObject\",\"inLanguage\":\"en-GB\",\"@id\":\"https:\/\/www.sejourprive.com\/biens\/villa-eloise-ibiza-iles-baleares-espagne\/#primaryimage\",\"url\":\"https:\/\/www.sejourprive.com\/wp-content\/uploads\/2026\/02\/1-126.jpg\",\"contentUrl\":\"https:\/\/www.sejourprive.com\/wp-content\/uploads\/2026\/02\/1-126.jpg\",\"width\":1200,\"height\":900},{\"@type\":\"BreadcrumbList\",\"@id\":\"https:\/\/www.sejourprive.com\/biens\/villa-eloise-ibiza-iles-baleares-espagne\/#breadcrumb\",\"itemListElement\":[{\"@type\":\"ListItem\",\"position\":1,\"name\":\"Accueil\",\"item\":\"https:\/\/www.sejourprive.com\/\"},{\"@type\":\"ListItem\",\"position\":2,\"name\":\"Shop\",\"item\":\"https:\/\/www.sejourprive.com\/shop\/\"},{\"@type\":\"ListItem\",\"position\":3,\"name\":\"Villa \u00c9loise, Ibiza, \u00celes Bal\u00e9ares, Espagne\"}]},{\"@type\":\"WebSite\",\"@id\":\"https:\/\/www.sejourprive.com\/#website\",\"url\":\"https:\/\/www.sejourprive.com\/\",\"name\":\"S\u00e9jour Priv\u00e9\",\"description\":\"Nous imaginons pour vous des s\u00e9jours d\u2019exception.\",\"publisher\":{\"@id\":\"https:\/\/www.sejourprive.com\/#organization\"},\"potentialAction\":[{\"@type\":\"SearchAction\",\"target\":{\"@type\":\"EntryPoint\",\"urlTemplate\":\"https:\/\/www.sejourprive.com\/?s={search_term_string}\"},\"query-input\":{\"@type\":\"PropertyValueSpecification\",\"valueRequired\":true,\"valueName\":\"search_term_string\"}}],\"inLanguage\":\"en-GB\"},{\"@type\":\"Organization\",\"@id\":\"https:\/\/www.sejourprive.com\/#organization\",\"name\":\"S\u00e9jour Priv\u00e9\",\"url\":\"https:\/\/www.sejourprive.com\/\",\"logo\":{\"@type\":\"ImageObject\",\"inLanguage\":\"en-GB\",\"@id\":\"https:\/\/www.sejourprive.com\/#\/schema\/logo\/image\/\",\"url\":\"https:\/\/www.sejourprive.com\/wp-content\/uploads\/2026\/02\/SP-Apple-touch-144-couleur-1-2.png\",\"contentUrl\":\"https:\/\/www.sejourprive.com\/wp-content\/uploads\/2026\/02\/SP-Apple-touch-144-couleur-1-2.png\",\"width\":145,\"height\":145,\"caption\":\"S\u00e9jour Priv\u00e9\"},\"image\":{\"@id\":\"https:\/\/www.sejourprive.com\/#\/schema\/logo\/image\/\"}}]}<\/script>\n<!-- \/ Yoast SEO plugin. -->","yoast_head_json":{"title":"Villa \u00c9loise, Ibiza, \u00celes Bal\u00e9ares, Espagne - S\u00e9jour Priv\u00e9","description":"Perch\u00e9e sur la spectaculaire c\u00f4te d\u2019Ibiza, la Villa Eloise est une oasis de s\u00e9r\u00e9nit\u00e9 sous le soleil espagnol. Gr\u00e2ce \u00e0 ses lignes g\u00e9om\u00e9triques, elle se","robots":{"index":"index","follow":"follow","max-snippet":"max-snippet:-1","max-image-preview":"max-image-preview:large","max-video-preview":"max-video-preview:-1"},"canonical":"https:\/\/www.sejourprive.com\/en\/biens\/villa-eloise-ibiza-iles-baleares-espagne\/","og_locale":"en_GB","og_type":"article","og_title":"Villa \u00c9loise, Ibiza, \u00celes Bal\u00e9ares, Espagne - S\u00e9jour Priv\u00e9","og_description":"Perch\u00e9e sur la spectaculaire c\u00f4te d\u2019Ibiza, la Villa Eloise est une oasis de s\u00e9r\u00e9nit\u00e9 sous le soleil espagnol. Gr\u00e2ce \u00e0 ses lignes g\u00e9om\u00e9triques, elle se","og_url":"https:\/\/www.sejourprive.com\/en\/biens\/villa-eloise-ibiza-iles-baleares-espagne\/","og_site_name":"S\u00e9jour Priv\u00e9","og_image":[{"width":1200,"height":900,"url":"https:\/\/www.sejourprive.com\/wp-content\/uploads\/2026\/02\/1-126.jpg","type":"image\/jpeg"}],"twitter_card":"summary_large_image","twitter_misc":{"Estimated reading time":"1 minute"},"schema":{"@context":"https:\/\/schema.org","@graph":[{"@type":"WebPage","@id":"https:\/\/www.sejourprive.com\/biens\/villa-eloise-ibiza-iles-baleares-espagne\/","url":"https:\/\/www.sejourprive.com\/biens\/villa-eloise-ibiza-iles-baleares-espagne\/","name":"Villa \u00c9loise, Ibiza, \u00celes Bal\u00e9ares, Espagne - S\u00e9jour Priv\u00e9","isPartOf":{"@id":"https:\/\/www.sejourprive.com\/#website"},"primaryImageOfPage":{"@id":"https:\/\/www.sejourprive.com\/biens\/villa-eloise-ibiza-iles-baleares-espagne\/#primaryimage"},"image":{"@id":"https:\/\/www.sejourprive.com\/biens\/villa-eloise-ibiza-iles-baleares-espagne\/#primaryimage"},"thumbnailUrl":"https:\/\/www.sejourprive.com\/wp-content\/uploads\/2026\/02\/1-126.jpg","datePublished":"2026-02-23T16:18:05+00:00","description":"Perch\u00e9e sur la spectaculaire c\u00f4te d\u2019Ibiza, la Villa Eloise est une oasis de s\u00e9r\u00e9nit\u00e9 sous le soleil espagnol. Gr\u00e2ce \u00e0 ses lignes g\u00e9om\u00e9triques, elle se","breadcrumb":{"@id":"https:\/\/www.sejourprive.com\/biens\/villa-eloise-ibiza-iles-baleares-espagne\/#breadcrumb"},"inLanguage":"en-GB","potentialAction":[{"@type":"ReadAction","target":["https:\/\/www.sejourprive.com\/biens\/villa-eloise-ibiza-iles-baleares-espagne\/"]}]},{"@type":"ImageObject","inLanguage":"en-GB","@id":"https:\/\/www.sejourprive.com\/biens\/villa-eloise-ibiza-iles-baleares-espagne\/#primaryimage","url":"https:\/\/www.sejourprive.com\/wp-content\/uploads\/2026\/02\/1-126.jpg","contentUrl":"https:\/\/www.sejourprive.com\/wp-content\/uploads\/2026\/02\/1-126.jpg","width":1200,"height":900},{"@type":"BreadcrumbList","@id":"https:\/\/www.sejourprive.com\/biens\/villa-eloise-ibiza-iles-baleares-espagne\/#breadcrumb","itemListElement":[{"@type":"ListItem","position":1,"name":"Accueil","item":"https:\/\/www.sejourprive.com\/"},{"@type":"ListItem","position":2,"name":"Shop","item":"https:\/\/www.sejourprive.com\/shop\/"},{"@type":"ListItem","position":3,"name":"Villa \u00c9loise, Ibiza, \u00celes Bal\u00e9ares, Espagne"}]},{"@type":"WebSite","@id":"https:\/\/www.sejourprive.com\/#website","url":"https:\/\/www.sejourprive.com\/","name":"Private Stay","description":"We design exceptional holidays for you.","publisher":{"@id":"https:\/\/www.sejourprive.com\/#organization"},"potentialAction":[{"@type":"SearchAction","target":{"@type":"EntryPoint","urlTemplate":"https:\/\/www.sejourprive.com\/?s={search_term_string}"},"query-input":{"@type":"PropertyValueSpecification","valueRequired":true,"valueName":"search_term_string"}}],"inLanguage":"en-GB"},{"@type":"Organization","@id":"https:\/\/www.sejourprive.com\/#organization","name":"Private Stay","url":"https:\/\/www.sejourprive.com\/","logo":{"@type":"ImageObject","inLanguage":"en-GB","@id":"https:\/\/www.sejourprive.com\/#\/schema\/logo\/image\/","url":"https:\/\/www.sejourprive.com\/wp-content\/uploads\/2026\/02\/SP-Apple-touch-144-couleur-1-2.png","contentUrl":"https:\/\/www.sejourprive.com\/wp-content\/uploads\/2026\/02\/SP-Apple-touch-144-couleur-1-2.png","width":145,"height":145,"caption":"S\u00e9jour Priv\u00e9"},"image":{"@id":"https:\/\/www.sejourprive.com\/#\/schema\/logo\/image\/"}}]}},"_links":{"self":[{"href":"https:\/\/www.sejourprive.com\/en\/wp-json\/wp\/v2\/product\/36242","targetHints":{"allow":["GET"]}}],"collection":[{"href":"https:\/\/www.sejourprive.com\/en\/wp-json\/wp\/v2\/product"}],"about":[{"href":"https:\/\/www.sejourprive.com\/en\/wp-json\/wp\/v2\/types\/product"}],"replies":[{"embeddable":true,"href":"https:\/\/www.sejourprive.com\/en\/wp-json\/wp\/v2\/comments?post=36242"}],"version-history":[{"count":0,"href":"https:\/\/www.sejourprive.com\/en\/wp-json\/wp\/v2\/product\/36242\/revisions"}],"wp:featuredmedia":[{"embeddable":true,"href":"https:\/\/www.sejourprive.com\/en\/wp-json\/wp\/v2\/media\/36296"}],"wp:attachment":[{"href":"https:\/\/www.sejourprive.com\/en\/wp-json\/wp\/v2\/media?parent=36242"}],"wp:term":[{"taxonomy":"product_brand","embeddable":true,"href":"https:\/\/www.sejourprive.com\/en\/wp-json\/wp\/v2\/product_brand?post=36242"},{"taxonomy":"product_cat","embeddable":true,"href":"https:\/\/www.sejourprive.com\/en\/wp-json\/wp\/v2\/product_cat?post=36242"},{"taxonomy":"product_tag","embeddable":true,"href":"https:\/\/www.sejourprive.com\/en\/wp-json\/wp\/v2\/product_tag?post=36242"}],"curies":[{"name":"wp","href":"https:\/\/api.w.org\/{rel}","templated":true}]}}