{"id":36076,"date":"2026-02-23T15:31:16","date_gmt":"2026-02-23T14:31:16","guid":{"rendered":"https:\/\/www.sejourprive.com\/?post_type=product&#038;p=36076"},"modified":"2026-02-23T15:31:16","modified_gmt":"2026-02-23T14:31:16","slug":"villa-you-ibiza-iles-baleares-espagne","status":"publish","type":"product","link":"https:\/\/www.sejourprive.com\/en\/biens\/villa-you-ibiza-iles-baleares-espagne\/","title":{"rendered":"Villa You, Ibiza, Balearic Islands, Spain"},"content":{"rendered":"<p>Les lignes \u00e9pur\u00e9es et la fa\u00e7ade immacul\u00e9e de la Villa You contrastent avec la v\u00e9g\u00e9tation dense. Des rayons de soleil traversent les grandes baies vitr\u00e9es modernes, baignant toute la villa. <span><div class=\"read-more-wrapper\"><a class=\"read-more-button\" data-target=\"read-more-69f441bdbd5a5\" data-more-text=\"Read more\" data-less-text=\"Read less\"><span class=\"read-more-text\">Read more<\/span><\/a><div id=\"read-more-69f441bdbd5a5\" class=\"read-more-content\"> <\/span>\u00c0 l\u2019int\u00e9rieur, le mobilier est un hommage minimaliste \u00e0 la nature avec sa sculpture en bois flott\u00e9, son canap\u00e9 en bambou et en lin ainsi que ses fauteuils en osier. Sur les murs, des peintures africaines mettent en valeur le style contemporain de la d\u00e9coration \u00e9pur\u00e9e. Prenez une grande inspiration dans les espaces ouverts des chambres. Allongez-vous aux pieds de la statue du Bouddha ou prenez un bain en regardant le coucher du soleil. <\/p>\n<p>Descendez chez Blue Martin Ibiza et savourez une assiette de pieuvre grill\u00e9e au citron en plantant vos orteils dans le sable. C\u00e9dez \u00e0 la tentation et go\u00fbtez l\u2019un de leurs cocktails color\u00e9s et rafra\u00eechissants. Lorsque le soleil est \u00e0 son point le plus \u00e9lev\u00e9, il faut se r\u00e9fugier \u00e0 l\u2019ombre des rideaux sur la terrasse de la villa. Plonge-toi dans l\u2019impressionnante piscine d\u00e9bordante qui semble s\u2019\u00e9tendre jusqu\u2019\u00e0 l\u2019horizon.<\/div><\/div><\/p>","protected":false},"excerpt":{"rendered":"<p>Les lignes \u00e9pur\u00e9es et la fa\u00e7ade immacul\u00e9e de la Villa You contrastent avec la v\u00e9g\u00e9tation dense. Des rayons de soleil&#8230;<\/p>","protected":false},"featured_media":36115,"comment_status":"open","ping_status":"closed","template":"","meta":{"_acf_changed":false},"product_brand":[],"product_cat":[15],"product_tag":[],"class_list":{"0":"post-36076","1":"product","2":"type-product","3":"status-publish","4":"has-post-thumbnail","6":"product_cat-villa","7":"property_location-espagne","8":"property_location-ibiza","10":"first","11":"instock","12":"sold-individually","13":"shipping-taxable","14":"purchasable","15":"product-type-simple"},"acf":[],"yoast_head":"<!-- This site is optimized with the Yoast SEO plugin v26.6 - https:\/\/yoast.com\/wordpress\/plugins\/seo\/ -->\n<title>Villa You, Ibiza, \u00celes Bal\u00e9ares, Espagne - S\u00e9jour Priv\u00e9<\/title>\n<meta name=\"description\" content=\"Les lignes \u00e9pur\u00e9es et la fa\u00e7ade immacul\u00e9e de la Villa You contrastent avec la v\u00e9g\u00e9tation dense. Des rayons de soleil traversent les grandes baies vitr\u00e9es\" \/>\n<meta name=\"robots\" content=\"index, follow, max-snippet:-1, max-image-preview:large, max-video-preview:-1\" \/>\n<link rel=\"canonical\" href=\"https:\/\/www.sejourprive.com\/en\/biens\/villa-you-ibiza-iles-baleares-espagne\/\" \/>\n<meta property=\"og:locale\" content=\"en_GB\" \/>\n<meta property=\"og:type\" content=\"article\" \/>\n<meta property=\"og:title\" content=\"Villa You, Ibiza, \u00celes Bal\u00e9ares, Espagne - S\u00e9jour Priv\u00e9\" \/>\n<meta property=\"og:description\" content=\"Les lignes \u00e9pur\u00e9es et la fa\u00e7ade immacul\u00e9e de la Villa You contrastent avec la v\u00e9g\u00e9tation dense. Des rayons de soleil traversent les grandes baies vitr\u00e9es\" \/>\n<meta property=\"og:url\" content=\"https:\/\/www.sejourprive.com\/en\/biens\/villa-you-ibiza-iles-baleares-espagne\/\" \/>\n<meta property=\"og:site_name\" content=\"S\u00e9jour Priv\u00e9\" \/>\n<meta property=\"og:image\" content=\"https:\/\/www.sejourprive.com\/wp-content\/uploads\/2026\/02\/0-125.jpg\" \/>\n\t<meta property=\"og:image:width\" content=\"1200\" \/>\n\t<meta property=\"og:image:height\" content=\"674\" \/>\n\t<meta property=\"og:image:type\" content=\"image\/jpeg\" \/>\n<meta name=\"twitter:card\" content=\"summary_large_image\" \/>\n<meta name=\"twitter:label1\" content=\"Estimated reading time\" \/>\n\t<meta name=\"twitter:data1\" content=\"2 minutes\" \/>\n<script type=\"application\/ld+json\" class=\"yoast-schema-graph\">{\"@context\":\"https:\/\/schema.org\",\"@graph\":[{\"@type\":\"WebPage\",\"@id\":\"https:\/\/www.sejourprive.com\/biens\/villa-you-ibiza-iles-baleares-espagne\/\",\"url\":\"https:\/\/www.sejourprive.com\/biens\/villa-you-ibiza-iles-baleares-espagne\/\",\"name\":\"Villa You, Ibiza, \u00celes Bal\u00e9ares, Espagne - S\u00e9jour Priv\u00e9\",\"isPartOf\":{\"@id\":\"https:\/\/www.sejourprive.com\/#website\"},\"primaryImageOfPage\":{\"@id\":\"https:\/\/www.sejourprive.com\/biens\/villa-you-ibiza-iles-baleares-espagne\/#primaryimage\"},\"image\":{\"@id\":\"https:\/\/www.sejourprive.com\/biens\/villa-you-ibiza-iles-baleares-espagne\/#primaryimage\"},\"thumbnailUrl\":\"https:\/\/www.sejourprive.com\/wp-content\/uploads\/2026\/02\/0-125.jpg\",\"datePublished\":\"2026-02-23T14:31:16+00:00\",\"description\":\"Les lignes \u00e9pur\u00e9es et la fa\u00e7ade immacul\u00e9e de la Villa You contrastent avec la v\u00e9g\u00e9tation dense. Des rayons de soleil traversent les grandes baies vitr\u00e9es\",\"breadcrumb\":{\"@id\":\"https:\/\/www.sejourprive.com\/biens\/villa-you-ibiza-iles-baleares-espagne\/#breadcrumb\"},\"inLanguage\":\"en-GB\",\"potentialAction\":[{\"@type\":\"ReadAction\",\"target\":[\"https:\/\/www.sejourprive.com\/biens\/villa-you-ibiza-iles-baleares-espagne\/\"]}]},{\"@type\":\"ImageObject\",\"inLanguage\":\"en-GB\",\"@id\":\"https:\/\/www.sejourprive.com\/biens\/villa-you-ibiza-iles-baleares-espagne\/#primaryimage\",\"url\":\"https:\/\/www.sejourprive.com\/wp-content\/uploads\/2026\/02\/0-125.jpg\",\"contentUrl\":\"https:\/\/www.sejourprive.com\/wp-content\/uploads\/2026\/02\/0-125.jpg\",\"width\":1200,\"height\":674},{\"@type\":\"BreadcrumbList\",\"@id\":\"https:\/\/www.sejourprive.com\/biens\/villa-you-ibiza-iles-baleares-espagne\/#breadcrumb\",\"itemListElement\":[{\"@type\":\"ListItem\",\"position\":1,\"name\":\"Accueil\",\"item\":\"https:\/\/www.sejourprive.com\/\"},{\"@type\":\"ListItem\",\"position\":2,\"name\":\"Shop\",\"item\":\"https:\/\/www.sejourprive.com\/shop\/\"},{\"@type\":\"ListItem\",\"position\":3,\"name\":\"Villa You, Ibiza, \u00celes Bal\u00e9ares, Espagne\"}]},{\"@type\":\"WebSite\",\"@id\":\"https:\/\/www.sejourprive.com\/#website\",\"url\":\"https:\/\/www.sejourprive.com\/\",\"name\":\"S\u00e9jour Priv\u00e9\",\"description\":\"Nous imaginons pour vous des s\u00e9jours d\u2019exception.\",\"publisher\":{\"@id\":\"https:\/\/www.sejourprive.com\/#organization\"},\"potentialAction\":[{\"@type\":\"SearchAction\",\"target\":{\"@type\":\"EntryPoint\",\"urlTemplate\":\"https:\/\/www.sejourprive.com\/?s={search_term_string}\"},\"query-input\":{\"@type\":\"PropertyValueSpecification\",\"valueRequired\":true,\"valueName\":\"search_term_string\"}}],\"inLanguage\":\"en-GB\"},{\"@type\":\"Organization\",\"@id\":\"https:\/\/www.sejourprive.com\/#organization\",\"name\":\"S\u00e9jour Priv\u00e9\",\"url\":\"https:\/\/www.sejourprive.com\/\",\"logo\":{\"@type\":\"ImageObject\",\"inLanguage\":\"en-GB\",\"@id\":\"https:\/\/www.sejourprive.com\/#\/schema\/logo\/image\/\",\"url\":\"https:\/\/www.sejourprive.com\/wp-content\/uploads\/2026\/02\/SP-Apple-touch-144-couleur-1-2.png\",\"contentUrl\":\"https:\/\/www.sejourprive.com\/wp-content\/uploads\/2026\/02\/SP-Apple-touch-144-couleur-1-2.png\",\"width\":145,\"height\":145,\"caption\":\"S\u00e9jour Priv\u00e9\"},\"image\":{\"@id\":\"https:\/\/www.sejourprive.com\/#\/schema\/logo\/image\/\"}}]}<\/script>\n<!-- \/ Yoast SEO plugin. -->","yoast_head_json":{"title":"Villa You, Ibiza, \u00celes Bal\u00e9ares, Espagne - S\u00e9jour Priv\u00e9","description":"Les lignes \u00e9pur\u00e9es et la fa\u00e7ade immacul\u00e9e de la Villa You contrastent avec la v\u00e9g\u00e9tation dense. Des rayons de soleil traversent les grandes baies vitr\u00e9es","robots":{"index":"index","follow":"follow","max-snippet":"max-snippet:-1","max-image-preview":"max-image-preview:large","max-video-preview":"max-video-preview:-1"},"canonical":"https:\/\/www.sejourprive.com\/en\/biens\/villa-you-ibiza-iles-baleares-espagne\/","og_locale":"en_GB","og_type":"article","og_title":"Villa You, Ibiza, \u00celes Bal\u00e9ares, Espagne - S\u00e9jour Priv\u00e9","og_description":"Les lignes \u00e9pur\u00e9es et la fa\u00e7ade immacul\u00e9e de la Villa You contrastent avec la v\u00e9g\u00e9tation dense. Des rayons de soleil traversent les grandes baies vitr\u00e9es","og_url":"https:\/\/www.sejourprive.com\/en\/biens\/villa-you-ibiza-iles-baleares-espagne\/","og_site_name":"S\u00e9jour Priv\u00e9","og_image":[{"width":1200,"height":674,"url":"https:\/\/www.sejourprive.com\/wp-content\/uploads\/2026\/02\/0-125.jpg","type":"image\/jpeg"}],"twitter_card":"summary_large_image","twitter_misc":{"Estimated reading time":"2 minutes"},"schema":{"@context":"https:\/\/schema.org","@graph":[{"@type":"WebPage","@id":"https:\/\/www.sejourprive.com\/biens\/villa-you-ibiza-iles-baleares-espagne\/","url":"https:\/\/www.sejourprive.com\/biens\/villa-you-ibiza-iles-baleares-espagne\/","name":"Villa You, Ibiza, \u00celes Bal\u00e9ares, Espagne - S\u00e9jour Priv\u00e9","isPartOf":{"@id":"https:\/\/www.sejourprive.com\/#website"},"primaryImageOfPage":{"@id":"https:\/\/www.sejourprive.com\/biens\/villa-you-ibiza-iles-baleares-espagne\/#primaryimage"},"image":{"@id":"https:\/\/www.sejourprive.com\/biens\/villa-you-ibiza-iles-baleares-espagne\/#primaryimage"},"thumbnailUrl":"https:\/\/www.sejourprive.com\/wp-content\/uploads\/2026\/02\/0-125.jpg","datePublished":"2026-02-23T14:31:16+00:00","description":"Les lignes \u00e9pur\u00e9es et la fa\u00e7ade immacul\u00e9e de la Villa You contrastent avec la v\u00e9g\u00e9tation dense. Des rayons de soleil traversent les grandes baies vitr\u00e9es","breadcrumb":{"@id":"https:\/\/www.sejourprive.com\/biens\/villa-you-ibiza-iles-baleares-espagne\/#breadcrumb"},"inLanguage":"en-GB","potentialAction":[{"@type":"ReadAction","target":["https:\/\/www.sejourprive.com\/biens\/villa-you-ibiza-iles-baleares-espagne\/"]}]},{"@type":"ImageObject","inLanguage":"en-GB","@id":"https:\/\/www.sejourprive.com\/biens\/villa-you-ibiza-iles-baleares-espagne\/#primaryimage","url":"https:\/\/www.sejourprive.com\/wp-content\/uploads\/2026\/02\/0-125.jpg","contentUrl":"https:\/\/www.sejourprive.com\/wp-content\/uploads\/2026\/02\/0-125.jpg","width":1200,"height":674},{"@type":"BreadcrumbList","@id":"https:\/\/www.sejourprive.com\/biens\/villa-you-ibiza-iles-baleares-espagne\/#breadcrumb","itemListElement":[{"@type":"ListItem","position":1,"name":"Accueil","item":"https:\/\/www.sejourprive.com\/"},{"@type":"ListItem","position":2,"name":"Shop","item":"https:\/\/www.sejourprive.com\/shop\/"},{"@type":"ListItem","position":3,"name":"Villa You, Ibiza, \u00celes Bal\u00e9ares, Espagne"}]},{"@type":"WebSite","@id":"https:\/\/www.sejourprive.com\/#website","url":"https:\/\/www.sejourprive.com\/","name":"Private Stay","description":"We design exceptional holidays for you.","publisher":{"@id":"https:\/\/www.sejourprive.com\/#organization"},"potentialAction":[{"@type":"SearchAction","target":{"@type":"EntryPoint","urlTemplate":"https:\/\/www.sejourprive.com\/?s={search_term_string}"},"query-input":{"@type":"PropertyValueSpecification","valueRequired":true,"valueName":"search_term_string"}}],"inLanguage":"en-GB"},{"@type":"Organization","@id":"https:\/\/www.sejourprive.com\/#organization","name":"Private Stay","url":"https:\/\/www.sejourprive.com\/","logo":{"@type":"ImageObject","inLanguage":"en-GB","@id":"https:\/\/www.sejourprive.com\/#\/schema\/logo\/image\/","url":"https:\/\/www.sejourprive.com\/wp-content\/uploads\/2026\/02\/SP-Apple-touch-144-couleur-1-2.png","contentUrl":"https:\/\/www.sejourprive.com\/wp-content\/uploads\/2026\/02\/SP-Apple-touch-144-couleur-1-2.png","width":145,"height":145,"caption":"S\u00e9jour Priv\u00e9"},"image":{"@id":"https:\/\/www.sejourprive.com\/#\/schema\/logo\/image\/"}}]}},"_links":{"self":[{"href":"https:\/\/www.sejourprive.com\/en\/wp-json\/wp\/v2\/product\/36076","targetHints":{"allow":["GET"]}}],"collection":[{"href":"https:\/\/www.sejourprive.com\/en\/wp-json\/wp\/v2\/product"}],"about":[{"href":"https:\/\/www.sejourprive.com\/en\/wp-json\/wp\/v2\/types\/product"}],"replies":[{"embeddable":true,"href":"https:\/\/www.sejourprive.com\/en\/wp-json\/wp\/v2\/comments?post=36076"}],"version-history":[{"count":0,"href":"https:\/\/www.sejourprive.com\/en\/wp-json\/wp\/v2\/product\/36076\/revisions"}],"wp:featuredmedia":[{"embeddable":true,"href":"https:\/\/www.sejourprive.com\/en\/wp-json\/wp\/v2\/media\/36115"}],"wp:attachment":[{"href":"https:\/\/www.sejourprive.com\/en\/wp-json\/wp\/v2\/media?parent=36076"}],"wp:term":[{"taxonomy":"product_brand","embeddable":true,"href":"https:\/\/www.sejourprive.com\/en\/wp-json\/wp\/v2\/product_brand?post=36076"},{"taxonomy":"product_cat","embeddable":true,"href":"https:\/\/www.sejourprive.com\/en\/wp-json\/wp\/v2\/product_cat?post=36076"},{"taxonomy":"product_tag","embeddable":true,"href":"https:\/\/www.sejourprive.com\/en\/wp-json\/wp\/v2\/product_tag?post=36076"}],"curies":[{"name":"wp","href":"https:\/\/api.w.org\/{rel}","templated":true}]}}