{"id":33294,"date":"2026-02-19T16:31:04","date_gmt":"2026-02-19T15:31:04","guid":{"rendered":"https:\/\/www.sejourprive.com\/?post_type=product&#038;p=33294"},"modified":"2026-02-19T16:31:04","modified_gmt":"2026-02-19T15:31:04","slug":"villa-aleni-ibiza-ile-baleares-espagne","status":"publish","type":"product","link":"https:\/\/www.sejourprive.com\/en\/biens\/villa-aleni-ibiza-ile-baleares-espagne\/","title":{"rendered":"Villa Aleni, Ibiza, Balearic Islands, Spain"},"content":{"rendered":"<p>Nich\u00e9e au c\u0153ur des beaut\u00e9s pr\u00e9serv\u00e9es de la campagne d&#8217;Ibiza, sous le soleil des \u00eeles Bal\u00e9ares, d\u00e9couvrez la Villa Aleni, refuge serein en Espagne. Cette retraite idyllique r\u00e9invente le luxe contemporain, avec en toile de fond des vues \u00e0 couper le souffle sur la mer et la nature.<br \/>\n<span><div class=\"read-more-wrapper\"><a class=\"read-more-button\" data-target=\"read-more-69f441bd9ceed\" data-more-text=\"Read more\" data-less-text=\"Read less\"><span class=\"read-more-text\">Read more<\/span><\/a><div id=\"read-more-69f441bd9ceed\" class=\"read-more-content\"> <\/span><br \/>\nAu r\u00e9veil, accueillez le soleil matinal avec un bain rafra\u00eechissant dans les eaux cristallines de la piscine ext\u00e9rieure, le bruissement des champs verdoyants en arri\u00e8re-plan. Lorsque le soleil atteindra son z\u00e9nith, allumez le barbecue pour un d\u00e9jeuner tranquille sous le ciel azur, la d\u00e9licieuse odeur des grillades se m\u00ealant aux parfums frais de la campagne. Apr\u00e8s le repas, dirigez-vous vers la plage, \u00e0 deux pas de votre villa, pour profiter au maximum des derniers rayons du soleil avant le cr\u00e9puscule.<\/div><\/div><\/p>","protected":false},"excerpt":{"rendered":"<p>Nich\u00e9e au c\u0153ur des beaut\u00e9s pr\u00e9serv\u00e9es de la campagne d&#8217;Ibiza, sous le soleil des \u00eeles Bal\u00e9ares, d\u00e9couvrez la Villa Aleni,&#8230;<\/p>","protected":false},"featured_media":33445,"comment_status":"open","ping_status":"closed","template":"","meta":{"_acf_changed":false},"product_brand":[],"product_cat":[15],"product_tag":[],"class_list":{"0":"post-33294","1":"product","2":"type-product","3":"status-publish","4":"has-post-thumbnail","6":"product_cat-villa","7":"property_location-espagne","8":"property_location-ibiza","10":"first","11":"instock","12":"sold-individually","13":"shipping-taxable","14":"purchasable","15":"product-type-simple"},"acf":[],"yoast_head":"<!-- This site is optimized with the Yoast SEO plugin v26.6 - https:\/\/yoast.com\/wordpress\/plugins\/seo\/ -->\n<title>Villa Aleni, Ibiza, \u00cele Bal\u00e9ares, Espagne - S\u00e9jour Priv\u00e9<\/title>\n<meta name=\"description\" content=\"Nich\u00e9e au c\u0153ur des beaut\u00e9s pr\u00e9serv\u00e9es de la campagne d&#039;Ibiza, sous le soleil des \u00eeles Bal\u00e9ares, d\u00e9couvrez la Villa Aleni, refuge serein en Espagne. Cette\" \/>\n<meta name=\"robots\" content=\"index, follow, max-snippet:-1, max-image-preview:large, max-video-preview:-1\" \/>\n<link rel=\"canonical\" href=\"https:\/\/www.sejourprive.com\/en\/biens\/villa-aleni-ibiza-ile-baleares-espagne\/\" \/>\n<meta property=\"og:locale\" content=\"en_GB\" \/>\n<meta property=\"og:type\" content=\"article\" \/>\n<meta property=\"og:title\" content=\"Villa Aleni, Ibiza, \u00cele Bal\u00e9ares, Espagne - S\u00e9jour Priv\u00e9\" \/>\n<meta property=\"og:description\" content=\"Nich\u00e9e au c\u0153ur des beaut\u00e9s pr\u00e9serv\u00e9es de la campagne d&#039;Ibiza, sous le soleil des \u00eeles Bal\u00e9ares, d\u00e9couvrez la Villa Aleni, refuge serein en Espagne. Cette\" \/>\n<meta property=\"og:url\" content=\"https:\/\/www.sejourprive.com\/en\/biens\/villa-aleni-ibiza-ile-baleares-espagne\/\" \/>\n<meta property=\"og:site_name\" content=\"S\u00e9jour Priv\u00e9\" \/>\n<meta property=\"og:image\" content=\"https:\/\/www.sejourprive.com\/wp-content\/uploads\/2026\/02\/1-16.webp\" \/>\n\t<meta property=\"og:image:width\" content=\"967\" \/>\n\t<meta property=\"og:image:height\" content=\"644\" \/>\n\t<meta property=\"og:image:type\" content=\"image\/webp\" \/>\n<meta name=\"twitter:card\" content=\"summary_large_image\" \/>\n<meta name=\"twitter:label1\" content=\"Estimated reading time\" \/>\n\t<meta name=\"twitter:data1\" content=\"1 minute\" \/>\n<script type=\"application\/ld+json\" class=\"yoast-schema-graph\">{\"@context\":\"https:\/\/schema.org\",\"@graph\":[{\"@type\":\"WebPage\",\"@id\":\"https:\/\/www.sejourprive.com\/biens\/villa-aleni-ibiza-ile-baleares-espagne\/\",\"url\":\"https:\/\/www.sejourprive.com\/biens\/villa-aleni-ibiza-ile-baleares-espagne\/\",\"name\":\"Villa Aleni, Ibiza, \u00cele Bal\u00e9ares, Espagne - S\u00e9jour Priv\u00e9\",\"isPartOf\":{\"@id\":\"https:\/\/www.sejourprive.com\/#website\"},\"primaryImageOfPage\":{\"@id\":\"https:\/\/www.sejourprive.com\/biens\/villa-aleni-ibiza-ile-baleares-espagne\/#primaryimage\"},\"image\":{\"@id\":\"https:\/\/www.sejourprive.com\/biens\/villa-aleni-ibiza-ile-baleares-espagne\/#primaryimage\"},\"thumbnailUrl\":\"https:\/\/www.sejourprive.com\/wp-content\/uploads\/2026\/02\/1-16.webp\",\"datePublished\":\"2026-02-19T15:31:04+00:00\",\"description\":\"Nich\u00e9e au c\u0153ur des beaut\u00e9s pr\u00e9serv\u00e9es de la campagne d'Ibiza, sous le soleil des \u00eeles Bal\u00e9ares, d\u00e9couvrez la Villa Aleni, refuge serein en Espagne. Cette\",\"breadcrumb\":{\"@id\":\"https:\/\/www.sejourprive.com\/biens\/villa-aleni-ibiza-ile-baleares-espagne\/#breadcrumb\"},\"inLanguage\":\"en-GB\",\"potentialAction\":[{\"@type\":\"ReadAction\",\"target\":[\"https:\/\/www.sejourprive.com\/biens\/villa-aleni-ibiza-ile-baleares-espagne\/\"]}]},{\"@type\":\"ImageObject\",\"inLanguage\":\"en-GB\",\"@id\":\"https:\/\/www.sejourprive.com\/biens\/villa-aleni-ibiza-ile-baleares-espagne\/#primaryimage\",\"url\":\"https:\/\/www.sejourprive.com\/wp-content\/uploads\/2026\/02\/1-16.webp\",\"contentUrl\":\"https:\/\/www.sejourprive.com\/wp-content\/uploads\/2026\/02\/1-16.webp\",\"width\":967,\"height\":644},{\"@type\":\"BreadcrumbList\",\"@id\":\"https:\/\/www.sejourprive.com\/biens\/villa-aleni-ibiza-ile-baleares-espagne\/#breadcrumb\",\"itemListElement\":[{\"@type\":\"ListItem\",\"position\":1,\"name\":\"Accueil\",\"item\":\"https:\/\/www.sejourprive.com\/\"},{\"@type\":\"ListItem\",\"position\":2,\"name\":\"Shop\",\"item\":\"https:\/\/www.sejourprive.com\/shop\/\"},{\"@type\":\"ListItem\",\"position\":3,\"name\":\"Villa Aleni, Ibiza, \u00cele Bal\u00e9ares, Espagne\"}]},{\"@type\":\"WebSite\",\"@id\":\"https:\/\/www.sejourprive.com\/#website\",\"url\":\"https:\/\/www.sejourprive.com\/\",\"name\":\"S\u00e9jour Priv\u00e9\",\"description\":\"Nous imaginons pour vous des s\u00e9jours d\u2019exception.\",\"publisher\":{\"@id\":\"https:\/\/www.sejourprive.com\/#organization\"},\"potentialAction\":[{\"@type\":\"SearchAction\",\"target\":{\"@type\":\"EntryPoint\",\"urlTemplate\":\"https:\/\/www.sejourprive.com\/?s={search_term_string}\"},\"query-input\":{\"@type\":\"PropertyValueSpecification\",\"valueRequired\":true,\"valueName\":\"search_term_string\"}}],\"inLanguage\":\"en-GB\"},{\"@type\":\"Organization\",\"@id\":\"https:\/\/www.sejourprive.com\/#organization\",\"name\":\"S\u00e9jour Priv\u00e9\",\"url\":\"https:\/\/www.sejourprive.com\/\",\"logo\":{\"@type\":\"ImageObject\",\"inLanguage\":\"en-GB\",\"@id\":\"https:\/\/www.sejourprive.com\/#\/schema\/logo\/image\/\",\"url\":\"https:\/\/www.sejourprive.com\/wp-content\/uploads\/2026\/02\/SP-Apple-touch-144-couleur-1-2.png\",\"contentUrl\":\"https:\/\/www.sejourprive.com\/wp-content\/uploads\/2026\/02\/SP-Apple-touch-144-couleur-1-2.png\",\"width\":145,\"height\":145,\"caption\":\"S\u00e9jour Priv\u00e9\"},\"image\":{\"@id\":\"https:\/\/www.sejourprive.com\/#\/schema\/logo\/image\/\"}}]}<\/script>\n<!-- \/ Yoast SEO plugin. -->","yoast_head_json":{"title":"Villa Aleni, Ibiza, \u00cele Bal\u00e9ares, Espagne - S\u00e9jour Priv\u00e9","description":"Nich\u00e9e au c\u0153ur des beaut\u00e9s pr\u00e9serv\u00e9es de la campagne d'Ibiza, sous le soleil des \u00eeles Bal\u00e9ares, d\u00e9couvrez la Villa Aleni, refuge serein en Espagne. Cette","robots":{"index":"index","follow":"follow","max-snippet":"max-snippet:-1","max-image-preview":"max-image-preview:large","max-video-preview":"max-video-preview:-1"},"canonical":"https:\/\/www.sejourprive.com\/en\/biens\/villa-aleni-ibiza-ile-baleares-espagne\/","og_locale":"en_GB","og_type":"article","og_title":"Villa Aleni, Ibiza, \u00cele Bal\u00e9ares, Espagne - S\u00e9jour Priv\u00e9","og_description":"Nich\u00e9e au c\u0153ur des beaut\u00e9s pr\u00e9serv\u00e9es de la campagne d'Ibiza, sous le soleil des \u00eeles Bal\u00e9ares, d\u00e9couvrez la Villa Aleni, refuge serein en Espagne. Cette","og_url":"https:\/\/www.sejourprive.com\/en\/biens\/villa-aleni-ibiza-ile-baleares-espagne\/","og_site_name":"S\u00e9jour Priv\u00e9","og_image":[{"width":967,"height":644,"url":"https:\/\/www.sejourprive.com\/wp-content\/uploads\/2026\/02\/1-16.webp","type":"image\/webp"}],"twitter_card":"summary_large_image","twitter_misc":{"Estimated reading time":"1 minute"},"schema":{"@context":"https:\/\/schema.org","@graph":[{"@type":"WebPage","@id":"https:\/\/www.sejourprive.com\/biens\/villa-aleni-ibiza-ile-baleares-espagne\/","url":"https:\/\/www.sejourprive.com\/biens\/villa-aleni-ibiza-ile-baleares-espagne\/","name":"Villa Aleni, Ibiza, \u00cele Bal\u00e9ares, Espagne - S\u00e9jour Priv\u00e9","isPartOf":{"@id":"https:\/\/www.sejourprive.com\/#website"},"primaryImageOfPage":{"@id":"https:\/\/www.sejourprive.com\/biens\/villa-aleni-ibiza-ile-baleares-espagne\/#primaryimage"},"image":{"@id":"https:\/\/www.sejourprive.com\/biens\/villa-aleni-ibiza-ile-baleares-espagne\/#primaryimage"},"thumbnailUrl":"https:\/\/www.sejourprive.com\/wp-content\/uploads\/2026\/02\/1-16.webp","datePublished":"2026-02-19T15:31:04+00:00","description":"Nich\u00e9e au c\u0153ur des beaut\u00e9s pr\u00e9serv\u00e9es de la campagne d'Ibiza, sous le soleil des \u00eeles Bal\u00e9ares, d\u00e9couvrez la Villa Aleni, refuge serein en Espagne. Cette","breadcrumb":{"@id":"https:\/\/www.sejourprive.com\/biens\/villa-aleni-ibiza-ile-baleares-espagne\/#breadcrumb"},"inLanguage":"en-GB","potentialAction":[{"@type":"ReadAction","target":["https:\/\/www.sejourprive.com\/biens\/villa-aleni-ibiza-ile-baleares-espagne\/"]}]},{"@type":"ImageObject","inLanguage":"en-GB","@id":"https:\/\/www.sejourprive.com\/biens\/villa-aleni-ibiza-ile-baleares-espagne\/#primaryimage","url":"https:\/\/www.sejourprive.com\/wp-content\/uploads\/2026\/02\/1-16.webp","contentUrl":"https:\/\/www.sejourprive.com\/wp-content\/uploads\/2026\/02\/1-16.webp","width":967,"height":644},{"@type":"BreadcrumbList","@id":"https:\/\/www.sejourprive.com\/biens\/villa-aleni-ibiza-ile-baleares-espagne\/#breadcrumb","itemListElement":[{"@type":"ListItem","position":1,"name":"Accueil","item":"https:\/\/www.sejourprive.com\/"},{"@type":"ListItem","position":2,"name":"Shop","item":"https:\/\/www.sejourprive.com\/shop\/"},{"@type":"ListItem","position":3,"name":"Villa Aleni, Ibiza, \u00cele Bal\u00e9ares, Espagne"}]},{"@type":"WebSite","@id":"https:\/\/www.sejourprive.com\/#website","url":"https:\/\/www.sejourprive.com\/","name":"Private Stay","description":"We design exceptional holidays for you.","publisher":{"@id":"https:\/\/www.sejourprive.com\/#organization"},"potentialAction":[{"@type":"SearchAction","target":{"@type":"EntryPoint","urlTemplate":"https:\/\/www.sejourprive.com\/?s={search_term_string}"},"query-input":{"@type":"PropertyValueSpecification","valueRequired":true,"valueName":"search_term_string"}}],"inLanguage":"en-GB"},{"@type":"Organization","@id":"https:\/\/www.sejourprive.com\/#organization","name":"Private Stay","url":"https:\/\/www.sejourprive.com\/","logo":{"@type":"ImageObject","inLanguage":"en-GB","@id":"https:\/\/www.sejourprive.com\/#\/schema\/logo\/image\/","url":"https:\/\/www.sejourprive.com\/wp-content\/uploads\/2026\/02\/SP-Apple-touch-144-couleur-1-2.png","contentUrl":"https:\/\/www.sejourprive.com\/wp-content\/uploads\/2026\/02\/SP-Apple-touch-144-couleur-1-2.png","width":145,"height":145,"caption":"S\u00e9jour Priv\u00e9"},"image":{"@id":"https:\/\/www.sejourprive.com\/#\/schema\/logo\/image\/"}}]}},"_links":{"self":[{"href":"https:\/\/www.sejourprive.com\/en\/wp-json\/wp\/v2\/product\/33294","targetHints":{"allow":["GET"]}}],"collection":[{"href":"https:\/\/www.sejourprive.com\/en\/wp-json\/wp\/v2\/product"}],"about":[{"href":"https:\/\/www.sejourprive.com\/en\/wp-json\/wp\/v2\/types\/product"}],"replies":[{"embeddable":true,"href":"https:\/\/www.sejourprive.com\/en\/wp-json\/wp\/v2\/comments?post=33294"}],"version-history":[{"count":0,"href":"https:\/\/www.sejourprive.com\/en\/wp-json\/wp\/v2\/product\/33294\/revisions"}],"wp:featuredmedia":[{"embeddable":true,"href":"https:\/\/www.sejourprive.com\/en\/wp-json\/wp\/v2\/media\/33445"}],"wp:attachment":[{"href":"https:\/\/www.sejourprive.com\/en\/wp-json\/wp\/v2\/media?parent=33294"}],"wp:term":[{"taxonomy":"product_brand","embeddable":true,"href":"https:\/\/www.sejourprive.com\/en\/wp-json\/wp\/v2\/product_brand?post=33294"},{"taxonomy":"product_cat","embeddable":true,"href":"https:\/\/www.sejourprive.com\/en\/wp-json\/wp\/v2\/product_cat?post=33294"},{"taxonomy":"product_tag","embeddable":true,"href":"https:\/\/www.sejourprive.com\/en\/wp-json\/wp\/v2\/product_tag?post=33294"}],"curies":[{"name":"wp","href":"https:\/\/api.w.org\/{rel}","templated":true}]}}