{"id":30434,"date":"2026-02-17T09:55:54","date_gmt":"2026-02-17T08:55:54","guid":{"rendered":"https:\/\/www.sejourprive.com\/?post_type=product&#038;p=30434"},"modified":"2026-02-17T09:55:54","modified_gmt":"2026-02-17T08:55:54","slug":"villa-de-la-vallee-la-croix-valmer-cote-dazur-france","status":"publish","type":"product","link":"https:\/\/www.sejourprive.com\/en\/biens\/villa-de-la-vallee-la-croix-valmer-cote-dazur-france\/","title":{"rendered":"Villa de la Vall\u00e9e, La Croix-Valmer, C\u00f4te d'Azur, France"},"content":{"rendered":"<p>Perch\u00e9e au-dessus de la crique d&#8217;H\u00e9racl\u00e9e, la Villa de la Vall\u00e9e offre une vue imprenable sur la mer. Le bleu profond de la M\u00e9diterran\u00e9e se marie aux parfums du maquis, cr\u00e9ant le cadre id\u00e9al pour des moments inoubliables en famille.<\/p>\n<p><span><div class=\"read-more-wrapper\"><a class=\"read-more-button\" data-target=\"read-more-69f2901f8833d\" data-more-text=\"Read more\" data-less-text=\"Read less\"><span class=\"read-more-text\">Read more<\/span><\/a><div id=\"read-more-69f2901f8833d\" class=\"read-more-content\"> <\/span><br \/>\nLe matin, la terrasse est l&#8217;endroit id\u00e9al pour commencer la journ\u00e9e, avec les enfants qui s&#8217;\u00e9claboussent dans la piscine et la douce brise marine qui caresse votre peau. \u00c0 l&#8217;heure du d\u00e9jeuner, les rires remplissent l&#8217;air tandis que la plancha gr\u00e9sille et que les chaises longues vous invitent \u00e0 la d\u00e9tente. En contrebas, la mer scintillante refl\u00e8te les rayons dor\u00e9s du soleil, projetant une lueur chaude et paisible sur la vall\u00e9e.<\/div><\/div><\/p>","protected":false},"excerpt":{"rendered":"<p>Perch\u00e9e au-dessus de la crique d&#8217;H\u00e9racl\u00e9e, la Villa de la Vall\u00e9e offre une vue imprenable sur la mer. Le bleu&#8230;<\/p>","protected":false},"featured_media":30506,"comment_status":"open","ping_status":"closed","template":"","meta":{"_acf_changed":false},"product_brand":[],"product_cat":[15],"product_tag":[],"class_list":{"0":"post-30434","1":"product","2":"type-product","3":"status-publish","4":"has-post-thumbnail","6":"product_cat-villa","7":"property_location-france","8":"property_location-saint-tropez-et-alentours","10":"first","11":"instock","12":"sold-individually","13":"shipping-taxable","14":"purchasable","15":"product-type-simple"},"acf":[],"yoast_head":"<!-- This site is optimized with the Yoast SEO plugin v26.6 - https:\/\/yoast.com\/wordpress\/plugins\/seo\/ -->\n<title>Villa de la Vall\u00e9e, La Croix-Valmer, C\u00f4te d&#039;Azur, France - S\u00e9jour Priv\u00e9<\/title>\n<meta name=\"description\" content=\"Perch\u00e9e au-dessus de la crique d&#039;H\u00e9racl\u00e9e, la Villa de la Vall\u00e9e offre une vue imprenable sur la mer. Le bleu profond de la M\u00e9diterran\u00e9e se marie aux\" \/>\n<meta name=\"robots\" content=\"index, follow, max-snippet:-1, max-image-preview:large, max-video-preview:-1\" \/>\n<link rel=\"canonical\" href=\"https:\/\/www.sejourprive.com\/en\/biens\/villa-de-la-vallee-la-croix-valmer-cote-dazur-france\/\" \/>\n<meta property=\"og:locale\" content=\"en_GB\" \/>\n<meta property=\"og:type\" content=\"article\" \/>\n<meta property=\"og:title\" content=\"Villa de la Vall\u00e9e, La Croix-Valmer, C\u00f4te d&#039;Azur, France - S\u00e9jour Priv\u00e9\" \/>\n<meta property=\"og:description\" content=\"Perch\u00e9e au-dessus de la crique d&#039;H\u00e9racl\u00e9e, la Villa de la Vall\u00e9e offre une vue imprenable sur la mer. Le bleu profond de la M\u00e9diterran\u00e9e se marie aux\" \/>\n<meta property=\"og:url\" content=\"https:\/\/www.sejourprive.com\/en\/biens\/villa-de-la-vallee-la-croix-valmer-cote-dazur-france\/\" \/>\n<meta property=\"og:site_name\" content=\"S\u00e9jour Priv\u00e9\" \/>\n<meta property=\"og:image\" content=\"https:\/\/www.sejourprive.com\/wp-content\/uploads\/2026\/02\/0-52.jpg\" \/>\n\t<meta property=\"og:image:width\" content=\"1200\" \/>\n\t<meta property=\"og:image:height\" content=\"801\" \/>\n\t<meta property=\"og:image:type\" content=\"image\/jpeg\" \/>\n<meta name=\"twitter:card\" content=\"summary_large_image\" \/>\n<meta name=\"twitter:label1\" content=\"Estimated reading time\" \/>\n\t<meta name=\"twitter:data1\" content=\"1 minute\" \/>\n<script type=\"application\/ld+json\" class=\"yoast-schema-graph\">{\"@context\":\"https:\/\/schema.org\",\"@graph\":[{\"@type\":\"WebPage\",\"@id\":\"https:\/\/www.sejourprive.com\/biens\/villa-de-la-vallee-la-croix-valmer-cote-dazur-france\/\",\"url\":\"https:\/\/www.sejourprive.com\/biens\/villa-de-la-vallee-la-croix-valmer-cote-dazur-france\/\",\"name\":\"Villa de la Vall\u00e9e, La Croix-Valmer, C\u00f4te d'Azur, France - S\u00e9jour Priv\u00e9\",\"isPartOf\":{\"@id\":\"https:\/\/www.sejourprive.com\/#website\"},\"primaryImageOfPage\":{\"@id\":\"https:\/\/www.sejourprive.com\/biens\/villa-de-la-vallee-la-croix-valmer-cote-dazur-france\/#primaryimage\"},\"image\":{\"@id\":\"https:\/\/www.sejourprive.com\/biens\/villa-de-la-vallee-la-croix-valmer-cote-dazur-france\/#primaryimage\"},\"thumbnailUrl\":\"https:\/\/www.sejourprive.com\/wp-content\/uploads\/2026\/02\/0-52.jpg\",\"datePublished\":\"2026-02-17T08:55:54+00:00\",\"description\":\"Perch\u00e9e au-dessus de la crique d'H\u00e9racl\u00e9e, la Villa de la Vall\u00e9e offre une vue imprenable sur la mer. Le bleu profond de la M\u00e9diterran\u00e9e se marie aux\",\"breadcrumb\":{\"@id\":\"https:\/\/www.sejourprive.com\/biens\/villa-de-la-vallee-la-croix-valmer-cote-dazur-france\/#breadcrumb\"},\"inLanguage\":\"en-GB\",\"potentialAction\":[{\"@type\":\"ReadAction\",\"target\":[\"https:\/\/www.sejourprive.com\/biens\/villa-de-la-vallee-la-croix-valmer-cote-dazur-france\/\"]}]},{\"@type\":\"ImageObject\",\"inLanguage\":\"en-GB\",\"@id\":\"https:\/\/www.sejourprive.com\/biens\/villa-de-la-vallee-la-croix-valmer-cote-dazur-france\/#primaryimage\",\"url\":\"https:\/\/www.sejourprive.com\/wp-content\/uploads\/2026\/02\/0-52.jpg\",\"contentUrl\":\"https:\/\/www.sejourprive.com\/wp-content\/uploads\/2026\/02\/0-52.jpg\",\"width\":1200,\"height\":801},{\"@type\":\"BreadcrumbList\",\"@id\":\"https:\/\/www.sejourprive.com\/biens\/villa-de-la-vallee-la-croix-valmer-cote-dazur-france\/#breadcrumb\",\"itemListElement\":[{\"@type\":\"ListItem\",\"position\":1,\"name\":\"Accueil\",\"item\":\"https:\/\/www.sejourprive.com\/\"},{\"@type\":\"ListItem\",\"position\":2,\"name\":\"Shop\",\"item\":\"https:\/\/www.sejourprive.com\/shop\/\"},{\"@type\":\"ListItem\",\"position\":3,\"name\":\"Villa de la Vall\u00e9e, La Croix-Valmer, C\u00f4te d&#8217;Azur, France\"}]},{\"@type\":\"WebSite\",\"@id\":\"https:\/\/www.sejourprive.com\/#website\",\"url\":\"https:\/\/www.sejourprive.com\/\",\"name\":\"S\u00e9jour Priv\u00e9\",\"description\":\"Nous imaginons pour vous des s\u00e9jours d\u2019exception.\",\"publisher\":{\"@id\":\"https:\/\/www.sejourprive.com\/#organization\"},\"potentialAction\":[{\"@type\":\"SearchAction\",\"target\":{\"@type\":\"EntryPoint\",\"urlTemplate\":\"https:\/\/www.sejourprive.com\/?s={search_term_string}\"},\"query-input\":{\"@type\":\"PropertyValueSpecification\",\"valueRequired\":true,\"valueName\":\"search_term_string\"}}],\"inLanguage\":\"en-GB\"},{\"@type\":\"Organization\",\"@id\":\"https:\/\/www.sejourprive.com\/#organization\",\"name\":\"S\u00e9jour Priv\u00e9\",\"url\":\"https:\/\/www.sejourprive.com\/\",\"logo\":{\"@type\":\"ImageObject\",\"inLanguage\":\"en-GB\",\"@id\":\"https:\/\/www.sejourprive.com\/#\/schema\/logo\/image\/\",\"url\":\"https:\/\/www.sejourprive.com\/wp-content\/uploads\/2026\/02\/SP-Apple-touch-144-couleur-1-2.png\",\"contentUrl\":\"https:\/\/www.sejourprive.com\/wp-content\/uploads\/2026\/02\/SP-Apple-touch-144-couleur-1-2.png\",\"width\":145,\"height\":145,\"caption\":\"S\u00e9jour Priv\u00e9\"},\"image\":{\"@id\":\"https:\/\/www.sejourprive.com\/#\/schema\/logo\/image\/\"}}]}<\/script>\n<!-- \/ Yoast SEO plugin. -->","yoast_head_json":{"title":"Villa de la Vall\u00e9e, La Croix-Valmer, C\u00f4te d'Azur, France - S\u00e9jour Priv\u00e9","description":"Perch\u00e9e au-dessus de la crique d'H\u00e9racl\u00e9e, la Villa de la Vall\u00e9e offre une vue imprenable sur la mer. Le bleu profond de la M\u00e9diterran\u00e9e se marie aux","robots":{"index":"index","follow":"follow","max-snippet":"max-snippet:-1","max-image-preview":"max-image-preview:large","max-video-preview":"max-video-preview:-1"},"canonical":"https:\/\/www.sejourprive.com\/en\/biens\/villa-de-la-vallee-la-croix-valmer-cote-dazur-france\/","og_locale":"en_GB","og_type":"article","og_title":"Villa de la Vall\u00e9e, La Croix-Valmer, C\u00f4te d'Azur, France - S\u00e9jour Priv\u00e9","og_description":"Perch\u00e9e au-dessus de la crique d'H\u00e9racl\u00e9e, la Villa de la Vall\u00e9e offre une vue imprenable sur la mer. Le bleu profond de la M\u00e9diterran\u00e9e se marie aux","og_url":"https:\/\/www.sejourprive.com\/en\/biens\/villa-de-la-vallee-la-croix-valmer-cote-dazur-france\/","og_site_name":"S\u00e9jour Priv\u00e9","og_image":[{"width":1200,"height":801,"url":"https:\/\/www.sejourprive.com\/wp-content\/uploads\/2026\/02\/0-52.jpg","type":"image\/jpeg"}],"twitter_card":"summary_large_image","twitter_misc":{"Estimated reading time":"1 minute"},"schema":{"@context":"https:\/\/schema.org","@graph":[{"@type":"WebPage","@id":"https:\/\/www.sejourprive.com\/biens\/villa-de-la-vallee-la-croix-valmer-cote-dazur-france\/","url":"https:\/\/www.sejourprive.com\/biens\/villa-de-la-vallee-la-croix-valmer-cote-dazur-france\/","name":"Villa de la Vall\u00e9e, La Croix-Valmer, C\u00f4te d'Azur, France - S\u00e9jour Priv\u00e9","isPartOf":{"@id":"https:\/\/www.sejourprive.com\/#website"},"primaryImageOfPage":{"@id":"https:\/\/www.sejourprive.com\/biens\/villa-de-la-vallee-la-croix-valmer-cote-dazur-france\/#primaryimage"},"image":{"@id":"https:\/\/www.sejourprive.com\/biens\/villa-de-la-vallee-la-croix-valmer-cote-dazur-france\/#primaryimage"},"thumbnailUrl":"https:\/\/www.sejourprive.com\/wp-content\/uploads\/2026\/02\/0-52.jpg","datePublished":"2026-02-17T08:55:54+00:00","description":"Perch\u00e9e au-dessus de la crique d'H\u00e9racl\u00e9e, la Villa de la Vall\u00e9e offre une vue imprenable sur la mer. Le bleu profond de la M\u00e9diterran\u00e9e se marie aux","breadcrumb":{"@id":"https:\/\/www.sejourprive.com\/biens\/villa-de-la-vallee-la-croix-valmer-cote-dazur-france\/#breadcrumb"},"inLanguage":"en-GB","potentialAction":[{"@type":"ReadAction","target":["https:\/\/www.sejourprive.com\/biens\/villa-de-la-vallee-la-croix-valmer-cote-dazur-france\/"]}]},{"@type":"ImageObject","inLanguage":"en-GB","@id":"https:\/\/www.sejourprive.com\/biens\/villa-de-la-vallee-la-croix-valmer-cote-dazur-france\/#primaryimage","url":"https:\/\/www.sejourprive.com\/wp-content\/uploads\/2026\/02\/0-52.jpg","contentUrl":"https:\/\/www.sejourprive.com\/wp-content\/uploads\/2026\/02\/0-52.jpg","width":1200,"height":801},{"@type":"BreadcrumbList","@id":"https:\/\/www.sejourprive.com\/biens\/villa-de-la-vallee-la-croix-valmer-cote-dazur-france\/#breadcrumb","itemListElement":[{"@type":"ListItem","position":1,"name":"Accueil","item":"https:\/\/www.sejourprive.com\/"},{"@type":"ListItem","position":2,"name":"Shop","item":"https:\/\/www.sejourprive.com\/shop\/"},{"@type":"ListItem","position":3,"name":"Villa de la Vall\u00e9e, La Croix-Valmer, C\u00f4te d&#8217;Azur, France"}]},{"@type":"WebSite","@id":"https:\/\/www.sejourprive.com\/#website","url":"https:\/\/www.sejourprive.com\/","name":"Private Stay","description":"We design exceptional holidays for you.","publisher":{"@id":"https:\/\/www.sejourprive.com\/#organization"},"potentialAction":[{"@type":"SearchAction","target":{"@type":"EntryPoint","urlTemplate":"https:\/\/www.sejourprive.com\/?s={search_term_string}"},"query-input":{"@type":"PropertyValueSpecification","valueRequired":true,"valueName":"search_term_string"}}],"inLanguage":"en-GB"},{"@type":"Organization","@id":"https:\/\/www.sejourprive.com\/#organization","name":"Private Stay","url":"https:\/\/www.sejourprive.com\/","logo":{"@type":"ImageObject","inLanguage":"en-GB","@id":"https:\/\/www.sejourprive.com\/#\/schema\/logo\/image\/","url":"https:\/\/www.sejourprive.com\/wp-content\/uploads\/2026\/02\/SP-Apple-touch-144-couleur-1-2.png","contentUrl":"https:\/\/www.sejourprive.com\/wp-content\/uploads\/2026\/02\/SP-Apple-touch-144-couleur-1-2.png","width":145,"height":145,"caption":"S\u00e9jour Priv\u00e9"},"image":{"@id":"https:\/\/www.sejourprive.com\/#\/schema\/logo\/image\/"}}]}},"_links":{"self":[{"href":"https:\/\/www.sejourprive.com\/en\/wp-json\/wp\/v2\/product\/30434","targetHints":{"allow":["GET"]}}],"collection":[{"href":"https:\/\/www.sejourprive.com\/en\/wp-json\/wp\/v2\/product"}],"about":[{"href":"https:\/\/www.sejourprive.com\/en\/wp-json\/wp\/v2\/types\/product"}],"replies":[{"embeddable":true,"href":"https:\/\/www.sejourprive.com\/en\/wp-json\/wp\/v2\/comments?post=30434"}],"version-history":[{"count":0,"href":"https:\/\/www.sejourprive.com\/en\/wp-json\/wp\/v2\/product\/30434\/revisions"}],"wp:featuredmedia":[{"embeddable":true,"href":"https:\/\/www.sejourprive.com\/en\/wp-json\/wp\/v2\/media\/30506"}],"wp:attachment":[{"href":"https:\/\/www.sejourprive.com\/en\/wp-json\/wp\/v2\/media?parent=30434"}],"wp:term":[{"taxonomy":"product_brand","embeddable":true,"href":"https:\/\/www.sejourprive.com\/en\/wp-json\/wp\/v2\/product_brand?post=30434"},{"taxonomy":"product_cat","embeddable":true,"href":"https:\/\/www.sejourprive.com\/en\/wp-json\/wp\/v2\/product_cat?post=30434"},{"taxonomy":"product_tag","embeddable":true,"href":"https:\/\/www.sejourprive.com\/en\/wp-json\/wp\/v2\/product_tag?post=30434"}],"curies":[{"name":"wp","href":"https:\/\/api.w.org\/{rel}","templated":true}]}}