{"id":8585,"date":"2025-04-10T09:59:44","date_gmt":"2025-04-10T07:59:44","guid":{"rendered":"https:\/\/sp.creativconflans.com\/?page_id=8585"},"modified":"2026-01-27T16:09:09","modified_gmt":"2026-01-27T15:09:09","slug":"carnet-de-voyage-2","status":"publish","type":"page","link":"https:\/\/www.sejourprive.com\/en\/carnet-de-voyage-2\/","title":{"rendered":"Travel guide"},"content":{"rendered":"<div data-elementor-type=\"wp-page\" data-elementor-id=\"8585\" class=\"elementor elementor-8585\" data-elementor-post-type=\"page\">\n\t\t\t\t<div class=\"elementor-element elementor-element-2f4b600 e-flex e-con-boxed tm-col-stretched-none tm-bg-color-over-image e-con e-parent\" data-id=\"2f4b600\" data-element_type=\"container\" data-e-type=\"container\" data-settings=\"{&quot;background_background&quot;:&quot;classic&quot;,&quot;background_motion_fx_motion_fx_scrolling&quot;:&quot;yes&quot;,&quot;background_motion_fx_translateY_effect&quot;:&quot;yes&quot;,&quot;background_motion_fx_translateY_speed&quot;:{&quot;unit&quot;:&quot;px&quot;,&quot;size&quot;:4,&quot;sizes&quot;:[]},&quot;background_motion_fx_translateY_affectedRange&quot;:{&quot;unit&quot;:&quot;%&quot;,&quot;size&quot;:&quot;&quot;,&quot;sizes&quot;:{&quot;start&quot;:0,&quot;end&quot;:100}},&quot;background_motion_fx_devices&quot;:[&quot;desktop&quot;,&quot;tablet&quot;,&quot;mobile&quot;]}\">\n\t\t\t\t\t<div class=\"e-con-inner\">\n\t\t<div class=\"elementor-element elementor-element-4be9901 e-con-full e-flex tm-col-stretched-none tm-bg-color-over-image e-con e-child\" data-id=\"4be9901\" data-element_type=\"container\" data-e-type=\"container\">\n\t\t\t\t<div class=\"elementor-element elementor-element-62cd5aa horizontal-line-align-left vertical-line-align-bottom elementor-widget elementor-widget-tm-ele-section-title\" data-id=\"62cd5aa\" data-element_type=\"widget\" data-e-type=\"widget\" data-widget_type=\"tm-ele-section-title.default\">\n\t\t\t\t<div class=\"elementor-widget-container\">\n\t\t\t\t\t<div class=\"tm-sc-section-title section-title\">\r\n\t<div class=\"title-wrapper\">\r\n\t\t\t\t\t\t\t<h1 class=\"title wow fadeInUp\">\r\n\r\n\t\t\r\n\t\t\t\t<span class=\"title-part1\">Travel guide<\/span>\r\n\t\t\t\t\r\n\t\t\r\n\t<\/h1>\r\n\t<div class=\"title-seperator-line\"><\/div>\t\t\t\t\t\t<\/div>\r\n<\/div>\t\t\t\t<\/div>\n\t\t\t\t<\/div>\n\t\t\t\t<\/div>\n\t\t\t\t\t<\/div>\n\t\t\t\t<\/div>\n\t\t<div class=\"elementor-element elementor-element-2829a43 e-flex e-con-boxed tm-col-stretched-none tm-bg-color-over-image e-con e-parent\" data-id=\"2829a43\" data-element_type=\"container\" data-e-type=\"container\" data-settings=\"{&quot;background_background&quot;:&quot;classic&quot;}\">\n\t\t\t\t\t<div class=\"e-con-inner\">\n\t\t<div class=\"elementor-element elementor-element-1f04450 e-flex e-con-boxed tm-col-stretched-none tm-bg-color-over-image e-con e-child\" data-id=\"1f04450\" data-element_type=\"container\" data-e-type=\"container\">\n\t\t\t\t\t<div class=\"e-con-inner\">\n\t\t<div class=\"elementor-element elementor-element-60eb94a e-flex e-con-boxed tm-col-stretched-none tm-bg-color-over-image elementor-invisible e-con e-child\" data-id=\"60eb94a\" data-element_type=\"container\" data-e-type=\"container\" data-settings=\"{&quot;animation&quot;:&quot;fadeInUp&quot;}\">\n\t\t\t\t\t<div class=\"e-con-inner\">\n\t\t\t\t<div class=\"elementor-element elementor-element-96ed93d horizontal-line-align-left vertical-line-align-bottom elementor-widget elementor-widget-tm-ele-section-title\" data-id=\"96ed93d\" data-element_type=\"widget\" data-e-type=\"widget\" data-widget_type=\"tm-ele-section-title.default\">\n\t\t\t\t<div class=\"elementor-widget-container\">\n\t\t\t\t\t<div class=\"tm-sc-section-title section-title line-both-side-current-theme\">\r\n\t<div class=\"title-wrapper\">\r\n\t\t\t\t\r\n\r\n<div class=\"sub-title-outer\">\r\n\t<\/div>\t\t\t<h2 class=\"title tm-split-text split-in-right\">\r\n\r\n\t\t\r\n\t\t\t\t<span class=\"title-part1\">Our latest articles<\/span>\r\n\t\t\t\t\r\n\t\t\r\n\t<\/h2>\r\n\t<div class=\"title-seperator-line\"><\/div>\t\t\t\t\t\t<div class=\"paragraph\">\r\n\t\t<p class=\"tw-data-text tw-text-large tw-ta\" data-placeholder=\"Traduction\" id=\"tw-target-text\" data-ved=\"2ahUKEwi0sKiu9PyMAxVZKvsDHXt6IEEQ3ewLegQICBAV\" dir=\"ltr\" aria-label=\"Translated text : Recommended reading from our plum experts\"><span class=\"Y2IQFc\" lang=\"fr\">Recommended reading from our experts<\/span><\/p>\t<\/div>\r\n\t\t<\/div>\r\n<\/div>\t\t\t\t<\/div>\n\t\t\t\t<\/div>\n\t\t\t\t\t<\/div>\n\t\t\t\t<\/div>\n\t\t<div class=\"elementor-element elementor-element-48a24b7 e-con-full e-flex tm-col-stretched-none tm-bg-color-over-image e-con e-child\" data-id=\"48a24b7\" data-element_type=\"container\" data-e-type=\"container\">\n\t\t\t\t<div class=\"elementor-element elementor-element-a8bfd2e elementor-widget elementor-widget-tm-ele-blog\" data-id=\"a8bfd2e\" data-element_type=\"widget\" data-e-type=\"widget\" data-widget_type=\"tm-ele-blog.skin-style-current-theme1\">\n\t\t\t\t<div class=\"elementor-widget-container\">\n\t\t\t\t\t\t<div class=\"tm-sc-blog tm-sc-blog-grid\">\r\n\t\t\r\n\t\r\n\t\t<!-- Isotope Gallery Grid -->\r\n\t\t<div id=\"blog-holder-739824\" class=\"isotope-layout grid-2 gutter-30 clearfix\">\r\n\t\t\t<div class=\"isotope-layout-inner\">\r\n\r\n\t\t\t\t<!-- the loop -->\r\n\t\t\t\t\t\t\t\t\t\t\t\t\t\t\t\t<div class=\"isotope-item carnet-de-voyage\">\r\n\t\t\t\t\t<div class=\"isotope-item-inner tm-split-text split-in-fade\" data-wow-delay=\"\">\r\n\t\t\t\t\t\t<article class=\"post-25837 post type-post status-publish format-standard has-post-thumbnail hentry category-carnet-de-voyage\">\r\n\t<!-- News Block -->\r\n<div class=\"blog-item-current-style1\">\r\n  <div class=\"inner-box\">\r\n    <div class=\"entry-header\">\r\n      <div class=\"thumb\">\r\n        <div class=\"post-thumb lightgallery-lightbox\">\r\n\t\r\n\t<div class=\"post-thumb-inner\">\r\n\t\t<div class=\"thumb\">\r\n\t\t\t<img fetchpriority=\"high\" decoding=\"async\" src=\"https:\/\/www.sejourprive.com\/wp-content\/uploads\/2026\/02\/Sejour-Prive_Dubai-en-famille_sejourner-dans-lexception_IMG-1-672x448.jpg\" width=\"672\" height=\"448\" alt=\"Duba\u00ef en famille : s\u00e9journer dans l\u2019exception\"\/>\r\n\t\t<\/div>\r\n\t<\/div>\r\n\t<\/div>        <div class=\"post-thumb lightgallery-lightbox\">\r\n\t\r\n\t<div class=\"post-thumb-inner\">\r\n\t\t<div class=\"thumb\">\r\n\t\t\t<img fetchpriority=\"high\" decoding=\"async\" src=\"https:\/\/www.sejourprive.com\/wp-content\/uploads\/2026\/02\/Sejour-Prive_Dubai-en-famille_sejourner-dans-lexception_IMG-1-672x448.jpg\" width=\"672\" height=\"448\" alt=\"Duba\u00ef en famille : s\u00e9journer dans l\u2019exception\"\/>\r\n\t\t<\/div>\r\n\t<\/div>\r\n\t<\/div>      <\/div>\r\n\r\n              \t\t      <\/div>\r\n    <div class=\"entry-content\">\r\n\r\n              \t<ul class=\"entry-meta list-inline\">\r\n\t\t\t<li class=\"list-inline-item posted-date\"><i class=\"fa fa-calendar-o\"><\/i> <a href=\"https:\/\/www.sejourprive.com\/en\/dubai-en-famille-sejourner-dans-lexception\/\" rel=\"bookmark\"><time class=\"entry-date published updated\" datetime=\"2026-02-05T09:00:10+01:00\">5 February 2026<\/time><\/a><\/li>\r\n\t\t\t\t<li class=\"list-inline-item categories\"><i class=\"fa fa-folder-o\"><\/i> \t\t\t<span class=\"categories-links\"><a href=\"https:\/\/www.sejourprive.com\/en\/category\/carnet-de-voyage\/\" rel=\"category tag\">Travel guide<\/a><\/span>\r\n        <\/li>\r\n\t\t<\/ul>\r\n\t      \r\n              <h4 class=\"entry-title\"><a href=\"https:\/\/www.sejourprive.com\/en\/dubai-en-famille-sejourner-dans-lexception\/\" rel=\"bookmark\">Dubai as a family: an exceptional stay<\/a><\/h4>      \r\n              <div class=\"post-excerpt\">\r\n                      <div class=\"mascot-post-excerpt\">Dubai is the destination of choice for families, combining luxury, safety and unique experiences in a modern and elegant setting.<\/div>                  <\/div>\r\n      \r\n          <\/div>\r\n  <\/div>\r\n<\/div><\/article>\t\t\t\t\t<\/div>\r\n\t\t\t\t<\/div>\r\n\t\t\t\t\t\t\t\t\t\t\t\t\t\t\t\t<div class=\"isotope-item carnet-de-voyage\">\r\n\t\t\t\t\t<div class=\"isotope-item-inner tm-split-text split-in-fade\" data-wow-delay=\"\">\r\n\t\t\t\t\t\t<article class=\"post-25819 post type-post status-publish format-standard has-post-thumbnail hentry category-carnet-de-voyage\">\r\n\t<!-- News Block -->\r\n<div class=\"blog-item-current-style1\">\r\n  <div class=\"inner-box\">\r\n    <div class=\"entry-header\">\r\n      <div class=\"thumb\">\r\n        <div class=\"post-thumb lightgallery-lightbox\">\r\n\t\r\n\t<div class=\"post-thumb-inner\">\r\n\t\t<div class=\"thumb\">\r\n\t\t\t<img decoding=\"async\" src=\"https:\/\/www.sejourprive.com\/wp-content\/uploads\/2026\/02\/Sejour-Prive_Riviera-Suisse_IMG-1-672x448.jpg\" width=\"672\" height=\"448\" alt=\"La Riviera suisse, l\u2019un des secrets les mieux gard\u00e9s d\u2019Europe\"\/>\r\n\t\t<\/div>\r\n\t<\/div>\r\n\t<\/div>        <div class=\"post-thumb lightgallery-lightbox\">\r\n\t\r\n\t<div class=\"post-thumb-inner\">\r\n\t\t<div class=\"thumb\">\r\n\t\t\t<img decoding=\"async\" src=\"https:\/\/www.sejourprive.com\/wp-content\/uploads\/2026\/02\/Sejour-Prive_Riviera-Suisse_IMG-1-672x448.jpg\" width=\"672\" height=\"448\" alt=\"La Riviera suisse, l\u2019un des secrets les mieux gard\u00e9s d\u2019Europe\"\/>\r\n\t\t<\/div>\r\n\t<\/div>\r\n\t<\/div>      <\/div>\r\n\r\n              \t\t      <\/div>\r\n    <div class=\"entry-content\">\r\n\r\n              \t<ul class=\"entry-meta list-inline\">\r\n\t\t\t<li class=\"list-inline-item posted-date\"><i class=\"fa fa-calendar-o\"><\/i> <a href=\"https:\/\/www.sejourprive.com\/en\/la-riviera-suisse-lun-des-secrets-les-mieux-gardes-deurope\/\" rel=\"bookmark\"><time class=\"entry-date published updated\" datetime=\"2026-02-05T08:56:40+01:00\">5 February 2026<\/time><\/a><\/li>\r\n\t\t\t\t<li class=\"list-inline-item categories\"><i class=\"fa fa-folder-o\"><\/i> \t\t\t<span class=\"categories-links\"><a href=\"https:\/\/www.sejourprive.com\/en\/category\/carnet-de-voyage\/\" rel=\"category tag\">Travel guide<\/a><\/span>\r\n        <\/li>\r\n\t\t<\/ul>\r\n\t      \r\n              <h4 class=\"entry-title\"><a href=\"https:\/\/www.sejourprive.com\/en\/la-riviera-suisse-lun-des-secrets-les-mieux-gardes-deurope\/\" rel=\"bookmark\">The Swiss Riviera, one of Europe's best-kept secrets<\/a><\/h4>      \r\n              <div class=\"post-excerpt\">\r\n                      <div class=\"mascot-post-excerpt\">The Swiss Riviera is a unique sight, where the Alps plunge into Lake Geneva, bathed in soft light and a surprisingly mild climate. Between terraced vineyards and elegant towns, it embodies a refined and discreet art of living.<\/div>                  <\/div>\r\n      \r\n          <\/div>\r\n  <\/div>\r\n<\/div><\/article>\t\t\t\t\t<\/div>\r\n\t\t\t\t<\/div>\r\n\t\t\t\t\t\t\t\t\t\t\t\t\t\t\t\t<div class=\"isotope-item carnet-de-voyage\">\r\n\t\t\t\t\t<div class=\"isotope-item-inner tm-split-text split-in-fade\" data-wow-delay=\"\">\r\n\t\t\t\t\t\t<article class=\"post-25827 post type-post status-publish format-standard has-post-thumbnail hentry category-carnet-de-voyage\">\r\n\t<!-- News Block -->\r\n<div class=\"blog-item-current-style1\">\r\n  <div class=\"inner-box\">\r\n    <div class=\"entry-header\">\r\n      <div class=\"thumb\">\r\n        <div class=\"post-thumb lightgallery-lightbox\">\r\n\t\r\n\t<div class=\"post-thumb-inner\">\r\n\t\t<div class=\"thumb\">\r\n\t\t\t<img decoding=\"async\" src=\"https:\/\/www.sejourprive.com\/wp-content\/uploads\/2026\/02\/Sejour-Prive_Des-plages-presque-secretes-sur-la-Cote-dAzur_IMG-1-672x448.jpg\" width=\"672\" height=\"448\" alt=\"Des plages (presque) secr\u00e8tes sur la C\u00f4te d\u2019Azur\"\/>\r\n\t\t<\/div>\r\n\t<\/div>\r\n\t<\/div>        <div class=\"post-thumb lightgallery-lightbox\">\r\n\t\r\n\t<div class=\"post-thumb-inner\">\r\n\t\t<div class=\"thumb\">\r\n\t\t\t<img decoding=\"async\" src=\"https:\/\/www.sejourprive.com\/wp-content\/uploads\/2026\/02\/Sejour-Prive_Des-plages-presque-secretes-sur-la-Cote-dAzur_IMG-1-672x448.jpg\" width=\"672\" height=\"448\" alt=\"Des plages (presque) secr\u00e8tes sur la C\u00f4te d\u2019Azur\"\/>\r\n\t\t<\/div>\r\n\t<\/div>\r\n\t<\/div>      <\/div>\r\n\r\n              \t\t      <\/div>\r\n    <div class=\"entry-content\">\r\n\r\n              \t<ul class=\"entry-meta list-inline\">\r\n\t\t\t<li class=\"list-inline-item posted-date\"><i class=\"fa fa-calendar-o\"><\/i> <a href=\"https:\/\/www.sejourprive.com\/en\/des-plages-presque-secretes-sur-la-cote-dazur\/\" rel=\"bookmark\"><time class=\"entry-date published updated\" datetime=\"2026-02-04T17:07:19+01:00\">4 February 2026<\/time><\/a><\/li>\r\n\t\t\t\t<li class=\"list-inline-item categories\"><i class=\"fa fa-folder-o\"><\/i> \t\t\t<span class=\"categories-links\"><a href=\"https:\/\/www.sejourprive.com\/en\/category\/carnet-de-voyage\/\" rel=\"category tag\">Travel guide<\/a><\/span>\r\n        <\/li>\r\n\t\t<\/ul>\r\n\t      \r\n              <h4 class=\"entry-title\"><a href=\"https:\/\/www.sejourprive.com\/en\/des-plages-presque-secretes-sur-la-cote-dazur\/\" rel=\"bookmark\">(Almost) secret beaches on the C\u00f4te d'Azur<\/a><\/h4>      \r\n              <div class=\"post-excerpt\">\r\n                      <div class=\"mascot-post-excerpt\">Far from the hustle and bustle of summer, the C\u00f4te d'Azur still reveals its almost secret beaches, where wild coves and turquoise waters offer a rare luxury: peace and privacy.<\/div>                  <\/div>\r\n      \r\n          <\/div>\r\n  <\/div>\r\n<\/div><\/article>\t\t\t\t\t<\/div>\r\n\t\t\t\t<\/div>\r\n\t\t\t\t\t\t\t\t\t\t\t\t\t\t\t\t<div class=\"isotope-item carnet-de-voyage\">\r\n\t\t\t\t\t<div class=\"isotope-item-inner tm-split-text split-in-fade\" data-wow-delay=\"\">\r\n\t\t\t\t\t\t<article class=\"post-25807 post type-post status-publish format-standard has-post-thumbnail hentry category-carnet-de-voyage\">\r\n\t<!-- News Block -->\r\n<div class=\"blog-item-current-style1\">\r\n  <div class=\"inner-box\">\r\n    <div class=\"entry-header\">\r\n      <div class=\"thumb\">\r\n        <div class=\"post-thumb lightgallery-lightbox\">\r\n\t\r\n\t<div class=\"post-thumb-inner\">\r\n\t\t<div class=\"thumb\">\r\n\t\t\t<img loading=\"lazy\" decoding=\"async\" src=\"https:\/\/www.sejourprive.com\/wp-content\/uploads\/2026\/02\/Sejour-Prive_Une-journee-inoubliable-dans-larriere-pays-cannois_IMG-1-672x448.jpg\" width=\"672\" height=\"448\" alt=\"Une journ\u00e9e inoubliable dans l\u2019arri\u00e8re-pays cannois\"\/>\r\n\t\t<\/div>\r\n\t<\/div>\r\n\t<\/div>        <div class=\"post-thumb lightgallery-lightbox\">\r\n\t\r\n\t<div class=\"post-thumb-inner\">\r\n\t\t<div class=\"thumb\">\r\n\t\t\t<img loading=\"lazy\" decoding=\"async\" src=\"https:\/\/www.sejourprive.com\/wp-content\/uploads\/2026\/02\/Sejour-Prive_Une-journee-inoubliable-dans-larriere-pays-cannois_IMG-1-672x448.jpg\" width=\"672\" height=\"448\" alt=\"Une journ\u00e9e inoubliable dans l\u2019arri\u00e8re-pays cannois\"\/>\r\n\t\t<\/div>\r\n\t<\/div>\r\n\t<\/div>      <\/div>\r\n\r\n              \t\t      <\/div>\r\n    <div class=\"entry-content\">\r\n\r\n              \t<ul class=\"entry-meta list-inline\">\r\n\t\t\t<li class=\"list-inline-item posted-date\"><i class=\"fa fa-calendar-o\"><\/i> <a href=\"https:\/\/www.sejourprive.com\/en\/une-journee-inoubliable-dans-larriere-pays-cannois\/\" rel=\"bookmark\"><time class=\"entry-date published updated\" datetime=\"2026-02-04T16:49:13+01:00\">4 February 2026<\/time><\/a><\/li>\r\n\t\t\t\t<li class=\"list-inline-item categories\"><i class=\"fa fa-folder-o\"><\/i> \t\t\t<span class=\"categories-links\"><a href=\"https:\/\/www.sejourprive.com\/en\/category\/carnet-de-voyage\/\" rel=\"category tag\">Travel guide<\/a><\/span>\r\n        <\/li>\r\n\t\t<\/ul>\r\n\t      \r\n              <h4 class=\"entry-title\"><a href=\"https:\/\/www.sejourprive.com\/en\/une-journee-inoubliable-dans-larriere-pays-cannois\/\" rel=\"bookmark\">An unforgettable day in the Cannes hinterland<\/a><\/h4>      \r\n              <div class=\"post-excerpt\">\r\n                      <div class=\"mascot-post-excerpt\">Just a few kilometres from Cannes, the hinterland reveals an authentic Provence of hilltop villages, hills bathed in light and spectacular views over the Mediterranean.<\/div>                  <\/div>\r\n      \r\n          <\/div>\r\n  <\/div>\r\n<\/div><\/article>\t\t\t\t\t<\/div>\r\n\t\t\t\t<\/div>\r\n\t\t\t\t\t\t\t\t\t\t\t\t\t\t\t\t<div class=\"isotope-item carnet-de-voyage\">\r\n\t\t\t\t\t<div class=\"isotope-item-inner tm-split-text split-in-fade\" data-wow-delay=\"\">\r\n\t\t\t\t\t\t<article class=\"post-25791 post type-post status-publish format-standard has-post-thumbnail hentry category-carnet-de-voyage\">\r\n\t<!-- News Block -->\r\n<div class=\"blog-item-current-style1\">\r\n  <div class=\"inner-box\">\r\n    <div class=\"entry-header\">\r\n      <div class=\"thumb\">\r\n        <div class=\"post-thumb lightgallery-lightbox\">\r\n\t\r\n\t<div class=\"post-thumb-inner\">\r\n\t\t<div class=\"thumb\">\r\n\t\t\t<img loading=\"lazy\" decoding=\"async\" src=\"https:\/\/www.sejourprive.com\/wp-content\/uploads\/2026\/02\/Sejour-Prive_Geneve_IMG-1-672x448.jpg\" width=\"672\" height=\"448\" alt=\"Gen\u00e8ve\"\/>\r\n\t\t<\/div>\r\n\t<\/div>\r\n\t<\/div>        <div class=\"post-thumb lightgallery-lightbox\">\r\n\t\r\n\t<div class=\"post-thumb-inner\">\r\n\t\t<div class=\"thumb\">\r\n\t\t\t<img loading=\"lazy\" decoding=\"async\" src=\"https:\/\/www.sejourprive.com\/wp-content\/uploads\/2026\/02\/Sejour-Prive_Geneve_IMG-1-672x448.jpg\" width=\"672\" height=\"448\" alt=\"Gen\u00e8ve\"\/>\r\n\t\t<\/div>\r\n\t<\/div>\r\n\t<\/div>      <\/div>\r\n\r\n              \t\t      <\/div>\r\n    <div class=\"entry-content\">\r\n\r\n              \t<ul class=\"entry-meta list-inline\">\r\n\t\t\t<li class=\"list-inline-item posted-date\"><i class=\"fa fa-calendar-o\"><\/i> <a href=\"https:\/\/www.sejourprive.com\/en\/geneve\/\" rel=\"bookmark\"><time class=\"entry-date published updated\" datetime=\"2026-02-04T16:44:56+01:00\">4 February 2026<\/time><\/a><\/li>\r\n\t\t\t\t<li class=\"list-inline-item categories\"><i class=\"fa fa-folder-o\"><\/i> \t\t\t<span class=\"categories-links\"><a href=\"https:\/\/www.sejourprive.com\/en\/category\/carnet-de-voyage\/\" rel=\"category tag\">Travel guide<\/a><\/span>\r\n        <\/li>\r\n\t\t<\/ul>\r\n\t      \r\n              <h4 class=\"entry-title\"><a href=\"https:\/\/www.sejourprive.com\/en\/geneve\/\" rel=\"bookmark\">Geneva<\/a><\/h4>      \r\n              <div class=\"post-excerpt\">\r\n                      <div class=\"mascot-post-excerpt\">Discreet and refined, Geneva embodies a luxury that is not flaunted, but felt. Set between lake and mountains, the city offers an art of living based on elegance, serenity and high standards.<\/div>                  <\/div>\r\n      \r\n          <\/div>\r\n  <\/div>\r\n<\/div><\/article>\t\t\t\t\t<\/div>\r\n\t\t\t\t<\/div>\r\n\t\t\t\t\t\t\t\t\t\t\t\t\t\t\t\t<div class=\"isotope-item carnet-de-voyage\">\r\n\t\t\t\t\t<div class=\"isotope-item-inner tm-split-text split-in-fade\" data-wow-delay=\"\">\r\n\t\t\t\t\t\t<article class=\"post-25774 post type-post status-publish format-standard has-post-thumbnail hentry category-carnet-de-voyage\">\r\n\t<!-- News Block -->\r\n<div class=\"blog-item-current-style1\">\r\n  <div class=\"inner-box\">\r\n    <div class=\"entry-header\">\r\n      <div class=\"thumb\">\r\n        <div class=\"post-thumb lightgallery-lightbox\">\r\n\t\r\n\t<div class=\"post-thumb-inner\">\r\n\t\t<div class=\"thumb\">\r\n\t\t\t<img loading=\"lazy\" decoding=\"async\" src=\"https:\/\/www.sejourprive.com\/wp-content\/uploads\/2026\/02\/Sejour-Prive_Les-tresors-confidentiels-de-Saint-Tropez_IMG-1-672x448.jpg\" width=\"672\" height=\"448\" alt=\"Les tre\u0301sors confidentiels de Saint-Tropez\"\/>\r\n\t\t<\/div>\r\n\t<\/div>\r\n\t<\/div>        <div class=\"post-thumb lightgallery-lightbox\">\r\n\t\r\n\t<div class=\"post-thumb-inner\">\r\n\t\t<div class=\"thumb\">\r\n\t\t\t<img loading=\"lazy\" decoding=\"async\" src=\"https:\/\/www.sejourprive.com\/wp-content\/uploads\/2026\/02\/Sejour-Prive_Les-tresors-confidentiels-de-Saint-Tropez_IMG-1-672x448.jpg\" width=\"672\" height=\"448\" alt=\"Les tre\u0301sors confidentiels de Saint-Tropez\"\/>\r\n\t\t<\/div>\r\n\t<\/div>\r\n\t<\/div>      <\/div>\r\n\r\n              \t\t      <\/div>\r\n    <div class=\"entry-content\">\r\n\r\n              \t<ul class=\"entry-meta list-inline\">\r\n\t\t\t<li class=\"list-inline-item posted-date\"><i class=\"fa fa-calendar-o\"><\/i> <a href=\"https:\/\/www.sejourprive.com\/en\/les-tresors-confidentiels-de-saint-tropez\/\" rel=\"bookmark\"><time class=\"entry-date published updated\" datetime=\"2026-02-04T16:25:48+01:00\">4 February 2026<\/time><\/a><\/li>\r\n\t\t\t\t<li class=\"list-inline-item categories\"><i class=\"fa fa-folder-o\"><\/i> \t\t\t<span class=\"categories-links\"><a href=\"https:\/\/www.sejourprive.com\/en\/category\/carnet-de-voyage\/\" rel=\"category tag\">Travel guide<\/a><\/span>\r\n        <\/li>\r\n\t\t<\/ul>\r\n\t      \r\n              <h4 class=\"entry-title\"><a href=\"https:\/\/www.sejourprive.com\/en\/les-tresors-confidentiels-de-saint-tropez\/\" rel=\"bookmark\">The confidential treasures of Saint-Tropez<\/a><\/h4>      \r\n              <div class=\"post-excerpt\">\r\n                      <div class=\"mascot-post-excerpt\">Far from the hustle and bustle of summer, Saint-Tropez reveals a confidential elegance where luxury is experienced in calm, light and silence. Out of season, the destination rediscovers its most authentic rhythm, reserved for those who appreciate discretion.<\/div>                  <\/div>\r\n      \r\n          <\/div>\r\n  <\/div>\r\n<\/div><\/article>\t\t\t\t\t<\/div>\r\n\t\t\t\t<\/div>\r\n\t\t\t\t\t\t\t\t\t\t\t\t\t\t\t\t<div class=\"isotope-item carnet-de-voyage\">\r\n\t\t\t\t\t<div class=\"isotope-item-inner tm-split-text split-in-fade\" data-wow-delay=\"\">\r\n\t\t\t\t\t\t<article class=\"post-24145 post type-post status-publish format-standard has-post-thumbnail hentry category-carnet-de-voyage\">\r\n\t<!-- News Block -->\r\n<div class=\"blog-item-current-style1\">\r\n  <div class=\"inner-box\">\r\n    <div class=\"entry-header\">\r\n      <div class=\"thumb\">\r\n        <div class=\"post-thumb lightgallery-lightbox\">\r\n\t\r\n\t<div class=\"post-thumb-inner\">\r\n\t\t<div class=\"thumb\">\r\n\t\t\t<img loading=\"lazy\" decoding=\"async\" src=\"https:\/\/www.sejourprive.com\/wp-content\/uploads\/2026\/01\/Sejour-Prive_Choisir-son-ile-grecque_IMG-1-672x448.jpg\" width=\"672\" height=\"448\" alt=\"Choisir son \u00eele grecque comme un art de vivre\"\/>\r\n\t\t<\/div>\r\n\t<\/div>\r\n\t<\/div>        <div class=\"post-thumb lightgallery-lightbox\">\r\n\t\r\n\t<div class=\"post-thumb-inner\">\r\n\t\t<div class=\"thumb\">\r\n\t\t\t<img loading=\"lazy\" decoding=\"async\" src=\"https:\/\/www.sejourprive.com\/wp-content\/uploads\/2026\/01\/Sejour-Prive_Choisir-son-ile-grecque_IMG-1-672x448.jpg\" width=\"672\" height=\"448\" alt=\"Choisir son \u00eele grecque comme un art de vivre\"\/>\r\n\t\t<\/div>\r\n\t<\/div>\r\n\t<\/div>      <\/div>\r\n\r\n              \t\t      <\/div>\r\n    <div class=\"entry-content\">\r\n\r\n              \t<ul class=\"entry-meta list-inline\">\r\n\t\t\t<li class=\"list-inline-item posted-date\"><i class=\"fa fa-calendar-o\"><\/i> <a href=\"https:\/\/www.sejourprive.com\/en\/choisir-son-ile-grecque-comme-un-art-de-vivre\/\" rel=\"bookmark\"><time class=\"entry-date published updated\" datetime=\"2026-01-28T14:37:08+01:00\">28 January 2026<\/time><\/a><\/li>\r\n\t\t\t\t<li class=\"list-inline-item categories\"><i class=\"fa fa-folder-o\"><\/i> \t\t\t<span class=\"categories-links\"><a href=\"https:\/\/www.sejourprive.com\/en\/category\/carnet-de-voyage\/\" rel=\"category tag\">Travel guide<\/a><\/span>\r\n        <\/li>\r\n\t\t<\/ul>\r\n\t      \r\n              <h4 class=\"entry-title\"><a href=\"https:\/\/www.sejourprive.com\/en\/choisir-son-ile-grecque-comme-un-art-de-vivre\/\" rel=\"bookmark\">Choosing your Greek island as an art of living<\/a><\/h4>      \r\n              <div class=\"post-excerpt\">\r\n                      <div class=\"mascot-post-excerpt\">In Greece, luxury isn't something you visit, it's something you choose. Each island offers its own unique way of life, where intensity, calm and authenticity are tailored to the pace and desires of the traveller.<\/div>                  <\/div>\r\n      \r\n          <\/div>\r\n  <\/div>\r\n<\/div><\/article>\t\t\t\t\t<\/div>\r\n\t\t\t\t<\/div>\r\n\t\t\t\t\t\t\t\t\t\t\t\t\t\t\t\t<div class=\"isotope-item carnet-de-voyage\">\r\n\t\t\t\t\t<div class=\"isotope-item-inner tm-split-text split-in-fade\" data-wow-delay=\"\">\r\n\t\t\t\t\t\t<article class=\"post-24133 post type-post status-publish format-standard has-post-thumbnail hentry category-carnet-de-voyage\">\r\n\t<!-- News Block -->\r\n<div class=\"blog-item-current-style1\">\r\n  <div class=\"inner-box\">\r\n    <div class=\"entry-header\">\r\n      <div class=\"thumb\">\r\n        <div class=\"post-thumb lightgallery-lightbox\">\r\n\t\r\n\t<div class=\"post-thumb-inner\">\r\n\t\t<div class=\"thumb\">\r\n\t\t\t<img loading=\"lazy\" decoding=\"async\" src=\"https:\/\/www.sejourprive.com\/wp-content\/uploads\/2026\/01\/Sejour-Prive_La-grece-hors-saison_IMG-1-672x448.jpg\" width=\"672\" height=\"448\" alt=\"La Gr\u00e8ce hors saison, le privil\u00e8ge de ceux qui savent quand partir\"\/>\r\n\t\t<\/div>\r\n\t<\/div>\r\n\t<\/div>        <div class=\"post-thumb lightgallery-lightbox\">\r\n\t\r\n\t<div class=\"post-thumb-inner\">\r\n\t\t<div class=\"thumb\">\r\n\t\t\t<img loading=\"lazy\" decoding=\"async\" src=\"https:\/\/www.sejourprive.com\/wp-content\/uploads\/2026\/01\/Sejour-Prive_La-grece-hors-saison_IMG-1-672x448.jpg\" width=\"672\" height=\"448\" alt=\"La Gr\u00e8ce hors saison, le privil\u00e8ge de ceux qui savent quand partir\"\/>\r\n\t\t<\/div>\r\n\t<\/div>\r\n\t<\/div>      <\/div>\r\n\r\n              \t\t      <\/div>\r\n    <div class=\"entry-content\">\r\n\r\n              \t<ul class=\"entry-meta list-inline\">\r\n\t\t\t<li class=\"list-inline-item posted-date\"><i class=\"fa fa-calendar-o\"><\/i> <a href=\"https:\/\/www.sejourprive.com\/en\/la-grece-hors-saison-le-privilege-de-ceux-qui-savent-quand-partir\/\" rel=\"bookmark\"><time class=\"entry-date published updated\" datetime=\"2026-01-28T14:30:13+01:00\">28 January 2026<\/time><\/a><\/li>\r\n\t\t\t\t<li class=\"list-inline-item categories\"><i class=\"fa fa-folder-o\"><\/i> \t\t\t<span class=\"categories-links\"><a href=\"https:\/\/www.sejourprive.com\/en\/category\/carnet-de-voyage\/\" rel=\"category tag\">Travel guide<\/a><\/span>\r\n        <\/li>\r\n\t\t<\/ul>\r\n\t      \r\n              <h4 class=\"entry-title\"><a href=\"https:\/\/www.sejourprive.com\/en\/la-grece-hors-saison-le-privilege-de-ceux-qui-savent-quand-partir\/\" rel=\"bookmark\">Greece out of season, the privilege of those who know when to leave<\/a><\/h4>      \r\n              <div class=\"post-excerpt\">\r\n                      <div class=\"mascot-post-excerpt\">Travelling off-season in Greece means discovering a more intimate and authentic country, where the real luxury lies in choosing the right moment.<\/div>                  <\/div>\r\n      \r\n          <\/div>\r\n  <\/div>\r\n<\/div><\/article>\t\t\t\t\t<\/div>\r\n\t\t\t\t<\/div>\r\n\t\t\t\t\t\t\t\t\t\t\t\t\t\t\t\t<div class=\"isotope-item carnet-de-voyage\">\r\n\t\t\t\t\t<div class=\"isotope-item-inner tm-split-text split-in-fade\" data-wow-delay=\"\">\r\n\t\t\t\t\t\t<article class=\"post-22318 post type-post status-publish format-standard has-post-thumbnail hentry category-carnet-de-voyage\">\r\n\t<!-- News Block -->\r\n<div class=\"blog-item-current-style1\">\r\n  <div class=\"inner-box\">\r\n    <div class=\"entry-header\">\r\n      <div class=\"thumb\">\r\n        <div class=\"post-thumb lightgallery-lightbox\">\r\n\t\r\n\t<div class=\"post-thumb-inner\">\r\n\t\t<div class=\"thumb\">\r\n\t\t\t<img loading=\"lazy\" decoding=\"async\" src=\"https:\/\/www.sejourprive.com\/wp-content\/uploads\/2026\/01\/Sejour-Prive_Journee-parfaite-villa-grecque_IMG-1-672x448.jpg\" width=\"672\" height=\"448\" alt=\"Une journ\u00e9e parfaite dans une villa grecque\"\/>\r\n\t\t<\/div>\r\n\t<\/div>\r\n\t<\/div>        <div class=\"post-thumb lightgallery-lightbox\">\r\n\t\r\n\t<div class=\"post-thumb-inner\">\r\n\t\t<div class=\"thumb\">\r\n\t\t\t<img loading=\"lazy\" decoding=\"async\" src=\"https:\/\/www.sejourprive.com\/wp-content\/uploads\/2026\/01\/Sejour-Prive_Journee-parfaite-villa-grecque_IMG-1-672x448.jpg\" width=\"672\" height=\"448\" alt=\"Une journ\u00e9e parfaite dans une villa grecque\"\/>\r\n\t\t<\/div>\r\n\t<\/div>\r\n\t<\/div>      <\/div>\r\n\r\n              \t\t      <\/div>\r\n    <div class=\"entry-content\">\r\n\r\n              \t<ul class=\"entry-meta list-inline\">\r\n\t\t\t<li class=\"list-inline-item posted-date\"><i class=\"fa fa-calendar-o\"><\/i> <a href=\"https:\/\/www.sejourprive.com\/en\/une-journee-parfaite-dans-une-villa-grecque\/\" rel=\"bookmark\"><time class=\"entry-date published updated\" datetime=\"2025-10-20T15:42:04+02:00\">20 October 2025<\/time><\/a><\/li>\r\n\t\t\t\t<li class=\"list-inline-item categories\"><i class=\"fa fa-folder-o\"><\/i> \t\t\t<span class=\"categories-links\"><a href=\"https:\/\/www.sejourprive.com\/en\/category\/carnet-de-voyage\/\" rel=\"category tag\">Travel guide<\/a><\/span>\r\n        <\/li>\r\n\t\t<\/ul>\r\n\t      \r\n              <h4 class=\"entry-title\"><a href=\"https:\/\/www.sejourprive.com\/en\/une-journee-parfaite-dans-une-villa-grecque\/\" rel=\"bookmark\">A perfect day in a Greek villa<\/a><\/h4>      \r\n              <div class=\"post-excerpt\">\r\n                      <div class=\"mascot-post-excerpt\">In Greece, travelling is an experience for the senses. In the intimacy of a villa, gastronomy sets the pace for the day, with simple products, golden light and the Mediterranean art of living.<\/div>                  <\/div>\r\n      \r\n          <\/div>\r\n  <\/div>\r\n<\/div><\/article>\t\t\t\t\t<\/div>\r\n\t\t\t\t<\/div>\r\n\t\t\t\t\t\t\t\t\t\t\t\t\t\t\t\t<div class=\"isotope-item carnet-de-voyage\">\r\n\t\t\t\t\t<div class=\"isotope-item-inner tm-split-text split-in-fade\" data-wow-delay=\"\">\r\n\t\t\t\t\t\t<article class=\"post-24121 post type-post status-publish format-standard has-post-thumbnail hentry category-carnet-de-voyage\">\r\n\t<!-- News Block -->\r\n<div class=\"blog-item-current-style1\">\r\n  <div class=\"inner-box\">\r\n    <div class=\"entry-header\">\r\n      <div class=\"thumb\">\r\n        <div class=\"post-thumb lightgallery-lightbox\">\r\n\t\r\n\t<div class=\"post-thumb-inner\">\r\n\t\t<div class=\"thumb\">\r\n\t\t\t<img loading=\"lazy\" decoding=\"async\" src=\"https:\/\/www.sejourprive.com\/wp-content\/uploads\/2026\/01\/Sejour-Prive_Paris-autrement_IMG-1-672x448.jpg\" width=\"672\" height=\"448\" alt=\"Paris, autrement\"\/>\r\n\t\t<\/div>\r\n\t<\/div>\r\n\t<\/div>        <div class=\"post-thumb lightgallery-lightbox\">\r\n\t\r\n\t<div class=\"post-thumb-inner\">\r\n\t\t<div class=\"thumb\">\r\n\t\t\t<img loading=\"lazy\" decoding=\"async\" src=\"https:\/\/www.sejourprive.com\/wp-content\/uploads\/2026\/01\/Sejour-Prive_Paris-autrement_IMG-1-672x448.jpg\" width=\"672\" height=\"448\" alt=\"Paris, autrement\"\/>\r\n\t\t<\/div>\r\n\t<\/div>\r\n\t<\/div>      <\/div>\r\n\r\n              \t\t      <\/div>\r\n    <div class=\"entry-content\">\r\n\r\n              \t<ul class=\"entry-meta list-inline\">\r\n\t\t\t<li class=\"list-inline-item posted-date\"><i class=\"fa fa-calendar-o\"><\/i> <a href=\"https:\/\/www.sejourprive.com\/en\/paris-autrement\/\" rel=\"bookmark\"><time class=\"entry-date published updated\" datetime=\"2025-10-20T14:21:34+02:00\">20 October 2025<\/time><\/a><\/li>\r\n\t\t\t\t<li class=\"list-inline-item categories\"><i class=\"fa fa-folder-o\"><\/i> \t\t\t<span class=\"categories-links\"><a href=\"https:\/\/www.sejourprive.com\/en\/category\/carnet-de-voyage\/\" rel=\"category tag\">Travel guide<\/a><\/span>\r\n        <\/li>\r\n\t\t<\/ul>\r\n\t      \r\n              <h4 class=\"entry-title\"><a href=\"https:\/\/www.sejourprive.com\/en\/paris-autrement\/\" rel=\"bookmark\">Paris, differently<\/a><\/h4>      \r\n              <div class=\"post-excerpt\">\r\n                      <div class=\"mascot-post-excerpt\">Paris has nothing to prove. Once the monuments have become part of our memory, the capital reveals itself elsewhere: in its silences, its detours and its preserved addresses. Away from the crowds, it becomes more personal, almost secret.<\/div>                  <\/div>\r\n      \r\n          <\/div>\r\n  <\/div>\r\n<\/div><\/article>\t\t\t\t\t<\/div>\r\n\t\t\t\t<\/div>\r\n\t\t\t\t\t\t\t\t\t\t\t\t\t\t\t\t<div class=\"isotope-item carnet-de-voyage\">\r\n\t\t\t\t\t<div class=\"isotope-item-inner tm-split-text split-in-fade\" data-wow-delay=\"\">\r\n\t\t\t\t\t\t<article class=\"post-20610 post type-post status-publish format-standard has-post-thumbnail hentry category-carnet-de-voyage\">\r\n\t<!-- News Block -->\r\n<div class=\"blog-item-current-style1\">\r\n  <div class=\"inner-box\">\r\n    <div class=\"entry-header\">\r\n      <div class=\"thumb\">\r\n        <div class=\"post-thumb lightgallery-lightbox\">\r\n\t\r\n\t<div class=\"post-thumb-inner\">\r\n\t\t<div class=\"thumb\">\r\n\t\t\t<img loading=\"lazy\" decoding=\"async\" src=\"https:\/\/www.sejourprive.com\/wp-content\/uploads\/2026\/01\/Sejour-Prive_Paris-automne_IMG-1-1-672x448.jpg\" width=\"672\" height=\"448\" alt=\"Escapades nature autour de Paris\"\/>\r\n\t\t<\/div>\r\n\t<\/div>\r\n\t<\/div>        <div class=\"post-thumb lightgallery-lightbox\">\r\n\t\r\n\t<div class=\"post-thumb-inner\">\r\n\t\t<div class=\"thumb\">\r\n\t\t\t<img loading=\"lazy\" decoding=\"async\" src=\"https:\/\/www.sejourprive.com\/wp-content\/uploads\/2026\/01\/Sejour-Prive_Paris-automne_IMG-1-1-672x448.jpg\" width=\"672\" height=\"448\" alt=\"Escapades nature autour de Paris\"\/>\r\n\t\t<\/div>\r\n\t<\/div>\r\n\t<\/div>      <\/div>\r\n\r\n              \t\t      <\/div>\r\n    <div class=\"entry-content\">\r\n\r\n              \t<ul class=\"entry-meta list-inline\">\r\n\t\t\t<li class=\"list-inline-item posted-date\"><i class=\"fa fa-calendar-o\"><\/i> <a href=\"https:\/\/www.sejourprive.com\/en\/escapades-nature-autour-de-paris\/\" rel=\"bookmark\"><time class=\"entry-date published updated\" datetime=\"2025-06-26T15:36:01+02:00\">26 June 2025<\/time><\/a><\/li>\r\n\t\t\t\t<li class=\"list-inline-item categories\"><i class=\"fa fa-folder-o\"><\/i> \t\t\t<span class=\"categories-links\"><a href=\"https:\/\/www.sejourprive.com\/en\/category\/carnet-de-voyage\/\" rel=\"category tag\">Travel guide<\/a><\/span>\r\n        <\/li>\r\n\t\t<\/ul>\r\n\t      \r\n              <h4 class=\"entry-title\"><a href=\"https:\/\/www.sejourprive.com\/en\/escapades-nature-autour-de-paris\/\" rel=\"bookmark\">Nature breaks around Paris<\/a><\/h4>      \r\n              <div class=\"post-excerpt\">\r\n                      <div class=\"mascot-post-excerpt\">Less than an hour from Paris, the region offers a host of nature breaks, with parks, forests and heritage, ideal for a day in the countryside.<\/div>                  <\/div>\r\n      \r\n          <\/div>\r\n  <\/div>\r\n<\/div><\/article>\t\t\t\t\t<\/div>\r\n\t\t\t\t<\/div>\r\n\t\t\t\t\t\t\t\t\t\t\t\t\t\t\t\t<div class=\"isotope-item carnet-de-voyage\">\r\n\t\t\t\t\t<div class=\"isotope-item-inner tm-split-text split-in-fade\" data-wow-delay=\"\">\r\n\t\t\t\t\t\t<article class=\"post-20529 post type-post status-publish format-standard has-post-thumbnail hentry category-carnet-de-voyage\">\r\n\t<!-- News Block -->\r\n<div class=\"blog-item-current-style1\">\r\n  <div class=\"inner-box\">\r\n    <div class=\"entry-header\">\r\n      <div class=\"thumb\">\r\n        <div class=\"post-thumb lightgallery-lightbox\">\r\n\t\r\n\t<div class=\"post-thumb-inner\">\r\n\t\t<div class=\"thumb\">\r\n\t\t\t<img loading=\"lazy\" decoding=\"async\" src=\"https:\/\/www.sejourprive.com\/wp-content\/uploads\/2026\/01\/Sejour-Prive_Paris-automne_IMG-1-672x448.jpg\" width=\"672\" height=\"448\" alt=\"L\u2019automne \u00e0 Paris, une saison \u00e0 part\"\/>\r\n\t\t<\/div>\r\n\t<\/div>\r\n\t<\/div>        <div class=\"post-thumb lightgallery-lightbox\">\r\n\t\r\n\t<div class=\"post-thumb-inner\">\r\n\t\t<div class=\"thumb\">\r\n\t\t\t<img loading=\"lazy\" decoding=\"async\" src=\"https:\/\/www.sejourprive.com\/wp-content\/uploads\/2026\/01\/Sejour-Prive_Paris-automne_IMG-1-672x448.jpg\" width=\"672\" height=\"448\" alt=\"L\u2019automne \u00e0 Paris, une saison \u00e0 part\"\/>\r\n\t\t<\/div>\r\n\t<\/div>\r\n\t<\/div>      <\/div>\r\n\r\n              \t\t      <\/div>\r\n    <div class=\"entry-content\">\r\n\r\n              \t<ul class=\"entry-meta list-inline\">\r\n\t\t\t<li class=\"list-inline-item posted-date\"><i class=\"fa fa-calendar-o\"><\/i> <a href=\"https:\/\/www.sejourprive.com\/en\/lautomne-a-paris-une-saison-a-part\/\" rel=\"bookmark\"><time class=\"entry-date published updated\" datetime=\"2025-06-26T15:01:45+02:00\">26 June 2025<\/time><\/a><\/li>\r\n\t\t\t\t<li class=\"list-inline-item categories\"><i class=\"fa fa-folder-o\"><\/i> \t\t\t<span class=\"categories-links\"><a href=\"https:\/\/www.sejourprive.com\/en\/category\/carnet-de-voyage\/\" rel=\"category tag\">Travel guide<\/a><\/span>\r\n        <\/li>\r\n\t\t<\/ul>\r\n\t      \r\n              <h4 class=\"entry-title\"><a href=\"https:\/\/www.sejourprive.com\/en\/lautomne-a-paris-une-saison-a-part\/\" rel=\"bookmark\">Autumn in Paris, a season apart<\/a><\/h4>      \r\n              <div class=\"post-excerpt\">\r\n                      <div class=\"mascot-post-excerpt\">In autumn, Paris slows down to reveal a gentle, inspiring atmosphere of nature, culture and major events.<\/div>                  <\/div>\r\n      \r\n          <\/div>\r\n  <\/div>\r\n<\/div><\/article>\t\t\t\t\t<\/div>\r\n\t\t\t\t<\/div>\r\n\t\t\t\t\t\t\t\t\t\t\t\t\t\t\t\t<div class=\"isotope-item carnet-de-voyage\">\r\n\t\t\t\t\t<div class=\"isotope-item-inner tm-split-text split-in-fade\" data-wow-delay=\"\">\r\n\t\t\t\t\t\t<article class=\"post-20516 post type-post status-publish format-standard has-post-thumbnail hentry category-carnet-de-voyage\">\r\n\t<!-- News Block -->\r\n<div class=\"blog-item-current-style1\">\r\n  <div class=\"inner-box\">\r\n    <div class=\"entry-header\">\r\n      <div class=\"thumb\">\r\n        <div class=\"post-thumb lightgallery-lightbox\">\r\n\t\r\n\t<div class=\"post-thumb-inner\">\r\n\t\t<div class=\"thumb\">\r\n\t\t\t<img loading=\"lazy\" decoding=\"async\" src=\"https:\/\/www.sejourprive.com\/wp-content\/uploads\/2026\/01\/Sejour-Prive_Mykonos_IMG-1-672x448.jpg\" width=\"672\" height=\"448\" alt=\"Mykonos, au-del\u00e0 des clich\u00e9s\"\/>\r\n\t\t<\/div>\r\n\t<\/div>\r\n\t<\/div>        <div class=\"post-thumb lightgallery-lightbox\">\r\n\t\r\n\t<div class=\"post-thumb-inner\">\r\n\t\t<div class=\"thumb\">\r\n\t\t\t<img loading=\"lazy\" decoding=\"async\" src=\"https:\/\/www.sejourprive.com\/wp-content\/uploads\/2026\/01\/Sejour-Prive_Mykonos_IMG-1-672x448.jpg\" width=\"672\" height=\"448\" alt=\"Mykonos, au-del\u00e0 des clich\u00e9s\"\/>\r\n\t\t<\/div>\r\n\t<\/div>\r\n\t<\/div>      <\/div>\r\n\r\n              \t\t      <\/div>\r\n    <div class=\"entry-content\">\r\n\r\n              \t<ul class=\"entry-meta list-inline\">\r\n\t\t\t<li class=\"list-inline-item posted-date\"><i class=\"fa fa-calendar-o\"><\/i> <a href=\"https:\/\/www.sejourprive.com\/en\/mykonos-au-dela-des-cliches\/\" rel=\"bookmark\"><time class=\"entry-date published updated\" datetime=\"2025-06-26T14:46:18+02:00\">26 June 2025<\/time><\/a><\/li>\r\n\t\t\t\t<li class=\"list-inline-item categories\"><i class=\"fa fa-folder-o\"><\/i> \t\t\t<span class=\"categories-links\"><a href=\"https:\/\/www.sejourprive.com\/en\/category\/carnet-de-voyage\/\" rel=\"category tag\">Travel guide<\/a><\/span>\r\n        <\/li>\r\n\t\t<\/ul>\r\n\t      \r\n              <h4 class=\"entry-title\"><a href=\"https:\/\/www.sejourprive.com\/en\/mykonos-au-dela-des-cliches\/\" rel=\"bookmark\">Mykonos, beyond the clich\u00e9s<\/a><\/h4>      \r\n              <div class=\"post-excerpt\">\r\n                      <div class=\"mascot-post-excerpt\">Often reduced to its festive image, Mykonos nevertheless reveals a richer identity, shaped by history, Cycladic architecture and contrasting landscapes. Outside the high season, the island offers a quieter, more authentic face.<\/div>                  <\/div>\r\n      \r\n          <\/div>\r\n  <\/div>\r\n<\/div><\/article>\t\t\t\t\t<\/div>\r\n\t\t\t\t<\/div>\r\n\t\t\t\t\t\t\t\t\t\t\t\t\t\t\t\t<div class=\"isotope-item carnet-de-voyage\">\r\n\t\t\t\t\t<div class=\"isotope-item-inner tm-split-text split-in-fade\" data-wow-delay=\"\">\r\n\t\t\t\t\t\t<article class=\"post-20104 post type-post status-publish format-standard has-post-thumbnail hentry category-carnet-de-voyage\">\r\n\t<!-- News Block -->\r\n<div class=\"blog-item-current-style1\">\r\n  <div class=\"inner-box\">\r\n    <div class=\"entry-header\">\r\n      <div class=\"thumb\">\r\n        <div class=\"post-thumb lightgallery-lightbox\">\r\n\t\r\n\t<div class=\"post-thumb-inner\">\r\n\t\t<div class=\"thumb\">\r\n\t\t\t<img loading=\"lazy\" decoding=\"async\" src=\"https:\/\/www.sejourprive.com\/wp-content\/uploads\/2026\/01\/Sejour-Prive_Paris-en-famille_IMG-1-672x448.jpg\" width=\"672\" height=\"448\" alt=\"Paris en famille : l\u2019art de vivre la capitale entre culture, loisirs et d\u00e9couvertes\"\/>\r\n\t\t<\/div>\r\n\t<\/div>\r\n\t<\/div>        <div class=\"post-thumb lightgallery-lightbox\">\r\n\t\r\n\t<div class=\"post-thumb-inner\">\r\n\t\t<div class=\"thumb\">\r\n\t\t\t<img loading=\"lazy\" decoding=\"async\" src=\"https:\/\/www.sejourprive.com\/wp-content\/uploads\/2026\/01\/Sejour-Prive_Paris-en-famille_IMG-1-672x448.jpg\" width=\"672\" height=\"448\" alt=\"Paris en famille : l\u2019art de vivre la capitale entre culture, loisirs et d\u00e9couvertes\"\/>\r\n\t\t<\/div>\r\n\t<\/div>\r\n\t<\/div>      <\/div>\r\n\r\n              \t\t      <\/div>\r\n    <div class=\"entry-content\">\r\n\r\n              \t<ul class=\"entry-meta list-inline\">\r\n\t\t\t<li class=\"list-inline-item posted-date\"><i class=\"fa fa-calendar-o\"><\/i> <a href=\"https:\/\/www.sejourprive.com\/en\/paris-en-famille-lart-de-vivre-la-capitale-entre-culture-loisirs-et-decouvertes\/\" rel=\"bookmark\"><time class=\"entry-date published updated\" datetime=\"2025-06-26T10:08:35+02:00\">26 June 2025<\/time><\/a><\/li>\r\n\t\t\t\t<li class=\"list-inline-item categories\"><i class=\"fa fa-folder-o\"><\/i> \t\t\t<span class=\"categories-links\"><a href=\"https:\/\/www.sejourprive.com\/en\/category\/carnet-de-voyage\/\" rel=\"category tag\">Travel guide<\/a><\/span>\r\n        <\/li>\r\n\t\t<\/ul>\r\n\t      \r\n              <h4 class=\"entry-title\"><a href=\"https:\/\/www.sejourprive.com\/en\/paris-en-famille-lart-de-vivre-la-capitale-entre-culture-loisirs-et-decouvertes\/\" rel=\"bookmark\">Paris with the family: the art of living in the capital through culture, leisure and discovery<\/a><\/h4>      \r\n              <div class=\"post-excerpt\">\r\n                      <div class=\"mascot-post-excerpt\">Paris en famille offers a unique experience combining culture, leisure and the art of living, where young and old discover the capital at their own pace to create lasting memories.<\/div>                  <\/div>\r\n      \r\n          <\/div>\r\n  <\/div>\r\n<\/div><\/article>\t\t\t\t\t<\/div>\r\n\t\t\t\t<\/div>\r\n\t\t\t\t\t\t\t\t\t\t\t\t\t\t\t\t<div class=\"isotope-item carnet-de-voyage\">\r\n\t\t\t\t\t<div class=\"isotope-item-inner tm-split-text split-in-fade\" data-wow-delay=\"\">\r\n\t\t\t\t\t\t<article class=\"post-9334 post type-post status-publish format-standard has-post-thumbnail hentry category-carnet-de-voyage\">\r\n\t<!-- News Block -->\r\n<div class=\"blog-item-current-style1\">\r\n  <div class=\"inner-box\">\r\n    <div class=\"entry-header\">\r\n      <div class=\"thumb\">\r\n        <div class=\"post-thumb lightgallery-lightbox\">\r\n\t\r\n\t<div class=\"post-thumb-inner\">\r\n\t\t<div class=\"thumb\">\r\n\t\t\t<img loading=\"lazy\" decoding=\"async\" src=\"https:\/\/www.sejourprive.com\/wp-content\/uploads\/2025\/04\/Sejour-Prive_Voyager-en-Grece_IMG-1-672x448.jpg\" width=\"672\" height=\"448\" alt=\"Tips-Travel &#8211; Voyager en Gr\u00e8ce\"\/>\r\n\t\t<\/div>\r\n\t<\/div>\r\n\t<\/div>        <div class=\"post-thumb lightgallery-lightbox\">\r\n\t\r\n\t<div class=\"post-thumb-inner\">\r\n\t\t<div class=\"thumb\">\r\n\t\t\t<img loading=\"lazy\" decoding=\"async\" src=\"https:\/\/www.sejourprive.com\/wp-content\/uploads\/2025\/04\/Sejour-Prive_Voyager-en-Grece_IMG-1-672x448.jpg\" width=\"672\" height=\"448\" alt=\"Tips-Travel &#8211; Voyager en Gr\u00e8ce\"\/>\r\n\t\t<\/div>\r\n\t<\/div>\r\n\t<\/div>      <\/div>\r\n\r\n              \t\t      <\/div>\r\n    <div class=\"entry-content\">\r\n\r\n              \t<ul class=\"entry-meta list-inline\">\r\n\t\t\t<li class=\"list-inline-item posted-date\"><i class=\"fa fa-calendar-o\"><\/i> <a href=\"https:\/\/www.sejourprive.com\/en\/tips-travel-voyager-en-grece\/\" rel=\"bookmark\"><time class=\"entry-date published updated\" datetime=\"2025-06-26T09:30:16+02:00\">26 June 2025<\/time><\/a><\/li>\r\n\t\t\t\t<li class=\"list-inline-item categories\"><i class=\"fa fa-folder-o\"><\/i> \t\t\t<span class=\"categories-links\"><a href=\"https:\/\/www.sejourprive.com\/en\/category\/carnet-de-voyage\/\" rel=\"category tag\">Travel guide<\/a><\/span>\r\n        <\/li>\r\n\t\t<\/ul>\r\n\t      \r\n              <h4 class=\"entry-title\"><a href=\"https:\/\/www.sejourprive.com\/en\/tips-travel-voyager-en-grece\/\" rel=\"bookmark\">Tips-Travel - Travelling in Greece<\/a><\/h4>      \r\n              <div class=\"post-excerpt\">\r\n                      <div class=\"mascot-post-excerpt\">Greece is best discovered by adopting its own rhythm, customs and way of life. These essential points of reference allow you to travel with elegance, comfort and serenity, as close as possible to local traditions.<\/div>                  <\/div>\r\n      \r\n          <\/div>\r\n  <\/div>\r\n<\/div><\/article>\t\t\t\t\t<\/div>\r\n\t\t\t\t<\/div>\r\n\t\t\t\t\t\t\t\t<!-- end of the loop -->\r\n\t\t\t<\/div>\r\n\t\t<\/div>\r\n\t\t\t<\/div>\r\n\r\n\r\n\t\t\t\t<\/div>\n\t\t\t\t<\/div>\n\t\t\t\t<\/div>\n\t\t\t\t\t<\/div>\n\t\t\t\t<\/div>\n\t\t\t\t\t<\/div>\n\t\t\t\t<\/div>\n\t\t<div class=\"elementor-element elementor-element-1a544a0 e-flex e-con-boxed tm-col-stretched-none tm-bg-color-over-image e-con e-parent\" data-id=\"1a544a0\" data-element_type=\"container\" data-e-type=\"container\" data-settings=\"{&quot;background_background&quot;:&quot;classic&quot;}\">\n\t\t\t\t\t<div class=\"e-con-inner\">\n\t\t<div class=\"elementor-element elementor-element-f9e289f e-con-full e-flex tm-col-stretched-none tm-bg-color-over-image e-con e-child\" data-id=\"f9e289f\" data-element_type=\"container\" data-e-type=\"container\">\n\t\t<div class=\"elementor-element elementor-element-500dc36 e-con-full e-flex tm-col-stretched-none tm-bg-color-over-image e-con e-child\" data-id=\"500dc36\" data-element_type=\"container\" data-e-type=\"container\" data-settings=\"{&quot;background_background&quot;:&quot;classic&quot;}\">\n\t\t<div class=\"elementor-element elementor-element-86651c5 e-con-full e-flex tm-col-stretched-none tm-bg-color-over-image e-con e-child\" data-id=\"86651c5\" data-element_type=\"container\" data-e-type=\"container\">\n\t\t\t\t<div class=\"elementor-element elementor-element-1ce0af9 elementor-widget elementor-widget-tm-ele-animated-layers\" data-id=\"1ce0af9\" data-element_type=\"widget\" data-e-type=\"widget\" data-widget_type=\"tm-ele-animated-layers.default\">\n\t\t\t\t<div class=\"elementor-widget-container\">\n\t\t\t\t\t\t\t<div class=\"tm-sc-animated-layer-advanced\">\r\n\t\t\t<div class=\"animated-layer-advanced-inner clearfix\">\r\n\t\r\n<div class=\"layer-image-wrapper layer-image tm-item-appear-clip-path  layer-image-fullwidth elementor-repeater-item-6cfb89b\" style=\"\">\r\n\t<div class=\"layer-inner layer-image\">\r\n\t\t<div class=\"layer-image-inner-wrapper image-hover-effect-shine\">\r\n\t\t\t\t\t<img loading=\"lazy\" decoding=\"async\" class=\"\" src=\"https:\/\/www.sejourprive.com\/wp-content\/uploads\/2025\/09\/SEJOUR-PRIVE_reseaux1.jpg\" width=\"900\" height=\"1200\" alt=\"\">\r\n\t\t<\/div>\r\n\t<\/div>\r\n<\/div>\r\n\r\n<div class=\"layer-image-wrapper layer-image tm-item-appear-clip-path-right  layer-image-fullwidth elementor-repeater-item-9fbb3c8\" style=\"\">\r\n\t<div class=\"layer-inner layer-image\">\r\n\t\t<div class=\"layer-image-inner-wrapper image-hover-effect-shine\">\r\n\t\t\t\t\t<img loading=\"lazy\" decoding=\"async\" class=\"\" src=\"https:\/\/www.sejourprive.com\/wp-content\/uploads\/2025\/09\/SEJOUR-PRIVE_reseaux2.jpg\" width=\"1920\" height=\"1280\" alt=\"\">\r\n\t\t<\/div>\r\n\t<\/div>\r\n<\/div>\r\n\t\t\t<\/div>\r\n\t\t\t<div class=\"clearfix\"><\/div>\r\n\t\t<\/div>\r\n\t\t\t\t\t<\/div>\n\t\t\t\t<\/div>\n\t\t\t\t<\/div>\n\t\t<div class=\"elementor-element elementor-element-1431d11 e-con-full e-flex tm-col-stretched-none tm-bg-color-over-image elementor-invisible e-con e-child\" data-id=\"1431d11\" data-element_type=\"container\" data-e-type=\"container\" data-settings=\"{&quot;animation&quot;:&quot;fadeInRight&quot;}\">\n\t\t\t\t<div class=\"elementor-element elementor-element-c7c3cd9 horizontal-line-align-left vertical-line-align-bottom elementor-widget elementor-widget-tm-ele-section-title\" data-id=\"c7c3cd9\" data-element_type=\"widget\" data-e-type=\"widget\" data-widget_type=\"tm-ele-section-title.default\">\n\t\t\t\t<div class=\"elementor-widget-container\">\n\t\t\t\t\t<div class=\"tm-sc-section-title section-title line-right-current-theme\">\r\n\t<div class=\"title-wrapper\">\r\n\t\t\t\t\r\n\r\n<div class=\"sub-title-outer\">\r\n\t<\/div>\t\t\t<h2 class=\"title tm-split-text split-in-right\">\r\n\r\n\t\t\r\n\t\t\t\t<span class=\"title-part1\">Follow us on social media<\/span>\r\n\t\t\t\t\r\n\t\t\r\n\t<\/h2>\r\n\t<div class=\"title-seperator-line\"><\/div>\t\t\t\t\t\t<\/div>\r\n<\/div>\t\t\t\t<\/div>\n\t\t\t\t<\/div>\n\t\t\t\t<div class=\"elementor-element elementor-element-ab9cc6f elementor-widget elementor-widget-tm-ele-social-links\" data-id=\"ab9cc6f\" data-element_type=\"widget\" data-e-type=\"widget\" data-widget_type=\"tm-ele-social-links.default\">\n\t\t\t\t<div class=\"elementor-widget-container\">\n\t\t\t\t\t<ul class=\"tm-sc-social-links default links-outlined\">\r\n\r\n\t\t\t<li><a class=\"social-link\" aria-label=\"Social Link\" href=\"http:\/\/dzdz\" target=\"_self\"><i class=\"fa fa-facebook\"><\/i><\/a><\/li>\r\n\t\t\t<li><a class=\"social-link\" aria-label=\"Social Link\" href=\"http:\/\/zedzed\" target=\"_self\"><i class=\"fa fa-youtube\"><\/i><\/a><\/li>\r\n\t\r\n\t\t\t<li><a class=\"social-link\" aria-label=\"Social Link\" href=\"http:\/\/zedz\" target=\"_self\"><i class=\"fa fa-instagram\"><\/i><\/a><\/li>\r\n\t\t\r\n\t\t\t<\/ul>\t\t\t\t<\/div>\n\t\t\t\t<\/div>\n\t\t\t\t<div class=\"elementor-element elementor-element-a6f8bb9 elementor-widget__width-initial elementor-widget elementor-widget-tm-ele-text-editor\" data-id=\"a6f8bb9\" data-element_type=\"widget\" data-e-type=\"widget\" data-widget_type=\"tm-ele-text-editor.default\">\n\t\t\t\t<div class=\"elementor-widget-container\">\n\t\t\t\t\t\t\t<div class=\"tm-text-editor\">\r\n\t\t<p class=\"tw-data-text tw-text-large tw-ta\" data-placeholder=\"Traduction\" id=\"tw-target-text\" data-ved=\"2ahUKEwi167GjgM2MAxUhTaQEHWD7DVYQ3ewLegQICBAV\" dir=\"ltr\" aria-label=\"Translated text : Be the first to hear about our latest destinations, discover our new homes and win our exclusive competitions.\"><span class=\"Y2IQFc\" lang=\"fr\">Follow us on your favorite social media channels and join the conversation to discover the best destination guides and travel tips !<\/span><\/p>\t\t<\/div>\r\n\t\t\t\t\t<\/div>\n\t\t\t\t<\/div>\n\t\t\t\t<\/div>\n\t\t\t\t<\/div>\n\t\t\t\t<\/div>\n\t\t\t\t\t<\/div>\n\t\t\t\t<\/div>\n\t\t\t\t<\/div>","protected":false},"excerpt":{"rendered":"<p>Carnet de voyage Nos derniers articles Lectures recommand\u00e9es par nos experts 27 janvier 2026 Carnet de voyage Une journ\u00e9e parfaite&#8230;<\/p>","protected":false},"author":2,"featured_media":0,"parent":0,"menu_order":0,"comment_status":"closed","ping_status":"closed","template":"","meta":{"_acf_changed":false,"footnotes":""},"class_list":["post-8585","page","type-page","status-publish","hentry"],"acf":[],"yoast_head":"<!-- This site is optimized with the Yoast SEO plugin v26.6 - https:\/\/yoast.com\/wordpress\/plugins\/seo\/ -->\n<title>S\u00e9jour Priv\u00e9 - Carnet de voyage<\/title>\n<meta name=\"description\" content=\"Carnet de voyage Nos derniers articles Lectures recommand\u00e9es par nos experts 27 janvier 2026 Carnet de voyage Une journ\u00e9e parfaite dans une villa grecque\" \/>\n<meta name=\"robots\" content=\"index, follow, max-snippet:-1, max-image-preview:large, max-video-preview:-1\" \/>\n<link rel=\"canonical\" href=\"https:\/\/www.sejourprive.com\/en\/carnet-de-voyage-2\/\" \/>\n<meta property=\"og:locale\" content=\"en_GB\" \/>\n<meta property=\"og:type\" content=\"article\" \/>\n<meta property=\"og:title\" content=\"S\u00e9jour Priv\u00e9 - Carnet de voyage\" \/>\n<meta property=\"og:description\" content=\"Carnet de voyage Nos derniers articles Lectures recommand\u00e9es par nos experts 27 janvier 2026 Carnet de voyage Une journ\u00e9e parfaite dans une villa grecque\" \/>\n<meta property=\"og:url\" content=\"https:\/\/www.sejourprive.com\/en\/carnet-de-voyage-2\/\" \/>\n<meta property=\"og:site_name\" content=\"S\u00e9jour Priv\u00e9\" \/>\n<meta property=\"article:modified_time\" content=\"2026-01-27T15:09:09+00:00\" \/>\n<meta property=\"og:image\" content=\"https:\/\/www.sejourprive.com\/wp-content\/uploads\/2026\/01\/Sejour-Prive_Journee-parfaite-villa-grecque_IMG-1-672x448.jpg\" \/>\n<meta name=\"twitter:card\" content=\"summary_large_image\" \/>\n<meta name=\"twitter:label1\" content=\"Estimated reading time\" \/>\n\t<meta name=\"twitter:data1\" content=\"5 minutes\" \/>\n<script type=\"application\/ld+json\" class=\"yoast-schema-graph\">{\"@context\":\"https:\/\/schema.org\",\"@graph\":[{\"@type\":\"WebPage\",\"@id\":\"https:\/\/www.sejourprive.com\/carnet-de-voyage-2\/\",\"url\":\"https:\/\/www.sejourprive.com\/carnet-de-voyage-2\/\",\"name\":\"S\u00e9jour Priv\u00e9 - Carnet de voyage\",\"isPartOf\":{\"@id\":\"https:\/\/www.sejourprive.com\/#website\"},\"primaryImageOfPage\":{\"@id\":\"https:\/\/www.sejourprive.com\/carnet-de-voyage-2\/#primaryimage\"},\"image\":{\"@id\":\"https:\/\/www.sejourprive.com\/carnet-de-voyage-2\/#primaryimage\"},\"thumbnailUrl\":\"https:\/\/www.sejourprive.com\/wp-content\/uploads\/2026\/01\/Sejour-Prive_Journee-parfaite-villa-grecque_IMG-1-672x448.jpg\",\"datePublished\":\"2025-04-10T07:59:44+00:00\",\"dateModified\":\"2026-01-27T15:09:09+00:00\",\"description\":\"Carnet de voyage Nos derniers articles Lectures recommand\u00e9es par nos experts 27 janvier 2026 Carnet de voyage Une journ\u00e9e parfaite dans une villa grecque\",\"breadcrumb\":{\"@id\":\"https:\/\/www.sejourprive.com\/carnet-de-voyage-2\/#breadcrumb\"},\"inLanguage\":\"en-GB\",\"potentialAction\":[{\"@type\":\"ReadAction\",\"target\":[\"https:\/\/www.sejourprive.com\/carnet-de-voyage-2\/\"]}]},{\"@type\":\"ImageObject\",\"inLanguage\":\"en-GB\",\"@id\":\"https:\/\/www.sejourprive.com\/carnet-de-voyage-2\/#primaryimage\",\"url\":\"https:\/\/www.sejourprive.com\/wp-content\/uploads\/2026\/01\/Sejour-Prive_Journee-parfaite-villa-grecque_IMG-1-672x448.jpg\",\"contentUrl\":\"https:\/\/www.sejourprive.com\/wp-content\/uploads\/2026\/01\/Sejour-Prive_Journee-parfaite-villa-grecque_IMG-1-672x448.jpg\"},{\"@type\":\"BreadcrumbList\",\"@id\":\"https:\/\/www.sejourprive.com\/carnet-de-voyage-2\/#breadcrumb\",\"itemListElement\":[{\"@type\":\"ListItem\",\"position\":1,\"name\":\"Accueil\",\"item\":\"https:\/\/www.sejourprive.com\/\"},{\"@type\":\"ListItem\",\"position\":2,\"name\":\"Carnet de voyage\"}]},{\"@type\":\"WebSite\",\"@id\":\"https:\/\/www.sejourprive.com\/#website\",\"url\":\"https:\/\/www.sejourprive.com\/\",\"name\":\"S\u00e9jour Priv\u00e9\",\"description\":\"Nous imaginons pour vous des s\u00e9jours d\u2019exception.\",\"publisher\":{\"@id\":\"https:\/\/www.sejourprive.com\/#organization\"},\"potentialAction\":[{\"@type\":\"SearchAction\",\"target\":{\"@type\":\"EntryPoint\",\"urlTemplate\":\"https:\/\/www.sejourprive.com\/?s={search_term_string}\"},\"query-input\":{\"@type\":\"PropertyValueSpecification\",\"valueRequired\":true,\"valueName\":\"search_term_string\"}}],\"inLanguage\":\"en-GB\"},{\"@type\":\"Organization\",\"@id\":\"https:\/\/www.sejourprive.com\/#organization\",\"name\":\"S\u00e9jour Priv\u00e9\",\"url\":\"https:\/\/www.sejourprive.com\/\",\"logo\":{\"@type\":\"ImageObject\",\"inLanguage\":\"en-GB\",\"@id\":\"https:\/\/www.sejourprive.com\/#\/schema\/logo\/image\/\",\"url\":\"https:\/\/www.sejourprive.com\/wp-content\/uploads\/2026\/02\/SP-Apple-touch-144-couleur-1-2.png\",\"contentUrl\":\"https:\/\/www.sejourprive.com\/wp-content\/uploads\/2026\/02\/SP-Apple-touch-144-couleur-1-2.png\",\"width\":145,\"height\":145,\"caption\":\"S\u00e9jour Priv\u00e9\"},\"image\":{\"@id\":\"https:\/\/www.sejourprive.com\/#\/schema\/logo\/image\/\"}}]}<\/script>\n<!-- \/ Yoast SEO plugin. -->","yoast_head_json":{"title":"S\u00e9jour Priv\u00e9 - Carnet de voyage","description":"Carnet de voyage Nos derniers articles Lectures recommand\u00e9es par nos experts 27 janvier 2026 Carnet de voyage Une journ\u00e9e parfaite dans une villa grecque","robots":{"index":"index","follow":"follow","max-snippet":"max-snippet:-1","max-image-preview":"max-image-preview:large","max-video-preview":"max-video-preview:-1"},"canonical":"https:\/\/www.sejourprive.com\/en\/carnet-de-voyage-2\/","og_locale":"en_GB","og_type":"article","og_title":"S\u00e9jour Priv\u00e9 - Carnet de voyage","og_description":"Carnet de voyage Nos derniers articles Lectures recommand\u00e9es par nos experts 27 janvier 2026 Carnet de voyage Une journ\u00e9e parfaite dans une villa grecque","og_url":"https:\/\/www.sejourprive.com\/en\/carnet-de-voyage-2\/","og_site_name":"S\u00e9jour Priv\u00e9","article_modified_time":"2026-01-27T15:09:09+00:00","og_image":[{"url":"https:\/\/www.sejourprive.com\/wp-content\/uploads\/2026\/01\/Sejour-Prive_Journee-parfaite-villa-grecque_IMG-1-672x448.jpg","type":"","width":"","height":""}],"twitter_card":"summary_large_image","twitter_misc":{"Estimated reading time":"5 minutes"},"schema":{"@context":"https:\/\/schema.org","@graph":[{"@type":"WebPage","@id":"https:\/\/www.sejourprive.com\/carnet-de-voyage-2\/","url":"https:\/\/www.sejourprive.com\/carnet-de-voyage-2\/","name":"S\u00e9jour Priv\u00e9 - Carnet de voyage","isPartOf":{"@id":"https:\/\/www.sejourprive.com\/#website"},"primaryImageOfPage":{"@id":"https:\/\/www.sejourprive.com\/carnet-de-voyage-2\/#primaryimage"},"image":{"@id":"https:\/\/www.sejourprive.com\/carnet-de-voyage-2\/#primaryimage"},"thumbnailUrl":"https:\/\/www.sejourprive.com\/wp-content\/uploads\/2026\/01\/Sejour-Prive_Journee-parfaite-villa-grecque_IMG-1-672x448.jpg","datePublished":"2025-04-10T07:59:44+00:00","dateModified":"2026-01-27T15:09:09+00:00","description":"Carnet de voyage Nos derniers articles Lectures recommand\u00e9es par nos experts 27 janvier 2026 Carnet de voyage Une journ\u00e9e parfaite dans une villa grecque","breadcrumb":{"@id":"https:\/\/www.sejourprive.com\/carnet-de-voyage-2\/#breadcrumb"},"inLanguage":"en-GB","potentialAction":[{"@type":"ReadAction","target":["https:\/\/www.sejourprive.com\/carnet-de-voyage-2\/"]}]},{"@type":"ImageObject","inLanguage":"en-GB","@id":"https:\/\/www.sejourprive.com\/carnet-de-voyage-2\/#primaryimage","url":"https:\/\/www.sejourprive.com\/wp-content\/uploads\/2026\/01\/Sejour-Prive_Journee-parfaite-villa-grecque_IMG-1-672x448.jpg","contentUrl":"https:\/\/www.sejourprive.com\/wp-content\/uploads\/2026\/01\/Sejour-Prive_Journee-parfaite-villa-grecque_IMG-1-672x448.jpg"},{"@type":"BreadcrumbList","@id":"https:\/\/www.sejourprive.com\/carnet-de-voyage-2\/#breadcrumb","itemListElement":[{"@type":"ListItem","position":1,"name":"Accueil","item":"https:\/\/www.sejourprive.com\/"},{"@type":"ListItem","position":2,"name":"Carnet de voyage"}]},{"@type":"WebSite","@id":"https:\/\/www.sejourprive.com\/#website","url":"https:\/\/www.sejourprive.com\/","name":"Private Stay","description":"We design exceptional holidays for you.","publisher":{"@id":"https:\/\/www.sejourprive.com\/#organization"},"potentialAction":[{"@type":"SearchAction","target":{"@type":"EntryPoint","urlTemplate":"https:\/\/www.sejourprive.com\/?s={search_term_string}"},"query-input":{"@type":"PropertyValueSpecification","valueRequired":true,"valueName":"search_term_string"}}],"inLanguage":"en-GB"},{"@type":"Organization","@id":"https:\/\/www.sejourprive.com\/#organization","name":"Private Stay","url":"https:\/\/www.sejourprive.com\/","logo":{"@type":"ImageObject","inLanguage":"en-GB","@id":"https:\/\/www.sejourprive.com\/#\/schema\/logo\/image\/","url":"https:\/\/www.sejourprive.com\/wp-content\/uploads\/2026\/02\/SP-Apple-touch-144-couleur-1-2.png","contentUrl":"https:\/\/www.sejourprive.com\/wp-content\/uploads\/2026\/02\/SP-Apple-touch-144-couleur-1-2.png","width":145,"height":145,"caption":"S\u00e9jour Priv\u00e9"},"image":{"@id":"https:\/\/www.sejourprive.com\/#\/schema\/logo\/image\/"}}]}},"_links":{"self":[{"href":"https:\/\/www.sejourprive.com\/en\/wp-json\/wp\/v2\/pages\/8585","targetHints":{"allow":["GET"]}}],"collection":[{"href":"https:\/\/www.sejourprive.com\/en\/wp-json\/wp\/v2\/pages"}],"about":[{"href":"https:\/\/www.sejourprive.com\/en\/wp-json\/wp\/v2\/types\/page"}],"author":[{"embeddable":true,"href":"https:\/\/www.sejourprive.com\/en\/wp-json\/wp\/v2\/users\/2"}],"replies":[{"embeddable":true,"href":"https:\/\/www.sejourprive.com\/en\/wp-json\/wp\/v2\/comments?post=8585"}],"version-history":[{"count":0,"href":"https:\/\/www.sejourprive.com\/en\/wp-json\/wp\/v2\/pages\/8585\/revisions"}],"wp:attachment":[{"href":"https:\/\/www.sejourprive.com\/en\/wp-json\/wp\/v2\/media?parent=8585"}],"curies":[{"name":"wp","href":"https:\/\/api.w.org\/{rel}","templated":true}]}}