{"id":3460,"date":"2025-01-27T07:59:47","date_gmt":"2025-01-27T07:59:47","guid":{"rendered":"https:\/\/dev251.kodesolution.com\/hoteler\/?page_id=3460"},"modified":"2026-03-31T10:14:16","modified_gmt":"2026-03-31T08:14:16","slug":"home-2","status":"publish","type":"page","link":"https:\/\/www.sejourprive.com\/en\/","title":{"rendered":"Home"},"content":{"rendered":"<div data-elementor-type=\"wp-page\" data-elementor-id=\"3460\" class=\"elementor elementor-3460\" data-elementor-post-type=\"page\">\n\t\t\t\t<div class=\"elementor-element elementor-element-3cbbf7b e-flex e-con-boxed tm-col-stretched-none tm-bg-color-over-image e-con e-parent\" data-id=\"3cbbf7b\" data-element_type=\"container\" data-e-type=\"container\" data-settings=\"{&quot;background_background&quot;:&quot;slideshow&quot;,&quot;background_slideshow_gallery&quot;:[{&quot;id&quot;:11270,&quot;url&quot;:&quot;https:\\\/\\\/www.sejourprive.com\\\/wp-content\\\/uploads\\\/2025\\\/09\\\/SEJOUR-PRIVE_SliderHome1.jpg&quot;},{&quot;id&quot;:11275,&quot;url&quot;:&quot;https:\\\/\\\/www.sejourprive.com\\\/wp-content\\\/uploads\\\/2025\\\/09\\\/SEJOUR-PRIVE_SliderHome2.jpg&quot;},{&quot;id&quot;:11272,&quot;url&quot;:&quot;https:\\\/\\\/www.sejourprive.com\\\/wp-content\\\/uploads\\\/2025\\\/09\\\/SEJOUR-PRIVE_SliderHome3.jpg&quot;}],&quot;background_slideshow_ken_burns&quot;:&quot;yes&quot;,&quot;background_slideshow_slide_duration&quot;:5001,&quot;background_slideshow_loop&quot;:&quot;yes&quot;,&quot;background_slideshow_slide_transition&quot;:&quot;fade&quot;,&quot;background_slideshow_transition_duration&quot;:500,&quot;background_slideshow_ken_burns_zoom_direction&quot;:&quot;in&quot;}\">\n\t\t\t\t\t<div class=\"e-con-inner\">\n\t\t<div class=\"elementor-element elementor-element-9d62e8c e-con-full e-flex tm-col-stretched-none tm-bg-color-over-image e-con e-child\" data-id=\"9d62e8c\" data-element_type=\"container\" data-e-type=\"container\">\n\t\t\t\t<div class=\"elementor-element elementor-element-c52e62c horizontal-line-align-left vertical-line-align-bottom elementor-widget elementor-widget-tm-ele-section-title\" data-id=\"c52e62c\" data-element_type=\"widget\" data-e-type=\"widget\" data-widget_type=\"tm-ele-section-title.default\">\n\t\t\t\t<div class=\"elementor-widget-container\">\n\t\t\t\t\t<div class=\"tm-sc-section-title section-title\">\r\n\t<div class=\"title-wrapper\">\r\n\t\t\t\t\t\t\t<h1 class=\"title wow fadeInUp\">\r\n\r\n\t\t\r\n\t\t\t\t<span class=\"title-part1\">We imagine exceptional<br>stays for you<\/span>\r\n\t\t\t\t\r\n\t\t\r\n\t<\/h1>\r\n\t<div class=\"title-seperator-line\"><\/div>\t\t\r\n\r\n<div class=\"sub-title-outer\">\r\n\t\t<div class=\"subtitle\">\r\n\r\n\t\t\r\n\t\tChoose from our carefully selected properties and let yourself be guided\t<\/div>\r\n\t<\/div>\t\t\t\t<\/div>\r\n<\/div>\t\t\t\t<\/div>\n\t\t\t\t<\/div>\n\t\t<div class=\"elementor-element elementor-element-5fa6ec0 e-con-full tm-col-stretched-none e-flex tm-bg-color-over-image e-con e-child\" data-id=\"5fa6ec0\" data-element_type=\"container\" data-e-type=\"container\">\n\t\t\t\t<div class=\"elementor-element elementor-element-a54db4e elementor-widget elementor-widget-shortcode\" data-id=\"a54db4e\" data-element_type=\"widget\" data-e-type=\"widget\" data-widget_type=\"shortcode.default\">\n\t\t\t\t<div class=\"elementor-widget-container\">\n\t\t\t\t\t\t\t<div class=\"elementor-shortcode\">    <div class=\"wp-maps-quick-search-container\" style=\"        background-color: #ffffff;        border-radius: 16px;        padding: 30px;        box-shadow: 0 8px 30px rgba(0,0,0,0.08);        max-width: 1140px;        margin: 0 auto;        position: relative;    \">\n                    <h3 class=\"quick-search-title\" style=\"                margin: 0 0 25px 0;                text-align: center;                font-size: 24px;                font-weight: 600;                color: #333;            \">Where would you like to go?<\/h3>\n                \n        <form id=\"wp-maps-quick-search-69f7246acb04f\" class=\"wp-maps-quick-search-form\" method=\"get\" action=\"\">\n            <div class=\"quick-search-fields horizontal-layout\">\n                \n                <!-- Destination -->\n                <div class=\"quick-search-field destination-field\">\n                    <label for=\"wp-maps-quick-search-69f7246acb04f-destination\" class=\"field-label\">DESTINATION<\/label>\n                    <select id=\"wp-maps-quick-search-69f7246acb04f-destination\" name=\"destination\" class=\"destination-select\" required>\n                        <option value=\"\">Choose a destination<\/option>\n                        \n                                                                                    <option value=\"city-ajaccio\" \n                                        data-slug=\"ajaccio\"\n                                        data-type=\"city\"\n                                        data-parent=\"148\">\n                                    Ajaccio                                <\/option>\n                                                            <option value=\"city-amalfi\" \n                                        data-slug=\"amalfi\"\n                                        data-type=\"city\"\n                                        data-parent=\"86\">\n                                    Amalfi                                <\/option>\n                                                            <option value=\"city-antiparos\" \n                                        data-slug=\"antiparos\"\n                                        data-type=\"city\"\n                                        data-parent=\"111\">\n                                    Antiparos                                <\/option>\n                                                            <option value=\"city-athenes-riviera\" \n                                        data-slug=\"athenes-riviera\"\n                                        data-type=\"city\"\n                                        data-parent=\"111\">\n                                    Athens Riviera                                <\/option>\n                                                            <option value=\"city-bonifacio\" \n                                        data-slug=\"bonifacio\"\n                                        data-type=\"city\"\n                                        data-parent=\"148\">\n                                    Bonifacio                                <\/option>\n                                                            <option value=\"city-calvi\" \n                                        data-slug=\"calvi\"\n                                        data-type=\"city\"\n                                        data-parent=\"148\">\n                                    Calvi                                <\/option>\n                                                            <option value=\"city-come\" \n                                        data-slug=\"come\"\n                                        data-type=\"city\"\n                                        data-parent=\"86\">\n                                    C\u00f4me                                <\/option>\n                                                            <option value=\"city-comporta-melides\" \n                                        data-slug=\"comporta-melides\"\n                                        data-type=\"city\"\n                                        data-parent=\"83\">\n                                    Comporta &amp; Melides                                <\/option>\n                                                            <option value=\"city-corfu\" \n                                        data-slug=\"corfu\"\n                                        data-type=\"city\"\n                                        data-parent=\"111\">\n                                    Corfu                                <\/option>\n                                                            <option value=\"city-corse\" \n                                        data-slug=\"corse\"\n                                        data-type=\"city\"\n                                        data-parent=\"90\">\n                                    Corsica                                <\/option>\n                                                            <option value=\"city-crete\" \n                                        data-slug=\"crete\"\n                                        data-type=\"city\"\n                                        data-parent=\"111\">\n                                    Crete                                <\/option>\n                                                            <option value=\"city-croatie\" \n                                        data-slug=\"croatie\"\n                                        data-type=\"city\"\n                                        data-parent=\"0\">\n                                    Croatia                                <\/option>\n                                                            <option value=\"city-espagne\" \n                                        data-slug=\"espagne\"\n                                        data-type=\"city\"\n                                        data-parent=\"0\">\n                                    Spain                                <\/option>\n                                                            <option value=\"city-figari\" \n                                        data-slug=\"figari\"\n                                        data-type=\"city\"\n                                        data-parent=\"148\">\n                                    Figari                                <\/option>\n                                                            <option value=\"city-florence\" \n                                        data-slug=\"florence\"\n                                        data-type=\"city\"\n                                        data-parent=\"86\">\n                                    Florence                                <\/option>\n                                                            <option value=\"city-france\" \n                                        data-slug=\"france\"\n                                        data-type=\"city\"\n                                        data-parent=\"0\">\n                                    France                                <\/option>\n                                                            <option value=\"city-geneve\" \n                                        data-slug=\"geneve\"\n                                        data-type=\"city\"\n                                        data-parent=\"103\">\n                                    Geneva                                <\/option>\n                                                            <option value=\"city-grece\" \n                                        data-slug=\"grece\"\n                                        data-type=\"city\"\n                                        data-parent=\"0\">\n                                    Greece                                <\/option>\n                                                            <option value=\"city-ibiza\" \n                                        data-slug=\"ibiza\"\n                                        data-type=\"city\"\n                                        data-parent=\"127\">\n                                    Ibiza                                <\/option>\n                                                            <option value=\"city-ile-rousse\" \n                                        data-slug=\"ile-rousse\"\n                                        data-type=\"city\"\n                                        data-parent=\"148\">\n                                    Ile Rousse                                <\/option>\n                                                            <option value=\"city-italie\" \n                                        data-slug=\"italie\"\n                                        data-type=\"city\"\n                                        data-parent=\"0\">\n                                    Italy                                <\/option>\n                                                            <option value=\"city-kefalonia\" \n                                        data-slug=\"kefalonia\"\n                                        data-type=\"city\"\n                                        data-parent=\"111\">\n                                    Kefalonia                                <\/option>\n                                                            <option value=\"city-lac-de-garde\" \n                                        data-slug=\"lac-de-garde\"\n                                        data-type=\"city\"\n                                        data-parent=\"86\">\n                                    Lake Garda                                <\/option>\n                                                            <option value=\"city-mykonos\" \n                                        data-slug=\"mykonos\"\n                                        data-type=\"city\"\n                                        data-parent=\"111\">\n                                    Mykonos                                <\/option>\n                                                            <option value=\"city-paris\" \n                                        data-slug=\"paris\"\n                                        data-type=\"city\"\n                                        data-parent=\"90\">\n                                    Paris                                <\/option>\n                                                            <option value=\"city-paros\" \n                                        data-slug=\"paros\"\n                                        data-type=\"city\"\n                                        data-parent=\"111\">\n                                    Paros                                <\/option>\n                                                            <option value=\"city-porto-heli\" \n                                        data-slug=\"porto-heli\"\n                                        data-type=\"city\"\n                                        data-parent=\"111\">\n                                    Porto Heli                                <\/option>\n                                                            <option value=\"city-porto-vecchio\" \n                                        data-slug=\"porto-vecchio\"\n                                        data-type=\"city\"\n                                        data-parent=\"148\">\n                                    Porto Vecchio                                <\/option>\n                                                            <option value=\"city-portofino\" \n                                        data-slug=\"portofino\"\n                                        data-type=\"city\"\n                                        data-parent=\"86\">\n                                    Portofino                                <\/option>\n                                                            <option value=\"city-portugal\" \n                                        data-slug=\"portugal\"\n                                        data-type=\"city\"\n                                        data-parent=\"0\">\n                                    Portugal                                <\/option>\n                                                            <option value=\"city-pouilles\" \n                                        data-slug=\"pouilles\"\n                                        data-type=\"city\"\n                                        data-parent=\"86\">\n                                    Apulia                                <\/option>\n                                                            <option value=\"city-provence\" \n                                        data-slug=\"provence\"\n                                        data-type=\"city\"\n                                        data-parent=\"90\">\n                                    Provence                                <\/option>\n                                                            <option value=\"city-saint-tropez-et-alentours\" \n                                        data-slug=\"saint-tropez-et-alentours\"\n                                        data-type=\"city\"\n                                        data-parent=\"90\">\n                                    Saint-Tropez and surrounding area                                <\/option>\n                                                            <option value=\"city-sardaigne\" \n                                        data-slug=\"sardaigne\"\n                                        data-type=\"city\"\n                                        data-parent=\"86\">\n                                    Sardinia                                <\/option>\n                                                            <option value=\"city-sicile\" \n                                        data-slug=\"sicile\"\n                                        data-type=\"city\"\n                                        data-parent=\"86\">\n                                    Sicily                                <\/option>\n                                                            <option value=\"city-suisse\" \n                                        data-slug=\"suisse\"\n                                        data-type=\"city\"\n                                        data-parent=\"0\">\n                                    Switzerland                                <\/option>\n                                                            <option value=\"city-toscane\" \n                                        data-slug=\"toscane\"\n                                        data-type=\"city\"\n                                        data-parent=\"86\">\n                                    Tuscany                                <\/option>\n                                                                        <\/select>\n                <\/div>\n                \n                <!-- Dates -->\n                <div class=\"quick-search-field dates-field\">\n                    <label for=\"wp-maps-quick-search-69f7246acb04f-dates\" class=\"field-label\">DATES<\/label>\n                    <div class=\"date-input-wrapper\">\n                        <input type=\"text\" \n                                id=\"wp-maps-quick-search-69f7246acb04f-dates\" \n                                class=\"dates-input\" \n                                placeholder=\"Select your dates\" \n                                readonly>\n                        <input type=\"hidden\" id=\"wp-maps-quick-search-69f7246acb04f-checkin\" name=\"checkin\">\n                        <input type=\"hidden\" id=\"wp-maps-quick-search-69f7246acb04f-checkout\" name=\"checkout\">\n                    <\/div>\n                <\/div>\n                \n                                <!-- Voyageurs -->\n                <div class=\"quick-search-field guests-field\">\n                    <label for=\"wp-maps-quick-search-69f7246acb04f-guests\" class=\"field-label\">TRAVELLERS<\/label>\n                    <div class=\"guests-selector\">\n                        <div class=\"guest-input\">\n                            <div class=\"counter\">\n                                <button type=\"button\" class=\"counter-btn minus\" data-target=\"adults\">-<\/button>\n                                <input type=\"number\" id=\"wp-maps-quick-search-69f7246acb04f-adults\" name=\"adults\" style=\"transform: translateX(14px);\"\n                                    value=\"2\" \n                                    min=\"1\" \n                                    max=\"10\" \n                                    readonly>\n                                <button type=\"button\" class=\"counter-btn plus\" data-target=\"adults\">+<\/button>\n                            <\/div>\n                        <\/div>\n                    <\/div>\n                <\/div>\n                                \n                <!-- Bouton de recherche -->\n                <div class=\"quick-search-field submit-field\">\n                    <button type=\"submit\" class=\"quick-search-submit\" style=\"                        background-color: #b08d57;                        color: white;                        border: none;                        border-radius: 12px;                        padding: 16px 32px;                        font-size: 16px;                        font-weight: 600;                        cursor: pointer;                        transition: all 0.3s ease;                        min-height: 56px;                        white-space: nowrap;                    \">Search<\/button>\n                <\/div>\n            <\/div>\n        <input type=\"hidden\" name=\"trp-form-language\" value=\"en\"\/><\/form>\n    <\/div>\n\n    <!-- CSS Styles -->\n    <style>\n        .wp-maps-quick-search-container .horizontal-layout {\n            display: grid;\n            grid-template-columns: 2fr 2fr 1fr 1fr;\n            gap: 20px;\n            align-items: end;\n        }\n        \n        .wp-maps-quick-search-container .vertical-layout {\n            display: grid;\n            grid-template-columns: 1fr;\n            gap: 20px;\n        }\n        .nice-select.destination-select {\n            box-shadow: none;   \n        }\n        .counter {\n            display: flex;\n            align-items: center;\n            gap: 12px;\n            position: relative;\n            right: 20px;\n            }\n\n            .counter-btn {\n            width: 32px;\n            height: 32px;\n            border: 1px solid #B0B0B0;\n            border-radius: 50%;\n            background: white;\n            cursor: pointer;\n            display: flex;\n            align-items: center;\n            justify-content: center;\n            font-size: 16px;\n            color: #717171;\n            transition: all 0.2s ease;\n            font-weight: 600;\n            }\n            .counter-btn.plus {\n                position: absolute;\n                right: -50px;\n                top: 0;\n            }\n\n            .counter-btn:hover {\n            border-color: #222222;\n            color: #222222;\n            transform: scale(1.05);\n            }\n\n            .counter-btn:active {\n            transform: scale(0.95);\n            }\n\n            .counter input {\n            width: 40px;\n            text-align: center;\n            border: none;\n            font-size: 14px;\n            color: #222222;\n            background: transparent;\n            font-weight: 600;\n            }\n        \n        .quick-search-field {\n            display: flex;\n            flex-direction: column;\n        }\n        \n        .field-label {\n            font-size: 12px;\n            font-weight: 600;\n            text-transform: uppercase;\n            color: #666;\n            margin-bottom: 8px;\n            letter-spacing: 0.5px;\n        }\n        \n        .destination-select,\n        .dates-input {\n            width: 100%;\n            padding: 16px 18px;\n            border: 1px solid #d0d0d0;\n            border-radius: 12px;\n            font-size: 16px;\n            background-color: #fff;\n            transition: all 0.3s ease;\n            min-height: 56px;\n            box-sizing: border-box;\n            color: black !important;\n        }\n        \n        .destination-select:focus,\n        .dates-input:focus {\n            border-color: #b08d57;\n            outline: none;\n            box-shadow: 0 0 0 3px rgba(176, 141, 87, 0.1);\n        }\n        \n        .guests-selector {\n            display: flex;\n            align-items: center;\n            background: white;\n            border: 1px solid #d0d0d0;\n            border-radius: 12px;\n            overflow: hidden;\n            transition: all 0.3s ease;\n            height: 56px;\n            justify-content: center;\n        }\n        \n        .guests-selector:focus-within {\n            border-color: #b08d57;\n            box-shadow: 0 0 0 3px rgba(176, 141, 87, 0.1);\n        }\n        \n        .guests-btn {\n            background: #f8f9fa;\n            border: none;\n            width: 40px;\n            height: 56px;\n            display: flex;\n            align-items: center;\n            justify-content: center;\n            cursor: pointer;\n            font-size: 18px;\n            font-weight: bold;\n            color: #666;\n            transition: all 0.2s ease;\n        }\n        \n        .guests-btn:hover {\n            background: #b08d57;\n            color: white;\n        }\n        \/*\n        .guests-selector input {\n            flex: 1;\n            text-align: center;\n            border: none;\n            font-size: 16px;\n            font-weight: 500;\n            padding: 16px 10px;\n            background: transparent;\n        }\n        *\/\n        \n        .guests-selector input:focus {\n            outline: none;\n        }\n        \n        .quick-search-submit:hover {\n            background-color: #9a7a4a !important;\n            transform: translateY(-2px);\n            box-shadow: 0 8px 20px rgba(176, 141, 87, 0.3);\n        }\n        \n        @media (max-width: 768px) {\n            .wp-maps-quick-search-container .horizontal-layout {\n                grid-template-columns: 1fr;\n                gap: 15px;\n            }\n            \n            .wp-maps-quick-search-container {\n                padding: 20px !important;\n            }\n        }\n        \n        @media (max-width: 480px) {\n            .quick-search-title {\n                font-size: 20px !important;\n            }\n            \n            .destination-select,\n            .dates-input,\n            .guests-selector,\n            .quick-search-submit {\n                min-height: 48px !important;\n                font-size: 14px !important;\n            }\n        }\n    <\/style>\n      <style>\n        \/* Vos styles existants... *\/\n        .wp-maps-quick-search-container .horizontal-layout {\n            display: grid;\n            grid-template-columns: 2fr 2fr 1fr 1fr;\n            gap: 20px;\n            align-items: end;\n        }\n            .flatpickr-day.selected, .flatpickr-day.startRange, .flatpickr-day.selected, .flatpickr-day.endRange {\n    background-color: #a17d44 !important;\n}\n\n\/* Style pour les dates r\u00e9serv\u00e9es (barr\u00e9es) *\/\n.flatpickr-day.flatpickr-disabled,\n.flatpickr-day.flatpickr-disabled:hover {\n    color: #ccc;\n    background-color: #f8f8f8;\n    border-color: #e6e6e6;\n    cursor: not-allowed;\n    position: relative;\n}\n\n\/* Ligne barrant les dates r\u00e9serv\u00e9es *\/\n\/*\n.flatpickr-day.flatpickr-disabled:after {\n    content: '';\n    position: absolute;\n    top: 50%;\n    left: 10%;\n    right: 10%;\n    height: 2px;\n    background-color: #ff5252;\n    transform: rotate(0deg);\n    z-index: 1;\n}\n*\/\n\/* Ajouter un fond l\u00e9g\u00e8rement rouge pour indiquer l'indisponibilit\u00e9 *\/\n.flatpickr-day.flatpickr-disabled {\n    background-color: rgba(255, 82, 82, 0.1);\n    border-color: #e6e6e6;\n}\n\n\/* Style pour la l\u00e9gende \"R\u00e9serv\u00e9\" *\/\n.legend-color.reserved {\n    background-color: rgba(255, 82, 82, 0.1);\n    position: relative;\n    border: 1px solid #e6e6e6;\n}\n\n.legend-color.reserved:after {\n    content: '';\n    position: absolute;\n    top: 50%;\n    left: 15%;\n    right: 15%;\n    height: 1px;\n    background-color: #ff5252;\n    transform: rotate(0deg);\n}\n    <\/style>\n\n    <!-- JavaScript -->\n<script>\n\/**\n * Gestion du Flatpickr pour le formulaire de recherche rapide\n * Logiciel : Responsive (2 mois Desktop \/ 1 mois Mobile) avec correction du bug de navigation 2026.\n *\/\ndocument.addEventListener('DOMContentLoaded', function() {\n    \"use strict\";\n\n    \/\/ D\u00e9finition de la locale fran\u00e7aise pour garantir l'affichage correct\n    const French = {\n        firstDayOfWeek: 1,\n        weekdays: {\n            shorthand: [\"Dim\", \"Lun\", \"Mar\", \"Mer\", \"Jeu\", \"Ven\", \"Sam\"],\n            longhand: [\"Dimanche\", \"Lundi\", \"Mardi\", \"Mercredi\", \"Jeudi\", \"Vendredi\", \"Samedi\"],\n        },\n        months: {\n            shorthand: [\"Janv\", \"F\u00e9vr\", \"Mars\", \"Avri\", \"Mai\", \"Juin\", \"Juil\", \"Ao\u00fbt\", \"Sept\", \"Octo\", \"Nove\", \"D\u00e9ce\"],\n            longhand: [\"Janvier\", \"F\u00e9vrier\", \"Mars\", \"Avril\", \"Mai\", \"Juin\", \"Juillet\", \"Ao\u00fbt\", \"Septembre\", \"Octobre\", \"Novembre\", \"D\u00e9cembre\"],\n        },\n        ordinal: (nth) => (nth > 1 ? \"\" : \"er\"),\n        rangeSeparator: \" au \",\n    };\n\n    const form = document.getElementById('wp-maps-quick-search-69f7246acb04f');\n    if (!form) return;\n\n    const destinationSelect = form.querySelector('.destination-select');\n    const datesInput = form.querySelector('.dates-input');\n    const checkinInput = form.querySelector('input[name=\"checkin\"]');\n    const checkoutInput = form.querySelector('input[name=\"checkout\"]');\n    const guestsInput = form.querySelector('input[name=\"adults\"]');\n\n    \/\/ D\u00e9terminer le nombre de mois selon la largeur de l'\u00e9cran\n    const getMonthsToShow = () => window.innerWidth > 992 ? 2 : 1;\n\n    let fpInstance = null;\n\n    \/**\n     * G\u00e9n\u00e8re la configuration Flatpickr\n     *\/\n    const getFpConfig = (months) => ({\n        mode: 'range',\n        dateFormat: 'd\/m\/Y',\n        minDate: 'today',\n        locale: French,\n        disableMobile: true, \/\/ D\u00e9sactive l'interface native pour \u00e9viter les bugs de s\u00e9lection\n        showMonths: months,\n        static: months > 1, \/\/ On n'active static que sur desktop\n        monthSelectorType: 'static', \/\/ Fixe le s\u00e9lecteur pour \u00e9viter les sauts de date\n        animate: false, \/\/ SOLUTION CRUCIALE : D\u00e9sactive les animations pour \u00e9viter le saut vers 2026\n        onChange: function(selectedDates, dateStr) {\n            if (selectedDates.length === 2) {\n                \/\/ Format: d-m-Y pour correspondre au backend\n                const checkin = formatDateForBackend(selectedDates[0]);\n                const checkout = formatDateForBackend(selectedDates[1]);\n                \n                checkinInput.value = checkin;\n                checkoutInput.value = checkout;\n                \n                console.log('Dates s\u00e9lectionn\u00e9es:', { checkin, checkout });\n            }\n        }\n    });\n\n    \/\/ Initialisation de Flatpickr\n    if (typeof flatpickr !== 'undefined' && datesInput) {\n        fpInstance = flatpickr(datesInput, getFpConfig(getMonthsToShow()));\n    } else if (datesInput) {\n        console.warn('Flatpickr non disponible. Chargement du CDN...');\n        const link = document.createElement('link');\n        link.rel = 'stylesheet';\n        link.href = 'https:\/\/cdn.jsdelivr.net\/npm\/flatpickr\/dist\/flatpickr.min.css';\n        document.head.appendChild(link);\n        \n        const script = document.createElement('script');\n        script.src = 'https:\/\/cdn.jsdelivr.net\/npm\/flatpickr';\n        script.onload = function() {\n            fpInstance = flatpickr(datesInput, getFpConfig(getMonthsToShow()));\n        };\n        document.head.appendChild(script);\n    }\n\n    \/**\n     * G\u00e8re le redimensionnement pour basculer entre 1 et 2 calendriers\n     *\/\n    let resizeTimer;\n    window.addEventListener('resize', function() {\n        clearTimeout(resizeTimer);\n        resizeTimer = setTimeout(function() {\n            if (!fpInstance) return;\n            const newMonths = getMonthsToShow();\n            if (fpInstance.config.showMonths !== newMonths) {\n                const currentDates = fpInstance.selectedDates;\n                fpInstance.destroy();\n                fpInstance = flatpickr(datesInput, {\n                    ...getFpConfig(newMonths),\n                    defaultDate: currentDates\n                });\n            }\n        }, 250);\n    });\n    \n    \/\/ Fonction pour formater la date au format d-m-Y\n    function formatDateForBackend(date) {\n        const day = String(date.getDate()).padStart(2, '0');\n        const month = String(date.getMonth() + 1).padStart(2, '0');\n        const year = date.getFullYear();\n        return `${day}-${month}-${year}`;\n    }\n    \n    \/\/ Gestion des boutons + et - pour les voyageurs\n    const plusBtn = form.querySelector('.counter-btn.plus');\n    const minusBtn = form.querySelector('.counter-btn.minus');\n    \n    if (plusBtn && minusBtn && guestsInput) {\n        plusBtn.addEventListener('click', function() {\n            const currentValue = parseInt(guestsInput.value) || 1;\n            const maxValue = parseInt(guestsInput.max) || 20;\n            if (currentValue < maxValue) {\n                guestsInput.value = currentValue + 1;\n            }\n        });\n        \n        minusBtn.addEventListener('click', function() {\n            const currentValue = parseInt(guestsInput.value) || 1;\n            const minValue = parseInt(guestsInput.min) || 1;\n            if (currentValue > minValue) {\n                guestsInput.value = currentValue - 1;\n            }\n        });\n    }\n    \n    \/\/ Gestion de la soumission du formulaire\n    form.addEventListener('submit', function(e) {\n        e.preventDefault();\n        \n        const selectedDestination = destinationSelect.value;\n        const selectedOption = destinationSelect.options[destinationSelect.selectedIndex];\n        \n        if (!selectedDestination) {\n            alert('Veuillez s\u00e9lectionner une destination.');\n            return;\n        }\n        \n        const destinationSlug = selectedOption.getAttribute('data-slug');\n        if (!destinationSlug) {\n            alert('URL de destination non trouv\u00e9e.');\n            return;\n        }\n        \n        const params = new URLSearchParams();\n        if (checkinInput.value && checkoutInput.value) {\n            params.set('checkin', checkinInput.value);\n            params.set('checkout', checkoutInput.value);\n        }\n        \n        if (guestsInput && guestsInput.value) {\n            params.set('adults', guestsInput.value);\n        }\n        \n        const baseUrl = window.location.origin + '\/location\/' + destinationSlug + '\/';\n        const finalUrl = baseUrl + (params.toString() ? '?' + params.toString() : '');\n        \n        window.location.href = finalUrl;\n    });\n});\n<\/script>\n    <\/div>\n\t\t\t\t\t\t<\/div>\n\t\t\t\t<\/div>\n\t\t\t\t<\/div>\n\t\t\t\t<\/div>\n\t\t\t\t\t<\/div>\n\t\t\t\t<\/div>\n\t\t<div class=\"elementor-element elementor-element-18961e4 e-con-full e-flex tm-col-stretched-none tm-bg-color-over-image e-con e-parent\" data-id=\"18961e4\" data-element_type=\"container\" data-e-type=\"container\" data-settings=\"{&quot;background_background&quot;:&quot;classic&quot;}\">\n\t\t<div class=\"elementor-element elementor-element-9ed8bba e-con-full e-flex tm-col-stretched-none tm-bg-color-over-image e-con e-child\" data-id=\"9ed8bba\" data-element_type=\"container\" data-e-type=\"container\">\n\t\t<div class=\"elementor-element elementor-element-abf9365 e-flex e-con-boxed tm-col-stretched-none tm-bg-color-over-image elementor-invisible e-con e-child\" data-id=\"abf9365\" data-element_type=\"container\" data-e-type=\"container\" data-settings=\"{&quot;animation&quot;:&quot;fadeInUp&quot;}\">\n\t\t\t\t\t<div class=\"e-con-inner\">\n\t\t\t\t<div class=\"elementor-element elementor-element-8cd4397 horizontal-line-align-left vertical-line-align-bottom elementor-widget elementor-widget-tm-ele-section-title\" data-id=\"8cd4397\" data-element_type=\"widget\" data-e-type=\"widget\" data-widget_type=\"tm-ele-section-title.default\">\n\t\t\t\t<div class=\"elementor-widget-container\">\n\t\t\t\t\t<div class=\"tm-sc-section-title section-title line-both-side-current-theme\">\r\n\t<div class=\"title-wrapper\">\r\n\t\t\t\t\r\n\r\n<div class=\"sub-title-outer\">\r\n\t\t<div class=\"subtitle\">\r\n\r\n\t\t\r\n\t\tExceptional places\t<\/div>\r\n\t<\/div>\t\t\t<h2 class=\"title tm-split-text split-in-right\">\r\n\r\n\t\t\r\n\t\t\t\t<span class=\"title-part1\">Chosen by our experts<\/span>\r\n\t\t\t\t\r\n\t\t\r\n\t<\/h2>\r\n\t<div class=\"title-seperator-line\"><\/div>\t\t\t\t\t\t<div class=\"paragraph\">\r\n\t\t<p class=\"translation-block\">Each location is carefully selected to offer you the exceptional: rare locations, inspiring interiors and absolute comfort.<\/p><p>Discover our exclusive collection of houses, apartments, villas and chalets, designed to make every stay an unforgettable experience.<\/p>\t<\/div>\r\n\t\t<\/div>\r\n<\/div>\t\t\t\t<\/div>\n\t\t\t\t<\/div>\n\t\t\t\t\t<\/div>\n\t\t\t\t<\/div>\n\t\t\t\t<\/div>\n\t\t\t\t<\/div>\n\t\t<div class=\"elementor-element elementor-element-f717f16 e-flex e-con-boxed tm-col-stretched-none tm-bg-color-over-image e-con e-parent\" data-id=\"f717f16\" data-element_type=\"container\" data-e-type=\"container\">\n\t\t\t\t\t<div class=\"e-con-inner\">\n\t\t\t\t<div class=\"woocommerce elementor-element elementor-element-a9e68c8 elementor-pagination-type-bullets elementor-arrows-position-inside elementor-pagination-position-outside elementor-widget elementor-widget-loop-carousel\" data-id=\"a9e68c8\" data-element_type=\"widget\" data-e-type=\"widget\" data-settings=\"{&quot;_skin&quot;:&quot;product&quot;,&quot;template_id&quot;:&quot;10462&quot;,&quot;image_spacing_custom&quot;:{&quot;unit&quot;:&quot;px&quot;,&quot;size&quot;:30,&quot;sizes&quot;:[]},&quot;slides_to_show&quot;:&quot;3&quot;,&quot;slides_to_show_tablet&quot;:&quot;2&quot;,&quot;slides_to_show_mobile&quot;:&quot;1&quot;,&quot;slides_to_scroll&quot;:&quot;1&quot;,&quot;edit_handle_selector&quot;:&quot;.elementor-widget-container&quot;,&quot;autoplay&quot;:&quot;yes&quot;,&quot;autoplay_speed&quot;:5000,&quot;pause_on_hover&quot;:&quot;yes&quot;,&quot;pause_on_interaction&quot;:&quot;yes&quot;,&quot;infinite&quot;:&quot;yes&quot;,&quot;speed&quot;:500,&quot;offset_sides&quot;:&quot;none&quot;,&quot;arrows&quot;:&quot;yes&quot;,&quot;pagination&quot;:&quot;bullets&quot;,&quot;image_spacing_custom_tablet&quot;:{&quot;unit&quot;:&quot;px&quot;,&quot;size&quot;:&quot;&quot;,&quot;sizes&quot;:[]},&quot;image_spacing_custom_mobile&quot;:{&quot;unit&quot;:&quot;px&quot;,&quot;size&quot;:&quot;&quot;,&quot;sizes&quot;:[]}}\" data-widget_type=\"loop-carousel.product\">\n\t\t\t\t<div class=\"elementor-widget-container\">\n\t\t\t\t\t\t\t<div class=\"swiper elementor-loop-container elementor-grid\" dir=\"ltr\">\n\t\t\t\t<div class=\"swiper-wrapper\" aria-live=\"off\">\n\t\t<style id=\"loop-10462\">.elementor-10462 .elementor-element.elementor-element-a8d2117{--display:flex;--gap:0px 0px;--row-gap:0px;--column-gap:0px;--margin-top:0px;--margin-bottom:0px;--margin-left:0px;--margin-right:0px;--padding-top:0px;--padding-bottom:0px;--padding-left:0px;--padding-right:0px;}.elementor-10462 .elementor-element.elementor-element-b602588{--display:flex;--min-height:400px;--margin-top:0px;--margin-bottom:0px;--margin-left:0px;--margin-right:0px;--padding-top:0px;--padding-bottom:0px;--padding-left:0px;--padding-right:0px;}.elementor-10462 .elementor-element.elementor-element-b602588:not(.elementor-motion-effects-element-type-background), .elementor-10462 .elementor-element.elementor-element-b602588 > .elementor-motion-effects-container > .elementor-motion-effects-layer{background-color:var( --e-global-color-c0f1e31 );}.elementor-10462 .elementor-element.elementor-element-6844441 img{height:450px;object-fit:cover;object-position:center center;}.elementor-10462 .elementor-element.elementor-element-11878a3{--display:flex;--gap:10px 10px;--row-gap:10px;--column-gap:10px;--padding-top:25px;--padding-bottom:25px;--padding-left:25px;--padding-right:25px;}.elementor-10462 .elementor-element.elementor-element-11878a3:not(.elementor-motion-effects-element-type-background), .elementor-10462 .elementor-element.elementor-element-11878a3 > .elementor-motion-effects-container > .elementor-motion-effects-layer{background-color:#F8F5F0;}.elementor-10462 .elementor-element.elementor-element-ae49b7c .elementor-heading-title{font-size:25px;color:var( --e-global-color-primary );}.elementor-10462 .elementor-element.elementor-element-ae49b7c .elementor-heading-title a:hover, .elementor-10462 .elementor-element.elementor-element-ae49b7c .elementor-heading-title a:focus{color:#AA8451;}.elementor-10462 .elementor-element.elementor-element-ae49b7c > .elementor-widget-container{padding:0px 0px 0px 0px;}.elementor-10462 .elementor-element.elementor-element-6fb7bdf .elementor-heading-title{color:var( --e-global-color-primary );}<\/style>\t\t<div data-elementor-type=\"loop-item\" data-elementor-id=\"10462\" class=\"elementor elementor-10462 swiper-slide e-loop-item e-loop-item-28791 post-28791 product type-product status-publish has-post-thumbnail product_cat-villa property_location-france property_location-saint-tropez-et-alentours first instock sold-individually shipping-taxable purchasable product-type-simple\" data-elementor-post-type=\"elementor_library\" role=\"group\" aria-roledescription=\"slide\" data-custom-edit-handle=\"1\">\n\t\t\t<div class=\"elementor-element elementor-element-a8d2117 e-flex e-con-boxed tm-col-stretched-none tm-bg-color-over-image e-con e-parent\" data-id=\"a8d2117\" data-element_type=\"container\" data-e-type=\"container\">\n\t\t\t\t\t<div class=\"e-con-inner\">\n\t\t<div class=\"elementor-element elementor-element-b602588 e-con-full e-flex tm-col-stretched-none tm-bg-color-over-image e-con e-child\" data-id=\"b602588\" data-element_type=\"container\" data-e-type=\"container\" data-settings=\"{&quot;background_background&quot;:&quot;classic&quot;}\">\n\t\t\t\t<div class=\"elementor-element elementor-element-6844441 elementor-widget elementor-widget-theme-post-featured-image elementor-widget-image\" data-id=\"6844441\" data-element_type=\"widget\" data-e-type=\"widget\" data-widget_type=\"theme-post-featured-image.default\">\n\t\t\t\t<div class=\"elementor-widget-container\">\n\t\t\t\t\t\t\t\t\t\t\t\t\t\t\t\t<a href=\"https:\/\/www.sejourprive.com\/en\/biens\/villa-kalei-presquile-saint-tropez-cote-dazur-france\/\">\n\t\t\t\t\t\t\t<img fetchpriority=\"high\" decoding=\"async\" width=\"1024\" height=\"682\" src=\"https:\/\/www.sejourprive.com\/wp-content\/uploads\/2026\/02\/0-29-1024x682.jpg\" class=\"attachment-large size-large wp-image-28828\" alt=\"\" srcset=\"https:\/\/www.sejourprive.com\/wp-content\/uploads\/2026\/02\/0-29-1024x682.jpg 1024w, https:\/\/www.sejourprive.com\/wp-content\/uploads\/2026\/02\/0-29-300x200.jpg 300w, https:\/\/www.sejourprive.com\/wp-content\/uploads\/2026\/02\/0-29-768x511.jpg 768w, https:\/\/www.sejourprive.com\/wp-content\/uploads\/2026\/02\/0-29-18x12.jpg 18w, https:\/\/www.sejourprive.com\/wp-content\/uploads\/2026\/02\/0-29-672x448.jpg 672w, https:\/\/www.sejourprive.com\/wp-content\/uploads\/2026\/02\/0-29-600x400.jpg 600w, https:\/\/www.sejourprive.com\/wp-content\/uploads\/2026\/02\/0-29.jpg 1200w\" sizes=\"255px\" data-kodelisting-lazy-load-sizes=\"(max-width: 1024px) 100vw, 1024px\" data-kodelisting-loading-image=\"on\" \/>\t\t\t\t\t\t\t\t<\/a>\n\t\t\t\t\t\t\t\t\t\t\t\t\t\t\t<\/div>\n\t\t\t\t<\/div>\n\t\t\t\t<\/div>\n\t\t<div class=\"elementor-element elementor-element-11878a3 e-con-full e-flex tm-col-stretched-none tm-bg-color-over-image e-con e-child\" data-id=\"11878a3\" data-element_type=\"container\" data-e-type=\"container\" data-settings=\"{&quot;background_background&quot;:&quot;classic&quot;}\">\n\t\t\t\t<div class=\"elementor-element elementor-element-ae49b7c elementor-widget elementor-widget-theme-post-title elementor-page-title elementor-widget-heading\" data-id=\"ae49b7c\" data-element_type=\"widget\" data-e-type=\"widget\" data-widget_type=\"theme-post-title.default\">\n\t\t\t\t<div class=\"elementor-widget-container\">\n\t\t\t\t\t<h3 class=\"elementor-heading-title elementor-size-default\"><a href=\"https:\/\/www.sejourprive.com\/en\/biens\/villa-kalei-presquile-saint-tropez-cote-dazur-france\/\">Villa Kal\u00e9i, Presqu'\u00eele Saint-Tropez, C\u00f4te D'Azur, France<\/a><\/h3>\t\t\t\t<\/div>\n\t\t\t\t<\/div>\n\t\t\t\t<div class=\"elementor-element elementor-element-6fb7bdf elementor-widget elementor-widget-heading\" data-id=\"6fb7bdf\" data-element_type=\"widget\" data-e-type=\"widget\" data-widget_type=\"heading.default\">\n\t\t\t\t<div class=\"elementor-widget-container\">\n\t\t\t\t\t<p class=\"elementor-heading-title elementor-size-default\">Saint-Tropez peninsula<\/p>\t\t\t\t<\/div>\n\t\t\t\t<\/div>\n\t\t\t\t<\/div>\n\t\t\t\t\t<\/div>\n\t\t\t\t<\/div>\n\t\t\t\t<\/div>\n\t\t\t\t<div data-elementor-type=\"loop-item\" data-elementor-id=\"10462\" class=\"elementor elementor-10462 swiper-slide e-loop-item e-loop-item-36988 post-36988 product type-product status-publish has-post-thumbnail product_cat-villa property_location-espagne property_location-ibiza  instock sold-individually shipping-taxable purchasable product-type-simple\" data-elementor-post-type=\"elementor_library\" role=\"group\" aria-roledescription=\"slide\" data-custom-edit-handle=\"1\">\n\t\t\t<div class=\"elementor-element elementor-element-a8d2117 e-flex e-con-boxed tm-col-stretched-none tm-bg-color-over-image e-con e-parent\" data-id=\"a8d2117\" data-element_type=\"container\" data-e-type=\"container\">\n\t\t\t\t\t<div class=\"e-con-inner\">\n\t\t<div class=\"elementor-element elementor-element-b602588 e-con-full e-flex tm-col-stretched-none tm-bg-color-over-image e-con e-child\" data-id=\"b602588\" data-element_type=\"container\" data-e-type=\"container\" data-settings=\"{&quot;background_background&quot;:&quot;classic&quot;}\">\n\t\t\t\t<div class=\"elementor-element elementor-element-6844441 elementor-widget elementor-widget-theme-post-featured-image elementor-widget-image\" data-id=\"6844441\" data-element_type=\"widget\" data-e-type=\"widget\" data-widget_type=\"theme-post-featured-image.default\">\n\t\t\t\t<div class=\"elementor-widget-container\">\n\t\t\t\t\t\t\t\t\t\t\t\t\t\t\t\t<a href=\"https:\/\/www.sejourprive.com\/en\/biens\/villa-you-6-ibiza-iles-baleares-espagne\/\">\n\t\t\t\t\t\t\t<img decoding=\"async\" width=\"1024\" height=\"575\" src=\"https:\/\/www.sejourprive.com\/wp-content\/uploads\/2026\/02\/0-141-1024x575.jpg\" class=\"attachment-large size-large wp-image-36957\" alt=\"\" srcset=\"https:\/\/www.sejourprive.com\/wp-content\/uploads\/2026\/02\/0-141-1024x575.jpg 1024w, https:\/\/www.sejourprive.com\/wp-content\/uploads\/2026\/02\/0-141-300x169.jpg 300w, https:\/\/www.sejourprive.com\/wp-content\/uploads\/2026\/02\/0-141-768x431.jpg 768w, https:\/\/www.sejourprive.com\/wp-content\/uploads\/2026\/02\/0-141-18x10.jpg 18w, https:\/\/www.sejourprive.com\/wp-content\/uploads\/2026\/02\/0-141-600x337.jpg 600w, https:\/\/www.sejourprive.com\/wp-content\/uploads\/2026\/02\/0-141.jpg 1200w\" sizes=\"255px\" data-kodelisting-lazy-load-sizes=\"(max-width: 1024px) 100vw, 1024px\" data-kodelisting-loading-image=\"on\" \/>\t\t\t\t\t\t\t\t<\/a>\n\t\t\t\t\t\t\t\t\t\t\t\t\t\t\t<\/div>\n\t\t\t\t<\/div>\n\t\t\t\t<\/div>\n\t\t<div class=\"elementor-element elementor-element-11878a3 e-con-full e-flex tm-col-stretched-none tm-bg-color-over-image e-con e-child\" data-id=\"11878a3\" data-element_type=\"container\" data-e-type=\"container\" data-settings=\"{&quot;background_background&quot;:&quot;classic&quot;}\">\n\t\t\t\t<div class=\"elementor-element elementor-element-ae49b7c elementor-widget elementor-widget-theme-post-title elementor-page-title elementor-widget-heading\" data-id=\"ae49b7c\" data-element_type=\"widget\" data-e-type=\"widget\" data-widget_type=\"theme-post-title.default\">\n\t\t\t\t<div class=\"elementor-widget-container\">\n\t\t\t\t\t<h3 class=\"elementor-heading-title elementor-size-default\"><a href=\"https:\/\/www.sejourprive.com\/en\/biens\/villa-you-6-ibiza-iles-baleares-espagne\/\">Villa You 6, Ibiza, Balearic Islands, Spain<\/a><\/h3>\t\t\t\t<\/div>\n\t\t\t\t<\/div>\n\t\t\t\t<div class=\"elementor-element elementor-element-6fb7bdf elementor-widget elementor-widget-heading\" data-id=\"6fb7bdf\" data-element_type=\"widget\" data-e-type=\"widget\" data-widget_type=\"heading.default\">\n\t\t\t\t<div class=\"elementor-widget-container\">\n\t\t\t\t\t<p class=\"elementor-heading-title elementor-size-default\">Sant Josep de Sa Talaia, Ibiza<\/p>\t\t\t\t<\/div>\n\t\t\t\t<\/div>\n\t\t\t\t<\/div>\n\t\t\t\t\t<\/div>\n\t\t\t\t<\/div>\n\t\t\t\t<\/div>\n\t\t\t\t<div data-elementor-type=\"loop-item\" data-elementor-id=\"10462\" class=\"elementor elementor-10462 swiper-slide e-loop-item e-loop-item-59777 post-59777 product type-product status-publish has-post-thumbnail product_cat-villa property_location-comporta-melides property_location-portugal  instock sold-individually shipping-taxable purchasable product-type-simple\" data-elementor-post-type=\"elementor_library\" role=\"group\" aria-roledescription=\"slide\" data-custom-edit-handle=\"1\">\n\t\t\t<div class=\"elementor-element elementor-element-a8d2117 e-flex e-con-boxed tm-col-stretched-none tm-bg-color-over-image e-con e-parent\" data-id=\"a8d2117\" data-element_type=\"container\" data-e-type=\"container\">\n\t\t\t\t\t<div class=\"e-con-inner\">\n\t\t<div class=\"elementor-element elementor-element-b602588 e-con-full e-flex tm-col-stretched-none tm-bg-color-over-image e-con e-child\" data-id=\"b602588\" data-element_type=\"container\" data-e-type=\"container\" data-settings=\"{&quot;background_background&quot;:&quot;classic&quot;}\">\n\t\t\t\t<div class=\"elementor-element elementor-element-6844441 elementor-widget elementor-widget-theme-post-featured-image elementor-widget-image\" data-id=\"6844441\" data-element_type=\"widget\" data-e-type=\"widget\" data-widget_type=\"theme-post-featured-image.default\">\n\t\t\t\t<div class=\"elementor-widget-container\">\n\t\t\t\t\t\t\t\t\t\t\t\t\t\t\t\t<a href=\"https:\/\/www.sejourprive.com\/en\/biens\/villa-harmonia-da-comporta-brejos-comporta-melides-portugal\/\">\n\t\t\t\t\t\t\t<img decoding=\"async\" width=\"1024\" height=\"683\" src=\"https:\/\/www.sejourprive.com\/wp-content\/uploads\/2026\/04\/3-85-1024x683.jpg\" class=\"attachment-large size-large wp-image-59837\" alt=\"\" srcset=\"https:\/\/www.sejourprive.com\/wp-content\/uploads\/2026\/04\/3-85-1024x683.jpg 1024w, https:\/\/www.sejourprive.com\/wp-content\/uploads\/2026\/04\/3-85-300x200.jpg 300w, https:\/\/www.sejourprive.com\/wp-content\/uploads\/2026\/04\/3-85-768x512.jpg 768w, https:\/\/www.sejourprive.com\/wp-content\/uploads\/2026\/04\/3-85-18x12.jpg 18w, https:\/\/www.sejourprive.com\/wp-content\/uploads\/2026\/04\/3-85-672x448.jpg 672w, https:\/\/www.sejourprive.com\/wp-content\/uploads\/2026\/04\/3-85-600x400.jpg 600w, https:\/\/www.sejourprive.com\/wp-content\/uploads\/2026\/04\/3-85.jpg 1200w\" sizes=\"255px\" data-kodelisting-lazy-load-sizes=\"(max-width: 1024px) 100vw, 1024px\" data-kodelisting-loading-image=\"on\" \/>\t\t\t\t\t\t\t\t<\/a>\n\t\t\t\t\t\t\t\t\t\t\t\t\t\t\t<\/div>\n\t\t\t\t<\/div>\n\t\t\t\t<\/div>\n\t\t<div class=\"elementor-element elementor-element-11878a3 e-con-full e-flex tm-col-stretched-none tm-bg-color-over-image e-con e-child\" data-id=\"11878a3\" data-element_type=\"container\" data-e-type=\"container\" data-settings=\"{&quot;background_background&quot;:&quot;classic&quot;}\">\n\t\t\t\t<div class=\"elementor-element elementor-element-ae49b7c elementor-widget elementor-widget-theme-post-title elementor-page-title elementor-widget-heading\" data-id=\"ae49b7c\" data-element_type=\"widget\" data-e-type=\"widget\" data-widget_type=\"theme-post-title.default\">\n\t\t\t\t<div class=\"elementor-widget-container\">\n\t\t\t\t\t<h3 class=\"elementor-heading-title elementor-size-default\"><a href=\"https:\/\/www.sejourprive.com\/en\/biens\/villa-harmonia-da-comporta-brejos-comporta-melides-portugal\/\">Villa Harmonia da Comporta, Brejos, Comporta &amp; Melides, Portugal<\/a><\/h3>\t\t\t\t<\/div>\n\t\t\t\t<\/div>\n\t\t\t\t<div class=\"elementor-element elementor-element-6fb7bdf elementor-widget elementor-widget-heading\" data-id=\"6fb7bdf\" data-element_type=\"widget\" data-e-type=\"widget\" data-widget_type=\"heading.default\">\n\t\t\t\t<div class=\"elementor-widget-container\">\n\t\t\t\t\t<p class=\"elementor-heading-title elementor-size-default\">Brejos, Portugal<\/p>\t\t\t\t<\/div>\n\t\t\t\t<\/div>\n\t\t\t\t<\/div>\n\t\t\t\t\t<\/div>\n\t\t\t\t<\/div>\n\t\t\t\t<\/div>\n\t\t\t\t<div data-elementor-type=\"loop-item\" data-elementor-id=\"10462\" class=\"elementor elementor-10462 swiper-slide e-loop-item e-loop-item-50909 post-50909 product type-product status-publish has-post-thumbnail product_cat-villa property_location-corse property_location-porto-vecchio last instock sold-individually shipping-taxable purchasable product-type-simple\" data-elementor-post-type=\"elementor_library\" role=\"group\" aria-roledescription=\"slide\" data-custom-edit-handle=\"1\">\n\t\t\t<div class=\"elementor-element elementor-element-a8d2117 e-flex e-con-boxed tm-col-stretched-none tm-bg-color-over-image e-con e-parent\" data-id=\"a8d2117\" data-element_type=\"container\" data-e-type=\"container\">\n\t\t\t\t\t<div class=\"e-con-inner\">\n\t\t<div class=\"elementor-element elementor-element-b602588 e-con-full e-flex tm-col-stretched-none tm-bg-color-over-image e-con e-child\" data-id=\"b602588\" data-element_type=\"container\" data-e-type=\"container\" data-settings=\"{&quot;background_background&quot;:&quot;classic&quot;}\">\n\t\t\t\t<div class=\"elementor-element elementor-element-6844441 elementor-widget elementor-widget-theme-post-featured-image elementor-widget-image\" data-id=\"6844441\" data-element_type=\"widget\" data-e-type=\"widget\" data-widget_type=\"theme-post-featured-image.default\">\n\t\t\t\t<div class=\"elementor-widget-container\">\n\t\t\t\t\t\t\t\t\t\t\t\t\t\t\t\t<a href=\"https:\/\/www.sejourprive.com\/en\/biens\/villa-cavallu-porto-vecchio-corse\/\">\n\t\t\t\t\t\t\t<img loading=\"lazy\" decoding=\"async\" width=\"1024\" height=\"683\" src=\"https:\/\/www.sejourprive.com\/wp-content\/uploads\/2026\/03\/1-219-1024x683.jpg\" class=\"attachment-large size-large wp-image-50942\" alt=\"\" srcset=\"https:\/\/www.sejourprive.com\/wp-content\/uploads\/2026\/03\/1-219-1024x683.jpg 1024w, https:\/\/www.sejourprive.com\/wp-content\/uploads\/2026\/03\/1-219-300x200.jpg 300w, https:\/\/www.sejourprive.com\/wp-content\/uploads\/2026\/03\/1-219-768x512.jpg 768w, https:\/\/www.sejourprive.com\/wp-content\/uploads\/2026\/03\/1-219-18x12.jpg 18w, https:\/\/www.sejourprive.com\/wp-content\/uploads\/2026\/03\/1-219-672x448.jpg 672w, https:\/\/www.sejourprive.com\/wp-content\/uploads\/2026\/03\/1-219-600x400.jpg 600w, https:\/\/www.sejourprive.com\/wp-content\/uploads\/2026\/03\/1-219.jpg 1200w\" sizes=\"255px\" data-kodelisting-lazy-load-sizes=\"(max-width: 1024px) 100vw, 1024px\" data-kodelisting-loading-image=\"on\" \/>\t\t\t\t\t\t\t\t<\/a>\n\t\t\t\t\t\t\t\t\t\t\t\t\t\t\t<\/div>\n\t\t\t\t<\/div>\n\t\t\t\t<\/div>\n\t\t<div class=\"elementor-element elementor-element-11878a3 e-con-full e-flex tm-col-stretched-none tm-bg-color-over-image e-con e-child\" data-id=\"11878a3\" data-element_type=\"container\" data-e-type=\"container\" data-settings=\"{&quot;background_background&quot;:&quot;classic&quot;}\">\n\t\t\t\t<div class=\"elementor-element elementor-element-ae49b7c elementor-widget elementor-widget-theme-post-title elementor-page-title elementor-widget-heading\" data-id=\"ae49b7c\" data-element_type=\"widget\" data-e-type=\"widget\" data-widget_type=\"theme-post-title.default\">\n\t\t\t\t<div class=\"elementor-widget-container\">\n\t\t\t\t\t<h3 class=\"elementor-heading-title elementor-size-default\"><a href=\"https:\/\/www.sejourprive.com\/en\/biens\/villa-cavallu-porto-vecchio-corse\/\">Villa Cavallu, Porto-Vecchio, Corsica<\/a><\/h3>\t\t\t\t<\/div>\n\t\t\t\t<\/div>\n\t\t\t\t<div class=\"elementor-element elementor-element-6fb7bdf elementor-widget elementor-widget-heading\" data-id=\"6fb7bdf\" data-element_type=\"widget\" data-e-type=\"widget\" data-widget_type=\"heading.default\">\n\t\t\t\t<div class=\"elementor-widget-container\">\n\t\t\t\t\t<p class=\"elementor-heading-title elementor-size-default\">Porto-Vecchio, Corsica<\/p>\t\t\t\t<\/div>\n\t\t\t\t<\/div>\n\t\t\t\t<\/div>\n\t\t\t\t\t<\/div>\n\t\t\t\t<\/div>\n\t\t\t\t<\/div>\n\t\t\t\t<div data-elementor-type=\"loop-item\" data-elementor-id=\"10462\" class=\"elementor elementor-10462 swiper-slide e-loop-item e-loop-item-29625 post-29625 product type-product status-publish has-post-thumbnail product_cat-villa property_location-france property_location-saint-tropez-et-alentours first instock sold-individually shipping-taxable purchasable product-type-simple\" data-elementor-post-type=\"elementor_library\" role=\"group\" aria-roledescription=\"slide\" data-custom-edit-handle=\"1\">\n\t\t\t<div class=\"elementor-element elementor-element-a8d2117 e-flex e-con-boxed tm-col-stretched-none tm-bg-color-over-image e-con e-parent\" data-id=\"a8d2117\" data-element_type=\"container\" data-e-type=\"container\">\n\t\t\t\t\t<div class=\"e-con-inner\">\n\t\t<div class=\"elementor-element elementor-element-b602588 e-con-full e-flex tm-col-stretched-none tm-bg-color-over-image e-con e-child\" data-id=\"b602588\" data-element_type=\"container\" data-e-type=\"container\" data-settings=\"{&quot;background_background&quot;:&quot;classic&quot;}\">\n\t\t\t\t<div class=\"elementor-element elementor-element-6844441 elementor-widget elementor-widget-theme-post-featured-image elementor-widget-image\" data-id=\"6844441\" data-element_type=\"widget\" data-e-type=\"widget\" data-widget_type=\"theme-post-featured-image.default\">\n\t\t\t\t<div class=\"elementor-widget-container\">\n\t\t\t\t\t\t\t\t\t\t\t\t\t\t\t\t<a href=\"https:\/\/www.sejourprive.com\/en\/biens\/villa-echappee-sainte-maxime-cote-dazur-france\/\">\n\t\t\t\t\t\t\t<img loading=\"lazy\" decoding=\"async\" width=\"1024\" height=\"576\" src=\"https:\/\/www.sejourprive.com\/wp-content\/uploads\/2026\/02\/0-41-1024x576.jpg\" class=\"attachment-large size-large wp-image-29655\" alt=\"\" srcset=\"https:\/\/www.sejourprive.com\/wp-content\/uploads\/2026\/02\/0-41-1024x576.jpg 1024w, https:\/\/www.sejourprive.com\/wp-content\/uploads\/2026\/02\/0-41-300x169.jpg 300w, https:\/\/www.sejourprive.com\/wp-content\/uploads\/2026\/02\/0-41-768x432.jpg 768w, https:\/\/www.sejourprive.com\/wp-content\/uploads\/2026\/02\/0-41-18x10.jpg 18w, https:\/\/www.sejourprive.com\/wp-content\/uploads\/2026\/02\/0-41-600x338.jpg 600w, https:\/\/www.sejourprive.com\/wp-content\/uploads\/2026\/02\/0-41.jpg 1200w\" sizes=\"255px\" data-kodelisting-lazy-load-sizes=\"(max-width: 1024px) 100vw, 1024px\" data-kodelisting-loading-image=\"on\" \/>\t\t\t\t\t\t\t\t<\/a>\n\t\t\t\t\t\t\t\t\t\t\t\t\t\t\t<\/div>\n\t\t\t\t<\/div>\n\t\t\t\t<\/div>\n\t\t<div class=\"elementor-element elementor-element-11878a3 e-con-full e-flex tm-col-stretched-none tm-bg-color-over-image e-con e-child\" data-id=\"11878a3\" data-element_type=\"container\" data-e-type=\"container\" data-settings=\"{&quot;background_background&quot;:&quot;classic&quot;}\">\n\t\t\t\t<div class=\"elementor-element elementor-element-ae49b7c elementor-widget elementor-widget-theme-post-title elementor-page-title elementor-widget-heading\" data-id=\"ae49b7c\" data-element_type=\"widget\" data-e-type=\"widget\" data-widget_type=\"theme-post-title.default\">\n\t\t\t\t<div class=\"elementor-widget-container\">\n\t\t\t\t\t<h3 class=\"elementor-heading-title elementor-size-default\"><a href=\"https:\/\/www.sejourprive.com\/en\/biens\/villa-echappee-sainte-maxime-cote-dazur-france\/\">Villa \u00c9chapp\u00e9e, Sainte Maxime, C\u00f4te D'Azur, France<\/a><\/h3>\t\t\t\t<\/div>\n\t\t\t\t<\/div>\n\t\t\t\t<div class=\"elementor-element elementor-element-6fb7bdf elementor-widget elementor-widget-heading\" data-id=\"6fb7bdf\" data-element_type=\"widget\" data-e-type=\"widget\" data-widget_type=\"heading.default\">\n\t\t\t\t<div class=\"elementor-widget-container\">\n\t\t\t\t\t<p class=\"elementor-heading-title elementor-size-default\">Sainte-Maxime<\/p>\t\t\t\t<\/div>\n\t\t\t\t<\/div>\n\t\t\t\t<\/div>\n\t\t\t\t\t<\/div>\n\t\t\t\t<\/div>\n\t\t\t\t<\/div>\n\t\t\t\t<div data-elementor-type=\"loop-item\" data-elementor-id=\"10462\" class=\"elementor elementor-10462 swiper-slide e-loop-item e-loop-item-47379 post-47379 product type-product status-publish has-post-thumbnail product_cat-villa property_location-italie property_location-toscane  instock sold-individually shipping-taxable purchasable product-type-simple\" data-elementor-post-type=\"elementor_library\" role=\"group\" aria-roledescription=\"slide\" data-custom-edit-handle=\"1\">\n\t\t\t<div class=\"elementor-element elementor-element-a8d2117 e-flex e-con-boxed tm-col-stretched-none tm-bg-color-over-image e-con e-parent\" data-id=\"a8d2117\" data-element_type=\"container\" data-e-type=\"container\">\n\t\t\t\t\t<div class=\"e-con-inner\">\n\t\t<div class=\"elementor-element elementor-element-b602588 e-con-full e-flex tm-col-stretched-none tm-bg-color-over-image e-con e-child\" data-id=\"b602588\" data-element_type=\"container\" data-e-type=\"container\" data-settings=\"{&quot;background_background&quot;:&quot;classic&quot;}\">\n\t\t\t\t<div class=\"elementor-element elementor-element-6844441 elementor-widget elementor-widget-theme-post-featured-image elementor-widget-image\" data-id=\"6844441\" data-element_type=\"widget\" data-e-type=\"widget\" data-widget_type=\"theme-post-featured-image.default\">\n\t\t\t\t<div class=\"elementor-widget-container\">\n\t\t\t\t\t\t\t\t\t\t\t\t\t\t\t\t<a href=\"https:\/\/www.sejourprive.com\/en\/biens\/villa-pettirosso-capannori-lucques-toscane-italie\/\">\n\t\t\t\t\t\t\t<img loading=\"lazy\" decoding=\"async\" width=\"1024\" height=\"711\" src=\"https:\/\/www.sejourprive.com\/wp-content\/uploads\/2026\/03\/0-141-1024x711.jpg\" class=\"attachment-large size-large wp-image-47400\" alt=\"\" srcset=\"https:\/\/www.sejourprive.com\/wp-content\/uploads\/2026\/03\/0-141-1024x711.jpg 1024w, https:\/\/www.sejourprive.com\/wp-content\/uploads\/2026\/03\/0-141-300x208.jpg 300w, https:\/\/www.sejourprive.com\/wp-content\/uploads\/2026\/03\/0-141-768x533.jpg 768w, https:\/\/www.sejourprive.com\/wp-content\/uploads\/2026\/03\/0-141-18x12.jpg 18w, https:\/\/www.sejourprive.com\/wp-content\/uploads\/2026\/03\/0-141-600x417.jpg 600w, https:\/\/www.sejourprive.com\/wp-content\/uploads\/2026\/03\/0-141.jpg 1200w\" sizes=\"255px\" data-kodelisting-lazy-load-sizes=\"(max-width: 1024px) 100vw, 1024px\" data-kodelisting-loading-image=\"on\" \/>\t\t\t\t\t\t\t\t<\/a>\n\t\t\t\t\t\t\t\t\t\t\t\t\t\t\t<\/div>\n\t\t\t\t<\/div>\n\t\t\t\t<\/div>\n\t\t<div class=\"elementor-element elementor-element-11878a3 e-con-full e-flex tm-col-stretched-none tm-bg-color-over-image e-con e-child\" data-id=\"11878a3\" data-element_type=\"container\" data-e-type=\"container\" data-settings=\"{&quot;background_background&quot;:&quot;classic&quot;}\">\n\t\t\t\t<div class=\"elementor-element elementor-element-ae49b7c elementor-widget elementor-widget-theme-post-title elementor-page-title elementor-widget-heading\" data-id=\"ae49b7c\" data-element_type=\"widget\" data-e-type=\"widget\" data-widget_type=\"theme-post-title.default\">\n\t\t\t\t<div class=\"elementor-widget-container\">\n\t\t\t\t\t<h3 class=\"elementor-heading-title elementor-size-default\"><a href=\"https:\/\/www.sejourprive.com\/en\/biens\/villa-pettirosso-capannori-lucques-toscane-italie\/\">Villa Pettirosso, Capannori, Lucca, Tuscany, Italy<\/a><\/h3>\t\t\t\t<\/div>\n\t\t\t\t<\/div>\n\t\t\t\t<div class=\"elementor-element elementor-element-6fb7bdf elementor-widget elementor-widget-heading\" data-id=\"6fb7bdf\" data-element_type=\"widget\" data-e-type=\"widget\" data-widget_type=\"heading.default\">\n\t\t\t\t<div class=\"elementor-widget-container\">\n\t\t\t\t\t<p class=\"elementor-heading-title elementor-size-default\">Capannori, Tuscany<\/p>\t\t\t\t<\/div>\n\t\t\t\t<\/div>\n\t\t\t\t<\/div>\n\t\t\t\t\t<\/div>\n\t\t\t\t<\/div>\n\t\t\t\t<\/div>\n\t\t\t\t<div data-elementor-type=\"loop-item\" data-elementor-id=\"10462\" class=\"elementor elementor-10462 swiper-slide e-loop-item e-loop-item-36791 post-36791 product type-product status-publish has-post-thumbnail product_cat-villa property_location-espagne property_location-ibiza  instock sold-individually shipping-taxable purchasable product-type-simple\" data-elementor-post-type=\"elementor_library\" role=\"group\" aria-roledescription=\"slide\" data-custom-edit-handle=\"1\">\n\t\t\t<div class=\"elementor-element elementor-element-a8d2117 e-flex e-con-boxed tm-col-stretched-none tm-bg-color-over-image e-con e-parent\" data-id=\"a8d2117\" data-element_type=\"container\" data-e-type=\"container\">\n\t\t\t\t\t<div class=\"e-con-inner\">\n\t\t<div class=\"elementor-element elementor-element-b602588 e-con-full e-flex tm-col-stretched-none tm-bg-color-over-image e-con e-child\" data-id=\"b602588\" data-element_type=\"container\" data-e-type=\"container\" data-settings=\"{&quot;background_background&quot;:&quot;classic&quot;}\">\n\t\t\t\t<div class=\"elementor-element elementor-element-6844441 elementor-widget elementor-widget-theme-post-featured-image elementor-widget-image\" data-id=\"6844441\" data-element_type=\"widget\" data-e-type=\"widget\" data-widget_type=\"theme-post-featured-image.default\">\n\t\t\t\t<div class=\"elementor-widget-container\">\n\t\t\t\t\t\t\t\t\t\t\t\t\t\t\t\t<a href=\"https:\/\/www.sejourprive.com\/en\/biens\/villa-osiris-ibiza-iles-baleares-espagne\/\">\n\t\t\t\t\t\t\t<img loading=\"lazy\" decoding=\"async\" width=\"1024\" height=\"683\" src=\"https:\/\/www.sejourprive.com\/wp-content\/uploads\/2026\/02\/0-137-1024x683.jpg\" class=\"attachment-large size-large wp-image-36796\" alt=\"\" srcset=\"https:\/\/www.sejourprive.com\/wp-content\/uploads\/2026\/02\/0-137-1024x683.jpg 1024w, https:\/\/www.sejourprive.com\/wp-content\/uploads\/2026\/02\/0-137-300x200.jpg 300w, https:\/\/www.sejourprive.com\/wp-content\/uploads\/2026\/02\/0-137-768x512.jpg 768w, https:\/\/www.sejourprive.com\/wp-content\/uploads\/2026\/02\/0-137-18x12.jpg 18w, https:\/\/www.sejourprive.com\/wp-content\/uploads\/2026\/02\/0-137-672x448.jpg 672w, https:\/\/www.sejourprive.com\/wp-content\/uploads\/2026\/02\/0-137-600x400.jpg 600w, https:\/\/www.sejourprive.com\/wp-content\/uploads\/2026\/02\/0-137.jpg 1200w\" sizes=\"255px\" data-kodelisting-lazy-load-sizes=\"(max-width: 1024px) 100vw, 1024px\" data-kodelisting-loading-image=\"on\" \/>\t\t\t\t\t\t\t\t<\/a>\n\t\t\t\t\t\t\t\t\t\t\t\t\t\t\t<\/div>\n\t\t\t\t<\/div>\n\t\t\t\t<\/div>\n\t\t<div class=\"elementor-element elementor-element-11878a3 e-con-full e-flex tm-col-stretched-none tm-bg-color-over-image e-con e-child\" data-id=\"11878a3\" data-element_type=\"container\" data-e-type=\"container\" data-settings=\"{&quot;background_background&quot;:&quot;classic&quot;}\">\n\t\t\t\t<div class=\"elementor-element elementor-element-ae49b7c elementor-widget elementor-widget-theme-post-title elementor-page-title elementor-widget-heading\" data-id=\"ae49b7c\" data-element_type=\"widget\" data-e-type=\"widget\" data-widget_type=\"theme-post-title.default\">\n\t\t\t\t<div class=\"elementor-widget-container\">\n\t\t\t\t\t<h3 class=\"elementor-heading-title elementor-size-default\"><a href=\"https:\/\/www.sejourprive.com\/en\/biens\/villa-osiris-ibiza-iles-baleares-espagne\/\">Villa Osiris, Ibiza, Balearic Islands, Spain<\/a><\/h3>\t\t\t\t<\/div>\n\t\t\t\t<\/div>\n\t\t\t\t<div class=\"elementor-element elementor-element-6fb7bdf elementor-widget elementor-widget-heading\" data-id=\"6fb7bdf\" data-element_type=\"widget\" data-e-type=\"widget\" data-widget_type=\"heading.default\">\n\t\t\t\t<div class=\"elementor-widget-container\">\n\t\t\t\t\t<p class=\"elementor-heading-title elementor-size-default\">Sant Josep De Sa Talaia, Ibiza<\/p>\t\t\t\t<\/div>\n\t\t\t\t<\/div>\n\t\t\t\t<\/div>\n\t\t\t\t\t<\/div>\n\t\t\t\t<\/div>\n\t\t\t\t<\/div>\n\t\t\t\t<div data-elementor-type=\"loop-item\" data-elementor-id=\"10462\" class=\"elementor elementor-10462 swiper-slide e-loop-item e-loop-item-36076 post-36076 product type-product status-publish has-post-thumbnail product_cat-villa property_location-espagne property_location-ibiza last instock sold-individually shipping-taxable purchasable product-type-simple\" data-elementor-post-type=\"elementor_library\" role=\"group\" aria-roledescription=\"slide\" data-custom-edit-handle=\"1\">\n\t\t\t<div class=\"elementor-element elementor-element-a8d2117 e-flex e-con-boxed tm-col-stretched-none tm-bg-color-over-image e-con e-parent\" data-id=\"a8d2117\" data-element_type=\"container\" data-e-type=\"container\">\n\t\t\t\t\t<div class=\"e-con-inner\">\n\t\t<div class=\"elementor-element elementor-element-b602588 e-con-full e-flex tm-col-stretched-none tm-bg-color-over-image e-con e-child\" data-id=\"b602588\" data-element_type=\"container\" data-e-type=\"container\" data-settings=\"{&quot;background_background&quot;:&quot;classic&quot;}\">\n\t\t\t\t<div class=\"elementor-element elementor-element-6844441 elementor-widget elementor-widget-theme-post-featured-image elementor-widget-image\" data-id=\"6844441\" data-element_type=\"widget\" data-e-type=\"widget\" data-widget_type=\"theme-post-featured-image.default\">\n\t\t\t\t<div class=\"elementor-widget-container\">\n\t\t\t\t\t\t\t\t\t\t\t\t\t\t\t\t<a href=\"https:\/\/www.sejourprive.com\/en\/biens\/villa-you-ibiza-iles-baleares-espagne\/\">\n\t\t\t\t\t\t\t<img loading=\"lazy\" decoding=\"async\" width=\"1024\" height=\"575\" src=\"https:\/\/www.sejourprive.com\/wp-content\/uploads\/2026\/02\/0-125-1024x575.jpg\" class=\"attachment-large size-large wp-image-36115\" alt=\"\" srcset=\"https:\/\/www.sejourprive.com\/wp-content\/uploads\/2026\/02\/0-125-1024x575.jpg 1024w, https:\/\/www.sejourprive.com\/wp-content\/uploads\/2026\/02\/0-125-300x169.jpg 300w, https:\/\/www.sejourprive.com\/wp-content\/uploads\/2026\/02\/0-125-768x431.jpg 768w, https:\/\/www.sejourprive.com\/wp-content\/uploads\/2026\/02\/0-125-18x10.jpg 18w, https:\/\/www.sejourprive.com\/wp-content\/uploads\/2026\/02\/0-125-600x337.jpg 600w, https:\/\/www.sejourprive.com\/wp-content\/uploads\/2026\/02\/0-125.jpg 1200w\" sizes=\"255px\" data-kodelisting-lazy-load-sizes=\"(max-width: 1024px) 100vw, 1024px\" data-kodelisting-loading-image=\"on\" \/>\t\t\t\t\t\t\t\t<\/a>\n\t\t\t\t\t\t\t\t\t\t\t\t\t\t\t<\/div>\n\t\t\t\t<\/div>\n\t\t\t\t<\/div>\n\t\t<div class=\"elementor-element elementor-element-11878a3 e-con-full e-flex tm-col-stretched-none tm-bg-color-over-image e-con e-child\" data-id=\"11878a3\" data-element_type=\"container\" data-e-type=\"container\" data-settings=\"{&quot;background_background&quot;:&quot;classic&quot;}\">\n\t\t\t\t<div class=\"elementor-element elementor-element-ae49b7c elementor-widget elementor-widget-theme-post-title elementor-page-title elementor-widget-heading\" data-id=\"ae49b7c\" data-element_type=\"widget\" data-e-type=\"widget\" data-widget_type=\"theme-post-title.default\">\n\t\t\t\t<div class=\"elementor-widget-container\">\n\t\t\t\t\t<h3 class=\"elementor-heading-title elementor-size-default\"><a href=\"https:\/\/www.sejourprive.com\/en\/biens\/villa-you-ibiza-iles-baleares-espagne\/\">Villa You, Ibiza, Balearic Islands, Spain<\/a><\/h3>\t\t\t\t<\/div>\n\t\t\t\t<\/div>\n\t\t\t\t<div class=\"elementor-element elementor-element-6fb7bdf elementor-widget elementor-widget-heading\" data-id=\"6fb7bdf\" data-element_type=\"widget\" data-e-type=\"widget\" data-widget_type=\"heading.default\">\n\t\t\t\t<div class=\"elementor-widget-container\">\n\t\t\t\t\t<p class=\"elementor-heading-title elementor-size-default\">Sant Josep de Sa Talaia, Ibiza<\/p>\t\t\t\t<\/div>\n\t\t\t\t<\/div>\n\t\t\t\t<\/div>\n\t\t\t\t\t<\/div>\n\t\t\t\t<\/div>\n\t\t\t\t<\/div>\n\t\t\t\t<div data-elementor-type=\"loop-item\" data-elementor-id=\"10462\" class=\"elementor elementor-10462 swiper-slide e-loop-item e-loop-item-27529 post-27529 product type-product status-publish has-post-thumbnail product_cat-villa property_location-france property_location-saint-tropez-et-alentours first instock sold-individually shipping-taxable purchasable product-type-simple\" data-elementor-post-type=\"elementor_library\" role=\"group\" aria-roledescription=\"slide\" data-custom-edit-handle=\"1\">\n\t\t\t<div class=\"elementor-element elementor-element-a8d2117 e-flex e-con-boxed tm-col-stretched-none tm-bg-color-over-image e-con e-parent\" data-id=\"a8d2117\" data-element_type=\"container\" data-e-type=\"container\">\n\t\t\t\t\t<div class=\"e-con-inner\">\n\t\t<div class=\"elementor-element elementor-element-b602588 e-con-full e-flex tm-col-stretched-none tm-bg-color-over-image e-con e-child\" data-id=\"b602588\" data-element_type=\"container\" data-e-type=\"container\" data-settings=\"{&quot;background_background&quot;:&quot;classic&quot;}\">\n\t\t\t\t<div class=\"elementor-element elementor-element-6844441 elementor-widget elementor-widget-theme-post-featured-image elementor-widget-image\" data-id=\"6844441\" data-element_type=\"widget\" data-e-type=\"widget\" data-widget_type=\"theme-post-featured-image.default\">\n\t\t\t\t<div class=\"elementor-widget-container\">\n\t\t\t\t\t\t\t\t\t\t\t\t\t\t\t\t<a href=\"https:\/\/www.sejourprive.com\/en\/biens\/villa-carven-grimaud-cote-dazur-france\/\">\n\t\t\t\t\t\t\t<img loading=\"lazy\" decoding=\"async\" width=\"1024\" height=\"683\" src=\"https:\/\/www.sejourprive.com\/wp-content\/uploads\/2026\/02\/JWJxPx5ORQ25mmuzqhVc_cd777b79-2b03-4c5a-8dd7-062d61608270-1024x683.webp\" class=\"attachment-large size-large wp-image-28096\" alt=\"\" srcset=\"https:\/\/www.sejourprive.com\/wp-content\/uploads\/2026\/02\/JWJxPx5ORQ25mmuzqhVc_cd777b79-2b03-4c5a-8dd7-062d61608270-1024x683.webp 1024w, https:\/\/www.sejourprive.com\/wp-content\/uploads\/2026\/02\/JWJxPx5ORQ25mmuzqhVc_cd777b79-2b03-4c5a-8dd7-062d61608270-300x200.webp 300w, https:\/\/www.sejourprive.com\/wp-content\/uploads\/2026\/02\/JWJxPx5ORQ25mmuzqhVc_cd777b79-2b03-4c5a-8dd7-062d61608270-768x512.webp 768w, https:\/\/www.sejourprive.com\/wp-content\/uploads\/2026\/02\/JWJxPx5ORQ25mmuzqhVc_cd777b79-2b03-4c5a-8dd7-062d61608270-1536x1024.webp 1536w, https:\/\/www.sejourprive.com\/wp-content\/uploads\/2026\/02\/JWJxPx5ORQ25mmuzqhVc_cd777b79-2b03-4c5a-8dd7-062d61608270-18x12.webp 18w, https:\/\/www.sejourprive.com\/wp-content\/uploads\/2026\/02\/JWJxPx5ORQ25mmuzqhVc_cd777b79-2b03-4c5a-8dd7-062d61608270-672x448.webp 672w, https:\/\/www.sejourprive.com\/wp-content\/uploads\/2026\/02\/JWJxPx5ORQ25mmuzqhVc_cd777b79-2b03-4c5a-8dd7-062d61608270-600x400.webp 600w, https:\/\/www.sejourprive.com\/wp-content\/uploads\/2026\/02\/JWJxPx5ORQ25mmuzqhVc_cd777b79-2b03-4c5a-8dd7-062d61608270.webp 1932w\" sizes=\"255px\" data-kodelisting-lazy-load-sizes=\"(max-width: 1024px) 100vw, 1024px\" data-kodelisting-loading-image=\"on\" \/>\t\t\t\t\t\t\t\t<\/a>\n\t\t\t\t\t\t\t\t\t\t\t\t\t\t\t<\/div>\n\t\t\t\t<\/div>\n\t\t\t\t<\/div>\n\t\t<div class=\"elementor-element elementor-element-11878a3 e-con-full e-flex tm-col-stretched-none tm-bg-color-over-image e-con e-child\" data-id=\"11878a3\" data-element_type=\"container\" data-e-type=\"container\" data-settings=\"{&quot;background_background&quot;:&quot;classic&quot;}\">\n\t\t\t\t<div class=\"elementor-element elementor-element-ae49b7c elementor-widget elementor-widget-theme-post-title elementor-page-title elementor-widget-heading\" data-id=\"ae49b7c\" data-element_type=\"widget\" data-e-type=\"widget\" data-widget_type=\"theme-post-title.default\">\n\t\t\t\t<div class=\"elementor-widget-container\">\n\t\t\t\t\t<h3 class=\"elementor-heading-title elementor-size-default\"><a href=\"https:\/\/www.sejourprive.com\/en\/biens\/villa-carven-grimaud-cote-dazur-france\/\">Villa Carven, Grimaud, C\u00f4te d'Azur, France<\/a><\/h3>\t\t\t\t<\/div>\n\t\t\t\t<\/div>\n\t\t\t\t<div class=\"elementor-element elementor-element-6fb7bdf elementor-widget elementor-widget-heading\" data-id=\"6fb7bdf\" data-element_type=\"widget\" data-e-type=\"widget\" data-widget_type=\"heading.default\">\n\t\t\t\t<div class=\"elementor-widget-container\">\n\t\t\t\t\t<p class=\"elementor-heading-title elementor-size-default\">Grimaud<\/p>\t\t\t\t<\/div>\n\t\t\t\t<\/div>\n\t\t\t\t<\/div>\n\t\t\t\t\t<\/div>\n\t\t\t\t<\/div>\n\t\t\t\t<\/div>\n\t\t\t\t<div data-elementor-type=\"loop-item\" data-elementor-id=\"10462\" class=\"elementor elementor-10462 swiper-slide e-loop-item e-loop-item-57798 post-57798 product type-product status-publish has-post-thumbnail product_cat-villa property_location-france property_location-provence  instock sold-individually shipping-taxable purchasable product-type-simple\" data-elementor-post-type=\"elementor_library\" role=\"group\" aria-roledescription=\"slide\" data-custom-edit-handle=\"1\">\n\t\t\t<div class=\"elementor-element elementor-element-a8d2117 e-flex e-con-boxed tm-col-stretched-none tm-bg-color-over-image e-con e-parent\" data-id=\"a8d2117\" data-element_type=\"container\" data-e-type=\"container\">\n\t\t\t\t\t<div class=\"e-con-inner\">\n\t\t<div class=\"elementor-element elementor-element-b602588 e-con-full e-flex tm-col-stretched-none tm-bg-color-over-image e-con e-child\" data-id=\"b602588\" data-element_type=\"container\" data-e-type=\"container\" data-settings=\"{&quot;background_background&quot;:&quot;classic&quot;}\">\n\t\t\t\t<div class=\"elementor-element elementor-element-6844441 elementor-widget elementor-widget-theme-post-featured-image elementor-widget-image\" data-id=\"6844441\" data-element_type=\"widget\" data-e-type=\"widget\" data-widget_type=\"theme-post-featured-image.default\">\n\t\t\t\t<div class=\"elementor-widget-container\">\n\t\t\t\t\t\t\t\t\t\t\t\t\t\t\t\t<a href=\"https:\/\/www.sejourprive.com\/en\/biens\/villa-cooper-saint-remy-de-provence-france\/\">\n\t\t\t\t\t\t\t<img loading=\"lazy\" decoding=\"async\" width=\"1024\" height=\"768\" src=\"https:\/\/www.sejourprive.com\/wp-content\/uploads\/2026\/04\/0-45-1024x768.jpg\" class=\"attachment-large size-large wp-image-57817\" alt=\"\" srcset=\"https:\/\/www.sejourprive.com\/wp-content\/uploads\/2026\/04\/0-45-1024x768.jpg 1024w, https:\/\/www.sejourprive.com\/wp-content\/uploads\/2026\/04\/0-45-300x225.jpg 300w, https:\/\/www.sejourprive.com\/wp-content\/uploads\/2026\/04\/0-45-768x576.jpg 768w, https:\/\/www.sejourprive.com\/wp-content\/uploads\/2026\/04\/0-45-16x12.jpg 16w, https:\/\/www.sejourprive.com\/wp-content\/uploads\/2026\/04\/0-45-600x450.jpg 600w, https:\/\/www.sejourprive.com\/wp-content\/uploads\/2026\/04\/0-45.jpg 1200w\" sizes=\"255px\" data-kodelisting-lazy-load-sizes=\"(max-width: 1024px) 100vw, 1024px\" data-kodelisting-loading-image=\"on\" \/>\t\t\t\t\t\t\t\t<\/a>\n\t\t\t\t\t\t\t\t\t\t\t\t\t\t\t<\/div>\n\t\t\t\t<\/div>\n\t\t\t\t<\/div>\n\t\t<div class=\"elementor-element elementor-element-11878a3 e-con-full e-flex tm-col-stretched-none tm-bg-color-over-image e-con e-child\" data-id=\"11878a3\" data-element_type=\"container\" data-e-type=\"container\" data-settings=\"{&quot;background_background&quot;:&quot;classic&quot;}\">\n\t\t\t\t<div class=\"elementor-element elementor-element-ae49b7c elementor-widget elementor-widget-theme-post-title elementor-page-title elementor-widget-heading\" data-id=\"ae49b7c\" data-element_type=\"widget\" data-e-type=\"widget\" data-widget_type=\"theme-post-title.default\">\n\t\t\t\t<div class=\"elementor-widget-container\">\n\t\t\t\t\t<h3 class=\"elementor-heading-title elementor-size-default\"><a href=\"https:\/\/www.sejourprive.com\/en\/biens\/villa-cooper-saint-remy-de-provence-france\/\">Villa Cooper, Saint-R\u00e9my-de-Provence, France<\/a><\/h3>\t\t\t\t<\/div>\n\t\t\t\t<\/div>\n\t\t\t\t<div class=\"elementor-element elementor-element-6fb7bdf elementor-widget elementor-widget-heading\" data-id=\"6fb7bdf\" data-element_type=\"widget\" data-e-type=\"widget\" data-widget_type=\"heading.default\">\n\t\t\t\t<div class=\"elementor-widget-container\">\n\t\t\t\t\t<p class=\"elementor-heading-title elementor-size-default\">Saint-R\u00e9my-de-Provence, Provence<\/p>\t\t\t\t<\/div>\n\t\t\t\t<\/div>\n\t\t\t\t<\/div>\n\t\t\t\t\t<\/div>\n\t\t\t\t<\/div>\n\t\t\t\t<\/div>\n\t\t\t\t<div data-elementor-type=\"loop-item\" data-elementor-id=\"10462\" class=\"elementor elementor-10462 swiper-slide e-loop-item e-loop-item-61331 post-61331 product type-product status-publish has-post-thumbnail product_cat-villa property_location-croatie  instock sold-individually shipping-taxable purchasable product-type-simple\" data-elementor-post-type=\"elementor_library\" role=\"group\" aria-roledescription=\"slide\" data-custom-edit-handle=\"1\">\n\t\t\t<div class=\"elementor-element elementor-element-a8d2117 e-flex e-con-boxed tm-col-stretched-none tm-bg-color-over-image e-con e-parent\" data-id=\"a8d2117\" data-element_type=\"container\" data-e-type=\"container\">\n\t\t\t\t\t<div class=\"e-con-inner\">\n\t\t<div class=\"elementor-element elementor-element-b602588 e-con-full e-flex tm-col-stretched-none tm-bg-color-over-image e-con e-child\" data-id=\"b602588\" data-element_type=\"container\" data-e-type=\"container\" data-settings=\"{&quot;background_background&quot;:&quot;classic&quot;}\">\n\t\t\t\t<div class=\"elementor-element elementor-element-6844441 elementor-widget elementor-widget-theme-post-featured-image elementor-widget-image\" data-id=\"6844441\" data-element_type=\"widget\" data-e-type=\"widget\" data-widget_type=\"theme-post-featured-image.default\">\n\t\t\t\t<div class=\"elementor-widget-container\">\n\t\t\t\t\t\t\t\t\t\t\t\t\t\t\t\t<a href=\"https:\/\/www.sejourprive.com\/en\/biens\/villa-delaunay-gornja-krusica-split-et-alentours-croatie\/\">\n\t\t\t\t\t\t\t<img loading=\"lazy\" decoding=\"async\" width=\"1024\" height=\"683\" src=\"https:\/\/www.sejourprive.com\/wp-content\/uploads\/2026\/04\/0-109-1024x683.jpg\" class=\"attachment-large size-large wp-image-61334\" alt=\"\" srcset=\"https:\/\/www.sejourprive.com\/wp-content\/uploads\/2026\/04\/0-109-1024x683.jpg 1024w, https:\/\/www.sejourprive.com\/wp-content\/uploads\/2026\/04\/0-109-300x200.jpg 300w, https:\/\/www.sejourprive.com\/wp-content\/uploads\/2026\/04\/0-109-768x512.jpg 768w, https:\/\/www.sejourprive.com\/wp-content\/uploads\/2026\/04\/0-109-18x12.jpg 18w, https:\/\/www.sejourprive.com\/wp-content\/uploads\/2026\/04\/0-109-672x448.jpg 672w, https:\/\/www.sejourprive.com\/wp-content\/uploads\/2026\/04\/0-109-600x400.jpg 600w, https:\/\/www.sejourprive.com\/wp-content\/uploads\/2026\/04\/0-109.jpg 1200w\" sizes=\"255px\" data-kodelisting-lazy-load-sizes=\"(max-width: 1024px) 100vw, 1024px\" data-kodelisting-loading-image=\"on\" \/>\t\t\t\t\t\t\t\t<\/a>\n\t\t\t\t\t\t\t\t\t\t\t\t\t\t\t<\/div>\n\t\t\t\t<\/div>\n\t\t\t\t<\/div>\n\t\t<div class=\"elementor-element elementor-element-11878a3 e-con-full e-flex tm-col-stretched-none tm-bg-color-over-image e-con e-child\" data-id=\"11878a3\" data-element_type=\"container\" data-e-type=\"container\" data-settings=\"{&quot;background_background&quot;:&quot;classic&quot;}\">\n\t\t\t\t<div class=\"elementor-element elementor-element-ae49b7c elementor-widget elementor-widget-theme-post-title elementor-page-title elementor-widget-heading\" data-id=\"ae49b7c\" data-element_type=\"widget\" data-e-type=\"widget\" data-widget_type=\"theme-post-title.default\">\n\t\t\t\t<div class=\"elementor-widget-container\">\n\t\t\t\t\t<h3 class=\"elementor-heading-title elementor-size-default\"><a href=\"https:\/\/www.sejourprive.com\/en\/biens\/villa-delaunay-gornja-krusica-split-et-alentours-croatie\/\">Villa Delaunay, Gornja Krusica, Split and surroundings, Croatia<\/a><\/h3>\t\t\t\t<\/div>\n\t\t\t\t<\/div>\n\t\t\t\t<div class=\"elementor-element elementor-element-6fb7bdf elementor-widget elementor-widget-heading\" data-id=\"6fb7bdf\" data-element_type=\"widget\" data-e-type=\"widget\" data-widget_type=\"heading.default\">\n\t\t\t\t<div class=\"elementor-widget-container\">\n\t\t\t\t\t<p class=\"elementor-heading-title elementor-size-default\">Gornja Krusica, Croatia<\/p>\t\t\t\t<\/div>\n\t\t\t\t<\/div>\n\t\t\t\t<\/div>\n\t\t\t\t\t<\/div>\n\t\t\t\t<\/div>\n\t\t\t\t<\/div>\n\t\t\t\t<div data-elementor-type=\"loop-item\" data-elementor-id=\"10462\" class=\"elementor elementor-10462 swiper-slide e-loop-item e-loop-item-45393 post-45393 product type-product status-publish has-post-thumbnail product_cat-villa property_location-italie property_location-toscane last instock sold-individually shipping-taxable purchasable product-type-simple\" data-elementor-post-type=\"elementor_library\" role=\"group\" aria-roledescription=\"slide\" data-custom-edit-handle=\"1\">\n\t\t\t<div class=\"elementor-element elementor-element-a8d2117 e-flex e-con-boxed tm-col-stretched-none tm-bg-color-over-image e-con e-parent\" data-id=\"a8d2117\" data-element_type=\"container\" data-e-type=\"container\">\n\t\t\t\t\t<div class=\"e-con-inner\">\n\t\t<div class=\"elementor-element elementor-element-b602588 e-con-full e-flex tm-col-stretched-none tm-bg-color-over-image e-con e-child\" data-id=\"b602588\" data-element_type=\"container\" data-e-type=\"container\" data-settings=\"{&quot;background_background&quot;:&quot;classic&quot;}\">\n\t\t\t\t<div class=\"elementor-element elementor-element-6844441 elementor-widget elementor-widget-theme-post-featured-image elementor-widget-image\" data-id=\"6844441\" data-element_type=\"widget\" data-e-type=\"widget\" data-widget_type=\"theme-post-featured-image.default\">\n\t\t\t\t<div class=\"elementor-widget-container\">\n\t\t\t\t\t\t\t\t\t\t\t\t\t\t\t\t<a href=\"https:\/\/www.sejourprive.com\/en\/biens\/villa-affrescata-sienne-toscane-italie\/\">\n\t\t\t\t\t\t\t<img loading=\"lazy\" decoding=\"async\" width=\"1024\" height=\"684\" src=\"https:\/\/www.sejourprive.com\/wp-content\/uploads\/2026\/03\/2-95-1024x684.jpg\" class=\"attachment-large size-large wp-image-45397\" alt=\"\" srcset=\"https:\/\/www.sejourprive.com\/wp-content\/uploads\/2026\/03\/2-95-1024x684.jpg 1024w, https:\/\/www.sejourprive.com\/wp-content\/uploads\/2026\/03\/2-95-300x200.jpg 300w, https:\/\/www.sejourprive.com\/wp-content\/uploads\/2026\/03\/2-95-768x513.jpg 768w, https:\/\/www.sejourprive.com\/wp-content\/uploads\/2026\/03\/2-95-18x12.jpg 18w, https:\/\/www.sejourprive.com\/wp-content\/uploads\/2026\/03\/2-95-672x448.jpg 672w, https:\/\/www.sejourprive.com\/wp-content\/uploads\/2026\/03\/2-95-600x401.jpg 600w, https:\/\/www.sejourprive.com\/wp-content\/uploads\/2026\/03\/2-95.jpg 1200w\" sizes=\"255px\" data-kodelisting-lazy-load-sizes=\"(max-width: 1024px) 100vw, 1024px\" data-kodelisting-loading-image=\"on\" \/>\t\t\t\t\t\t\t\t<\/a>\n\t\t\t\t\t\t\t\t\t\t\t\t\t\t\t<\/div>\n\t\t\t\t<\/div>\n\t\t\t\t<\/div>\n\t\t<div class=\"elementor-element elementor-element-11878a3 e-con-full e-flex tm-col-stretched-none tm-bg-color-over-image e-con e-child\" data-id=\"11878a3\" data-element_type=\"container\" data-e-type=\"container\" data-settings=\"{&quot;background_background&quot;:&quot;classic&quot;}\">\n\t\t\t\t<div class=\"elementor-element elementor-element-ae49b7c elementor-widget elementor-widget-theme-post-title elementor-page-title elementor-widget-heading\" data-id=\"ae49b7c\" data-element_type=\"widget\" data-e-type=\"widget\" data-widget_type=\"theme-post-title.default\">\n\t\t\t\t<div class=\"elementor-widget-container\">\n\t\t\t\t\t<h3 class=\"elementor-heading-title elementor-size-default\"><a href=\"https:\/\/www.sejourprive.com\/en\/biens\/villa-affrescata-sienne-toscane-italie\/\">Villa Affrescata, Siena, Tuscany, Italy<\/a><\/h3>\t\t\t\t<\/div>\n\t\t\t\t<\/div>\n\t\t\t\t<div class=\"elementor-element elementor-element-6fb7bdf elementor-widget elementor-widget-heading\" data-id=\"6fb7bdf\" data-element_type=\"widget\" data-e-type=\"widget\" data-widget_type=\"heading.default\">\n\t\t\t\t<div class=\"elementor-widget-container\">\n\t\t\t\t\t<p class=\"elementor-heading-title elementor-size-default\">Radicofani, Italy<\/p>\t\t\t\t<\/div>\n\t\t\t\t<\/div>\n\t\t\t\t<\/div>\n\t\t\t\t\t<\/div>\n\t\t\t\t<\/div>\n\t\t\t\t<\/div>\n\t\t\t\t<div data-elementor-type=\"loop-item\" data-elementor-id=\"10462\" class=\"elementor elementor-10462 swiper-slide e-loop-item e-loop-item-59165 post-59165 product type-product status-publish has-post-thumbnail product_cat-villa property_location-comporta-melides property_location-portugal first instock sold-individually shipping-taxable purchasable product-type-simple\" data-elementor-post-type=\"elementor_library\" role=\"group\" aria-roledescription=\"slide\" data-custom-edit-handle=\"1\">\n\t\t\t<div class=\"elementor-element elementor-element-a8d2117 e-flex e-con-boxed tm-col-stretched-none tm-bg-color-over-image e-con e-parent\" data-id=\"a8d2117\" data-element_type=\"container\" data-e-type=\"container\">\n\t\t\t\t\t<div class=\"e-con-inner\">\n\t\t<div class=\"elementor-element elementor-element-b602588 e-con-full e-flex tm-col-stretched-none tm-bg-color-over-image e-con e-child\" data-id=\"b602588\" data-element_type=\"container\" data-e-type=\"container\" data-settings=\"{&quot;background_background&quot;:&quot;classic&quot;}\">\n\t\t\t\t<div class=\"elementor-element elementor-element-6844441 elementor-widget elementor-widget-theme-post-featured-image elementor-widget-image\" data-id=\"6844441\" data-element_type=\"widget\" data-e-type=\"widget\" data-widget_type=\"theme-post-featured-image.default\">\n\t\t\t\t<div class=\"elementor-widget-container\">\n\t\t\t\t\t\t\t\t\t\t\t\t\t\t\t\t<a href=\"https:\/\/www.sejourprive.com\/en\/biens\/casa-da-clareira-melides-portugal\/\">\n\t\t\t\t\t\t\t<img loading=\"lazy\" decoding=\"async\" width=\"1024\" height=\"683\" src=\"https:\/\/www.sejourprive.com\/wp-content\/uploads\/2026\/04\/10-73-1024x683.jpg\" class=\"attachment-large size-large wp-image-59183\" alt=\"\" srcset=\"https:\/\/www.sejourprive.com\/wp-content\/uploads\/2026\/04\/10-73-1024x683.jpg 1024w, https:\/\/www.sejourprive.com\/wp-content\/uploads\/2026\/04\/10-73-300x200.jpg 300w, https:\/\/www.sejourprive.com\/wp-content\/uploads\/2026\/04\/10-73-768x512.jpg 768w, https:\/\/www.sejourprive.com\/wp-content\/uploads\/2026\/04\/10-73-18x12.jpg 18w, https:\/\/www.sejourprive.com\/wp-content\/uploads\/2026\/04\/10-73-672x448.jpg 672w, https:\/\/www.sejourprive.com\/wp-content\/uploads\/2026\/04\/10-73-600x400.jpg 600w, https:\/\/www.sejourprive.com\/wp-content\/uploads\/2026\/04\/10-73.jpg 1200w\" sizes=\"255px\" data-kodelisting-lazy-load-sizes=\"(max-width: 1024px) 100vw, 1024px\" data-kodelisting-loading-image=\"on\" \/>\t\t\t\t\t\t\t\t<\/a>\n\t\t\t\t\t\t\t\t\t\t\t\t\t\t\t<\/div>\n\t\t\t\t<\/div>\n\t\t\t\t<\/div>\n\t\t<div class=\"elementor-element elementor-element-11878a3 e-con-full e-flex tm-col-stretched-none tm-bg-color-over-image e-con e-child\" data-id=\"11878a3\" data-element_type=\"container\" data-e-type=\"container\" data-settings=\"{&quot;background_background&quot;:&quot;classic&quot;}\">\n\t\t\t\t<div class=\"elementor-element elementor-element-ae49b7c elementor-widget elementor-widget-theme-post-title elementor-page-title elementor-widget-heading\" data-id=\"ae49b7c\" data-element_type=\"widget\" data-e-type=\"widget\" data-widget_type=\"theme-post-title.default\">\n\t\t\t\t<div class=\"elementor-widget-container\">\n\t\t\t\t\t<h3 class=\"elementor-heading-title elementor-size-default\"><a href=\"https:\/\/www.sejourprive.com\/en\/biens\/casa-da-clareira-melides-portugal\/\">Casa da Clareira, Melides, Portugal<\/a><\/h3>\t\t\t\t<\/div>\n\t\t\t\t<\/div>\n\t\t\t\t<div class=\"elementor-element elementor-element-6fb7bdf elementor-widget elementor-widget-heading\" data-id=\"6fb7bdf\" data-element_type=\"widget\" data-e-type=\"widget\" data-widget_type=\"heading.default\">\n\t\t\t\t<div class=\"elementor-widget-container\">\n\t\t\t\t\t<p class=\"elementor-heading-title elementor-size-default\">Melides, Portugal<\/p>\t\t\t\t<\/div>\n\t\t\t\t<\/div>\n\t\t\t\t<\/div>\n\t\t\t\t\t<\/div>\n\t\t\t\t<\/div>\n\t\t\t\t<\/div>\n\t\t\t\t<div data-elementor-type=\"loop-item\" data-elementor-id=\"10462\" class=\"elementor elementor-10462 swiper-slide e-loop-item e-loop-item-40930 post-40930 product type-product status-publish has-post-thumbnail product_cat-villa property_location-crete property_location-grece  instock sold-individually shipping-taxable purchasable product-type-simple\" data-elementor-post-type=\"elementor_library\" role=\"group\" aria-roledescription=\"slide\" data-custom-edit-handle=\"1\">\n\t\t\t<div class=\"elementor-element elementor-element-a8d2117 e-flex e-con-boxed tm-col-stretched-none tm-bg-color-over-image e-con e-parent\" data-id=\"a8d2117\" data-element_type=\"container\" data-e-type=\"container\">\n\t\t\t\t\t<div class=\"e-con-inner\">\n\t\t<div class=\"elementor-element elementor-element-b602588 e-con-full e-flex tm-col-stretched-none tm-bg-color-over-image e-con e-child\" data-id=\"b602588\" data-element_type=\"container\" data-e-type=\"container\" data-settings=\"{&quot;background_background&quot;:&quot;classic&quot;}\">\n\t\t\t\t<div class=\"elementor-element elementor-element-6844441 elementor-widget elementor-widget-theme-post-featured-image elementor-widget-image\" data-id=\"6844441\" data-element_type=\"widget\" data-e-type=\"widget\" data-widget_type=\"theme-post-featured-image.default\">\n\t\t\t\t<div class=\"elementor-widget-container\">\n\t\t\t\t\t\t\t\t\t\t\t\t\t\t\t\t<a href=\"https:\/\/www.sejourprive.com\/en\/biens\/villa-hermione-agios-nikolaos-crete-grece\/\">\n\t\t\t\t\t\t\t<img loading=\"lazy\" decoding=\"async\" width=\"800\" height=\"500\" src=\"https:\/\/www.sejourprive.com\/wp-content\/uploads\/2026\/03\/hermione-20.jpg\" class=\"attachment-large size-large wp-image-40995\" alt=\"\" srcset=\"https:\/\/www.sejourprive.com\/wp-content\/uploads\/2026\/03\/hermione-20.jpg 800w, https:\/\/www.sejourprive.com\/wp-content\/uploads\/2026\/03\/hermione-20-300x188.jpg 300w, https:\/\/www.sejourprive.com\/wp-content\/uploads\/2026\/03\/hermione-20-768x480.jpg 768w, https:\/\/www.sejourprive.com\/wp-content\/uploads\/2026\/03\/hermione-20-18x12.jpg 18w, https:\/\/www.sejourprive.com\/wp-content\/uploads\/2026\/03\/hermione-20-600x375.jpg 600w\" sizes=\"255px\" data-kodelisting-lazy-load-sizes=\"(max-width: 800px) 100vw, 800px\" data-kodelisting-loading-image=\"on\" \/>\t\t\t\t\t\t\t\t<\/a>\n\t\t\t\t\t\t\t\t\t\t\t\t\t\t\t<\/div>\n\t\t\t\t<\/div>\n\t\t\t\t<\/div>\n\t\t<div class=\"elementor-element elementor-element-11878a3 e-con-full e-flex tm-col-stretched-none tm-bg-color-over-image e-con e-child\" data-id=\"11878a3\" data-element_type=\"container\" data-e-type=\"container\" data-settings=\"{&quot;background_background&quot;:&quot;classic&quot;}\">\n\t\t\t\t<div class=\"elementor-element elementor-element-ae49b7c elementor-widget elementor-widget-theme-post-title elementor-page-title elementor-widget-heading\" data-id=\"ae49b7c\" data-element_type=\"widget\" data-e-type=\"widget\" data-widget_type=\"theme-post-title.default\">\n\t\t\t\t<div class=\"elementor-widget-container\">\n\t\t\t\t\t<h3 class=\"elementor-heading-title elementor-size-default\"><a href=\"https:\/\/www.sejourprive.com\/en\/biens\/villa-hermione-agios-nikolaos-crete-grece\/\">Villa Hermione, Agios Nikolaos, Crete, Greece<\/a><\/h3>\t\t\t\t<\/div>\n\t\t\t\t<\/div>\n\t\t\t\t<div class=\"elementor-element elementor-element-6fb7bdf elementor-widget elementor-widget-heading\" data-id=\"6fb7bdf\" data-element_type=\"widget\" data-e-type=\"widget\" data-widget_type=\"heading.default\">\n\t\t\t\t<div class=\"elementor-widget-container\">\n\t\t\t\t\t<p class=\"elementor-heading-title elementor-size-default\">Agios Nikolaos, Crete<\/p>\t\t\t\t<\/div>\n\t\t\t\t<\/div>\n\t\t\t\t<\/div>\n\t\t\t\t\t<\/div>\n\t\t\t\t<\/div>\n\t\t\t\t<\/div>\n\t\t\t\t<div data-elementor-type=\"loop-item\" data-elementor-id=\"10462\" class=\"elementor elementor-10462 swiper-slide e-loop-item e-loop-item-46512 post-46512 product type-product status-publish has-post-thumbnail product_cat-villa property_location-italie property_location-toscane  instock sold-individually shipping-taxable purchasable product-type-simple\" data-elementor-post-type=\"elementor_library\" role=\"group\" aria-roledescription=\"slide\" data-custom-edit-handle=\"1\">\n\t\t\t<div class=\"elementor-element elementor-element-a8d2117 e-flex e-con-boxed tm-col-stretched-none tm-bg-color-over-image e-con e-parent\" data-id=\"a8d2117\" data-element_type=\"container\" data-e-type=\"container\">\n\t\t\t\t\t<div class=\"e-con-inner\">\n\t\t<div class=\"elementor-element elementor-element-b602588 e-con-full e-flex tm-col-stretched-none tm-bg-color-over-image e-con e-child\" data-id=\"b602588\" data-element_type=\"container\" data-e-type=\"container\" data-settings=\"{&quot;background_background&quot;:&quot;classic&quot;}\">\n\t\t\t\t<div class=\"elementor-element elementor-element-6844441 elementor-widget elementor-widget-theme-post-featured-image elementor-widget-image\" data-id=\"6844441\" data-element_type=\"widget\" data-e-type=\"widget\" data-widget_type=\"theme-post-featured-image.default\">\n\t\t\t\t<div class=\"elementor-widget-container\">\n\t\t\t\t\t\t\t\t\t\t\t\t\t\t\t\t<a href=\"https:\/\/www.sejourprive.com\/en\/biens\/villa-uvetta-forcoli-toscane-italie\/\">\n\t\t\t\t\t\t\t<img loading=\"lazy\" decoding=\"async\" width=\"1024\" height=\"767\" src=\"https:\/\/www.sejourprive.com\/wp-content\/uploads\/2026\/03\/0-118-1024x767.jpg\" class=\"attachment-large size-large wp-image-46557\" alt=\"\" srcset=\"https:\/\/www.sejourprive.com\/wp-content\/uploads\/2026\/03\/0-118-1024x767.jpg 1024w, https:\/\/www.sejourprive.com\/wp-content\/uploads\/2026\/03\/0-118-300x225.jpg 300w, https:\/\/www.sejourprive.com\/wp-content\/uploads\/2026\/03\/0-118-768x575.jpg 768w, https:\/\/www.sejourprive.com\/wp-content\/uploads\/2026\/03\/0-118-16x12.jpg 16w, https:\/\/www.sejourprive.com\/wp-content\/uploads\/2026\/03\/0-118-600x450.jpg 600w, https:\/\/www.sejourprive.com\/wp-content\/uploads\/2026\/03\/0-118.jpg 1200w\" sizes=\"255px\" data-kodelisting-lazy-load-sizes=\"(max-width: 1024px) 100vw, 1024px\" data-kodelisting-loading-image=\"on\" \/>\t\t\t\t\t\t\t\t<\/a>\n\t\t\t\t\t\t\t\t\t\t\t\t\t\t\t<\/div>\n\t\t\t\t<\/div>\n\t\t\t\t<\/div>\n\t\t<div class=\"elementor-element elementor-element-11878a3 e-con-full e-flex tm-col-stretched-none tm-bg-color-over-image e-con e-child\" data-id=\"11878a3\" data-element_type=\"container\" data-e-type=\"container\" data-settings=\"{&quot;background_background&quot;:&quot;classic&quot;}\">\n\t\t\t\t<div class=\"elementor-element elementor-element-ae49b7c elementor-widget elementor-widget-theme-post-title elementor-page-title elementor-widget-heading\" data-id=\"ae49b7c\" data-element_type=\"widget\" data-e-type=\"widget\" data-widget_type=\"theme-post-title.default\">\n\t\t\t\t<div class=\"elementor-widget-container\">\n\t\t\t\t\t<h3 class=\"elementor-heading-title elementor-size-default\"><a href=\"https:\/\/www.sejourprive.com\/en\/biens\/villa-uvetta-forcoli-toscane-italie\/\">Villa Uvetta, Forcoli, Tuscany, Italy<\/a><\/h3>\t\t\t\t<\/div>\n\t\t\t\t<\/div>\n\t\t\t\t<div class=\"elementor-element elementor-element-6fb7bdf elementor-widget elementor-widget-heading\" data-id=\"6fb7bdf\" data-element_type=\"widget\" data-e-type=\"widget\" data-widget_type=\"heading.default\">\n\t\t\t\t<div class=\"elementor-widget-container\">\n\t\t\t\t\t<p class=\"elementor-heading-title elementor-size-default\">Forcoli, Italy<\/p>\t\t\t\t<\/div>\n\t\t\t\t<\/div>\n\t\t\t\t<\/div>\n\t\t\t\t\t<\/div>\n\t\t\t\t<\/div>\n\t\t\t\t<\/div>\n\t\t\t\t<div data-elementor-type=\"loop-item\" data-elementor-id=\"10462\" class=\"elementor elementor-10462 swiper-slide e-loop-item e-loop-item-62049 post-62049 product type-product status-publish has-post-thumbnail product_cat-villa property_location-croatie last instock sold-individually shipping-taxable purchasable product-type-simple\" data-elementor-post-type=\"elementor_library\" role=\"group\" aria-roledescription=\"slide\" data-custom-edit-handle=\"1\">\n\t\t\t<div class=\"elementor-element elementor-element-a8d2117 e-flex e-con-boxed tm-col-stretched-none tm-bg-color-over-image e-con e-parent\" data-id=\"a8d2117\" data-element_type=\"container\" data-e-type=\"container\">\n\t\t\t\t\t<div class=\"e-con-inner\">\n\t\t<div class=\"elementor-element elementor-element-b602588 e-con-full e-flex tm-col-stretched-none tm-bg-color-over-image e-con e-child\" data-id=\"b602588\" data-element_type=\"container\" data-e-type=\"container\" data-settings=\"{&quot;background_background&quot;:&quot;classic&quot;}\">\n\t\t\t\t<div class=\"elementor-element elementor-element-6844441 elementor-widget elementor-widget-theme-post-featured-image elementor-widget-image\" data-id=\"6844441\" data-element_type=\"widget\" data-e-type=\"widget\" data-widget_type=\"theme-post-featured-image.default\">\n\t\t\t\t<div class=\"elementor-widget-container\">\n\t\t\t\t\t\t\t\t\t\t\t\t\t\t\t\t<a href=\"https:\/\/www.sejourprive.com\/en\/biens\/villa-raj-supetar-brac-croatie\/\">\n\t\t\t\t\t\t\t<img loading=\"lazy\" decoding=\"async\" width=\"1024\" height=\"683\" src=\"https:\/\/www.sejourprive.com\/wp-content\/uploads\/2026\/04\/1-130-1024x683.jpg\" class=\"attachment-large size-large wp-image-62052\" alt=\"\" srcset=\"https:\/\/www.sejourprive.com\/wp-content\/uploads\/2026\/04\/1-130-1024x683.jpg 1024w, https:\/\/www.sejourprive.com\/wp-content\/uploads\/2026\/04\/1-130-300x200.jpg 300w, https:\/\/www.sejourprive.com\/wp-content\/uploads\/2026\/04\/1-130-768x512.jpg 768w, https:\/\/www.sejourprive.com\/wp-content\/uploads\/2026\/04\/1-130-18x12.jpg 18w, https:\/\/www.sejourprive.com\/wp-content\/uploads\/2026\/04\/1-130-672x448.jpg 672w, https:\/\/www.sejourprive.com\/wp-content\/uploads\/2026\/04\/1-130-600x400.jpg 600w, https:\/\/www.sejourprive.com\/wp-content\/uploads\/2026\/04\/1-130.jpg 1200w\" sizes=\"255px\" data-kodelisting-lazy-load-sizes=\"(max-width: 1024px) 100vw, 1024px\" data-kodelisting-loading-image=\"on\" \/>\t\t\t\t\t\t\t\t<\/a>\n\t\t\t\t\t\t\t\t\t\t\t\t\t\t\t<\/div>\n\t\t\t\t<\/div>\n\t\t\t\t<\/div>\n\t\t<div class=\"elementor-element elementor-element-11878a3 e-con-full e-flex tm-col-stretched-none tm-bg-color-over-image e-con e-child\" data-id=\"11878a3\" data-element_type=\"container\" data-e-type=\"container\" data-settings=\"{&quot;background_background&quot;:&quot;classic&quot;}\">\n\t\t\t\t<div class=\"elementor-element elementor-element-ae49b7c elementor-widget elementor-widget-theme-post-title elementor-page-title elementor-widget-heading\" data-id=\"ae49b7c\" data-element_type=\"widget\" data-e-type=\"widget\" data-widget_type=\"theme-post-title.default\">\n\t\t\t\t<div class=\"elementor-widget-container\">\n\t\t\t\t\t<h3 class=\"elementor-heading-title elementor-size-default\"><a href=\"https:\/\/www.sejourprive.com\/en\/biens\/villa-raj-supetar-brac-croatie\/\">Villa Raj, Supetar, Brac, Croatia<\/a><\/h3>\t\t\t\t<\/div>\n\t\t\t\t<\/div>\n\t\t\t\t<div class=\"elementor-element elementor-element-6fb7bdf elementor-widget elementor-widget-heading\" data-id=\"6fb7bdf\" data-element_type=\"widget\" data-e-type=\"widget\" data-widget_type=\"heading.default\">\n\t\t\t\t<div class=\"elementor-widget-container\">\n\t\t\t\t\t<p class=\"elementor-heading-title elementor-size-default\">Supetar, Croatia<\/p>\t\t\t\t<\/div>\n\t\t\t\t<\/div>\n\t\t\t\t<\/div>\n\t\t\t\t\t<\/div>\n\t\t\t\t<\/div>\n\t\t\t\t<\/div>\n\t\t\t\t<div data-elementor-type=\"loop-item\" data-elementor-id=\"10462\" class=\"elementor elementor-10462 swiper-slide e-loop-item e-loop-item-58315 post-58315 product type-product status-publish has-post-thumbnail product_cat-villa property_location-france property_location-provence first instock sold-individually shipping-taxable purchasable product-type-simple\" data-elementor-post-type=\"elementor_library\" role=\"group\" aria-roledescription=\"slide\" data-custom-edit-handle=\"1\">\n\t\t\t<div class=\"elementor-element elementor-element-a8d2117 e-flex e-con-boxed tm-col-stretched-none tm-bg-color-over-image e-con e-parent\" data-id=\"a8d2117\" data-element_type=\"container\" data-e-type=\"container\">\n\t\t\t\t\t<div class=\"e-con-inner\">\n\t\t<div class=\"elementor-element elementor-element-b602588 e-con-full e-flex tm-col-stretched-none tm-bg-color-over-image e-con e-child\" data-id=\"b602588\" data-element_type=\"container\" data-e-type=\"container\" data-settings=\"{&quot;background_background&quot;:&quot;classic&quot;}\">\n\t\t\t\t<div class=\"elementor-element elementor-element-6844441 elementor-widget elementor-widget-theme-post-featured-image elementor-widget-image\" data-id=\"6844441\" data-element_type=\"widget\" data-e-type=\"widget\" data-widget_type=\"theme-post-featured-image.default\">\n\t\t\t\t<div class=\"elementor-widget-container\">\n\t\t\t\t\t\t\t\t\t\t\t\t\t\t\t\t<a href=\"https:\/\/www.sejourprive.com\/en\/biens\/mas-amourio-eyguieres-provence-france\/\">\n\t\t\t\t\t\t\t<img loading=\"lazy\" decoding=\"async\" width=\"1024\" height=\"683\" src=\"https:\/\/www.sejourprive.com\/wp-content\/uploads\/2026\/04\/1-55-1024x683.jpg\" class=\"attachment-large size-large wp-image-58318\" alt=\"\" srcset=\"https:\/\/www.sejourprive.com\/wp-content\/uploads\/2026\/04\/1-55-1024x683.jpg 1024w, https:\/\/www.sejourprive.com\/wp-content\/uploads\/2026\/04\/1-55-300x200.jpg 300w, https:\/\/www.sejourprive.com\/wp-content\/uploads\/2026\/04\/1-55-768x512.jpg 768w, https:\/\/www.sejourprive.com\/wp-content\/uploads\/2026\/04\/1-55-18x12.jpg 18w, https:\/\/www.sejourprive.com\/wp-content\/uploads\/2026\/04\/1-55-672x448.jpg 672w, https:\/\/www.sejourprive.com\/wp-content\/uploads\/2026\/04\/1-55-600x400.jpg 600w, https:\/\/www.sejourprive.com\/wp-content\/uploads\/2026\/04\/1-55.jpg 1200w\" sizes=\"255px\" data-kodelisting-lazy-load-sizes=\"(max-width: 1024px) 100vw, 1024px\" data-kodelisting-loading-image=\"on\" \/>\t\t\t\t\t\t\t\t<\/a>\n\t\t\t\t\t\t\t\t\t\t\t\t\t\t\t<\/div>\n\t\t\t\t<\/div>\n\t\t\t\t<\/div>\n\t\t<div class=\"elementor-element elementor-element-11878a3 e-con-full e-flex tm-col-stretched-none tm-bg-color-over-image e-con e-child\" data-id=\"11878a3\" data-element_type=\"container\" data-e-type=\"container\" data-settings=\"{&quot;background_background&quot;:&quot;classic&quot;}\">\n\t\t\t\t<div class=\"elementor-element elementor-element-ae49b7c elementor-widget elementor-widget-theme-post-title elementor-page-title elementor-widget-heading\" data-id=\"ae49b7c\" data-element_type=\"widget\" data-e-type=\"widget\" data-widget_type=\"theme-post-title.default\">\n\t\t\t\t<div class=\"elementor-widget-container\">\n\t\t\t\t\t<h3 class=\"elementor-heading-title elementor-size-default\"><a href=\"https:\/\/www.sejourprive.com\/en\/biens\/mas-amourio-eyguieres-provence-france\/\">Mas Amourio, Eygui\u00e8res, Provence, France<\/a><\/h3>\t\t\t\t<\/div>\n\t\t\t\t<\/div>\n\t\t\t\t<div class=\"elementor-element elementor-element-6fb7bdf elementor-widget elementor-widget-heading\" data-id=\"6fb7bdf\" data-element_type=\"widget\" data-e-type=\"widget\" data-widget_type=\"heading.default\">\n\t\t\t\t<div class=\"elementor-widget-container\">\n\t\t\t\t\t<p class=\"elementor-heading-title elementor-size-default\">Eygui\u00e8res, Provence<\/p>\t\t\t\t<\/div>\n\t\t\t\t<\/div>\n\t\t\t\t<\/div>\n\t\t\t\t\t<\/div>\n\t\t\t\t<\/div>\n\t\t\t\t<\/div>\n\t\t\t\t<div data-elementor-type=\"loop-item\" data-elementor-id=\"10462\" class=\"elementor elementor-10462 swiper-slide e-loop-item e-loop-item-43390 post-43390 product type-product status-publish has-post-thumbnail product_cat-villa property_location-italie property_location-toscane  instock sold-individually shipping-taxable purchasable product-type-simple\" data-elementor-post-type=\"elementor_library\" role=\"group\" aria-roledescription=\"slide\" data-custom-edit-handle=\"1\">\n\t\t\t<div class=\"elementor-element elementor-element-a8d2117 e-flex e-con-boxed tm-col-stretched-none tm-bg-color-over-image e-con e-parent\" data-id=\"a8d2117\" data-element_type=\"container\" data-e-type=\"container\">\n\t\t\t\t\t<div class=\"e-con-inner\">\n\t\t<div class=\"elementor-element elementor-element-b602588 e-con-full e-flex tm-col-stretched-none tm-bg-color-over-image e-con e-child\" data-id=\"b602588\" data-element_type=\"container\" data-e-type=\"container\" data-settings=\"{&quot;background_background&quot;:&quot;classic&quot;}\">\n\t\t\t\t<div class=\"elementor-element elementor-element-6844441 elementor-widget elementor-widget-theme-post-featured-image elementor-widget-image\" data-id=\"6844441\" data-element_type=\"widget\" data-e-type=\"widget\" data-widget_type=\"theme-post-featured-image.default\">\n\t\t\t\t<div class=\"elementor-widget-container\">\n\t\t\t\t\t\t\t\t\t\t\t\t\t\t\t\t<a href=\"https:\/\/www.sejourprive.com\/en\/biens\/villa-don-nino-castiglioncello-del-trinoro-sienne-toscane-italie\/\">\n\t\t\t\t\t\t\t<img loading=\"lazy\" decoding=\"async\" width=\"1024\" height=\"683\" src=\"https:\/\/www.sejourprive.com\/wp-content\/uploads\/2026\/03\/1-52-1024x683.jpg\" class=\"attachment-large size-large wp-image-43393\" alt=\"\" srcset=\"https:\/\/www.sejourprive.com\/wp-content\/uploads\/2026\/03\/1-52-1024x683.jpg 1024w, https:\/\/www.sejourprive.com\/wp-content\/uploads\/2026\/03\/1-52-300x200.jpg 300w, https:\/\/www.sejourprive.com\/wp-content\/uploads\/2026\/03\/1-52-768x512.jpg 768w, https:\/\/www.sejourprive.com\/wp-content\/uploads\/2026\/03\/1-52-18x12.jpg 18w, https:\/\/www.sejourprive.com\/wp-content\/uploads\/2026\/03\/1-52-672x448.jpg 672w, https:\/\/www.sejourprive.com\/wp-content\/uploads\/2026\/03\/1-52-600x400.jpg 600w, https:\/\/www.sejourprive.com\/wp-content\/uploads\/2026\/03\/1-52.jpg 1200w\" sizes=\"255px\" data-kodelisting-lazy-load-sizes=\"(max-width: 1024px) 100vw, 1024px\" data-kodelisting-loading-image=\"on\" \/>\t\t\t\t\t\t\t\t<\/a>\n\t\t\t\t\t\t\t\t\t\t\t\t\t\t\t<\/div>\n\t\t\t\t<\/div>\n\t\t\t\t<\/div>\n\t\t<div class=\"elementor-element elementor-element-11878a3 e-con-full e-flex tm-col-stretched-none tm-bg-color-over-image e-con e-child\" data-id=\"11878a3\" data-element_type=\"container\" data-e-type=\"container\" data-settings=\"{&quot;background_background&quot;:&quot;classic&quot;}\">\n\t\t\t\t<div class=\"elementor-element elementor-element-ae49b7c elementor-widget elementor-widget-theme-post-title elementor-page-title elementor-widget-heading\" data-id=\"ae49b7c\" data-element_type=\"widget\" data-e-type=\"widget\" data-widget_type=\"theme-post-title.default\">\n\t\t\t\t<div class=\"elementor-widget-container\">\n\t\t\t\t\t<h3 class=\"elementor-heading-title elementor-size-default\"><a href=\"https:\/\/www.sejourprive.com\/en\/biens\/villa-don-nino-castiglioncello-del-trinoro-sienne-toscane-italie\/\">Villa Don Nino, Castiglioncello del Trinoro, Siena, Tuscany, Italy<\/a><\/h3>\t\t\t\t<\/div>\n\t\t\t\t<\/div>\n\t\t\t\t<div class=\"elementor-element elementor-element-6fb7bdf elementor-widget elementor-widget-heading\" data-id=\"6fb7bdf\" data-element_type=\"widget\" data-e-type=\"widget\" data-widget_type=\"heading.default\">\n\t\t\t\t<div class=\"elementor-widget-container\">\n\t\t\t\t\t<p class=\"elementor-heading-title elementor-size-default\"> Castiglioncello del Trinoro, Tuscany<\/p>\t\t\t\t<\/div>\n\t\t\t\t<\/div>\n\t\t\t\t<\/div>\n\t\t\t\t\t<\/div>\n\t\t\t\t<\/div>\n\t\t\t\t<\/div>\n\t\t\t\t<div data-elementor-type=\"loop-item\" data-elementor-id=\"10462\" class=\"elementor elementor-10462 swiper-slide e-loop-item e-loop-item-47168 post-47168 product type-product status-publish has-post-thumbnail product_cat-villa property_location-italie property_location-pouilles  instock sold-individually shipping-taxable purchasable product-type-simple\" data-elementor-post-type=\"elementor_library\" role=\"group\" aria-roledescription=\"slide\" data-custom-edit-handle=\"1\">\n\t\t\t<div class=\"elementor-element elementor-element-a8d2117 e-flex e-con-boxed tm-col-stretched-none tm-bg-color-over-image e-con e-parent\" data-id=\"a8d2117\" data-element_type=\"container\" data-e-type=\"container\">\n\t\t\t\t\t<div class=\"e-con-inner\">\n\t\t<div class=\"elementor-element elementor-element-b602588 e-con-full e-flex tm-col-stretched-none tm-bg-color-over-image e-con e-child\" data-id=\"b602588\" data-element_type=\"container\" data-e-type=\"container\" data-settings=\"{&quot;background_background&quot;:&quot;classic&quot;}\">\n\t\t\t\t<div class=\"elementor-element elementor-element-6844441 elementor-widget elementor-widget-theme-post-featured-image elementor-widget-image\" data-id=\"6844441\" data-element_type=\"widget\" data-e-type=\"widget\" data-widget_type=\"theme-post-featured-image.default\">\n\t\t\t\t<div class=\"elementor-widget-container\">\n\t\t\t\t\t\t\t\t\t\t\t\t\t\t\t\t<a href=\"https:\/\/www.sejourprive.com\/en\/biens\/trullo-fernova-martina-franca-pouilles-italie\/\">\n\t\t\t\t\t\t\t<img loading=\"lazy\" decoding=\"async\" width=\"1024\" height=\"683\" src=\"https:\/\/www.sejourprive.com\/wp-content\/uploads\/2026\/03\/0-136-1024x683.jpg\" class=\"attachment-large size-large wp-image-47206\" alt=\"\" srcset=\"https:\/\/www.sejourprive.com\/wp-content\/uploads\/2026\/03\/0-136-1024x683.jpg 1024w, https:\/\/www.sejourprive.com\/wp-content\/uploads\/2026\/03\/0-136-300x200.jpg 300w, https:\/\/www.sejourprive.com\/wp-content\/uploads\/2026\/03\/0-136-768x512.jpg 768w, https:\/\/www.sejourprive.com\/wp-content\/uploads\/2026\/03\/0-136-18x12.jpg 18w, https:\/\/www.sejourprive.com\/wp-content\/uploads\/2026\/03\/0-136-672x448.jpg 672w, https:\/\/www.sejourprive.com\/wp-content\/uploads\/2026\/03\/0-136-600x400.jpg 600w, https:\/\/www.sejourprive.com\/wp-content\/uploads\/2026\/03\/0-136.jpg 1200w\" sizes=\"255px\" data-kodelisting-lazy-load-sizes=\"(max-width: 1024px) 100vw, 1024px\" data-kodelisting-loading-image=\"on\" \/>\t\t\t\t\t\t\t\t<\/a>\n\t\t\t\t\t\t\t\t\t\t\t\t\t\t\t<\/div>\n\t\t\t\t<\/div>\n\t\t\t\t<\/div>\n\t\t<div class=\"elementor-element elementor-element-11878a3 e-con-full e-flex tm-col-stretched-none tm-bg-color-over-image e-con e-child\" data-id=\"11878a3\" data-element_type=\"container\" data-e-type=\"container\" data-settings=\"{&quot;background_background&quot;:&quot;classic&quot;}\">\n\t\t\t\t<div class=\"elementor-element elementor-element-ae49b7c elementor-widget elementor-widget-theme-post-title elementor-page-title elementor-widget-heading\" data-id=\"ae49b7c\" data-element_type=\"widget\" data-e-type=\"widget\" data-widget_type=\"theme-post-title.default\">\n\t\t\t\t<div class=\"elementor-widget-container\">\n\t\t\t\t\t<h3 class=\"elementor-heading-title elementor-size-default\"><a href=\"https:\/\/www.sejourprive.com\/en\/biens\/trullo-fernova-martina-franca-pouilles-italie\/\">Trullo Fernova, Martina Franca, Puglia, Italy<\/a><\/h3>\t\t\t\t<\/div>\n\t\t\t\t<\/div>\n\t\t\t\t<div class=\"elementor-element elementor-element-6fb7bdf elementor-widget elementor-widget-heading\" data-id=\"6fb7bdf\" data-element_type=\"widget\" data-e-type=\"widget\" data-widget_type=\"heading.default\">\n\t\t\t\t<div class=\"elementor-widget-container\">\n\t\t\t\t\t<p class=\"elementor-heading-title elementor-size-default\">Martina Franca, Italy<\/p>\t\t\t\t<\/div>\n\t\t\t\t<\/div>\n\t\t\t\t<\/div>\n\t\t\t\t\t<\/div>\n\t\t\t\t<\/div>\n\t\t\t\t<\/div>\n\t\t\t\t<div data-elementor-type=\"loop-item\" data-elementor-id=\"10462\" class=\"elementor elementor-10462 swiper-slide e-loop-item e-loop-item-43434 post-43434 product type-product status-publish has-post-thumbnail product_cat-villa property_location-come property_location-italie last instock sold-individually shipping-taxable purchasable product-type-simple\" data-elementor-post-type=\"elementor_library\" role=\"group\" aria-roledescription=\"slide\" data-custom-edit-handle=\"1\">\n\t\t\t<div class=\"elementor-element elementor-element-a8d2117 e-flex e-con-boxed tm-col-stretched-none tm-bg-color-over-image e-con e-parent\" data-id=\"a8d2117\" data-element_type=\"container\" data-e-type=\"container\">\n\t\t\t\t\t<div class=\"e-con-inner\">\n\t\t<div class=\"elementor-element elementor-element-b602588 e-con-full e-flex tm-col-stretched-none tm-bg-color-over-image e-con e-child\" data-id=\"b602588\" data-element_type=\"container\" data-e-type=\"container\" data-settings=\"{&quot;background_background&quot;:&quot;classic&quot;}\">\n\t\t\t\t<div class=\"elementor-element elementor-element-6844441 elementor-widget elementor-widget-theme-post-featured-image elementor-widget-image\" data-id=\"6844441\" data-element_type=\"widget\" data-e-type=\"widget\" data-widget_type=\"theme-post-featured-image.default\">\n\t\t\t\t<div class=\"elementor-widget-container\">\n\t\t\t\t\t\t\t\t\t\t\t\t\t\t\t\t<a href=\"https:\/\/www.sejourprive.com\/en\/biens\/villa-eterna-azzano-come-italie\/\">\n\t\t\t\t\t\t\t<img loading=\"lazy\" decoding=\"async\" width=\"768\" height=\"1024\" src=\"https:\/\/www.sejourprive.com\/wp-content\/uploads\/2026\/03\/6-52-768x1024.jpg\" class=\"attachment-large size-large wp-image-43443\" alt=\"\" srcset=\"https:\/\/www.sejourprive.com\/wp-content\/uploads\/2026\/03\/6-52-768x1024.jpg 768w, https:\/\/www.sejourprive.com\/wp-content\/uploads\/2026\/03\/6-52-225x300.jpg 225w, https:\/\/www.sejourprive.com\/wp-content\/uploads\/2026\/03\/6-52-1152x1536.jpg 1152w, https:\/\/www.sejourprive.com\/wp-content\/uploads\/2026\/03\/6-52-9x12.jpg 9w, https:\/\/www.sejourprive.com\/wp-content\/uploads\/2026\/03\/6-52-600x800.jpg 600w, https:\/\/www.sejourprive.com\/wp-content\/uploads\/2026\/03\/6-52-400x532.jpg 400w, https:\/\/www.sejourprive.com\/wp-content\/uploads\/2026\/03\/6-52.jpg 1200w\" sizes=\"255px\" data-kodelisting-lazy-load-sizes=\"(max-width: 768px) 100vw, 768px\" data-kodelisting-loading-image=\"on\" \/>\t\t\t\t\t\t\t\t<\/a>\n\t\t\t\t\t\t\t\t\t\t\t\t\t\t\t<\/div>\n\t\t\t\t<\/div>\n\t\t\t\t<\/div>\n\t\t<div class=\"elementor-element elementor-element-11878a3 e-con-full e-flex tm-col-stretched-none tm-bg-color-over-image e-con e-child\" data-id=\"11878a3\" data-element_type=\"container\" data-e-type=\"container\" data-settings=\"{&quot;background_background&quot;:&quot;classic&quot;}\">\n\t\t\t\t<div class=\"elementor-element elementor-element-ae49b7c elementor-widget elementor-widget-theme-post-title elementor-page-title elementor-widget-heading\" data-id=\"ae49b7c\" data-element_type=\"widget\" data-e-type=\"widget\" data-widget_type=\"theme-post-title.default\">\n\t\t\t\t<div class=\"elementor-widget-container\">\n\t\t\t\t\t<h3 class=\"elementor-heading-title elementor-size-default\"><a href=\"https:\/\/www.sejourprive.com\/en\/biens\/villa-eterna-azzano-come-italie\/\">Villa Eterna, Azzano, Como, Italy<\/a><\/h3>\t\t\t\t<\/div>\n\t\t\t\t<\/div>\n\t\t\t\t<div class=\"elementor-element elementor-element-6fb7bdf elementor-widget elementor-widget-heading\" data-id=\"6fb7bdf\" data-element_type=\"widget\" data-e-type=\"widget\" data-widget_type=\"heading.default\">\n\t\t\t\t<div class=\"elementor-widget-container\">\n\t\t\t\t\t<p class=\"elementor-heading-title elementor-size-default\">Azzano, Como<\/p>\t\t\t\t<\/div>\n\t\t\t\t<\/div>\n\t\t\t\t<\/div>\n\t\t\t\t\t<\/div>\n\t\t\t\t<\/div>\n\t\t\t\t<\/div>\n\t\t\t\t<\/div>\n\t\t<\/div>\n\t\t\t\t\t<div class=\"elementor-swiper-button elementor-swiper-button-prev\" role=\"button\" tabindex=\"0\" aria-label=\"Previous\">\n\t\t\t\t<i aria-hidden=\"true\" class=\"flaticon-common-arrow-left\"><\/i>\t\t\t<\/div>\n\t\t\t<div class=\"elementor-swiper-button elementor-swiper-button-next\" role=\"button\" tabindex=\"0\" aria-label=\"Next\">\n\t\t\t\t<i aria-hidden=\"true\" class=\"flaticon-common-arrow-right\"><\/i>\t\t\t<\/div>\n\t\t\t\t\t<div class=\"swiper-pagination\"><\/div>\n\t\t\t\t\t\t<\/div>\n\t\t\t\t<\/div>\n\t\t\t\t\t<\/div>\n\t\t\t\t<\/div>\n\t\t<div class=\"elementor-element elementor-element-4701e57 e-flex e-con-boxed tm-col-stretched-none tm-bg-color-over-image e-con e-parent\" data-id=\"4701e57\" data-element_type=\"container\" data-e-type=\"container\" data-settings=\"{&quot;background_background&quot;:&quot;classic&quot;}\">\n\t\t\t\t\t<div class=\"e-con-inner\">\n\t\t<div class=\"elementor-element elementor-element-3d54cf2 e-flex e-con-boxed tm-col-stretched-none tm-bg-color-over-image e-con e-child\" data-id=\"3d54cf2\" data-element_type=\"container\" data-e-type=\"container\">\n\t\t\t\t\t<div class=\"e-con-inner\">\n\t\t<div class=\"elementor-element elementor-element-ddfe134 e-flex e-con-boxed tm-col-stretched-none tm-bg-color-over-image e-con e-child\" data-id=\"ddfe134\" data-element_type=\"container\" data-e-type=\"container\">\n\t\t\t\t\t<div class=\"e-con-inner\">\n\t\t\t\t<div class=\"elementor-element elementor-element-b00033a horizontal-line-align-left vertical-line-align-bottom elementor-widget elementor-widget-tm-ele-section-title\" data-id=\"b00033a\" data-element_type=\"widget\" data-e-type=\"widget\" data-widget_type=\"tm-ele-section-title.default\">\n\t\t\t\t<div class=\"elementor-widget-container\">\n\t\t\t\t\t<div class=\"tm-sc-section-title section-title line-both-side-current-theme\">\r\n\t<div class=\"title-wrapper\">\r\n\t\t\t\t\r\n\r\n<div class=\"sub-title-outer\">\r\n\t\t<div class=\"subtitle\">\r\n\r\n\t\t\r\n\t\tfor an unforgettable stay\t<\/div>\r\n\t<\/div>\t\t\t<h2 class=\"title tm-split-text split-in-right\">\r\n\r\n\t\t\r\n\t\t\t\t<span class=\"title-part1\">The S\u00e9jour Priv\u00e9 experience<\/span>\r\n\t\t\t\t\r\n\t\t\r\n\t<\/h2>\r\n\t<div class=\"title-seperator-line\"><\/div>\t\t\t\t\t\t<div class=\"paragraph\">\r\n\t\t<p>Immerse yourself in a world where each house, apartment, villa or chalet tells its own story, in the heart of the most sought-after destinations.<\/p><p>With S\u00e9jour Priv\u00e9, every detail is designed to transform your stays into exceptional memories: enjoy the comfort and privacy of a place that belongs only to you, while we discreetly take care of everything.<\/p><p>Tailor-made services, exclusive experiences, everything is combined to make your getaways out of the ordinary.<\/p>\t<\/div>\r\n\t\t<\/div>\r\n<\/div>\t\t\t\t<\/div>\n\t\t\t\t<\/div>\n\t\t\t\t\t<\/div>\n\t\t\t\t<\/div>\n\t\t<div class=\"elementor-element elementor-element-96f34aa tm-col-stretched-none e-flex e-con-boxed tm-bg-color-over-image e-con e-child\" data-id=\"96f34aa\" data-element_type=\"container\" data-e-type=\"container\">\n\t\t\t\t\t<div class=\"e-con-inner\">\n\t\t\t\t<div class=\"elementor-element elementor-element-7128cdf elementor-widget elementor-widget-tm-ele-service-block\" data-id=\"7128cdf\" data-element_type=\"widget\" data-e-type=\"widget\" data-widget_type=\"tm-ele-service-block.skin-style1\">\n\t\t\t\t<div class=\"elementor-widget-container\">\n\t\t\t\t\t\t<div class=\"tm-sc-service tm-service-grid tm-sc-service-skin-style1\">\r\n\t\t<!-- Isotope Gallery Grid -->\r\n\t\t<div id=\"service-block-holder-572958\" class=\"isotope-layout grid-3 gutter-15   clearfix\">\r\n\t\t\t<div class=\"isotope-layout-inner\">\r\n\t\t\t\t<!-- the loop -->\r\n\t\t\t\t\t\t\t\t\t\t\t\t\t\t\t\t<div class=\"isotope-item service-item elementor-repeater-item-fc14011 wow fadeInUp\" data-wow-delay=\"300ms\">\r\n\t\t\t\t\t<!-- Service Block Style1-->\r\n<div class=\"service-block-style1\">\r\n  <div class=\"inner-box\">\r\n    <div class=\"image\">\r\n      \r\n\t\t\r\n<div class=\"service-featured-img\">\r\n\t<img loading=\"lazy\" decoding=\"async\" src=\"https:\/\/www.sejourprive.com\/wp-content\/uploads\/2025\/09\/SEJOUR-PRIVE_Experience_proprietes-550x550.jpg\" width=\"550\" height=\"550\" alt=\"\">\r\n<\/div>    <\/div>\r\n    <div class=\"content-box\">\r\n      \r\n\t\t<h4 class=\"service-title\">\r\n\t\t\t\t\tProperty selection\t\t\t<\/h4>\r\n\t    <\/div>\r\n  <\/div>\r\n<\/div>\t\t\t\t<\/div>\r\n\t\t\t\t\t\t\t\t\t\t\t\t\t\t\t\t<div class=\"isotope-item service-item elementor-repeater-item-b544deb wow fadeInUp\" data-wow-delay=\"500ms\">\r\n\t\t\t\t\t<!-- Service Block Style1-->\r\n<div class=\"service-block-style1\">\r\n  <div class=\"inner-box\">\r\n    <div class=\"image\">\r\n      \r\n\t\t\r\n<div class=\"service-featured-img\">\r\n\t<img loading=\"lazy\" decoding=\"async\" src=\"https:\/\/www.sejourprive.com\/wp-content\/uploads\/2025\/09\/SEJOUR-PRIVE_Experience_experience-550x550.jpg\" width=\"550\" height=\"550\" alt=\"\">\r\n<\/div>    <\/div>\r\n    <div class=\"content-box\">\r\n      \r\n\t\t<h4 class=\"service-title\">\r\n\t\t\t\t\tExclusive experience \t\t\t<\/h4>\r\n\t    <\/div>\r\n  <\/div>\r\n<\/div>\t\t\t\t<\/div>\r\n\t\t\t\t\t\t\t\t\t\t\t\t\t\t\t\t<div class=\"isotope-item service-item elementor-repeater-item-39992ce wow fadeInUp\" data-wow-delay=\"700ms\">\r\n\t\t\t\t\t<!-- Service Block Style1-->\r\n<div class=\"service-block-style1\">\r\n  <div class=\"inner-box\">\r\n    <div class=\"image\">\r\n      \r\n\t\t\r\n<div class=\"service-featured-img\">\r\n\t<img loading=\"lazy\" decoding=\"async\" src=\"https:\/\/www.sejourprive.com\/wp-content\/uploads\/2026\/02\/SEJOUR-PRIVE_Experience_conciergerie-550x550.jpg\" width=\"550\" height=\"550\" alt=\"\">\r\n<\/div>    <\/div>\r\n    <div class=\"content-box\">\r\n      \r\n\t\t<h4 class=\"service-title\">\r\n\t\t\t\t\tConcierge\t\t\t<\/h4>\r\n\t    <\/div>\r\n  <\/div>\r\n<\/div>\t\t\t\t<\/div>\r\n\t\t\t\t\t\t\t\t<!-- end of the loop -->\r\n\t\t\t<\/div>\r\n\t\t<\/div>\r\n\t\t\t<\/div>\r\n\r\n\t\t\t\t<\/div>\n\t\t\t\t<\/div>\n\t\t<div class=\"elementor-element elementor-element-bfcddc7 e-grid e-con-full tm-col-stretched-none tm-bg-color-over-image e-con e-child\" data-id=\"bfcddc7\" data-element_type=\"container\" data-e-type=\"container\">\n\t\t\t\t<div class=\"elementor-element elementor-element-2c17ccf elementor-invisible elementor-widget elementor-widget-text-editor\" data-id=\"2c17ccf\" data-element_type=\"widget\" data-e-type=\"widget\" data-settings=\"{&quot;_animation&quot;:&quot;fadeIn&quot;}\" data-widget_type=\"text-editor.default\">\n\t\t\t\t<div class=\"elementor-widget-container\">\n\t\t\t\t\t\t\t\t\t<p>Exceptional addresses<br \/>Our signature selection<\/p>\t\t\t\t\t\t\t\t<\/div>\n\t\t\t\t<\/div>\n\t\t\t\t<div class=\"elementor-element elementor-element-98b8ea1 elementor-invisible elementor-widget elementor-widget-text-editor\" data-id=\"98b8ea1\" data-element_type=\"widget\" data-e-type=\"widget\" data-settings=\"{&quot;_animation&quot;:&quot;fadeIn&quot;}\" data-widget_type=\"text-editor.default\">\n\t\t\t\t<div class=\"elementor-widget-container\">\n\t\t\t\t\t\t\t\t\t<p class=\"p2\">Turnkey stay<br \/>Your peace of mind assured<\/p>\t\t\t\t\t\t\t\t<\/div>\n\t\t\t\t<\/div>\n\t\t\t\t<div class=\"elementor-element elementor-element-9bf2725 elementor-invisible elementor-widget elementor-widget-text-editor\" data-id=\"9bf2725\" data-element_type=\"widget\" data-e-type=\"widget\" data-settings=\"{&quot;_animation&quot;:&quot;fadeIn&quot;}\" data-widget_type=\"text-editor.default\">\n\t\t\t\t<div class=\"elementor-widget-container\">\n\t\t\t\t\t\t\t\t\t<p class=\"p1\">Personalize your stay<br \/>A wide range of exclusive services<\/p>\t\t\t\t\t\t\t\t<\/div>\n\t\t\t\t<\/div>\n\t\t\t\t<\/div>\n\t\t\t\t\t<\/div>\n\t\t\t\t<\/div>\n\t\t\t\t\t<\/div>\n\t\t\t\t<\/div>\n\t\t\t\t\t<\/div>\n\t\t\t\t<\/div>\n\t\t<div class=\"elementor-element elementor-element-6fb0bfa e-flex e-con-boxed tm-col-stretched-none tm-bg-color-over-image e-con e-parent\" data-id=\"6fb0bfa\" data-element_type=\"container\" data-e-type=\"container\" data-settings=\"{&quot;background_background&quot;:&quot;video&quot;,&quot;background_video_link&quot;:&quot;https:\\\/\\\/www.sejourprive.com\\\/wp-content\\\/uploads\\\/2026\\\/03\\\/SEJOUR-PRIVE-VIDEO-HOME_ETE2026-v5.mp4&quot;,&quot;background_play_on_mobile&quot;:&quot;yes&quot;}\">\n\t\t\t\t\t<div class=\"e-con-inner\">\n\t\t<div class=\"elementor-background-video-container\">\n\t\t\t\t\t\t\t<video class=\"elementor-background-video-hosted\" role=\"presentation\" autoplay muted playsinline loop><\/video>\n\t\t\t\t\t<\/div><div class=\"elementor-element elementor-element-4ac40cd e-con-full e-flex tm-col-stretched-none tm-bg-color-over-image e-con e-child\" data-id=\"4ac40cd\" data-element_type=\"container\" data-e-type=\"container\">\n\t\t<div class=\"elementor-element elementor-element-b6b3ed2 e-con-full e-flex tm-col-stretched-none tm-bg-color-over-image elementor-invisible e-con e-child\" data-id=\"b6b3ed2\" data-element_type=\"container\" data-e-type=\"container\" data-settings=\"{&quot;animation&quot;:&quot;fadeInLeft&quot;}\">\n\t\t\t\t<div class=\"elementor-element elementor-element-329ea19 horizontal-line-align-left vertical-line-align-bottom elementor-widget elementor-widget-tm-ele-section-title\" data-id=\"329ea19\" data-element_type=\"widget\" data-e-type=\"widget\" data-widget_type=\"tm-ele-section-title.default\">\n\t\t\t\t<div class=\"elementor-widget-container\">\n\t\t\t\t\t<div class=\"tm-sc-section-title section-title line-right-current-theme\">\r\n\t<div class=\"title-wrapper\">\r\n\t\t\t\t\t\t\t<h2 class=\"title tm-split-text split-in-right\">\r\n\r\n\t\t\r\n\t\t\t\t<span class=\"title-part1\">Trending <br>destinations<\/span>\r\n\t\t\t\t\r\n\t\t\r\n\t<\/h2>\r\n\t<div class=\"title-seperator-line\"><\/div>\t\t\t\t\t\t<\/div>\r\n<\/div>\t\t\t\t<\/div>\n\t\t\t\t<\/div>\n\t\t\t\t<\/div>\n\t\t<div class=\"elementor-element elementor-element-85cc800 e-con-full e-flex tm-col-stretched-none tm-bg-color-over-image elementor-invisible e-con e-child\" data-id=\"85cc800\" data-element_type=\"container\" data-e-type=\"container\" data-settings=\"{&quot;animation&quot;:&quot;fadeInUp&quot;}\">\n\t\t\t\t<\/div>\n\t\t<div class=\"elementor-element elementor-element-75023fd e-con-full e-flex tm-col-stretched-none tm-bg-color-over-image elementor-invisible e-con e-child\" data-id=\"75023fd\" data-element_type=\"container\" data-e-type=\"container\" data-settings=\"{&quot;animation&quot;:&quot;fadeInRight&quot;}\">\n\t\t\t\t<div class=\"elementor-element elementor-element-341c99e elementor-widget elementor-widget-tm-ele-button\" data-id=\"341c99e\" data-element_type=\"widget\" data-e-type=\"widget\" data-widget_type=\"tm-ele-button.default\">\n\t\t\t\t<div class=\"elementor-widget-container\">\n\t\t\t\t\t<div class=\"tm-sc-button btn-view-details\">\r\n\t<a  href=\"https:\/\/www.sejourprive.com\/en\/location\/saint-tropez-et-alentours\/\"\r\n\t\t\t\t\t\tclass=\"btn btn-plain-text\">\r\n\r\n\r\n\t\t\r\n\t\t<span>\r\n\t\tSaint-Tropez\t\t<\/span>\r\n\r\n\t\t\t\t<span class=\"btn-icon\"><i class=\"flaticon-common-arrow-right1\"><\/i><\/span>\r\n\t\t\t<\/a>\r\n<\/div>\t\t\t\t<\/div>\n\t\t\t\t<\/div>\n\t\t\t\t<div class=\"elementor-element elementor-element-76161d0 elementor-widget elementor-widget-tm-ele-button\" data-id=\"76161d0\" data-element_type=\"widget\" data-e-type=\"widget\" data-widget_type=\"tm-ele-button.default\">\n\t\t\t\t<div class=\"elementor-widget-container\">\n\t\t\t\t\t<div class=\"tm-sc-button btn-view-details\">\r\n\t<a  href=\"https:\/\/www.sejourprive.com\/en\/location\/provence\/\"\r\n\t\t\t\t\t\tclass=\"btn btn-plain-text\">\r\n\r\n\r\n\t\t\r\n\t\t<span>\r\n\t\tProvence\t\t<\/span>\r\n\r\n\t\t\t\t<span class=\"btn-icon\"><i class=\"flaticon-common-arrow-right1\"><\/i><\/span>\r\n\t\t\t<\/a>\r\n<\/div>\t\t\t\t<\/div>\n\t\t\t\t<\/div>\n\t\t\t\t<div class=\"elementor-element elementor-element-e1332a3 elementor-widget elementor-widget-tm-ele-button\" data-id=\"e1332a3\" data-element_type=\"widget\" data-e-type=\"widget\" data-widget_type=\"tm-ele-button.default\">\n\t\t\t\t<div class=\"elementor-widget-container\">\n\t\t\t\t\t<div class=\"tm-sc-button btn-view-details\">\r\n\t<a  href=\"https:\/\/www.sejourprive.com\/en\/location\/corse\/\"\r\n\t\t\t\t\t\tclass=\"btn btn-plain-text\">\r\n\r\n\r\n\t\t\r\n\t\t<span>\r\n\t\tCorsica\t\t<\/span>\r\n\r\n\t\t\t\t<span class=\"btn-icon\"><i class=\"flaticon-common-arrow-right1\"><\/i><\/span>\r\n\t\t\t<\/a>\r\n<\/div>\t\t\t\t<\/div>\n\t\t\t\t<\/div>\n\t\t\t\t<div class=\"elementor-element elementor-element-8493094 elementor-widget elementor-widget-tm-ele-button\" data-id=\"8493094\" data-element_type=\"widget\" data-e-type=\"widget\" data-widget_type=\"tm-ele-button.default\">\n\t\t\t\t<div class=\"elementor-widget-container\">\n\t\t\t\t\t<div class=\"tm-sc-button btn-view-details\">\r\n\t<a  href=\"https:\/\/www.sejourprive.com\/en\/location\/ibiza\/\"\r\n\t\t\t\t\t\tclass=\"btn btn-plain-text\">\r\n\r\n\r\n\t\t\r\n\t\t<span>\r\n\t\tIbiza\t\t<\/span>\r\n\r\n\t\t\t\t<span class=\"btn-icon\"><i class=\"flaticon-common-arrow-right1\"><\/i><\/span>\r\n\t\t\t<\/a>\r\n<\/div>\t\t\t\t<\/div>\n\t\t\t\t<\/div>\n\t\t\t\t<div class=\"elementor-element elementor-element-30c5e1a elementor-widget elementor-widget-tm-ele-button\" data-id=\"30c5e1a\" data-element_type=\"widget\" data-e-type=\"widget\" data-widget_type=\"tm-ele-button.default\">\n\t\t\t\t<div class=\"elementor-widget-container\">\n\t\t\t\t\t<div class=\"tm-sc-button btn-view-details\">\r\n\t<a  href=\"https:\/\/www.sejourprive.com\/en\/location\/mykonos\/\"\r\n\t\t\t\t\t\tclass=\"btn btn-plain-text\">\r\n\r\n\r\n\t\t\r\n\t\t<span>\r\n\t\tMykonos\t\t<\/span>\r\n\r\n\t\t\t\t<span class=\"btn-icon\"><i class=\"flaticon-common-arrow-right1\"><\/i><\/span>\r\n\t\t\t<\/a>\r\n<\/div>\t\t\t\t<\/div>\n\t\t\t\t<\/div>\n\t\t\t\t<div class=\"elementor-element elementor-element-e354d13 elementor-widget elementor-widget-tm-ele-button\" data-id=\"e354d13\" data-element_type=\"widget\" data-e-type=\"widget\" data-widget_type=\"tm-ele-button.default\">\n\t\t\t\t<div class=\"elementor-widget-container\">\n\t\t\t\t\t<div class=\"tm-sc-button btn-view-details\">\r\n\t<a  href=\"https:\/\/www.sejourprive.com\/en\/location\/portofino\/\"\r\n\t\t\t\t\t\tclass=\"btn btn-plain-text\">\r\n\r\n\r\n\t\t\r\n\t\t<span>\r\n\t\tPortofino\t\t<\/span>\r\n\r\n\t\t\t\t<span class=\"btn-icon\"><i class=\"flaticon-common-arrow-right1\"><\/i><\/span>\r\n\t\t\t<\/a>\r\n<\/div>\t\t\t\t<\/div>\n\t\t\t\t<\/div>\n\t\t\t\t<div class=\"elementor-element elementor-element-a33ee81 elementor-widget elementor-widget-tm-ele-button\" data-id=\"a33ee81\" data-element_type=\"widget\" data-e-type=\"widget\" data-widget_type=\"tm-ele-button.default\">\n\t\t\t\t<div class=\"elementor-widget-container\">\n\t\t\t\t\t<div class=\"tm-sc-button btn-view-details\">\r\n\t<a  href=\"https:\/\/www.sejourprive.com\/en\/location\/florence\/\"\r\n\t\t\t\t\t\tclass=\"btn btn-plain-text\">\r\n\r\n\r\n\t\t\r\n\t\t<span>\r\n\t\tFlorence\t\t<\/span>\r\n\r\n\t\t\t\t<span class=\"btn-icon\"><i class=\"flaticon-common-arrow-right1\"><\/i><\/span>\r\n\t\t\t<\/a>\r\n<\/div>\t\t\t\t<\/div>\n\t\t\t\t<\/div>\n\t\t\t\t<\/div>\n\t\t\t\t<\/div>\n\t\t\t\t\t<\/div>\n\t\t\t\t<\/div>\n\t\t<div class=\"elementor-element elementor-element-042be0a e-flex e-con-boxed tm-col-stretched-none tm-bg-color-over-image e-con e-parent\" data-id=\"042be0a\" data-element_type=\"container\" data-e-type=\"container\" data-settings=\"{&quot;background_background&quot;:&quot;classic&quot;}\">\n\t\t\t\t\t<div class=\"e-con-inner\">\n\t\t<div class=\"elementor-element elementor-element-e0c1f8d e-con-full e-flex tm-col-stretched-none tm-bg-color-over-image e-con e-child\" data-id=\"e0c1f8d\" data-element_type=\"container\" data-e-type=\"container\">\n\t\t<div class=\"elementor-element elementor-element-7978153 e-con-full tm-col-stretched-none e-flex tm-bg-color-over-image e-con e-child\" data-id=\"7978153\" data-element_type=\"container\" data-e-type=\"container\">\n\t\t\t\t<div class=\"elementor-element elementor-element-e6989bf elementor-view-default elementor-widget elementor-widget-icon\" data-id=\"e6989bf\" data-element_type=\"widget\" data-e-type=\"widget\" data-widget_type=\"icon.default\">\n\t\t\t\t<div class=\"elementor-widget-container\">\n\t\t\t\t\t\t\t<div class=\"elementor-icon-wrapper\">\n\t\t\t<div class=\"elementor-icon\">\n\t\t\t<svg xmlns=\"http:\/\/www.w3.org\/2000\/svg\" id=\"Maquette\" width=\"87.12\" height=\"142.3\" viewbox=\"0 0 87.12 142.3\"><g><g><path d=\"M1.88,69.13v-26.51C1.88,20.51,19.58,2.49,41.55,1.88V0C18.54.61,0,19.47,0,42.62v26.51h1.88Z\" style=\"fill: #a98450;\"><\/path><path d=\"M45.58,1.88c21.97.61,39.66,18.63,39.66,40.74v26.51h1.88v-26.51C87.12,19.47,68.58.61,45.58,0v1.88Z\" style=\"fill: #a98450;\"><\/path><path d=\"M85.24,73.17v26.51c0,22.11-17.7,40.13-39.66,40.74v1.88c23.01-.61,41.55-19.47,41.55-42.62v-26.51h-1.88Z\" style=\"fill: #a98450;\"><\/path><path d=\"M41.55,140.41c-21.97-.61-39.66-18.63-39.66-40.74v-26.51H0v26.51c0,23.15,18.54,42.01,41.55,42.62v-1.88Z\" style=\"fill: #a98450;\"><\/path><\/g><g><path d=\"M5.18,69.13v-26.38C5.18,22.4,21.37,5.8,41.55,5.05v-.81C20.93,4.99,4.37,21.95,4.37,42.75v26.38h.81Z\" style=\"fill: #a98450;\"><\/path><path d=\"M45.58,5.05c20.17.75,36.37,17.35,36.37,37.7v26.38h.81v-26.38c0-20.8-16.55-37.76-37.17-38.51v.81Z\" style=\"fill: #a98450;\"><\/path><path d=\"M41.55,137.25c-20.17-.75-36.36-17.35-36.36-37.7v-26.38h-.81v26.38c0,20.8,16.55,37.76,37.17,38.51v-.81Z\" style=\"fill: #a98450;\"><\/path><path d=\"M81.94,73.17v26.38c0,20.35-16.19,36.95-36.37,37.7v.81c20.62-.75,37.17-17.71,37.17-38.51v-26.38h-.81Z\" style=\"fill: #a98450;\"><\/path><\/g><\/g><g><path d=\"M45.48,109.63v-3.55h9.08v-3.83h-9.08v-32.98h4.79v-3.83h-4.79v-9.39h.16c5.53-.46,8.58-2.91,8.58-6.92v-.85c0-2.63-1.73-5.9-9.97-6.55-2.37-.16-6.77-.46-6.77-3.52v-.25c0-.81.43-3.45,5.92-3.45s6.13,2.88,6.23,4.12l.04.61h3.87v-.75c0-3.44-2.66-7.46-10.15-7.46-6.29,0-9.9,2.5-9.9,6.86v.74c0,3.95,3.42,6.25,10.15,6.83,3.07.2,6.59.75,6.59,3.23v.25c0,2.32-2.4,3.7-6.42,3.7-4.59,0-6.98-2.26-6.98-4.49,0-.05.07-1.04.96-1.96-1.5-.45-2.67-1.07-3.56-1.83-.87,1.04-1.34,2.28-1.34,3.73v.5c0,3.92,3.3,6.75,8.6,7.4l.15.02v9.42h-4.79v3.83h4.79v49.17h3.83v-4.98h13.34v-3.83h-13.34Z\" style=\"fill: #a98450;\"><\/path><path d=\"M43.56,24.14c-10.72,0-19.43,8.72-19.43,19.43,0,9.11,6.2,16.81,14.94,18.87v-4c-6.5-1.97-11.11-7.97-11.11-14.87,0-8.6,7-15.6,15.6-15.6s15.6,7,15.6,15.6c0,6.9-4.61,12.91-11.11,14.87v4c8.62-2.06,14.95-9.91,14.95-18.87,0-10.72-8.72-19.43-19.43-19.43Z\" style=\"fill: #a98450;\"><\/path><\/g><\/svg>\t\t\t<\/div>\n\t\t<\/div>\n\t\t\t\t\t\t<\/div>\n\t\t\t\t<\/div>\n\t\t\t\t<div class=\"elementor-element elementor-element-0081753 horizontal-line-align-left vertical-line-align-bottom elementor-invisible elementor-widget elementor-widget-tm-ele-section-title\" data-id=\"0081753\" data-element_type=\"widget\" data-e-type=\"widget\" data-settings=\"{&quot;_animation&quot;:&quot;fadeInUp&quot;}\" data-widget_type=\"tm-ele-section-title.default\">\n\t\t\t\t<div class=\"elementor-widget-container\">\n\t\t\t\t\t<div class=\"tm-sc-section-title section-title line-both-side-current-theme\">\r\n\t<div class=\"title-wrapper\">\r\n\t\t\t\t\r\n\r\n<div class=\"sub-title-outer\">\r\n\t<\/div>\t\t\t<h2 class=\"title tm-split-text split-in-right\">\r\n\r\n\t\t\r\n\t\t\t\t<span class=\"title-part1\">A tailor-made experience, designed for you<\/span>\r\n\t\t\t\t\r\n\t\t\r\n\t<\/h2>\r\n\t<div class=\"title-seperator-line\"><\/div>\t\t\t\t\t\t<div class=\"paragraph\">\r\n\t\t<p class=\"p1\">We don't just list properties, we carefully select them.<br \/>Only those who meet our high standards are selected.<br \/>With S\u00e9jour Priv\u00e9, you are guaranteed a quality choice.<\/p>\t<\/div>\r\n\t\t<\/div>\r\n<\/div>\t\t\t\t<\/div>\n\t\t\t\t<\/div>\n\t\t\t\t<\/div>\n\t\t\t\t<\/div>\n\t\t\t\t\t<\/div>\n\t\t\t\t<\/div>\n\t\t\t\t<\/div>","protected":false},"excerpt":{"rendered":"<p>We'll create exceptional holidays for you Choose from our carefully selected properties and let us guide you Exceptional places Choose from our carefully selected properties and let us guide you Exceptional places Choose from our carefully selected properties and let us guide you...<\/p>","protected":false},"author":2,"featured_media":0,"parent":0,"menu_order":0,"comment_status":"closed","ping_status":"closed","template":"elementor_header_footer","meta":{"_acf_changed":false,"footnotes":""},"class_list":["post-3460","page","type-page","status-publish","hentry"],"acf":[],"yoast_head":"<!-- This site is optimized with the Yoast SEO plugin v26.6 - https:\/\/yoast.com\/wordpress\/plugins\/seo\/ -->\n<title>S\u00e9jour Priv\u00e9 - Nous imaginons pour vous des s\u00e9jours d\u2019exception<\/title>\n<meta name=\"description\" content=\"Nous imaginons pour vous des s\u00e9jours d\u2019exception. Choisissez parmi nos propri\u00e9t\u00e9s s\u00e9lectionn\u00e9es avec soin et laissez-vous guider.\" \/>\n<meta name=\"robots\" content=\"index, follow, max-snippet:-1, max-image-preview:large, max-video-preview:-1\" \/>\n<link rel=\"canonical\" href=\"https:\/\/www.sejourprive.com\/en\/\" \/>\n<meta property=\"og:locale\" content=\"en_GB\" \/>\n<meta property=\"og:type\" content=\"article\" \/>\n<meta property=\"og:title\" content=\"S\u00e9jour Priv\u00e9 - Nous imaginons pour vous des s\u00e9jours d\u2019exception\" \/>\n<meta property=\"og:description\" content=\"Nous imaginons pour vous des s\u00e9jours d\u2019exception. Choisissez parmi nos propri\u00e9t\u00e9s s\u00e9lectionn\u00e9es avec soin et laissez-vous guider.\" \/>\n<meta property=\"og:url\" content=\"https:\/\/www.sejourprive.com\/en\/\" \/>\n<meta property=\"og:site_name\" content=\"S\u00e9jour Priv\u00e9\" \/>\n<meta property=\"article:modified_time\" content=\"2026-03-31T08:14:16+00:00\" \/>\n<meta property=\"og:image\" content=\"https:\/\/www.sejourprive.com\/wp-content\/uploads\/2025\/09\/SEJOUR-PRIVE_Experience_proprietes-550x550.jpg\" \/>\n<meta name=\"twitter:card\" content=\"summary_large_image\" \/>\n<meta name=\"twitter:label1\" content=\"Estimated reading time\" \/>\n\t<meta name=\"twitter:data1\" content=\"12 minutes\" \/>\n<script type=\"application\/ld+json\" class=\"yoast-schema-graph\">{\"@context\":\"https:\/\/schema.org\",\"@graph\":[{\"@type\":\"WebPage\",\"@id\":\"https:\/\/www.sejourprive.com\/\",\"url\":\"https:\/\/www.sejourprive.com\/\",\"name\":\"S\u00e9jour Priv\u00e9 - Nous imaginons pour vous des s\u00e9jours d\u2019exception\",\"isPartOf\":{\"@id\":\"https:\/\/www.sejourprive.com\/#website\"},\"primaryImageOfPage\":{\"@id\":\"https:\/\/www.sejourprive.com\/#primaryimage\"},\"image\":{\"@id\":\"https:\/\/www.sejourprive.com\/#primaryimage\"},\"thumbnailUrl\":\"https:\/\/www.sejourprive.com\/wp-content\/uploads\/2025\/09\/SEJOUR-PRIVE_Experience_proprietes-550x550.jpg\",\"datePublished\":\"2025-01-27T07:59:47+00:00\",\"dateModified\":\"2026-03-31T08:14:16+00:00\",\"description\":\"Nous imaginons pour vous des s\u00e9jours d\u2019exception. Choisissez parmi nos propri\u00e9t\u00e9s s\u00e9lectionn\u00e9es avec soin et laissez-vous guider.\",\"breadcrumb\":{\"@id\":\"https:\/\/www.sejourprive.com\/#breadcrumb\"},\"inLanguage\":\"en-GB\",\"potentialAction\":[{\"@type\":\"ReadAction\",\"target\":[\"https:\/\/www.sejourprive.com\/\"]}]},{\"@type\":\"ImageObject\",\"inLanguage\":\"en-GB\",\"@id\":\"https:\/\/www.sejourprive.com\/#primaryimage\",\"url\":\"https:\/\/www.sejourprive.com\/wp-content\/uploads\/2025\/09\/SEJOUR-PRIVE_Experience_proprietes-550x550.jpg\",\"contentUrl\":\"https:\/\/www.sejourprive.com\/wp-content\/uploads\/2025\/09\/SEJOUR-PRIVE_Experience_proprietes-550x550.jpg\"},{\"@type\":\"BreadcrumbList\",\"@id\":\"https:\/\/www.sejourprive.com\/#breadcrumb\",\"itemListElement\":[{\"@type\":\"ListItem\",\"position\":1,\"name\":\"Accueil\",\"item\":\"https:\/\/www.sejourprive.com\/\"},{\"@type\":\"ListItem\",\"position\":2,\"name\":\"Home\"}]},{\"@type\":\"WebSite\",\"@id\":\"https:\/\/www.sejourprive.com\/#website\",\"url\":\"https:\/\/www.sejourprive.com\/\",\"name\":\"S\u00e9jour Priv\u00e9\",\"description\":\"Nous imaginons pour vous des s\u00e9jours d\u2019exception.\",\"publisher\":{\"@id\":\"https:\/\/www.sejourprive.com\/#organization\"},\"potentialAction\":[{\"@type\":\"SearchAction\",\"target\":{\"@type\":\"EntryPoint\",\"urlTemplate\":\"https:\/\/www.sejourprive.com\/?s={search_term_string}\"},\"query-input\":{\"@type\":\"PropertyValueSpecification\",\"valueRequired\":true,\"valueName\":\"search_term_string\"}}],\"inLanguage\":\"en-GB\"},{\"@type\":\"Organization\",\"@id\":\"https:\/\/www.sejourprive.com\/#organization\",\"name\":\"S\u00e9jour Priv\u00e9\",\"url\":\"https:\/\/www.sejourprive.com\/\",\"logo\":{\"@type\":\"ImageObject\",\"inLanguage\":\"en-GB\",\"@id\":\"https:\/\/www.sejourprive.com\/#\/schema\/logo\/image\/\",\"url\":\"https:\/\/www.sejourprive.com\/wp-content\/uploads\/2026\/02\/SP-Apple-touch-144-couleur-1-2.png\",\"contentUrl\":\"https:\/\/www.sejourprive.com\/wp-content\/uploads\/2026\/02\/SP-Apple-touch-144-couleur-1-2.png\",\"width\":145,\"height\":145,\"caption\":\"S\u00e9jour Priv\u00e9\"},\"image\":{\"@id\":\"https:\/\/www.sejourprive.com\/#\/schema\/logo\/image\/\"}}]}<\/script>\n<!-- \/ Yoast SEO plugin. -->","yoast_head_json":{"title":"S\u00e9jour Priv\u00e9 - We design exceptional holidays for you","description":"We design exceptional holidays for you. Choose from our carefully selected properties and let us guide you.","robots":{"index":"index","follow":"follow","max-snippet":"max-snippet:-1","max-image-preview":"max-image-preview:large","max-video-preview":"max-video-preview:-1"},"canonical":"https:\/\/www.sejourprive.com\/en\/","og_locale":"en_GB","og_type":"article","og_title":"S\u00e9jour Priv\u00e9 - Nous imaginons pour vous des s\u00e9jours d\u2019exception","og_description":"Nous imaginons pour vous des s\u00e9jours d\u2019exception. Choisissez parmi nos propri\u00e9t\u00e9s s\u00e9lectionn\u00e9es avec soin et laissez-vous guider.","og_url":"https:\/\/www.sejourprive.com\/en\/","og_site_name":"S\u00e9jour Priv\u00e9","article_modified_time":"2026-03-31T08:14:16+00:00","og_image":[{"url":"https:\/\/www.sejourprive.com\/wp-content\/uploads\/2025\/09\/SEJOUR-PRIVE_Experience_proprietes-550x550.jpg","type":"","width":"","height":""}],"twitter_card":"summary_large_image","twitter_misc":{"Estimated reading time":"12 minutes"},"schema":{"@context":"https:\/\/schema.org","@graph":[{"@type":"WebPage","@id":"https:\/\/www.sejourprive.com\/","url":"https:\/\/www.sejourprive.com\/","name":"S\u00e9jour Priv\u00e9 - We design exceptional holidays for you","isPartOf":{"@id":"https:\/\/www.sejourprive.com\/#website"},"primaryImageOfPage":{"@id":"https:\/\/www.sejourprive.com\/#primaryimage"},"image":{"@id":"https:\/\/www.sejourprive.com\/#primaryimage"},"thumbnailUrl":"https:\/\/www.sejourprive.com\/wp-content\/uploads\/2025\/09\/SEJOUR-PRIVE_Experience_proprietes-550x550.jpg","datePublished":"2025-01-27T07:59:47+00:00","dateModified":"2026-03-31T08:14:16+00:00","description":"We design exceptional holidays for you. Choose from our carefully selected properties and let us guide you.","breadcrumb":{"@id":"https:\/\/www.sejourprive.com\/#breadcrumb"},"inLanguage":"en-GB","potentialAction":[{"@type":"ReadAction","target":["https:\/\/www.sejourprive.com\/"]}]},{"@type":"ImageObject","inLanguage":"en-GB","@id":"https:\/\/www.sejourprive.com\/#primaryimage","url":"https:\/\/www.sejourprive.com\/wp-content\/uploads\/2025\/09\/SEJOUR-PRIVE_Experience_proprietes-550x550.jpg","contentUrl":"https:\/\/www.sejourprive.com\/wp-content\/uploads\/2025\/09\/SEJOUR-PRIVE_Experience_proprietes-550x550.jpg"},{"@type":"BreadcrumbList","@id":"https:\/\/www.sejourprive.com\/#breadcrumb","itemListElement":[{"@type":"ListItem","position":1,"name":"Accueil","item":"https:\/\/www.sejourprive.com\/"},{"@type":"ListItem","position":2,"name":"Home"}]},{"@type":"WebSite","@id":"https:\/\/www.sejourprive.com\/#website","url":"https:\/\/www.sejourprive.com\/","name":"Private Stay","description":"We design exceptional holidays for you.","publisher":{"@id":"https:\/\/www.sejourprive.com\/#organization"},"potentialAction":[{"@type":"SearchAction","target":{"@type":"EntryPoint","urlTemplate":"https:\/\/www.sejourprive.com\/?s={search_term_string}"},"query-input":{"@type":"PropertyValueSpecification","valueRequired":true,"valueName":"search_term_string"}}],"inLanguage":"en-GB"},{"@type":"Organization","@id":"https:\/\/www.sejourprive.com\/#organization","name":"Private Stay","url":"https:\/\/www.sejourprive.com\/","logo":{"@type":"ImageObject","inLanguage":"en-GB","@id":"https:\/\/www.sejourprive.com\/#\/schema\/logo\/image\/","url":"https:\/\/www.sejourprive.com\/wp-content\/uploads\/2026\/02\/SP-Apple-touch-144-couleur-1-2.png","contentUrl":"https:\/\/www.sejourprive.com\/wp-content\/uploads\/2026\/02\/SP-Apple-touch-144-couleur-1-2.png","width":145,"height":145,"caption":"S\u00e9jour Priv\u00e9"},"image":{"@id":"https:\/\/www.sejourprive.com\/#\/schema\/logo\/image\/"}}]}},"_links":{"self":[{"href":"https:\/\/www.sejourprive.com\/en\/wp-json\/wp\/v2\/pages\/3460","targetHints":{"allow":["GET"]}}],"collection":[{"href":"https:\/\/www.sejourprive.com\/en\/wp-json\/wp\/v2\/pages"}],"about":[{"href":"https:\/\/www.sejourprive.com\/en\/wp-json\/wp\/v2\/types\/page"}],"author":[{"embeddable":true,"href":"https:\/\/www.sejourprive.com\/en\/wp-json\/wp\/v2\/users\/2"}],"replies":[{"embeddable":true,"href":"https:\/\/www.sejourprive.com\/en\/wp-json\/wp\/v2\/comments?post=3460"}],"version-history":[{"count":0,"href":"https:\/\/www.sejourprive.com\/en\/wp-json\/wp\/v2\/pages\/3460\/revisions"}],"wp:attachment":[{"href":"https:\/\/www.sejourprive.com\/en\/wp-json\/wp\/v2\/media?parent=3460"}],"curies":[{"name":"wp","href":"https:\/\/api.w.org\/{rel}","templated":true}]}}