{"version":"1.0","provider_name":"Private Stay","provider_url":"https:\/\/www.sejourprive.com\/en","author_name":"bruno@sp","author_url":"https:\/\/www.sejourprive.com\/en\/author\/brunosp\/","title":"S\u00e9jour Priv\u00e9 - Mykonos, au-del\u00e0 des clich\u00e9s","type":"rich","width":600,"height":338,"html":"<blockquote class=\"wp-embedded-content\" data-secret=\"Z6Bgzx7LHu\"><a href=\"https:\/\/www.sejourprive.com\/en\/mykonos-au-dela-des-cliches\/\">Mykonos, beyond the clich\u00e9s<\/a><\/blockquote><iframe sandbox=\"allow-scripts\" security=\"restricted\" src=\"https:\/\/www.sejourprive.com\/en\/mykonos-au-dela-des-cliches\/embed\/#?secret=Z6Bgzx7LHu\" width=\"600\" height=\"338\" title=\"&#8220;Mykonos, au-del\u00e0 des clich\u00e9s&#8221; &#8212; S\u00e9jour Priv\u00e9\" data-secret=\"Z6Bgzx7LHu\" frameborder=\"0\" marginwidth=\"0\" marginheight=\"0\" scrolling=\"no\" class=\"wp-embedded-content\"><\/iframe><script type=\"text\/javascript\">\n\/* <![CDATA[ *\/\n\/*! This file is auto-generated *\/\n!function(d,l){\"use strict\";l.querySelector&&d.addEventListener&&\"undefined\"!=typeof URL&&(d.wp=d.wp||{},d.wp.receiveEmbedMessage||(d.wp.receiveEmbedMessage=function(e){var t=e.data;if((t||t.secret||t.message||t.value)&&!\/[^a-zA-Z0-9]\/.test(t.secret)){for(var s,r,n,a=l.querySelectorAll('iframe[data-secret=\"'+t.secret+'\"]'),o=l.querySelectorAll('blockquote[data-secret=\"'+t.secret+'\"]'),c=new RegExp(\"^https?:$\",\"i\"),i=0;i<o.length;i++)o[i].style.display=\"none\";for(i=0;i<a.length;i++)s=a[i],e.source===s.contentWindow&&(s.removeAttribute(\"style\"),\"height\"===t.message?(1e3<(r=parseInt(t.value,10))?r=1e3:~~r<200&&(r=200),s.height=r):\"link\"===t.message&&(r=new URL(s.getAttribute(\"src\")),n=new URL(t.value),c.test(n.protocol))&&n.host===r.host&&l.activeElement===s&&(d.top.location.href=t.value))}},d.addEventListener(\"message\",d.wp.receiveEmbedMessage,!1),l.addEventListener(\"DOMContentLoaded\",function(){for(var e,t,s=l.querySelectorAll(\"iframe.wp-embedded-content\"),r=0;r<s.length;r++)(t=(e=s[r]).getAttribute(\"data-secret\"))||(t=Math.random().toString(36).substring(2,12),e.src+=\"#?secret=\"+t,e.setAttribute(\"data-secret\",t)),e.contentWindow.postMessage({message:\"ready\",secret:t},\"*\")},!1)))}(window,document);\n\/\/# sourceURL=https:\/\/www.sejourprive.com\/wp-includes\/js\/wp-embed.min.js\n\/* ]]> *\/\n<\/script>","thumbnail_url":"https:\/\/www.sejourprive.com\/wp-content\/uploads\/2026\/01\/Sejour-Prive_Mykonos_IMG-1.jpg","thumbnail_width":1920,"thumbnail_height":1080,"description":"Souvent r\u00e9duite \u00e0 son image festive, Mykonos r\u00e9v\u00e8le pourtant une identit\u00e9 plus riche, fa\u00e7onn\u00e9e par l\u2019histoire, l\u2019architecture cycladique et des paysages contrast\u00e9s. En dehors de la haute saison, l\u2019\u00eele offre un visage plus calme et authentique."}